{"id":1639,"date":"2024-11-25T16:51:47","date_gmt":"2024-11-25T15:51:47","guid":{"rendered":"https:\/\/congresos.contraelcancer.es\/islas-baleares\/?page_id=1639"},"modified":"2024-11-26T10:10:03","modified_gmt":"2024-11-26T09:10:03","slug":"galeria-2024","status":"publish","type":"page","link":"https:\/\/congresos.contraelcancer.es\/islas-baleares\/galeria-2024\/","title":{"rendered":"Galer\u00eda 2024"},"content":{"rendered":"\t\t<div data-elementor-type=\"wp-page\" data-elementor-id=\"1639\" class=\"elementor elementor-1639\" data-elementor-post-type=\"page\">\n\t\t\t\t\t\t<section class=\"elementor-section elementor-top-section elementor-element elementor-element-ae865d2 elementor-section-boxed elementor-section-height-default elementor-section-height-default\" data-id=\"ae865d2\" data-element_type=\"section\" data-e-type=\"section\">\n\t\t\t\t\t\t<div class=\"elementor-container elementor-column-gap-default\">\n\t\t\t\t\t<div class=\"elementor-column elementor-col-100 elementor-top-column elementor-element elementor-element-7dc4aebc\" data-id=\"7dc4aebc\" data-element_type=\"column\" data-e-type=\"column\">\n\t\t\t<div class=\"elementor-widget-wrap elementor-element-populated\">\n\t\t\t\t\t\t<div class=\"elementor-element elementor-element-1981d1ff elementor-invisible elementor-widget elementor-widget-heading\" data-id=\"1981d1ff\" data-element_type=\"widget\" data-e-type=\"widget\" data-settings=\"{&quot;_animation&quot;:&quot;zoomIn&quot;}\" data-widget_type=\"heading.default\">\n\t\t\t\t\t<h3 class=\"elementor-heading-title elementor-size-default\">GALER\u00cdA CONGRESO 2024<\/h3>\t\t\t\t<\/div>\n\t\t\t\t\t<\/div>\n\t\t<\/div>\n\t\t\t\t\t<\/div>\n\t\t<\/section>\n\t\t\t\t<section class=\"elementor-section elementor-top-section elementor-element elementor-element-69fd5edb elementor-section-boxed elementor-section-height-default elementor-section-height-default\" data-id=\"69fd5edb\" data-element_type=\"section\" data-e-type=\"section\">\n\t\t\t\t\t\t<div class=\"elementor-container elementor-column-gap-default\">\n\t\t\t\t\t<div class=\"elementor-column elementor-col-100 elementor-top-column elementor-element elementor-element-735af6c7\" data-id=\"735af6c7\" data-element_type=\"column\" data-e-type=\"column\">\n\t\t\t<div class=\"elementor-widget-wrap elementor-element-populated\">\n\t\t\t\t\t\t<div class=\"elementor-element elementor-element-2420ce19 elementor-widget elementor-widget-mfn_gallery\" data-id=\"2420ce19\" data-element_type=\"widget\" data-e-type=\"widget\" data-widget_type=\"mfn_gallery.default\">\n\t\t\t\t<div class=\"elementor-widget-container\">\n\t\t\t\t\t\n\t\t\t<style type='text\/css'>\n\t\t\t\t#sc_gallery-1 {\n\t\t\t\t\tmargin: auto;\n\t\t\t\t}\n\t\t\t\t#sc_gallery-1 .gallery-item {\n\t\t\t\t\tfloat: left;\n\t\t\t\t\ttext-align: center;\n\t\t\t\t\twidth: 24.99%;\n\t\t\t\t}\n\t\t\t\t#sc_gallery-1 img {\n\t\t\t\t\tborder: 2px solid #cfcfcf;\n\t\t\t\t}\n\t\t\t\t\/* see sc_gallery() in functions\/theme-shortcodes.php *\/\n\t\t\t<\/style>\n\t\t<div id='sc_gallery-1' class='gallery galleryid-1639 gallery-columns-4 gallery-size-large file element_classes masonry'><dl class='gallery-item'  data-title='4' data-description=''><div class='gallery-item-wrapper'>\n\t\t\t\t<dt class='gallery-icon landscape'>\n\t\t\t\t\t<a href='https:\/\/congresos.contraelcancer.es\/islas-baleares\/wp-content\/uploads\/sites\/12\/2024\/11\/4.png'><img fetchpriority=\"high\" decoding=\"async\" width=\"1024\" height=\"768\" src=\"https:\/\/congresos.contraelcancer.es\/islas-baleares\/wp-content\/uploads\/sites\/12\/2024\/11\/4-1024x768.png\" class=\"attachment-large size-large\" alt=\"\" srcset=\"https:\/\/congresos.contraelcancer.es\/islas-baleares\/wp-content\/uploads\/sites\/12\/2024\/11\/4-1024x768.png 1024w, https:\/\/congresos.contraelcancer.es\/islas-baleares\/wp-content\/uploads\/sites\/12\/2024\/11\/4-300x225.png 300w, https:\/\/congresos.contraelcancer.es\/islas-baleares\/wp-content\/uploads\/sites\/12\/2024\/11\/4-768x576.png 768w, https:\/\/congresos.contraelcancer.es\/islas-baleares\/wp-content\/uploads\/sites\/12\/2024\/11\/4-100x75.png 100w, https:\/\/congresos.contraelcancer.es\/islas-baleares\/wp-content\/uploads\/sites\/12\/2024\/11\/4-480x360.png 480w\" sizes=\"(max-width:767px) 480px, (max-width:1024px) 100vw, 1024px\" \/><\/a>\n\t\t\t\t<\/dt><\/div><\/dl><dl class='gallery-item'  data-title='5' data-description=''><div class='gallery-item-wrapper'>\n\t\t\t\t<dt class='gallery-icon landscape'>\n\t\t\t\t\t<a href='https:\/\/congresos.contraelcancer.es\/islas-baleares\/wp-content\/uploads\/sites\/12\/2024\/11\/5.png'><img decoding=\"async\" width=\"1024\" height=\"768\" src=\"https:\/\/congresos.contraelcancer.es\/islas-baleares\/wp-content\/uploads\/sites\/12\/2024\/11\/5-1024x768.png\" class=\"attachment-large size-large\" alt=\"\" srcset=\"https:\/\/congresos.contraelcancer.es\/islas-baleares\/wp-content\/uploads\/sites\/12\/2024\/11\/5-1024x768.png 1024w, https:\/\/congresos.contraelcancer.es\/islas-baleares\/wp-content\/uploads\/sites\/12\/2024\/11\/5-300x225.png 300w, https:\/\/congresos.contraelcancer.es\/islas-baleares\/wp-content\/uploads\/sites\/12\/2024\/11\/5-768x576.png 768w, https:\/\/congresos.contraelcancer.es\/islas-baleares\/wp-content\/uploads\/sites\/12\/2024\/11\/5-100x75.png 100w, https:\/\/congresos.contraelcancer.es\/islas-baleares\/wp-content\/uploads\/sites\/12\/2024\/11\/5-480x360.png 480w\" sizes=\"(max-width:767px) 480px, (max-width:1024px) 100vw, 1024px\" \/><\/a>\n\t\t\t\t<\/dt><\/div><\/dl><dl class='gallery-item'  data-title='6' data-description=''><div class='gallery-item-wrapper'>\n\t\t\t\t<dt class='gallery-icon landscape'>\n\t\t\t\t\t<a href='https:\/\/congresos.contraelcancer.es\/islas-baleares\/wp-content\/uploads\/sites\/12\/2024\/11\/6.png'><img decoding=\"async\" width=\"1024\" height=\"768\" src=\"https:\/\/congresos.contraelcancer.es\/islas-baleares\/wp-content\/uploads\/sites\/12\/2024\/11\/6-1024x768.png\" class=\"attachment-large size-large\" alt=\"\" srcset=\"https:\/\/congresos.contraelcancer.es\/islas-baleares\/wp-content\/uploads\/sites\/12\/2024\/11\/6-1024x768.png 1024w, https:\/\/congresos.contraelcancer.es\/islas-baleares\/wp-content\/uploads\/sites\/12\/2024\/11\/6-300x225.png 300w, https:\/\/congresos.contraelcancer.es\/islas-baleares\/wp-content\/uploads\/sites\/12\/2024\/11\/6-768x576.png 768w, https:\/\/congresos.contraelcancer.es\/islas-baleares\/wp-content\/uploads\/sites\/12\/2024\/11\/6-100x75.png 100w, https:\/\/congresos.contraelcancer.es\/islas-baleares\/wp-content\/uploads\/sites\/12\/2024\/11\/6-480x360.png 480w\" sizes=\"(max-width:767px) 480px, (max-width:1024px) 100vw, 1024px\" \/><\/a>\n\t\t\t\t<\/dt><\/div><\/dl><dl class='gallery-item'  data-title='8' data-description=''><div class='gallery-item-wrapper'>\n\t\t\t\t<dt class='gallery-icon landscape'>\n\t\t\t\t\t<a href='https:\/\/congresos.contraelcancer.es\/islas-baleares\/wp-content\/uploads\/sites\/12\/2024\/11\/8-1.png'><img loading=\"lazy\" decoding=\"async\" width=\"1024\" height=\"768\" src=\"https:\/\/congresos.contraelcancer.es\/islas-baleares\/wp-content\/uploads\/sites\/12\/2024\/11\/8-1-1024x768.png\" class=\"attachment-large size-large\" alt=\"\" srcset=\"https:\/\/congresos.contraelcancer.es\/islas-baleares\/wp-content\/uploads\/sites\/12\/2024\/11\/8-1-1024x768.png 1024w, https:\/\/congresos.contraelcancer.es\/islas-baleares\/wp-content\/uploads\/sites\/12\/2024\/11\/8-1-300x225.png 300w, https:\/\/congresos.contraelcancer.es\/islas-baleares\/wp-content\/uploads\/sites\/12\/2024\/11\/8-1-768x576.png 768w, https:\/\/congresos.contraelcancer.es\/islas-baleares\/wp-content\/uploads\/sites\/12\/2024\/11\/8-1-100x75.png 100w, https:\/\/congresos.contraelcancer.es\/islas-baleares\/wp-content\/uploads\/sites\/12\/2024\/11\/8-1-480x360.png 480w\" sizes=\"(max-width:767px) 480px, (max-width:1024px) 100vw, 1024px\" \/><\/a>\n\t\t\t\t<\/dt><\/div><\/dl><br style=\"clear: both\" \/><dl class='gallery-item'  data-title='36' data-description=''><div class='gallery-item-wrapper'>\n\t\t\t\t<dt class='gallery-icon landscape'>\n\t\t\t\t\t<a href='https:\/\/congresos.contraelcancer.es\/islas-baleares\/wp-content\/uploads\/sites\/12\/2024\/11\/36.png'><img loading=\"lazy\" decoding=\"async\" width=\"1024\" height=\"768\" src=\"https:\/\/congresos.contraelcancer.es\/islas-baleares\/wp-content\/uploads\/sites\/12\/2024\/11\/36-1024x768.png\" class=\"attachment-large size-large\" alt=\"\" srcset=\"https:\/\/congresos.contraelcancer.es\/islas-baleares\/wp-content\/uploads\/sites\/12\/2024\/11\/36-1024x768.png 1024w, https:\/\/congresos.contraelcancer.es\/islas-baleares\/wp-content\/uploads\/sites\/12\/2024\/11\/36-300x225.png 300w, https:\/\/congresos.contraelcancer.es\/islas-baleares\/wp-content\/uploads\/sites\/12\/2024\/11\/36-768x576.png 768w, https:\/\/congresos.contraelcancer.es\/islas-baleares\/wp-content\/uploads\/sites\/12\/2024\/11\/36-100x75.png 100w, https:\/\/congresos.contraelcancer.es\/islas-baleares\/wp-content\/uploads\/sites\/12\/2024\/11\/36-480x360.png 480w\" sizes=\"(max-width:767px) 480px, (max-width:1024px) 100vw, 1024px\" \/><\/a>\n\t\t\t\t<\/dt><\/div><\/dl><dl class='gallery-item'  data-title='37' data-description=''><div class='gallery-item-wrapper'>\n\t\t\t\t<dt class='gallery-icon landscape'>\n\t\t\t\t\t<a href='https:\/\/congresos.contraelcancer.es\/islas-baleares\/wp-content\/uploads\/sites\/12\/2024\/11\/37.png'><img loading=\"lazy\" decoding=\"async\" width=\"1024\" height=\"768\" src=\"https:\/\/congresos.contraelcancer.es\/islas-baleares\/wp-content\/uploads\/sites\/12\/2024\/11\/37-1024x768.png\" class=\"attachment-large size-large\" alt=\"\" srcset=\"https:\/\/congresos.contraelcancer.es\/islas-baleares\/wp-content\/uploads\/sites\/12\/2024\/11\/37-1024x768.png 1024w, https:\/\/congresos.contraelcancer.es\/islas-baleares\/wp-content\/uploads\/sites\/12\/2024\/11\/37-300x225.png 300w, https:\/\/congresos.contraelcancer.es\/islas-baleares\/wp-content\/uploads\/sites\/12\/2024\/11\/37-768x576.png 768w, https:\/\/congresos.contraelcancer.es\/islas-baleares\/wp-content\/uploads\/sites\/12\/2024\/11\/37-100x75.png 100w, https:\/\/congresos.contraelcancer.es\/islas-baleares\/wp-content\/uploads\/sites\/12\/2024\/11\/37-480x360.png 480w\" sizes=\"(max-width:767px) 480px, (max-width:1024px) 100vw, 1024px\" \/><\/a>\n\t\t\t\t<\/dt><\/div><\/dl><dl class='gallery-item'  data-title='38' data-description=''><div class='gallery-item-wrapper'>\n\t\t\t\t<dt class='gallery-icon landscape'>\n\t\t\t\t\t<a href='https:\/\/congresos.contraelcancer.es\/islas-baleares\/wp-content\/uploads\/sites\/12\/2024\/11\/38.png'><img loading=\"lazy\" decoding=\"async\" width=\"1024\" height=\"768\" src=\"https:\/\/congresos.contraelcancer.es\/islas-baleares\/wp-content\/uploads\/sites\/12\/2024\/11\/38-1024x768.png\" class=\"attachment-large size-large\" alt=\"\" srcset=\"https:\/\/congresos.contraelcancer.es\/islas-baleares\/wp-content\/uploads\/sites\/12\/2024\/11\/38-1024x768.png 1024w, https:\/\/congresos.contraelcancer.es\/islas-baleares\/wp-content\/uploads\/sites\/12\/2024\/11\/38-300x225.png 300w, https:\/\/congresos.contraelcancer.es\/islas-baleares\/wp-content\/uploads\/sites\/12\/2024\/11\/38-768x576.png 768w, https:\/\/congresos.contraelcancer.es\/islas-baleares\/wp-content\/uploads\/sites\/12\/2024\/11\/38-100x75.png 100w, https:\/\/congresos.contraelcancer.es\/islas-baleares\/wp-content\/uploads\/sites\/12\/2024\/11\/38-480x360.png 480w\" sizes=\"(max-width:767px) 480px, (max-width:1024px) 100vw, 1024px\" \/><\/a>\n\t\t\t\t<\/dt><\/div><\/dl><dl class='gallery-item'  data-title='39' data-description=''><div class='gallery-item-wrapper'>\n\t\t\t\t<dt class='gallery-icon landscape'>\n\t\t\t\t\t<a href='https:\/\/congresos.contraelcancer.es\/islas-baleares\/wp-content\/uploads\/sites\/12\/2024\/11\/39.png'><img loading=\"lazy\" decoding=\"async\" width=\"1024\" height=\"768\" src=\"https:\/\/congresos.contraelcancer.es\/islas-baleares\/wp-content\/uploads\/sites\/12\/2024\/11\/39-1024x768.png\" class=\"attachment-large size-large\" alt=\"\" srcset=\"https:\/\/congresos.contraelcancer.es\/islas-baleares\/wp-content\/uploads\/sites\/12\/2024\/11\/39-1024x768.png 1024w, https:\/\/congresos.contraelcancer.es\/islas-baleares\/wp-content\/uploads\/sites\/12\/2024\/11\/39-300x225.png 300w, https:\/\/congresos.contraelcancer.es\/islas-baleares\/wp-content\/uploads\/sites\/12\/2024\/11\/39-768x576.png 768w, https:\/\/congresos.contraelcancer.es\/islas-baleares\/wp-content\/uploads\/sites\/12\/2024\/11\/39-100x75.png 100w, https:\/\/congresos.contraelcancer.es\/islas-baleares\/wp-content\/uploads\/sites\/12\/2024\/11\/39-480x360.png 480w\" sizes=\"(max-width:767px) 480px, (max-width:1024px) 100vw, 1024px\" \/><\/a>\n\t\t\t\t<\/dt><\/div><\/dl><br style=\"clear: both\" \/><dl class='gallery-item'  data-title='40' data-description=''><div class='gallery-item-wrapper'>\n\t\t\t\t<dt class='gallery-icon landscape'>\n\t\t\t\t\t<a href='https:\/\/congresos.contraelcancer.es\/islas-baleares\/wp-content\/uploads\/sites\/12\/2024\/11\/40.png'><img loading=\"lazy\" decoding=\"async\" width=\"1024\" height=\"768\" src=\"https:\/\/congresos.contraelcancer.es\/islas-baleares\/wp-content\/uploads\/sites\/12\/2024\/11\/40-1024x768.png\" class=\"attachment-large size-large\" alt=\"\" srcset=\"https:\/\/congresos.contraelcancer.es\/islas-baleares\/wp-content\/uploads\/sites\/12\/2024\/11\/40-1024x768.png 1024w, https:\/\/congresos.contraelcancer.es\/islas-baleares\/wp-content\/uploads\/sites\/12\/2024\/11\/40-300x225.png 300w, https:\/\/congresos.contraelcancer.es\/islas-baleares\/wp-content\/uploads\/sites\/12\/2024\/11\/40-768x576.png 768w, https:\/\/congresos.contraelcancer.es\/islas-baleares\/wp-content\/uploads\/sites\/12\/2024\/11\/40-100x75.png 100w, https:\/\/congresos.contraelcancer.es\/islas-baleares\/wp-content\/uploads\/sites\/12\/2024\/11\/40-480x360.png 480w\" sizes=\"(max-width:767px) 480px, (max-width:1024px) 100vw, 1024px\" \/><\/a>\n\t\t\t\t<\/dt><\/div><\/dl><dl class='gallery-item'  data-title='41' data-description=''><div class='gallery-item-wrapper'>\n\t\t\t\t<dt class='gallery-icon landscape'>\n\t\t\t\t\t<a href='https:\/\/congresos.contraelcancer.es\/islas-baleares\/wp-content\/uploads\/sites\/12\/2024\/11\/41.png'><img loading=\"lazy\" decoding=\"async\" width=\"1024\" height=\"768\" src=\"https:\/\/congresos.contraelcancer.es\/islas-baleares\/wp-content\/uploads\/sites\/12\/2024\/11\/41-1024x768.png\" class=\"attachment-large size-large\" alt=\"\" srcset=\"https:\/\/congresos.contraelcancer.es\/islas-baleares\/wp-content\/uploads\/sites\/12\/2024\/11\/41-1024x768.png 1024w, https:\/\/congresos.contraelcancer.es\/islas-baleares\/wp-content\/uploads\/sites\/12\/2024\/11\/41-300x225.png 300w, https:\/\/congresos.contraelcancer.es\/islas-baleares\/wp-content\/uploads\/sites\/12\/2024\/11\/41-768x576.png 768w, https:\/\/congresos.contraelcancer.es\/islas-baleares\/wp-content\/uploads\/sites\/12\/2024\/11\/41-100x75.png 100w, https:\/\/congresos.contraelcancer.es\/islas-baleares\/wp-content\/uploads\/sites\/12\/2024\/11\/41-480x360.png 480w\" sizes=\"(max-width:767px) 480px, (max-width:1024px) 100vw, 1024px\" \/><\/a>\n\t\t\t\t<\/dt><\/div><\/dl><dl class='gallery-item'  data-title='42' data-description=''><div class='gallery-item-wrapper'>\n\t\t\t\t<dt class='gallery-icon landscape'>\n\t\t\t\t\t<a href='https:\/\/congresos.contraelcancer.es\/islas-baleares\/wp-content\/uploads\/sites\/12\/2024\/11\/42.png'><img loading=\"lazy\" decoding=\"async\" width=\"1024\" height=\"768\" src=\"https:\/\/congresos.contraelcancer.es\/islas-baleares\/wp-content\/uploads\/sites\/12\/2024\/11\/42-1024x768.png\" class=\"attachment-large size-large\" alt=\"\" srcset=\"https:\/\/congresos.contraelcancer.es\/islas-baleares\/wp-content\/uploads\/sites\/12\/2024\/11\/42-1024x768.png 1024w, https:\/\/congresos.contraelcancer.es\/islas-baleares\/wp-content\/uploads\/sites\/12\/2024\/11\/42-300x225.png 300w, https:\/\/congresos.contraelcancer.es\/islas-baleares\/wp-content\/uploads\/sites\/12\/2024\/11\/42-768x576.png 768w, https:\/\/congresos.contraelcancer.es\/islas-baleares\/wp-content\/uploads\/sites\/12\/2024\/11\/42-100x75.png 100w, https:\/\/congresos.contraelcancer.es\/islas-baleares\/wp-content\/uploads\/sites\/12\/2024\/11\/42-480x360.png 480w\" sizes=\"(max-width:767px) 480px, (max-width:1024px) 100vw, 1024px\" \/><\/a>\n\t\t\t\t<\/dt><\/div><\/dl><dl class='gallery-item'  data-title='43' data-description=''><div class='gallery-item-wrapper'>\n\t\t\t\t<dt class='gallery-icon landscape'>\n\t\t\t\t\t<a href='https:\/\/congresos.contraelcancer.es\/islas-baleares\/wp-content\/uploads\/sites\/12\/2024\/11\/43.png'><img loading=\"lazy\" decoding=\"async\" width=\"1024\" height=\"768\" src=\"https:\/\/congresos.contraelcancer.es\/islas-baleares\/wp-content\/uploads\/sites\/12\/2024\/11\/43-1024x768.png\" class=\"attachment-large size-large\" alt=\"\" srcset=\"https:\/\/congresos.contraelcancer.es\/islas-baleares\/wp-content\/uploads\/sites\/12\/2024\/11\/43-1024x768.png 1024w, https:\/\/congresos.contraelcancer.es\/islas-baleares\/wp-content\/uploads\/sites\/12\/2024\/11\/43-300x225.png 300w, https:\/\/congresos.contraelcancer.es\/islas-baleares\/wp-content\/uploads\/sites\/12\/2024\/11\/43-768x576.png 768w, https:\/\/congresos.contraelcancer.es\/islas-baleares\/wp-content\/uploads\/sites\/12\/2024\/11\/43-100x75.png 100w, https:\/\/congresos.contraelcancer.es\/islas-baleares\/wp-content\/uploads\/sites\/12\/2024\/11\/43-480x360.png 480w\" sizes=\"(max-width:767px) 480px, (max-width:1024px) 100vw, 1024px\" \/><\/a>\n\t\t\t\t<\/dt><\/div><\/dl><br style=\"clear: both\" \/><dl class='gallery-item'  data-title='44' data-description=''><div class='gallery-item-wrapper'>\n\t\t\t\t<dt class='gallery-icon landscape'>\n\t\t\t\t\t<a href='https:\/\/congresos.contraelcancer.es\/islas-baleares\/wp-content\/uploads\/sites\/12\/2024\/11\/44.png'><img loading=\"lazy\" decoding=\"async\" width=\"1024\" height=\"768\" src=\"https:\/\/congresos.contraelcancer.es\/islas-baleares\/wp-content\/uploads\/sites\/12\/2024\/11\/44-1024x768.png\" class=\"attachment-large size-large\" alt=\"\" srcset=\"https:\/\/congresos.contraelcancer.es\/islas-baleares\/wp-content\/uploads\/sites\/12\/2024\/11\/44-1024x768.png 1024w, https:\/\/congresos.contraelcancer.es\/islas-baleares\/wp-content\/uploads\/sites\/12\/2024\/11\/44-300x225.png 300w, https:\/\/congresos.contraelcancer.es\/islas-baleares\/wp-content\/uploads\/sites\/12\/2024\/11\/44-768x576.png 768w, https:\/\/congresos.contraelcancer.es\/islas-baleares\/wp-content\/uploads\/sites\/12\/2024\/11\/44-100x75.png 100w, https:\/\/congresos.contraelcancer.es\/islas-baleares\/wp-content\/uploads\/sites\/12\/2024\/11\/44-480x360.png 480w\" sizes=\"(max-width:767px) 480px, (max-width:1024px) 100vw, 1024px\" \/><\/a>\n\t\t\t\t<\/dt><\/div><\/dl><dl class='gallery-item'  data-title='3' data-description=''><div class='gallery-item-wrapper'>\n\t\t\t\t<dt class='gallery-icon landscape'>\n\t\t\t\t\t<a href='https:\/\/congresos.contraelcancer.es\/islas-baleares\/wp-content\/uploads\/sites\/12\/2024\/11\/3.png'><img loading=\"lazy\" decoding=\"async\" width=\"1024\" height=\"768\" src=\"https:\/\/congresos.contraelcancer.es\/islas-baleares\/wp-content\/uploads\/sites\/12\/2024\/11\/3-1024x768.png\" class=\"attachment-large size-large\" alt=\"\" srcset=\"https:\/\/congresos.contraelcancer.es\/islas-baleares\/wp-content\/uploads\/sites\/12\/2024\/11\/3-1024x768.png 1024w, https:\/\/congresos.contraelcancer.es\/islas-baleares\/wp-content\/uploads\/sites\/12\/2024\/11\/3-300x225.png 300w, https:\/\/congresos.contraelcancer.es\/islas-baleares\/wp-content\/uploads\/sites\/12\/2024\/11\/3-768x576.png 768w, https:\/\/congresos.contraelcancer.es\/islas-baleares\/wp-content\/uploads\/sites\/12\/2024\/11\/3-100x75.png 100w, https:\/\/congresos.contraelcancer.es\/islas-baleares\/wp-content\/uploads\/sites\/12\/2024\/11\/3-480x360.png 480w\" sizes=\"(max-width:767px) 480px, (max-width:1024px) 100vw, 1024px\" \/><\/a>\n\t\t\t\t<\/dt><\/div><\/dl><dl class='gallery-item'  data-title='21' data-description=''><div class='gallery-item-wrapper'>\n\t\t\t\t<dt class='gallery-icon landscape'>\n\t\t\t\t\t<a href='https:\/\/congresos.contraelcancer.es\/islas-baleares\/wp-content\/uploads\/sites\/12\/2024\/11\/21.png'><img loading=\"lazy\" decoding=\"async\" width=\"1024\" height=\"768\" src=\"https:\/\/congresos.contraelcancer.es\/islas-baleares\/wp-content\/uploads\/sites\/12\/2024\/11\/21-1024x768.png\" class=\"attachment-large size-large\" alt=\"\" srcset=\"https:\/\/congresos.contraelcancer.es\/islas-baleares\/wp-content\/uploads\/sites\/12\/2024\/11\/21-1024x768.png 1024w, https:\/\/congresos.contraelcancer.es\/islas-baleares\/wp-content\/uploads\/sites\/12\/2024\/11\/21-300x225.png 300w, https:\/\/congresos.contraelcancer.es\/islas-baleares\/wp-content\/uploads\/sites\/12\/2024\/11\/21-768x576.png 768w, https:\/\/congresos.contraelcancer.es\/islas-baleares\/wp-content\/uploads\/sites\/12\/2024\/11\/21-100x75.png 100w, https:\/\/congresos.contraelcancer.es\/islas-baleares\/wp-content\/uploads\/sites\/12\/2024\/11\/21-480x360.png 480w\" sizes=\"(max-width:767px) 480px, (max-width:1024px) 100vw, 1024px\" \/><\/a>\n\t\t\t\t<\/dt><\/div><\/dl><dl class='gallery-item'  data-title='22' data-description=''><div class='gallery-item-wrapper'>\n\t\t\t\t<dt class='gallery-icon landscape'>\n\t\t\t\t\t<a href='https:\/\/congresos.contraelcancer.es\/islas-baleares\/wp-content\/uploads\/sites\/12\/2024\/11\/22.png'><img loading=\"lazy\" decoding=\"async\" width=\"1024\" height=\"768\" src=\"https:\/\/congresos.contraelcancer.es\/islas-baleares\/wp-content\/uploads\/sites\/12\/2024\/11\/22-1024x768.png\" class=\"attachment-large size-large\" alt=\"\" srcset=\"https:\/\/congresos.contraelcancer.es\/islas-baleares\/wp-content\/uploads\/sites\/12\/2024\/11\/22-1024x768.png 1024w, https:\/\/congresos.contraelcancer.es\/islas-baleares\/wp-content\/uploads\/sites\/12\/2024\/11\/22-300x225.png 300w, https:\/\/congresos.contraelcancer.es\/islas-baleares\/wp-content\/uploads\/sites\/12\/2024\/11\/22-768x576.png 768w, https:\/\/congresos.contraelcancer.es\/islas-baleares\/wp-content\/uploads\/sites\/12\/2024\/11\/22-100x75.png 100w, https:\/\/congresos.contraelcancer.es\/islas-baleares\/wp-content\/uploads\/sites\/12\/2024\/11\/22-480x360.png 480w\" sizes=\"(max-width:767px) 480px, (max-width:1024px) 100vw, 1024px\" \/><\/a>\n\t\t\t\t<\/dt><\/div><\/dl><br style=\"clear: both\" \/><dl class='gallery-item'  data-title='23' data-description=''><div class='gallery-item-wrapper'>\n\t\t\t\t<dt class='gallery-icon landscape'>\n\t\t\t\t\t<a href='https:\/\/congresos.contraelcancer.es\/islas-baleares\/wp-content\/uploads\/sites\/12\/2024\/11\/23.png'><img loading=\"lazy\" decoding=\"async\" width=\"1024\" height=\"768\" src=\"https:\/\/congresos.contraelcancer.es\/islas-baleares\/wp-content\/uploads\/sites\/12\/2024\/11\/23-1024x768.png\" class=\"attachment-large size-large\" alt=\"\" srcset=\"https:\/\/congresos.contraelcancer.es\/islas-baleares\/wp-content\/uploads\/sites\/12\/2024\/11\/23-1024x768.png 1024w, https:\/\/congresos.contraelcancer.es\/islas-baleares\/wp-content\/uploads\/sites\/12\/2024\/11\/23-300x225.png 300w, https:\/\/congresos.contraelcancer.es\/islas-baleares\/wp-content\/uploads\/sites\/12\/2024\/11\/23-768x576.png 768w, https:\/\/congresos.contraelcancer.es\/islas-baleares\/wp-content\/uploads\/sites\/12\/2024\/11\/23-100x75.png 100w, https:\/\/congresos.contraelcancer.es\/islas-baleares\/wp-content\/uploads\/sites\/12\/2024\/11\/23-480x360.png 480w\" sizes=\"(max-width:767px) 480px, (max-width:1024px) 100vw, 1024px\" \/><\/a>\n\t\t\t\t<\/dt><\/div><\/dl><dl class='gallery-item'  data-title='24' data-description=''><div class='gallery-item-wrapper'>\n\t\t\t\t<dt class='gallery-icon landscape'>\n\t\t\t\t\t<a href='https:\/\/congresos.contraelcancer.es\/islas-baleares\/wp-content\/uploads\/sites\/12\/2024\/11\/24.png'><img loading=\"lazy\" decoding=\"async\" width=\"1024\" height=\"768\" src=\"https:\/\/congresos.contraelcancer.es\/islas-baleares\/wp-content\/uploads\/sites\/12\/2024\/11\/24-1024x768.png\" class=\"attachment-large size-large\" alt=\"\" srcset=\"https:\/\/congresos.contraelcancer.es\/islas-baleares\/wp-content\/uploads\/sites\/12\/2024\/11\/24-1024x768.png 1024w, https:\/\/congresos.contraelcancer.es\/islas-baleares\/wp-content\/uploads\/sites\/12\/2024\/11\/24-300x225.png 300w, https:\/\/congresos.contraelcancer.es\/islas-baleares\/wp-content\/uploads\/sites\/12\/2024\/11\/24-768x576.png 768w, https:\/\/congresos.contraelcancer.es\/islas-baleares\/wp-content\/uploads\/sites\/12\/2024\/11\/24-100x75.png 100w, https:\/\/congresos.contraelcancer.es\/islas-baleares\/wp-content\/uploads\/sites\/12\/2024\/11\/24-480x360.png 480w\" sizes=\"(max-width:767px) 480px, (max-width:1024px) 100vw, 1024px\" \/><\/a>\n\t\t\t\t<\/dt><\/div><\/dl><dl class='gallery-item'  data-title='25' data-description=''><div class='gallery-item-wrapper'>\n\t\t\t\t<dt class='gallery-icon landscape'>\n\t\t\t\t\t<a href='https:\/\/congresos.contraelcancer.es\/islas-baleares\/wp-content\/uploads\/sites\/12\/2024\/11\/25.png'><img loading=\"lazy\" decoding=\"async\" width=\"1024\" height=\"768\" src=\"https:\/\/congresos.contraelcancer.es\/islas-baleares\/wp-content\/uploads\/sites\/12\/2024\/11\/25-1024x768.png\" class=\"attachment-large size-large\" alt=\"\" srcset=\"https:\/\/congresos.contraelcancer.es\/islas-baleares\/wp-content\/uploads\/sites\/12\/2024\/11\/25-1024x768.png 1024w, https:\/\/congresos.contraelcancer.es\/islas-baleares\/wp-content\/uploads\/sites\/12\/2024\/11\/25-300x225.png 300w, https:\/\/congresos.contraelcancer.es\/islas-baleares\/wp-content\/uploads\/sites\/12\/2024\/11\/25-768x576.png 768w, https:\/\/congresos.contraelcancer.es\/islas-baleares\/wp-content\/uploads\/sites\/12\/2024\/11\/25-100x75.png 100w, https:\/\/congresos.contraelcancer.es\/islas-baleares\/wp-content\/uploads\/sites\/12\/2024\/11\/25-480x360.png 480w\" sizes=\"(max-width:767px) 480px, (max-width:1024px) 100vw, 1024px\" \/><\/a>\n\t\t\t\t<\/dt><\/div><\/dl><dl class='gallery-item'  data-title='26' data-description=''><div class='gallery-item-wrapper'>\n\t\t\t\t<dt class='gallery-icon landscape'>\n\t\t\t\t\t<a href='https:\/\/congresos.contraelcancer.es\/islas-baleares\/wp-content\/uploads\/sites\/12\/2024\/11\/26.png'><img loading=\"lazy\" decoding=\"async\" width=\"1024\" height=\"768\" src=\"https:\/\/congresos.contraelcancer.es\/islas-baleares\/wp-content\/uploads\/sites\/12\/2024\/11\/26-1024x768.png\" class=\"attachment-large size-large\" alt=\"\" srcset=\"https:\/\/congresos.contraelcancer.es\/islas-baleares\/wp-content\/uploads\/sites\/12\/2024\/11\/26-1024x768.png 1024w, https:\/\/congresos.contraelcancer.es\/islas-baleares\/wp-content\/uploads\/sites\/12\/2024\/11\/26-300x225.png 300w, https:\/\/congresos.contraelcancer.es\/islas-baleares\/wp-content\/uploads\/sites\/12\/2024\/11\/26-768x576.png 768w, https:\/\/congresos.contraelcancer.es\/islas-baleares\/wp-content\/uploads\/sites\/12\/2024\/11\/26-100x75.png 100w, https:\/\/congresos.contraelcancer.es\/islas-baleares\/wp-content\/uploads\/sites\/12\/2024\/11\/26-480x360.png 480w\" sizes=\"(max-width:767px) 480px, (max-width:1024px) 100vw, 1024px\" \/><\/a>\n\t\t\t\t<\/dt><\/div><\/dl><br style=\"clear: both\" \/><dl class='gallery-item'  data-title='27' data-description=''><div class='gallery-item-wrapper'>\n\t\t\t\t<dt class='gallery-icon landscape'>\n\t\t\t\t\t<a href='https:\/\/congresos.contraelcancer.es\/islas-baleares\/wp-content\/uploads\/sites\/12\/2024\/11\/27.png'><img loading=\"lazy\" decoding=\"async\" width=\"1024\" height=\"768\" src=\"https:\/\/congresos.contraelcancer.es\/islas-baleares\/wp-content\/uploads\/sites\/12\/2024\/11\/27-1024x768.png\" class=\"attachment-large size-large\" alt=\"\" srcset=\"https:\/\/congresos.contraelcancer.es\/islas-baleares\/wp-content\/uploads\/sites\/12\/2024\/11\/27-1024x768.png 1024w, https:\/\/congresos.contraelcancer.es\/islas-baleares\/wp-content\/uploads\/sites\/12\/2024\/11\/27-300x225.png 300w, https:\/\/congresos.contraelcancer.es\/islas-baleares\/wp-content\/uploads\/sites\/12\/2024\/11\/27-768x576.png 768w, https:\/\/congresos.contraelcancer.es\/islas-baleares\/wp-content\/uploads\/sites\/12\/2024\/11\/27-100x75.png 100w, https:\/\/congresos.contraelcancer.es\/islas-baleares\/wp-content\/uploads\/sites\/12\/2024\/11\/27-480x360.png 480w\" sizes=\"(max-width:767px) 480px, (max-width:1024px) 100vw, 1024px\" \/><\/a>\n\t\t\t\t<\/dt><\/div><\/dl><dl class='gallery-item'  data-title='28' data-description=''><div class='gallery-item-wrapper'>\n\t\t\t\t<dt class='gallery-icon landscape'>\n\t\t\t\t\t<a href='https:\/\/congresos.contraelcancer.es\/islas-baleares\/wp-content\/uploads\/sites\/12\/2024\/11\/28-1.png'><img loading=\"lazy\" decoding=\"async\" width=\"1024\" height=\"768\" src=\"https:\/\/congresos.contraelcancer.es\/islas-baleares\/wp-content\/uploads\/sites\/12\/2024\/11\/28-1-1024x768.png\" class=\"attachment-large size-large\" alt=\"\" srcset=\"https:\/\/congresos.contraelcancer.es\/islas-baleares\/wp-content\/uploads\/sites\/12\/2024\/11\/28-1-1024x768.png 1024w, https:\/\/congresos.contraelcancer.es\/islas-baleares\/wp-content\/uploads\/sites\/12\/2024\/11\/28-1-300x225.png 300w, https:\/\/congresos.contraelcancer.es\/islas-baleares\/wp-content\/uploads\/sites\/12\/2024\/11\/28-1-768x576.png 768w, https:\/\/congresos.contraelcancer.es\/islas-baleares\/wp-content\/uploads\/sites\/12\/2024\/11\/28-1-100x75.png 100w, https:\/\/congresos.contraelcancer.es\/islas-baleares\/wp-content\/uploads\/sites\/12\/2024\/11\/28-1-480x360.png 480w\" sizes=\"(max-width:767px) 480px, (max-width:1024px) 100vw, 1024px\" \/><\/a>\n\t\t\t\t<\/dt><\/div><\/dl><dl class='gallery-item'  data-title='29' data-description=''><div class='gallery-item-wrapper'>\n\t\t\t\t<dt class='gallery-icon landscape'>\n\t\t\t\t\t<a href='https:\/\/congresos.contraelcancer.es\/islas-baleares\/wp-content\/uploads\/sites\/12\/2024\/11\/29.png'><img loading=\"lazy\" decoding=\"async\" width=\"1024\" height=\"768\" src=\"https:\/\/congresos.contraelcancer.es\/islas-baleares\/wp-content\/uploads\/sites\/12\/2024\/11\/29-1024x768.png\" class=\"attachment-large size-large\" alt=\"\" srcset=\"https:\/\/congresos.contraelcancer.es\/islas-baleares\/wp-content\/uploads\/sites\/12\/2024\/11\/29-1024x768.png 1024w, https:\/\/congresos.contraelcancer.es\/islas-baleares\/wp-content\/uploads\/sites\/12\/2024\/11\/29-300x225.png 300w, https:\/\/congresos.contraelcancer.es\/islas-baleares\/wp-content\/uploads\/sites\/12\/2024\/11\/29-768x576.png 768w, https:\/\/congresos.contraelcancer.es\/islas-baleares\/wp-content\/uploads\/sites\/12\/2024\/11\/29-100x75.png 100w, https:\/\/congresos.contraelcancer.es\/islas-baleares\/wp-content\/uploads\/sites\/12\/2024\/11\/29-480x360.png 480w\" sizes=\"(max-width:767px) 480px, (max-width:1024px) 100vw, 1024px\" \/><\/a>\n\t\t\t\t<\/dt><\/div><\/dl><dl class='gallery-item'  data-title='30' data-description=''><div class='gallery-item-wrapper'>\n\t\t\t\t<dt class='gallery-icon landscape'>\n\t\t\t\t\t<a href='https:\/\/congresos.contraelcancer.es\/islas-baleares\/wp-content\/uploads\/sites\/12\/2024\/11\/30.png'><img loading=\"lazy\" decoding=\"async\" width=\"1024\" height=\"768\" src=\"https:\/\/congresos.contraelcancer.es\/islas-baleares\/wp-content\/uploads\/sites\/12\/2024\/11\/30-1024x768.png\" class=\"attachment-large size-large\" alt=\"\" srcset=\"https:\/\/congresos.contraelcancer.es\/islas-baleares\/wp-content\/uploads\/sites\/12\/2024\/11\/30-1024x768.png 1024w, https:\/\/congresos.contraelcancer.es\/islas-baleares\/wp-content\/uploads\/sites\/12\/2024\/11\/30-300x225.png 300w, https:\/\/congresos.contraelcancer.es\/islas-baleares\/wp-content\/uploads\/sites\/12\/2024\/11\/30-768x576.png 768w, https:\/\/congresos.contraelcancer.es\/islas-baleares\/wp-content\/uploads\/sites\/12\/2024\/11\/30-100x75.png 100w, https:\/\/congresos.contraelcancer.es\/islas-baleares\/wp-content\/uploads\/sites\/12\/2024\/11\/30-480x360.png 480w\" sizes=\"(max-width:767px) 480px, (max-width:1024px) 100vw, 1024px\" \/><\/a>\n\t\t\t\t<\/dt><\/div><\/dl><br style=\"clear: both\" \/><dl class='gallery-item'  data-title='31' data-description=''><div class='gallery-item-wrapper'>\n\t\t\t\t<dt class='gallery-icon landscape'>\n\t\t\t\t\t<a href='https:\/\/congresos.contraelcancer.es\/islas-baleares\/wp-content\/uploads\/sites\/12\/2024\/11\/31.png'><img loading=\"lazy\" decoding=\"async\" width=\"1024\" height=\"768\" src=\"https:\/\/congresos.contraelcancer.es\/islas-baleares\/wp-content\/uploads\/sites\/12\/2024\/11\/31-1024x768.png\" class=\"attachment-large size-large\" alt=\"\" srcset=\"https:\/\/congresos.contraelcancer.es\/islas-baleares\/wp-content\/uploads\/sites\/12\/2024\/11\/31-1024x768.png 1024w, https:\/\/congresos.contraelcancer.es\/islas-baleares\/wp-content\/uploads\/sites\/12\/2024\/11\/31-300x225.png 300w, https:\/\/congresos.contraelcancer.es\/islas-baleares\/wp-content\/uploads\/sites\/12\/2024\/11\/31-768x576.png 768w, https:\/\/congresos.contraelcancer.es\/islas-baleares\/wp-content\/uploads\/sites\/12\/2024\/11\/31-100x75.png 100w, https:\/\/congresos.contraelcancer.es\/islas-baleares\/wp-content\/uploads\/sites\/12\/2024\/11\/31-480x360.png 480w\" sizes=\"(max-width:767px) 480px, (max-width:1024px) 100vw, 1024px\" \/><\/a>\n\t\t\t\t<\/dt><\/div><\/dl><dl class='gallery-item'  data-title='32' data-description=''><div class='gallery-item-wrapper'>\n\t\t\t\t<dt class='gallery-icon landscape'>\n\t\t\t\t\t<a href='https:\/\/congresos.contraelcancer.es\/islas-baleares\/wp-content\/uploads\/sites\/12\/2024\/11\/32-1.png'><img loading=\"lazy\" decoding=\"async\" width=\"1024\" height=\"768\" src=\"https:\/\/congresos.contraelcancer.es\/islas-baleares\/wp-content\/uploads\/sites\/12\/2024\/11\/32-1-1024x768.png\" class=\"attachment-large size-large\" alt=\"\" srcset=\"https:\/\/congresos.contraelcancer.es\/islas-baleares\/wp-content\/uploads\/sites\/12\/2024\/11\/32-1-1024x768.png 1024w, https:\/\/congresos.contraelcancer.es\/islas-baleares\/wp-content\/uploads\/sites\/12\/2024\/11\/32-1-300x225.png 300w, https:\/\/congresos.contraelcancer.es\/islas-baleares\/wp-content\/uploads\/sites\/12\/2024\/11\/32-1-768x576.png 768w, https:\/\/congresos.contraelcancer.es\/islas-baleares\/wp-content\/uploads\/sites\/12\/2024\/11\/32-1-100x75.png 100w, https:\/\/congresos.contraelcancer.es\/islas-baleares\/wp-content\/uploads\/sites\/12\/2024\/11\/32-1-480x360.png 480w\" sizes=\"(max-width:767px) 480px, (max-width:1024px) 100vw, 1024px\" \/><\/a>\n\t\t\t\t<\/dt><\/div><\/dl><dl class='gallery-item'  data-title='33' data-description=''><div class='gallery-item-wrapper'>\n\t\t\t\t<dt class='gallery-icon landscape'>\n\t\t\t\t\t<a href='https:\/\/congresos.contraelcancer.es\/islas-baleares\/wp-content\/uploads\/sites\/12\/2024\/11\/33.png'><img loading=\"lazy\" decoding=\"async\" width=\"1024\" height=\"768\" src=\"https:\/\/congresos.contraelcancer.es\/islas-baleares\/wp-content\/uploads\/sites\/12\/2024\/11\/33-1024x768.png\" class=\"attachment-large size-large\" alt=\"\" srcset=\"https:\/\/congresos.contraelcancer.es\/islas-baleares\/wp-content\/uploads\/sites\/12\/2024\/11\/33-1024x768.png 1024w, https:\/\/congresos.contraelcancer.es\/islas-baleares\/wp-content\/uploads\/sites\/12\/2024\/11\/33-300x225.png 300w, https:\/\/congresos.contraelcancer.es\/islas-baleares\/wp-content\/uploads\/sites\/12\/2024\/11\/33-768x576.png 768w, https:\/\/congresos.contraelcancer.es\/islas-baleares\/wp-content\/uploads\/sites\/12\/2024\/11\/33-100x75.png 100w, https:\/\/congresos.contraelcancer.es\/islas-baleares\/wp-content\/uploads\/sites\/12\/2024\/11\/33-480x360.png 480w\" sizes=\"(max-width:767px) 480px, (max-width:1024px) 100vw, 1024px\" \/><\/a>\n\t\t\t\t<\/dt><\/div><\/dl><dl class='gallery-item'  data-title='34' data-description=''><div class='gallery-item-wrapper'>\n\t\t\t\t<dt class='gallery-icon landscape'>\n\t\t\t\t\t<a href='https:\/\/congresos.contraelcancer.es\/islas-baleares\/wp-content\/uploads\/sites\/12\/2024\/11\/34.png'><img loading=\"lazy\" decoding=\"async\" width=\"1024\" height=\"768\" src=\"https:\/\/congresos.contraelcancer.es\/islas-baleares\/wp-content\/uploads\/sites\/12\/2024\/11\/34-1024x768.png\" class=\"attachment-large size-large\" alt=\"\" srcset=\"https:\/\/congresos.contraelcancer.es\/islas-baleares\/wp-content\/uploads\/sites\/12\/2024\/11\/34-1024x768.png 1024w, https:\/\/congresos.contraelcancer.es\/islas-baleares\/wp-content\/uploads\/sites\/12\/2024\/11\/34-300x225.png 300w, https:\/\/congresos.contraelcancer.es\/islas-baleares\/wp-content\/uploads\/sites\/12\/2024\/11\/34-768x576.png 768w, https:\/\/congresos.contraelcancer.es\/islas-baleares\/wp-content\/uploads\/sites\/12\/2024\/11\/34-100x75.png 100w, https:\/\/congresos.contraelcancer.es\/islas-baleares\/wp-content\/uploads\/sites\/12\/2024\/11\/34-480x360.png 480w\" sizes=\"(max-width:767px) 480px, (max-width:1024px) 100vw, 1024px\" \/><\/a>\n\t\t\t\t<\/dt><\/div><\/dl><br style=\"clear: both\" \/><dl class='gallery-item'  data-title='35' data-description=''><div class='gallery-item-wrapper'>\n\t\t\t\t<dt class='gallery-icon landscape'>\n\t\t\t\t\t<a href='https:\/\/congresos.contraelcancer.es\/islas-baleares\/wp-content\/uploads\/sites\/12\/2024\/11\/35.png'><img loading=\"lazy\" decoding=\"async\" width=\"1024\" height=\"768\" src=\"https:\/\/congresos.contraelcancer.es\/islas-baleares\/wp-content\/uploads\/sites\/12\/2024\/11\/35-1024x768.png\" class=\"attachment-large size-large\" alt=\"\" srcset=\"https:\/\/congresos.contraelcancer.es\/islas-baleares\/wp-content\/uploads\/sites\/12\/2024\/11\/35-1024x768.png 1024w, https:\/\/congresos.contraelcancer.es\/islas-baleares\/wp-content\/uploads\/sites\/12\/2024\/11\/35-300x225.png 300w, https:\/\/congresos.contraelcancer.es\/islas-baleares\/wp-content\/uploads\/sites\/12\/2024\/11\/35-768x576.png 768w, https:\/\/congresos.contraelcancer.es\/islas-baleares\/wp-content\/uploads\/sites\/12\/2024\/11\/35-100x75.png 100w, https:\/\/congresos.contraelcancer.es\/islas-baleares\/wp-content\/uploads\/sites\/12\/2024\/11\/35-480x360.png 480w\" sizes=\"(max-width:767px) 480px, (max-width:1024px) 100vw, 1024px\" \/><\/a>\n\t\t\t\t<\/dt><\/div><\/dl><dl class='gallery-item'  data-title='1' data-description=''><div class='gallery-item-wrapper'>\n\t\t\t\t<dt class='gallery-icon landscape'>\n\t\t\t\t\t<a href='https:\/\/congresos.contraelcancer.es\/islas-baleares\/wp-content\/uploads\/sites\/12\/2024\/11\/1.png'><img loading=\"lazy\" decoding=\"async\" width=\"1024\" height=\"768\" src=\"https:\/\/congresos.contraelcancer.es\/islas-baleares\/wp-content\/uploads\/sites\/12\/2024\/11\/1-1024x768.png\" class=\"attachment-large size-large\" alt=\"\" srcset=\"https:\/\/congresos.contraelcancer.es\/islas-baleares\/wp-content\/uploads\/sites\/12\/2024\/11\/1-1024x768.png 1024w, https:\/\/congresos.contraelcancer.es\/islas-baleares\/wp-content\/uploads\/sites\/12\/2024\/11\/1-300x225.png 300w, https:\/\/congresos.contraelcancer.es\/islas-baleares\/wp-content\/uploads\/sites\/12\/2024\/11\/1-768x576.png 768w, https:\/\/congresos.contraelcancer.es\/islas-baleares\/wp-content\/uploads\/sites\/12\/2024\/11\/1-100x75.png 100w, https:\/\/congresos.contraelcancer.es\/islas-baleares\/wp-content\/uploads\/sites\/12\/2024\/11\/1-480x360.png 480w\" sizes=\"(max-width:767px) 480px, (max-width:1024px) 100vw, 1024px\" \/><\/a>\n\t\t\t\t<\/dt><\/div><\/dl><dl class='gallery-item'  data-title='2' data-description=''><div class='gallery-item-wrapper'>\n\t\t\t\t<dt class='gallery-icon landscape'>\n\t\t\t\t\t<a href='https:\/\/congresos.contraelcancer.es\/islas-baleares\/wp-content\/uploads\/sites\/12\/2024\/11\/2.png'><img loading=\"lazy\" decoding=\"async\" width=\"1024\" height=\"768\" src=\"https:\/\/congresos.contraelcancer.es\/islas-baleares\/wp-content\/uploads\/sites\/12\/2024\/11\/2-1024x768.png\" class=\"attachment-large size-large\" alt=\"\" srcset=\"https:\/\/congresos.contraelcancer.es\/islas-baleares\/wp-content\/uploads\/sites\/12\/2024\/11\/2-1024x768.png 1024w, https:\/\/congresos.contraelcancer.es\/islas-baleares\/wp-content\/uploads\/sites\/12\/2024\/11\/2-300x225.png 300w, https:\/\/congresos.contraelcancer.es\/islas-baleares\/wp-content\/uploads\/sites\/12\/2024\/11\/2-768x576.png 768w, https:\/\/congresos.contraelcancer.es\/islas-baleares\/wp-content\/uploads\/sites\/12\/2024\/11\/2-100x75.png 100w, https:\/\/congresos.contraelcancer.es\/islas-baleares\/wp-content\/uploads\/sites\/12\/2024\/11\/2-480x360.png 480w\" sizes=\"(max-width:767px) 480px, (max-width:1024px) 100vw, 1024px\" \/><\/a>\n\t\t\t\t<\/dt><\/div><\/dl><dl class='gallery-item'  data-title='12' data-description=''><div class='gallery-item-wrapper'>\n\t\t\t\t<dt class='gallery-icon landscape'>\n\t\t\t\t\t<a href='https:\/\/congresos.contraelcancer.es\/islas-baleares\/wp-content\/uploads\/sites\/12\/2024\/11\/12.png'><img loading=\"lazy\" decoding=\"async\" width=\"1024\" height=\"768\" src=\"https:\/\/congresos.contraelcancer.es\/islas-baleares\/wp-content\/uploads\/sites\/12\/2024\/11\/12-1024x768.png\" class=\"attachment-large size-large\" alt=\"\" srcset=\"https:\/\/congresos.contraelcancer.es\/islas-baleares\/wp-content\/uploads\/sites\/12\/2024\/11\/12-1024x768.png 1024w, https:\/\/congresos.contraelcancer.es\/islas-baleares\/wp-content\/uploads\/sites\/12\/2024\/11\/12-300x225.png 300w, https:\/\/congresos.contraelcancer.es\/islas-baleares\/wp-content\/uploads\/sites\/12\/2024\/11\/12-768x576.png 768w, https:\/\/congresos.contraelcancer.es\/islas-baleares\/wp-content\/uploads\/sites\/12\/2024\/11\/12-100x75.png 100w, https:\/\/congresos.contraelcancer.es\/islas-baleares\/wp-content\/uploads\/sites\/12\/2024\/11\/12-480x360.png 480w\" sizes=\"(max-width:767px) 480px, (max-width:1024px) 100vw, 1024px\" \/><\/a>\n\t\t\t\t<\/dt><\/div><\/dl><br style=\"clear: both\" \/><dl class='gallery-item'  data-title='13' data-description=''><div class='gallery-item-wrapper'>\n\t\t\t\t<dt class='gallery-icon landscape'>\n\t\t\t\t\t<a href='https:\/\/congresos.contraelcancer.es\/islas-baleares\/wp-content\/uploads\/sites\/12\/2024\/11\/13.png'><img loading=\"lazy\" decoding=\"async\" width=\"1024\" height=\"768\" src=\"https:\/\/congresos.contraelcancer.es\/islas-baleares\/wp-content\/uploads\/sites\/12\/2024\/11\/13-1024x768.png\" class=\"attachment-large size-large\" alt=\"\" srcset=\"https:\/\/congresos.contraelcancer.es\/islas-baleares\/wp-content\/uploads\/sites\/12\/2024\/11\/13-1024x768.png 1024w, https:\/\/congresos.contraelcancer.es\/islas-baleares\/wp-content\/uploads\/sites\/12\/2024\/11\/13-300x225.png 300w, https:\/\/congresos.contraelcancer.es\/islas-baleares\/wp-content\/uploads\/sites\/12\/2024\/11\/13-768x576.png 768w, https:\/\/congresos.contraelcancer.es\/islas-baleares\/wp-content\/uploads\/sites\/12\/2024\/11\/13-100x75.png 100w, https:\/\/congresos.contraelcancer.es\/islas-baleares\/wp-content\/uploads\/sites\/12\/2024\/11\/13-480x360.png 480w\" sizes=\"(max-width:767px) 480px, (max-width:1024px) 100vw, 1024px\" \/><\/a>\n\t\t\t\t<\/dt><\/div><\/dl><dl class='gallery-item'  data-title='14' data-description=''><div class='gallery-item-wrapper'>\n\t\t\t\t<dt class='gallery-icon landscape'>\n\t\t\t\t\t<a href='https:\/\/congresos.contraelcancer.es\/islas-baleares\/wp-content\/uploads\/sites\/12\/2024\/11\/14.png'><img loading=\"lazy\" decoding=\"async\" width=\"1024\" height=\"768\" src=\"https:\/\/congresos.contraelcancer.es\/islas-baleares\/wp-content\/uploads\/sites\/12\/2024\/11\/14-1024x768.png\" class=\"attachment-large size-large\" alt=\"\" srcset=\"https:\/\/congresos.contraelcancer.es\/islas-baleares\/wp-content\/uploads\/sites\/12\/2024\/11\/14-1024x768.png 1024w, https:\/\/congresos.contraelcancer.es\/islas-baleares\/wp-content\/uploads\/sites\/12\/2024\/11\/14-300x225.png 300w, https:\/\/congresos.contraelcancer.es\/islas-baleares\/wp-content\/uploads\/sites\/12\/2024\/11\/14-768x576.png 768w, https:\/\/congresos.contraelcancer.es\/islas-baleares\/wp-content\/uploads\/sites\/12\/2024\/11\/14-100x75.png 100w, https:\/\/congresos.contraelcancer.es\/islas-baleares\/wp-content\/uploads\/sites\/12\/2024\/11\/14-480x360.png 480w\" sizes=\"(max-width:767px) 480px, (max-width:1024px) 100vw, 1024px\" \/><\/a>\n\t\t\t\t<\/dt><\/div><\/dl><dl class='gallery-item'  data-title='15' data-description=''><div class='gallery-item-wrapper'>\n\t\t\t\t<dt class='gallery-icon landscape'>\n\t\t\t\t\t<a href='https:\/\/congresos.contraelcancer.es\/islas-baleares\/wp-content\/uploads\/sites\/12\/2024\/11\/15.png'><img loading=\"lazy\" decoding=\"async\" width=\"1024\" height=\"768\" src=\"https:\/\/congresos.contraelcancer.es\/islas-baleares\/wp-content\/uploads\/sites\/12\/2024\/11\/15-1024x768.png\" class=\"attachment-large size-large\" alt=\"\" srcset=\"https:\/\/congresos.contraelcancer.es\/islas-baleares\/wp-content\/uploads\/sites\/12\/2024\/11\/15-1024x768.png 1024w, https:\/\/congresos.contraelcancer.es\/islas-baleares\/wp-content\/uploads\/sites\/12\/2024\/11\/15-300x225.png 300w, https:\/\/congresos.contraelcancer.es\/islas-baleares\/wp-content\/uploads\/sites\/12\/2024\/11\/15-768x576.png 768w, https:\/\/congresos.contraelcancer.es\/islas-baleares\/wp-content\/uploads\/sites\/12\/2024\/11\/15-100x75.png 100w, https:\/\/congresos.contraelcancer.es\/islas-baleares\/wp-content\/uploads\/sites\/12\/2024\/11\/15-480x360.png 480w\" sizes=\"(max-width:767px) 480px, (max-width:1024px) 100vw, 1024px\" \/><\/a>\n\t\t\t\t<\/dt><\/div><\/dl><dl class='gallery-item'  data-title='16' data-description=''><div class='gallery-item-wrapper'>\n\t\t\t\t<dt class='gallery-icon landscape'>\n\t\t\t\t\t<a href='https:\/\/congresos.contraelcancer.es\/islas-baleares\/wp-content\/uploads\/sites\/12\/2024\/11\/16.png'><img loading=\"lazy\" decoding=\"async\" width=\"1024\" height=\"768\" src=\"https:\/\/congresos.contraelcancer.es\/islas-baleares\/wp-content\/uploads\/sites\/12\/2024\/11\/16-1024x768.png\" class=\"attachment-large size-large\" alt=\"\" srcset=\"https:\/\/congresos.contraelcancer.es\/islas-baleares\/wp-content\/uploads\/sites\/12\/2024\/11\/16-1024x768.png 1024w, https:\/\/congresos.contraelcancer.es\/islas-baleares\/wp-content\/uploads\/sites\/12\/2024\/11\/16-300x225.png 300w, https:\/\/congresos.contraelcancer.es\/islas-baleares\/wp-content\/uploads\/sites\/12\/2024\/11\/16-768x576.png 768w, https:\/\/congresos.contraelcancer.es\/islas-baleares\/wp-content\/uploads\/sites\/12\/2024\/11\/16-100x75.png 100w, https:\/\/congresos.contraelcancer.es\/islas-baleares\/wp-content\/uploads\/sites\/12\/2024\/11\/16-480x360.png 480w\" sizes=\"(max-width:767px) 480px, (max-width:1024px) 100vw, 1024px\" \/><\/a>\n\t\t\t\t<\/dt><\/div><\/dl><br style=\"clear: both\" \/><dl class='gallery-item'  data-title='17' data-description=''><div class='gallery-item-wrapper'>\n\t\t\t\t<dt class='gallery-icon landscape'>\n\t\t\t\t\t<a href='https:\/\/congresos.contraelcancer.es\/islas-baleares\/wp-content\/uploads\/sites\/12\/2024\/11\/17.png'><img loading=\"lazy\" decoding=\"async\" width=\"1024\" height=\"768\" src=\"https:\/\/congresos.contraelcancer.es\/islas-baleares\/wp-content\/uploads\/sites\/12\/2024\/11\/17-1024x768.png\" class=\"attachment-large size-large\" alt=\"\" srcset=\"https:\/\/congresos.contraelcancer.es\/islas-baleares\/wp-content\/uploads\/sites\/12\/2024\/11\/17-1024x768.png 1024w, https:\/\/congresos.contraelcancer.es\/islas-baleares\/wp-content\/uploads\/sites\/12\/2024\/11\/17-300x225.png 300w, https:\/\/congresos.contraelcancer.es\/islas-baleares\/wp-content\/uploads\/sites\/12\/2024\/11\/17-768x576.png 768w, https:\/\/congresos.contraelcancer.es\/islas-baleares\/wp-content\/uploads\/sites\/12\/2024\/11\/17-100x75.png 100w, https:\/\/congresos.contraelcancer.es\/islas-baleares\/wp-content\/uploads\/sites\/12\/2024\/11\/17-480x360.png 480w\" sizes=\"(max-width:767px) 480px, (max-width:1024px) 100vw, 1024px\" \/><\/a>\n\t\t\t\t<\/dt><\/div><\/dl><dl class='gallery-item'  data-title='18' data-description=''><div class='gallery-item-wrapper'>\n\t\t\t\t<dt class='gallery-icon landscape'>\n\t\t\t\t\t<a href='https:\/\/congresos.contraelcancer.es\/islas-baleares\/wp-content\/uploads\/sites\/12\/2024\/11\/18.png'><img loading=\"lazy\" decoding=\"async\" width=\"1024\" height=\"768\" src=\"https:\/\/congresos.contraelcancer.es\/islas-baleares\/wp-content\/uploads\/sites\/12\/2024\/11\/18-1024x768.png\" class=\"attachment-large size-large\" alt=\"\" srcset=\"https:\/\/congresos.contraelcancer.es\/islas-baleares\/wp-content\/uploads\/sites\/12\/2024\/11\/18-1024x768.png 1024w, https:\/\/congresos.contraelcancer.es\/islas-baleares\/wp-content\/uploads\/sites\/12\/2024\/11\/18-300x225.png 300w, https:\/\/congresos.contraelcancer.es\/islas-baleares\/wp-content\/uploads\/sites\/12\/2024\/11\/18-768x576.png 768w, https:\/\/congresos.contraelcancer.es\/islas-baleares\/wp-content\/uploads\/sites\/12\/2024\/11\/18-100x75.png 100w, https:\/\/congresos.contraelcancer.es\/islas-baleares\/wp-content\/uploads\/sites\/12\/2024\/11\/18-480x360.png 480w\" sizes=\"(max-width:767px) 480px, (max-width:1024px) 100vw, 1024px\" \/><\/a>\n\t\t\t\t<\/dt><\/div><\/dl><dl class='gallery-item'  data-title='19' data-description=''><div class='gallery-item-wrapper'>\n\t\t\t\t<dt class='gallery-icon landscape'>\n\t\t\t\t\t<a href='https:\/\/congresos.contraelcancer.es\/islas-baleares\/wp-content\/uploads\/sites\/12\/2024\/11\/19-1.png'><img loading=\"lazy\" decoding=\"async\" width=\"1024\" height=\"768\" src=\"https:\/\/congresos.contraelcancer.es\/islas-baleares\/wp-content\/uploads\/sites\/12\/2024\/11\/19-1-1024x768.png\" class=\"attachment-large size-large\" alt=\"\" srcset=\"https:\/\/congresos.contraelcancer.es\/islas-baleares\/wp-content\/uploads\/sites\/12\/2024\/11\/19-1-1024x768.png 1024w, https:\/\/congresos.contraelcancer.es\/islas-baleares\/wp-content\/uploads\/sites\/12\/2024\/11\/19-1-300x225.png 300w, https:\/\/congresos.contraelcancer.es\/islas-baleares\/wp-content\/uploads\/sites\/12\/2024\/11\/19-1-768x576.png 768w, https:\/\/congresos.contraelcancer.es\/islas-baleares\/wp-content\/uploads\/sites\/12\/2024\/11\/19-1-100x75.png 100w, https:\/\/congresos.contraelcancer.es\/islas-baleares\/wp-content\/uploads\/sites\/12\/2024\/11\/19-1-480x360.png 480w\" sizes=\"(max-width:767px) 480px, (max-width:1024px) 100vw, 1024px\" \/><\/a>\n\t\t\t\t<\/dt><\/div><\/dl><dl class='gallery-item'  data-title='20' data-description=''><div class='gallery-item-wrapper'>\n\t\t\t\t<dt class='gallery-icon landscape'>\n\t\t\t\t\t<a href='https:\/\/congresos.contraelcancer.es\/islas-baleares\/wp-content\/uploads\/sites\/12\/2024\/11\/20.png'><img loading=\"lazy\" decoding=\"async\" width=\"1024\" height=\"768\" src=\"https:\/\/congresos.contraelcancer.es\/islas-baleares\/wp-content\/uploads\/sites\/12\/2024\/11\/20-1024x768.png\" class=\"attachment-large size-large\" alt=\"\" srcset=\"https:\/\/congresos.contraelcancer.es\/islas-baleares\/wp-content\/uploads\/sites\/12\/2024\/11\/20-1024x768.png 1024w, https:\/\/congresos.contraelcancer.es\/islas-baleares\/wp-content\/uploads\/sites\/12\/2024\/11\/20-300x225.png 300w, https:\/\/congresos.contraelcancer.es\/islas-baleares\/wp-content\/uploads\/sites\/12\/2024\/11\/20-768x576.png 768w, https:\/\/congresos.contraelcancer.es\/islas-baleares\/wp-content\/uploads\/sites\/12\/2024\/11\/20-100x75.png 100w, https:\/\/congresos.contraelcancer.es\/islas-baleares\/wp-content\/uploads\/sites\/12\/2024\/11\/20-480x360.png 480w\" sizes=\"(max-width:767px) 480px, (max-width:1024px) 100vw, 1024px\" \/><\/a>\n\t\t\t\t<\/dt><\/div><\/dl><br style=\"clear: both\" \/>\n\t\t\t<\/div>\n\t\t\t\t<\/div>\n\t\t\t\t<\/div>\n\t\t\t\t\t<\/div>\n\t\t<\/div>\n\t\t\t\t\t<\/div>\n\t\t<\/section>\n\t\t\t\t<\/div>\n\t\t","protected":false},"excerpt":{"rendered":"<p>GALER\u00cdA CONGRESO 2024<\/p>\n","protected":false},"author":9,"featured_media":0,"parent":0,"menu_order":0,"comment_status":"closed","ping_status":"closed","template":"","meta":{"_acf_changed":false,"footnotes":""},"class_list":["post-1639","page","type-page","status-publish","hentry"],"acf":[],"yoast_head":"<!-- This site is optimized with the Yoast SEO Premium plugin v21.3 (Yoast SEO v27.4) - https:\/\/yoast.com\/product\/yoast-seo-premium-wordpress\/ -->\n<title>Galer\u00eda 2024 - Islas Baleares<\/title>\n<meta name=\"robots\" content=\"index, follow, max-snippet:-1, max-image-preview:large, max-video-preview:-1\" \/>\n<link rel=\"canonical\" href=\"https:\/\/congresos.contraelcancer.es\/islas-baleares\/galeria-2024\/\" \/>\n<meta property=\"og:locale\" content=\"es_ES\" \/>\n<meta property=\"og:type\" content=\"article\" \/>\n<meta property=\"og:title\" content=\"Galer\u00eda 2024\" \/>\n<meta property=\"og:description\" content=\"GALER\u00cdA CONGRESO 2024\" \/>\n<meta property=\"og:url\" content=\"https:\/\/congresos.contraelcancer.es\/islas-baleares\/galeria-2024\/\" \/>\n<meta property=\"og:site_name\" content=\"Islas Baleares\" \/>\n<meta property=\"article:modified_time\" content=\"2024-11-26T09:10:03+00:00\" \/>\n<meta property=\"og:image\" content=\"https:\/\/congresos.contraelcancer.es\/islas-baleares\/wp-content\/uploads\/sites\/12\/2024\/11\/4-1024x768.png\" \/>\n<meta name=\"twitter:card\" content=\"summary_large_image\" \/>\n<meta name=\"twitter:label1\" content=\"Tiempo de lectura\" \/>\n\t<meta name=\"twitter:data1\" content=\"9 minutos\" \/>\n<script type=\"application\/ld+json\" class=\"yoast-schema-graph\">{\"@context\":\"https:\\\/\\\/schema.org\",\"@graph\":[{\"@type\":\"WebPage\",\"@id\":\"https:\\\/\\\/congresos.contraelcancer.es\\\/islas-baleares\\\/galeria-2024\\\/\",\"url\":\"https:\\\/\\\/congresos.contraelcancer.es\\\/islas-baleares\\\/galeria-2024\\\/\",\"name\":\"Galer\u00eda 2024 - Islas Baleares\",\"isPartOf\":{\"@id\":\"https:\\\/\\\/congresos.contraelcancer.es\\\/islas-baleares\\\/#website\"},\"primaryImageOfPage\":{\"@id\":\"https:\\\/\\\/congresos.contraelcancer.es\\\/islas-baleares\\\/galeria-2024\\\/#primaryimage\"},\"image\":{\"@id\":\"https:\\\/\\\/congresos.contraelcancer.es\\\/islas-baleares\\\/galeria-2024\\\/#primaryimage\"},\"thumbnailUrl\":\"https:\\\/\\\/congresos.contraelcancer.es\\\/islas-baleares\\\/wp-content\\\/uploads\\\/sites\\\/12\\\/2024\\\/11\\\/4-1024x768.png\",\"datePublished\":\"2024-11-25T15:51:47+00:00\",\"dateModified\":\"2024-11-26T09:10:03+00:00\",\"breadcrumb\":{\"@id\":\"https:\\\/\\\/congresos.contraelcancer.es\\\/islas-baleares\\\/galeria-2024\\\/#breadcrumb\"},\"inLanguage\":\"es\",\"potentialAction\":[{\"@type\":\"ReadAction\",\"target\":[\"https:\\\/\\\/congresos.contraelcancer.es\\\/islas-baleares\\\/galeria-2024\\\/\"]}]},{\"@type\":\"ImageObject\",\"inLanguage\":\"es\",\"@id\":\"https:\\\/\\\/congresos.contraelcancer.es\\\/islas-baleares\\\/galeria-2024\\\/#primaryimage\",\"url\":\"https:\\\/\\\/congresos.contraelcancer.es\\\/islas-baleares\\\/wp-content\\\/uploads\\\/sites\\\/12\\\/2024\\\/11\\\/4.png\",\"contentUrl\":\"https:\\\/\\\/congresos.contraelcancer.es\\\/islas-baleares\\\/wp-content\\\/uploads\\\/sites\\\/12\\\/2024\\\/11\\\/4.png\",\"width\":1388,\"height\":1041},{\"@type\":\"BreadcrumbList\",\"@id\":\"https:\\\/\\\/congresos.contraelcancer.es\\\/islas-baleares\\\/galeria-2024\\\/#breadcrumb\",\"itemListElement\":[{\"@type\":\"ListItem\",\"position\":1,\"name\":\"Portada\",\"item\":\"https:\\\/\\\/congresos.contraelcancer.es\\\/islas-baleares\\\/\"},{\"@type\":\"ListItem\",\"position\":2,\"name\":\"Galer\u00eda 2024\"}]},{\"@type\":\"WebSite\",\"@id\":\"https:\\\/\\\/congresos.contraelcancer.es\\\/islas-baleares\\\/#website\",\"url\":\"https:\\\/\\\/congresos.contraelcancer.es\\\/islas-baleares\\\/\",\"name\":\"Islas Baleares\",\"description\":\"Asociaci\u00f3n espa\u00f1ola contra el c\u00e1ncer\",\"publisher\":{\"@id\":\"https:\\\/\\\/congresos.contraelcancer.es\\\/islas-baleares\\\/#organization\"},\"potentialAction\":[{\"@type\":\"SearchAction\",\"target\":{\"@type\":\"EntryPoint\",\"urlTemplate\":\"https:\\\/\\\/congresos.contraelcancer.es\\\/islas-baleares\\\/?s={search_term_string}\"},\"query-input\":{\"@type\":\"PropertyValueSpecification\",\"valueRequired\":true,\"valueName\":\"search_term_string\"}}],\"inLanguage\":\"es\"},{\"@type\":\"Organization\",\"@id\":\"https:\\\/\\\/congresos.contraelcancer.es\\\/islas-baleares\\\/#organization\",\"name\":\"Islas Baleares\",\"url\":\"https:\\\/\\\/congresos.contraelcancer.es\\\/islas-baleares\\\/\",\"logo\":{\"@type\":\"ImageObject\",\"inLanguage\":\"es\",\"@id\":\"https:\\\/\\\/congresos.contraelcancer.es\\\/islas-baleares\\\/#\\\/schema\\\/logo\\\/image\\\/\",\"url\":\"https:\\\/\\\/congresos.contraelcancer.es\\\/islas-baleares\\\/wp-content\\\/uploads\\\/sites\\\/12\\\/2023\\\/04\\\/cropped-AECC_logo-460px.png\",\"contentUrl\":\"https:\\\/\\\/congresos.contraelcancer.es\\\/islas-baleares\\\/wp-content\\\/uploads\\\/sites\\\/12\\\/2023\\\/04\\\/cropped-AECC_logo-460px.png\",\"width\":460,\"height\":145,\"caption\":\"Islas Baleares\"},\"image\":{\"@id\":\"https:\\\/\\\/congresos.contraelcancer.es\\\/islas-baleares\\\/#\\\/schema\\\/logo\\\/image\\\/\"}}]}<\/script>\n<!-- \/ Yoast SEO Premium plugin. -->","yoast_head_json":{"title":"Galer\u00eda 2024 - Islas Baleares","robots":{"index":"index","follow":"follow","max-snippet":"max-snippet:-1","max-image-preview":"max-image-preview:large","max-video-preview":"max-video-preview:-1"},"canonical":"https:\/\/congresos.contraelcancer.es\/islas-baleares\/galeria-2024\/","og_locale":"es_ES","og_type":"article","og_title":"Galer\u00eda 2024","og_description":"GALER\u00cdA CONGRESO 2024","og_url":"https:\/\/congresos.contraelcancer.es\/islas-baleares\/galeria-2024\/","og_site_name":"Islas Baleares","article_modified_time":"2024-11-26T09:10:03+00:00","og_image":[{"url":"https:\/\/congresos.contraelcancer.es\/islas-baleares\/wp-content\/uploads\/sites\/12\/2024\/11\/4-1024x768.png","type":"","width":"","height":""}],"twitter_card":"summary_large_image","twitter_misc":{"Tiempo de lectura":"9 minutos"},"schema":{"@context":"https:\/\/schema.org","@graph":[{"@type":"WebPage","@id":"https:\/\/congresos.contraelcancer.es\/islas-baleares\/galeria-2024\/","url":"https:\/\/congresos.contraelcancer.es\/islas-baleares\/galeria-2024\/","name":"Galer\u00eda 2024 - Islas Baleares","isPartOf":{"@id":"https:\/\/congresos.contraelcancer.es\/islas-baleares\/#website"},"primaryImageOfPage":{"@id":"https:\/\/congresos.contraelcancer.es\/islas-baleares\/galeria-2024\/#primaryimage"},"image":{"@id":"https:\/\/congresos.contraelcancer.es\/islas-baleares\/galeria-2024\/#primaryimage"},"thumbnailUrl":"https:\/\/congresos.contraelcancer.es\/islas-baleares\/wp-content\/uploads\/sites\/12\/2024\/11\/4-1024x768.png","datePublished":"2024-11-25T15:51:47+00:00","dateModified":"2024-11-26T09:10:03+00:00","breadcrumb":{"@id":"https:\/\/congresos.contraelcancer.es\/islas-baleares\/galeria-2024\/#breadcrumb"},"inLanguage":"es","potentialAction":[{"@type":"ReadAction","target":["https:\/\/congresos.contraelcancer.es\/islas-baleares\/galeria-2024\/"]}]},{"@type":"ImageObject","inLanguage":"es","@id":"https:\/\/congresos.contraelcancer.es\/islas-baleares\/galeria-2024\/#primaryimage","url":"https:\/\/congresos.contraelcancer.es\/islas-baleares\/wp-content\/uploads\/sites\/12\/2024\/11\/4.png","contentUrl":"https:\/\/congresos.contraelcancer.es\/islas-baleares\/wp-content\/uploads\/sites\/12\/2024\/11\/4.png","width":1388,"height":1041},{"@type":"BreadcrumbList","@id":"https:\/\/congresos.contraelcancer.es\/islas-baleares\/galeria-2024\/#breadcrumb","itemListElement":[{"@type":"ListItem","position":1,"name":"Portada","item":"https:\/\/congresos.contraelcancer.es\/islas-baleares\/"},{"@type":"ListItem","position":2,"name":"Galer\u00eda 2024"}]},{"@type":"WebSite","@id":"https:\/\/congresos.contraelcancer.es\/islas-baleares\/#website","url":"https:\/\/congresos.contraelcancer.es\/islas-baleares\/","name":"Islas Baleares","description":"Asociaci\u00f3n espa\u00f1ola contra el c\u00e1ncer","publisher":{"@id":"https:\/\/congresos.contraelcancer.es\/islas-baleares\/#organization"},"potentialAction":[{"@type":"SearchAction","target":{"@type":"EntryPoint","urlTemplate":"https:\/\/congresos.contraelcancer.es\/islas-baleares\/?s={search_term_string}"},"query-input":{"@type":"PropertyValueSpecification","valueRequired":true,"valueName":"search_term_string"}}],"inLanguage":"es"},{"@type":"Organization","@id":"https:\/\/congresos.contraelcancer.es\/islas-baleares\/#organization","name":"Islas Baleares","url":"https:\/\/congresos.contraelcancer.es\/islas-baleares\/","logo":{"@type":"ImageObject","inLanguage":"es","@id":"https:\/\/congresos.contraelcancer.es\/islas-baleares\/#\/schema\/logo\/image\/","url":"https:\/\/congresos.contraelcancer.es\/islas-baleares\/wp-content\/uploads\/sites\/12\/2023\/04\/cropped-AECC_logo-460px.png","contentUrl":"https:\/\/congresos.contraelcancer.es\/islas-baleares\/wp-content\/uploads\/sites\/12\/2023\/04\/cropped-AECC_logo-460px.png","width":460,"height":145,"caption":"Islas Baleares"},"image":{"@id":"https:\/\/congresos.contraelcancer.es\/islas-baleares\/#\/schema\/logo\/image\/"}}]}},"_links":{"self":[{"href":"https:\/\/congresos.contraelcancer.es\/islas-baleares\/wp-json\/wp\/v2\/pages\/1639","targetHints":{"allow":["GET"]}}],"collection":[{"href":"https:\/\/congresos.contraelcancer.es\/islas-baleares\/wp-json\/wp\/v2\/pages"}],"about":[{"href":"https:\/\/congresos.contraelcancer.es\/islas-baleares\/wp-json\/wp\/v2\/types\/page"}],"author":[{"embeddable":true,"href":"https:\/\/congresos.contraelcancer.es\/islas-baleares\/wp-json\/wp\/v2\/users\/9"}],"replies":[{"embeddable":true,"href":"https:\/\/congresos.contraelcancer.es\/islas-baleares\/wp-json\/wp\/v2\/comments?post=1639"}],"version-history":[{"count":7,"href":"https:\/\/congresos.contraelcancer.es\/islas-baleares\/wp-json\/wp\/v2\/pages\/1639\/revisions"}],"predecessor-version":[{"id":1811,"href":"https:\/\/congresos.contraelcancer.es\/islas-baleares\/wp-json\/wp\/v2\/pages\/1639\/revisions\/1811"}],"wp:attachment":[{"href":"https:\/\/congresos.contraelcancer.es\/islas-baleares\/wp-json\/wp\/v2\/media?parent=1639"}],"curies":[{"name":"wp","href":"https:\/\/api.w.org\/{rel}","templated":true}]}}