{"id":1599,"date":"2024-11-25T16:26:05","date_gmt":"2024-11-25T15:26:05","guid":{"rendered":"https:\/\/congresos.contraelcancer.es\/islas-baleares\/?page_id=1599"},"modified":"2024-12-02T17:27:26","modified_gmt":"2024-12-02T16:27:26","slug":"post-evento-2024","status":"publish","type":"page","link":"https:\/\/congresos.contraelcancer.es\/islas-baleares\/","title":{"rendered":"Post Evento 2024"},"content":{"rendered":"\t\t<div data-elementor-type=\"wp-page\" data-elementor-id=\"1599\" class=\"elementor elementor-1599\" data-elementor-post-type=\"page\">\n\t\t\t\t\t\t<section class=\"elementor-section elementor-top-section elementor-element elementor-element-a8ba847 elementor-section-full_width elementor-section-height-default elementor-section-height-default\" data-id=\"a8ba847\" data-element_type=\"section\" data-e-type=\"section\" data-settings=\"{&quot;background_background&quot;:&quot;classic&quot;}\">\n\t\t\t\t\t\t<div class=\"elementor-container elementor-column-gap-default\">\n\t\t\t\t\t<div class=\"elementor-column elementor-col-100 elementor-top-column elementor-element elementor-element-31a8790\" data-id=\"31a8790\" data-element_type=\"column\" data-e-type=\"column\" data-settings=\"{&quot;background_background&quot;:&quot;classic&quot;}\">\n\t\t\t<div class=\"elementor-widget-wrap elementor-element-populated\">\n\t\t\t\t\t\t<section class=\"elementor-section elementor-inner-section elementor-element elementor-element-b072885 elementor-section-boxed elementor-section-height-default elementor-section-height-default\" data-id=\"b072885\" data-element_type=\"section\" data-e-type=\"section\">\n\t\t\t\t\t\t<div class=\"elementor-container elementor-column-gap-default\">\n\t\t\t\t\t<div class=\"elementor-column elementor-col-50 elementor-inner-column elementor-element elementor-element-558f7ba\" data-id=\"558f7ba\" data-element_type=\"column\" data-e-type=\"column\" data-settings=\"{&quot;background_background&quot;:&quot;gradient&quot;}\">\n\t\t\t<div class=\"elementor-widget-wrap elementor-element-populated\">\n\t\t\t\t\t\t<div class=\"elementor-element elementor-element-2022998 elementor-invisible elementor-widget elementor-widget-heading\" data-id=\"2022998\" data-element_type=\"widget\" data-e-type=\"widget\" data-settings=\"{&quot;_animation&quot;:&quot;fadeInLeft&quot;}\" data-widget_type=\"heading.default\">\n\t\t\t\t\t<h3 class=\"elementor-heading-title elementor-size-default\">23 DE NOVIEMBRE DE 2024<\/h3>\t\t\t\t<\/div>\n\t\t\t\t<div class=\"elementor-element elementor-element-7ff3e61 elementor-invisible elementor-widget elementor-widget-heading\" data-id=\"7ff3e61\" data-element_type=\"widget\" data-e-type=\"widget\" data-settings=\"{&quot;_animation&quot;:&quot;fadeInLeft&quot;}\" data-widget_type=\"heading.default\">\n\t\t\t\t\t<h1 class=\"elementor-heading-title elementor-size-default\">IV Congreso de Personas con C\u00e1ncer y Familiares en Illes Balears<\/h1>\t\t\t\t<\/div>\n\t\t\t\t<div class=\"elementor-element elementor-element-39fc10c elementor-position-inline-start elementor-mobile-position-inline-start elementor-view-default elementor-invisible elementor-widget elementor-widget-icon-box\" data-id=\"39fc10c\" data-element_type=\"widget\" data-e-type=\"widget\" data-settings=\"{&quot;_animation&quot;:&quot;fadeInLeft&quot;}\" data-widget_type=\"icon-box.default\">\n\t\t\t\t\t\t\t<div class=\"elementor-icon-box-wrapper\">\n\n\t\t\t\t\t\t<div class=\"elementor-icon-box-icon\">\n\t\t\t\t<span  class=\"elementor-icon\">\n\t\t\t\t<svg xmlns=\"http:\/\/www.w3.org\/2000\/svg\" xmlns:xlink=\"http:\/\/www.w3.org\/1999\/xlink\" id=\"Capa_1\" x=\"0px\" y=\"0px\" viewBox=\"0 0 40 40\" style=\"enable-background:new 0 0 40 40;\" xml:space=\"preserve\"><style type=\"text\/css\">\t.st0{fill:#001955;stroke:#001955;stroke-width:1.6327;stroke-linecap:round;stroke-linejoin:round;}<\/style><path class=\"st0\" d=\"M30.6,6.1C27.8,3.2,24,1.7,20,1.7S12.2,3.2,9.4,6.1C6.6,8.9,5,12.7,5,16.7c0,11.7,15,21.7,15,21.7 s15-10,15-21.7C35,12.7,33.4,8.9,30.6,6.1z M20,21.7c-2.8,0-5-2.2-5-5s2.2-5,5-5s5,2.2,5,5S22.8,21.7,20,21.7z\"><\/path><\/svg>\t\t\t\t<\/span>\n\t\t\t<\/div>\n\t\t\t\n\t\t\t\t\t\t<div class=\"elementor-icon-box-content\">\n\n\t\t\t\t\t\t\t\t\t<p class=\"elementor-icon-box-title\">\n\t\t\t\t\t\t<span  >\n\t\t\t\t\t\t\tRafa Nadal Academy by Movistar.<br>Manacor (Mallorca)\u00a0\t\t\t\t\t\t<\/span>\n\t\t\t\t\t<\/p>\n\t\t\t\t\n\t\t\t\t\n\t\t\t<\/div>\n\t\t\t\n\t\t<\/div>\n\t\t\t\t\t\t<\/div>\n\t\t\t\t\t<\/div>\n\t\t<\/div>\n\t\t\t\t<div class=\"elementor-column elementor-col-50 elementor-inner-column elementor-element elementor-element-aab15dd\" data-id=\"aab15dd\" data-element_type=\"column\" data-e-type=\"column\">\n\t\t\t<div class=\"elementor-widget-wrap\">\n\t\t\t\t\t\t\t<\/div>\n\t\t<\/div>\n\t\t\t\t\t<\/div>\n\t\t<\/section>\n\t\t\t\t\t<\/div>\n\t\t<\/div>\n\t\t\t\t\t<\/div>\n\t\t<\/section>\n\t\t\t\t<section class=\"elementor-section elementor-top-section elementor-element elementor-element-65684f7 elementor-section-stretched elementor-section-boxed elementor-section-height-default elementor-section-height-default\" data-id=\"65684f7\" data-element_type=\"section\" data-e-type=\"section\" data-settings=\"{&quot;stretch_section&quot;:&quot;section-stretched&quot;,&quot;background_background&quot;:&quot;classic&quot;}\">\n\t\t\t\t\t\t<div class=\"elementor-container elementor-column-gap-default\">\n\t\t\t\t\t<div class=\"elementor-column elementor-col-100 elementor-top-column elementor-element elementor-element-3b225e5\" data-id=\"3b225e5\" data-element_type=\"column\" data-e-type=\"column\">\n\t\t\t<div class=\"elementor-widget-wrap elementor-element-populated\">\n\t\t\t\t\t\t<div class=\"elementor-element elementor-element-92ba139 elementor-position-inline-start elementor-mobile-position-inline-start elementor-widget__width-auto elementor-view-default elementor-widget elementor-widget-icon-box\" data-id=\"92ba139\" data-element_type=\"widget\" data-e-type=\"widget\" data-widget_type=\"icon-box.default\">\n\t\t\t\t\t\t\t<div class=\"elementor-icon-box-wrapper\">\n\n\t\t\t\t\t\t<div class=\"elementor-icon-box-icon\">\n\t\t\t\t<span  class=\"elementor-icon\">\n\t\t\t\t<svg xmlns=\"http:\/\/www.w3.org\/2000\/svg\" xmlns:xlink=\"http:\/\/www.w3.org\/1999\/xlink\" id=\"Capa_1\" x=\"0px\" y=\"0px\" viewBox=\"0 0 39 39\" style=\"enable-background:new 0 0 39 39;\" xml:space=\"preserve\"><style type=\"text\/css\">\t.st0{fill:#001955;}<\/style><path class=\"st0\" d=\"M28.2,35.7c-6.6,0-13-2.6-17.7-7.3c-4.7-4.7-7.3-11-7.3-17.7c0-2,0.8-3.9,2.2-5.3s3.3-2.2,5.3-2.2 c0.4,0,0.8,0,1.2,0.1c0.4,0.1,0.8,0.2,1.2,0.3c0.3,0.1,0.5,0.3,0.7,0.5c0.2,0.2,0.3,0.5,0.4,0.7l2.2,9.7c0.1,0.3,0.1,0.5,0,0.8 c-0.1,0.3-0.2,0.5-0.4,0.7c-0.2,0.2-0.2,0.2-2.2,1.3c1.6,3.5,4.4,6.3,7.9,7.9c1.1-2,1.1-2,1.3-2.2c0.2-0.2,0.4-0.3,0.7-0.4 c0.3-0.1,0.5-0.1,0.8,0l9.7,2.2c0.3,0.1,0.5,0.2,0.7,0.4c0.2,0.2,0.4,0.4,0.4,0.7c0.1,0.4,0.2,0.8,0.3,1.2c0.1,0.4,0.1,0.8,0.1,1.2 c0,2-0.8,3.9-2.2,5.2C32.1,35,30.2,35.7,28.2,35.7z\"><\/path><\/svg>\t\t\t\t<\/span>\n\t\t\t<\/div>\n\t\t\t\n\t\t\t\t\t\t<div class=\"elementor-icon-box-content\">\n\n\t\t\t\t\t\t\t\t\t<p class=\"elementor-icon-box-title\">\n\t\t\t\t\t\t<span  >\n\t\t\t\t\t\t\t900 100 036\t\t\t\t\t\t<\/span>\n\t\t\t\t\t<\/p>\n\t\t\t\t\n\t\t\t\t\n\t\t\t<\/div>\n\t\t\t\n\t\t<\/div>\n\t\t\t\t\t\t<\/div>\n\t\t\t\t<div class=\"elementor-element elementor-element-50c8e7f elementor-position-inline-start elementor-mobile-position-inline-start elementor-widget__width-auto elementor-view-default elementor-widget elementor-widget-icon-box\" data-id=\"50c8e7f\" data-element_type=\"widget\" data-e-type=\"widget\" data-widget_type=\"icon-box.default\">\n\t\t\t\t\t\t\t<div class=\"elementor-icon-box-wrapper\">\n\n\t\t\t\t\t\t<div class=\"elementor-icon-box-icon\">\n\t\t\t\t<span  class=\"elementor-icon\">\n\t\t\t\t<svg xmlns=\"http:\/\/www.w3.org\/2000\/svg\" xmlns:xlink=\"http:\/\/www.w3.org\/1999\/xlink\" id=\"Capa_1\" x=\"0px\" y=\"0px\" viewBox=\"0 0 39 31\" style=\"enable-background:new 0 0 39 31;\" xml:space=\"preserve\"><style type=\"text\/css\">\t.st0{fill:#001955;}<\/style><path class=\"st0\" d=\"M7.1,0C3.7,0,0.9,2.8,0.9,6.2v0.6l18.6,10l18.6-10V6.2c0-3.4-2.8-6.2-6.2-6.2H7.1z\"><\/path><path class=\"st0\" d=\"M38.1,10.4L20.3,20c-0.5,0.2-1,0.2-1.5,0L0.9,10.4v14.4c0,3.4,2.8,6.2,6.2,6.2h24.8c3.4,0,6.2-2.8,6.2-6.2V10.4 z\"><\/path><\/svg>\t\t\t\t<\/span>\n\t\t\t<\/div>\n\t\t\t\n\t\t\t\t\t\t<div class=\"elementor-icon-box-content\">\n\n\t\t\t\t\t\t\t\t\t<p class=\"elementor-icon-box-title\">\n\t\t\t\t\t\t<span  >\n\t\t\t\t\t\t\tbaleares@contraelcancer.es\t\t\t\t\t\t<\/span>\n\t\t\t\t\t<\/p>\n\t\t\t\t\n\t\t\t\t\n\t\t\t<\/div>\n\t\t\t\n\t\t<\/div>\n\t\t\t\t\t\t<\/div>\n\t\t\t\t\t<\/div>\n\t\t<\/div>\n\t\t\t\t\t<\/div>\n\t\t<\/section>\n\t\t\t\t<section class=\"elementor-section elementor-top-section elementor-element elementor-element-7e3c30c6 elementor-section-content-middle elementor-section-boxed elementor-section-height-default elementor-section-height-default\" data-id=\"7e3c30c6\" data-element_type=\"section\" data-e-type=\"section\">\n\t\t\t\t\t\t<div class=\"elementor-container elementor-column-gap-default\">\n\t\t\t\t\t<div class=\"elementor-column elementor-col-100 elementor-top-column elementor-element elementor-element-7027f729\" data-id=\"7027f729\" data-element_type=\"column\" data-e-type=\"column\">\n\t\t\t<div class=\"elementor-widget-wrap elementor-element-populated\">\n\t\t\t\t\t\t<div class=\"elementor-element elementor-element-7cc1070d elementor-widget elementor-widget-heading\" data-id=\"7cc1070d\" data-element_type=\"widget\" data-e-type=\"widget\" data-widget_type=\"heading.default\">\n\t\t\t\t\t<h3 class=\"elementor-heading-title elementor-size-default\">Un espacio \u00fanico para compartir, aprender y conocer.<\/h3>\t\t\t\t<\/div>\n\t\t\t\t<div class=\"elementor-element elementor-element-60e4cb5a elementor-widget elementor-widget-text-editor\" data-id=\"60e4cb5a\" data-element_type=\"widget\" data-e-type=\"widget\" data-widget_type=\"text-editor.default\">\n\t\t\t\t\t\t\t\t\t<p style=\"text-align: center\">Durante el Congreso, que colg\u00f3 el cartel de aforo completo, se escucharon testimonios conmovedores, diversos expertos debatieron sobre prevenci\u00f3n e investigaci\u00f3n y en los talleres los participantes pudieron ahondar sobre c\u00f3mo superar los obst\u00e1culos que presenta el diagn\u00f3stico. Pero, sobre todo, el encuentro brind\u00f3 la oportunidad de conectar a personas que comparten experiencias y dar visibilidad a los aspectos relacionados con la vivencia de la enfermedad, adem\u00e1s de recabar informaci\u00f3n veraz.&nbsp;<\/p>\t\t\t\t\t\t\t\t<\/div>\n\t\t\t\t\t<\/div>\n\t\t<\/div>\n\t\t\t\t\t<\/div>\n\t\t<\/section>\n\t\t\t\t<section class=\"elementor-section elementor-top-section elementor-element elementor-element-2d6a0934 elementor-section-content-middle elementor-section-boxed elementor-section-height-default elementor-section-height-default\" data-id=\"2d6a0934\" data-element_type=\"section\" data-e-type=\"section\" data-settings=\"{&quot;background_background&quot;:&quot;classic&quot;}\">\n\t\t\t\t\t\t<div class=\"elementor-container elementor-column-gap-default\">\n\t\t\t\t\t<div class=\"elementor-column elementor-col-50 elementor-top-column elementor-element elementor-element-25b4c3e7\" data-id=\"25b4c3e7\" data-element_type=\"column\" data-e-type=\"column\">\n\t\t\t<div class=\"elementor-widget-wrap elementor-element-populated\">\n\t\t\t\t\t\t<div class=\"elementor-element elementor-element-2c22061d elementor-invisible elementor-widget elementor-widget-heading\" data-id=\"2c22061d\" data-element_type=\"widget\" data-e-type=\"widget\" data-settings=\"{&quot;_animation&quot;:&quot;slideInLeft&quot;}\" data-widget_type=\"heading.default\">\n\t\t\t\t\t<h2 class=\"elementor-heading-title elementor-size-default\">Resumen del congreso 2024 en Islas Baleares<\/h2>\t\t\t\t<\/div>\n\t\t\t\t\t<\/div>\n\t\t<\/div>\n\t\t\t\t<div class=\"elementor-column elementor-col-50 elementor-top-column elementor-element elementor-element-4043ad7b\" data-id=\"4043ad7b\" data-element_type=\"column\" data-e-type=\"column\">\n\t\t\t<div class=\"elementor-widget-wrap elementor-element-populated\">\n\t\t\t\t\t\t<div class=\"elementor-element elementor-element-47480e13 elementor-invisible elementor-widget elementor-widget-video\" data-id=\"47480e13\" data-element_type=\"widget\" data-e-type=\"widget\" data-settings=\"{&quot;youtube_url&quot;:&quot;https:\\\/\\\/www.youtube.com\\\/watch?v=3lSKMlDVywU&quot;,&quot;show_image_overlay&quot;:&quot;yes&quot;,&quot;image_overlay&quot;:{&quot;url&quot;:&quot;https:\\\/\\\/congresos.contraelcancer.es\\\/islas-baleares\\\/wp-content\\\/uploads\\\/sites\\\/12\\\/2024\\\/12\\\/Video-Resumen-Valencia.png&quot;,&quot;id&quot;:&quot;2218&quot;,&quot;size&quot;:&quot;&quot;,&quot;alt&quot;:&quot;&quot;,&quot;source&quot;:&quot;library&quot;},&quot;_animation&quot;:&quot;fadeIn&quot;,&quot;video_type&quot;:&quot;youtube&quot;,&quot;controls&quot;:&quot;yes&quot;}\" data-widget_type=\"video.default\">\n\t\t\t\t\t\t\t<div class=\"elementor-wrapper elementor-open-inline\">\n\t\t\t<div class=\"elementor-video\"><\/div>\t\t\t\t<div class=\"elementor-custom-embed-image-overlay\" style=\"background-image: url(https:\/\/congresos.contraelcancer.es\/islas-baleares\/wp-content\/uploads\/sites\/12\/2024\/12\/Video-Resumen-Valencia.png);\">\n\t\t\t\t\t\t\t\t\t\t\t\t\t\t<\/div>\n\t\t\t\t\t<\/div>\n\t\t\t\t\t\t<\/div>\n\t\t\t\t\t<\/div>\n\t\t<\/div>\n\t\t\t\t\t<\/div>\n\t\t<\/section>\n\t\t\t\t<section class=\"elementor-section elementor-top-section elementor-element elementor-element-16a633bb elementor-section-full_width elementor-section-height-default elementor-section-height-default\" data-id=\"16a633bb\" data-element_type=\"section\" data-e-type=\"section\">\n\t\t\t\t\t\t<div class=\"elementor-container elementor-column-gap-default\">\n\t\t\t\t\t<div class=\"elementor-column elementor-col-100 elementor-top-column elementor-element elementor-element-2df1cb86\" data-id=\"2df1cb86\" data-element_type=\"column\" data-e-type=\"column\">\n\t\t\t<div class=\"elementor-widget-wrap elementor-element-populated\">\n\t\t\t\t\t\t<div class=\"elementor-element elementor-element-55f01dc1 elementor-invisible elementor-widget elementor-widget-heading\" data-id=\"55f01dc1\" data-element_type=\"widget\" data-e-type=\"widget\" data-settings=\"{&quot;_animation&quot;:&quot;zoomIn&quot;}\" data-widget_type=\"heading.default\">\n\t\t\t\t\t<h3 class=\"elementor-heading-title elementor-size-default\">GALER\u00cdA DE FOTOS<\/h3>\t\t\t\t<\/div>\n\t\t\t\t<div class=\"elementor-element elementor-element-731f3685 galeria elementor-skin-carousel elementor-arrows-yes elementor-widget elementor-widget-media-carousel\" data-id=\"731f3685\" data-element_type=\"widget\" data-e-type=\"widget\" data-settings=\"{&quot;space_between&quot;:{&quot;unit&quot;:&quot;px&quot;,&quot;size&quot;:&quot;20&quot;,&quot;sizes&quot;:[]},&quot;skin&quot;:&quot;carousel&quot;,&quot;effect&quot;:&quot;slide&quot;,&quot;show_arrows&quot;:&quot;yes&quot;,&quot;speed&quot;:500,&quot;autoplay&quot;:&quot;yes&quot;,&quot;autoplay_speed&quot;:5000,&quot;loop&quot;:&quot;yes&quot;,&quot;pause_on_hover&quot;:&quot;yes&quot;,&quot;pause_on_interaction&quot;:&quot;yes&quot;,&quot;space_between_tablet&quot;:{&quot;unit&quot;:&quot;px&quot;,&quot;size&quot;:10,&quot;sizes&quot;:[]},&quot;space_between_mobile&quot;:{&quot;unit&quot;:&quot;px&quot;,&quot;size&quot;:10,&quot;sizes&quot;:[]}}\" data-widget_type=\"media-carousel.default\">\n\t\t\t\t\t\t\t\t\t\t<div class=\"elementor-main-swiper swiper\" role=\"region\" aria-roledescription=\"carousel\" aria-label=\"Diapositivas\">\n\t\t\t\t<div class=\"swiper-wrapper\">\n\t\t\t\t\t\t\t\t\t\t\t<div class=\"swiper-slide\" role=\"group\" aria-roledescription=\"slide\">\n\t\t\t\t\t\t\t\t\t<div class=\"elementor-carousel-image\" role=\"img\" aria-label=\"8\" style=\"background-image: url(&#039;https:\/\/congresos.contraelcancer.es\/islas-baleares\/wp-content\/uploads\/sites\/12\/2024\/11\/8.png&#039;)\">\n\n\t\t\t\n\t\t\t\t\t<\/div>\n\t\t\t\t\t\t\t\t<\/div>\n\t\t\t\t\t\t\t\t\t\t\t<div class=\"swiper-slide\" role=\"group\" aria-roledescription=\"slide\">\n\t\t\t\t\t\t\t\t\t<div class=\"elementor-carousel-image\" role=\"img\" aria-label=\"19\" style=\"background-image: url(&#039;https:\/\/congresos.contraelcancer.es\/islas-baleares\/wp-content\/uploads\/sites\/12\/2024\/11\/19.png&#039;)\">\n\n\t\t\t\n\t\t\t\t\t<\/div>\n\t\t\t\t\t\t\t\t<\/div>\n\t\t\t\t\t\t\t\t\t\t\t<div class=\"swiper-slide\" role=\"group\" aria-roledescription=\"slide\">\n\t\t\t\t\t\t\t\t\t<div class=\"elementor-carousel-image\" role=\"img\" aria-label=\"28\" style=\"background-image: url(&#039;https:\/\/congresos.contraelcancer.es\/islas-baleares\/wp-content\/uploads\/sites\/12\/2024\/11\/28.png&#039;)\">\n\n\t\t\t\n\t\t\t\t\t<\/div>\n\t\t\t\t\t\t\t\t<\/div>\n\t\t\t\t\t\t\t\t\t\t\t<div class=\"swiper-slide\" role=\"group\" aria-roledescription=\"slide\">\n\t\t\t\t\t\t\t\t\t<div class=\"elementor-carousel-image\" role=\"img\" aria-label=\"17 (1)\" style=\"background-image: url(&#039;https:\/\/congresos.contraelcancer.es\/islas-baleares\/wp-content\/uploads\/sites\/12\/2024\/11\/17-1.png&#039;)\">\n\n\t\t\t\n\t\t\t\t\t<\/div>\n\t\t\t\t\t\t\t\t<\/div>\n\t\t\t\t\t\t\t\t\t<\/div>\n\t\t\t\t\t\t\t\t\t\t\t\t\t\t\t<div class=\"elementor-swiper-button elementor-swiper-button-prev\" role=\"button\" tabindex=\"0\" aria-label=\"Anterior\">\n\t\t\t\t\t\t\t<svg aria-hidden=\"true\" class=\"e-font-icon-svg e-eicon-chevron-left\" viewBox=\"0 0 1000 1000\" xmlns=\"http:\/\/www.w3.org\/2000\/svg\"><path d=\"M646 125C629 125 613 133 604 142L308 442C296 454 292 471 292 487 292 504 296 521 308 533L604 854C617 867 629 875 646 875 663 875 679 871 692 858 704 846 713 829 713 812 713 796 708 779 692 767L438 487 692 225C700 217 708 204 708 187 708 171 704 154 692 142 675 129 663 125 646 125Z\"><\/path><\/svg>\t\t\t\t\t\t<\/div>\n\t\t\t\t\t\t<div class=\"elementor-swiper-button elementor-swiper-button-next\" role=\"button\" tabindex=\"0\" aria-label=\"Siguiente\">\n\t\t\t\t\t\t\t<svg aria-hidden=\"true\" class=\"e-font-icon-svg e-eicon-chevron-right\" viewBox=\"0 0 1000 1000\" xmlns=\"http:\/\/www.w3.org\/2000\/svg\"><path d=\"M696 533C708 521 713 504 713 487 713 471 708 454 696 446L400 146C388 133 375 125 354 125 338 125 325 129 313 142 300 154 292 171 292 187 292 204 296 221 308 233L563 492 304 771C292 783 288 800 288 817 288 833 296 850 308 863 321 871 338 875 354 875 371 875 388 867 400 854L696 533Z\"><\/path><\/svg>\t\t\t\t\t\t<\/div>\n\t\t\t\t\t\t\t\t\t\t\t\t\t\t\t\t\t<\/div>\n\t\t\t\t\t\t\t\t<\/div>\n\t\t\t\t<div class=\"elementor-element elementor-element-d44de34 elementor-align-center elementor-widget elementor-widget-button\" data-id=\"d44de34\" data-element_type=\"widget\" data-e-type=\"widget\" data-widget_type=\"button.default\">\n\t\t\t\t\t\t\t\t\t\t<a class=\"elementor-button elementor-button-link elementor-size-sm\" href=\"https:\/\/congresos.contraelcancer.es\/islas-baleares\/galeria-2024\/\" target=\"_blank\">\n\t\t\t\t\t\t<span class=\"elementor-button-content-wrapper\">\n\t\t\t\t\t\t\t\t\t<span class=\"elementor-button-text\">GALER\u00cdA COMPLETA<\/span>\n\t\t\t\t\t<\/span>\n\t\t\t\t\t<\/a>\n\t\t\t\t\t\t\t\t<\/div>\n\t\t\t\t\t<\/div>\n\t\t<\/div>\n\t\t\t\t\t<\/div>\n\t\t<\/section>\n\t\t\t\t<section class=\"elementor-section elementor-top-section elementor-element elementor-element-31878191 elementor-section-content-middle elementor-section-boxed elementor-section-height-default elementor-section-height-default\" data-id=\"31878191\" data-element_type=\"section\" data-e-type=\"section\" data-settings=\"{&quot;background_background&quot;:&quot;classic&quot;}\">\n\t\t\t\t\t\t<div class=\"elementor-container elementor-column-gap-default\">\n\t\t\t\t\t<div class=\"elementor-column elementor-col-50 elementor-top-column elementor-element elementor-element-7317d391\" data-id=\"7317d391\" data-element_type=\"column\" data-e-type=\"column\">\n\t\t\t<div class=\"elementor-widget-wrap elementor-element-populated\">\n\t\t\t\t\t\t<div class=\"elementor-element elementor-element-7fe416e9 elementor-invisible elementor-widget elementor-widget-heading\" data-id=\"7fe416e9\" data-element_type=\"widget\" data-e-type=\"widget\" data-settings=\"{&quot;_animation&quot;:&quot;slideInLeft&quot;}\" data-widget_type=\"heading.default\">\n\t\t\t\t\t<h2 class=\"elementor-heading-title elementor-size-default\">Jornada de Ma\u00f1ana <\/h2>\t\t\t\t<\/div>\n\t\t\t\t\t<\/div>\n\t\t<\/div>\n\t\t\t\t<div class=\"elementor-column elementor-col-50 elementor-top-column elementor-element elementor-element-51fb5782\" data-id=\"51fb5782\" data-element_type=\"column\" data-e-type=\"column\">\n\t\t\t<div class=\"elementor-widget-wrap elementor-element-populated\">\n\t\t\t\t\t\t<div class=\"elementor-element elementor-element-1856908a elementor-invisible elementor-widget elementor-widget-video\" data-id=\"1856908a\" data-element_type=\"widget\" data-e-type=\"widget\" data-settings=\"{&quot;youtube_url&quot;:&quot;https:\\\/\\\/www.youtube.com\\\/live\\\/Jsvn_dr0Qg8?si=cliL562F9VryeqoT&quot;,&quot;show_image_overlay&quot;:&quot;yes&quot;,&quot;image_overlay&quot;:{&quot;url&quot;:&quot;https:\\\/\\\/congresos.contraelcancer.es\\\/islas-baleares\\\/wp-content\\\/uploads\\\/sites\\\/12\\\/2024\\\/12\\\/1.png&quot;,&quot;id&quot;:&quot;2246&quot;,&quot;size&quot;:&quot;&quot;,&quot;alt&quot;:&quot;&quot;,&quot;source&quot;:&quot;library&quot;},&quot;_animation&quot;:&quot;fadeIn&quot;,&quot;video_type&quot;:&quot;youtube&quot;,&quot;controls&quot;:&quot;yes&quot;}\" data-widget_type=\"video.default\">\n\t\t\t\t\t\t\t<div class=\"elementor-wrapper elementor-open-inline\">\n\t\t\t<div class=\"elementor-video\"><\/div>\t\t\t\t<div class=\"elementor-custom-embed-image-overlay\" style=\"background-image: url(https:\/\/congresos.contraelcancer.es\/islas-baleares\/wp-content\/uploads\/sites\/12\/2024\/12\/1.png);\">\n\t\t\t\t\t\t\t\t\t\t\t\t\t\t<\/div>\n\t\t\t\t\t<\/div>\n\t\t\t\t\t\t<\/div>\n\t\t\t\t\t<\/div>\n\t\t<\/div>\n\t\t\t\t\t<\/div>\n\t\t<\/section>\n\t\t\t\t<section class=\"elementor-section elementor-top-section elementor-element elementor-element-e45c0b8 elementor-section-content-middle elementor-reverse-mobile elementor-section-boxed elementor-section-height-default elementor-section-height-default\" data-id=\"e45c0b8\" data-element_type=\"section\" data-e-type=\"section\" data-settings=\"{&quot;background_background&quot;:&quot;classic&quot;}\">\n\t\t\t\t\t\t<div class=\"elementor-container elementor-column-gap-default\">\n\t\t\t\t\t<div class=\"elementor-column elementor-col-50 elementor-top-column elementor-element elementor-element-7324fa0\" data-id=\"7324fa0\" data-element_type=\"column\" data-e-type=\"column\">\n\t\t\t<div class=\"elementor-widget-wrap elementor-element-populated\">\n\t\t\t\t\t\t<div class=\"elementor-element elementor-element-745accb elementor-invisible elementor-widget elementor-widget-video\" data-id=\"745accb\" data-element_type=\"widget\" data-e-type=\"widget\" data-settings=\"{&quot;youtube_url&quot;:&quot;https:\\\/\\\/www.youtube.com\\\/live\\\/Jsvn_dr0Qg8?si=xHwbOWC5wAzLlioZ&quot;,&quot;show_image_overlay&quot;:&quot;yes&quot;,&quot;image_overlay&quot;:{&quot;url&quot;:&quot;https:\\\/\\\/congresos.contraelcancer.es\\\/islas-baleares\\\/wp-content\\\/uploads\\\/sites\\\/12\\\/2024\\\/12\\\/Youtube-Cris.png&quot;,&quot;id&quot;:&quot;2239&quot;,&quot;size&quot;:&quot;&quot;,&quot;alt&quot;:&quot;&quot;,&quot;source&quot;:&quot;library&quot;},&quot;_animation&quot;:&quot;fadeIn&quot;,&quot;video_type&quot;:&quot;youtube&quot;,&quot;controls&quot;:&quot;yes&quot;}\" data-widget_type=\"video.default\">\n\t\t\t\t\t\t\t<div class=\"elementor-wrapper elementor-open-inline\">\n\t\t\t<div class=\"elementor-video\"><\/div>\t\t\t\t<div class=\"elementor-custom-embed-image-overlay\" style=\"background-image: url(https:\/\/congresos.contraelcancer.es\/islas-baleares\/wp-content\/uploads\/sites\/12\/2024\/12\/Youtube-Cris.png);\">\n\t\t\t\t\t\t\t\t\t\t\t\t\t\t<\/div>\n\t\t\t\t\t<\/div>\n\t\t\t\t\t\t<\/div>\n\t\t\t\t\t<\/div>\n\t\t<\/div>\n\t\t\t\t<div class=\"elementor-column elementor-col-50 elementor-top-column elementor-element elementor-element-8361e90\" data-id=\"8361e90\" data-element_type=\"column\" data-e-type=\"column\">\n\t\t\t<div class=\"elementor-widget-wrap elementor-element-populated\">\n\t\t\t\t\t\t<div class=\"elementor-element elementor-element-f2ad8d2 elementor-invisible elementor-widget elementor-widget-heading\" data-id=\"f2ad8d2\" data-element_type=\"widget\" data-e-type=\"widget\" data-settings=\"{&quot;_animation&quot;:&quot;slideInLeft&quot;}\" data-widget_type=\"heading.default\">\n\t\t\t\t\t<h2 class=\"elementor-heading-title elementor-size-default\">Jornada de Tarde <\/h2>\t\t\t\t<\/div>\n\t\t\t\t\t<\/div>\n\t\t<\/div>\n\t\t\t\t\t<\/div>\n\t\t<\/section>\n\t\t\t\t<section class=\"elementor-section elementor-top-section elementor-element elementor-element-e5b691a elementor-section-boxed elementor-section-height-default elementor-section-height-default\" data-id=\"e5b691a\" data-element_type=\"section\" data-e-type=\"section\" data-settings=\"{&quot;background_background&quot;:&quot;classic&quot;}\">\n\t\t\t\t\t\t<div class=\"elementor-container elementor-column-gap-default\">\n\t\t\t\t\t<div class=\"elementor-column elementor-col-100 elementor-top-column elementor-element elementor-element-bfa3730\" data-id=\"bfa3730\" data-element_type=\"column\" data-e-type=\"column\">\n\t\t\t<div class=\"elementor-widget-wrap elementor-element-populated\">\n\t\t\t\t\t\t<div class=\"elementor-element elementor-element-e023663 elementor-invisible elementor-widget elementor-widget-heading\" data-id=\"e023663\" data-element_type=\"widget\" data-e-type=\"widget\" data-settings=\"{&quot;_animation&quot;:&quot;zoomIn&quot;}\" data-widget_type=\"heading.default\">\n\t\t\t\t\t<h3 class=\"elementor-heading-title elementor-size-default\">QUI\u00c9N NOS AYUDA<\/h3>\t\t\t\t<\/div>\n\t\t\t\t<div class=\"elementor-element elementor-element-667fe44 elementor-invisible elementor-widget elementor-widget-heading\" data-id=\"667fe44\" data-element_type=\"widget\" data-e-type=\"widget\" data-settings=\"{&quot;_animation&quot;:&quot;zoomIn&quot;}\" data-widget_type=\"heading.default\">\n\t\t\t\t\t<h3 class=\"elementor-heading-title elementor-size-default\">Nuestros patrocinadores<\/h3>\t\t\t\t<\/div>\n\t\t\t\t<div class=\"elementor-element elementor-element-37573a6 elementor-widget__width-initial elementor-widget elementor-widget-image\" data-id=\"37573a6\" data-element_type=\"widget\" data-e-type=\"widget\" data-widget_type=\"image.default\">\n\t\t\t\t\t\t\t\t\t\t\t\t\t\t\t<img fetchpriority=\"high\" decoding=\"async\" width=\"1000\" height=\"300\" src=\"https:\/\/congresos.contraelcancer.es\/islas-baleares\/wp-content\/uploads\/sites\/12\/2024\/10\/Bloque_VS4_Patrocinadores_Congreso_Pacientes_Familiares_IB_2024_1000X300px.png\" class=\"attachment-large size-large wp-image-1484\" alt=\"\" srcset=\"https:\/\/congresos.contraelcancer.es\/islas-baleares\/wp-content\/uploads\/sites\/12\/2024\/10\/Bloque_VS4_Patrocinadores_Congreso_Pacientes_Familiares_IB_2024_1000X300px.png 1000w, https:\/\/congresos.contraelcancer.es\/islas-baleares\/wp-content\/uploads\/sites\/12\/2024\/10\/Bloque_VS4_Patrocinadores_Congreso_Pacientes_Familiares_IB_2024_1000X300px-300x90.png 300w, https:\/\/congresos.contraelcancer.es\/islas-baleares\/wp-content\/uploads\/sites\/12\/2024\/10\/Bloque_VS4_Patrocinadores_Congreso_Pacientes_Familiares_IB_2024_1000X300px-768x230.png 768w, https:\/\/congresos.contraelcancer.es\/islas-baleares\/wp-content\/uploads\/sites\/12\/2024\/10\/Bloque_VS4_Patrocinadores_Congreso_Pacientes_Familiares_IB_2024_1000X300px-150x45.png 150w, https:\/\/congresos.contraelcancer.es\/islas-baleares\/wp-content\/uploads\/sites\/12\/2024\/10\/Bloque_VS4_Patrocinadores_Congreso_Pacientes_Familiares_IB_2024_1000X300px-480x144.png 480w\" sizes=\"(max-width:767px) 480px, (max-width:1000px) 100vw, 1000px\" \/>\t\t\t\t\t\t\t\t\t\t\t\t\t\t\t<\/div>\n\t\t\t\t\t<\/div>\n\t\t<\/div>\n\t\t\t\t\t<\/div>\n\t\t<\/section>\n\t\t\t\t<section class=\"elementor-section elementor-top-section elementor-element elementor-element-018b716 elementor-section-boxed elementor-section-height-default elementor-section-height-default\" data-id=\"018b716\" data-element_type=\"section\" data-e-type=\"section\">\n\t\t\t\t\t\t<div class=\"elementor-container elementor-column-gap-default\">\n\t\t\t\t\t<div class=\"elementor-column elementor-col-100 elementor-top-column elementor-element elementor-element-2c5c79d\" data-id=\"2c5c79d\" data-element_type=\"column\" data-e-type=\"column\">\n\t\t\t<div class=\"elementor-widget-wrap\">\n\t\t\t\t\t\t\t<\/div>\n\t\t<\/div>\n\t\t\t\t\t<\/div>\n\t\t<\/section>\n\t\t\t\t<\/div>\n\t\t","protected":false},"excerpt":{"rendered":"<p>23 DE NOVIEMBRE DE 2024 IV Congreso de Personas con C\u00e1ncer y Familiares en Illes Balears .st0{fill:#001955;stroke:#001955;stroke-width:1.6327;stroke-linecap:round;stroke-linejoin:round;} Rafa Nadal Academy by Movistar.Manacor (Mallorca)\u00a0 .st0{fill:#001955;} 900 100<span class=\"excerpt-hellip\"> [\u2026]<\/span><\/p>\n","protected":false},"author":9,"featured_media":1874,"parent":0,"menu_order":0,"comment_status":"closed","ping_status":"closed","template":"elementor_header_footer","meta":{"_acf_changed":false,"footnotes":""},"class_list":["post-1599","page","type-page","status-publish","has-post-thumbnail","hentry"],"acf":[],"yoast_head":"<!-- This site is optimized with the Yoast SEO Premium plugin v21.3 (Yoast SEO v27.4) - https:\/\/yoast.com\/product\/yoast-seo-premium-wordpress\/ -->\n<title>Post Evento 2024 - Islas Baleares<\/title>\n<meta name=\"description\" content=\"\u00a1No te pierdas la galer\u00eda y v\u00eddeos del IV Congreso de personas con C\u00e1ncer y Familiares en Illes Balears!\" \/>\n<meta name=\"robots\" content=\"index, follow, max-snippet:-1, max-image-preview:large, max-video-preview:-1\" \/>\n<link rel=\"canonical\" href=\"https:\/\/congresos.contraelcancer.es\/islas-baleares\/\" \/>\n<meta property=\"og:locale\" content=\"es_ES\" \/>\n<meta property=\"og:type\" content=\"article\" \/>\n<meta property=\"og:title\" content=\"Post Evento 2024\" \/>\n<meta property=\"og:description\" content=\"\u00a1No te pierdas la galer\u00eda y v\u00eddeos del IV Congreso de personas con C\u00e1ncer y Familiares en Illes Balears!\" \/>\n<meta property=\"og:url\" content=\"https:\/\/congresos.contraelcancer.es\/islas-baleares\/\" \/>\n<meta property=\"og:site_name\" content=\"Islas Baleares\" \/>\n<meta property=\"article:modified_time\" content=\"2024-12-02T16:27:26+00:00\" \/>\n<meta property=\"og:image\" content=\"https:\/\/congresos.contraelcancer.es\/islas-baleares\/wp-content\/uploads\/sites\/12\/2024\/11\/IMAGEN-POST-CONGRESO.png\" \/>\n\t<meta property=\"og:image:width\" content=\"1080\" \/>\n\t<meta property=\"og:image:height\" content=\"1080\" \/>\n\t<meta property=\"og:image:type\" content=\"image\/png\" \/>\n<meta name=\"twitter:card\" content=\"summary_large_image\" \/>\n<meta name=\"twitter:image\" content=\"https:\/\/congresos.contraelcancer.es\/islas-baleares\/wp-content\/uploads\/sites\/12\/2024\/11\/IMAGEN-POST-CONGRESO-TW.png\" \/>\n<meta name=\"twitter:label1\" content=\"Tiempo de lectura\" \/>\n\t<meta name=\"twitter:data1\" content=\"1 minuto\" \/>\n<script type=\"application\/ld+json\" class=\"yoast-schema-graph\">{\"@context\":\"https:\\\/\\\/schema.org\",\"@graph\":[{\"@type\":\"WebPage\",\"@id\":\"https:\\\/\\\/congresos.contraelcancer.es\\\/islas-baleares\\\/\",\"url\":\"https:\\\/\\\/congresos.contraelcancer.es\\\/islas-baleares\\\/\",\"name\":\"Post Evento 2024 - Islas Baleares\",\"isPartOf\":{\"@id\":\"https:\\\/\\\/congresos.contraelcancer.es\\\/islas-baleares\\\/#website\"},\"primaryImageOfPage\":{\"@id\":\"https:\\\/\\\/congresos.contraelcancer.es\\\/islas-baleares\\\/#primaryimage\"},\"image\":{\"@id\":\"https:\\\/\\\/congresos.contraelcancer.es\\\/islas-baleares\\\/#primaryimage\"},\"thumbnailUrl\":\"https:\\\/\\\/congresos.contraelcancer.es\\\/islas-baleares\\\/wp-content\\\/uploads\\\/sites\\\/12\\\/2024\\\/11\\\/IMAGEN-POST-CONGRESO.png\",\"datePublished\":\"2024-11-25T15:26:05+00:00\",\"dateModified\":\"2024-12-02T16:27:26+00:00\",\"description\":\"\u00a1No te pierdas la galer\u00eda y v\u00eddeos del IV Congreso de personas con C\u00e1ncer y Familiares en Illes Balears!\",\"breadcrumb\":{\"@id\":\"https:\\\/\\\/congresos.contraelcancer.es\\\/islas-baleares\\\/#breadcrumb\"},\"inLanguage\":\"es\",\"potentialAction\":[{\"@type\":\"ReadAction\",\"target\":[\"https:\\\/\\\/congresos.contraelcancer.es\\\/islas-baleares\\\/\"]}]},{\"@type\":\"ImageObject\",\"inLanguage\":\"es\",\"@id\":\"https:\\\/\\\/congresos.contraelcancer.es\\\/islas-baleares\\\/#primaryimage\",\"url\":\"https:\\\/\\\/congresos.contraelcancer.es\\\/islas-baleares\\\/wp-content\\\/uploads\\\/sites\\\/12\\\/2024\\\/11\\\/IMAGEN-POST-CONGRESO.png\",\"contentUrl\":\"https:\\\/\\\/congresos.contraelcancer.es\\\/islas-baleares\\\/wp-content\\\/uploads\\\/sites\\\/12\\\/2024\\\/11\\\/IMAGEN-POST-CONGRESO.png\",\"width\":1080,\"height\":1080},{\"@type\":\"BreadcrumbList\",\"@id\":\"https:\\\/\\\/congresos.contraelcancer.es\\\/islas-baleares\\\/#breadcrumb\",\"itemListElement\":[{\"@type\":\"ListItem\",\"position\":1,\"name\":\"Portada\",\"item\":\"https:\\\/\\\/congresos.contraelcancer.es\\\/islas-baleares\\\/\"},{\"@type\":\"ListItem\",\"position\":2,\"name\":\"Post Evento 2024\"}]},{\"@type\":\"WebSite\",\"@id\":\"https:\\\/\\\/congresos.contraelcancer.es\\\/islas-baleares\\\/#website\",\"url\":\"https:\\\/\\\/congresos.contraelcancer.es\\\/islas-baleares\\\/\",\"name\":\"Islas Baleares\",\"description\":\"Asociaci\u00f3n espa\u00f1ola contra el c\u00e1ncer\",\"publisher\":{\"@id\":\"https:\\\/\\\/congresos.contraelcancer.es\\\/islas-baleares\\\/#organization\"},\"potentialAction\":[{\"@type\":\"SearchAction\",\"target\":{\"@type\":\"EntryPoint\",\"urlTemplate\":\"https:\\\/\\\/congresos.contraelcancer.es\\\/islas-baleares\\\/?s={search_term_string}\"},\"query-input\":{\"@type\":\"PropertyValueSpecification\",\"valueRequired\":true,\"valueName\":\"search_term_string\"}}],\"inLanguage\":\"es\"},{\"@type\":\"Organization\",\"@id\":\"https:\\\/\\\/congresos.contraelcancer.es\\\/islas-baleares\\\/#organization\",\"name\":\"Islas Baleares\",\"url\":\"https:\\\/\\\/congresos.contraelcancer.es\\\/islas-baleares\\\/\",\"logo\":{\"@type\":\"ImageObject\",\"inLanguage\":\"es\",\"@id\":\"https:\\\/\\\/congresos.contraelcancer.es\\\/islas-baleares\\\/#\\\/schema\\\/logo\\\/image\\\/\",\"url\":\"https:\\\/\\\/congresos.contraelcancer.es\\\/islas-baleares\\\/wp-content\\\/uploads\\\/sites\\\/12\\\/2023\\\/04\\\/cropped-AECC_logo-460px.png\",\"contentUrl\":\"https:\\\/\\\/congresos.contraelcancer.es\\\/islas-baleares\\\/wp-content\\\/uploads\\\/sites\\\/12\\\/2023\\\/04\\\/cropped-AECC_logo-460px.png\",\"width\":460,\"height\":145,\"caption\":\"Islas Baleares\"},\"image\":{\"@id\":\"https:\\\/\\\/congresos.contraelcancer.es\\\/islas-baleares\\\/#\\\/schema\\\/logo\\\/image\\\/\"}}]}<\/script>\n<!-- \/ Yoast SEO Premium plugin. -->","yoast_head_json":{"title":"Post Evento 2024 - Islas Baleares","description":"\u00a1No te pierdas la galer\u00eda y v\u00eddeos del IV Congreso de personas con C\u00e1ncer y Familiares en Illes Balears!","robots":{"index":"index","follow":"follow","max-snippet":"max-snippet:-1","max-image-preview":"max-image-preview:large","max-video-preview":"max-video-preview:-1"},"canonical":"https:\/\/congresos.contraelcancer.es\/islas-baleares\/","og_locale":"es_ES","og_type":"article","og_title":"Post Evento 2024","og_description":"\u00a1No te pierdas la galer\u00eda y v\u00eddeos del IV Congreso de personas con C\u00e1ncer y Familiares en Illes Balears!","og_url":"https:\/\/congresos.contraelcancer.es\/islas-baleares\/","og_site_name":"Islas Baleares","article_modified_time":"2024-12-02T16:27:26+00:00","og_image":[{"width":1080,"height":1080,"url":"https:\/\/congresos.contraelcancer.es\/islas-baleares\/wp-content\/uploads\/sites\/12\/2024\/11\/IMAGEN-POST-CONGRESO.png","type":"image\/png"}],"twitter_card":"summary_large_image","twitter_image":"https:\/\/congresos.contraelcancer.es\/islas-baleares\/wp-content\/uploads\/sites\/12\/2024\/11\/IMAGEN-POST-CONGRESO-TW.png","twitter_misc":{"Tiempo de lectura":"1 minuto"},"schema":{"@context":"https:\/\/schema.org","@graph":[{"@type":"WebPage","@id":"https:\/\/congresos.contraelcancer.es\/islas-baleares\/","url":"https:\/\/congresos.contraelcancer.es\/islas-baleares\/","name":"Post Evento 2024 - Islas Baleares","isPartOf":{"@id":"https:\/\/congresos.contraelcancer.es\/islas-baleares\/#website"},"primaryImageOfPage":{"@id":"https:\/\/congresos.contraelcancer.es\/islas-baleares\/#primaryimage"},"image":{"@id":"https:\/\/congresos.contraelcancer.es\/islas-baleares\/#primaryimage"},"thumbnailUrl":"https:\/\/congresos.contraelcancer.es\/islas-baleares\/wp-content\/uploads\/sites\/12\/2024\/11\/IMAGEN-POST-CONGRESO.png","datePublished":"2024-11-25T15:26:05+00:00","dateModified":"2024-12-02T16:27:26+00:00","description":"\u00a1No te pierdas la galer\u00eda y v\u00eddeos del IV Congreso de personas con C\u00e1ncer y Familiares en Illes Balears!","breadcrumb":{"@id":"https:\/\/congresos.contraelcancer.es\/islas-baleares\/#breadcrumb"},"inLanguage":"es","potentialAction":[{"@type":"ReadAction","target":["https:\/\/congresos.contraelcancer.es\/islas-baleares\/"]}]},{"@type":"ImageObject","inLanguage":"es","@id":"https:\/\/congresos.contraelcancer.es\/islas-baleares\/#primaryimage","url":"https:\/\/congresos.contraelcancer.es\/islas-baleares\/wp-content\/uploads\/sites\/12\/2024\/11\/IMAGEN-POST-CONGRESO.png","contentUrl":"https:\/\/congresos.contraelcancer.es\/islas-baleares\/wp-content\/uploads\/sites\/12\/2024\/11\/IMAGEN-POST-CONGRESO.png","width":1080,"height":1080},{"@type":"BreadcrumbList","@id":"https:\/\/congresos.contraelcancer.es\/islas-baleares\/#breadcrumb","itemListElement":[{"@type":"ListItem","position":1,"name":"Portada","item":"https:\/\/congresos.contraelcancer.es\/islas-baleares\/"},{"@type":"ListItem","position":2,"name":"Post Evento 2024"}]},{"@type":"WebSite","@id":"https:\/\/congresos.contraelcancer.es\/islas-baleares\/#website","url":"https:\/\/congresos.contraelcancer.es\/islas-baleares\/","name":"Islas Baleares","description":"Asociaci\u00f3n espa\u00f1ola contra el c\u00e1ncer","publisher":{"@id":"https:\/\/congresos.contraelcancer.es\/islas-baleares\/#organization"},"potentialAction":[{"@type":"SearchAction","target":{"@type":"EntryPoint","urlTemplate":"https:\/\/congresos.contraelcancer.es\/islas-baleares\/?s={search_term_string}"},"query-input":{"@type":"PropertyValueSpecification","valueRequired":true,"valueName":"search_term_string"}}],"inLanguage":"es"},{"@type":"Organization","@id":"https:\/\/congresos.contraelcancer.es\/islas-baleares\/#organization","name":"Islas Baleares","url":"https:\/\/congresos.contraelcancer.es\/islas-baleares\/","logo":{"@type":"ImageObject","inLanguage":"es","@id":"https:\/\/congresos.contraelcancer.es\/islas-baleares\/#\/schema\/logo\/image\/","url":"https:\/\/congresos.contraelcancer.es\/islas-baleares\/wp-content\/uploads\/sites\/12\/2023\/04\/cropped-AECC_logo-460px.png","contentUrl":"https:\/\/congresos.contraelcancer.es\/islas-baleares\/wp-content\/uploads\/sites\/12\/2023\/04\/cropped-AECC_logo-460px.png","width":460,"height":145,"caption":"Islas Baleares"},"image":{"@id":"https:\/\/congresos.contraelcancer.es\/islas-baleares\/#\/schema\/logo\/image\/"}}]}},"_links":{"self":[{"href":"https:\/\/congresos.contraelcancer.es\/islas-baleares\/wp-json\/wp\/v2\/pages\/1599","targetHints":{"allow":["GET"]}}],"collection":[{"href":"https:\/\/congresos.contraelcancer.es\/islas-baleares\/wp-json\/wp\/v2\/pages"}],"about":[{"href":"https:\/\/congresos.contraelcancer.es\/islas-baleares\/wp-json\/wp\/v2\/types\/page"}],"author":[{"embeddable":true,"href":"https:\/\/congresos.contraelcancer.es\/islas-baleares\/wp-json\/wp\/v2\/users\/9"}],"replies":[{"embeddable":true,"href":"https:\/\/congresos.contraelcancer.es\/islas-baleares\/wp-json\/wp\/v2\/comments?post=1599"}],"version-history":[{"count":91,"href":"https:\/\/congresos.contraelcancer.es\/islas-baleares\/wp-json\/wp\/v2\/pages\/1599\/revisions"}],"predecessor-version":[{"id":2252,"href":"https:\/\/congresos.contraelcancer.es\/islas-baleares\/wp-json\/wp\/v2\/pages\/1599\/revisions\/2252"}],"wp:featuredmedia":[{"embeddable":true,"href":"https:\/\/congresos.contraelcancer.es\/islas-baleares\/wp-json\/wp\/v2\/media\/1874"}],"wp:attachment":[{"href":"https:\/\/congresos.contraelcancer.es\/islas-baleares\/wp-json\/wp\/v2\/media?parent=1599"}],"curies":[{"name":"wp","href":"https:\/\/api.w.org\/{rel}","templated":true}]}}