{"id":3810,"date":"2026-02-18T11:15:50","date_gmt":"2026-02-18T10:15:50","guid":{"rendered":"https:\/\/congresos.contraelcancer.es\/extremadura\/?page_id=3810"},"modified":"2026-02-18T14:13:45","modified_gmt":"2026-02-18T13:13:45","slug":"galeria-congreso-2026","status":"publish","type":"page","link":"https:\/\/congresos.contraelcancer.es\/extremadura\/galeria-congreso-2026\/","title":{"rendered":"Galer\u00eda Congreso 2026"},"content":{"rendered":"\t\t<div data-elementor-type=\"wp-page\" data-elementor-id=\"3810\" class=\"elementor elementor-3810\" data-elementor-post-type=\"page\">\n\t\t\t\t\t\t<section class=\"elementor-section elementor-top-section elementor-element elementor-element-5caec3e0 elementor-section-boxed elementor-section-height-default elementor-section-height-default\" data-id=\"5caec3e0\" data-element_type=\"section\" data-e-type=\"section\">\n\t\t\t\t\t\t<div class=\"elementor-container elementor-column-gap-default\">\n\t\t\t\t\t<div class=\"elementor-column elementor-col-100 elementor-top-column elementor-element elementor-element-5cabe866\" data-id=\"5cabe866\" data-element_type=\"column\" data-e-type=\"column\">\n\t\t\t<div class=\"elementor-widget-wrap elementor-element-populated\">\n\t\t\t\t\t\t<div class=\"elementor-element elementor-element-3e6f0fb1 elementor-invisible elementor-widget elementor-widget-heading\" data-id=\"3e6f0fb1\" data-element_type=\"widget\" data-e-type=\"widget\" data-settings=\"{&quot;_animation&quot;:&quot;zoomIn&quot;}\" data-widget_type=\"heading.default\">\n\t\t\t\t\t<h3 class=\"elementor-heading-title elementor-size-default\">VIII Congreso Extreme\u00f1o de Personas con C\u00e1ncer y Familiares<\/h3>\t\t\t\t<\/div>\n\t\t\t\t\t<\/div>\n\t\t<\/div>\n\t\t\t\t\t<\/div>\n\t\t<\/section>\n\t\t\t\t<section class=\"elementor-section elementor-top-section elementor-element elementor-element-7b51998c elementor-section-boxed elementor-section-height-default elementor-section-height-default\" data-id=\"7b51998c\" data-element_type=\"section\" data-e-type=\"section\">\n\t\t\t\t\t\t<div class=\"elementor-container elementor-column-gap-default\">\n\t\t\t\t\t<div class=\"elementor-column elementor-col-100 elementor-top-column elementor-element elementor-element-17240924\" data-id=\"17240924\" data-element_type=\"column\" data-e-type=\"column\">\n\t\t\t<div class=\"elementor-widget-wrap elementor-element-populated\">\n\t\t\t\t\t\t<div class=\"elementor-element elementor-element-4d4a5cd4 elementor-widget elementor-widget-mfn_gallery\" data-id=\"4d4a5cd4\" data-element_type=\"widget\" data-e-type=\"widget\" data-widget_type=\"mfn_gallery.default\">\n\t\t\t\t<div class=\"elementor-widget-container\">\n\t\t\t\t\t\n\t\t\t<style type='text\/css'>\n\t\t\t\t#sc_gallery-1 {\n\t\t\t\t\tmargin: auto;\n\t\t\t\t}\n\t\t\t\t#sc_gallery-1 .gallery-item {\n\t\t\t\t\tfloat: left;\n\t\t\t\t\ttext-align: center;\n\t\t\t\t\twidth: 24.99%;\n\t\t\t\t}\n\t\t\t\t#sc_gallery-1 img {\n\t\t\t\t\tborder: 2px solid #cfcfcf;\n\t\t\t\t}\n\t\t\t\t\/* see sc_gallery() in functions\/theme-shortcodes.php *\/\n\t\t\t<\/style>\n\t\t<div id='sc_gallery-1' class='gallery galleryid-3810 gallery-columns-4 gallery-size-large file element_classes masonry'><dl class='gallery-item'  data-title='_V6A5594 copia' data-description=''><div class='gallery-item-wrapper'>\n\t\t\t\t<dt class='gallery-icon portrait'>\n\t\t\t\t\t<a href='https:\/\/congresos.contraelcancer.es\/extremadura\/wp-content\/uploads\/sites\/4\/2026\/02\/V6A5594-copia-scaled.jpg'><img fetchpriority=\"high\" decoding=\"async\" width=\"683\" height=\"1024\" src=\"https:\/\/congresos.contraelcancer.es\/extremadura\/wp-content\/uploads\/sites\/4\/2026\/02\/V6A5594-copia-683x1024.jpg\" class=\"attachment-large size-large\" alt=\"\" srcset=\"https:\/\/congresos.contraelcancer.es\/extremadura\/wp-content\/uploads\/sites\/4\/2026\/02\/V6A5594-copia-683x1024.jpg 683w, https:\/\/congresos.contraelcancer.es\/extremadura\/wp-content\/uploads\/sites\/4\/2026\/02\/V6A5594-copia-200x300.jpg 200w, https:\/\/congresos.contraelcancer.es\/extremadura\/wp-content\/uploads\/sites\/4\/2026\/02\/V6A5594-copia-50x75.jpg 50w, https:\/\/congresos.contraelcancer.es\/extremadura\/wp-content\/uploads\/sites\/4\/2026\/02\/V6A5594-copia-480x720.jpg 480w\" sizes=\"(max-width:767px) 480px, 683px\" \/><\/a>\n\t\t\t\t<\/dt><\/div><\/dl><dl class='gallery-item'  data-title='_V6A5600 copia' data-description=''><div class='gallery-item-wrapper'>\n\t\t\t\t<dt class='gallery-icon landscape'>\n\t\t\t\t\t<a href='https:\/\/congresos.contraelcancer.es\/extremadura\/wp-content\/uploads\/sites\/4\/2026\/02\/V6A5600-copia-scaled.jpg'><img decoding=\"async\" width=\"1024\" height=\"683\" src=\"https:\/\/congresos.contraelcancer.es\/extremadura\/wp-content\/uploads\/sites\/4\/2026\/02\/V6A5600-copia-1024x683.jpg\" class=\"attachment-large size-large\" alt=\"\" srcset=\"https:\/\/congresos.contraelcancer.es\/extremadura\/wp-content\/uploads\/sites\/4\/2026\/02\/V6A5600-copia-1024x683.jpg 1024w, https:\/\/congresos.contraelcancer.es\/extremadura\/wp-content\/uploads\/sites\/4\/2026\/02\/V6A5600-copia-300x200.jpg 300w, https:\/\/congresos.contraelcancer.es\/extremadura\/wp-content\/uploads\/sites\/4\/2026\/02\/V6A5600-copia-768x512.jpg 768w, https:\/\/congresos.contraelcancer.es\/extremadura\/wp-content\/uploads\/sites\/4\/2026\/02\/V6A5600-copia-113x75.jpg 113w, https:\/\/congresos.contraelcancer.es\/extremadura\/wp-content\/uploads\/sites\/4\/2026\/02\/V6A5600-copia-480x320.jpg 480w\" sizes=\"(max-width:767px) 480px, (max-width:1024px) 100vw, 1024px\" \/><\/a>\n\t\t\t\t<\/dt><\/div><\/dl><dl class='gallery-item'  data-title='_V6A5610 copia' data-description=''><div class='gallery-item-wrapper'>\n\t\t\t\t<dt class='gallery-icon landscape'>\n\t\t\t\t\t<a href='https:\/\/congresos.contraelcancer.es\/extremadura\/wp-content\/uploads\/sites\/4\/2026\/02\/V6A5610-copia-scaled.jpg'><img decoding=\"async\" width=\"1024\" height=\"683\" src=\"https:\/\/congresos.contraelcancer.es\/extremadura\/wp-content\/uploads\/sites\/4\/2026\/02\/V6A5610-copia-1024x683.jpg\" class=\"attachment-large size-large\" alt=\"\" srcset=\"https:\/\/congresos.contraelcancer.es\/extremadura\/wp-content\/uploads\/sites\/4\/2026\/02\/V6A5610-copia-1024x683.jpg 1024w, https:\/\/congresos.contraelcancer.es\/extremadura\/wp-content\/uploads\/sites\/4\/2026\/02\/V6A5610-copia-300x200.jpg 300w, https:\/\/congresos.contraelcancer.es\/extremadura\/wp-content\/uploads\/sites\/4\/2026\/02\/V6A5610-copia-768x512.jpg 768w, https:\/\/congresos.contraelcancer.es\/extremadura\/wp-content\/uploads\/sites\/4\/2026\/02\/V6A5610-copia-113x75.jpg 113w, https:\/\/congresos.contraelcancer.es\/extremadura\/wp-content\/uploads\/sites\/4\/2026\/02\/V6A5610-copia-480x320.jpg 480w\" sizes=\"(max-width:767px) 480px, (max-width:1024px) 100vw, 1024px\" \/><\/a>\n\t\t\t\t<\/dt><\/div><\/dl><dl class='gallery-item'  data-title='_V6A5612 copia' data-description=''><div class='gallery-item-wrapper'>\n\t\t\t\t<dt class='gallery-icon landscape'>\n\t\t\t\t\t<a href='https:\/\/congresos.contraelcancer.es\/extremadura\/wp-content\/uploads\/sites\/4\/2026\/02\/V6A5612-copia-scaled.jpg'><img loading=\"lazy\" decoding=\"async\" width=\"1024\" height=\"819\" src=\"https:\/\/congresos.contraelcancer.es\/extremadura\/wp-content\/uploads\/sites\/4\/2026\/02\/V6A5612-copia-1024x819.jpg\" class=\"attachment-large size-large\" alt=\"\" srcset=\"https:\/\/congresos.contraelcancer.es\/extremadura\/wp-content\/uploads\/sites\/4\/2026\/02\/V6A5612-copia-1024x819.jpg 1024w, https:\/\/congresos.contraelcancer.es\/extremadura\/wp-content\/uploads\/sites\/4\/2026\/02\/V6A5612-copia-300x240.jpg 300w, https:\/\/congresos.contraelcancer.es\/extremadura\/wp-content\/uploads\/sites\/4\/2026\/02\/V6A5612-copia-768x615.jpg 768w, https:\/\/congresos.contraelcancer.es\/extremadura\/wp-content\/uploads\/sites\/4\/2026\/02\/V6A5612-copia-94x75.jpg 94w, https:\/\/congresos.contraelcancer.es\/extremadura\/wp-content\/uploads\/sites\/4\/2026\/02\/V6A5612-copia-480x384.jpg 480w\" sizes=\"(max-width:767px) 480px, (max-width:1024px) 100vw, 1024px\" \/><\/a>\n\t\t\t\t<\/dt><\/div><\/dl><br style=\"clear: both\" \/><dl class='gallery-item'  data-title='_V6A5613 copia' data-description=''><div class='gallery-item-wrapper'>\n\t\t\t\t<dt class='gallery-icon landscape'>\n\t\t\t\t\t<a href='https:\/\/congresos.contraelcancer.es\/extremadura\/wp-content\/uploads\/sites\/4\/2026\/02\/V6A5613-copia-scaled.jpg'><img loading=\"lazy\" decoding=\"async\" width=\"1024\" height=\"683\" src=\"https:\/\/congresos.contraelcancer.es\/extremadura\/wp-content\/uploads\/sites\/4\/2026\/02\/V6A5613-copia-1024x683.jpg\" class=\"attachment-large size-large\" alt=\"\" srcset=\"https:\/\/congresos.contraelcancer.es\/extremadura\/wp-content\/uploads\/sites\/4\/2026\/02\/V6A5613-copia-1024x683.jpg 1024w, https:\/\/congresos.contraelcancer.es\/extremadura\/wp-content\/uploads\/sites\/4\/2026\/02\/V6A5613-copia-300x200.jpg 300w, https:\/\/congresos.contraelcancer.es\/extremadura\/wp-content\/uploads\/sites\/4\/2026\/02\/V6A5613-copia-768x512.jpg 768w, https:\/\/congresos.contraelcancer.es\/extremadura\/wp-content\/uploads\/sites\/4\/2026\/02\/V6A5613-copia-113x75.jpg 113w, https:\/\/congresos.contraelcancer.es\/extremadura\/wp-content\/uploads\/sites\/4\/2026\/02\/V6A5613-copia-480x320.jpg 480w\" sizes=\"(max-width:767px) 480px, (max-width:1024px) 100vw, 1024px\" \/><\/a>\n\t\t\t\t<\/dt><\/div><\/dl><dl class='gallery-item'  data-title='_V6A5618 copia' data-description=''><div class='gallery-item-wrapper'>\n\t\t\t\t<dt class='gallery-icon landscape'>\n\t\t\t\t\t<a href='https:\/\/congresos.contraelcancer.es\/extremadura\/wp-content\/uploads\/sites\/4\/2026\/02\/V6A5618-copia-scaled.jpg'><img loading=\"lazy\" decoding=\"async\" width=\"1024\" height=\"683\" src=\"https:\/\/congresos.contraelcancer.es\/extremadura\/wp-content\/uploads\/sites\/4\/2026\/02\/V6A5618-copia-1024x683.jpg\" class=\"attachment-large size-large\" alt=\"\" srcset=\"https:\/\/congresos.contraelcancer.es\/extremadura\/wp-content\/uploads\/sites\/4\/2026\/02\/V6A5618-copia-1024x683.jpg 1024w, https:\/\/congresos.contraelcancer.es\/extremadura\/wp-content\/uploads\/sites\/4\/2026\/02\/V6A5618-copia-300x200.jpg 300w, https:\/\/congresos.contraelcancer.es\/extremadura\/wp-content\/uploads\/sites\/4\/2026\/02\/V6A5618-copia-768x512.jpg 768w, https:\/\/congresos.contraelcancer.es\/extremadura\/wp-content\/uploads\/sites\/4\/2026\/02\/V6A5618-copia-113x75.jpg 113w, https:\/\/congresos.contraelcancer.es\/extremadura\/wp-content\/uploads\/sites\/4\/2026\/02\/V6A5618-copia-480x320.jpg 480w\" sizes=\"(max-width:767px) 480px, (max-width:1024px) 100vw, 1024px\" \/><\/a>\n\t\t\t\t<\/dt><\/div><\/dl><dl class='gallery-item'  data-title='_V6A5621 copia' data-description=''><div class='gallery-item-wrapper'>\n\t\t\t\t<dt class='gallery-icon landscape'>\n\t\t\t\t\t<a href='https:\/\/congresos.contraelcancer.es\/extremadura\/wp-content\/uploads\/sites\/4\/2026\/02\/V6A5621-copia-scaled.jpg'><img loading=\"lazy\" decoding=\"async\" width=\"1024\" height=\"683\" src=\"https:\/\/congresos.contraelcancer.es\/extremadura\/wp-content\/uploads\/sites\/4\/2026\/02\/V6A5621-copia-1024x683.jpg\" class=\"attachment-large size-large\" alt=\"\" srcset=\"https:\/\/congresos.contraelcancer.es\/extremadura\/wp-content\/uploads\/sites\/4\/2026\/02\/V6A5621-copia-1024x683.jpg 1024w, https:\/\/congresos.contraelcancer.es\/extremadura\/wp-content\/uploads\/sites\/4\/2026\/02\/V6A5621-copia-300x200.jpg 300w, https:\/\/congresos.contraelcancer.es\/extremadura\/wp-content\/uploads\/sites\/4\/2026\/02\/V6A5621-copia-768x512.jpg 768w, https:\/\/congresos.contraelcancer.es\/extremadura\/wp-content\/uploads\/sites\/4\/2026\/02\/V6A5621-copia-113x75.jpg 113w, https:\/\/congresos.contraelcancer.es\/extremadura\/wp-content\/uploads\/sites\/4\/2026\/02\/V6A5621-copia-480x320.jpg 480w\" sizes=\"(max-width:767px) 480px, (max-width:1024px) 100vw, 1024px\" \/><\/a>\n\t\t\t\t<\/dt><\/div><\/dl><dl class='gallery-item'  data-title='_V6A5622 copia' data-description=''><div class='gallery-item-wrapper'>\n\t\t\t\t<dt class='gallery-icon landscape'>\n\t\t\t\t\t<a href='https:\/\/congresos.contraelcancer.es\/extremadura\/wp-content\/uploads\/sites\/4\/2026\/02\/V6A5622-copia.jpg'><img loading=\"lazy\" decoding=\"async\" width=\"1024\" height=\"683\" src=\"https:\/\/congresos.contraelcancer.es\/extremadura\/wp-content\/uploads\/sites\/4\/2026\/02\/V6A5622-copia-1024x683.jpg\" class=\"attachment-large size-large\" alt=\"\" srcset=\"https:\/\/congresos.contraelcancer.es\/extremadura\/wp-content\/uploads\/sites\/4\/2026\/02\/V6A5622-copia-1024x683.jpg 1024w, https:\/\/congresos.contraelcancer.es\/extremadura\/wp-content\/uploads\/sites\/4\/2026\/02\/V6A5622-copia-300x200.jpg 300w, https:\/\/congresos.contraelcancer.es\/extremadura\/wp-content\/uploads\/sites\/4\/2026\/02\/V6A5622-copia-768x512.jpg 768w, https:\/\/congresos.contraelcancer.es\/extremadura\/wp-content\/uploads\/sites\/4\/2026\/02\/V6A5622-copia-112x75.jpg 112w, https:\/\/congresos.contraelcancer.es\/extremadura\/wp-content\/uploads\/sites\/4\/2026\/02\/V6A5622-copia-480x320.jpg 480w\" sizes=\"(max-width:767px) 480px, (max-width:1024px) 100vw, 1024px\" \/><\/a>\n\t\t\t\t<\/dt><\/div><\/dl><br style=\"clear: both\" \/><dl class='gallery-item'  data-title='_V6A5623 copia' data-description=''><div class='gallery-item-wrapper'>\n\t\t\t\t<dt class='gallery-icon landscape'>\n\t\t\t\t\t<a href='https:\/\/congresos.contraelcancer.es\/extremadura\/wp-content\/uploads\/sites\/4\/2026\/02\/V6A5623-copia.jpg'><img loading=\"lazy\" decoding=\"async\" width=\"850\" height=\"567\" src=\"https:\/\/congresos.contraelcancer.es\/extremadura\/wp-content\/uploads\/sites\/4\/2026\/02\/V6A5623-copia.jpg\" class=\"attachment-large size-large\" alt=\"\" srcset=\"https:\/\/congresos.contraelcancer.es\/extremadura\/wp-content\/uploads\/sites\/4\/2026\/02\/V6A5623-copia.jpg 850w, https:\/\/congresos.contraelcancer.es\/extremadura\/wp-content\/uploads\/sites\/4\/2026\/02\/V6A5623-copia-300x200.jpg 300w, https:\/\/congresos.contraelcancer.es\/extremadura\/wp-content\/uploads\/sites\/4\/2026\/02\/V6A5623-copia-768x512.jpg 768w, https:\/\/congresos.contraelcancer.es\/extremadura\/wp-content\/uploads\/sites\/4\/2026\/02\/V6A5623-copia-112x75.jpg 112w, https:\/\/congresos.contraelcancer.es\/extremadura\/wp-content\/uploads\/sites\/4\/2026\/02\/V6A5623-copia-480x320.jpg 480w\" sizes=\"(max-width:767px) 480px, (max-width:850px) 100vw, 850px\" \/><\/a>\n\t\t\t\t<\/dt><\/div><\/dl><dl class='gallery-item'  data-title='_V6A5627 copia' data-description=''><div class='gallery-item-wrapper'>\n\t\t\t\t<dt class='gallery-icon landscape'>\n\t\t\t\t\t<a href='https:\/\/congresos.contraelcancer.es\/extremadura\/wp-content\/uploads\/sites\/4\/2026\/02\/V6A5627-copia-scaled.jpg'><img loading=\"lazy\" decoding=\"async\" width=\"1024\" height=\"819\" src=\"https:\/\/congresos.contraelcancer.es\/extremadura\/wp-content\/uploads\/sites\/4\/2026\/02\/V6A5627-copia-1024x819.jpg\" class=\"attachment-large size-large\" alt=\"\" srcset=\"https:\/\/congresos.contraelcancer.es\/extremadura\/wp-content\/uploads\/sites\/4\/2026\/02\/V6A5627-copia-1024x819.jpg 1024w, https:\/\/congresos.contraelcancer.es\/extremadura\/wp-content\/uploads\/sites\/4\/2026\/02\/V6A5627-copia-300x240.jpg 300w, https:\/\/congresos.contraelcancer.es\/extremadura\/wp-content\/uploads\/sites\/4\/2026\/02\/V6A5627-copia-768x615.jpg 768w, https:\/\/congresos.contraelcancer.es\/extremadura\/wp-content\/uploads\/sites\/4\/2026\/02\/V6A5627-copia-94x75.jpg 94w, https:\/\/congresos.contraelcancer.es\/extremadura\/wp-content\/uploads\/sites\/4\/2026\/02\/V6A5627-copia-480x384.jpg 480w\" sizes=\"(max-width:767px) 480px, (max-width:1024px) 100vw, 1024px\" \/><\/a>\n\t\t\t\t<\/dt><\/div><\/dl><dl class='gallery-item'  data-title='_V6A5633 copia' data-description=''><div class='gallery-item-wrapper'>\n\t\t\t\t<dt class='gallery-icon landscape'>\n\t\t\t\t\t<a href='https:\/\/congresos.contraelcancer.es\/extremadura\/wp-content\/uploads\/sites\/4\/2026\/02\/V6A5633-copia.jpg'><img loading=\"lazy\" decoding=\"async\" width=\"850\" height=\"567\" src=\"https:\/\/congresos.contraelcancer.es\/extremadura\/wp-content\/uploads\/sites\/4\/2026\/02\/V6A5633-copia.jpg\" class=\"attachment-large size-large\" alt=\"\" srcset=\"https:\/\/congresos.contraelcancer.es\/extremadura\/wp-content\/uploads\/sites\/4\/2026\/02\/V6A5633-copia.jpg 850w, https:\/\/congresos.contraelcancer.es\/extremadura\/wp-content\/uploads\/sites\/4\/2026\/02\/V6A5633-copia-300x200.jpg 300w, https:\/\/congresos.contraelcancer.es\/extremadura\/wp-content\/uploads\/sites\/4\/2026\/02\/V6A5633-copia-768x512.jpg 768w, https:\/\/congresos.contraelcancer.es\/extremadura\/wp-content\/uploads\/sites\/4\/2026\/02\/V6A5633-copia-112x75.jpg 112w, https:\/\/congresos.contraelcancer.es\/extremadura\/wp-content\/uploads\/sites\/4\/2026\/02\/V6A5633-copia-480x320.jpg 480w\" sizes=\"(max-width:767px) 480px, (max-width:850px) 100vw, 850px\" \/><\/a>\n\t\t\t\t<\/dt><\/div><\/dl><dl class='gallery-item'  data-title='_V6A5637 copia' data-description=''><div class='gallery-item-wrapper'>\n\t\t\t\t<dt class='gallery-icon landscape'>\n\t\t\t\t\t<a href='https:\/\/congresos.contraelcancer.es\/extremadura\/wp-content\/uploads\/sites\/4\/2026\/02\/V6A5637-copia-scaled.jpg'><img loading=\"lazy\" decoding=\"async\" width=\"1024\" height=\"683\" src=\"https:\/\/congresos.contraelcancer.es\/extremadura\/wp-content\/uploads\/sites\/4\/2026\/02\/V6A5637-copia-1024x683.jpg\" class=\"attachment-large size-large\" alt=\"\" srcset=\"https:\/\/congresos.contraelcancer.es\/extremadura\/wp-content\/uploads\/sites\/4\/2026\/02\/V6A5637-copia-1024x683.jpg 1024w, https:\/\/congresos.contraelcancer.es\/extremadura\/wp-content\/uploads\/sites\/4\/2026\/02\/V6A5637-copia-300x200.jpg 300w, https:\/\/congresos.contraelcancer.es\/extremadura\/wp-content\/uploads\/sites\/4\/2026\/02\/V6A5637-copia-768x512.jpg 768w, https:\/\/congresos.contraelcancer.es\/extremadura\/wp-content\/uploads\/sites\/4\/2026\/02\/V6A5637-copia-113x75.jpg 113w, https:\/\/congresos.contraelcancer.es\/extremadura\/wp-content\/uploads\/sites\/4\/2026\/02\/V6A5637-copia-480x320.jpg 480w\" sizes=\"(max-width:767px) 480px, (max-width:1024px) 100vw, 1024px\" \/><\/a>\n\t\t\t\t<\/dt><\/div><\/dl><br style=\"clear: both\" \/><dl class='gallery-item'  data-title='_V6A5641 copia' data-description=''><div class='gallery-item-wrapper'>\n\t\t\t\t<dt class='gallery-icon landscape'>\n\t\t\t\t\t<a href='https:\/\/congresos.contraelcancer.es\/extremadura\/wp-content\/uploads\/sites\/4\/2026\/02\/V6A5641-copia-scaled.jpg'><img loading=\"lazy\" decoding=\"async\" width=\"1024\" height=\"683\" src=\"https:\/\/congresos.contraelcancer.es\/extremadura\/wp-content\/uploads\/sites\/4\/2026\/02\/V6A5641-copia-1024x683.jpg\" class=\"attachment-large size-large\" alt=\"\" srcset=\"https:\/\/congresos.contraelcancer.es\/extremadura\/wp-content\/uploads\/sites\/4\/2026\/02\/V6A5641-copia-1024x683.jpg 1024w, https:\/\/congresos.contraelcancer.es\/extremadura\/wp-content\/uploads\/sites\/4\/2026\/02\/V6A5641-copia-300x200.jpg 300w, https:\/\/congresos.contraelcancer.es\/extremadura\/wp-content\/uploads\/sites\/4\/2026\/02\/V6A5641-copia-768x512.jpg 768w, https:\/\/congresos.contraelcancer.es\/extremadura\/wp-content\/uploads\/sites\/4\/2026\/02\/V6A5641-copia-113x75.jpg 113w, https:\/\/congresos.contraelcancer.es\/extremadura\/wp-content\/uploads\/sites\/4\/2026\/02\/V6A5641-copia-480x320.jpg 480w\" sizes=\"(max-width:767px) 480px, (max-width:1024px) 100vw, 1024px\" \/><\/a>\n\t\t\t\t<\/dt><\/div><\/dl><dl class='gallery-item'  data-title='_V6A5644 copia' data-description=''><div class='gallery-item-wrapper'>\n\t\t\t\t<dt class='gallery-icon landscape'>\n\t\t\t\t\t<a href='https:\/\/congresos.contraelcancer.es\/extremadura\/wp-content\/uploads\/sites\/4\/2026\/02\/V6A5644-copia-scaled.jpg'><img loading=\"lazy\" decoding=\"async\" width=\"1024\" height=\"683\" src=\"https:\/\/congresos.contraelcancer.es\/extremadura\/wp-content\/uploads\/sites\/4\/2026\/02\/V6A5644-copia-1024x683.jpg\" class=\"attachment-large size-large\" alt=\"\" srcset=\"https:\/\/congresos.contraelcancer.es\/extremadura\/wp-content\/uploads\/sites\/4\/2026\/02\/V6A5644-copia-1024x683.jpg 1024w, https:\/\/congresos.contraelcancer.es\/extremadura\/wp-content\/uploads\/sites\/4\/2026\/02\/V6A5644-copia-300x200.jpg 300w, https:\/\/congresos.contraelcancer.es\/extremadura\/wp-content\/uploads\/sites\/4\/2026\/02\/V6A5644-copia-768x512.jpg 768w, https:\/\/congresos.contraelcancer.es\/extremadura\/wp-content\/uploads\/sites\/4\/2026\/02\/V6A5644-copia-113x75.jpg 113w, https:\/\/congresos.contraelcancer.es\/extremadura\/wp-content\/uploads\/sites\/4\/2026\/02\/V6A5644-copia-480x320.jpg 480w\" sizes=\"(max-width:767px) 480px, (max-width:1024px) 100vw, 1024px\" \/><\/a>\n\t\t\t\t<\/dt><\/div><\/dl><dl class='gallery-item'  data-title='_V6A5645 copia' data-description=''><div class='gallery-item-wrapper'>\n\t\t\t\t<dt class='gallery-icon landscape'>\n\t\t\t\t\t<a href='https:\/\/congresos.contraelcancer.es\/extremadura\/wp-content\/uploads\/sites\/4\/2026\/02\/V6A5645-copia-scaled.jpg'><img loading=\"lazy\" decoding=\"async\" width=\"1024\" height=\"683\" src=\"https:\/\/congresos.contraelcancer.es\/extremadura\/wp-content\/uploads\/sites\/4\/2026\/02\/V6A5645-copia-1024x683.jpg\" class=\"attachment-large size-large\" alt=\"\" srcset=\"https:\/\/congresos.contraelcancer.es\/extremadura\/wp-content\/uploads\/sites\/4\/2026\/02\/V6A5645-copia-1024x683.jpg 1024w, https:\/\/congresos.contraelcancer.es\/extremadura\/wp-content\/uploads\/sites\/4\/2026\/02\/V6A5645-copia-300x200.jpg 300w, https:\/\/congresos.contraelcancer.es\/extremadura\/wp-content\/uploads\/sites\/4\/2026\/02\/V6A5645-copia-768x512.jpg 768w, https:\/\/congresos.contraelcancer.es\/extremadura\/wp-content\/uploads\/sites\/4\/2026\/02\/V6A5645-copia-113x75.jpg 113w, https:\/\/congresos.contraelcancer.es\/extremadura\/wp-content\/uploads\/sites\/4\/2026\/02\/V6A5645-copia-480x320.jpg 480w\" sizes=\"(max-width:767px) 480px, (max-width:1024px) 100vw, 1024px\" \/><\/a>\n\t\t\t\t<\/dt><\/div><\/dl><dl class='gallery-item'  data-title='_V6A5649 copia' data-description=''><div class='gallery-item-wrapper'>\n\t\t\t\t<dt class='gallery-icon landscape'>\n\t\t\t\t\t<a href='https:\/\/congresos.contraelcancer.es\/extremadura\/wp-content\/uploads\/sites\/4\/2026\/02\/V6A5649-copia-scaled.jpg'><img loading=\"lazy\" decoding=\"async\" width=\"1024\" height=\"683\" src=\"https:\/\/congresos.contraelcancer.es\/extremadura\/wp-content\/uploads\/sites\/4\/2026\/02\/V6A5649-copia-1024x683.jpg\" class=\"attachment-large size-large\" alt=\"\" srcset=\"https:\/\/congresos.contraelcancer.es\/extremadura\/wp-content\/uploads\/sites\/4\/2026\/02\/V6A5649-copia-1024x683.jpg 1024w, https:\/\/congresos.contraelcancer.es\/extremadura\/wp-content\/uploads\/sites\/4\/2026\/02\/V6A5649-copia-300x200.jpg 300w, https:\/\/congresos.contraelcancer.es\/extremadura\/wp-content\/uploads\/sites\/4\/2026\/02\/V6A5649-copia-768x512.jpg 768w, https:\/\/congresos.contraelcancer.es\/extremadura\/wp-content\/uploads\/sites\/4\/2026\/02\/V6A5649-copia-113x75.jpg 113w, https:\/\/congresos.contraelcancer.es\/extremadura\/wp-content\/uploads\/sites\/4\/2026\/02\/V6A5649-copia-480x320.jpg 480w\" sizes=\"(max-width:767px) 480px, (max-width:1024px) 100vw, 1024px\" \/><\/a>\n\t\t\t\t<\/dt><\/div><\/dl><br style=\"clear: both\" \/><dl class='gallery-item'  data-title='_V6A5661 copia' data-description=''><div class='gallery-item-wrapper'>\n\t\t\t\t<dt class='gallery-icon landscape'>\n\t\t\t\t\t<a href='https:\/\/congresos.contraelcancer.es\/extremadura\/wp-content\/uploads\/sites\/4\/2026\/02\/V6A5661-copia.jpg'><img loading=\"lazy\" decoding=\"async\" width=\"1024\" height=\"683\" src=\"https:\/\/congresos.contraelcancer.es\/extremadura\/wp-content\/uploads\/sites\/4\/2026\/02\/V6A5661-copia-1024x683.jpg\" class=\"attachment-large size-large\" alt=\"\" srcset=\"https:\/\/congresos.contraelcancer.es\/extremadura\/wp-content\/uploads\/sites\/4\/2026\/02\/V6A5661-copia-1024x683.jpg 1024w, https:\/\/congresos.contraelcancer.es\/extremadura\/wp-content\/uploads\/sites\/4\/2026\/02\/V6A5661-copia-300x200.jpg 300w, https:\/\/congresos.contraelcancer.es\/extremadura\/wp-content\/uploads\/sites\/4\/2026\/02\/V6A5661-copia-768x512.jpg 768w, https:\/\/congresos.contraelcancer.es\/extremadura\/wp-content\/uploads\/sites\/4\/2026\/02\/V6A5661-copia-112x75.jpg 112w, https:\/\/congresos.contraelcancer.es\/extremadura\/wp-content\/uploads\/sites\/4\/2026\/02\/V6A5661-copia-480x320.jpg 480w\" sizes=\"(max-width:767px) 480px, (max-width:1024px) 100vw, 1024px\" \/><\/a>\n\t\t\t\t<\/dt><\/div><\/dl><dl class='gallery-item'  data-title='_V6A5663 copia' data-description=''><div class='gallery-item-wrapper'>\n\t\t\t\t<dt class='gallery-icon landscape'>\n\t\t\t\t\t<a href='https:\/\/congresos.contraelcancer.es\/extremadura\/wp-content\/uploads\/sites\/4\/2026\/02\/V6A5663-copia-scaled.jpg'><img loading=\"lazy\" decoding=\"async\" width=\"1024\" height=\"683\" src=\"https:\/\/congresos.contraelcancer.es\/extremadura\/wp-content\/uploads\/sites\/4\/2026\/02\/V6A5663-copia-1024x683.jpg\" class=\"attachment-large size-large\" alt=\"\" srcset=\"https:\/\/congresos.contraelcancer.es\/extremadura\/wp-content\/uploads\/sites\/4\/2026\/02\/V6A5663-copia-1024x683.jpg 1024w, https:\/\/congresos.contraelcancer.es\/extremadura\/wp-content\/uploads\/sites\/4\/2026\/02\/V6A5663-copia-300x200.jpg 300w, https:\/\/congresos.contraelcancer.es\/extremadura\/wp-content\/uploads\/sites\/4\/2026\/02\/V6A5663-copia-768x512.jpg 768w, https:\/\/congresos.contraelcancer.es\/extremadura\/wp-content\/uploads\/sites\/4\/2026\/02\/V6A5663-copia-113x75.jpg 113w, https:\/\/congresos.contraelcancer.es\/extremadura\/wp-content\/uploads\/sites\/4\/2026\/02\/V6A5663-copia-480x320.jpg 480w\" sizes=\"(max-width:767px) 480px, (max-width:1024px) 100vw, 1024px\" \/><\/a>\n\t\t\t\t<\/dt><\/div><\/dl><dl class='gallery-item'  data-title='_V6A5672 copia' data-description=''><div class='gallery-item-wrapper'>\n\t\t\t\t<dt class='gallery-icon landscape'>\n\t\t\t\t\t<a href='https:\/\/congresos.contraelcancer.es\/extremadura\/wp-content\/uploads\/sites\/4\/2026\/02\/V6A5672-copia-scaled.jpg'><img loading=\"lazy\" decoding=\"async\" width=\"1024\" height=\"683\" src=\"https:\/\/congresos.contraelcancer.es\/extremadura\/wp-content\/uploads\/sites\/4\/2026\/02\/V6A5672-copia-1024x683.jpg\" class=\"attachment-large size-large\" alt=\"\" srcset=\"https:\/\/congresos.contraelcancer.es\/extremadura\/wp-content\/uploads\/sites\/4\/2026\/02\/V6A5672-copia-1024x683.jpg 1024w, https:\/\/congresos.contraelcancer.es\/extremadura\/wp-content\/uploads\/sites\/4\/2026\/02\/V6A5672-copia-300x200.jpg 300w, https:\/\/congresos.contraelcancer.es\/extremadura\/wp-content\/uploads\/sites\/4\/2026\/02\/V6A5672-copia-768x512.jpg 768w, https:\/\/congresos.contraelcancer.es\/extremadura\/wp-content\/uploads\/sites\/4\/2026\/02\/V6A5672-copia-113x75.jpg 113w, https:\/\/congresos.contraelcancer.es\/extremadura\/wp-content\/uploads\/sites\/4\/2026\/02\/V6A5672-copia-480x320.jpg 480w\" sizes=\"(max-width:767px) 480px, (max-width:1024px) 100vw, 1024px\" \/><\/a>\n\t\t\t\t<\/dt><\/div><\/dl><dl class='gallery-item'  data-title='_V6A5673 copia' data-description=''><div class='gallery-item-wrapper'>\n\t\t\t\t<dt class='gallery-icon landscape'>\n\t\t\t\t\t<a href='https:\/\/congresos.contraelcancer.es\/extremadura\/wp-content\/uploads\/sites\/4\/2026\/02\/V6A5673-copia-scaled.jpg'><img loading=\"lazy\" decoding=\"async\" width=\"1024\" height=\"819\" src=\"https:\/\/congresos.contraelcancer.es\/extremadura\/wp-content\/uploads\/sites\/4\/2026\/02\/V6A5673-copia-1024x819.jpg\" class=\"attachment-large size-large\" alt=\"\" srcset=\"https:\/\/congresos.contraelcancer.es\/extremadura\/wp-content\/uploads\/sites\/4\/2026\/02\/V6A5673-copia-1024x819.jpg 1024w, https:\/\/congresos.contraelcancer.es\/extremadura\/wp-content\/uploads\/sites\/4\/2026\/02\/V6A5673-copia-300x240.jpg 300w, https:\/\/congresos.contraelcancer.es\/extremadura\/wp-content\/uploads\/sites\/4\/2026\/02\/V6A5673-copia-768x615.jpg 768w, https:\/\/congresos.contraelcancer.es\/extremadura\/wp-content\/uploads\/sites\/4\/2026\/02\/V6A5673-copia-94x75.jpg 94w, https:\/\/congresos.contraelcancer.es\/extremadura\/wp-content\/uploads\/sites\/4\/2026\/02\/V6A5673-copia-480x384.jpg 480w\" sizes=\"(max-width:767px) 480px, (max-width:1024px) 100vw, 1024px\" \/><\/a>\n\t\t\t\t<\/dt><\/div><\/dl><br style=\"clear: both\" \/><dl class='gallery-item'  data-title='_V6A5677 copia' data-description=''><div class='gallery-item-wrapper'>\n\t\t\t\t<dt class='gallery-icon landscape'>\n\t\t\t\t\t<a href='https:\/\/congresos.contraelcancer.es\/extremadura\/wp-content\/uploads\/sites\/4\/2026\/02\/V6A5677-copia-scaled.jpg'><img loading=\"lazy\" decoding=\"async\" width=\"1024\" height=\"819\" src=\"https:\/\/congresos.contraelcancer.es\/extremadura\/wp-content\/uploads\/sites\/4\/2026\/02\/V6A5677-copia-1024x819.jpg\" class=\"attachment-large size-large\" alt=\"\" srcset=\"https:\/\/congresos.contraelcancer.es\/extremadura\/wp-content\/uploads\/sites\/4\/2026\/02\/V6A5677-copia-1024x819.jpg 1024w, https:\/\/congresos.contraelcancer.es\/extremadura\/wp-content\/uploads\/sites\/4\/2026\/02\/V6A5677-copia-300x240.jpg 300w, https:\/\/congresos.contraelcancer.es\/extremadura\/wp-content\/uploads\/sites\/4\/2026\/02\/V6A5677-copia-768x615.jpg 768w, https:\/\/congresos.contraelcancer.es\/extremadura\/wp-content\/uploads\/sites\/4\/2026\/02\/V6A5677-copia-94x75.jpg 94w, https:\/\/congresos.contraelcancer.es\/extremadura\/wp-content\/uploads\/sites\/4\/2026\/02\/V6A5677-copia-480x384.jpg 480w\" sizes=\"(max-width:767px) 480px, (max-width:1024px) 100vw, 1024px\" \/><\/a>\n\t\t\t\t<\/dt><\/div><\/dl><dl class='gallery-item'  data-title='_V6A5679 copia' data-description=''><div class='gallery-item-wrapper'>\n\t\t\t\t<dt class='gallery-icon landscape'>\n\t\t\t\t\t<a href='https:\/\/congresos.contraelcancer.es\/extremadura\/wp-content\/uploads\/sites\/4\/2026\/02\/V6A5679-copia-scaled.jpg'><img loading=\"lazy\" decoding=\"async\" width=\"1024\" height=\"683\" src=\"https:\/\/congresos.contraelcancer.es\/extremadura\/wp-content\/uploads\/sites\/4\/2026\/02\/V6A5679-copia-1024x683.jpg\" class=\"attachment-large size-large\" alt=\"\" srcset=\"https:\/\/congresos.contraelcancer.es\/extremadura\/wp-content\/uploads\/sites\/4\/2026\/02\/V6A5679-copia-1024x683.jpg 1024w, https:\/\/congresos.contraelcancer.es\/extremadura\/wp-content\/uploads\/sites\/4\/2026\/02\/V6A5679-copia-300x200.jpg 300w, https:\/\/congresos.contraelcancer.es\/extremadura\/wp-content\/uploads\/sites\/4\/2026\/02\/V6A5679-copia-768x512.jpg 768w, https:\/\/congresos.contraelcancer.es\/extremadura\/wp-content\/uploads\/sites\/4\/2026\/02\/V6A5679-copia-113x75.jpg 113w, https:\/\/congresos.contraelcancer.es\/extremadura\/wp-content\/uploads\/sites\/4\/2026\/02\/V6A5679-copia-480x320.jpg 480w\" sizes=\"(max-width:767px) 480px, (max-width:1024px) 100vw, 1024px\" \/><\/a>\n\t\t\t\t<\/dt><\/div><\/dl><dl class='gallery-item'  data-title='_V6A5689 copia' data-description=''><div class='gallery-item-wrapper'>\n\t\t\t\t<dt class='gallery-icon landscape'>\n\t\t\t\t\t<a href='https:\/\/congresos.contraelcancer.es\/extremadura\/wp-content\/uploads\/sites\/4\/2026\/02\/V6A5689-copia-scaled.jpg'><img loading=\"lazy\" decoding=\"async\" width=\"1024\" height=\"683\" src=\"https:\/\/congresos.contraelcancer.es\/extremadura\/wp-content\/uploads\/sites\/4\/2026\/02\/V6A5689-copia-1024x683.jpg\" class=\"attachment-large size-large\" alt=\"\" srcset=\"https:\/\/congresos.contraelcancer.es\/extremadura\/wp-content\/uploads\/sites\/4\/2026\/02\/V6A5689-copia-1024x683.jpg 1024w, https:\/\/congresos.contraelcancer.es\/extremadura\/wp-content\/uploads\/sites\/4\/2026\/02\/V6A5689-copia-300x200.jpg 300w, https:\/\/congresos.contraelcancer.es\/extremadura\/wp-content\/uploads\/sites\/4\/2026\/02\/V6A5689-copia-768x512.jpg 768w, https:\/\/congresos.contraelcancer.es\/extremadura\/wp-content\/uploads\/sites\/4\/2026\/02\/V6A5689-copia-113x75.jpg 113w, https:\/\/congresos.contraelcancer.es\/extremadura\/wp-content\/uploads\/sites\/4\/2026\/02\/V6A5689-copia-480x320.jpg 480w\" sizes=\"(max-width:767px) 480px, (max-width:1024px) 100vw, 1024px\" \/><\/a>\n\t\t\t\t<\/dt><\/div><\/dl><dl class='gallery-item'  data-title='_V6A5691 copia' data-description=''><div class='gallery-item-wrapper'>\n\t\t\t\t<dt class='gallery-icon landscape'>\n\t\t\t\t\t<a href='https:\/\/congresos.contraelcancer.es\/extremadura\/wp-content\/uploads\/sites\/4\/2026\/02\/V6A5691-copia-scaled.jpg'><img loading=\"lazy\" decoding=\"async\" width=\"1024\" height=\"819\" src=\"https:\/\/congresos.contraelcancer.es\/extremadura\/wp-content\/uploads\/sites\/4\/2026\/02\/V6A5691-copia-1024x819.jpg\" class=\"attachment-large size-large\" alt=\"\" srcset=\"https:\/\/congresos.contraelcancer.es\/extremadura\/wp-content\/uploads\/sites\/4\/2026\/02\/V6A5691-copia-1024x819.jpg 1024w, https:\/\/congresos.contraelcancer.es\/extremadura\/wp-content\/uploads\/sites\/4\/2026\/02\/V6A5691-copia-300x240.jpg 300w, https:\/\/congresos.contraelcancer.es\/extremadura\/wp-content\/uploads\/sites\/4\/2026\/02\/V6A5691-copia-768x614.jpg 768w, https:\/\/congresos.contraelcancer.es\/extremadura\/wp-content\/uploads\/sites\/4\/2026\/02\/V6A5691-copia-94x75.jpg 94w, https:\/\/congresos.contraelcancer.es\/extremadura\/wp-content\/uploads\/sites\/4\/2026\/02\/V6A5691-copia-480x384.jpg 480w\" sizes=\"(max-width:767px) 480px, (max-width:1024px) 100vw, 1024px\" \/><\/a>\n\t\t\t\t<\/dt><\/div><\/dl><br style=\"clear: both\" \/><dl class='gallery-item'  data-title='_V6A5694 copia' data-description=''><div class='gallery-item-wrapper'>\n\t\t\t\t<dt class='gallery-icon landscape'>\n\t\t\t\t\t<a href='https:\/\/congresos.contraelcancer.es\/extremadura\/wp-content\/uploads\/sites\/4\/2026\/02\/V6A5694-copia-scaled.jpg'><img loading=\"lazy\" decoding=\"async\" width=\"1024\" height=\"819\" src=\"https:\/\/congresos.contraelcancer.es\/extremadura\/wp-content\/uploads\/sites\/4\/2026\/02\/V6A5694-copia-1024x819.jpg\" class=\"attachment-large size-large\" alt=\"\" srcset=\"https:\/\/congresos.contraelcancer.es\/extremadura\/wp-content\/uploads\/sites\/4\/2026\/02\/V6A5694-copia-1024x819.jpg 1024w, https:\/\/congresos.contraelcancer.es\/extremadura\/wp-content\/uploads\/sites\/4\/2026\/02\/V6A5694-copia-300x240.jpg 300w, https:\/\/congresos.contraelcancer.es\/extremadura\/wp-content\/uploads\/sites\/4\/2026\/02\/V6A5694-copia-768x615.jpg 768w, https:\/\/congresos.contraelcancer.es\/extremadura\/wp-content\/uploads\/sites\/4\/2026\/02\/V6A5694-copia-94x75.jpg 94w, https:\/\/congresos.contraelcancer.es\/extremadura\/wp-content\/uploads\/sites\/4\/2026\/02\/V6A5694-copia-480x384.jpg 480w\" sizes=\"(max-width:767px) 480px, (max-width:1024px) 100vw, 1024px\" \/><\/a>\n\t\t\t\t<\/dt><\/div><\/dl><dl class='gallery-item'  data-title='_V6A5698 copia' data-description=''><div class='gallery-item-wrapper'>\n\t\t\t\t<dt class='gallery-icon landscape'>\n\t\t\t\t\t<a href='https:\/\/congresos.contraelcancer.es\/extremadura\/wp-content\/uploads\/sites\/4\/2026\/02\/V6A5698-copia-scaled.jpg'><img loading=\"lazy\" decoding=\"async\" width=\"1024\" height=\"683\" src=\"https:\/\/congresos.contraelcancer.es\/extremadura\/wp-content\/uploads\/sites\/4\/2026\/02\/V6A5698-copia-1024x683.jpg\" class=\"attachment-large size-large\" alt=\"\" srcset=\"https:\/\/congresos.contraelcancer.es\/extremadura\/wp-content\/uploads\/sites\/4\/2026\/02\/V6A5698-copia-1024x683.jpg 1024w, https:\/\/congresos.contraelcancer.es\/extremadura\/wp-content\/uploads\/sites\/4\/2026\/02\/V6A5698-copia-300x200.jpg 300w, https:\/\/congresos.contraelcancer.es\/extremadura\/wp-content\/uploads\/sites\/4\/2026\/02\/V6A5698-copia-768x512.jpg 768w, https:\/\/congresos.contraelcancer.es\/extremadura\/wp-content\/uploads\/sites\/4\/2026\/02\/V6A5698-copia-113x75.jpg 113w, https:\/\/congresos.contraelcancer.es\/extremadura\/wp-content\/uploads\/sites\/4\/2026\/02\/V6A5698-copia-480x320.jpg 480w\" sizes=\"(max-width:767px) 480px, (max-width:1024px) 100vw, 1024px\" \/><\/a>\n\t\t\t\t<\/dt><\/div><\/dl><dl class='gallery-item'  data-title='_V6A5720 copia' data-description=''><div class='gallery-item-wrapper'>\n\t\t\t\t<dt class='gallery-icon landscape'>\n\t\t\t\t\t<a href='https:\/\/congresos.contraelcancer.es\/extremadura\/wp-content\/uploads\/sites\/4\/2026\/02\/V6A5720-copia-scaled.jpg'><img loading=\"lazy\" decoding=\"async\" width=\"1024\" height=\"683\" src=\"https:\/\/congresos.contraelcancer.es\/extremadura\/wp-content\/uploads\/sites\/4\/2026\/02\/V6A5720-copia-1024x683.jpg\" class=\"attachment-large size-large\" alt=\"\" srcset=\"https:\/\/congresos.contraelcancer.es\/extremadura\/wp-content\/uploads\/sites\/4\/2026\/02\/V6A5720-copia-1024x683.jpg 1024w, https:\/\/congresos.contraelcancer.es\/extremadura\/wp-content\/uploads\/sites\/4\/2026\/02\/V6A5720-copia-300x200.jpg 300w, https:\/\/congresos.contraelcancer.es\/extremadura\/wp-content\/uploads\/sites\/4\/2026\/02\/V6A5720-copia-768x512.jpg 768w, https:\/\/congresos.contraelcancer.es\/extremadura\/wp-content\/uploads\/sites\/4\/2026\/02\/V6A5720-copia-113x75.jpg 113w, https:\/\/congresos.contraelcancer.es\/extremadura\/wp-content\/uploads\/sites\/4\/2026\/02\/V6A5720-copia-480x320.jpg 480w\" sizes=\"(max-width:767px) 480px, (max-width:1024px) 100vw, 1024px\" \/><\/a>\n\t\t\t\t<\/dt><\/div><\/dl><dl class='gallery-item'  data-title='_V6A5721 copia' data-description=''><div class='gallery-item-wrapper'>\n\t\t\t\t<dt class='gallery-icon landscape'>\n\t\t\t\t\t<a href='https:\/\/congresos.contraelcancer.es\/extremadura\/wp-content\/uploads\/sites\/4\/2026\/02\/V6A5721-copia-scaled.jpg'><img loading=\"lazy\" decoding=\"async\" width=\"1024\" height=\"683\" src=\"https:\/\/congresos.contraelcancer.es\/extremadura\/wp-content\/uploads\/sites\/4\/2026\/02\/V6A5721-copia-1024x683.jpg\" class=\"attachment-large size-large\" alt=\"\" srcset=\"https:\/\/congresos.contraelcancer.es\/extremadura\/wp-content\/uploads\/sites\/4\/2026\/02\/V6A5721-copia-1024x683.jpg 1024w, https:\/\/congresos.contraelcancer.es\/extremadura\/wp-content\/uploads\/sites\/4\/2026\/02\/V6A5721-copia-300x200.jpg 300w, https:\/\/congresos.contraelcancer.es\/extremadura\/wp-content\/uploads\/sites\/4\/2026\/02\/V6A5721-copia-768x512.jpg 768w, https:\/\/congresos.contraelcancer.es\/extremadura\/wp-content\/uploads\/sites\/4\/2026\/02\/V6A5721-copia-113x75.jpg 113w, https:\/\/congresos.contraelcancer.es\/extremadura\/wp-content\/uploads\/sites\/4\/2026\/02\/V6A5721-copia-480x320.jpg 480w\" sizes=\"(max-width:767px) 480px, (max-width:1024px) 100vw, 1024px\" \/><\/a>\n\t\t\t\t<\/dt><\/div><\/dl><br style=\"clear: both\" \/><dl class='gallery-item'  data-title='_V6A5731 copia' data-description=''><div class='gallery-item-wrapper'>\n\t\t\t\t<dt class='gallery-icon landscape'>\n\t\t\t\t\t<a href='https:\/\/congresos.contraelcancer.es\/extremadura\/wp-content\/uploads\/sites\/4\/2026\/02\/V6A5731-copia-scaled.jpg'><img loading=\"lazy\" decoding=\"async\" width=\"1024\" height=\"683\" src=\"https:\/\/congresos.contraelcancer.es\/extremadura\/wp-content\/uploads\/sites\/4\/2026\/02\/V6A5731-copia-1024x683.jpg\" class=\"attachment-large size-large\" alt=\"\" srcset=\"https:\/\/congresos.contraelcancer.es\/extremadura\/wp-content\/uploads\/sites\/4\/2026\/02\/V6A5731-copia-1024x683.jpg 1024w, https:\/\/congresos.contraelcancer.es\/extremadura\/wp-content\/uploads\/sites\/4\/2026\/02\/V6A5731-copia-300x200.jpg 300w, https:\/\/congresos.contraelcancer.es\/extremadura\/wp-content\/uploads\/sites\/4\/2026\/02\/V6A5731-copia-768x512.jpg 768w, https:\/\/congresos.contraelcancer.es\/extremadura\/wp-content\/uploads\/sites\/4\/2026\/02\/V6A5731-copia-113x75.jpg 113w, https:\/\/congresos.contraelcancer.es\/extremadura\/wp-content\/uploads\/sites\/4\/2026\/02\/V6A5731-copia-480x320.jpg 480w\" sizes=\"(max-width:767px) 480px, (max-width:1024px) 100vw, 1024px\" \/><\/a>\n\t\t\t\t<\/dt><\/div><\/dl><dl class='gallery-item'  data-title='_V6A5742 copia' data-description=''><div class='gallery-item-wrapper'>\n\t\t\t\t<dt class='gallery-icon landscape'>\n\t\t\t\t\t<a href='https:\/\/congresos.contraelcancer.es\/extremadura\/wp-content\/uploads\/sites\/4\/2026\/02\/V6A5742-copia-scaled.jpg'><img loading=\"lazy\" decoding=\"async\" width=\"1024\" height=\"683\" src=\"https:\/\/congresos.contraelcancer.es\/extremadura\/wp-content\/uploads\/sites\/4\/2026\/02\/V6A5742-copia-1024x683.jpg\" class=\"attachment-large size-large\" alt=\"\" srcset=\"https:\/\/congresos.contraelcancer.es\/extremadura\/wp-content\/uploads\/sites\/4\/2026\/02\/V6A5742-copia-1024x683.jpg 1024w, https:\/\/congresos.contraelcancer.es\/extremadura\/wp-content\/uploads\/sites\/4\/2026\/02\/V6A5742-copia-300x200.jpg 300w, https:\/\/congresos.contraelcancer.es\/extremadura\/wp-content\/uploads\/sites\/4\/2026\/02\/V6A5742-copia-768x512.jpg 768w, https:\/\/congresos.contraelcancer.es\/extremadura\/wp-content\/uploads\/sites\/4\/2026\/02\/V6A5742-copia-113x75.jpg 113w, https:\/\/congresos.contraelcancer.es\/extremadura\/wp-content\/uploads\/sites\/4\/2026\/02\/V6A5742-copia-480x320.jpg 480w\" sizes=\"(max-width:767px) 480px, (max-width:1024px) 100vw, 1024px\" \/><\/a>\n\t\t\t\t<\/dt><\/div><\/dl><dl class='gallery-item'  data-title='_V6A5749 copia' data-description=''><div class='gallery-item-wrapper'>\n\t\t\t\t<dt class='gallery-icon landscape'>\n\t\t\t\t\t<a href='https:\/\/congresos.contraelcancer.es\/extremadura\/wp-content\/uploads\/sites\/4\/2026\/02\/V6A5749-copia-scaled.jpg'><img loading=\"lazy\" decoding=\"async\" width=\"1024\" height=\"683\" src=\"https:\/\/congresos.contraelcancer.es\/extremadura\/wp-content\/uploads\/sites\/4\/2026\/02\/V6A5749-copia-1024x683.jpg\" class=\"attachment-large size-large\" alt=\"\" srcset=\"https:\/\/congresos.contraelcancer.es\/extremadura\/wp-content\/uploads\/sites\/4\/2026\/02\/V6A5749-copia-1024x683.jpg 1024w, https:\/\/congresos.contraelcancer.es\/extremadura\/wp-content\/uploads\/sites\/4\/2026\/02\/V6A5749-copia-300x200.jpg 300w, https:\/\/congresos.contraelcancer.es\/extremadura\/wp-content\/uploads\/sites\/4\/2026\/02\/V6A5749-copia-768x512.jpg 768w, https:\/\/congresos.contraelcancer.es\/extremadura\/wp-content\/uploads\/sites\/4\/2026\/02\/V6A5749-copia-113x75.jpg 113w, https:\/\/congresos.contraelcancer.es\/extremadura\/wp-content\/uploads\/sites\/4\/2026\/02\/V6A5749-copia-480x320.jpg 480w\" sizes=\"(max-width:767px) 480px, (max-width:1024px) 100vw, 1024px\" \/><\/a>\n\t\t\t\t<\/dt><\/div><\/dl><dl class='gallery-item'  data-title='_V6A5752 copia' data-description=''><div class='gallery-item-wrapper'>\n\t\t\t\t<dt class='gallery-icon portrait'>\n\t\t\t\t\t<a href='https:\/\/congresos.contraelcancer.es\/extremadura\/wp-content\/uploads\/sites\/4\/2026\/02\/V6A5752-copia-scaled.jpg'><img loading=\"lazy\" decoding=\"async\" width=\"819\" height=\"1024\" src=\"https:\/\/congresos.contraelcancer.es\/extremadura\/wp-content\/uploads\/sites\/4\/2026\/02\/V6A5752-copia-819x1024.jpg\" class=\"attachment-large size-large\" alt=\"\" srcset=\"https:\/\/congresos.contraelcancer.es\/extremadura\/wp-content\/uploads\/sites\/4\/2026\/02\/V6A5752-copia-819x1024.jpg 819w, https:\/\/congresos.contraelcancer.es\/extremadura\/wp-content\/uploads\/sites\/4\/2026\/02\/V6A5752-copia-240x300.jpg 240w, https:\/\/congresos.contraelcancer.es\/extremadura\/wp-content\/uploads\/sites\/4\/2026\/02\/V6A5752-copia-768x960.jpg 768w, https:\/\/congresos.contraelcancer.es\/extremadura\/wp-content\/uploads\/sites\/4\/2026\/02\/V6A5752-copia-60x75.jpg 60w, https:\/\/congresos.contraelcancer.es\/extremadura\/wp-content\/uploads\/sites\/4\/2026\/02\/V6A5752-copia-480x600.jpg 480w\" sizes=\"(max-width:767px) 480px, (max-width:819px) 100vw, 819px\" \/><\/a>\n\t\t\t\t<\/dt><\/div><\/dl><br style=\"clear: both\" \/><dl class='gallery-item'  data-title='_V6A5762 copia' data-description=''><div class='gallery-item-wrapper'>\n\t\t\t\t<dt class='gallery-icon landscape'>\n\t\t\t\t\t<a href='https:\/\/congresos.contraelcancer.es\/extremadura\/wp-content\/uploads\/sites\/4\/2026\/02\/V6A5762-copia-scaled.jpg'><img loading=\"lazy\" decoding=\"async\" width=\"1024\" height=\"683\" src=\"https:\/\/congresos.contraelcancer.es\/extremadura\/wp-content\/uploads\/sites\/4\/2026\/02\/V6A5762-copia-1024x683.jpg\" class=\"attachment-large size-large\" alt=\"\" srcset=\"https:\/\/congresos.contraelcancer.es\/extremadura\/wp-content\/uploads\/sites\/4\/2026\/02\/V6A5762-copia-1024x683.jpg 1024w, https:\/\/congresos.contraelcancer.es\/extremadura\/wp-content\/uploads\/sites\/4\/2026\/02\/V6A5762-copia-300x200.jpg 300w, https:\/\/congresos.contraelcancer.es\/extremadura\/wp-content\/uploads\/sites\/4\/2026\/02\/V6A5762-copia-768x512.jpg 768w, https:\/\/congresos.contraelcancer.es\/extremadura\/wp-content\/uploads\/sites\/4\/2026\/02\/V6A5762-copia-113x75.jpg 113w, https:\/\/congresos.contraelcancer.es\/extremadura\/wp-content\/uploads\/sites\/4\/2026\/02\/V6A5762-copia-480x320.jpg 480w\" sizes=\"(max-width:767px) 480px, (max-width:1024px) 100vw, 1024px\" \/><\/a>\n\t\t\t\t<\/dt><\/div><\/dl><dl class='gallery-item'  data-title='_V6A5765 copia' data-description=''><div class='gallery-item-wrapper'>\n\t\t\t\t<dt class='gallery-icon landscape'>\n\t\t\t\t\t<a href='https:\/\/congresos.contraelcancer.es\/extremadura\/wp-content\/uploads\/sites\/4\/2026\/02\/V6A5765-copia-scaled.jpg'><img loading=\"lazy\" decoding=\"async\" width=\"1024\" height=\"683\" src=\"https:\/\/congresos.contraelcancer.es\/extremadura\/wp-content\/uploads\/sites\/4\/2026\/02\/V6A5765-copia-1024x683.jpg\" class=\"attachment-large size-large\" alt=\"\" srcset=\"https:\/\/congresos.contraelcancer.es\/extremadura\/wp-content\/uploads\/sites\/4\/2026\/02\/V6A5765-copia-1024x683.jpg 1024w, https:\/\/congresos.contraelcancer.es\/extremadura\/wp-content\/uploads\/sites\/4\/2026\/02\/V6A5765-copia-300x200.jpg 300w, https:\/\/congresos.contraelcancer.es\/extremadura\/wp-content\/uploads\/sites\/4\/2026\/02\/V6A5765-copia-768x512.jpg 768w, https:\/\/congresos.contraelcancer.es\/extremadura\/wp-content\/uploads\/sites\/4\/2026\/02\/V6A5765-copia-113x75.jpg 113w, https:\/\/congresos.contraelcancer.es\/extremadura\/wp-content\/uploads\/sites\/4\/2026\/02\/V6A5765-copia-480x320.jpg 480w\" sizes=\"(max-width:767px) 480px, (max-width:1024px) 100vw, 1024px\" \/><\/a>\n\t\t\t\t<\/dt><\/div><\/dl><dl class='gallery-item'  data-title='_V6A5767 copia' data-description=''><div class='gallery-item-wrapper'>\n\t\t\t\t<dt class='gallery-icon landscape'>\n\t\t\t\t\t<a href='https:\/\/congresos.contraelcancer.es\/extremadura\/wp-content\/uploads\/sites\/4\/2026\/02\/V6A5767-copia.jpg'><img loading=\"lazy\" decoding=\"async\" width=\"850\" height=\"567\" src=\"https:\/\/congresos.contraelcancer.es\/extremadura\/wp-content\/uploads\/sites\/4\/2026\/02\/V6A5767-copia.jpg\" class=\"attachment-large size-large\" alt=\"\" srcset=\"https:\/\/congresos.contraelcancer.es\/extremadura\/wp-content\/uploads\/sites\/4\/2026\/02\/V6A5767-copia.jpg 850w, https:\/\/congresos.contraelcancer.es\/extremadura\/wp-content\/uploads\/sites\/4\/2026\/02\/V6A5767-copia-300x200.jpg 300w, https:\/\/congresos.contraelcancer.es\/extremadura\/wp-content\/uploads\/sites\/4\/2026\/02\/V6A5767-copia-768x512.jpg 768w, https:\/\/congresos.contraelcancer.es\/extremadura\/wp-content\/uploads\/sites\/4\/2026\/02\/V6A5767-copia-112x75.jpg 112w, https:\/\/congresos.contraelcancer.es\/extremadura\/wp-content\/uploads\/sites\/4\/2026\/02\/V6A5767-copia-480x320.jpg 480w\" sizes=\"(max-width:767px) 480px, (max-width:850px) 100vw, 850px\" \/><\/a>\n\t\t\t\t<\/dt><\/div><\/dl><dl class='gallery-item'  data-title='_V6A5768 copia' data-description=''><div class='gallery-item-wrapper'>\n\t\t\t\t<dt class='gallery-icon landscape'>\n\t\t\t\t\t<a href='https:\/\/congresos.contraelcancer.es\/extremadura\/wp-content\/uploads\/sites\/4\/2026\/02\/V6A5768-copia-scaled.jpg'><img loading=\"lazy\" decoding=\"async\" width=\"1024\" height=\"683\" src=\"https:\/\/congresos.contraelcancer.es\/extremadura\/wp-content\/uploads\/sites\/4\/2026\/02\/V6A5768-copia-1024x683.jpg\" class=\"attachment-large size-large\" alt=\"\" srcset=\"https:\/\/congresos.contraelcancer.es\/extremadura\/wp-content\/uploads\/sites\/4\/2026\/02\/V6A5768-copia-1024x683.jpg 1024w, https:\/\/congresos.contraelcancer.es\/extremadura\/wp-content\/uploads\/sites\/4\/2026\/02\/V6A5768-copia-300x200.jpg 300w, https:\/\/congresos.contraelcancer.es\/extremadura\/wp-content\/uploads\/sites\/4\/2026\/02\/V6A5768-copia-768x512.jpg 768w, https:\/\/congresos.contraelcancer.es\/extremadura\/wp-content\/uploads\/sites\/4\/2026\/02\/V6A5768-copia-113x75.jpg 113w, https:\/\/congresos.contraelcancer.es\/extremadura\/wp-content\/uploads\/sites\/4\/2026\/02\/V6A5768-copia-480x320.jpg 480w\" sizes=\"(max-width:767px) 480px, (max-width:1024px) 100vw, 1024px\" \/><\/a>\n\t\t\t\t<\/dt><\/div><\/dl><br style=\"clear: both\" \/><dl class='gallery-item'  data-title='_V6A5769 copia' data-description=''><div class='gallery-item-wrapper'>\n\t\t\t\t<dt class='gallery-icon landscape'>\n\t\t\t\t\t<a href='https:\/\/congresos.contraelcancer.es\/extremadura\/wp-content\/uploads\/sites\/4\/2026\/02\/V6A5769-copia-scaled.jpg'><img loading=\"lazy\" decoding=\"async\" width=\"1024\" height=\"683\" src=\"https:\/\/congresos.contraelcancer.es\/extremadura\/wp-content\/uploads\/sites\/4\/2026\/02\/V6A5769-copia-1024x683.jpg\" class=\"attachment-large size-large\" alt=\"\" srcset=\"https:\/\/congresos.contraelcancer.es\/extremadura\/wp-content\/uploads\/sites\/4\/2026\/02\/V6A5769-copia-1024x683.jpg 1024w, https:\/\/congresos.contraelcancer.es\/extremadura\/wp-content\/uploads\/sites\/4\/2026\/02\/V6A5769-copia-300x200.jpg 300w, https:\/\/congresos.contraelcancer.es\/extremadura\/wp-content\/uploads\/sites\/4\/2026\/02\/V6A5769-copia-768x512.jpg 768w, https:\/\/congresos.contraelcancer.es\/extremadura\/wp-content\/uploads\/sites\/4\/2026\/02\/V6A5769-copia-113x75.jpg 113w, https:\/\/congresos.contraelcancer.es\/extremadura\/wp-content\/uploads\/sites\/4\/2026\/02\/V6A5769-copia-480x320.jpg 480w\" sizes=\"(max-width:767px) 480px, (max-width:1024px) 100vw, 1024px\" \/><\/a>\n\t\t\t\t<\/dt><\/div><\/dl><dl class='gallery-item'  data-title='_V6A5782 copia' data-description=''><div class='gallery-item-wrapper'>\n\t\t\t\t<dt class='gallery-icon landscape'>\n\t\t\t\t\t<a href='https:\/\/congresos.contraelcancer.es\/extremadura\/wp-content\/uploads\/sites\/4\/2026\/02\/V6A5782-copia-scaled.jpg'><img loading=\"lazy\" decoding=\"async\" width=\"1024\" height=\"683\" src=\"https:\/\/congresos.contraelcancer.es\/extremadura\/wp-content\/uploads\/sites\/4\/2026\/02\/V6A5782-copia-1024x683.jpg\" class=\"attachment-large size-large\" alt=\"\" srcset=\"https:\/\/congresos.contraelcancer.es\/extremadura\/wp-content\/uploads\/sites\/4\/2026\/02\/V6A5782-copia-1024x683.jpg 1024w, https:\/\/congresos.contraelcancer.es\/extremadura\/wp-content\/uploads\/sites\/4\/2026\/02\/V6A5782-copia-300x200.jpg 300w, https:\/\/congresos.contraelcancer.es\/extremadura\/wp-content\/uploads\/sites\/4\/2026\/02\/V6A5782-copia-768x512.jpg 768w, https:\/\/congresos.contraelcancer.es\/extremadura\/wp-content\/uploads\/sites\/4\/2026\/02\/V6A5782-copia-113x75.jpg 113w, https:\/\/congresos.contraelcancer.es\/extremadura\/wp-content\/uploads\/sites\/4\/2026\/02\/V6A5782-copia-480x320.jpg 480w\" sizes=\"(max-width:767px) 480px, (max-width:1024px) 100vw, 1024px\" \/><\/a>\n\t\t\t\t<\/dt><\/div><\/dl><dl class='gallery-item'  data-title='_V6A5786 copia' data-description=''><div class='gallery-item-wrapper'>\n\t\t\t\t<dt class='gallery-icon landscape'>\n\t\t\t\t\t<a href='https:\/\/congresos.contraelcancer.es\/extremadura\/wp-content\/uploads\/sites\/4\/2026\/02\/V6A5786-copia-scaled.jpg'><img loading=\"lazy\" decoding=\"async\" width=\"1024\" height=\"683\" src=\"https:\/\/congresos.contraelcancer.es\/extremadura\/wp-content\/uploads\/sites\/4\/2026\/02\/V6A5786-copia-1024x683.jpg\" class=\"attachment-large size-large\" alt=\"\" srcset=\"https:\/\/congresos.contraelcancer.es\/extremadura\/wp-content\/uploads\/sites\/4\/2026\/02\/V6A5786-copia-1024x683.jpg 1024w, https:\/\/congresos.contraelcancer.es\/extremadura\/wp-content\/uploads\/sites\/4\/2026\/02\/V6A5786-copia-300x200.jpg 300w, https:\/\/congresos.contraelcancer.es\/extremadura\/wp-content\/uploads\/sites\/4\/2026\/02\/V6A5786-copia-768x512.jpg 768w, https:\/\/congresos.contraelcancer.es\/extremadura\/wp-content\/uploads\/sites\/4\/2026\/02\/V6A5786-copia-113x75.jpg 113w, https:\/\/congresos.contraelcancer.es\/extremadura\/wp-content\/uploads\/sites\/4\/2026\/02\/V6A5786-copia-480x320.jpg 480w\" sizes=\"(max-width:767px) 480px, (max-width:1024px) 100vw, 1024px\" \/><\/a>\n\t\t\t\t<\/dt><\/div><\/dl><dl class='gallery-item'  data-title='_V6A5792 copia' data-description=''><div class='gallery-item-wrapper'>\n\t\t\t\t<dt class='gallery-icon landscape'>\n\t\t\t\t\t<a href='https:\/\/congresos.contraelcancer.es\/extremadura\/wp-content\/uploads\/sites\/4\/2026\/02\/V6A5792-copia-scaled.jpg'><img loading=\"lazy\" decoding=\"async\" width=\"1024\" height=\"683\" src=\"https:\/\/congresos.contraelcancer.es\/extremadura\/wp-content\/uploads\/sites\/4\/2026\/02\/V6A5792-copia-1024x683.jpg\" class=\"attachment-large size-large\" alt=\"\" srcset=\"https:\/\/congresos.contraelcancer.es\/extremadura\/wp-content\/uploads\/sites\/4\/2026\/02\/V6A5792-copia-1024x683.jpg 1024w, https:\/\/congresos.contraelcancer.es\/extremadura\/wp-content\/uploads\/sites\/4\/2026\/02\/V6A5792-copia-300x200.jpg 300w, https:\/\/congresos.contraelcancer.es\/extremadura\/wp-content\/uploads\/sites\/4\/2026\/02\/V6A5792-copia-768x512.jpg 768w, https:\/\/congresos.contraelcancer.es\/extremadura\/wp-content\/uploads\/sites\/4\/2026\/02\/V6A5792-copia-113x75.jpg 113w, https:\/\/congresos.contraelcancer.es\/extremadura\/wp-content\/uploads\/sites\/4\/2026\/02\/V6A5792-copia-480x320.jpg 480w\" sizes=\"(max-width:767px) 480px, (max-width:1024px) 100vw, 1024px\" \/><\/a>\n\t\t\t\t<\/dt><\/div><\/dl><br style=\"clear: both\" \/><dl class='gallery-item'  data-title='_V6A5794 copia' data-description=''><div class='gallery-item-wrapper'>\n\t\t\t\t<dt class='gallery-icon landscape'>\n\t\t\t\t\t<a href='https:\/\/congresos.contraelcancer.es\/extremadura\/wp-content\/uploads\/sites\/4\/2026\/02\/V6A5794-copia-scaled.jpg'><img loading=\"lazy\" decoding=\"async\" width=\"1024\" height=\"683\" src=\"https:\/\/congresos.contraelcancer.es\/extremadura\/wp-content\/uploads\/sites\/4\/2026\/02\/V6A5794-copia-1024x683.jpg\" class=\"attachment-large size-large\" alt=\"\" srcset=\"https:\/\/congresos.contraelcancer.es\/extremadura\/wp-content\/uploads\/sites\/4\/2026\/02\/V6A5794-copia-1024x683.jpg 1024w, https:\/\/congresos.contraelcancer.es\/extremadura\/wp-content\/uploads\/sites\/4\/2026\/02\/V6A5794-copia-300x200.jpg 300w, https:\/\/congresos.contraelcancer.es\/extremadura\/wp-content\/uploads\/sites\/4\/2026\/02\/V6A5794-copia-768x512.jpg 768w, https:\/\/congresos.contraelcancer.es\/extremadura\/wp-content\/uploads\/sites\/4\/2026\/02\/V6A5794-copia-113x75.jpg 113w, https:\/\/congresos.contraelcancer.es\/extremadura\/wp-content\/uploads\/sites\/4\/2026\/02\/V6A5794-copia-480x320.jpg 480w\" sizes=\"(max-width:767px) 480px, (max-width:1024px) 100vw, 1024px\" \/><\/a>\n\t\t\t\t<\/dt><\/div><\/dl><dl class='gallery-item'  data-title='_V6A5803 copia' data-description=''><div class='gallery-item-wrapper'>\n\t\t\t\t<dt class='gallery-icon landscape'>\n\t\t\t\t\t<a href='https:\/\/congresos.contraelcancer.es\/extremadura\/wp-content\/uploads\/sites\/4\/2026\/02\/V6A5803-copia-scaled.jpg'><img loading=\"lazy\" decoding=\"async\" width=\"1024\" height=\"683\" src=\"https:\/\/congresos.contraelcancer.es\/extremadura\/wp-content\/uploads\/sites\/4\/2026\/02\/V6A5803-copia-1024x683.jpg\" class=\"attachment-large size-large\" alt=\"\" srcset=\"https:\/\/congresos.contraelcancer.es\/extremadura\/wp-content\/uploads\/sites\/4\/2026\/02\/V6A5803-copia-1024x683.jpg 1024w, https:\/\/congresos.contraelcancer.es\/extremadura\/wp-content\/uploads\/sites\/4\/2026\/02\/V6A5803-copia-300x200.jpg 300w, https:\/\/congresos.contraelcancer.es\/extremadura\/wp-content\/uploads\/sites\/4\/2026\/02\/V6A5803-copia-768x512.jpg 768w, https:\/\/congresos.contraelcancer.es\/extremadura\/wp-content\/uploads\/sites\/4\/2026\/02\/V6A5803-copia-113x75.jpg 113w, https:\/\/congresos.contraelcancer.es\/extremadura\/wp-content\/uploads\/sites\/4\/2026\/02\/V6A5803-copia-480x320.jpg 480w\" sizes=\"(max-width:767px) 480px, (max-width:1024px) 100vw, 1024px\" \/><\/a>\n\t\t\t\t<\/dt><\/div><\/dl><dl class='gallery-item'  data-title='_V6A5821 copia' data-description=''><div class='gallery-item-wrapper'>\n\t\t\t\t<dt class='gallery-icon landscape'>\n\t\t\t\t\t<a href='https:\/\/congresos.contraelcancer.es\/extremadura\/wp-content\/uploads\/sites\/4\/2026\/02\/V6A5821-copia-scaled.jpg'><img loading=\"lazy\" decoding=\"async\" width=\"1024\" height=\"683\" src=\"https:\/\/congresos.contraelcancer.es\/extremadura\/wp-content\/uploads\/sites\/4\/2026\/02\/V6A5821-copia-1024x683.jpg\" class=\"attachment-large size-large\" alt=\"\" srcset=\"https:\/\/congresos.contraelcancer.es\/extremadura\/wp-content\/uploads\/sites\/4\/2026\/02\/V6A5821-copia-1024x683.jpg 1024w, https:\/\/congresos.contraelcancer.es\/extremadura\/wp-content\/uploads\/sites\/4\/2026\/02\/V6A5821-copia-300x200.jpg 300w, https:\/\/congresos.contraelcancer.es\/extremadura\/wp-content\/uploads\/sites\/4\/2026\/02\/V6A5821-copia-768x512.jpg 768w, https:\/\/congresos.contraelcancer.es\/extremadura\/wp-content\/uploads\/sites\/4\/2026\/02\/V6A5821-copia-113x75.jpg 113w, https:\/\/congresos.contraelcancer.es\/extremadura\/wp-content\/uploads\/sites\/4\/2026\/02\/V6A5821-copia-480x320.jpg 480w\" sizes=\"(max-width:767px) 480px, (max-width:1024px) 100vw, 1024px\" \/><\/a>\n\t\t\t\t<\/dt><\/div><\/dl><dl class='gallery-item'  data-title='_V6A5825 copia' data-description=''><div class='gallery-item-wrapper'>\n\t\t\t\t<dt class='gallery-icon landscape'>\n\t\t\t\t\t<a href='https:\/\/congresos.contraelcancer.es\/extremadura\/wp-content\/uploads\/sites\/4\/2026\/02\/V6A5825-copia-scaled.jpg'><img loading=\"lazy\" decoding=\"async\" width=\"1024\" height=\"683\" src=\"https:\/\/congresos.contraelcancer.es\/extremadura\/wp-content\/uploads\/sites\/4\/2026\/02\/V6A5825-copia-1024x683.jpg\" class=\"attachment-large size-large\" alt=\"\" srcset=\"https:\/\/congresos.contraelcancer.es\/extremadura\/wp-content\/uploads\/sites\/4\/2026\/02\/V6A5825-copia-1024x683.jpg 1024w, https:\/\/congresos.contraelcancer.es\/extremadura\/wp-content\/uploads\/sites\/4\/2026\/02\/V6A5825-copia-300x200.jpg 300w, https:\/\/congresos.contraelcancer.es\/extremadura\/wp-content\/uploads\/sites\/4\/2026\/02\/V6A5825-copia-768x512.jpg 768w, https:\/\/congresos.contraelcancer.es\/extremadura\/wp-content\/uploads\/sites\/4\/2026\/02\/V6A5825-copia-113x75.jpg 113w, https:\/\/congresos.contraelcancer.es\/extremadura\/wp-content\/uploads\/sites\/4\/2026\/02\/V6A5825-copia-480x320.jpg 480w\" sizes=\"(max-width:767px) 480px, (max-width:1024px) 100vw, 1024px\" \/><\/a>\n\t\t\t\t<\/dt><\/div><\/dl><br style=\"clear: both\" \/><dl class='gallery-item'  data-title='_V6A5826 copia' data-description=''><div class='gallery-item-wrapper'>\n\t\t\t\t<dt class='gallery-icon landscape'>\n\t\t\t\t\t<a href='https:\/\/congresos.contraelcancer.es\/extremadura\/wp-content\/uploads\/sites\/4\/2026\/02\/V6A5826-copia-scaled.jpg'><img loading=\"lazy\" decoding=\"async\" width=\"1024\" height=\"683\" src=\"https:\/\/congresos.contraelcancer.es\/extremadura\/wp-content\/uploads\/sites\/4\/2026\/02\/V6A5826-copia-1024x683.jpg\" class=\"attachment-large size-large\" alt=\"\" srcset=\"https:\/\/congresos.contraelcancer.es\/extremadura\/wp-content\/uploads\/sites\/4\/2026\/02\/V6A5826-copia-1024x683.jpg 1024w, https:\/\/congresos.contraelcancer.es\/extremadura\/wp-content\/uploads\/sites\/4\/2026\/02\/V6A5826-copia-300x200.jpg 300w, https:\/\/congresos.contraelcancer.es\/extremadura\/wp-content\/uploads\/sites\/4\/2026\/02\/V6A5826-copia-768x512.jpg 768w, https:\/\/congresos.contraelcancer.es\/extremadura\/wp-content\/uploads\/sites\/4\/2026\/02\/V6A5826-copia-113x75.jpg 113w, https:\/\/congresos.contraelcancer.es\/extremadura\/wp-content\/uploads\/sites\/4\/2026\/02\/V6A5826-copia-480x320.jpg 480w\" sizes=\"(max-width:767px) 480px, (max-width:1024px) 100vw, 1024px\" \/><\/a>\n\t\t\t\t<\/dt><\/div><\/dl><dl class='gallery-item'  data-title='_V6A5830 copia' data-description=''><div class='gallery-item-wrapper'>\n\t\t\t\t<dt class='gallery-icon landscape'>\n\t\t\t\t\t<a href='https:\/\/congresos.contraelcancer.es\/extremadura\/wp-content\/uploads\/sites\/4\/2026\/02\/V6A5830-copia-scaled.jpg'><img loading=\"lazy\" decoding=\"async\" width=\"1024\" height=\"683\" src=\"https:\/\/congresos.contraelcancer.es\/extremadura\/wp-content\/uploads\/sites\/4\/2026\/02\/V6A5830-copia-1024x683.jpg\" class=\"attachment-large size-large\" alt=\"\" srcset=\"https:\/\/congresos.contraelcancer.es\/extremadura\/wp-content\/uploads\/sites\/4\/2026\/02\/V6A5830-copia-1024x683.jpg 1024w, https:\/\/congresos.contraelcancer.es\/extremadura\/wp-content\/uploads\/sites\/4\/2026\/02\/V6A5830-copia-300x200.jpg 300w, https:\/\/congresos.contraelcancer.es\/extremadura\/wp-content\/uploads\/sites\/4\/2026\/02\/V6A5830-copia-768x512.jpg 768w, https:\/\/congresos.contraelcancer.es\/extremadura\/wp-content\/uploads\/sites\/4\/2026\/02\/V6A5830-copia-113x75.jpg 113w, https:\/\/congresos.contraelcancer.es\/extremadura\/wp-content\/uploads\/sites\/4\/2026\/02\/V6A5830-copia-480x320.jpg 480w\" sizes=\"(max-width:767px) 480px, (max-width:1024px) 100vw, 1024px\" \/><\/a>\n\t\t\t\t<\/dt><\/div><\/dl><dl class='gallery-item'  data-title='_V6A5846 copia' data-description=''><div class='gallery-item-wrapper'>\n\t\t\t\t<dt class='gallery-icon landscape'>\n\t\t\t\t\t<a href='https:\/\/congresos.contraelcancer.es\/extremadura\/wp-content\/uploads\/sites\/4\/2026\/02\/V6A5846-copia-scaled.jpg'><img loading=\"lazy\" decoding=\"async\" width=\"1024\" height=\"683\" src=\"https:\/\/congresos.contraelcancer.es\/extremadura\/wp-content\/uploads\/sites\/4\/2026\/02\/V6A5846-copia-1024x683.jpg\" class=\"attachment-large size-large\" alt=\"\" srcset=\"https:\/\/congresos.contraelcancer.es\/extremadura\/wp-content\/uploads\/sites\/4\/2026\/02\/V6A5846-copia-1024x683.jpg 1024w, https:\/\/congresos.contraelcancer.es\/extremadura\/wp-content\/uploads\/sites\/4\/2026\/02\/V6A5846-copia-300x200.jpg 300w, https:\/\/congresos.contraelcancer.es\/extremadura\/wp-content\/uploads\/sites\/4\/2026\/02\/V6A5846-copia-768x512.jpg 768w, https:\/\/congresos.contraelcancer.es\/extremadura\/wp-content\/uploads\/sites\/4\/2026\/02\/V6A5846-copia-113x75.jpg 113w, https:\/\/congresos.contraelcancer.es\/extremadura\/wp-content\/uploads\/sites\/4\/2026\/02\/V6A5846-copia-480x320.jpg 480w\" sizes=\"(max-width:767px) 480px, (max-width:1024px) 100vw, 1024px\" \/><\/a>\n\t\t\t\t<\/dt><\/div><\/dl><dl class='gallery-item'  data-title='_V6A5850 copia' data-description=''><div class='gallery-item-wrapper'>\n\t\t\t\t<dt class='gallery-icon landscape'>\n\t\t\t\t\t<a href='https:\/\/congresos.contraelcancer.es\/extremadura\/wp-content\/uploads\/sites\/4\/2026\/02\/V6A5850-copia-scaled.jpg'><img loading=\"lazy\" decoding=\"async\" width=\"1024\" height=\"683\" src=\"https:\/\/congresos.contraelcancer.es\/extremadura\/wp-content\/uploads\/sites\/4\/2026\/02\/V6A5850-copia-1024x683.jpg\" class=\"attachment-large size-large\" alt=\"\" srcset=\"https:\/\/congresos.contraelcancer.es\/extremadura\/wp-content\/uploads\/sites\/4\/2026\/02\/V6A5850-copia-1024x683.jpg 1024w, https:\/\/congresos.contraelcancer.es\/extremadura\/wp-content\/uploads\/sites\/4\/2026\/02\/V6A5850-copia-300x200.jpg 300w, https:\/\/congresos.contraelcancer.es\/extremadura\/wp-content\/uploads\/sites\/4\/2026\/02\/V6A5850-copia-768x512.jpg 768w, https:\/\/congresos.contraelcancer.es\/extremadura\/wp-content\/uploads\/sites\/4\/2026\/02\/V6A5850-copia-113x75.jpg 113w, https:\/\/congresos.contraelcancer.es\/extremadura\/wp-content\/uploads\/sites\/4\/2026\/02\/V6A5850-copia-480x320.jpg 480w\" sizes=\"(max-width:767px) 480px, (max-width:1024px) 100vw, 1024px\" \/><\/a>\n\t\t\t\t<\/dt><\/div><\/dl><br style=\"clear: both\" \/><dl class='gallery-item'  data-title='_V6A5880 copia' data-description=''><div class='gallery-item-wrapper'>\n\t\t\t\t<dt class='gallery-icon landscape'>\n\t\t\t\t\t<a href='https:\/\/congresos.contraelcancer.es\/extremadura\/wp-content\/uploads\/sites\/4\/2026\/02\/V6A5880-copia-scaled.jpg'><img loading=\"lazy\" decoding=\"async\" width=\"1024\" height=\"683\" src=\"https:\/\/congresos.contraelcancer.es\/extremadura\/wp-content\/uploads\/sites\/4\/2026\/02\/V6A5880-copia-1024x683.jpg\" class=\"attachment-large size-large\" alt=\"\" srcset=\"https:\/\/congresos.contraelcancer.es\/extremadura\/wp-content\/uploads\/sites\/4\/2026\/02\/V6A5880-copia-1024x683.jpg 1024w, https:\/\/congresos.contraelcancer.es\/extremadura\/wp-content\/uploads\/sites\/4\/2026\/02\/V6A5880-copia-300x200.jpg 300w, https:\/\/congresos.contraelcancer.es\/extremadura\/wp-content\/uploads\/sites\/4\/2026\/02\/V6A5880-copia-768x512.jpg 768w, https:\/\/congresos.contraelcancer.es\/extremadura\/wp-content\/uploads\/sites\/4\/2026\/02\/V6A5880-copia-113x75.jpg 113w, https:\/\/congresos.contraelcancer.es\/extremadura\/wp-content\/uploads\/sites\/4\/2026\/02\/V6A5880-copia-480x320.jpg 480w\" sizes=\"(max-width:767px) 480px, (max-width:1024px) 100vw, 1024px\" \/><\/a>\n\t\t\t\t<\/dt><\/div><\/dl><dl class='gallery-item'  data-title='_V6A5888 copia' data-description=''><div class='gallery-item-wrapper'>\n\t\t\t\t<dt class='gallery-icon landscape'>\n\t\t\t\t\t<a href='https:\/\/congresos.contraelcancer.es\/extremadura\/wp-content\/uploads\/sites\/4\/2026\/02\/V6A5888-copia-scaled.jpg'><img loading=\"lazy\" decoding=\"async\" width=\"1024\" height=\"683\" src=\"https:\/\/congresos.contraelcancer.es\/extremadura\/wp-content\/uploads\/sites\/4\/2026\/02\/V6A5888-copia-1024x683.jpg\" class=\"attachment-large size-large\" alt=\"\" srcset=\"https:\/\/congresos.contraelcancer.es\/extremadura\/wp-content\/uploads\/sites\/4\/2026\/02\/V6A5888-copia-1024x683.jpg 1024w, https:\/\/congresos.contraelcancer.es\/extremadura\/wp-content\/uploads\/sites\/4\/2026\/02\/V6A5888-copia-300x200.jpg 300w, https:\/\/congresos.contraelcancer.es\/extremadura\/wp-content\/uploads\/sites\/4\/2026\/02\/V6A5888-copia-768x512.jpg 768w, https:\/\/congresos.contraelcancer.es\/extremadura\/wp-content\/uploads\/sites\/4\/2026\/02\/V6A5888-copia-113x75.jpg 113w, https:\/\/congresos.contraelcancer.es\/extremadura\/wp-content\/uploads\/sites\/4\/2026\/02\/V6A5888-copia-480x320.jpg 480w\" sizes=\"(max-width:767px) 480px, (max-width:1024px) 100vw, 1024px\" \/><\/a>\n\t\t\t\t<\/dt><\/div><\/dl><dl class='gallery-item'  data-title='_V6A5891 copia' data-description=''><div class='gallery-item-wrapper'>\n\t\t\t\t<dt class='gallery-icon landscape'>\n\t\t\t\t\t<a href='https:\/\/congresos.contraelcancer.es\/extremadura\/wp-content\/uploads\/sites\/4\/2026\/02\/V6A5891-copia-scaled.jpg'><img loading=\"lazy\" decoding=\"async\" width=\"1024\" height=\"683\" src=\"https:\/\/congresos.contraelcancer.es\/extremadura\/wp-content\/uploads\/sites\/4\/2026\/02\/V6A5891-copia-1024x683.jpg\" class=\"attachment-large size-large\" alt=\"\" srcset=\"https:\/\/congresos.contraelcancer.es\/extremadura\/wp-content\/uploads\/sites\/4\/2026\/02\/V6A5891-copia-1024x683.jpg 1024w, https:\/\/congresos.contraelcancer.es\/extremadura\/wp-content\/uploads\/sites\/4\/2026\/02\/V6A5891-copia-300x200.jpg 300w, https:\/\/congresos.contraelcancer.es\/extremadura\/wp-content\/uploads\/sites\/4\/2026\/02\/V6A5891-copia-768x512.jpg 768w, https:\/\/congresos.contraelcancer.es\/extremadura\/wp-content\/uploads\/sites\/4\/2026\/02\/V6A5891-copia-113x75.jpg 113w, https:\/\/congresos.contraelcancer.es\/extremadura\/wp-content\/uploads\/sites\/4\/2026\/02\/V6A5891-copia-480x320.jpg 480w\" sizes=\"(max-width:767px) 480px, (max-width:1024px) 100vw, 1024px\" \/><\/a>\n\t\t\t\t<\/dt><\/div><\/dl><dl class='gallery-item'  data-title='_V6A5895 copia' data-description=''><div class='gallery-item-wrapper'>\n\t\t\t\t<dt class='gallery-icon landscape'>\n\t\t\t\t\t<a href='https:\/\/congresos.contraelcancer.es\/extremadura\/wp-content\/uploads\/sites\/4\/2026\/02\/V6A5895-copia-scaled.jpg'><img loading=\"lazy\" decoding=\"async\" width=\"1024\" height=\"683\" src=\"https:\/\/congresos.contraelcancer.es\/extremadura\/wp-content\/uploads\/sites\/4\/2026\/02\/V6A5895-copia-1024x683.jpg\" class=\"attachment-large size-large\" alt=\"\" srcset=\"https:\/\/congresos.contraelcancer.es\/extremadura\/wp-content\/uploads\/sites\/4\/2026\/02\/V6A5895-copia-1024x683.jpg 1024w, https:\/\/congresos.contraelcancer.es\/extremadura\/wp-content\/uploads\/sites\/4\/2026\/02\/V6A5895-copia-300x200.jpg 300w, https:\/\/congresos.contraelcancer.es\/extremadura\/wp-content\/uploads\/sites\/4\/2026\/02\/V6A5895-copia-768x512.jpg 768w, https:\/\/congresos.contraelcancer.es\/extremadura\/wp-content\/uploads\/sites\/4\/2026\/02\/V6A5895-copia-113x75.jpg 113w, https:\/\/congresos.contraelcancer.es\/extremadura\/wp-content\/uploads\/sites\/4\/2026\/02\/V6A5895-copia-480x320.jpg 480w\" sizes=\"(max-width:767px) 480px, (max-width:1024px) 100vw, 1024px\" \/><\/a>\n\t\t\t\t<\/dt><\/div><\/dl><br style=\"clear: both\" \/><dl class='gallery-item'  data-title='_V6A5896 copia' data-description=''><div class='gallery-item-wrapper'>\n\t\t\t\t<dt class='gallery-icon landscape'>\n\t\t\t\t\t<a href='https:\/\/congresos.contraelcancer.es\/extremadura\/wp-content\/uploads\/sites\/4\/2026\/02\/V6A5896-copia-scaled.jpg'><img loading=\"lazy\" decoding=\"async\" width=\"1024\" height=\"683\" src=\"https:\/\/congresos.contraelcancer.es\/extremadura\/wp-content\/uploads\/sites\/4\/2026\/02\/V6A5896-copia-1024x683.jpg\" class=\"attachment-large size-large\" alt=\"\" srcset=\"https:\/\/congresos.contraelcancer.es\/extremadura\/wp-content\/uploads\/sites\/4\/2026\/02\/V6A5896-copia-1024x683.jpg 1024w, https:\/\/congresos.contraelcancer.es\/extremadura\/wp-content\/uploads\/sites\/4\/2026\/02\/V6A5896-copia-300x200.jpg 300w, https:\/\/congresos.contraelcancer.es\/extremadura\/wp-content\/uploads\/sites\/4\/2026\/02\/V6A5896-copia-768x512.jpg 768w, https:\/\/congresos.contraelcancer.es\/extremadura\/wp-content\/uploads\/sites\/4\/2026\/02\/V6A5896-copia-113x75.jpg 113w, https:\/\/congresos.contraelcancer.es\/extremadura\/wp-content\/uploads\/sites\/4\/2026\/02\/V6A5896-copia-480x320.jpg 480w\" sizes=\"(max-width:767px) 480px, (max-width:1024px) 100vw, 1024px\" \/><\/a>\n\t\t\t\t<\/dt><\/div><\/dl><dl class='gallery-item'  data-title='_V6A5914 copia' data-description=''><div class='gallery-item-wrapper'>\n\t\t\t\t<dt class='gallery-icon landscape'>\n\t\t\t\t\t<a href='https:\/\/congresos.contraelcancer.es\/extremadura\/wp-content\/uploads\/sites\/4\/2026\/02\/V6A5914-copia-scaled.jpg'><img loading=\"lazy\" decoding=\"async\" width=\"1024\" height=\"683\" src=\"https:\/\/congresos.contraelcancer.es\/extremadura\/wp-content\/uploads\/sites\/4\/2026\/02\/V6A5914-copia-1024x683.jpg\" class=\"attachment-large size-large\" alt=\"\" srcset=\"https:\/\/congresos.contraelcancer.es\/extremadura\/wp-content\/uploads\/sites\/4\/2026\/02\/V6A5914-copia-1024x683.jpg 1024w, https:\/\/congresos.contraelcancer.es\/extremadura\/wp-content\/uploads\/sites\/4\/2026\/02\/V6A5914-copia-300x200.jpg 300w, https:\/\/congresos.contraelcancer.es\/extremadura\/wp-content\/uploads\/sites\/4\/2026\/02\/V6A5914-copia-768x512.jpg 768w, https:\/\/congresos.contraelcancer.es\/extremadura\/wp-content\/uploads\/sites\/4\/2026\/02\/V6A5914-copia-113x75.jpg 113w, https:\/\/congresos.contraelcancer.es\/extremadura\/wp-content\/uploads\/sites\/4\/2026\/02\/V6A5914-copia-480x320.jpg 480w\" sizes=\"(max-width:767px) 480px, (max-width:1024px) 100vw, 1024px\" \/><\/a>\n\t\t\t\t<\/dt><\/div><\/dl><dl class='gallery-item'  data-title='_V6A5927 copia' data-description=''><div class='gallery-item-wrapper'>\n\t\t\t\t<dt class='gallery-icon landscape'>\n\t\t\t\t\t<a href='https:\/\/congresos.contraelcancer.es\/extremadura\/wp-content\/uploads\/sites\/4\/2026\/02\/V6A5927-copia-scaled.jpg'><img loading=\"lazy\" decoding=\"async\" width=\"1024\" height=\"683\" src=\"https:\/\/congresos.contraelcancer.es\/extremadura\/wp-content\/uploads\/sites\/4\/2026\/02\/V6A5927-copia-1024x683.jpg\" class=\"attachment-large size-large\" alt=\"\" srcset=\"https:\/\/congresos.contraelcancer.es\/extremadura\/wp-content\/uploads\/sites\/4\/2026\/02\/V6A5927-copia-1024x683.jpg 1024w, https:\/\/congresos.contraelcancer.es\/extremadura\/wp-content\/uploads\/sites\/4\/2026\/02\/V6A5927-copia-300x200.jpg 300w, https:\/\/congresos.contraelcancer.es\/extremadura\/wp-content\/uploads\/sites\/4\/2026\/02\/V6A5927-copia-768x512.jpg 768w, https:\/\/congresos.contraelcancer.es\/extremadura\/wp-content\/uploads\/sites\/4\/2026\/02\/V6A5927-copia-113x75.jpg 113w, https:\/\/congresos.contraelcancer.es\/extremadura\/wp-content\/uploads\/sites\/4\/2026\/02\/V6A5927-copia-480x320.jpg 480w\" sizes=\"(max-width:767px) 480px, (max-width:1024px) 100vw, 1024px\" \/><\/a>\n\t\t\t\t<\/dt><\/div><\/dl><dl class='gallery-item'  data-title='_V6A5969 copia' data-description=''><div class='gallery-item-wrapper'>\n\t\t\t\t<dt class='gallery-icon landscape'>\n\t\t\t\t\t<a href='https:\/\/congresos.contraelcancer.es\/extremadura\/wp-content\/uploads\/sites\/4\/2026\/02\/V6A5969-copia-scaled.jpg'><img loading=\"lazy\" decoding=\"async\" width=\"1024\" height=\"683\" src=\"https:\/\/congresos.contraelcancer.es\/extremadura\/wp-content\/uploads\/sites\/4\/2026\/02\/V6A5969-copia-1024x683.jpg\" class=\"attachment-large size-large\" alt=\"\" srcset=\"https:\/\/congresos.contraelcancer.es\/extremadura\/wp-content\/uploads\/sites\/4\/2026\/02\/V6A5969-copia-1024x683.jpg 1024w, https:\/\/congresos.contraelcancer.es\/extremadura\/wp-content\/uploads\/sites\/4\/2026\/02\/V6A5969-copia-300x200.jpg 300w, https:\/\/congresos.contraelcancer.es\/extremadura\/wp-content\/uploads\/sites\/4\/2026\/02\/V6A5969-copia-768x512.jpg 768w, https:\/\/congresos.contraelcancer.es\/extremadura\/wp-content\/uploads\/sites\/4\/2026\/02\/V6A5969-copia-113x75.jpg 113w, https:\/\/congresos.contraelcancer.es\/extremadura\/wp-content\/uploads\/sites\/4\/2026\/02\/V6A5969-copia-480x320.jpg 480w\" sizes=\"(max-width:767px) 480px, (max-width:1024px) 100vw, 1024px\" \/><\/a>\n\t\t\t\t<\/dt><\/div><\/dl><br style=\"clear: both\" \/><dl class='gallery-item'  data-title='_V6A5977 copia' data-description=''><div class='gallery-item-wrapper'>\n\t\t\t\t<dt class='gallery-icon landscape'>\n\t\t\t\t\t<a href='https:\/\/congresos.contraelcancer.es\/extremadura\/wp-content\/uploads\/sites\/4\/2026\/02\/V6A5977-copia-scaled.jpg'><img loading=\"lazy\" decoding=\"async\" width=\"1024\" height=\"819\" src=\"https:\/\/congresos.contraelcancer.es\/extremadura\/wp-content\/uploads\/sites\/4\/2026\/02\/V6A5977-copia-1024x819.jpg\" class=\"attachment-large size-large\" alt=\"\" srcset=\"https:\/\/congresos.contraelcancer.es\/extremadura\/wp-content\/uploads\/sites\/4\/2026\/02\/V6A5977-copia-1024x819.jpg 1024w, https:\/\/congresos.contraelcancer.es\/extremadura\/wp-content\/uploads\/sites\/4\/2026\/02\/V6A5977-copia-300x240.jpg 300w, https:\/\/congresos.contraelcancer.es\/extremadura\/wp-content\/uploads\/sites\/4\/2026\/02\/V6A5977-copia-768x615.jpg 768w, https:\/\/congresos.contraelcancer.es\/extremadura\/wp-content\/uploads\/sites\/4\/2026\/02\/V6A5977-copia-94x75.jpg 94w, https:\/\/congresos.contraelcancer.es\/extremadura\/wp-content\/uploads\/sites\/4\/2026\/02\/V6A5977-copia-480x384.jpg 480w\" sizes=\"(max-width:767px) 480px, (max-width:1024px) 100vw, 1024px\" \/><\/a>\n\t\t\t\t<\/dt><\/div><\/dl><dl class='gallery-item'  data-title='_V6A6012 copia' data-description=''><div class='gallery-item-wrapper'>\n\t\t\t\t<dt class='gallery-icon landscape'>\n\t\t\t\t\t<a href='https:\/\/congresos.contraelcancer.es\/extremadura\/wp-content\/uploads\/sites\/4\/2026\/02\/V6A6012-copia-scaled.jpg'><img loading=\"lazy\" decoding=\"async\" width=\"1024\" height=\"683\" src=\"https:\/\/congresos.contraelcancer.es\/extremadura\/wp-content\/uploads\/sites\/4\/2026\/02\/V6A6012-copia-1024x683.jpg\" class=\"attachment-large size-large\" alt=\"\" srcset=\"https:\/\/congresos.contraelcancer.es\/extremadura\/wp-content\/uploads\/sites\/4\/2026\/02\/V6A6012-copia-1024x683.jpg 1024w, https:\/\/congresos.contraelcancer.es\/extremadura\/wp-content\/uploads\/sites\/4\/2026\/02\/V6A6012-copia-300x200.jpg 300w, https:\/\/congresos.contraelcancer.es\/extremadura\/wp-content\/uploads\/sites\/4\/2026\/02\/V6A6012-copia-768x512.jpg 768w, https:\/\/congresos.contraelcancer.es\/extremadura\/wp-content\/uploads\/sites\/4\/2026\/02\/V6A6012-copia-113x75.jpg 113w, https:\/\/congresos.contraelcancer.es\/extremadura\/wp-content\/uploads\/sites\/4\/2026\/02\/V6A6012-copia-480x320.jpg 480w\" sizes=\"(max-width:767px) 480px, (max-width:1024px) 100vw, 1024px\" \/><\/a>\n\t\t\t\t<\/dt><\/div><\/dl><dl class='gallery-item'  data-title='_V6A6014 copia' data-description=''><div class='gallery-item-wrapper'>\n\t\t\t\t<dt class='gallery-icon landscape'>\n\t\t\t\t\t<a href='https:\/\/congresos.contraelcancer.es\/extremadura\/wp-content\/uploads\/sites\/4\/2026\/02\/V6A6014-copia-scaled.jpg'><img loading=\"lazy\" decoding=\"async\" width=\"1024\" height=\"683\" src=\"https:\/\/congresos.contraelcancer.es\/extremadura\/wp-content\/uploads\/sites\/4\/2026\/02\/V6A6014-copia-1024x683.jpg\" class=\"attachment-large size-large\" alt=\"\" srcset=\"https:\/\/congresos.contraelcancer.es\/extremadura\/wp-content\/uploads\/sites\/4\/2026\/02\/V6A6014-copia-1024x683.jpg 1024w, https:\/\/congresos.contraelcancer.es\/extremadura\/wp-content\/uploads\/sites\/4\/2026\/02\/V6A6014-copia-300x200.jpg 300w, https:\/\/congresos.contraelcancer.es\/extremadura\/wp-content\/uploads\/sites\/4\/2026\/02\/V6A6014-copia-768x512.jpg 768w, https:\/\/congresos.contraelcancer.es\/extremadura\/wp-content\/uploads\/sites\/4\/2026\/02\/V6A6014-copia-113x75.jpg 113w, https:\/\/congresos.contraelcancer.es\/extremadura\/wp-content\/uploads\/sites\/4\/2026\/02\/V6A6014-copia-480x320.jpg 480w\" sizes=\"(max-width:767px) 480px, (max-width:1024px) 100vw, 1024px\" \/><\/a>\n\t\t\t\t<\/dt><\/div><\/dl><dl class='gallery-item'  data-title='_V6A6022 copia' data-description=''><div class='gallery-item-wrapper'>\n\t\t\t\t<dt class='gallery-icon landscape'>\n\t\t\t\t\t<a href='https:\/\/congresos.contraelcancer.es\/extremadura\/wp-content\/uploads\/sites\/4\/2026\/02\/V6A6022-copia-scaled.jpg'><img loading=\"lazy\" decoding=\"async\" width=\"1024\" height=\"683\" src=\"https:\/\/congresos.contraelcancer.es\/extremadura\/wp-content\/uploads\/sites\/4\/2026\/02\/V6A6022-copia-1024x683.jpg\" class=\"attachment-large size-large\" alt=\"\" srcset=\"https:\/\/congresos.contraelcancer.es\/extremadura\/wp-content\/uploads\/sites\/4\/2026\/02\/V6A6022-copia-1024x683.jpg 1024w, https:\/\/congresos.contraelcancer.es\/extremadura\/wp-content\/uploads\/sites\/4\/2026\/02\/V6A6022-copia-300x200.jpg 300w, https:\/\/congresos.contraelcancer.es\/extremadura\/wp-content\/uploads\/sites\/4\/2026\/02\/V6A6022-copia-768x512.jpg 768w, https:\/\/congresos.contraelcancer.es\/extremadura\/wp-content\/uploads\/sites\/4\/2026\/02\/V6A6022-copia-113x75.jpg 113w, https:\/\/congresos.contraelcancer.es\/extremadura\/wp-content\/uploads\/sites\/4\/2026\/02\/V6A6022-copia-480x320.jpg 480w\" sizes=\"(max-width:767px) 480px, (max-width:1024px) 100vw, 1024px\" \/><\/a>\n\t\t\t\t<\/dt><\/div><\/dl><br style=\"clear: both\" \/><dl class='gallery-item'  data-title='_V6A6024 copia' data-description=''><div class='gallery-item-wrapper'>\n\t\t\t\t<dt class='gallery-icon landscape'>\n\t\t\t\t\t<a href='https:\/\/congresos.contraelcancer.es\/extremadura\/wp-content\/uploads\/sites\/4\/2026\/02\/V6A6024-copia-scaled.jpg'><img loading=\"lazy\" decoding=\"async\" width=\"1024\" height=\"683\" src=\"https:\/\/congresos.contraelcancer.es\/extremadura\/wp-content\/uploads\/sites\/4\/2026\/02\/V6A6024-copia-1024x683.jpg\" class=\"attachment-large size-large\" alt=\"\" srcset=\"https:\/\/congresos.contraelcancer.es\/extremadura\/wp-content\/uploads\/sites\/4\/2026\/02\/V6A6024-copia-1024x683.jpg 1024w, https:\/\/congresos.contraelcancer.es\/extremadura\/wp-content\/uploads\/sites\/4\/2026\/02\/V6A6024-copia-300x200.jpg 300w, https:\/\/congresos.contraelcancer.es\/extremadura\/wp-content\/uploads\/sites\/4\/2026\/02\/V6A6024-copia-768x512.jpg 768w, https:\/\/congresos.contraelcancer.es\/extremadura\/wp-content\/uploads\/sites\/4\/2026\/02\/V6A6024-copia-113x75.jpg 113w, https:\/\/congresos.contraelcancer.es\/extremadura\/wp-content\/uploads\/sites\/4\/2026\/02\/V6A6024-copia-480x320.jpg 480w\" sizes=\"(max-width:767px) 480px, (max-width:1024px) 100vw, 1024px\" \/><\/a>\n\t\t\t\t<\/dt><\/div><\/dl><dl class='gallery-item'  data-title='_V6A6031 copia' data-description=''><div class='gallery-item-wrapper'>\n\t\t\t\t<dt class='gallery-icon landscape'>\n\t\t\t\t\t<a href='https:\/\/congresos.contraelcancer.es\/extremadura\/wp-content\/uploads\/sites\/4\/2026\/02\/V6A6031-copia-scaled.jpg'><img loading=\"lazy\" decoding=\"async\" width=\"1024\" height=\"683\" src=\"https:\/\/congresos.contraelcancer.es\/extremadura\/wp-content\/uploads\/sites\/4\/2026\/02\/V6A6031-copia-1024x683.jpg\" class=\"attachment-large size-large\" alt=\"\" srcset=\"https:\/\/congresos.contraelcancer.es\/extremadura\/wp-content\/uploads\/sites\/4\/2026\/02\/V6A6031-copia-1024x683.jpg 1024w, https:\/\/congresos.contraelcancer.es\/extremadura\/wp-content\/uploads\/sites\/4\/2026\/02\/V6A6031-copia-300x200.jpg 300w, https:\/\/congresos.contraelcancer.es\/extremadura\/wp-content\/uploads\/sites\/4\/2026\/02\/V6A6031-copia-768x512.jpg 768w, https:\/\/congresos.contraelcancer.es\/extremadura\/wp-content\/uploads\/sites\/4\/2026\/02\/V6A6031-copia-113x75.jpg 113w, https:\/\/congresos.contraelcancer.es\/extremadura\/wp-content\/uploads\/sites\/4\/2026\/02\/V6A6031-copia-480x320.jpg 480w\" sizes=\"(max-width:767px) 480px, (max-width:1024px) 100vw, 1024px\" \/><\/a>\n\t\t\t\t<\/dt><\/div><\/dl><dl class='gallery-item'  data-title='_V6A6064 copia' data-description=''><div class='gallery-item-wrapper'>\n\t\t\t\t<dt class='gallery-icon landscape'>\n\t\t\t\t\t<a href='https:\/\/congresos.contraelcancer.es\/extremadura\/wp-content\/uploads\/sites\/4\/2026\/02\/V6A6064-copia-scaled.jpg'><img loading=\"lazy\" decoding=\"async\" width=\"1024\" height=\"683\" src=\"https:\/\/congresos.contraelcancer.es\/extremadura\/wp-content\/uploads\/sites\/4\/2026\/02\/V6A6064-copia-1024x683.jpg\" class=\"attachment-large size-large\" alt=\"\" srcset=\"https:\/\/congresos.contraelcancer.es\/extremadura\/wp-content\/uploads\/sites\/4\/2026\/02\/V6A6064-copia-1024x683.jpg 1024w, https:\/\/congresos.contraelcancer.es\/extremadura\/wp-content\/uploads\/sites\/4\/2026\/02\/V6A6064-copia-300x200.jpg 300w, https:\/\/congresos.contraelcancer.es\/extremadura\/wp-content\/uploads\/sites\/4\/2026\/02\/V6A6064-copia-768x512.jpg 768w, https:\/\/congresos.contraelcancer.es\/extremadura\/wp-content\/uploads\/sites\/4\/2026\/02\/V6A6064-copia-113x75.jpg 113w, https:\/\/congresos.contraelcancer.es\/extremadura\/wp-content\/uploads\/sites\/4\/2026\/02\/V6A6064-copia-480x320.jpg 480w\" sizes=\"(max-width:767px) 480px, (max-width:1024px) 100vw, 1024px\" \/><\/a>\n\t\t\t\t<\/dt><\/div><\/dl><dl class='gallery-item'  data-title='_V6A6068 copia' data-description=''><div class='gallery-item-wrapper'>\n\t\t\t\t<dt class='gallery-icon landscape'>\n\t\t\t\t\t<a href='https:\/\/congresos.contraelcancer.es\/extremadura\/wp-content\/uploads\/sites\/4\/2026\/02\/V6A6068-copia-scaled.jpg'><img loading=\"lazy\" decoding=\"async\" width=\"1024\" height=\"683\" src=\"https:\/\/congresos.contraelcancer.es\/extremadura\/wp-content\/uploads\/sites\/4\/2026\/02\/V6A6068-copia-1024x683.jpg\" class=\"attachment-large size-large\" alt=\"\" srcset=\"https:\/\/congresos.contraelcancer.es\/extremadura\/wp-content\/uploads\/sites\/4\/2026\/02\/V6A6068-copia-1024x683.jpg 1024w, https:\/\/congresos.contraelcancer.es\/extremadura\/wp-content\/uploads\/sites\/4\/2026\/02\/V6A6068-copia-300x200.jpg 300w, https:\/\/congresos.contraelcancer.es\/extremadura\/wp-content\/uploads\/sites\/4\/2026\/02\/V6A6068-copia-768x512.jpg 768w, https:\/\/congresos.contraelcancer.es\/extremadura\/wp-content\/uploads\/sites\/4\/2026\/02\/V6A6068-copia-113x75.jpg 113w, https:\/\/congresos.contraelcancer.es\/extremadura\/wp-content\/uploads\/sites\/4\/2026\/02\/V6A6068-copia-480x320.jpg 480w\" sizes=\"(max-width:767px) 480px, (max-width:1024px) 100vw, 1024px\" \/><\/a>\n\t\t\t\t<\/dt><\/div><\/dl><br style=\"clear: both\" \/><dl class='gallery-item'  data-title='_V6A6072 copia' data-description=''><div class='gallery-item-wrapper'>\n\t\t\t\t<dt class='gallery-icon landscape'>\n\t\t\t\t\t<a href='https:\/\/congresos.contraelcancer.es\/extremadura\/wp-content\/uploads\/sites\/4\/2026\/02\/V6A6072-copia-scaled.jpg'><img loading=\"lazy\" decoding=\"async\" width=\"1024\" height=\"819\" src=\"https:\/\/congresos.contraelcancer.es\/extremadura\/wp-content\/uploads\/sites\/4\/2026\/02\/V6A6072-copia-1024x819.jpg\" class=\"attachment-large size-large\" alt=\"\" srcset=\"https:\/\/congresos.contraelcancer.es\/extremadura\/wp-content\/uploads\/sites\/4\/2026\/02\/V6A6072-copia-1024x819.jpg 1024w, https:\/\/congresos.contraelcancer.es\/extremadura\/wp-content\/uploads\/sites\/4\/2026\/02\/V6A6072-copia-300x240.jpg 300w, https:\/\/congresos.contraelcancer.es\/extremadura\/wp-content\/uploads\/sites\/4\/2026\/02\/V6A6072-copia-768x615.jpg 768w, https:\/\/congresos.contraelcancer.es\/extremadura\/wp-content\/uploads\/sites\/4\/2026\/02\/V6A6072-copia-94x75.jpg 94w, https:\/\/congresos.contraelcancer.es\/extremadura\/wp-content\/uploads\/sites\/4\/2026\/02\/V6A6072-copia-480x384.jpg 480w\" sizes=\"(max-width:767px) 480px, (max-width:1024px) 100vw, 1024px\" \/><\/a>\n\t\t\t\t<\/dt><\/div><\/dl><dl class='gallery-item'  data-title='_V6A6084 copia' data-description=''><div class='gallery-item-wrapper'>\n\t\t\t\t<dt class='gallery-icon landscape'>\n\t\t\t\t\t<a href='https:\/\/congresos.contraelcancer.es\/extremadura\/wp-content\/uploads\/sites\/4\/2026\/02\/V6A6084-copia-scaled.jpg'><img loading=\"lazy\" decoding=\"async\" width=\"1024\" height=\"683\" src=\"https:\/\/congresos.contraelcancer.es\/extremadura\/wp-content\/uploads\/sites\/4\/2026\/02\/V6A6084-copia-1024x683.jpg\" class=\"attachment-large size-large\" alt=\"\" srcset=\"https:\/\/congresos.contraelcancer.es\/extremadura\/wp-content\/uploads\/sites\/4\/2026\/02\/V6A6084-copia-1024x683.jpg 1024w, https:\/\/congresos.contraelcancer.es\/extremadura\/wp-content\/uploads\/sites\/4\/2026\/02\/V6A6084-copia-300x200.jpg 300w, https:\/\/congresos.contraelcancer.es\/extremadura\/wp-content\/uploads\/sites\/4\/2026\/02\/V6A6084-copia-768x512.jpg 768w, https:\/\/congresos.contraelcancer.es\/extremadura\/wp-content\/uploads\/sites\/4\/2026\/02\/V6A6084-copia-113x75.jpg 113w, https:\/\/congresos.contraelcancer.es\/extremadura\/wp-content\/uploads\/sites\/4\/2026\/02\/V6A6084-copia-480x320.jpg 480w\" sizes=\"(max-width:767px) 480px, (max-width:1024px) 100vw, 1024px\" \/><\/a>\n\t\t\t\t<\/dt><\/div><\/dl><dl class='gallery-item'  data-title='_V6A6089 copia' data-description=''><div class='gallery-item-wrapper'>\n\t\t\t\t<dt class='gallery-icon portrait'>\n\t\t\t\t\t<a href='https:\/\/congresos.contraelcancer.es\/extremadura\/wp-content\/uploads\/sites\/4\/2026\/02\/V6A6089-copia-scaled.jpg'><img loading=\"lazy\" decoding=\"async\" width=\"683\" height=\"1024\" src=\"https:\/\/congresos.contraelcancer.es\/extremadura\/wp-content\/uploads\/sites\/4\/2026\/02\/V6A6089-copia-683x1024.jpg\" class=\"attachment-large size-large\" alt=\"\" srcset=\"https:\/\/congresos.contraelcancer.es\/extremadura\/wp-content\/uploads\/sites\/4\/2026\/02\/V6A6089-copia-683x1024.jpg 683w, https:\/\/congresos.contraelcancer.es\/extremadura\/wp-content\/uploads\/sites\/4\/2026\/02\/V6A6089-copia-200x300.jpg 200w, https:\/\/congresos.contraelcancer.es\/extremadura\/wp-content\/uploads\/sites\/4\/2026\/02\/V6A6089-copia-50x75.jpg 50w, https:\/\/congresos.contraelcancer.es\/extremadura\/wp-content\/uploads\/sites\/4\/2026\/02\/V6A6089-copia-480x720.jpg 480w\" sizes=\"(max-width:767px) 480px, 683px\" \/><\/a>\n\t\t\t\t<\/dt><\/div><\/dl><dl class='gallery-item'  data-title='_V6A6090 copia' data-description=''><div class='gallery-item-wrapper'>\n\t\t\t\t<dt class='gallery-icon landscape'>\n\t\t\t\t\t<a href='https:\/\/congresos.contraelcancer.es\/extremadura\/wp-content\/uploads\/sites\/4\/2026\/02\/V6A6090-copia-scaled.jpg'><img loading=\"lazy\" decoding=\"async\" width=\"1024\" height=\"683\" src=\"https:\/\/congresos.contraelcancer.es\/extremadura\/wp-content\/uploads\/sites\/4\/2026\/02\/V6A6090-copia-1024x683.jpg\" class=\"attachment-large size-large\" alt=\"\" srcset=\"https:\/\/congresos.contraelcancer.es\/extremadura\/wp-content\/uploads\/sites\/4\/2026\/02\/V6A6090-copia-1024x683.jpg 1024w, https:\/\/congresos.contraelcancer.es\/extremadura\/wp-content\/uploads\/sites\/4\/2026\/02\/V6A6090-copia-300x200.jpg 300w, https:\/\/congresos.contraelcancer.es\/extremadura\/wp-content\/uploads\/sites\/4\/2026\/02\/V6A6090-copia-768x512.jpg 768w, https:\/\/congresos.contraelcancer.es\/extremadura\/wp-content\/uploads\/sites\/4\/2026\/02\/V6A6090-copia-113x75.jpg 113w, https:\/\/congresos.contraelcancer.es\/extremadura\/wp-content\/uploads\/sites\/4\/2026\/02\/V6A6090-copia-480x320.jpg 480w\" sizes=\"(max-width:767px) 480px, (max-width:1024px) 100vw, 1024px\" \/><\/a>\n\t\t\t\t<\/dt><\/div><\/dl><br style=\"clear: both\" \/><dl class='gallery-item'  data-title='_V6A6093 copia' data-description=''><div class='gallery-item-wrapper'>\n\t\t\t\t<dt class='gallery-icon landscape'>\n\t\t\t\t\t<a href='https:\/\/congresos.contraelcancer.es\/extremadura\/wp-content\/uploads\/sites\/4\/2026\/02\/V6A6093-copia-scaled.jpg'><img loading=\"lazy\" decoding=\"async\" width=\"1024\" height=\"683\" src=\"https:\/\/congresos.contraelcancer.es\/extremadura\/wp-content\/uploads\/sites\/4\/2026\/02\/V6A6093-copia-1024x683.jpg\" class=\"attachment-large size-large\" alt=\"\" srcset=\"https:\/\/congresos.contraelcancer.es\/extremadura\/wp-content\/uploads\/sites\/4\/2026\/02\/V6A6093-copia-1024x683.jpg 1024w, https:\/\/congresos.contraelcancer.es\/extremadura\/wp-content\/uploads\/sites\/4\/2026\/02\/V6A6093-copia-300x200.jpg 300w, https:\/\/congresos.contraelcancer.es\/extremadura\/wp-content\/uploads\/sites\/4\/2026\/02\/V6A6093-copia-768x512.jpg 768w, https:\/\/congresos.contraelcancer.es\/extremadura\/wp-content\/uploads\/sites\/4\/2026\/02\/V6A6093-copia-113x75.jpg 113w, https:\/\/congresos.contraelcancer.es\/extremadura\/wp-content\/uploads\/sites\/4\/2026\/02\/V6A6093-copia-480x320.jpg 480w\" sizes=\"(max-width:767px) 480px, (max-width:1024px) 100vw, 1024px\" \/><\/a>\n\t\t\t\t<\/dt><\/div><\/dl><dl class='gallery-item'  data-title='_V6A6096 copia' data-description=''><div class='gallery-item-wrapper'>\n\t\t\t\t<dt class='gallery-icon landscape'>\n\t\t\t\t\t<a href='https:\/\/congresos.contraelcancer.es\/extremadura\/wp-content\/uploads\/sites\/4\/2026\/02\/V6A6096-copia-scaled.jpg'><img loading=\"lazy\" decoding=\"async\" width=\"1024\" height=\"683\" src=\"https:\/\/congresos.contraelcancer.es\/extremadura\/wp-content\/uploads\/sites\/4\/2026\/02\/V6A6096-copia-1024x683.jpg\" class=\"attachment-large size-large\" alt=\"\" srcset=\"https:\/\/congresos.contraelcancer.es\/extremadura\/wp-content\/uploads\/sites\/4\/2026\/02\/V6A6096-copia-1024x683.jpg 1024w, https:\/\/congresos.contraelcancer.es\/extremadura\/wp-content\/uploads\/sites\/4\/2026\/02\/V6A6096-copia-300x200.jpg 300w, https:\/\/congresos.contraelcancer.es\/extremadura\/wp-content\/uploads\/sites\/4\/2026\/02\/V6A6096-copia-768x512.jpg 768w, https:\/\/congresos.contraelcancer.es\/extremadura\/wp-content\/uploads\/sites\/4\/2026\/02\/V6A6096-copia-113x75.jpg 113w, https:\/\/congresos.contraelcancer.es\/extremadura\/wp-content\/uploads\/sites\/4\/2026\/02\/V6A6096-copia-480x320.jpg 480w\" sizes=\"(max-width:767px) 480px, (max-width:1024px) 100vw, 1024px\" \/><\/a>\n\t\t\t\t<\/dt><\/div><\/dl><dl class='gallery-item'  data-title='_V6A6101 copia' data-description=''><div class='gallery-item-wrapper'>\n\t\t\t\t<dt class='gallery-icon landscape'>\n\t\t\t\t\t<a href='https:\/\/congresos.contraelcancer.es\/extremadura\/wp-content\/uploads\/sites\/4\/2026\/02\/V6A6101-copia-scaled.jpg'><img loading=\"lazy\" decoding=\"async\" width=\"1024\" height=\"819\" src=\"https:\/\/congresos.contraelcancer.es\/extremadura\/wp-content\/uploads\/sites\/4\/2026\/02\/V6A6101-copia-1024x819.jpg\" class=\"attachment-large size-large\" alt=\"\" srcset=\"https:\/\/congresos.contraelcancer.es\/extremadura\/wp-content\/uploads\/sites\/4\/2026\/02\/V6A6101-copia-1024x819.jpg 1024w, https:\/\/congresos.contraelcancer.es\/extremadura\/wp-content\/uploads\/sites\/4\/2026\/02\/V6A6101-copia-300x240.jpg 300w, https:\/\/congresos.contraelcancer.es\/extremadura\/wp-content\/uploads\/sites\/4\/2026\/02\/V6A6101-copia-768x615.jpg 768w, https:\/\/congresos.contraelcancer.es\/extremadura\/wp-content\/uploads\/sites\/4\/2026\/02\/V6A6101-copia-94x75.jpg 94w, https:\/\/congresos.contraelcancer.es\/extremadura\/wp-content\/uploads\/sites\/4\/2026\/02\/V6A6101-copia-480x384.jpg 480w\" sizes=\"(max-width:767px) 480px, (max-width:1024px) 100vw, 1024px\" \/><\/a>\n\t\t\t\t<\/dt><\/div><\/dl><dl class='gallery-item'  data-title='_V6A6109 copia' data-description=''><div class='gallery-item-wrapper'>\n\t\t\t\t<dt class='gallery-icon landscape'>\n\t\t\t\t\t<a href='https:\/\/congresos.contraelcancer.es\/extremadura\/wp-content\/uploads\/sites\/4\/2026\/02\/V6A6109-copia-scaled.jpg'><img loading=\"lazy\" decoding=\"async\" width=\"1024\" height=\"683\" src=\"https:\/\/congresos.contraelcancer.es\/extremadura\/wp-content\/uploads\/sites\/4\/2026\/02\/V6A6109-copia-1024x683.jpg\" class=\"attachment-large size-large\" alt=\"\" srcset=\"https:\/\/congresos.contraelcancer.es\/extremadura\/wp-content\/uploads\/sites\/4\/2026\/02\/V6A6109-copia-1024x683.jpg 1024w, https:\/\/congresos.contraelcancer.es\/extremadura\/wp-content\/uploads\/sites\/4\/2026\/02\/V6A6109-copia-300x200.jpg 300w, https:\/\/congresos.contraelcancer.es\/extremadura\/wp-content\/uploads\/sites\/4\/2026\/02\/V6A6109-copia-768x512.jpg 768w, https:\/\/congresos.contraelcancer.es\/extremadura\/wp-content\/uploads\/sites\/4\/2026\/02\/V6A6109-copia-113x75.jpg 113w, https:\/\/congresos.contraelcancer.es\/extremadura\/wp-content\/uploads\/sites\/4\/2026\/02\/V6A6109-copia-480x320.jpg 480w\" sizes=\"(max-width:767px) 480px, (max-width:1024px) 100vw, 1024px\" \/><\/a>\n\t\t\t\t<\/dt><\/div><\/dl><br style=\"clear: both\" \/><dl class='gallery-item'  data-title='_V6A6111 copia' data-description=''><div class='gallery-item-wrapper'>\n\t\t\t\t<dt class='gallery-icon landscape'>\n\t\t\t\t\t<a href='https:\/\/congresos.contraelcancer.es\/extremadura\/wp-content\/uploads\/sites\/4\/2026\/02\/V6A6111-copia-scaled.jpg'><img loading=\"lazy\" decoding=\"async\" width=\"1024\" height=\"683\" src=\"https:\/\/congresos.contraelcancer.es\/extremadura\/wp-content\/uploads\/sites\/4\/2026\/02\/V6A6111-copia-1024x683.jpg\" class=\"attachment-large size-large\" alt=\"\" srcset=\"https:\/\/congresos.contraelcancer.es\/extremadura\/wp-content\/uploads\/sites\/4\/2026\/02\/V6A6111-copia-1024x683.jpg 1024w, https:\/\/congresos.contraelcancer.es\/extremadura\/wp-content\/uploads\/sites\/4\/2026\/02\/V6A6111-copia-300x200.jpg 300w, https:\/\/congresos.contraelcancer.es\/extremadura\/wp-content\/uploads\/sites\/4\/2026\/02\/V6A6111-copia-768x512.jpg 768w, https:\/\/congresos.contraelcancer.es\/extremadura\/wp-content\/uploads\/sites\/4\/2026\/02\/V6A6111-copia-113x75.jpg 113w, https:\/\/congresos.contraelcancer.es\/extremadura\/wp-content\/uploads\/sites\/4\/2026\/02\/V6A6111-copia-480x320.jpg 480w\" sizes=\"(max-width:767px) 480px, (max-width:1024px) 100vw, 1024px\" \/><\/a>\n\t\t\t\t<\/dt><\/div><\/dl><dl class='gallery-item'  data-title='_V6A6124 copia' data-description=''><div class='gallery-item-wrapper'>\n\t\t\t\t<dt class='gallery-icon landscape'>\n\t\t\t\t\t<a href='https:\/\/congresos.contraelcancer.es\/extremadura\/wp-content\/uploads\/sites\/4\/2026\/02\/V6A6124-copia-scaled.jpg'><img loading=\"lazy\" decoding=\"async\" width=\"1024\" height=\"683\" src=\"https:\/\/congresos.contraelcancer.es\/extremadura\/wp-content\/uploads\/sites\/4\/2026\/02\/V6A6124-copia-1024x683.jpg\" class=\"attachment-large size-large\" alt=\"\" srcset=\"https:\/\/congresos.contraelcancer.es\/extremadura\/wp-content\/uploads\/sites\/4\/2026\/02\/V6A6124-copia-1024x683.jpg 1024w, https:\/\/congresos.contraelcancer.es\/extremadura\/wp-content\/uploads\/sites\/4\/2026\/02\/V6A6124-copia-300x200.jpg 300w, https:\/\/congresos.contraelcancer.es\/extremadura\/wp-content\/uploads\/sites\/4\/2026\/02\/V6A6124-copia-768x512.jpg 768w, https:\/\/congresos.contraelcancer.es\/extremadura\/wp-content\/uploads\/sites\/4\/2026\/02\/V6A6124-copia-113x75.jpg 113w, https:\/\/congresos.contraelcancer.es\/extremadura\/wp-content\/uploads\/sites\/4\/2026\/02\/V6A6124-copia-480x320.jpg 480w\" sizes=\"(max-width:767px) 480px, (max-width:1024px) 100vw, 1024px\" \/><\/a>\n\t\t\t\t<\/dt><\/div><\/dl><dl class='gallery-item'  data-title='_V6A6142 copia' data-description=''><div class='gallery-item-wrapper'>\n\t\t\t\t<dt class='gallery-icon landscape'>\n\t\t\t\t\t<a href='https:\/\/congresos.contraelcancer.es\/extremadura\/wp-content\/uploads\/sites\/4\/2026\/02\/V6A6142-copia-scaled.jpg'><img loading=\"lazy\" decoding=\"async\" width=\"1024\" height=\"683\" src=\"https:\/\/congresos.contraelcancer.es\/extremadura\/wp-content\/uploads\/sites\/4\/2026\/02\/V6A6142-copia-1024x683.jpg\" class=\"attachment-large size-large\" alt=\"\" srcset=\"https:\/\/congresos.contraelcancer.es\/extremadura\/wp-content\/uploads\/sites\/4\/2026\/02\/V6A6142-copia-1024x683.jpg 1024w, https:\/\/congresos.contraelcancer.es\/extremadura\/wp-content\/uploads\/sites\/4\/2026\/02\/V6A6142-copia-300x200.jpg 300w, https:\/\/congresos.contraelcancer.es\/extremadura\/wp-content\/uploads\/sites\/4\/2026\/02\/V6A6142-copia-768x512.jpg 768w, https:\/\/congresos.contraelcancer.es\/extremadura\/wp-content\/uploads\/sites\/4\/2026\/02\/V6A6142-copia-113x75.jpg 113w, https:\/\/congresos.contraelcancer.es\/extremadura\/wp-content\/uploads\/sites\/4\/2026\/02\/V6A6142-copia-480x320.jpg 480w\" sizes=\"(max-width:767px) 480px, (max-width:1024px) 100vw, 1024px\" \/><\/a>\n\t\t\t\t<\/dt><\/div><\/dl><dl class='gallery-item'  data-title='_V6A6151 copia' data-description=''><div class='gallery-item-wrapper'>\n\t\t\t\t<dt class='gallery-icon landscape'>\n\t\t\t\t\t<a href='https:\/\/congresos.contraelcancer.es\/extremadura\/wp-content\/uploads\/sites\/4\/2026\/02\/V6A6151-copia-scaled.jpg'><img loading=\"lazy\" decoding=\"async\" width=\"1024\" height=\"819\" src=\"https:\/\/congresos.contraelcancer.es\/extremadura\/wp-content\/uploads\/sites\/4\/2026\/02\/V6A6151-copia-1024x819.jpg\" class=\"attachment-large size-large\" alt=\"\" srcset=\"https:\/\/congresos.contraelcancer.es\/extremadura\/wp-content\/uploads\/sites\/4\/2026\/02\/V6A6151-copia-1024x819.jpg 1024w, https:\/\/congresos.contraelcancer.es\/extremadura\/wp-content\/uploads\/sites\/4\/2026\/02\/V6A6151-copia-300x240.jpg 300w, https:\/\/congresos.contraelcancer.es\/extremadura\/wp-content\/uploads\/sites\/4\/2026\/02\/V6A6151-copia-768x615.jpg 768w, https:\/\/congresos.contraelcancer.es\/extremadura\/wp-content\/uploads\/sites\/4\/2026\/02\/V6A6151-copia-94x75.jpg 94w, https:\/\/congresos.contraelcancer.es\/extremadura\/wp-content\/uploads\/sites\/4\/2026\/02\/V6A6151-copia-480x384.jpg 480w\" sizes=\"(max-width:767px) 480px, (max-width:1024px) 100vw, 1024px\" \/><\/a>\n\t\t\t\t<\/dt><\/div><\/dl><br style=\"clear: both\" \/><dl class='gallery-item'  data-title='_V6A6156 copia' data-description=''><div class='gallery-item-wrapper'>\n\t\t\t\t<dt class='gallery-icon landscape'>\n\t\t\t\t\t<a href='https:\/\/congresos.contraelcancer.es\/extremadura\/wp-content\/uploads\/sites\/4\/2026\/02\/V6A6156-copia-scaled.jpg'><img loading=\"lazy\" decoding=\"async\" width=\"1024\" height=\"683\" src=\"https:\/\/congresos.contraelcancer.es\/extremadura\/wp-content\/uploads\/sites\/4\/2026\/02\/V6A6156-copia-1024x683.jpg\" class=\"attachment-large size-large\" alt=\"\" srcset=\"https:\/\/congresos.contraelcancer.es\/extremadura\/wp-content\/uploads\/sites\/4\/2026\/02\/V6A6156-copia-1024x683.jpg 1024w, https:\/\/congresos.contraelcancer.es\/extremadura\/wp-content\/uploads\/sites\/4\/2026\/02\/V6A6156-copia-300x200.jpg 300w, https:\/\/congresos.contraelcancer.es\/extremadura\/wp-content\/uploads\/sites\/4\/2026\/02\/V6A6156-copia-768x512.jpg 768w, https:\/\/congresos.contraelcancer.es\/extremadura\/wp-content\/uploads\/sites\/4\/2026\/02\/V6A6156-copia-113x75.jpg 113w, https:\/\/congresos.contraelcancer.es\/extremadura\/wp-content\/uploads\/sites\/4\/2026\/02\/V6A6156-copia-480x320.jpg 480w\" sizes=\"(max-width:767px) 480px, (max-width:1024px) 100vw, 1024px\" \/><\/a>\n\t\t\t\t<\/dt><\/div><\/dl><dl class='gallery-item'  data-title='_V6A6162 copia' data-description=''><div class='gallery-item-wrapper'>\n\t\t\t\t<dt class='gallery-icon landscape'>\n\t\t\t\t\t<a href='https:\/\/congresos.contraelcancer.es\/extremadura\/wp-content\/uploads\/sites\/4\/2026\/02\/V6A6162-copia-scaled.jpg'><img loading=\"lazy\" decoding=\"async\" width=\"1024\" height=\"683\" src=\"https:\/\/congresos.contraelcancer.es\/extremadura\/wp-content\/uploads\/sites\/4\/2026\/02\/V6A6162-copia-1024x683.jpg\" class=\"attachment-large size-large\" alt=\"\" srcset=\"https:\/\/congresos.contraelcancer.es\/extremadura\/wp-content\/uploads\/sites\/4\/2026\/02\/V6A6162-copia-1024x683.jpg 1024w, https:\/\/congresos.contraelcancer.es\/extremadura\/wp-content\/uploads\/sites\/4\/2026\/02\/V6A6162-copia-300x200.jpg 300w, https:\/\/congresos.contraelcancer.es\/extremadura\/wp-content\/uploads\/sites\/4\/2026\/02\/V6A6162-copia-768x512.jpg 768w, https:\/\/congresos.contraelcancer.es\/extremadura\/wp-content\/uploads\/sites\/4\/2026\/02\/V6A6162-copia-113x75.jpg 113w, https:\/\/congresos.contraelcancer.es\/extremadura\/wp-content\/uploads\/sites\/4\/2026\/02\/V6A6162-copia-480x320.jpg 480w\" sizes=\"(max-width:767px) 480px, (max-width:1024px) 100vw, 1024px\" \/><\/a>\n\t\t\t\t<\/dt><\/div><\/dl><dl class='gallery-item'  data-title='_V6A6186 copia' data-description=''><div class='gallery-item-wrapper'>\n\t\t\t\t<dt class='gallery-icon landscape'>\n\t\t\t\t\t<a href='https:\/\/congresos.contraelcancer.es\/extremadura\/wp-content\/uploads\/sites\/4\/2026\/02\/V6A6186-copia-scaled.jpg'><img loading=\"lazy\" decoding=\"async\" width=\"1024\" height=\"683\" src=\"https:\/\/congresos.contraelcancer.es\/extremadura\/wp-content\/uploads\/sites\/4\/2026\/02\/V6A6186-copia-1024x683.jpg\" class=\"attachment-large size-large\" alt=\"\" srcset=\"https:\/\/congresos.contraelcancer.es\/extremadura\/wp-content\/uploads\/sites\/4\/2026\/02\/V6A6186-copia-1024x683.jpg 1024w, https:\/\/congresos.contraelcancer.es\/extremadura\/wp-content\/uploads\/sites\/4\/2026\/02\/V6A6186-copia-300x200.jpg 300w, https:\/\/congresos.contraelcancer.es\/extremadura\/wp-content\/uploads\/sites\/4\/2026\/02\/V6A6186-copia-768x512.jpg 768w, https:\/\/congresos.contraelcancer.es\/extremadura\/wp-content\/uploads\/sites\/4\/2026\/02\/V6A6186-copia-113x75.jpg 113w, https:\/\/congresos.contraelcancer.es\/extremadura\/wp-content\/uploads\/sites\/4\/2026\/02\/V6A6186-copia-480x320.jpg 480w\" sizes=\"(max-width:767px) 480px, (max-width:1024px) 100vw, 1024px\" \/><\/a>\n\t\t\t\t<\/dt><\/div><\/dl><dl class='gallery-item'  data-title='_V6A6200 copia' data-description=''><div class='gallery-item-wrapper'>\n\t\t\t\t<dt class='gallery-icon landscape'>\n\t\t\t\t\t<a href='https:\/\/congresos.contraelcancer.es\/extremadura\/wp-content\/uploads\/sites\/4\/2026\/02\/V6A6200-copia-scaled.jpg'><img loading=\"lazy\" decoding=\"async\" width=\"1024\" height=\"683\" src=\"https:\/\/congresos.contraelcancer.es\/extremadura\/wp-content\/uploads\/sites\/4\/2026\/02\/V6A6200-copia-1024x683.jpg\" class=\"attachment-large size-large\" alt=\"\" srcset=\"https:\/\/congresos.contraelcancer.es\/extremadura\/wp-content\/uploads\/sites\/4\/2026\/02\/V6A6200-copia-1024x683.jpg 1024w, https:\/\/congresos.contraelcancer.es\/extremadura\/wp-content\/uploads\/sites\/4\/2026\/02\/V6A6200-copia-300x200.jpg 300w, https:\/\/congresos.contraelcancer.es\/extremadura\/wp-content\/uploads\/sites\/4\/2026\/02\/V6A6200-copia-768x512.jpg 768w, https:\/\/congresos.contraelcancer.es\/extremadura\/wp-content\/uploads\/sites\/4\/2026\/02\/V6A6200-copia-113x75.jpg 113w, https:\/\/congresos.contraelcancer.es\/extremadura\/wp-content\/uploads\/sites\/4\/2026\/02\/V6A6200-copia-480x320.jpg 480w\" sizes=\"(max-width:767px) 480px, (max-width:1024px) 100vw, 1024px\" \/><\/a>\n\t\t\t\t<\/dt><\/div><\/dl><br style=\"clear: both\" \/><dl class='gallery-item'  data-title='_V6A6201 copia' data-description=''><div class='gallery-item-wrapper'>\n\t\t\t\t<dt class='gallery-icon landscape'>\n\t\t\t\t\t<a href='https:\/\/congresos.contraelcancer.es\/extremadura\/wp-content\/uploads\/sites\/4\/2026\/02\/V6A6201-copia-scaled.jpg'><img loading=\"lazy\" decoding=\"async\" width=\"1024\" height=\"683\" src=\"https:\/\/congresos.contraelcancer.es\/extremadura\/wp-content\/uploads\/sites\/4\/2026\/02\/V6A6201-copia-1024x683.jpg\" class=\"attachment-large size-large\" alt=\"\" srcset=\"https:\/\/congresos.contraelcancer.es\/extremadura\/wp-content\/uploads\/sites\/4\/2026\/02\/V6A6201-copia-1024x683.jpg 1024w, https:\/\/congresos.contraelcancer.es\/extremadura\/wp-content\/uploads\/sites\/4\/2026\/02\/V6A6201-copia-300x200.jpg 300w, https:\/\/congresos.contraelcancer.es\/extremadura\/wp-content\/uploads\/sites\/4\/2026\/02\/V6A6201-copia-768x512.jpg 768w, https:\/\/congresos.contraelcancer.es\/extremadura\/wp-content\/uploads\/sites\/4\/2026\/02\/V6A6201-copia-113x75.jpg 113w, https:\/\/congresos.contraelcancer.es\/extremadura\/wp-content\/uploads\/sites\/4\/2026\/02\/V6A6201-copia-480x320.jpg 480w\" sizes=\"(max-width:767px) 480px, (max-width:1024px) 100vw, 1024px\" \/><\/a>\n\t\t\t\t<\/dt><\/div><\/dl><dl class='gallery-item'  data-title='_V6A6207 copia' data-description=''><div class='gallery-item-wrapper'>\n\t\t\t\t<dt class='gallery-icon landscape'>\n\t\t\t\t\t<a href='https:\/\/congresos.contraelcancer.es\/extremadura\/wp-content\/uploads\/sites\/4\/2026\/02\/V6A6207-copia-scaled.jpg'><img loading=\"lazy\" decoding=\"async\" width=\"1024\" height=\"683\" src=\"https:\/\/congresos.contraelcancer.es\/extremadura\/wp-content\/uploads\/sites\/4\/2026\/02\/V6A6207-copia-1024x683.jpg\" class=\"attachment-large size-large\" alt=\"\" srcset=\"https:\/\/congresos.contraelcancer.es\/extremadura\/wp-content\/uploads\/sites\/4\/2026\/02\/V6A6207-copia-1024x683.jpg 1024w, https:\/\/congresos.contraelcancer.es\/extremadura\/wp-content\/uploads\/sites\/4\/2026\/02\/V6A6207-copia-300x200.jpg 300w, https:\/\/congresos.contraelcancer.es\/extremadura\/wp-content\/uploads\/sites\/4\/2026\/02\/V6A6207-copia-768x512.jpg 768w, https:\/\/congresos.contraelcancer.es\/extremadura\/wp-content\/uploads\/sites\/4\/2026\/02\/V6A6207-copia-113x75.jpg 113w, https:\/\/congresos.contraelcancer.es\/extremadura\/wp-content\/uploads\/sites\/4\/2026\/02\/V6A6207-copia-480x320.jpg 480w\" sizes=\"(max-width:767px) 480px, (max-width:1024px) 100vw, 1024px\" \/><\/a>\n\t\t\t\t<\/dt><\/div><\/dl><dl class='gallery-item'  data-title='_V6A6225 copia' data-description=''><div class='gallery-item-wrapper'>\n\t\t\t\t<dt class='gallery-icon landscape'>\n\t\t\t\t\t<a href='https:\/\/congresos.contraelcancer.es\/extremadura\/wp-content\/uploads\/sites\/4\/2026\/02\/V6A6225-copia-scaled.jpg'><img loading=\"lazy\" decoding=\"async\" width=\"1024\" height=\"683\" src=\"https:\/\/congresos.contraelcancer.es\/extremadura\/wp-content\/uploads\/sites\/4\/2026\/02\/V6A6225-copia-1024x683.jpg\" class=\"attachment-large size-large\" alt=\"\" srcset=\"https:\/\/congresos.contraelcancer.es\/extremadura\/wp-content\/uploads\/sites\/4\/2026\/02\/V6A6225-copia-1024x683.jpg 1024w, https:\/\/congresos.contraelcancer.es\/extremadura\/wp-content\/uploads\/sites\/4\/2026\/02\/V6A6225-copia-300x200.jpg 300w, https:\/\/congresos.contraelcancer.es\/extremadura\/wp-content\/uploads\/sites\/4\/2026\/02\/V6A6225-copia-768x512.jpg 768w, https:\/\/congresos.contraelcancer.es\/extremadura\/wp-content\/uploads\/sites\/4\/2026\/02\/V6A6225-copia-113x75.jpg 113w, https:\/\/congresos.contraelcancer.es\/extremadura\/wp-content\/uploads\/sites\/4\/2026\/02\/V6A6225-copia-480x320.jpg 480w\" sizes=\"(max-width:767px) 480px, (max-width:1024px) 100vw, 1024px\" \/><\/a>\n\t\t\t\t<\/dt><\/div><\/dl><dl class='gallery-item'  data-title='_V6A6241 copia' data-description=''><div class='gallery-item-wrapper'>\n\t\t\t\t<dt class='gallery-icon landscape'>\n\t\t\t\t\t<a href='https:\/\/congresos.contraelcancer.es\/extremadura\/wp-content\/uploads\/sites\/4\/2026\/02\/V6A6241-copia-scaled.jpg'><img loading=\"lazy\" decoding=\"async\" width=\"1024\" height=\"683\" src=\"https:\/\/congresos.contraelcancer.es\/extremadura\/wp-content\/uploads\/sites\/4\/2026\/02\/V6A6241-copia-1024x683.jpg\" class=\"attachment-large size-large\" alt=\"\" srcset=\"https:\/\/congresos.contraelcancer.es\/extremadura\/wp-content\/uploads\/sites\/4\/2026\/02\/V6A6241-copia-1024x683.jpg 1024w, https:\/\/congresos.contraelcancer.es\/extremadura\/wp-content\/uploads\/sites\/4\/2026\/02\/V6A6241-copia-300x200.jpg 300w, https:\/\/congresos.contraelcancer.es\/extremadura\/wp-content\/uploads\/sites\/4\/2026\/02\/V6A6241-copia-768x512.jpg 768w, https:\/\/congresos.contraelcancer.es\/extremadura\/wp-content\/uploads\/sites\/4\/2026\/02\/V6A6241-copia-113x75.jpg 113w, https:\/\/congresos.contraelcancer.es\/extremadura\/wp-content\/uploads\/sites\/4\/2026\/02\/V6A6241-copia-480x320.jpg 480w\" sizes=\"(max-width:767px) 480px, (max-width:1024px) 100vw, 1024px\" \/><\/a>\n\t\t\t\t<\/dt><\/div><\/dl><br style=\"clear: both\" \/><dl class='gallery-item'  data-title='_V6A6245 copia' data-description=''><div class='gallery-item-wrapper'>\n\t\t\t\t<dt class='gallery-icon landscape'>\n\t\t\t\t\t<a href='https:\/\/congresos.contraelcancer.es\/extremadura\/wp-content\/uploads\/sites\/4\/2026\/02\/V6A6245-copia-scaled.jpg'><img loading=\"lazy\" decoding=\"async\" width=\"1024\" height=\"683\" src=\"https:\/\/congresos.contraelcancer.es\/extremadura\/wp-content\/uploads\/sites\/4\/2026\/02\/V6A6245-copia-1024x683.jpg\" class=\"attachment-large size-large\" alt=\"\" srcset=\"https:\/\/congresos.contraelcancer.es\/extremadura\/wp-content\/uploads\/sites\/4\/2026\/02\/V6A6245-copia-1024x683.jpg 1024w, https:\/\/congresos.contraelcancer.es\/extremadura\/wp-content\/uploads\/sites\/4\/2026\/02\/V6A6245-copia-300x200.jpg 300w, https:\/\/congresos.contraelcancer.es\/extremadura\/wp-content\/uploads\/sites\/4\/2026\/02\/V6A6245-copia-768x512.jpg 768w, https:\/\/congresos.contraelcancer.es\/extremadura\/wp-content\/uploads\/sites\/4\/2026\/02\/V6A6245-copia-113x75.jpg 113w, https:\/\/congresos.contraelcancer.es\/extremadura\/wp-content\/uploads\/sites\/4\/2026\/02\/V6A6245-copia-480x320.jpg 480w\" sizes=\"(max-width:767px) 480px, (max-width:1024px) 100vw, 1024px\" \/><\/a>\n\t\t\t\t<\/dt><\/div><\/dl><dl class='gallery-item'  data-title='lX Congreso A.E.C. el Cancer (1)' data-description=''><div class='gallery-item-wrapper'>\n\t\t\t\t<dt class='gallery-icon landscape'>\n\t\t\t\t\t<a href='https:\/\/congresos.contraelcancer.es\/extremadura\/wp-content\/uploads\/sites\/4\/2026\/02\/lX-Congreso-A.E.C.-el-Cancer-1-scaled.jpg'><img loading=\"lazy\" decoding=\"async\" width=\"1024\" height=\"683\" src=\"https:\/\/congresos.contraelcancer.es\/extremadura\/wp-content\/uploads\/sites\/4\/2026\/02\/lX-Congreso-A.E.C.-el-Cancer-1-1024x683.jpg\" class=\"attachment-large size-large\" alt=\"\" srcset=\"https:\/\/congresos.contraelcancer.es\/extremadura\/wp-content\/uploads\/sites\/4\/2026\/02\/lX-Congreso-A.E.C.-el-Cancer-1-1024x683.jpg 1024w, https:\/\/congresos.contraelcancer.es\/extremadura\/wp-content\/uploads\/sites\/4\/2026\/02\/lX-Congreso-A.E.C.-el-Cancer-1-300x200.jpg 300w, https:\/\/congresos.contraelcancer.es\/extremadura\/wp-content\/uploads\/sites\/4\/2026\/02\/lX-Congreso-A.E.C.-el-Cancer-1-768x512.jpg 768w, https:\/\/congresos.contraelcancer.es\/extremadura\/wp-content\/uploads\/sites\/4\/2026\/02\/lX-Congreso-A.E.C.-el-Cancer-1-113x75.jpg 113w, https:\/\/congresos.contraelcancer.es\/extremadura\/wp-content\/uploads\/sites\/4\/2026\/02\/lX-Congreso-A.E.C.-el-Cancer-1-480x320.jpg 480w\" sizes=\"(max-width:767px) 480px, (max-width:1024px) 100vw, 1024px\" \/><\/a>\n\t\t\t\t<\/dt><\/div><\/dl><dl class='gallery-item'  data-title='lX Congreso A.E.C. el Cancer (2)' data-description=''><div class='gallery-item-wrapper'>\n\t\t\t\t<dt class='gallery-icon landscape'>\n\t\t\t\t\t<a href='https:\/\/congresos.contraelcancer.es\/extremadura\/wp-content\/uploads\/sites\/4\/2026\/02\/lX-Congreso-A.E.C.-el-Cancer-2-scaled.jpg'><img loading=\"lazy\" decoding=\"async\" width=\"1024\" height=\"683\" src=\"https:\/\/congresos.contraelcancer.es\/extremadura\/wp-content\/uploads\/sites\/4\/2026\/02\/lX-Congreso-A.E.C.-el-Cancer-2-1024x683.jpg\" class=\"attachment-large size-large\" alt=\"\" srcset=\"https:\/\/congresos.contraelcancer.es\/extremadura\/wp-content\/uploads\/sites\/4\/2026\/02\/lX-Congreso-A.E.C.-el-Cancer-2-1024x683.jpg 1024w, https:\/\/congresos.contraelcancer.es\/extremadura\/wp-content\/uploads\/sites\/4\/2026\/02\/lX-Congreso-A.E.C.-el-Cancer-2-300x200.jpg 300w, https:\/\/congresos.contraelcancer.es\/extremadura\/wp-content\/uploads\/sites\/4\/2026\/02\/lX-Congreso-A.E.C.-el-Cancer-2-768x512.jpg 768w, https:\/\/congresos.contraelcancer.es\/extremadura\/wp-content\/uploads\/sites\/4\/2026\/02\/lX-Congreso-A.E.C.-el-Cancer-2-113x75.jpg 113w, https:\/\/congresos.contraelcancer.es\/extremadura\/wp-content\/uploads\/sites\/4\/2026\/02\/lX-Congreso-A.E.C.-el-Cancer-2-480x320.jpg 480w\" sizes=\"(max-width:767px) 480px, (max-width:1024px) 100vw, 1024px\" \/><\/a>\n\t\t\t\t<\/dt><\/div><\/dl><dl class='gallery-item'  data-title='lX Congreso A.E.C. el Cancer (3)' data-description=''><div class='gallery-item-wrapper'>\n\t\t\t\t<dt class='gallery-icon landscape'>\n\t\t\t\t\t<a href='https:\/\/congresos.contraelcancer.es\/extremadura\/wp-content\/uploads\/sites\/4\/2026\/02\/lX-Congreso-A.E.C.-el-Cancer-3-scaled.jpg'><img loading=\"lazy\" decoding=\"async\" width=\"1024\" height=\"683\" src=\"https:\/\/congresos.contraelcancer.es\/extremadura\/wp-content\/uploads\/sites\/4\/2026\/02\/lX-Congreso-A.E.C.-el-Cancer-3-1024x683.jpg\" class=\"attachment-large size-large\" alt=\"\" srcset=\"https:\/\/congresos.contraelcancer.es\/extremadura\/wp-content\/uploads\/sites\/4\/2026\/02\/lX-Congreso-A.E.C.-el-Cancer-3-1024x683.jpg 1024w, https:\/\/congresos.contraelcancer.es\/extremadura\/wp-content\/uploads\/sites\/4\/2026\/02\/lX-Congreso-A.E.C.-el-Cancer-3-300x200.jpg 300w, https:\/\/congresos.contraelcancer.es\/extremadura\/wp-content\/uploads\/sites\/4\/2026\/02\/lX-Congreso-A.E.C.-el-Cancer-3-768x512.jpg 768w, https:\/\/congresos.contraelcancer.es\/extremadura\/wp-content\/uploads\/sites\/4\/2026\/02\/lX-Congreso-A.E.C.-el-Cancer-3-113x75.jpg 113w, https:\/\/congresos.contraelcancer.es\/extremadura\/wp-content\/uploads\/sites\/4\/2026\/02\/lX-Congreso-A.E.C.-el-Cancer-3-480x320.jpg 480w\" sizes=\"(max-width:767px) 480px, (max-width:1024px) 100vw, 1024px\" \/><\/a>\n\t\t\t\t<\/dt><\/div><\/dl><br style=\"clear: both\" \/><dl class='gallery-item'  data-title='lX Congreso A.E.C. el Cancer (4)' data-description=''><div class='gallery-item-wrapper'>\n\t\t\t\t<dt class='gallery-icon landscape'>\n\t\t\t\t\t<a href='https:\/\/congresos.contraelcancer.es\/extremadura\/wp-content\/uploads\/sites\/4\/2026\/02\/lX-Congreso-A.E.C.-el-Cancer-4-scaled.jpg'><img loading=\"lazy\" decoding=\"async\" width=\"1024\" height=\"683\" src=\"https:\/\/congresos.contraelcancer.es\/extremadura\/wp-content\/uploads\/sites\/4\/2026\/02\/lX-Congreso-A.E.C.-el-Cancer-4-1024x683.jpg\" class=\"attachment-large size-large\" alt=\"\" srcset=\"https:\/\/congresos.contraelcancer.es\/extremadura\/wp-content\/uploads\/sites\/4\/2026\/02\/lX-Congreso-A.E.C.-el-Cancer-4-1024x683.jpg 1024w, https:\/\/congresos.contraelcancer.es\/extremadura\/wp-content\/uploads\/sites\/4\/2026\/02\/lX-Congreso-A.E.C.-el-Cancer-4-300x200.jpg 300w, https:\/\/congresos.contraelcancer.es\/extremadura\/wp-content\/uploads\/sites\/4\/2026\/02\/lX-Congreso-A.E.C.-el-Cancer-4-768x512.jpg 768w, https:\/\/congresos.contraelcancer.es\/extremadura\/wp-content\/uploads\/sites\/4\/2026\/02\/lX-Congreso-A.E.C.-el-Cancer-4-113x75.jpg 113w, https:\/\/congresos.contraelcancer.es\/extremadura\/wp-content\/uploads\/sites\/4\/2026\/02\/lX-Congreso-A.E.C.-el-Cancer-4-480x320.jpg 480w\" sizes=\"(max-width:767px) 480px, (max-width:1024px) 100vw, 1024px\" \/><\/a>\n\t\t\t\t<\/dt><\/div><\/dl><dl class='gallery-item'  data-title='lX Congreso A.E.C. el Cancer (5)' data-description=''><div class='gallery-item-wrapper'>\n\t\t\t\t<dt class='gallery-icon landscape'>\n\t\t\t\t\t<a href='https:\/\/congresos.contraelcancer.es\/extremadura\/wp-content\/uploads\/sites\/4\/2026\/02\/lX-Congreso-A.E.C.-el-Cancer-5-scaled.jpg'><img loading=\"lazy\" decoding=\"async\" width=\"1024\" height=\"683\" src=\"https:\/\/congresos.contraelcancer.es\/extremadura\/wp-content\/uploads\/sites\/4\/2026\/02\/lX-Congreso-A.E.C.-el-Cancer-5-1024x683.jpg\" class=\"attachment-large size-large\" alt=\"\" srcset=\"https:\/\/congresos.contraelcancer.es\/extremadura\/wp-content\/uploads\/sites\/4\/2026\/02\/lX-Congreso-A.E.C.-el-Cancer-5-1024x683.jpg 1024w, https:\/\/congresos.contraelcancer.es\/extremadura\/wp-content\/uploads\/sites\/4\/2026\/02\/lX-Congreso-A.E.C.-el-Cancer-5-300x200.jpg 300w, https:\/\/congresos.contraelcancer.es\/extremadura\/wp-content\/uploads\/sites\/4\/2026\/02\/lX-Congreso-A.E.C.-el-Cancer-5-768x512.jpg 768w, https:\/\/congresos.contraelcancer.es\/extremadura\/wp-content\/uploads\/sites\/4\/2026\/02\/lX-Congreso-A.E.C.-el-Cancer-5-113x75.jpg 113w, https:\/\/congresos.contraelcancer.es\/extremadura\/wp-content\/uploads\/sites\/4\/2026\/02\/lX-Congreso-A.E.C.-el-Cancer-5-480x320.jpg 480w\" sizes=\"(max-width:767px) 480px, (max-width:1024px) 100vw, 1024px\" \/><\/a>\n\t\t\t\t<\/dt><\/div><\/dl><dl class='gallery-item'  data-title='lX Congreso A.E.C. el Cancer (6)' data-description=''><div class='gallery-item-wrapper'>\n\t\t\t\t<dt class='gallery-icon landscape'>\n\t\t\t\t\t<a href='https:\/\/congresos.contraelcancer.es\/extremadura\/wp-content\/uploads\/sites\/4\/2026\/02\/lX-Congreso-A.E.C.-el-Cancer-6-scaled.jpg'><img loading=\"lazy\" decoding=\"async\" width=\"1024\" height=\"683\" src=\"https:\/\/congresos.contraelcancer.es\/extremadura\/wp-content\/uploads\/sites\/4\/2026\/02\/lX-Congreso-A.E.C.-el-Cancer-6-1024x683.jpg\" class=\"attachment-large size-large\" alt=\"\" srcset=\"https:\/\/congresos.contraelcancer.es\/extremadura\/wp-content\/uploads\/sites\/4\/2026\/02\/lX-Congreso-A.E.C.-el-Cancer-6-1024x683.jpg 1024w, https:\/\/congresos.contraelcancer.es\/extremadura\/wp-content\/uploads\/sites\/4\/2026\/02\/lX-Congreso-A.E.C.-el-Cancer-6-300x200.jpg 300w, https:\/\/congresos.contraelcancer.es\/extremadura\/wp-content\/uploads\/sites\/4\/2026\/02\/lX-Congreso-A.E.C.-el-Cancer-6-768x512.jpg 768w, https:\/\/congresos.contraelcancer.es\/extremadura\/wp-content\/uploads\/sites\/4\/2026\/02\/lX-Congreso-A.E.C.-el-Cancer-6-113x75.jpg 113w, https:\/\/congresos.contraelcancer.es\/extremadura\/wp-content\/uploads\/sites\/4\/2026\/02\/lX-Congreso-A.E.C.-el-Cancer-6-480x320.jpg 480w\" sizes=\"(max-width:767px) 480px, (max-width:1024px) 100vw, 1024px\" \/><\/a>\n\t\t\t\t<\/dt><\/div><\/dl><dl class='gallery-item'  data-title='lX Congreso A.E.C. el Cancer (7)' data-description=''><div class='gallery-item-wrapper'>\n\t\t\t\t<dt class='gallery-icon landscape'>\n\t\t\t\t\t<a href='https:\/\/congresos.contraelcancer.es\/extremadura\/wp-content\/uploads\/sites\/4\/2026\/02\/lX-Congreso-A.E.C.-el-Cancer-7-scaled.jpg'><img loading=\"lazy\" decoding=\"async\" width=\"1024\" height=\"683\" src=\"https:\/\/congresos.contraelcancer.es\/extremadura\/wp-content\/uploads\/sites\/4\/2026\/02\/lX-Congreso-A.E.C.-el-Cancer-7-1024x683.jpg\" class=\"attachment-large size-large\" alt=\"\" srcset=\"https:\/\/congresos.contraelcancer.es\/extremadura\/wp-content\/uploads\/sites\/4\/2026\/02\/lX-Congreso-A.E.C.-el-Cancer-7-1024x683.jpg 1024w, https:\/\/congresos.contraelcancer.es\/extremadura\/wp-content\/uploads\/sites\/4\/2026\/02\/lX-Congreso-A.E.C.-el-Cancer-7-300x200.jpg 300w, https:\/\/congresos.contraelcancer.es\/extremadura\/wp-content\/uploads\/sites\/4\/2026\/02\/lX-Congreso-A.E.C.-el-Cancer-7-768x512.jpg 768w, https:\/\/congresos.contraelcancer.es\/extremadura\/wp-content\/uploads\/sites\/4\/2026\/02\/lX-Congreso-A.E.C.-el-Cancer-7-113x75.jpg 113w, https:\/\/congresos.contraelcancer.es\/extremadura\/wp-content\/uploads\/sites\/4\/2026\/02\/lX-Congreso-A.E.C.-el-Cancer-7-480x320.jpg 480w\" sizes=\"(max-width:767px) 480px, (max-width:1024px) 100vw, 1024px\" \/><\/a>\n\t\t\t\t<\/dt><\/div><\/dl><br style=\"clear: both\" \/><dl class='gallery-item'  data-title='lX Congreso A.E.C. el Cancer (8)' data-description=''><div class='gallery-item-wrapper'>\n\t\t\t\t<dt class='gallery-icon landscape'>\n\t\t\t\t\t<a href='https:\/\/congresos.contraelcancer.es\/extremadura\/wp-content\/uploads\/sites\/4\/2026\/02\/lX-Congreso-A.E.C.-el-Cancer-8-scaled.jpg'><img loading=\"lazy\" decoding=\"async\" width=\"1024\" height=\"683\" src=\"https:\/\/congresos.contraelcancer.es\/extremadura\/wp-content\/uploads\/sites\/4\/2026\/02\/lX-Congreso-A.E.C.-el-Cancer-8-1024x683.jpg\" class=\"attachment-large size-large\" alt=\"\" srcset=\"https:\/\/congresos.contraelcancer.es\/extremadura\/wp-content\/uploads\/sites\/4\/2026\/02\/lX-Congreso-A.E.C.-el-Cancer-8-1024x683.jpg 1024w, https:\/\/congresos.contraelcancer.es\/extremadura\/wp-content\/uploads\/sites\/4\/2026\/02\/lX-Congreso-A.E.C.-el-Cancer-8-300x200.jpg 300w, https:\/\/congresos.contraelcancer.es\/extremadura\/wp-content\/uploads\/sites\/4\/2026\/02\/lX-Congreso-A.E.C.-el-Cancer-8-768x512.jpg 768w, https:\/\/congresos.contraelcancer.es\/extremadura\/wp-content\/uploads\/sites\/4\/2026\/02\/lX-Congreso-A.E.C.-el-Cancer-8-113x75.jpg 113w, https:\/\/congresos.contraelcancer.es\/extremadura\/wp-content\/uploads\/sites\/4\/2026\/02\/lX-Congreso-A.E.C.-el-Cancer-8-480x320.jpg 480w\" sizes=\"(max-width:767px) 480px, (max-width:1024px) 100vw, 1024px\" \/><\/a>\n\t\t\t\t<\/dt><\/div><\/dl><dl class='gallery-item'  data-title='lX Congreso A.E.C. el Cancer (10)' data-description=''><div class='gallery-item-wrapper'>\n\t\t\t\t<dt class='gallery-icon landscape'>\n\t\t\t\t\t<a href='https:\/\/congresos.contraelcancer.es\/extremadura\/wp-content\/uploads\/sites\/4\/2026\/02\/lX-Congreso-A.E.C.-el-Cancer-10-scaled.jpg'><img loading=\"lazy\" decoding=\"async\" width=\"1024\" height=\"683\" src=\"https:\/\/congresos.contraelcancer.es\/extremadura\/wp-content\/uploads\/sites\/4\/2026\/02\/lX-Congreso-A.E.C.-el-Cancer-10-1024x683.jpg\" class=\"attachment-large size-large\" alt=\"\" srcset=\"https:\/\/congresos.contraelcancer.es\/extremadura\/wp-content\/uploads\/sites\/4\/2026\/02\/lX-Congreso-A.E.C.-el-Cancer-10-1024x683.jpg 1024w, https:\/\/congresos.contraelcancer.es\/extremadura\/wp-content\/uploads\/sites\/4\/2026\/02\/lX-Congreso-A.E.C.-el-Cancer-10-300x200.jpg 300w, https:\/\/congresos.contraelcancer.es\/extremadura\/wp-content\/uploads\/sites\/4\/2026\/02\/lX-Congreso-A.E.C.-el-Cancer-10-768x512.jpg 768w, https:\/\/congresos.contraelcancer.es\/extremadura\/wp-content\/uploads\/sites\/4\/2026\/02\/lX-Congreso-A.E.C.-el-Cancer-10-113x75.jpg 113w, https:\/\/congresos.contraelcancer.es\/extremadura\/wp-content\/uploads\/sites\/4\/2026\/02\/lX-Congreso-A.E.C.-el-Cancer-10-480x320.jpg 480w\" sizes=\"(max-width:767px) 480px, (max-width:1024px) 100vw, 1024px\" \/><\/a>\n\t\t\t\t<\/dt><\/div><\/dl><dl class='gallery-item'  data-title='lX Congreso A.E.C. el Cancer (11)' data-description=''><div class='gallery-item-wrapper'>\n\t\t\t\t<dt class='gallery-icon landscape'>\n\t\t\t\t\t<a href='https:\/\/congresos.contraelcancer.es\/extremadura\/wp-content\/uploads\/sites\/4\/2026\/02\/lX-Congreso-A.E.C.-el-Cancer-11-scaled.jpg'><img loading=\"lazy\" decoding=\"async\" width=\"1024\" height=\"683\" src=\"https:\/\/congresos.contraelcancer.es\/extremadura\/wp-content\/uploads\/sites\/4\/2026\/02\/lX-Congreso-A.E.C.-el-Cancer-11-1024x683.jpg\" class=\"attachment-large size-large\" alt=\"\" srcset=\"https:\/\/congresos.contraelcancer.es\/extremadura\/wp-content\/uploads\/sites\/4\/2026\/02\/lX-Congreso-A.E.C.-el-Cancer-11-1024x683.jpg 1024w, https:\/\/congresos.contraelcancer.es\/extremadura\/wp-content\/uploads\/sites\/4\/2026\/02\/lX-Congreso-A.E.C.-el-Cancer-11-300x200.jpg 300w, https:\/\/congresos.contraelcancer.es\/extremadura\/wp-content\/uploads\/sites\/4\/2026\/02\/lX-Congreso-A.E.C.-el-Cancer-11-768x512.jpg 768w, https:\/\/congresos.contraelcancer.es\/extremadura\/wp-content\/uploads\/sites\/4\/2026\/02\/lX-Congreso-A.E.C.-el-Cancer-11-113x75.jpg 113w, https:\/\/congresos.contraelcancer.es\/extremadura\/wp-content\/uploads\/sites\/4\/2026\/02\/lX-Congreso-A.E.C.-el-Cancer-11-480x320.jpg 480w\" sizes=\"(max-width:767px) 480px, (max-width:1024px) 100vw, 1024px\" \/><\/a>\n\t\t\t\t<\/dt><\/div><\/dl><dl class='gallery-item'  data-title='lX Congreso A.E.C. el Cancer (12)' data-description=''><div class='gallery-item-wrapper'>\n\t\t\t\t<dt class='gallery-icon landscape'>\n\t\t\t\t\t<a href='https:\/\/congresos.contraelcancer.es\/extremadura\/wp-content\/uploads\/sites\/4\/2026\/02\/lX-Congreso-A.E.C.-el-Cancer-12-scaled.jpg'><img loading=\"lazy\" decoding=\"async\" width=\"1024\" height=\"683\" src=\"https:\/\/congresos.contraelcancer.es\/extremadura\/wp-content\/uploads\/sites\/4\/2026\/02\/lX-Congreso-A.E.C.-el-Cancer-12-1024x683.jpg\" class=\"attachment-large size-large\" alt=\"\" srcset=\"https:\/\/congresos.contraelcancer.es\/extremadura\/wp-content\/uploads\/sites\/4\/2026\/02\/lX-Congreso-A.E.C.-el-Cancer-12-1024x683.jpg 1024w, https:\/\/congresos.contraelcancer.es\/extremadura\/wp-content\/uploads\/sites\/4\/2026\/02\/lX-Congreso-A.E.C.-el-Cancer-12-300x200.jpg 300w, https:\/\/congresos.contraelcancer.es\/extremadura\/wp-content\/uploads\/sites\/4\/2026\/02\/lX-Congreso-A.E.C.-el-Cancer-12-768x512.jpg 768w, https:\/\/congresos.contraelcancer.es\/extremadura\/wp-content\/uploads\/sites\/4\/2026\/02\/lX-Congreso-A.E.C.-el-Cancer-12-113x75.jpg 113w, https:\/\/congresos.contraelcancer.es\/extremadura\/wp-content\/uploads\/sites\/4\/2026\/02\/lX-Congreso-A.E.C.-el-Cancer-12-480x320.jpg 480w\" sizes=\"(max-width:767px) 480px, (max-width:1024px) 100vw, 1024px\" \/><\/a>\n\t\t\t\t<\/dt><\/div><\/dl><br style=\"clear: both\" \/><dl class='gallery-item'  data-title='lX Congreso A.E.C. el Cancer (13)' data-description=''><div class='gallery-item-wrapper'>\n\t\t\t\t<dt class='gallery-icon landscape'>\n\t\t\t\t\t<a href='https:\/\/congresos.contraelcancer.es\/extremadura\/wp-content\/uploads\/sites\/4\/2026\/02\/lX-Congreso-A.E.C.-el-Cancer-13-scaled.jpg'><img loading=\"lazy\" decoding=\"async\" width=\"1024\" height=\"747\" src=\"https:\/\/congresos.contraelcancer.es\/extremadura\/wp-content\/uploads\/sites\/4\/2026\/02\/lX-Congreso-A.E.C.-el-Cancer-13-1024x747.jpg\" class=\"attachment-large size-large\" alt=\"\" srcset=\"https:\/\/congresos.contraelcancer.es\/extremadura\/wp-content\/uploads\/sites\/4\/2026\/02\/lX-Congreso-A.E.C.-el-Cancer-13-1024x747.jpg 1024w, https:\/\/congresos.contraelcancer.es\/extremadura\/wp-content\/uploads\/sites\/4\/2026\/02\/lX-Congreso-A.E.C.-el-Cancer-13-300x219.jpg 300w, https:\/\/congresos.contraelcancer.es\/extremadura\/wp-content\/uploads\/sites\/4\/2026\/02\/lX-Congreso-A.E.C.-el-Cancer-13-768x560.jpg 768w, https:\/\/congresos.contraelcancer.es\/extremadura\/wp-content\/uploads\/sites\/4\/2026\/02\/lX-Congreso-A.E.C.-el-Cancer-13-103x75.jpg 103w, https:\/\/congresos.contraelcancer.es\/extremadura\/wp-content\/uploads\/sites\/4\/2026\/02\/lX-Congreso-A.E.C.-el-Cancer-13-480x350.jpg 480w\" sizes=\"(max-width:767px) 480px, (max-width:1024px) 100vw, 1024px\" \/><\/a>\n\t\t\t\t<\/dt><\/div><\/dl><dl class='gallery-item'  data-title='lX Congreso A.E.C. el Cancer (14)' data-description=''><div class='gallery-item-wrapper'>\n\t\t\t\t<dt class='gallery-icon landscape'>\n\t\t\t\t\t<a href='https:\/\/congresos.contraelcancer.es\/extremadura\/wp-content\/uploads\/sites\/4\/2026\/02\/lX-Congreso-A.E.C.-el-Cancer-14-scaled.jpg'><img loading=\"lazy\" decoding=\"async\" width=\"1024\" height=\"683\" src=\"https:\/\/congresos.contraelcancer.es\/extremadura\/wp-content\/uploads\/sites\/4\/2026\/02\/lX-Congreso-A.E.C.-el-Cancer-14-1024x683.jpg\" class=\"attachment-large size-large\" alt=\"\" srcset=\"https:\/\/congresos.contraelcancer.es\/extremadura\/wp-content\/uploads\/sites\/4\/2026\/02\/lX-Congreso-A.E.C.-el-Cancer-14-1024x683.jpg 1024w, https:\/\/congresos.contraelcancer.es\/extremadura\/wp-content\/uploads\/sites\/4\/2026\/02\/lX-Congreso-A.E.C.-el-Cancer-14-300x200.jpg 300w, https:\/\/congresos.contraelcancer.es\/extremadura\/wp-content\/uploads\/sites\/4\/2026\/02\/lX-Congreso-A.E.C.-el-Cancer-14-768x512.jpg 768w, https:\/\/congresos.contraelcancer.es\/extremadura\/wp-content\/uploads\/sites\/4\/2026\/02\/lX-Congreso-A.E.C.-el-Cancer-14-113x75.jpg 113w, https:\/\/congresos.contraelcancer.es\/extremadura\/wp-content\/uploads\/sites\/4\/2026\/02\/lX-Congreso-A.E.C.-el-Cancer-14-480x320.jpg 480w\" sizes=\"(max-width:767px) 480px, (max-width:1024px) 100vw, 1024px\" \/><\/a>\n\t\t\t\t<\/dt><\/div><\/dl><dl class='gallery-item'  data-title='lX Congreso A.E.C. el Cancer (15)' data-description=''><div class='gallery-item-wrapper'>\n\t\t\t\t<dt class='gallery-icon landscape'>\n\t\t\t\t\t<a href='https:\/\/congresos.contraelcancer.es\/extremadura\/wp-content\/uploads\/sites\/4\/2026\/02\/lX-Congreso-A.E.C.-el-Cancer-15-scaled.jpg'><img loading=\"lazy\" decoding=\"async\" width=\"1024\" height=\"683\" src=\"https:\/\/congresos.contraelcancer.es\/extremadura\/wp-content\/uploads\/sites\/4\/2026\/02\/lX-Congreso-A.E.C.-el-Cancer-15-1024x683.jpg\" class=\"attachment-large size-large\" alt=\"\" srcset=\"https:\/\/congresos.contraelcancer.es\/extremadura\/wp-content\/uploads\/sites\/4\/2026\/02\/lX-Congreso-A.E.C.-el-Cancer-15-1024x683.jpg 1024w, https:\/\/congresos.contraelcancer.es\/extremadura\/wp-content\/uploads\/sites\/4\/2026\/02\/lX-Congreso-A.E.C.-el-Cancer-15-300x200.jpg 300w, https:\/\/congresos.contraelcancer.es\/extremadura\/wp-content\/uploads\/sites\/4\/2026\/02\/lX-Congreso-A.E.C.-el-Cancer-15-768x512.jpg 768w, https:\/\/congresos.contraelcancer.es\/extremadura\/wp-content\/uploads\/sites\/4\/2026\/02\/lX-Congreso-A.E.C.-el-Cancer-15-113x75.jpg 113w, https:\/\/congresos.contraelcancer.es\/extremadura\/wp-content\/uploads\/sites\/4\/2026\/02\/lX-Congreso-A.E.C.-el-Cancer-15-480x320.jpg 480w\" sizes=\"(max-width:767px) 480px, (max-width:1024px) 100vw, 1024px\" \/><\/a>\n\t\t\t\t<\/dt><\/div><\/dl><dl class='gallery-item'  data-title='lX Congreso A.E.C. el Cancer (16)' data-description=''><div class='gallery-item-wrapper'>\n\t\t\t\t<dt class='gallery-icon landscape'>\n\t\t\t\t\t<a href='https:\/\/congresos.contraelcancer.es\/extremadura\/wp-content\/uploads\/sites\/4\/2026\/02\/lX-Congreso-A.E.C.-el-Cancer-16-scaled.jpg'><img loading=\"lazy\" decoding=\"async\" width=\"1024\" height=\"683\" src=\"https:\/\/congresos.contraelcancer.es\/extremadura\/wp-content\/uploads\/sites\/4\/2026\/02\/lX-Congreso-A.E.C.-el-Cancer-16-1024x683.jpg\" class=\"attachment-large size-large\" alt=\"\" srcset=\"https:\/\/congresos.contraelcancer.es\/extremadura\/wp-content\/uploads\/sites\/4\/2026\/02\/lX-Congreso-A.E.C.-el-Cancer-16-1024x683.jpg 1024w, https:\/\/congresos.contraelcancer.es\/extremadura\/wp-content\/uploads\/sites\/4\/2026\/02\/lX-Congreso-A.E.C.-el-Cancer-16-300x200.jpg 300w, https:\/\/congresos.contraelcancer.es\/extremadura\/wp-content\/uploads\/sites\/4\/2026\/02\/lX-Congreso-A.E.C.-el-Cancer-16-768x512.jpg 768w, https:\/\/congresos.contraelcancer.es\/extremadura\/wp-content\/uploads\/sites\/4\/2026\/02\/lX-Congreso-A.E.C.-el-Cancer-16-113x75.jpg 113w, https:\/\/congresos.contraelcancer.es\/extremadura\/wp-content\/uploads\/sites\/4\/2026\/02\/lX-Congreso-A.E.C.-el-Cancer-16-480x320.jpg 480w\" sizes=\"(max-width:767px) 480px, (max-width:1024px) 100vw, 1024px\" \/><\/a>\n\t\t\t\t<\/dt><\/div><\/dl><br style=\"clear: both\" \/><dl class='gallery-item'  data-title='lX Congreso A.E.C. el Cancer (17)' data-description=''><div class='gallery-item-wrapper'>\n\t\t\t\t<dt class='gallery-icon landscape'>\n\t\t\t\t\t<a href='https:\/\/congresos.contraelcancer.es\/extremadura\/wp-content\/uploads\/sites\/4\/2026\/02\/lX-Congreso-A.E.C.-el-Cancer-17-scaled.jpg'><img loading=\"lazy\" decoding=\"async\" width=\"1024\" height=\"906\" src=\"https:\/\/congresos.contraelcancer.es\/extremadura\/wp-content\/uploads\/sites\/4\/2026\/02\/lX-Congreso-A.E.C.-el-Cancer-17-1024x906.jpg\" class=\"attachment-large size-large\" alt=\"\" srcset=\"https:\/\/congresos.contraelcancer.es\/extremadura\/wp-content\/uploads\/sites\/4\/2026\/02\/lX-Congreso-A.E.C.-el-Cancer-17-1024x906.jpg 1024w, https:\/\/congresos.contraelcancer.es\/extremadura\/wp-content\/uploads\/sites\/4\/2026\/02\/lX-Congreso-A.E.C.-el-Cancer-17-300x265.jpg 300w, https:\/\/congresos.contraelcancer.es\/extremadura\/wp-content\/uploads\/sites\/4\/2026\/02\/lX-Congreso-A.E.C.-el-Cancer-17-768x679.jpg 768w, https:\/\/congresos.contraelcancer.es\/extremadura\/wp-content\/uploads\/sites\/4\/2026\/02\/lX-Congreso-A.E.C.-el-Cancer-17-85x75.jpg 85w, https:\/\/congresos.contraelcancer.es\/extremadura\/wp-content\/uploads\/sites\/4\/2026\/02\/lX-Congreso-A.E.C.-el-Cancer-17-480x425.jpg 480w\" sizes=\"(max-width:767px) 480px, (max-width:1024px) 100vw, 1024px\" \/><\/a>\n\t\t\t\t<\/dt><\/div><\/dl><dl class='gallery-item'  data-title='lX Congreso A.E.C. el Cancer (18)' data-description=''><div class='gallery-item-wrapper'>\n\t\t\t\t<dt class='gallery-icon landscape'>\n\t\t\t\t\t<a href='https:\/\/congresos.contraelcancer.es\/extremadura\/wp-content\/uploads\/sites\/4\/2026\/02\/lX-Congreso-A.E.C.-el-Cancer-18-scaled.jpg'><img loading=\"lazy\" decoding=\"async\" width=\"1024\" height=\"887\" src=\"https:\/\/congresos.contraelcancer.es\/extremadura\/wp-content\/uploads\/sites\/4\/2026\/02\/lX-Congreso-A.E.C.-el-Cancer-18-1024x887.jpg\" class=\"attachment-large size-large\" alt=\"\" srcset=\"https:\/\/congresos.contraelcancer.es\/extremadura\/wp-content\/uploads\/sites\/4\/2026\/02\/lX-Congreso-A.E.C.-el-Cancer-18-1024x887.jpg 1024w, https:\/\/congresos.contraelcancer.es\/extremadura\/wp-content\/uploads\/sites\/4\/2026\/02\/lX-Congreso-A.E.C.-el-Cancer-18-300x260.jpg 300w, https:\/\/congresos.contraelcancer.es\/extremadura\/wp-content\/uploads\/sites\/4\/2026\/02\/lX-Congreso-A.E.C.-el-Cancer-18-768x665.jpg 768w, https:\/\/congresos.contraelcancer.es\/extremadura\/wp-content\/uploads\/sites\/4\/2026\/02\/lX-Congreso-A.E.C.-el-Cancer-18-87x75.jpg 87w, https:\/\/congresos.contraelcancer.es\/extremadura\/wp-content\/uploads\/sites\/4\/2026\/02\/lX-Congreso-A.E.C.-el-Cancer-18-480x416.jpg 480w\" sizes=\"(max-width:767px) 480px, (max-width:1024px) 100vw, 1024px\" \/><\/a>\n\t\t\t\t<\/dt><\/div><\/dl><dl class='gallery-item'  data-title='lX Congreso A.E.C. el Cancer (19)' data-description=''><div class='gallery-item-wrapper'>\n\t\t\t\t<dt class='gallery-icon landscape'>\n\t\t\t\t\t<a href='https:\/\/congresos.contraelcancer.es\/extremadura\/wp-content\/uploads\/sites\/4\/2026\/02\/lX-Congreso-A.E.C.-el-Cancer-19-scaled.jpg'><img loading=\"lazy\" decoding=\"async\" width=\"1024\" height=\"809\" src=\"https:\/\/congresos.contraelcancer.es\/extremadura\/wp-content\/uploads\/sites\/4\/2026\/02\/lX-Congreso-A.E.C.-el-Cancer-19-1024x809.jpg\" class=\"attachment-large size-large\" alt=\"\" srcset=\"https:\/\/congresos.contraelcancer.es\/extremadura\/wp-content\/uploads\/sites\/4\/2026\/02\/lX-Congreso-A.E.C.-el-Cancer-19-1024x809.jpg 1024w, https:\/\/congresos.contraelcancer.es\/extremadura\/wp-content\/uploads\/sites\/4\/2026\/02\/lX-Congreso-A.E.C.-el-Cancer-19-300x237.jpg 300w, https:\/\/congresos.contraelcancer.es\/extremadura\/wp-content\/uploads\/sites\/4\/2026\/02\/lX-Congreso-A.E.C.-el-Cancer-19-768x607.jpg 768w, https:\/\/congresos.contraelcancer.es\/extremadura\/wp-content\/uploads\/sites\/4\/2026\/02\/lX-Congreso-A.E.C.-el-Cancer-19-95x75.jpg 95w, https:\/\/congresos.contraelcancer.es\/extremadura\/wp-content\/uploads\/sites\/4\/2026\/02\/lX-Congreso-A.E.C.-el-Cancer-19-480x379.jpg 480w\" sizes=\"(max-width:767px) 480px, (max-width:1024px) 100vw, 1024px\" \/><\/a>\n\t\t\t\t<\/dt><\/div><\/dl><dl class='gallery-item'  data-title='lX Congreso A.E.C. el Cancer (21)' data-description=''><div class='gallery-item-wrapper'>\n\t\t\t\t<dt class='gallery-icon landscape'>\n\t\t\t\t\t<a href='https:\/\/congresos.contraelcancer.es\/extremadura\/wp-content\/uploads\/sites\/4\/2026\/02\/lX-Congreso-A.E.C.-el-Cancer-21-scaled.jpg'><img loading=\"lazy\" decoding=\"async\" width=\"1024\" height=\"683\" src=\"https:\/\/congresos.contraelcancer.es\/extremadura\/wp-content\/uploads\/sites\/4\/2026\/02\/lX-Congreso-A.E.C.-el-Cancer-21-1024x683.jpg\" class=\"attachment-large size-large\" alt=\"\" srcset=\"https:\/\/congresos.contraelcancer.es\/extremadura\/wp-content\/uploads\/sites\/4\/2026\/02\/lX-Congreso-A.E.C.-el-Cancer-21-1024x683.jpg 1024w, https:\/\/congresos.contraelcancer.es\/extremadura\/wp-content\/uploads\/sites\/4\/2026\/02\/lX-Congreso-A.E.C.-el-Cancer-21-300x200.jpg 300w, https:\/\/congresos.contraelcancer.es\/extremadura\/wp-content\/uploads\/sites\/4\/2026\/02\/lX-Congreso-A.E.C.-el-Cancer-21-768x512.jpg 768w, https:\/\/congresos.contraelcancer.es\/extremadura\/wp-content\/uploads\/sites\/4\/2026\/02\/lX-Congreso-A.E.C.-el-Cancer-21-113x75.jpg 113w, https:\/\/congresos.contraelcancer.es\/extremadura\/wp-content\/uploads\/sites\/4\/2026\/02\/lX-Congreso-A.E.C.-el-Cancer-21-480x320.jpg 480w\" sizes=\"(max-width:767px) 480px, (max-width:1024px) 100vw, 1024px\" \/><\/a>\n\t\t\t\t<\/dt><\/div><\/dl><br style=\"clear: both\" \/><dl class='gallery-item'  data-title='lX Congreso A.E.C. el Cancer (22)' data-description=''><div class='gallery-item-wrapper'>\n\t\t\t\t<dt class='gallery-icon landscape'>\n\t\t\t\t\t<a href='https:\/\/congresos.contraelcancer.es\/extremadura\/wp-content\/uploads\/sites\/4\/2026\/02\/lX-Congreso-A.E.C.-el-Cancer-22-scaled.jpg'><img loading=\"lazy\" decoding=\"async\" width=\"1024\" height=\"836\" src=\"https:\/\/congresos.contraelcancer.es\/extremadura\/wp-content\/uploads\/sites\/4\/2026\/02\/lX-Congreso-A.E.C.-el-Cancer-22-1024x836.jpg\" class=\"attachment-large size-large\" alt=\"\" srcset=\"https:\/\/congresos.contraelcancer.es\/extremadura\/wp-content\/uploads\/sites\/4\/2026\/02\/lX-Congreso-A.E.C.-el-Cancer-22-1024x836.jpg 1024w, https:\/\/congresos.contraelcancer.es\/extremadura\/wp-content\/uploads\/sites\/4\/2026\/02\/lX-Congreso-A.E.C.-el-Cancer-22-300x245.jpg 300w, https:\/\/congresos.contraelcancer.es\/extremadura\/wp-content\/uploads\/sites\/4\/2026\/02\/lX-Congreso-A.E.C.-el-Cancer-22-768x627.jpg 768w, https:\/\/congresos.contraelcancer.es\/extremadura\/wp-content\/uploads\/sites\/4\/2026\/02\/lX-Congreso-A.E.C.-el-Cancer-22-92x75.jpg 92w, https:\/\/congresos.contraelcancer.es\/extremadura\/wp-content\/uploads\/sites\/4\/2026\/02\/lX-Congreso-A.E.C.-el-Cancer-22-480x392.jpg 480w\" sizes=\"(max-width:767px) 480px, (max-width:1024px) 100vw, 1024px\" \/><\/a>\n\t\t\t\t<\/dt><\/div><\/dl><dl class='gallery-item'  data-title='lX Congreso A.E.C. el Cancer (30)' data-description=''><div class='gallery-item-wrapper'>\n\t\t\t\t<dt class='gallery-icon landscape'>\n\t\t\t\t\t<a href='https:\/\/congresos.contraelcancer.es\/extremadura\/wp-content\/uploads\/sites\/4\/2026\/02\/lX-Congreso-A.E.C.-el-Cancer-30-scaled.jpg'><img loading=\"lazy\" decoding=\"async\" width=\"1024\" height=\"683\" src=\"https:\/\/congresos.contraelcancer.es\/extremadura\/wp-content\/uploads\/sites\/4\/2026\/02\/lX-Congreso-A.E.C.-el-Cancer-30-1024x683.jpg\" class=\"attachment-large size-large\" alt=\"\" srcset=\"https:\/\/congresos.contraelcancer.es\/extremadura\/wp-content\/uploads\/sites\/4\/2026\/02\/lX-Congreso-A.E.C.-el-Cancer-30-1024x683.jpg 1024w, https:\/\/congresos.contraelcancer.es\/extremadura\/wp-content\/uploads\/sites\/4\/2026\/02\/lX-Congreso-A.E.C.-el-Cancer-30-300x200.jpg 300w, https:\/\/congresos.contraelcancer.es\/extremadura\/wp-content\/uploads\/sites\/4\/2026\/02\/lX-Congreso-A.E.C.-el-Cancer-30-768x512.jpg 768w, https:\/\/congresos.contraelcancer.es\/extremadura\/wp-content\/uploads\/sites\/4\/2026\/02\/lX-Congreso-A.E.C.-el-Cancer-30-113x75.jpg 113w, https:\/\/congresos.contraelcancer.es\/extremadura\/wp-content\/uploads\/sites\/4\/2026\/02\/lX-Congreso-A.E.C.-el-Cancer-30-480x320.jpg 480w\" sizes=\"(max-width:767px) 480px, (max-width:1024px) 100vw, 1024px\" \/><\/a>\n\t\t\t\t<\/dt><\/div><\/dl><dl class='gallery-item'  data-title='lX Congreso A.E.C. el Cancer (34)' data-description=''><div class='gallery-item-wrapper'>\n\t\t\t\t<dt class='gallery-icon landscape'>\n\t\t\t\t\t<a href='https:\/\/congresos.contraelcancer.es\/extremadura\/wp-content\/uploads\/sites\/4\/2026\/02\/lX-Congreso-A.E.C.-el-Cancer-34-scaled.jpg'><img loading=\"lazy\" decoding=\"async\" width=\"1024\" height=\"683\" src=\"https:\/\/congresos.contraelcancer.es\/extremadura\/wp-content\/uploads\/sites\/4\/2026\/02\/lX-Congreso-A.E.C.-el-Cancer-34-1024x683.jpg\" class=\"attachment-large size-large\" alt=\"\" srcset=\"https:\/\/congresos.contraelcancer.es\/extremadura\/wp-content\/uploads\/sites\/4\/2026\/02\/lX-Congreso-A.E.C.-el-Cancer-34-1024x683.jpg 1024w, https:\/\/congresos.contraelcancer.es\/extremadura\/wp-content\/uploads\/sites\/4\/2026\/02\/lX-Congreso-A.E.C.-el-Cancer-34-300x200.jpg 300w, https:\/\/congresos.contraelcancer.es\/extremadura\/wp-content\/uploads\/sites\/4\/2026\/02\/lX-Congreso-A.E.C.-el-Cancer-34-768x512.jpg 768w, https:\/\/congresos.contraelcancer.es\/extremadura\/wp-content\/uploads\/sites\/4\/2026\/02\/lX-Congreso-A.E.C.-el-Cancer-34-113x75.jpg 113w, https:\/\/congresos.contraelcancer.es\/extremadura\/wp-content\/uploads\/sites\/4\/2026\/02\/lX-Congreso-A.E.C.-el-Cancer-34-480x320.jpg 480w\" sizes=\"(max-width:767px) 480px, (max-width:1024px) 100vw, 1024px\" \/><\/a>\n\t\t\t\t<\/dt><\/div><\/dl><dl class='gallery-item'  data-title='lX Congreso A.E.C. el Cancer (35)' data-description=''><div class='gallery-item-wrapper'>\n\t\t\t\t<dt class='gallery-icon landscape'>\n\t\t\t\t\t<a href='https:\/\/congresos.contraelcancer.es\/extremadura\/wp-content\/uploads\/sites\/4\/2026\/02\/lX-Congreso-A.E.C.-el-Cancer-35-scaled.jpg'><img loading=\"lazy\" decoding=\"async\" width=\"1024\" height=\"683\" src=\"https:\/\/congresos.contraelcancer.es\/extremadura\/wp-content\/uploads\/sites\/4\/2026\/02\/lX-Congreso-A.E.C.-el-Cancer-35-1024x683.jpg\" class=\"attachment-large size-large\" alt=\"\" srcset=\"https:\/\/congresos.contraelcancer.es\/extremadura\/wp-content\/uploads\/sites\/4\/2026\/02\/lX-Congreso-A.E.C.-el-Cancer-35-1024x683.jpg 1024w, https:\/\/congresos.contraelcancer.es\/extremadura\/wp-content\/uploads\/sites\/4\/2026\/02\/lX-Congreso-A.E.C.-el-Cancer-35-300x200.jpg 300w, https:\/\/congresos.contraelcancer.es\/extremadura\/wp-content\/uploads\/sites\/4\/2026\/02\/lX-Congreso-A.E.C.-el-Cancer-35-768x512.jpg 768w, https:\/\/congresos.contraelcancer.es\/extremadura\/wp-content\/uploads\/sites\/4\/2026\/02\/lX-Congreso-A.E.C.-el-Cancer-35-113x75.jpg 113w, https:\/\/congresos.contraelcancer.es\/extremadura\/wp-content\/uploads\/sites\/4\/2026\/02\/lX-Congreso-A.E.C.-el-Cancer-35-480x320.jpg 480w\" sizes=\"(max-width:767px) 480px, (max-width:1024px) 100vw, 1024px\" \/><\/a>\n\t\t\t\t<\/dt><\/div><\/dl><br style=\"clear: both\" \/><dl class='gallery-item'  data-title='lX Congreso A.E.C. el Cancer (37)' data-description=''><div class='gallery-item-wrapper'>\n\t\t\t\t<dt class='gallery-icon landscape'>\n\t\t\t\t\t<a href='https:\/\/congresos.contraelcancer.es\/extremadura\/wp-content\/uploads\/sites\/4\/2026\/02\/lX-Congreso-A.E.C.-el-Cancer-37-scaled.jpg'><img loading=\"lazy\" decoding=\"async\" width=\"1024\" height=\"683\" src=\"https:\/\/congresos.contraelcancer.es\/extremadura\/wp-content\/uploads\/sites\/4\/2026\/02\/lX-Congreso-A.E.C.-el-Cancer-37-1024x683.jpg\" class=\"attachment-large size-large\" alt=\"\" srcset=\"https:\/\/congresos.contraelcancer.es\/extremadura\/wp-content\/uploads\/sites\/4\/2026\/02\/lX-Congreso-A.E.C.-el-Cancer-37-1024x683.jpg 1024w, https:\/\/congresos.contraelcancer.es\/extremadura\/wp-content\/uploads\/sites\/4\/2026\/02\/lX-Congreso-A.E.C.-el-Cancer-37-300x200.jpg 300w, https:\/\/congresos.contraelcancer.es\/extremadura\/wp-content\/uploads\/sites\/4\/2026\/02\/lX-Congreso-A.E.C.-el-Cancer-37-768x512.jpg 768w, https:\/\/congresos.contraelcancer.es\/extremadura\/wp-content\/uploads\/sites\/4\/2026\/02\/lX-Congreso-A.E.C.-el-Cancer-37-113x75.jpg 113w, https:\/\/congresos.contraelcancer.es\/extremadura\/wp-content\/uploads\/sites\/4\/2026\/02\/lX-Congreso-A.E.C.-el-Cancer-37-480x320.jpg 480w\" sizes=\"(max-width:767px) 480px, (max-width:1024px) 100vw, 1024px\" \/><\/a>\n\t\t\t\t<\/dt><\/div><\/dl><dl class='gallery-item'  data-title='lX Congreso A.E.C. el Cancer (49)' data-description=''><div class='gallery-item-wrapper'>\n\t\t\t\t<dt class='gallery-icon landscape'>\n\t\t\t\t\t<a href='https:\/\/congresos.contraelcancer.es\/extremadura\/wp-content\/uploads\/sites\/4\/2026\/02\/lX-Congreso-A.E.C.-el-Cancer-49-scaled.jpg'><img loading=\"lazy\" decoding=\"async\" width=\"1024\" height=\"695\" src=\"https:\/\/congresos.contraelcancer.es\/extremadura\/wp-content\/uploads\/sites\/4\/2026\/02\/lX-Congreso-A.E.C.-el-Cancer-49-1024x695.jpg\" class=\"attachment-large size-large\" alt=\"\" srcset=\"https:\/\/congresos.contraelcancer.es\/extremadura\/wp-content\/uploads\/sites\/4\/2026\/02\/lX-Congreso-A.E.C.-el-Cancer-49-1024x695.jpg 1024w, https:\/\/congresos.contraelcancer.es\/extremadura\/wp-content\/uploads\/sites\/4\/2026\/02\/lX-Congreso-A.E.C.-el-Cancer-49-300x204.jpg 300w, https:\/\/congresos.contraelcancer.es\/extremadura\/wp-content\/uploads\/sites\/4\/2026\/02\/lX-Congreso-A.E.C.-el-Cancer-49-768x521.jpg 768w, https:\/\/congresos.contraelcancer.es\/extremadura\/wp-content\/uploads\/sites\/4\/2026\/02\/lX-Congreso-A.E.C.-el-Cancer-49-110x75.jpg 110w, https:\/\/congresos.contraelcancer.es\/extremadura\/wp-content\/uploads\/sites\/4\/2026\/02\/lX-Congreso-A.E.C.-el-Cancer-49-480x326.jpg 480w\" sizes=\"(max-width:767px) 480px, (max-width:1024px) 100vw, 1024px\" \/><\/a>\n\t\t\t\t<\/dt><\/div><\/dl><dl class='gallery-item'  data-title='lX Congreso A.E.C. el Cancer (56)' data-description=''><div class='gallery-item-wrapper'>\n\t\t\t\t<dt class='gallery-icon landscape'>\n\t\t\t\t\t<a href='https:\/\/congresos.contraelcancer.es\/extremadura\/wp-content\/uploads\/sites\/4\/2026\/02\/lX-Congreso-A.E.C.-el-Cancer-56-scaled.jpg'><img loading=\"lazy\" decoding=\"async\" width=\"1024\" height=\"683\" src=\"https:\/\/congresos.contraelcancer.es\/extremadura\/wp-content\/uploads\/sites\/4\/2026\/02\/lX-Congreso-A.E.C.-el-Cancer-56-1024x683.jpg\" class=\"attachment-large size-large\" alt=\"\" srcset=\"https:\/\/congresos.contraelcancer.es\/extremadura\/wp-content\/uploads\/sites\/4\/2026\/02\/lX-Congreso-A.E.C.-el-Cancer-56-1024x683.jpg 1024w, https:\/\/congresos.contraelcancer.es\/extremadura\/wp-content\/uploads\/sites\/4\/2026\/02\/lX-Congreso-A.E.C.-el-Cancer-56-300x200.jpg 300w, https:\/\/congresos.contraelcancer.es\/extremadura\/wp-content\/uploads\/sites\/4\/2026\/02\/lX-Congreso-A.E.C.-el-Cancer-56-768x512.jpg 768w, https:\/\/congresos.contraelcancer.es\/extremadura\/wp-content\/uploads\/sites\/4\/2026\/02\/lX-Congreso-A.E.C.-el-Cancer-56-113x75.jpg 113w, https:\/\/congresos.contraelcancer.es\/extremadura\/wp-content\/uploads\/sites\/4\/2026\/02\/lX-Congreso-A.E.C.-el-Cancer-56-480x320.jpg 480w\" sizes=\"(max-width:767px) 480px, (max-width:1024px) 100vw, 1024px\" \/><\/a>\n\t\t\t\t<\/dt><\/div><\/dl><dl class='gallery-item'  data-title='lX Congreso A.E.C. el Cancer (59)' data-description=''><div class='gallery-item-wrapper'>\n\t\t\t\t<dt class='gallery-icon landscape'>\n\t\t\t\t\t<a href='https:\/\/congresos.contraelcancer.es\/extremadura\/wp-content\/uploads\/sites\/4\/2026\/02\/lX-Congreso-A.E.C.-el-Cancer-59-scaled.jpg'><img loading=\"lazy\" decoding=\"async\" width=\"1024\" height=\"683\" src=\"https:\/\/congresos.contraelcancer.es\/extremadura\/wp-content\/uploads\/sites\/4\/2026\/02\/lX-Congreso-A.E.C.-el-Cancer-59-1024x683.jpg\" class=\"attachment-large size-large\" alt=\"\" srcset=\"https:\/\/congresos.contraelcancer.es\/extremadura\/wp-content\/uploads\/sites\/4\/2026\/02\/lX-Congreso-A.E.C.-el-Cancer-59-1024x683.jpg 1024w, https:\/\/congresos.contraelcancer.es\/extremadura\/wp-content\/uploads\/sites\/4\/2026\/02\/lX-Congreso-A.E.C.-el-Cancer-59-300x200.jpg 300w, https:\/\/congresos.contraelcancer.es\/extremadura\/wp-content\/uploads\/sites\/4\/2026\/02\/lX-Congreso-A.E.C.-el-Cancer-59-768x512.jpg 768w, https:\/\/congresos.contraelcancer.es\/extremadura\/wp-content\/uploads\/sites\/4\/2026\/02\/lX-Congreso-A.E.C.-el-Cancer-59-113x75.jpg 113w, https:\/\/congresos.contraelcancer.es\/extremadura\/wp-content\/uploads\/sites\/4\/2026\/02\/lX-Congreso-A.E.C.-el-Cancer-59-480x320.jpg 480w\" sizes=\"(max-width:767px) 480px, (max-width:1024px) 100vw, 1024px\" \/><\/a>\n\t\t\t\t<\/dt><\/div><\/dl><br style=\"clear: both\" \/><dl class='gallery-item'  data-title='lX Congreso A.E.C. el Cancer (62)' data-description=''><div class='gallery-item-wrapper'>\n\t\t\t\t<dt class='gallery-icon landscape'>\n\t\t\t\t\t<a href='https:\/\/congresos.contraelcancer.es\/extremadura\/wp-content\/uploads\/sites\/4\/2026\/02\/lX-Congreso-A.E.C.-el-Cancer-62-scaled.jpg'><img loading=\"lazy\" decoding=\"async\" width=\"1024\" height=\"683\" src=\"https:\/\/congresos.contraelcancer.es\/extremadura\/wp-content\/uploads\/sites\/4\/2026\/02\/lX-Congreso-A.E.C.-el-Cancer-62-1024x683.jpg\" class=\"attachment-large size-large\" alt=\"\" srcset=\"https:\/\/congresos.contraelcancer.es\/extremadura\/wp-content\/uploads\/sites\/4\/2026\/02\/lX-Congreso-A.E.C.-el-Cancer-62-1024x683.jpg 1024w, https:\/\/congresos.contraelcancer.es\/extremadura\/wp-content\/uploads\/sites\/4\/2026\/02\/lX-Congreso-A.E.C.-el-Cancer-62-300x200.jpg 300w, https:\/\/congresos.contraelcancer.es\/extremadura\/wp-content\/uploads\/sites\/4\/2026\/02\/lX-Congreso-A.E.C.-el-Cancer-62-768x512.jpg 768w, https:\/\/congresos.contraelcancer.es\/extremadura\/wp-content\/uploads\/sites\/4\/2026\/02\/lX-Congreso-A.E.C.-el-Cancer-62-113x75.jpg 113w, https:\/\/congresos.contraelcancer.es\/extremadura\/wp-content\/uploads\/sites\/4\/2026\/02\/lX-Congreso-A.E.C.-el-Cancer-62-480x320.jpg 480w\" sizes=\"(max-width:767px) 480px, (max-width:1024px) 100vw, 1024px\" \/><\/a>\n\t\t\t\t<\/dt><\/div><\/dl><dl class='gallery-item'  data-title='lX Congreso A.E.C. el Cancer (63)' data-description=''><div class='gallery-item-wrapper'>\n\t\t\t\t<dt class='gallery-icon landscape'>\n\t\t\t\t\t<a href='https:\/\/congresos.contraelcancer.es\/extremadura\/wp-content\/uploads\/sites\/4\/2026\/02\/lX-Congreso-A.E.C.-el-Cancer-63-scaled.jpg'><img loading=\"lazy\" decoding=\"async\" width=\"1024\" height=\"683\" src=\"https:\/\/congresos.contraelcancer.es\/extremadura\/wp-content\/uploads\/sites\/4\/2026\/02\/lX-Congreso-A.E.C.-el-Cancer-63-1024x683.jpg\" class=\"attachment-large size-large\" alt=\"\" srcset=\"https:\/\/congresos.contraelcancer.es\/extremadura\/wp-content\/uploads\/sites\/4\/2026\/02\/lX-Congreso-A.E.C.-el-Cancer-63-1024x683.jpg 1024w, https:\/\/congresos.contraelcancer.es\/extremadura\/wp-content\/uploads\/sites\/4\/2026\/02\/lX-Congreso-A.E.C.-el-Cancer-63-300x200.jpg 300w, https:\/\/congresos.contraelcancer.es\/extremadura\/wp-content\/uploads\/sites\/4\/2026\/02\/lX-Congreso-A.E.C.-el-Cancer-63-768x512.jpg 768w, https:\/\/congresos.contraelcancer.es\/extremadura\/wp-content\/uploads\/sites\/4\/2026\/02\/lX-Congreso-A.E.C.-el-Cancer-63-113x75.jpg 113w, https:\/\/congresos.contraelcancer.es\/extremadura\/wp-content\/uploads\/sites\/4\/2026\/02\/lX-Congreso-A.E.C.-el-Cancer-63-480x320.jpg 480w\" sizes=\"(max-width:767px) 480px, (max-width:1024px) 100vw, 1024px\" \/><\/a>\n\t\t\t\t<\/dt><\/div><\/dl><dl class='gallery-item'  data-title='lX Congreso A.E.C. el Cancer (66)' data-description=''><div class='gallery-item-wrapper'>\n\t\t\t\t<dt class='gallery-icon landscape'>\n\t\t\t\t\t<a href='https:\/\/congresos.contraelcancer.es\/extremadura\/wp-content\/uploads\/sites\/4\/2026\/02\/lX-Congreso-A.E.C.-el-Cancer-66-scaled.jpg'><img loading=\"lazy\" decoding=\"async\" width=\"1024\" height=\"683\" src=\"https:\/\/congresos.contraelcancer.es\/extremadura\/wp-content\/uploads\/sites\/4\/2026\/02\/lX-Congreso-A.E.C.-el-Cancer-66-1024x683.jpg\" class=\"attachment-large size-large\" alt=\"\" srcset=\"https:\/\/congresos.contraelcancer.es\/extremadura\/wp-content\/uploads\/sites\/4\/2026\/02\/lX-Congreso-A.E.C.-el-Cancer-66-1024x683.jpg 1024w, https:\/\/congresos.contraelcancer.es\/extremadura\/wp-content\/uploads\/sites\/4\/2026\/02\/lX-Congreso-A.E.C.-el-Cancer-66-300x200.jpg 300w, https:\/\/congresos.contraelcancer.es\/extremadura\/wp-content\/uploads\/sites\/4\/2026\/02\/lX-Congreso-A.E.C.-el-Cancer-66-768x512.jpg 768w, https:\/\/congresos.contraelcancer.es\/extremadura\/wp-content\/uploads\/sites\/4\/2026\/02\/lX-Congreso-A.E.C.-el-Cancer-66-113x75.jpg 113w, https:\/\/congresos.contraelcancer.es\/extremadura\/wp-content\/uploads\/sites\/4\/2026\/02\/lX-Congreso-A.E.C.-el-Cancer-66-480x320.jpg 480w\" sizes=\"(max-width:767px) 480px, (max-width:1024px) 100vw, 1024px\" \/><\/a>\n\t\t\t\t<\/dt><\/div><\/dl><dl class='gallery-item'  data-title='lX Congreso A.E.C. el Cancer (67)' data-description=''><div class='gallery-item-wrapper'>\n\t\t\t\t<dt class='gallery-icon landscape'>\n\t\t\t\t\t<a href='https:\/\/congresos.contraelcancer.es\/extremadura\/wp-content\/uploads\/sites\/4\/2026\/02\/lX-Congreso-A.E.C.-el-Cancer-67-scaled.jpg'><img loading=\"lazy\" decoding=\"async\" width=\"1024\" height=\"683\" src=\"https:\/\/congresos.contraelcancer.es\/extremadura\/wp-content\/uploads\/sites\/4\/2026\/02\/lX-Congreso-A.E.C.-el-Cancer-67-1024x683.jpg\" class=\"attachment-large size-large\" alt=\"\" srcset=\"https:\/\/congresos.contraelcancer.es\/extremadura\/wp-content\/uploads\/sites\/4\/2026\/02\/lX-Congreso-A.E.C.-el-Cancer-67-1024x683.jpg 1024w, https:\/\/congresos.contraelcancer.es\/extremadura\/wp-content\/uploads\/sites\/4\/2026\/02\/lX-Congreso-A.E.C.-el-Cancer-67-300x200.jpg 300w, https:\/\/congresos.contraelcancer.es\/extremadura\/wp-content\/uploads\/sites\/4\/2026\/02\/lX-Congreso-A.E.C.-el-Cancer-67-768x512.jpg 768w, https:\/\/congresos.contraelcancer.es\/extremadura\/wp-content\/uploads\/sites\/4\/2026\/02\/lX-Congreso-A.E.C.-el-Cancer-67-113x75.jpg 113w, https:\/\/congresos.contraelcancer.es\/extremadura\/wp-content\/uploads\/sites\/4\/2026\/02\/lX-Congreso-A.E.C.-el-Cancer-67-480x320.jpg 480w\" sizes=\"(max-width:767px) 480px, (max-width:1024px) 100vw, 1024px\" \/><\/a>\n\t\t\t\t<\/dt><\/div><\/dl><br style=\"clear: both\" \/><dl class='gallery-item'  data-title='lX Congreso A.E.C. el Cancer (68)' data-description=''><div class='gallery-item-wrapper'>\n\t\t\t\t<dt class='gallery-icon landscape'>\n\t\t\t\t\t<a href='https:\/\/congresos.contraelcancer.es\/extremadura\/wp-content\/uploads\/sites\/4\/2026\/02\/lX-Congreso-A.E.C.-el-Cancer-68-scaled.jpg'><img loading=\"lazy\" decoding=\"async\" width=\"1024\" height=\"683\" src=\"https:\/\/congresos.contraelcancer.es\/extremadura\/wp-content\/uploads\/sites\/4\/2026\/02\/lX-Congreso-A.E.C.-el-Cancer-68-1024x683.jpg\" class=\"attachment-large size-large\" alt=\"\" srcset=\"https:\/\/congresos.contraelcancer.es\/extremadura\/wp-content\/uploads\/sites\/4\/2026\/02\/lX-Congreso-A.E.C.-el-Cancer-68-1024x683.jpg 1024w, https:\/\/congresos.contraelcancer.es\/extremadura\/wp-content\/uploads\/sites\/4\/2026\/02\/lX-Congreso-A.E.C.-el-Cancer-68-300x200.jpg 300w, https:\/\/congresos.contraelcancer.es\/extremadura\/wp-content\/uploads\/sites\/4\/2026\/02\/lX-Congreso-A.E.C.-el-Cancer-68-768x512.jpg 768w, https:\/\/congresos.contraelcancer.es\/extremadura\/wp-content\/uploads\/sites\/4\/2026\/02\/lX-Congreso-A.E.C.-el-Cancer-68-113x75.jpg 113w, https:\/\/congresos.contraelcancer.es\/extremadura\/wp-content\/uploads\/sites\/4\/2026\/02\/lX-Congreso-A.E.C.-el-Cancer-68-480x320.jpg 480w\" sizes=\"(max-width:767px) 480px, (max-width:1024px) 100vw, 1024px\" \/><\/a>\n\t\t\t\t<\/dt><\/div><\/dl><dl class='gallery-item'  data-title='lX Congreso A.E.C. el Cancer (69)' data-description=''><div class='gallery-item-wrapper'>\n\t\t\t\t<dt class='gallery-icon landscape'>\n\t\t\t\t\t<a href='https:\/\/congresos.contraelcancer.es\/extremadura\/wp-content\/uploads\/sites\/4\/2026\/02\/lX-Congreso-A.E.C.-el-Cancer-69-scaled.jpg'><img loading=\"lazy\" decoding=\"async\" width=\"1024\" height=\"683\" src=\"https:\/\/congresos.contraelcancer.es\/extremadura\/wp-content\/uploads\/sites\/4\/2026\/02\/lX-Congreso-A.E.C.-el-Cancer-69-1024x683.jpg\" class=\"attachment-large size-large\" alt=\"\" srcset=\"https:\/\/congresos.contraelcancer.es\/extremadura\/wp-content\/uploads\/sites\/4\/2026\/02\/lX-Congreso-A.E.C.-el-Cancer-69-1024x683.jpg 1024w, https:\/\/congresos.contraelcancer.es\/extremadura\/wp-content\/uploads\/sites\/4\/2026\/02\/lX-Congreso-A.E.C.-el-Cancer-69-300x200.jpg 300w, https:\/\/congresos.contraelcancer.es\/extremadura\/wp-content\/uploads\/sites\/4\/2026\/02\/lX-Congreso-A.E.C.-el-Cancer-69-768x512.jpg 768w, https:\/\/congresos.contraelcancer.es\/extremadura\/wp-content\/uploads\/sites\/4\/2026\/02\/lX-Congreso-A.E.C.-el-Cancer-69-113x75.jpg 113w, https:\/\/congresos.contraelcancer.es\/extremadura\/wp-content\/uploads\/sites\/4\/2026\/02\/lX-Congreso-A.E.C.-el-Cancer-69-480x320.jpg 480w\" sizes=\"(max-width:767px) 480px, (max-width:1024px) 100vw, 1024px\" \/><\/a>\n\t\t\t\t<\/dt><\/div><\/dl><dl class='gallery-item'  data-title='lX Congreso A.E.C. el Cancer (70)' data-description=''><div class='gallery-item-wrapper'>\n\t\t\t\t<dt class='gallery-icon landscape'>\n\t\t\t\t\t<a href='https:\/\/congresos.contraelcancer.es\/extremadura\/wp-content\/uploads\/sites\/4\/2026\/02\/lX-Congreso-A.E.C.-el-Cancer-70-scaled.jpg'><img loading=\"lazy\" decoding=\"async\" width=\"1024\" height=\"683\" src=\"https:\/\/congresos.contraelcancer.es\/extremadura\/wp-content\/uploads\/sites\/4\/2026\/02\/lX-Congreso-A.E.C.-el-Cancer-70-1024x683.jpg\" class=\"attachment-large size-large\" alt=\"\" srcset=\"https:\/\/congresos.contraelcancer.es\/extremadura\/wp-content\/uploads\/sites\/4\/2026\/02\/lX-Congreso-A.E.C.-el-Cancer-70-1024x683.jpg 1024w, https:\/\/congresos.contraelcancer.es\/extremadura\/wp-content\/uploads\/sites\/4\/2026\/02\/lX-Congreso-A.E.C.-el-Cancer-70-300x200.jpg 300w, https:\/\/congresos.contraelcancer.es\/extremadura\/wp-content\/uploads\/sites\/4\/2026\/02\/lX-Congreso-A.E.C.-el-Cancer-70-768x512.jpg 768w, https:\/\/congresos.contraelcancer.es\/extremadura\/wp-content\/uploads\/sites\/4\/2026\/02\/lX-Congreso-A.E.C.-el-Cancer-70-113x75.jpg 113w, https:\/\/congresos.contraelcancer.es\/extremadura\/wp-content\/uploads\/sites\/4\/2026\/02\/lX-Congreso-A.E.C.-el-Cancer-70-480x320.jpg 480w\" sizes=\"(max-width:767px) 480px, (max-width:1024px) 100vw, 1024px\" \/><\/a>\n\t\t\t\t<\/dt><\/div><\/dl><dl class='gallery-item'  data-title='lX Congreso A.E.C. el Cancer (71)' data-description=''><div class='gallery-item-wrapper'>\n\t\t\t\t<dt class='gallery-icon landscape'>\n\t\t\t\t\t<a href='https:\/\/congresos.contraelcancer.es\/extremadura\/wp-content\/uploads\/sites\/4\/2026\/02\/lX-Congreso-A.E.C.-el-Cancer-71-scaled.jpg'><img loading=\"lazy\" decoding=\"async\" width=\"1024\" height=\"683\" src=\"https:\/\/congresos.contraelcancer.es\/extremadura\/wp-content\/uploads\/sites\/4\/2026\/02\/lX-Congreso-A.E.C.-el-Cancer-71-1024x683.jpg\" class=\"attachment-large size-large\" alt=\"\" srcset=\"https:\/\/congresos.contraelcancer.es\/extremadura\/wp-content\/uploads\/sites\/4\/2026\/02\/lX-Congreso-A.E.C.-el-Cancer-71-1024x683.jpg 1024w, https:\/\/congresos.contraelcancer.es\/extremadura\/wp-content\/uploads\/sites\/4\/2026\/02\/lX-Congreso-A.E.C.-el-Cancer-71-300x200.jpg 300w, https:\/\/congresos.contraelcancer.es\/extremadura\/wp-content\/uploads\/sites\/4\/2026\/02\/lX-Congreso-A.E.C.-el-Cancer-71-768x512.jpg 768w, https:\/\/congresos.contraelcancer.es\/extremadura\/wp-content\/uploads\/sites\/4\/2026\/02\/lX-Congreso-A.E.C.-el-Cancer-71-113x75.jpg 113w, https:\/\/congresos.contraelcancer.es\/extremadura\/wp-content\/uploads\/sites\/4\/2026\/02\/lX-Congreso-A.E.C.-el-Cancer-71-480x320.jpg 480w\" sizes=\"(max-width:767px) 480px, (max-width:1024px) 100vw, 1024px\" \/><\/a>\n\t\t\t\t<\/dt><\/div><\/dl><br style=\"clear: both\" \/><dl class='gallery-item'  data-title='lX Congreso A.E.C. el Cancer (87)' data-description=''><div class='gallery-item-wrapper'>\n\t\t\t\t<dt class='gallery-icon landscape'>\n\t\t\t\t\t<a href='https:\/\/congresos.contraelcancer.es\/extremadura\/wp-content\/uploads\/sites\/4\/2026\/02\/lX-Congreso-A.E.C.-el-Cancer-87-scaled.jpg'><img loading=\"lazy\" decoding=\"async\" width=\"1024\" height=\"768\" src=\"https:\/\/congresos.contraelcancer.es\/extremadura\/wp-content\/uploads\/sites\/4\/2026\/02\/lX-Congreso-A.E.C.-el-Cancer-87-1024x768.jpg\" class=\"attachment-large size-large\" alt=\"\" srcset=\"https:\/\/congresos.contraelcancer.es\/extremadura\/wp-content\/uploads\/sites\/4\/2026\/02\/lX-Congreso-A.E.C.-el-Cancer-87-1024x768.jpg 1024w, https:\/\/congresos.contraelcancer.es\/extremadura\/wp-content\/uploads\/sites\/4\/2026\/02\/lX-Congreso-A.E.C.-el-Cancer-87-300x225.jpg 300w, https:\/\/congresos.contraelcancer.es\/extremadura\/wp-content\/uploads\/sites\/4\/2026\/02\/lX-Congreso-A.E.C.-el-Cancer-87-768x576.jpg 768w, https:\/\/congresos.contraelcancer.es\/extremadura\/wp-content\/uploads\/sites\/4\/2026\/02\/lX-Congreso-A.E.C.-el-Cancer-87-100x75.jpg 100w, https:\/\/congresos.contraelcancer.es\/extremadura\/wp-content\/uploads\/sites\/4\/2026\/02\/lX-Congreso-A.E.C.-el-Cancer-87-480x360.jpg 480w\" sizes=\"(max-width:767px) 480px, (max-width:1024px) 100vw, 1024px\" \/><\/a>\n\t\t\t\t<\/dt><\/div><\/dl><dl class='gallery-item'  data-title='lX Congreso A.E.C. el Cancer (89)' data-description=''><div class='gallery-item-wrapper'>\n\t\t\t\t<dt class='gallery-icon landscape'>\n\t\t\t\t\t<a href='https:\/\/congresos.contraelcancer.es\/extremadura\/wp-content\/uploads\/sites\/4\/2026\/02\/lX-Congreso-A.E.C.-el-Cancer-89-scaled.jpg'><img loading=\"lazy\" decoding=\"async\" width=\"1024\" height=\"768\" src=\"https:\/\/congresos.contraelcancer.es\/extremadura\/wp-content\/uploads\/sites\/4\/2026\/02\/lX-Congreso-A.E.C.-el-Cancer-89-1024x768.jpg\" class=\"attachment-large size-large\" alt=\"\" srcset=\"https:\/\/congresos.contraelcancer.es\/extremadura\/wp-content\/uploads\/sites\/4\/2026\/02\/lX-Congreso-A.E.C.-el-Cancer-89-1024x768.jpg 1024w, https:\/\/congresos.contraelcancer.es\/extremadura\/wp-content\/uploads\/sites\/4\/2026\/02\/lX-Congreso-A.E.C.-el-Cancer-89-300x225.jpg 300w, https:\/\/congresos.contraelcancer.es\/extremadura\/wp-content\/uploads\/sites\/4\/2026\/02\/lX-Congreso-A.E.C.-el-Cancer-89-768x576.jpg 768w, https:\/\/congresos.contraelcancer.es\/extremadura\/wp-content\/uploads\/sites\/4\/2026\/02\/lX-Congreso-A.E.C.-el-Cancer-89-100x75.jpg 100w, https:\/\/congresos.contraelcancer.es\/extremadura\/wp-content\/uploads\/sites\/4\/2026\/02\/lX-Congreso-A.E.C.-el-Cancer-89-480x360.jpg 480w\" sizes=\"(max-width:767px) 480px, (max-width:1024px) 100vw, 1024px\" \/><\/a>\n\t\t\t\t<\/dt><\/div><\/dl><dl class='gallery-item'  data-title='lX Congreso A.E.C. el Cancer (100)' data-description=''><div class='gallery-item-wrapper'>\n\t\t\t\t<dt class='gallery-icon landscape'>\n\t\t\t\t\t<a href='https:\/\/congresos.contraelcancer.es\/extremadura\/wp-content\/uploads\/sites\/4\/2026\/02\/lX-Congreso-A.E.C.-el-Cancer-100-scaled.jpg'><img loading=\"lazy\" decoding=\"async\" width=\"1024\" height=\"768\" src=\"https:\/\/congresos.contraelcancer.es\/extremadura\/wp-content\/uploads\/sites\/4\/2026\/02\/lX-Congreso-A.E.C.-el-Cancer-100-1024x768.jpg\" class=\"attachment-large size-large\" alt=\"\" srcset=\"https:\/\/congresos.contraelcancer.es\/extremadura\/wp-content\/uploads\/sites\/4\/2026\/02\/lX-Congreso-A.E.C.-el-Cancer-100-1024x768.jpg 1024w, https:\/\/congresos.contraelcancer.es\/extremadura\/wp-content\/uploads\/sites\/4\/2026\/02\/lX-Congreso-A.E.C.-el-Cancer-100-300x225.jpg 300w, https:\/\/congresos.contraelcancer.es\/extremadura\/wp-content\/uploads\/sites\/4\/2026\/02\/lX-Congreso-A.E.C.-el-Cancer-100-768x576.jpg 768w, https:\/\/congresos.contraelcancer.es\/extremadura\/wp-content\/uploads\/sites\/4\/2026\/02\/lX-Congreso-A.E.C.-el-Cancer-100-100x75.jpg 100w, https:\/\/congresos.contraelcancer.es\/extremadura\/wp-content\/uploads\/sites\/4\/2026\/02\/lX-Congreso-A.E.C.-el-Cancer-100-480x360.jpg 480w\" sizes=\"(max-width:767px) 480px, (max-width:1024px) 100vw, 1024px\" \/><\/a>\n\t\t\t\t<\/dt><\/div><\/dl><dl class='gallery-item'  data-title='lX Congreso A.E.C. el Cancer (101)' data-description=''><div class='gallery-item-wrapper'>\n\t\t\t\t<dt class='gallery-icon landscape'>\n\t\t\t\t\t<a href='https:\/\/congresos.contraelcancer.es\/extremadura\/wp-content\/uploads\/sites\/4\/2026\/02\/lX-Congreso-A.E.C.-el-Cancer-101-scaled.jpg'><img loading=\"lazy\" decoding=\"async\" width=\"1024\" height=\"768\" src=\"https:\/\/congresos.contraelcancer.es\/extremadura\/wp-content\/uploads\/sites\/4\/2026\/02\/lX-Congreso-A.E.C.-el-Cancer-101-1024x768.jpg\" class=\"attachment-large size-large\" alt=\"\" srcset=\"https:\/\/congresos.contraelcancer.es\/extremadura\/wp-content\/uploads\/sites\/4\/2026\/02\/lX-Congreso-A.E.C.-el-Cancer-101-1024x768.jpg 1024w, https:\/\/congresos.contraelcancer.es\/extremadura\/wp-content\/uploads\/sites\/4\/2026\/02\/lX-Congreso-A.E.C.-el-Cancer-101-300x225.jpg 300w, https:\/\/congresos.contraelcancer.es\/extremadura\/wp-content\/uploads\/sites\/4\/2026\/02\/lX-Congreso-A.E.C.-el-Cancer-101-768x576.jpg 768w, https:\/\/congresos.contraelcancer.es\/extremadura\/wp-content\/uploads\/sites\/4\/2026\/02\/lX-Congreso-A.E.C.-el-Cancer-101-100x75.jpg 100w, https:\/\/congresos.contraelcancer.es\/extremadura\/wp-content\/uploads\/sites\/4\/2026\/02\/lX-Congreso-A.E.C.-el-Cancer-101-480x360.jpg 480w\" sizes=\"(max-width:767px) 480px, (max-width:1024px) 100vw, 1024px\" \/><\/a>\n\t\t\t\t<\/dt><\/div><\/dl><br style=\"clear: both\" \/><dl class='gallery-item'  data-title='lX Congreso A.E.C. el Cancer (102)' data-description=''><div class='gallery-item-wrapper'>\n\t\t\t\t<dt class='gallery-icon landscape'>\n\t\t\t\t\t<a href='https:\/\/congresos.contraelcancer.es\/extremadura\/wp-content\/uploads\/sites\/4\/2026\/02\/lX-Congreso-A.E.C.-el-Cancer-102-scaled.jpg'><img loading=\"lazy\" decoding=\"async\" width=\"1024\" height=\"768\" src=\"https:\/\/congresos.contraelcancer.es\/extremadura\/wp-content\/uploads\/sites\/4\/2026\/02\/lX-Congreso-A.E.C.-el-Cancer-102-1024x768.jpg\" class=\"attachment-large size-large\" alt=\"\" srcset=\"https:\/\/congresos.contraelcancer.es\/extremadura\/wp-content\/uploads\/sites\/4\/2026\/02\/lX-Congreso-A.E.C.-el-Cancer-102-1024x768.jpg 1024w, https:\/\/congresos.contraelcancer.es\/extremadura\/wp-content\/uploads\/sites\/4\/2026\/02\/lX-Congreso-A.E.C.-el-Cancer-102-300x225.jpg 300w, https:\/\/congresos.contraelcancer.es\/extremadura\/wp-content\/uploads\/sites\/4\/2026\/02\/lX-Congreso-A.E.C.-el-Cancer-102-768x576.jpg 768w, https:\/\/congresos.contraelcancer.es\/extremadura\/wp-content\/uploads\/sites\/4\/2026\/02\/lX-Congreso-A.E.C.-el-Cancer-102-100x75.jpg 100w, https:\/\/congresos.contraelcancer.es\/extremadura\/wp-content\/uploads\/sites\/4\/2026\/02\/lX-Congreso-A.E.C.-el-Cancer-102-480x360.jpg 480w\" sizes=\"(max-width:767px) 480px, (max-width:1024px) 100vw, 1024px\" \/><\/a>\n\t\t\t\t<\/dt><\/div><\/dl><dl class='gallery-item'  data-title='lX Congreso A.E.C. el Cancer (103)' data-description=''><div class='gallery-item-wrapper'>\n\t\t\t\t<dt class='gallery-icon landscape'>\n\t\t\t\t\t<a href='https:\/\/congresos.contraelcancer.es\/extremadura\/wp-content\/uploads\/sites\/4\/2026\/02\/lX-Congreso-A.E.C.-el-Cancer-103-scaled.jpg'><img loading=\"lazy\" decoding=\"async\" width=\"1024\" height=\"768\" src=\"https:\/\/congresos.contraelcancer.es\/extremadura\/wp-content\/uploads\/sites\/4\/2026\/02\/lX-Congreso-A.E.C.-el-Cancer-103-1024x768.jpg\" class=\"attachment-large size-large\" alt=\"\" srcset=\"https:\/\/congresos.contraelcancer.es\/extremadura\/wp-content\/uploads\/sites\/4\/2026\/02\/lX-Congreso-A.E.C.-el-Cancer-103-1024x768.jpg 1024w, https:\/\/congresos.contraelcancer.es\/extremadura\/wp-content\/uploads\/sites\/4\/2026\/02\/lX-Congreso-A.E.C.-el-Cancer-103-300x225.jpg 300w, https:\/\/congresos.contraelcancer.es\/extremadura\/wp-content\/uploads\/sites\/4\/2026\/02\/lX-Congreso-A.E.C.-el-Cancer-103-768x576.jpg 768w, https:\/\/congresos.contraelcancer.es\/extremadura\/wp-content\/uploads\/sites\/4\/2026\/02\/lX-Congreso-A.E.C.-el-Cancer-103-100x75.jpg 100w, https:\/\/congresos.contraelcancer.es\/extremadura\/wp-content\/uploads\/sites\/4\/2026\/02\/lX-Congreso-A.E.C.-el-Cancer-103-480x360.jpg 480w\" sizes=\"(max-width:767px) 480px, (max-width:1024px) 100vw, 1024px\" \/><\/a>\n\t\t\t\t<\/dt><\/div><\/dl><dl class='gallery-item'  data-title='lX Congreso A.E.C. el Cancer (104)' data-description=''><div class='gallery-item-wrapper'>\n\t\t\t\t<dt class='gallery-icon landscape'>\n\t\t\t\t\t<a href='https:\/\/congresos.contraelcancer.es\/extremadura\/wp-content\/uploads\/sites\/4\/2026\/02\/lX-Congreso-A.E.C.-el-Cancer-104-scaled.jpg'><img loading=\"lazy\" decoding=\"async\" width=\"1024\" height=\"768\" src=\"https:\/\/congresos.contraelcancer.es\/extremadura\/wp-content\/uploads\/sites\/4\/2026\/02\/lX-Congreso-A.E.C.-el-Cancer-104-1024x768.jpg\" class=\"attachment-large size-large\" alt=\"\" srcset=\"https:\/\/congresos.contraelcancer.es\/extremadura\/wp-content\/uploads\/sites\/4\/2026\/02\/lX-Congreso-A.E.C.-el-Cancer-104-1024x768.jpg 1024w, https:\/\/congresos.contraelcancer.es\/extremadura\/wp-content\/uploads\/sites\/4\/2026\/02\/lX-Congreso-A.E.C.-el-Cancer-104-300x225.jpg 300w, https:\/\/congresos.contraelcancer.es\/extremadura\/wp-content\/uploads\/sites\/4\/2026\/02\/lX-Congreso-A.E.C.-el-Cancer-104-768x576.jpg 768w, https:\/\/congresos.contraelcancer.es\/extremadura\/wp-content\/uploads\/sites\/4\/2026\/02\/lX-Congreso-A.E.C.-el-Cancer-104-100x75.jpg 100w, https:\/\/congresos.contraelcancer.es\/extremadura\/wp-content\/uploads\/sites\/4\/2026\/02\/lX-Congreso-A.E.C.-el-Cancer-104-480x360.jpg 480w\" sizes=\"(max-width:767px) 480px, (max-width:1024px) 100vw, 1024px\" \/><\/a>\n\t\t\t\t<\/dt><\/div><\/dl><dl class='gallery-item'  data-title='lX Congreso A.E.C. el Cancer (105)' data-description=''><div class='gallery-item-wrapper'>\n\t\t\t\t<dt class='gallery-icon landscape'>\n\t\t\t\t\t<a href='https:\/\/congresos.contraelcancer.es\/extremadura\/wp-content\/uploads\/sites\/4\/2026\/02\/lX-Congreso-A.E.C.-el-Cancer-105-scaled.jpg'><img loading=\"lazy\" decoding=\"async\" width=\"1024\" height=\"768\" src=\"https:\/\/congresos.contraelcancer.es\/extremadura\/wp-content\/uploads\/sites\/4\/2026\/02\/lX-Congreso-A.E.C.-el-Cancer-105-1024x768.jpg\" class=\"attachment-large size-large\" alt=\"\" srcset=\"https:\/\/congresos.contraelcancer.es\/extremadura\/wp-content\/uploads\/sites\/4\/2026\/02\/lX-Congreso-A.E.C.-el-Cancer-105-1024x768.jpg 1024w, https:\/\/congresos.contraelcancer.es\/extremadura\/wp-content\/uploads\/sites\/4\/2026\/02\/lX-Congreso-A.E.C.-el-Cancer-105-300x225.jpg 300w, https:\/\/congresos.contraelcancer.es\/extremadura\/wp-content\/uploads\/sites\/4\/2026\/02\/lX-Congreso-A.E.C.-el-Cancer-105-768x576.jpg 768w, https:\/\/congresos.contraelcancer.es\/extremadura\/wp-content\/uploads\/sites\/4\/2026\/02\/lX-Congreso-A.E.C.-el-Cancer-105-100x75.jpg 100w, https:\/\/congresos.contraelcancer.es\/extremadura\/wp-content\/uploads\/sites\/4\/2026\/02\/lX-Congreso-A.E.C.-el-Cancer-105-480x360.jpg 480w\" sizes=\"(max-width:767px) 480px, (max-width:1024px) 100vw, 1024px\" \/><\/a>\n\t\t\t\t<\/dt><\/div><\/dl><br style=\"clear: both\" \/><dl class='gallery-item'  data-title='lX Congreso A.E.C. el Cancer (106)' data-description=''><div class='gallery-item-wrapper'>\n\t\t\t\t<dt class='gallery-icon landscape'>\n\t\t\t\t\t<a href='https:\/\/congresos.contraelcancer.es\/extremadura\/wp-content\/uploads\/sites\/4\/2026\/02\/lX-Congreso-A.E.C.-el-Cancer-106-scaled.jpg'><img loading=\"lazy\" decoding=\"async\" width=\"1024\" height=\"768\" src=\"https:\/\/congresos.contraelcancer.es\/extremadura\/wp-content\/uploads\/sites\/4\/2026\/02\/lX-Congreso-A.E.C.-el-Cancer-106-1024x768.jpg\" class=\"attachment-large size-large\" alt=\"\" srcset=\"https:\/\/congresos.contraelcancer.es\/extremadura\/wp-content\/uploads\/sites\/4\/2026\/02\/lX-Congreso-A.E.C.-el-Cancer-106-1024x768.jpg 1024w, https:\/\/congresos.contraelcancer.es\/extremadura\/wp-content\/uploads\/sites\/4\/2026\/02\/lX-Congreso-A.E.C.-el-Cancer-106-300x225.jpg 300w, https:\/\/congresos.contraelcancer.es\/extremadura\/wp-content\/uploads\/sites\/4\/2026\/02\/lX-Congreso-A.E.C.-el-Cancer-106-768x576.jpg 768w, https:\/\/congresos.contraelcancer.es\/extremadura\/wp-content\/uploads\/sites\/4\/2026\/02\/lX-Congreso-A.E.C.-el-Cancer-106-100x75.jpg 100w, https:\/\/congresos.contraelcancer.es\/extremadura\/wp-content\/uploads\/sites\/4\/2026\/02\/lX-Congreso-A.E.C.-el-Cancer-106-480x360.jpg 480w\" sizes=\"(max-width:767px) 480px, (max-width:1024px) 100vw, 1024px\" \/><\/a>\n\t\t\t\t<\/dt><\/div><\/dl><dl class='gallery-item'  data-title='lX Congreso A.E.C. el Cancer (107)' data-description=''><div class='gallery-item-wrapper'>\n\t\t\t\t<dt class='gallery-icon portrait'>\n\t\t\t\t\t<a href='https:\/\/congresos.contraelcancer.es\/extremadura\/wp-content\/uploads\/sites\/4\/2026\/02\/lX-Congreso-A.E.C.-el-Cancer-107-scaled.jpg'><img loading=\"lazy\" decoding=\"async\" width=\"768\" height=\"1024\" src=\"https:\/\/congresos.contraelcancer.es\/extremadura\/wp-content\/uploads\/sites\/4\/2026\/02\/lX-Congreso-A.E.C.-el-Cancer-107-768x1024.jpg\" class=\"attachment-large size-large\" alt=\"\" srcset=\"https:\/\/congresos.contraelcancer.es\/extremadura\/wp-content\/uploads\/sites\/4\/2026\/02\/lX-Congreso-A.E.C.-el-Cancer-107-768x1024.jpg 768w, https:\/\/congresos.contraelcancer.es\/extremadura\/wp-content\/uploads\/sites\/4\/2026\/02\/lX-Congreso-A.E.C.-el-Cancer-107-225x300.jpg 225w, https:\/\/congresos.contraelcancer.es\/extremadura\/wp-content\/uploads\/sites\/4\/2026\/02\/lX-Congreso-A.E.C.-el-Cancer-107-56x75.jpg 56w, https:\/\/congresos.contraelcancer.es\/extremadura\/wp-content\/uploads\/sites\/4\/2026\/02\/lX-Congreso-A.E.C.-el-Cancer-107-480x640.jpg 480w\" sizes=\"(max-width:767px) 480px, (max-width:768px) 100vw, 768px\" \/><\/a>\n\t\t\t\t<\/dt><\/div><\/dl><dl class='gallery-item'  data-title='lX Congreso A.E.C. el Cancer (108)' data-description=''><div class='gallery-item-wrapper'>\n\t\t\t\t<dt class='gallery-icon portrait'>\n\t\t\t\t\t<a href='https:\/\/congresos.contraelcancer.es\/extremadura\/wp-content\/uploads\/sites\/4\/2026\/02\/lX-Congreso-A.E.C.-el-Cancer-108-scaled.jpg'><img loading=\"lazy\" decoding=\"async\" width=\"768\" height=\"1024\" src=\"https:\/\/congresos.contraelcancer.es\/extremadura\/wp-content\/uploads\/sites\/4\/2026\/02\/lX-Congreso-A.E.C.-el-Cancer-108-768x1024.jpg\" class=\"attachment-large size-large\" alt=\"\" srcset=\"https:\/\/congresos.contraelcancer.es\/extremadura\/wp-content\/uploads\/sites\/4\/2026\/02\/lX-Congreso-A.E.C.-el-Cancer-108-768x1024.jpg 768w, https:\/\/congresos.contraelcancer.es\/extremadura\/wp-content\/uploads\/sites\/4\/2026\/02\/lX-Congreso-A.E.C.-el-Cancer-108-225x300.jpg 225w, https:\/\/congresos.contraelcancer.es\/extremadura\/wp-content\/uploads\/sites\/4\/2026\/02\/lX-Congreso-A.E.C.-el-Cancer-108-56x75.jpg 56w, https:\/\/congresos.contraelcancer.es\/extremadura\/wp-content\/uploads\/sites\/4\/2026\/02\/lX-Congreso-A.E.C.-el-Cancer-108-480x640.jpg 480w\" sizes=\"(max-width:767px) 480px, (max-width:768px) 100vw, 768px\" \/><\/a>\n\t\t\t\t<\/dt><\/div><\/dl><dl class='gallery-item'  data-title='lX Congreso A.E.C. el Cancer (109)' data-description=''><div class='gallery-item-wrapper'>\n\t\t\t\t<dt class='gallery-icon landscape'>\n\t\t\t\t\t<a href='https:\/\/congresos.contraelcancer.es\/extremadura\/wp-content\/uploads\/sites\/4\/2026\/02\/lX-Congreso-A.E.C.-el-Cancer-109-scaled.jpg'><img loading=\"lazy\" decoding=\"async\" width=\"1024\" height=\"768\" src=\"https:\/\/congresos.contraelcancer.es\/extremadura\/wp-content\/uploads\/sites\/4\/2026\/02\/lX-Congreso-A.E.C.-el-Cancer-109-1024x768.jpg\" class=\"attachment-large size-large\" alt=\"\" srcset=\"https:\/\/congresos.contraelcancer.es\/extremadura\/wp-content\/uploads\/sites\/4\/2026\/02\/lX-Congreso-A.E.C.-el-Cancer-109-1024x768.jpg 1024w, https:\/\/congresos.contraelcancer.es\/extremadura\/wp-content\/uploads\/sites\/4\/2026\/02\/lX-Congreso-A.E.C.-el-Cancer-109-300x225.jpg 300w, https:\/\/congresos.contraelcancer.es\/extremadura\/wp-content\/uploads\/sites\/4\/2026\/02\/lX-Congreso-A.E.C.-el-Cancer-109-768x576.jpg 768w, https:\/\/congresos.contraelcancer.es\/extremadura\/wp-content\/uploads\/sites\/4\/2026\/02\/lX-Congreso-A.E.C.-el-Cancer-109-100x75.jpg 100w, https:\/\/congresos.contraelcancer.es\/extremadura\/wp-content\/uploads\/sites\/4\/2026\/02\/lX-Congreso-A.E.C.-el-Cancer-109-480x360.jpg 480w\" sizes=\"(max-width:767px) 480px, (max-width:1024px) 100vw, 1024px\" \/><\/a>\n\t\t\t\t<\/dt><\/div><\/dl><br style=\"clear: both\" \/><dl class='gallery-item'  data-title='lX Congreso A.E.C. el Cancer (110)' data-description=''><div class='gallery-item-wrapper'>\n\t\t\t\t<dt class='gallery-icon portrait'>\n\t\t\t\t\t<a href='https:\/\/congresos.contraelcancer.es\/extremadura\/wp-content\/uploads\/sites\/4\/2026\/02\/lX-Congreso-A.E.C.-el-Cancer-110-scaled.jpg'><img loading=\"lazy\" decoding=\"async\" width=\"768\" height=\"1024\" src=\"https:\/\/congresos.contraelcancer.es\/extremadura\/wp-content\/uploads\/sites\/4\/2026\/02\/lX-Congreso-A.E.C.-el-Cancer-110-768x1024.jpg\" class=\"attachment-large size-large\" alt=\"\" srcset=\"https:\/\/congresos.contraelcancer.es\/extremadura\/wp-content\/uploads\/sites\/4\/2026\/02\/lX-Congreso-A.E.C.-el-Cancer-110-768x1024.jpg 768w, https:\/\/congresos.contraelcancer.es\/extremadura\/wp-content\/uploads\/sites\/4\/2026\/02\/lX-Congreso-A.E.C.-el-Cancer-110-225x300.jpg 225w, https:\/\/congresos.contraelcancer.es\/extremadura\/wp-content\/uploads\/sites\/4\/2026\/02\/lX-Congreso-A.E.C.-el-Cancer-110-56x75.jpg 56w, https:\/\/congresos.contraelcancer.es\/extremadura\/wp-content\/uploads\/sites\/4\/2026\/02\/lX-Congreso-A.E.C.-el-Cancer-110-480x640.jpg 480w\" sizes=\"(max-width:767px) 480px, (max-width:768px) 100vw, 768px\" \/><\/a>\n\t\t\t\t<\/dt><\/div><\/dl><dl class='gallery-item'  data-title='lX Congreso A.E.C. el Cancer (111)' data-description=''><div class='gallery-item-wrapper'>\n\t\t\t\t<dt class='gallery-icon portrait'>\n\t\t\t\t\t<a href='https:\/\/congresos.contraelcancer.es\/extremadura\/wp-content\/uploads\/sites\/4\/2026\/02\/lX-Congreso-A.E.C.-el-Cancer-111-scaled.jpg'><img loading=\"lazy\" decoding=\"async\" width=\"768\" height=\"1024\" src=\"https:\/\/congresos.contraelcancer.es\/extremadura\/wp-content\/uploads\/sites\/4\/2026\/02\/lX-Congreso-A.E.C.-el-Cancer-111-768x1024.jpg\" class=\"attachment-large size-large\" alt=\"\" srcset=\"https:\/\/congresos.contraelcancer.es\/extremadura\/wp-content\/uploads\/sites\/4\/2026\/02\/lX-Congreso-A.E.C.-el-Cancer-111-768x1024.jpg 768w, https:\/\/congresos.contraelcancer.es\/extremadura\/wp-content\/uploads\/sites\/4\/2026\/02\/lX-Congreso-A.E.C.-el-Cancer-111-225x300.jpg 225w, https:\/\/congresos.contraelcancer.es\/extremadura\/wp-content\/uploads\/sites\/4\/2026\/02\/lX-Congreso-A.E.C.-el-Cancer-111-56x75.jpg 56w, https:\/\/congresos.contraelcancer.es\/extremadura\/wp-content\/uploads\/sites\/4\/2026\/02\/lX-Congreso-A.E.C.-el-Cancer-111-480x640.jpg 480w\" sizes=\"(max-width:767px) 480px, (max-width:768px) 100vw, 768px\" \/><\/a>\n\t\t\t\t<\/dt><\/div><\/dl><dl class='gallery-item'  data-title='lX Congreso A.E.C. el Cancer (112)' data-description=''><div class='gallery-item-wrapper'>\n\t\t\t\t<dt class='gallery-icon portrait'>\n\t\t\t\t\t<a href='https:\/\/congresos.contraelcancer.es\/extremadura\/wp-content\/uploads\/sites\/4\/2026\/02\/lX-Congreso-A.E.C.-el-Cancer-112-scaled.jpg'><img loading=\"lazy\" decoding=\"async\" width=\"768\" height=\"1024\" src=\"https:\/\/congresos.contraelcancer.es\/extremadura\/wp-content\/uploads\/sites\/4\/2026\/02\/lX-Congreso-A.E.C.-el-Cancer-112-768x1024.jpg\" class=\"attachment-large size-large\" alt=\"\" srcset=\"https:\/\/congresos.contraelcancer.es\/extremadura\/wp-content\/uploads\/sites\/4\/2026\/02\/lX-Congreso-A.E.C.-el-Cancer-112-768x1024.jpg 768w, https:\/\/congresos.contraelcancer.es\/extremadura\/wp-content\/uploads\/sites\/4\/2026\/02\/lX-Congreso-A.E.C.-el-Cancer-112-225x300.jpg 225w, https:\/\/congresos.contraelcancer.es\/extremadura\/wp-content\/uploads\/sites\/4\/2026\/02\/lX-Congreso-A.E.C.-el-Cancer-112-56x75.jpg 56w, https:\/\/congresos.contraelcancer.es\/extremadura\/wp-content\/uploads\/sites\/4\/2026\/02\/lX-Congreso-A.E.C.-el-Cancer-112-480x640.jpg 480w\" sizes=\"(max-width:767px) 480px, (max-width:768px) 100vw, 768px\" \/><\/a>\n\t\t\t\t<\/dt><\/div><\/dl><dl class='gallery-item'  data-title='lX Congreso A.E.C. el Cancer (113)' data-description=''><div class='gallery-item-wrapper'>\n\t\t\t\t<dt class='gallery-icon landscape'>\n\t\t\t\t\t<a href='https:\/\/congresos.contraelcancer.es\/extremadura\/wp-content\/uploads\/sites\/4\/2026\/02\/lX-Congreso-A.E.C.-el-Cancer-113-scaled.jpg'><img loading=\"lazy\" decoding=\"async\" width=\"1024\" height=\"768\" src=\"https:\/\/congresos.contraelcancer.es\/extremadura\/wp-content\/uploads\/sites\/4\/2026\/02\/lX-Congreso-A.E.C.-el-Cancer-113-1024x768.jpg\" class=\"attachment-large size-large\" alt=\"\" srcset=\"https:\/\/congresos.contraelcancer.es\/extremadura\/wp-content\/uploads\/sites\/4\/2026\/02\/lX-Congreso-A.E.C.-el-Cancer-113-1024x768.jpg 1024w, https:\/\/congresos.contraelcancer.es\/extremadura\/wp-content\/uploads\/sites\/4\/2026\/02\/lX-Congreso-A.E.C.-el-Cancer-113-300x225.jpg 300w, https:\/\/congresos.contraelcancer.es\/extremadura\/wp-content\/uploads\/sites\/4\/2026\/02\/lX-Congreso-A.E.C.-el-Cancer-113-768x576.jpg 768w, https:\/\/congresos.contraelcancer.es\/extremadura\/wp-content\/uploads\/sites\/4\/2026\/02\/lX-Congreso-A.E.C.-el-Cancer-113-100x75.jpg 100w, https:\/\/congresos.contraelcancer.es\/extremadura\/wp-content\/uploads\/sites\/4\/2026\/02\/lX-Congreso-A.E.C.-el-Cancer-113-480x360.jpg 480w\" sizes=\"(max-width:767px) 480px, (max-width:1024px) 100vw, 1024px\" \/><\/a>\n\t\t\t\t<\/dt><\/div><\/dl><br style=\"clear: both\" \/><dl class='gallery-item'  data-title='lX Congreso A.E.C. el Cancer (114)' data-description=''><div class='gallery-item-wrapper'>\n\t\t\t\t<dt class='gallery-icon portrait'>\n\t\t\t\t\t<a href='https:\/\/congresos.contraelcancer.es\/extremadura\/wp-content\/uploads\/sites\/4\/2026\/02\/lX-Congreso-A.E.C.-el-Cancer-114-scaled.jpg'><img loading=\"lazy\" decoding=\"async\" width=\"768\" height=\"1024\" src=\"https:\/\/congresos.contraelcancer.es\/extremadura\/wp-content\/uploads\/sites\/4\/2026\/02\/lX-Congreso-A.E.C.-el-Cancer-114-768x1024.jpg\" class=\"attachment-large size-large\" alt=\"\" srcset=\"https:\/\/congresos.contraelcancer.es\/extremadura\/wp-content\/uploads\/sites\/4\/2026\/02\/lX-Congreso-A.E.C.-el-Cancer-114-768x1024.jpg 768w, https:\/\/congresos.contraelcancer.es\/extremadura\/wp-content\/uploads\/sites\/4\/2026\/02\/lX-Congreso-A.E.C.-el-Cancer-114-225x300.jpg 225w, https:\/\/congresos.contraelcancer.es\/extremadura\/wp-content\/uploads\/sites\/4\/2026\/02\/lX-Congreso-A.E.C.-el-Cancer-114-56x75.jpg 56w, https:\/\/congresos.contraelcancer.es\/extremadura\/wp-content\/uploads\/sites\/4\/2026\/02\/lX-Congreso-A.E.C.-el-Cancer-114-480x640.jpg 480w\" sizes=\"(max-width:767px) 480px, (max-width:768px) 100vw, 768px\" \/><\/a>\n\t\t\t\t<\/dt><\/div><\/dl><dl class='gallery-item'  data-title='lX Congreso A.E.C. el Cancer (115)' data-description=''><div class='gallery-item-wrapper'>\n\t\t\t\t<dt class='gallery-icon landscape'>\n\t\t\t\t\t<a href='https:\/\/congresos.contraelcancer.es\/extremadura\/wp-content\/uploads\/sites\/4\/2026\/02\/lX-Congreso-A.E.C.-el-Cancer-115-scaled.jpg'><img loading=\"lazy\" decoding=\"async\" width=\"1024\" height=\"768\" src=\"https:\/\/congresos.contraelcancer.es\/extremadura\/wp-content\/uploads\/sites\/4\/2026\/02\/lX-Congreso-A.E.C.-el-Cancer-115-1024x768.jpg\" class=\"attachment-large size-large\" alt=\"\" srcset=\"https:\/\/congresos.contraelcancer.es\/extremadura\/wp-content\/uploads\/sites\/4\/2026\/02\/lX-Congreso-A.E.C.-el-Cancer-115-1024x768.jpg 1024w, https:\/\/congresos.contraelcancer.es\/extremadura\/wp-content\/uploads\/sites\/4\/2026\/02\/lX-Congreso-A.E.C.-el-Cancer-115-300x225.jpg 300w, https:\/\/congresos.contraelcancer.es\/extremadura\/wp-content\/uploads\/sites\/4\/2026\/02\/lX-Congreso-A.E.C.-el-Cancer-115-768x576.jpg 768w, https:\/\/congresos.contraelcancer.es\/extremadura\/wp-content\/uploads\/sites\/4\/2026\/02\/lX-Congreso-A.E.C.-el-Cancer-115-100x75.jpg 100w, https:\/\/congresos.contraelcancer.es\/extremadura\/wp-content\/uploads\/sites\/4\/2026\/02\/lX-Congreso-A.E.C.-el-Cancer-115-480x360.jpg 480w\" sizes=\"(max-width:767px) 480px, (max-width:1024px) 100vw, 1024px\" \/><\/a>\n\t\t\t\t<\/dt><\/div><\/dl><dl class='gallery-item'  data-title='lX Congreso A.E.C. el Cancer (116)' data-description=''><div class='gallery-item-wrapper'>\n\t\t\t\t<dt class='gallery-icon portrait'>\n\t\t\t\t\t<a href='https:\/\/congresos.contraelcancer.es\/extremadura\/wp-content\/uploads\/sites\/4\/2026\/02\/lX-Congreso-A.E.C.-el-Cancer-116-scaled.jpg'><img loading=\"lazy\" decoding=\"async\" width=\"691\" height=\"1024\" src=\"https:\/\/congresos.contraelcancer.es\/extremadura\/wp-content\/uploads\/sites\/4\/2026\/02\/lX-Congreso-A.E.C.-el-Cancer-116-691x1024.jpg\" class=\"attachment-large size-large\" alt=\"\" srcset=\"https:\/\/congresos.contraelcancer.es\/extremadura\/wp-content\/uploads\/sites\/4\/2026\/02\/lX-Congreso-A.E.C.-el-Cancer-116-691x1024.jpg 691w, https:\/\/congresos.contraelcancer.es\/extremadura\/wp-content\/uploads\/sites\/4\/2026\/02\/lX-Congreso-A.E.C.-el-Cancer-116-202x300.jpg 202w, https:\/\/congresos.contraelcancer.es\/extremadura\/wp-content\/uploads\/sites\/4\/2026\/02\/lX-Congreso-A.E.C.-el-Cancer-116-51x75.jpg 51w, https:\/\/congresos.contraelcancer.es\/extremadura\/wp-content\/uploads\/sites\/4\/2026\/02\/lX-Congreso-A.E.C.-el-Cancer-116-480x711.jpg 480w\" sizes=\"(max-width:767px) 480px, 691px\" \/><\/a>\n\t\t\t\t<\/dt><\/div><\/dl><dl class='gallery-item'  data-title='lX Congreso A.E.C. el Cancer (117)' data-description=''><div class='gallery-item-wrapper'>\n\t\t\t\t<dt class='gallery-icon portrait'>\n\t\t\t\t\t<a href='https:\/\/congresos.contraelcancer.es\/extremadura\/wp-content\/uploads\/sites\/4\/2026\/02\/lX-Congreso-A.E.C.-el-Cancer-117-scaled.jpg'><img loading=\"lazy\" decoding=\"async\" width=\"768\" height=\"1024\" src=\"https:\/\/congresos.contraelcancer.es\/extremadura\/wp-content\/uploads\/sites\/4\/2026\/02\/lX-Congreso-A.E.C.-el-Cancer-117-768x1024.jpg\" class=\"attachment-large size-large\" alt=\"\" srcset=\"https:\/\/congresos.contraelcancer.es\/extremadura\/wp-content\/uploads\/sites\/4\/2026\/02\/lX-Congreso-A.E.C.-el-Cancer-117-768x1024.jpg 768w, https:\/\/congresos.contraelcancer.es\/extremadura\/wp-content\/uploads\/sites\/4\/2026\/02\/lX-Congreso-A.E.C.-el-Cancer-117-225x300.jpg 225w, https:\/\/congresos.contraelcancer.es\/extremadura\/wp-content\/uploads\/sites\/4\/2026\/02\/lX-Congreso-A.E.C.-el-Cancer-117-56x75.jpg 56w, https:\/\/congresos.contraelcancer.es\/extremadura\/wp-content\/uploads\/sites\/4\/2026\/02\/lX-Congreso-A.E.C.-el-Cancer-117-480x640.jpg 480w\" sizes=\"(max-width:767px) 480px, (max-width:768px) 100vw, 768px\" \/><\/a>\n\t\t\t\t<\/dt><\/div><\/dl><br style=\"clear: both\" \/><dl class='gallery-item'  data-title='lX Congreso A.E.C. el Cancer (118)' data-description=''><div class='gallery-item-wrapper'>\n\t\t\t\t<dt class='gallery-icon portrait'>\n\t\t\t\t\t<a href='https:\/\/congresos.contraelcancer.es\/extremadura\/wp-content\/uploads\/sites\/4\/2026\/02\/lX-Congreso-A.E.C.-el-Cancer-118-scaled.jpg'><img loading=\"lazy\" decoding=\"async\" width=\"768\" height=\"1024\" src=\"https:\/\/congresos.contraelcancer.es\/extremadura\/wp-content\/uploads\/sites\/4\/2026\/02\/lX-Congreso-A.E.C.-el-Cancer-118-768x1024.jpg\" class=\"attachment-large size-large\" alt=\"\" srcset=\"https:\/\/congresos.contraelcancer.es\/extremadura\/wp-content\/uploads\/sites\/4\/2026\/02\/lX-Congreso-A.E.C.-el-Cancer-118-768x1024.jpg 768w, https:\/\/congresos.contraelcancer.es\/extremadura\/wp-content\/uploads\/sites\/4\/2026\/02\/lX-Congreso-A.E.C.-el-Cancer-118-225x300.jpg 225w, https:\/\/congresos.contraelcancer.es\/extremadura\/wp-content\/uploads\/sites\/4\/2026\/02\/lX-Congreso-A.E.C.-el-Cancer-118-56x75.jpg 56w, https:\/\/congresos.contraelcancer.es\/extremadura\/wp-content\/uploads\/sites\/4\/2026\/02\/lX-Congreso-A.E.C.-el-Cancer-118-480x640.jpg 480w\" sizes=\"(max-width:767px) 480px, (max-width:768px) 100vw, 768px\" \/><\/a>\n\t\t\t\t<\/dt><\/div><\/dl><dl class='gallery-item'  data-title='lX Congreso A.E.C. el Cancer (120)' data-description=''><div class='gallery-item-wrapper'>\n\t\t\t\t<dt class='gallery-icon portrait'>\n\t\t\t\t\t<a href='https:\/\/congresos.contraelcancer.es\/extremadura\/wp-content\/uploads\/sites\/4\/2026\/02\/lX-Congreso-A.E.C.-el-Cancer-120-scaled.jpg'><img loading=\"lazy\" decoding=\"async\" width=\"768\" height=\"1024\" src=\"https:\/\/congresos.contraelcancer.es\/extremadura\/wp-content\/uploads\/sites\/4\/2026\/02\/lX-Congreso-A.E.C.-el-Cancer-120-768x1024.jpg\" class=\"attachment-large size-large\" alt=\"\" srcset=\"https:\/\/congresos.contraelcancer.es\/extremadura\/wp-content\/uploads\/sites\/4\/2026\/02\/lX-Congreso-A.E.C.-el-Cancer-120-768x1024.jpg 768w, https:\/\/congresos.contraelcancer.es\/extremadura\/wp-content\/uploads\/sites\/4\/2026\/02\/lX-Congreso-A.E.C.-el-Cancer-120-225x300.jpg 225w, https:\/\/congresos.contraelcancer.es\/extremadura\/wp-content\/uploads\/sites\/4\/2026\/02\/lX-Congreso-A.E.C.-el-Cancer-120-56x75.jpg 56w, https:\/\/congresos.contraelcancer.es\/extremadura\/wp-content\/uploads\/sites\/4\/2026\/02\/lX-Congreso-A.E.C.-el-Cancer-120-480x640.jpg 480w\" sizes=\"(max-width:767px) 480px, (max-width:768px) 100vw, 768px\" \/><\/a>\n\t\t\t\t<\/dt><\/div><\/dl><dl class='gallery-item'  data-title='lX Congreso A.E.C. el Cancer (121)' data-description=''><div class='gallery-item-wrapper'>\n\t\t\t\t<dt class='gallery-icon portrait'>\n\t\t\t\t\t<a href='https:\/\/congresos.contraelcancer.es\/extremadura\/wp-content\/uploads\/sites\/4\/2026\/02\/lX-Congreso-A.E.C.-el-Cancer-121-scaled.jpg'><img loading=\"lazy\" decoding=\"async\" width=\"768\" height=\"1024\" src=\"https:\/\/congresos.contraelcancer.es\/extremadura\/wp-content\/uploads\/sites\/4\/2026\/02\/lX-Congreso-A.E.C.-el-Cancer-121-768x1024.jpg\" class=\"attachment-large size-large\" alt=\"\" srcset=\"https:\/\/congresos.contraelcancer.es\/extremadura\/wp-content\/uploads\/sites\/4\/2026\/02\/lX-Congreso-A.E.C.-el-Cancer-121-768x1024.jpg 768w, https:\/\/congresos.contraelcancer.es\/extremadura\/wp-content\/uploads\/sites\/4\/2026\/02\/lX-Congreso-A.E.C.-el-Cancer-121-225x300.jpg 225w, https:\/\/congresos.contraelcancer.es\/extremadura\/wp-content\/uploads\/sites\/4\/2026\/02\/lX-Congreso-A.E.C.-el-Cancer-121-56x75.jpg 56w, https:\/\/congresos.contraelcancer.es\/extremadura\/wp-content\/uploads\/sites\/4\/2026\/02\/lX-Congreso-A.E.C.-el-Cancer-121-480x640.jpg 480w\" sizes=\"(max-width:767px) 480px, (max-width:768px) 100vw, 768px\" \/><\/a>\n\t\t\t\t<\/dt><\/div><\/dl><dl class='gallery-item'  data-title='lX Congreso A.E.C. el Cancer (122)' data-description=''><div class='gallery-item-wrapper'>\n\t\t\t\t<dt class='gallery-icon portrait'>\n\t\t\t\t\t<a href='https:\/\/congresos.contraelcancer.es\/extremadura\/wp-content\/uploads\/sites\/4\/2026\/02\/lX-Congreso-A.E.C.-el-Cancer-122-scaled.jpg'><img loading=\"lazy\" decoding=\"async\" width=\"768\" height=\"1024\" src=\"https:\/\/congresos.contraelcancer.es\/extremadura\/wp-content\/uploads\/sites\/4\/2026\/02\/lX-Congreso-A.E.C.-el-Cancer-122-768x1024.jpg\" class=\"attachment-large size-large\" alt=\"\" srcset=\"https:\/\/congresos.contraelcancer.es\/extremadura\/wp-content\/uploads\/sites\/4\/2026\/02\/lX-Congreso-A.E.C.-el-Cancer-122-768x1024.jpg 768w, https:\/\/congresos.contraelcancer.es\/extremadura\/wp-content\/uploads\/sites\/4\/2026\/02\/lX-Congreso-A.E.C.-el-Cancer-122-225x300.jpg 225w, https:\/\/congresos.contraelcancer.es\/extremadura\/wp-content\/uploads\/sites\/4\/2026\/02\/lX-Congreso-A.E.C.-el-Cancer-122-56x75.jpg 56w, https:\/\/congresos.contraelcancer.es\/extremadura\/wp-content\/uploads\/sites\/4\/2026\/02\/lX-Congreso-A.E.C.-el-Cancer-122-480x640.jpg 480w\" sizes=\"(max-width:767px) 480px, (max-width:768px) 100vw, 768px\" \/><\/a>\n\t\t\t\t<\/dt><\/div><\/dl><br style=\"clear: both\" \/><dl class='gallery-item'  data-title='lX Congreso A.E.C. el Cancer (123)' data-description=''><div class='gallery-item-wrapper'>\n\t\t\t\t<dt class='gallery-icon landscape'>\n\t\t\t\t\t<a href='https:\/\/congresos.contraelcancer.es\/extremadura\/wp-content\/uploads\/sites\/4\/2026\/02\/lX-Congreso-A.E.C.-el-Cancer-123-scaled.jpg'><img loading=\"lazy\" decoding=\"async\" width=\"1024\" height=\"768\" src=\"https:\/\/congresos.contraelcancer.es\/extremadura\/wp-content\/uploads\/sites\/4\/2026\/02\/lX-Congreso-A.E.C.-el-Cancer-123-1024x768.jpg\" class=\"attachment-large size-large\" alt=\"\" srcset=\"https:\/\/congresos.contraelcancer.es\/extremadura\/wp-content\/uploads\/sites\/4\/2026\/02\/lX-Congreso-A.E.C.-el-Cancer-123-1024x768.jpg 1024w, https:\/\/congresos.contraelcancer.es\/extremadura\/wp-content\/uploads\/sites\/4\/2026\/02\/lX-Congreso-A.E.C.-el-Cancer-123-300x225.jpg 300w, https:\/\/congresos.contraelcancer.es\/extremadura\/wp-content\/uploads\/sites\/4\/2026\/02\/lX-Congreso-A.E.C.-el-Cancer-123-768x576.jpg 768w, https:\/\/congresos.contraelcancer.es\/extremadura\/wp-content\/uploads\/sites\/4\/2026\/02\/lX-Congreso-A.E.C.-el-Cancer-123-100x75.jpg 100w, https:\/\/congresos.contraelcancer.es\/extremadura\/wp-content\/uploads\/sites\/4\/2026\/02\/lX-Congreso-A.E.C.-el-Cancer-123-480x360.jpg 480w\" sizes=\"(max-width:767px) 480px, (max-width:1024px) 100vw, 1024px\" \/><\/a>\n\t\t\t\t<\/dt><\/div><\/dl><dl class='gallery-item'  data-title='lX Congreso A.E.C. el Cancer (124)' data-description=''><div class='gallery-item-wrapper'>\n\t\t\t\t<dt class='gallery-icon landscape'>\n\t\t\t\t\t<a href='https:\/\/congresos.contraelcancer.es\/extremadura\/wp-content\/uploads\/sites\/4\/2026\/02\/lX-Congreso-A.E.C.-el-Cancer-124-scaled.jpg'><img loading=\"lazy\" decoding=\"async\" width=\"1024\" height=\"768\" src=\"https:\/\/congresos.contraelcancer.es\/extremadura\/wp-content\/uploads\/sites\/4\/2026\/02\/lX-Congreso-A.E.C.-el-Cancer-124-1024x768.jpg\" class=\"attachment-large size-large\" alt=\"\" srcset=\"https:\/\/congresos.contraelcancer.es\/extremadura\/wp-content\/uploads\/sites\/4\/2026\/02\/lX-Congreso-A.E.C.-el-Cancer-124-1024x768.jpg 1024w, https:\/\/congresos.contraelcancer.es\/extremadura\/wp-content\/uploads\/sites\/4\/2026\/02\/lX-Congreso-A.E.C.-el-Cancer-124-300x225.jpg 300w, https:\/\/congresos.contraelcancer.es\/extremadura\/wp-content\/uploads\/sites\/4\/2026\/02\/lX-Congreso-A.E.C.-el-Cancer-124-768x576.jpg 768w, https:\/\/congresos.contraelcancer.es\/extremadura\/wp-content\/uploads\/sites\/4\/2026\/02\/lX-Congreso-A.E.C.-el-Cancer-124-100x75.jpg 100w, https:\/\/congresos.contraelcancer.es\/extremadura\/wp-content\/uploads\/sites\/4\/2026\/02\/lX-Congreso-A.E.C.-el-Cancer-124-480x360.jpg 480w\" sizes=\"(max-width:767px) 480px, (max-width:1024px) 100vw, 1024px\" \/><\/a>\n\t\t\t\t<\/dt><\/div><\/dl><dl class='gallery-item'  data-title='lX Congreso A.E.C. el Cancer (125)' data-description=''><div class='gallery-item-wrapper'>\n\t\t\t\t<dt class='gallery-icon portrait'>\n\t\t\t\t\t<a href='https:\/\/congresos.contraelcancer.es\/extremadura\/wp-content\/uploads\/sites\/4\/2026\/02\/lX-Congreso-A.E.C.-el-Cancer-125-scaled.jpg'><img loading=\"lazy\" decoding=\"async\" width=\"768\" height=\"1024\" src=\"https:\/\/congresos.contraelcancer.es\/extremadura\/wp-content\/uploads\/sites\/4\/2026\/02\/lX-Congreso-A.E.C.-el-Cancer-125-768x1024.jpg\" class=\"attachment-large size-large\" alt=\"\" srcset=\"https:\/\/congresos.contraelcancer.es\/extremadura\/wp-content\/uploads\/sites\/4\/2026\/02\/lX-Congreso-A.E.C.-el-Cancer-125-768x1024.jpg 768w, https:\/\/congresos.contraelcancer.es\/extremadura\/wp-content\/uploads\/sites\/4\/2026\/02\/lX-Congreso-A.E.C.-el-Cancer-125-225x300.jpg 225w, https:\/\/congresos.contraelcancer.es\/extremadura\/wp-content\/uploads\/sites\/4\/2026\/02\/lX-Congreso-A.E.C.-el-Cancer-125-56x75.jpg 56w, https:\/\/congresos.contraelcancer.es\/extremadura\/wp-content\/uploads\/sites\/4\/2026\/02\/lX-Congreso-A.E.C.-el-Cancer-125-480x640.jpg 480w\" sizes=\"(max-width:767px) 480px, (max-width:768px) 100vw, 768px\" \/><\/a>\n\t\t\t\t<\/dt><\/div><\/dl><dl class='gallery-item'  data-title='lX Congreso A.E.C. el Cancer (126)' data-description=''><div class='gallery-item-wrapper'>\n\t\t\t\t<dt class='gallery-icon portrait'>\n\t\t\t\t\t<a href='https:\/\/congresos.contraelcancer.es\/extremadura\/wp-content\/uploads\/sites\/4\/2026\/02\/lX-Congreso-A.E.C.-el-Cancer-126-scaled.jpg'><img loading=\"lazy\" decoding=\"async\" width=\"768\" height=\"1024\" src=\"https:\/\/congresos.contraelcancer.es\/extremadura\/wp-content\/uploads\/sites\/4\/2026\/02\/lX-Congreso-A.E.C.-el-Cancer-126-768x1024.jpg\" class=\"attachment-large size-large\" alt=\"\" srcset=\"https:\/\/congresos.contraelcancer.es\/extremadura\/wp-content\/uploads\/sites\/4\/2026\/02\/lX-Congreso-A.E.C.-el-Cancer-126-768x1024.jpg 768w, https:\/\/congresos.contraelcancer.es\/extremadura\/wp-content\/uploads\/sites\/4\/2026\/02\/lX-Congreso-A.E.C.-el-Cancer-126-225x300.jpg 225w, https:\/\/congresos.contraelcancer.es\/extremadura\/wp-content\/uploads\/sites\/4\/2026\/02\/lX-Congreso-A.E.C.-el-Cancer-126-56x75.jpg 56w, https:\/\/congresos.contraelcancer.es\/extremadura\/wp-content\/uploads\/sites\/4\/2026\/02\/lX-Congreso-A.E.C.-el-Cancer-126-480x640.jpg 480w\" sizes=\"(max-width:767px) 480px, (max-width:768px) 100vw, 768px\" \/><\/a>\n\t\t\t\t<\/dt><\/div><\/dl><br style=\"clear: both\" \/><dl class='gallery-item'  data-title='lX Congreso A.E.C. el Cancer (127)' data-description=''><div class='gallery-item-wrapper'>\n\t\t\t\t<dt class='gallery-icon portrait'>\n\t\t\t\t\t<a href='https:\/\/congresos.contraelcancer.es\/extremadura\/wp-content\/uploads\/sites\/4\/2026\/02\/lX-Congreso-A.E.C.-el-Cancer-127-scaled.jpg'><img loading=\"lazy\" decoding=\"async\" width=\"768\" height=\"1024\" src=\"https:\/\/congresos.contraelcancer.es\/extremadura\/wp-content\/uploads\/sites\/4\/2026\/02\/lX-Congreso-A.E.C.-el-Cancer-127-768x1024.jpg\" class=\"attachment-large size-large\" alt=\"\" srcset=\"https:\/\/congresos.contraelcancer.es\/extremadura\/wp-content\/uploads\/sites\/4\/2026\/02\/lX-Congreso-A.E.C.-el-Cancer-127-768x1024.jpg 768w, https:\/\/congresos.contraelcancer.es\/extremadura\/wp-content\/uploads\/sites\/4\/2026\/02\/lX-Congreso-A.E.C.-el-Cancer-127-225x300.jpg 225w, https:\/\/congresos.contraelcancer.es\/extremadura\/wp-content\/uploads\/sites\/4\/2026\/02\/lX-Congreso-A.E.C.-el-Cancer-127-56x75.jpg 56w, https:\/\/congresos.contraelcancer.es\/extremadura\/wp-content\/uploads\/sites\/4\/2026\/02\/lX-Congreso-A.E.C.-el-Cancer-127-480x640.jpg 480w\" sizes=\"(max-width:767px) 480px, (max-width:768px) 100vw, 768px\" \/><\/a>\n\t\t\t\t<\/dt><\/div><\/dl><dl class='gallery-item'  data-title='lX Congreso A.E.C. el Cancer (128)' data-description=''><div class='gallery-item-wrapper'>\n\t\t\t\t<dt class='gallery-icon portrait'>\n\t\t\t\t\t<a href='https:\/\/congresos.contraelcancer.es\/extremadura\/wp-content\/uploads\/sites\/4\/2026\/02\/lX-Congreso-A.E.C.-el-Cancer-128-scaled.jpg'><img loading=\"lazy\" decoding=\"async\" width=\"768\" height=\"1024\" src=\"https:\/\/congresos.contraelcancer.es\/extremadura\/wp-content\/uploads\/sites\/4\/2026\/02\/lX-Congreso-A.E.C.-el-Cancer-128-768x1024.jpg\" class=\"attachment-large size-large\" alt=\"\" srcset=\"https:\/\/congresos.contraelcancer.es\/extremadura\/wp-content\/uploads\/sites\/4\/2026\/02\/lX-Congreso-A.E.C.-el-Cancer-128-768x1024.jpg 768w, https:\/\/congresos.contraelcancer.es\/extremadura\/wp-content\/uploads\/sites\/4\/2026\/02\/lX-Congreso-A.E.C.-el-Cancer-128-225x300.jpg 225w, https:\/\/congresos.contraelcancer.es\/extremadura\/wp-content\/uploads\/sites\/4\/2026\/02\/lX-Congreso-A.E.C.-el-Cancer-128-56x75.jpg 56w, https:\/\/congresos.contraelcancer.es\/extremadura\/wp-content\/uploads\/sites\/4\/2026\/02\/lX-Congreso-A.E.C.-el-Cancer-128-480x640.jpg 480w\" sizes=\"(max-width:767px) 480px, (max-width:768px) 100vw, 768px\" \/><\/a>\n\t\t\t\t<\/dt><\/div><\/dl><dl class='gallery-item'  data-title='lX Congreso A.E.C. el Cancer (129)' data-description=''><div class='gallery-item-wrapper'>\n\t\t\t\t<dt class='gallery-icon portrait'>\n\t\t\t\t\t<a href='https:\/\/congresos.contraelcancer.es\/extremadura\/wp-content\/uploads\/sites\/4\/2026\/02\/lX-Congreso-A.E.C.-el-Cancer-129-scaled.jpg'><img loading=\"lazy\" decoding=\"async\" width=\"627\" height=\"1024\" src=\"https:\/\/congresos.contraelcancer.es\/extremadura\/wp-content\/uploads\/sites\/4\/2026\/02\/lX-Congreso-A.E.C.-el-Cancer-129-627x1024.jpg\" class=\"attachment-large size-large\" alt=\"\" srcset=\"https:\/\/congresos.contraelcancer.es\/extremadura\/wp-content\/uploads\/sites\/4\/2026\/02\/lX-Congreso-A.E.C.-el-Cancer-129-627x1024.jpg 627w, https:\/\/congresos.contraelcancer.es\/extremadura\/wp-content\/uploads\/sites\/4\/2026\/02\/lX-Congreso-A.E.C.-el-Cancer-129-184x300.jpg 184w, https:\/\/congresos.contraelcancer.es\/extremadura\/wp-content\/uploads\/sites\/4\/2026\/02\/lX-Congreso-A.E.C.-el-Cancer-129-46x75.jpg 46w, https:\/\/congresos.contraelcancer.es\/extremadura\/wp-content\/uploads\/sites\/4\/2026\/02\/lX-Congreso-A.E.C.-el-Cancer-129-480x784.jpg 480w\" sizes=\"(max-width:767px) 480px, 627px\" \/><\/a>\n\t\t\t\t<\/dt><\/div><\/dl><dl class='gallery-item'  data-title='lX Congreso A.E.C. el Cancer (130)' data-description=''><div class='gallery-item-wrapper'>\n\t\t\t\t<dt class='gallery-icon portrait'>\n\t\t\t\t\t<a href='https:\/\/congresos.contraelcancer.es\/extremadura\/wp-content\/uploads\/sites\/4\/2026\/02\/lX-Congreso-A.E.C.-el-Cancer-130-scaled.jpg'><img loading=\"lazy\" decoding=\"async\" width=\"561\" height=\"1024\" src=\"https:\/\/congresos.contraelcancer.es\/extremadura\/wp-content\/uploads\/sites\/4\/2026\/02\/lX-Congreso-A.E.C.-el-Cancer-130-561x1024.jpg\" class=\"attachment-large size-large\" alt=\"\" srcset=\"https:\/\/congresos.contraelcancer.es\/extremadura\/wp-content\/uploads\/sites\/4\/2026\/02\/lX-Congreso-A.E.C.-el-Cancer-130-561x1024.jpg 561w, https:\/\/congresos.contraelcancer.es\/extremadura\/wp-content\/uploads\/sites\/4\/2026\/02\/lX-Congreso-A.E.C.-el-Cancer-130-164x300.jpg 164w, https:\/\/congresos.contraelcancer.es\/extremadura\/wp-content\/uploads\/sites\/4\/2026\/02\/lX-Congreso-A.E.C.-el-Cancer-130-41x75.jpg 41w, https:\/\/congresos.contraelcancer.es\/extremadura\/wp-content\/uploads\/sites\/4\/2026\/02\/lX-Congreso-A.E.C.-el-Cancer-130-480x876.jpg 480w\" sizes=\"(max-width:767px) 480px, 561px\" \/><\/a>\n\t\t\t\t<\/dt><\/div><\/dl><br style=\"clear: both\" \/><dl class='gallery-item'  data-title='lX Congreso A.E.C. el Cancer (131)' data-description=''><div class='gallery-item-wrapper'>\n\t\t\t\t<dt class='gallery-icon portrait'>\n\t\t\t\t\t<a href='https:\/\/congresos.contraelcancer.es\/extremadura\/wp-content\/uploads\/sites\/4\/2026\/02\/lX-Congreso-A.E.C.-el-Cancer-131-scaled.jpg'><img loading=\"lazy\" decoding=\"async\" width=\"768\" height=\"1024\" src=\"https:\/\/congresos.contraelcancer.es\/extremadura\/wp-content\/uploads\/sites\/4\/2026\/02\/lX-Congreso-A.E.C.-el-Cancer-131-768x1024.jpg\" class=\"attachment-large size-large\" alt=\"\" srcset=\"https:\/\/congresos.contraelcancer.es\/extremadura\/wp-content\/uploads\/sites\/4\/2026\/02\/lX-Congreso-A.E.C.-el-Cancer-131-768x1024.jpg 768w, https:\/\/congresos.contraelcancer.es\/extremadura\/wp-content\/uploads\/sites\/4\/2026\/02\/lX-Congreso-A.E.C.-el-Cancer-131-225x300.jpg 225w, https:\/\/congresos.contraelcancer.es\/extremadura\/wp-content\/uploads\/sites\/4\/2026\/02\/lX-Congreso-A.E.C.-el-Cancer-131-56x75.jpg 56w, https:\/\/congresos.contraelcancer.es\/extremadura\/wp-content\/uploads\/sites\/4\/2026\/02\/lX-Congreso-A.E.C.-el-Cancer-131-480x640.jpg 480w\" sizes=\"(max-width:767px) 480px, (max-width:768px) 100vw, 768px\" \/><\/a>\n\t\t\t\t<\/dt><\/div><\/dl><dl class='gallery-item'  data-title='lX Congreso A.E.C. el Cancer (132)' data-description=''><div class='gallery-item-wrapper'>\n\t\t\t\t<dt class='gallery-icon landscape'>\n\t\t\t\t\t<a href='https:\/\/congresos.contraelcancer.es\/extremadura\/wp-content\/uploads\/sites\/4\/2026\/02\/lX-Congreso-A.E.C.-el-Cancer-132-scaled.jpg'><img loading=\"lazy\" decoding=\"async\" width=\"1024\" height=\"768\" src=\"https:\/\/congresos.contraelcancer.es\/extremadura\/wp-content\/uploads\/sites\/4\/2026\/02\/lX-Congreso-A.E.C.-el-Cancer-132-1024x768.jpg\" class=\"attachment-large size-large\" alt=\"\" srcset=\"https:\/\/congresos.contraelcancer.es\/extremadura\/wp-content\/uploads\/sites\/4\/2026\/02\/lX-Congreso-A.E.C.-el-Cancer-132-1024x768.jpg 1024w, https:\/\/congresos.contraelcancer.es\/extremadura\/wp-content\/uploads\/sites\/4\/2026\/02\/lX-Congreso-A.E.C.-el-Cancer-132-300x225.jpg 300w, https:\/\/congresos.contraelcancer.es\/extremadura\/wp-content\/uploads\/sites\/4\/2026\/02\/lX-Congreso-A.E.C.-el-Cancer-132-768x576.jpg 768w, https:\/\/congresos.contraelcancer.es\/extremadura\/wp-content\/uploads\/sites\/4\/2026\/02\/lX-Congreso-A.E.C.-el-Cancer-132-100x75.jpg 100w, https:\/\/congresos.contraelcancer.es\/extremadura\/wp-content\/uploads\/sites\/4\/2026\/02\/lX-Congreso-A.E.C.-el-Cancer-132-480x360.jpg 480w\" sizes=\"(max-width:767px) 480px, (max-width:1024px) 100vw, 1024px\" \/><\/a>\n\t\t\t\t<\/dt><\/div><\/dl><dl class='gallery-item'  data-title='lX Congreso A.E.C. el Cancer (133)' data-description=''><div class='gallery-item-wrapper'>\n\t\t\t\t<dt class='gallery-icon landscape'>\n\t\t\t\t\t<a href='https:\/\/congresos.contraelcancer.es\/extremadura\/wp-content\/uploads\/sites\/4\/2026\/02\/lX-Congreso-A.E.C.-el-Cancer-133-scaled.jpg'><img loading=\"lazy\" decoding=\"async\" width=\"1024\" height=\"768\" src=\"https:\/\/congresos.contraelcancer.es\/extremadura\/wp-content\/uploads\/sites\/4\/2026\/02\/lX-Congreso-A.E.C.-el-Cancer-133-1024x768.jpg\" class=\"attachment-large size-large\" alt=\"\" srcset=\"https:\/\/congresos.contraelcancer.es\/extremadura\/wp-content\/uploads\/sites\/4\/2026\/02\/lX-Congreso-A.E.C.-el-Cancer-133-1024x768.jpg 1024w, https:\/\/congresos.contraelcancer.es\/extremadura\/wp-content\/uploads\/sites\/4\/2026\/02\/lX-Congreso-A.E.C.-el-Cancer-133-300x225.jpg 300w, https:\/\/congresos.contraelcancer.es\/extremadura\/wp-content\/uploads\/sites\/4\/2026\/02\/lX-Congreso-A.E.C.-el-Cancer-133-768x576.jpg 768w, https:\/\/congresos.contraelcancer.es\/extremadura\/wp-content\/uploads\/sites\/4\/2026\/02\/lX-Congreso-A.E.C.-el-Cancer-133-100x75.jpg 100w, https:\/\/congresos.contraelcancer.es\/extremadura\/wp-content\/uploads\/sites\/4\/2026\/02\/lX-Congreso-A.E.C.-el-Cancer-133-480x360.jpg 480w\" sizes=\"(max-width:767px) 480px, (max-width:1024px) 100vw, 1024px\" \/><\/a>\n\t\t\t\t<\/dt><\/div><\/dl><dl class='gallery-item'  data-title='lX Congreso A.E.C. el Cancer (134)' data-description=''><div class='gallery-item-wrapper'>\n\t\t\t\t<dt class='gallery-icon portrait'>\n\t\t\t\t\t<a href='https:\/\/congresos.contraelcancer.es\/extremadura\/wp-content\/uploads\/sites\/4\/2026\/02\/lX-Congreso-A.E.C.-el-Cancer-134-scaled.jpg'><img loading=\"lazy\" decoding=\"async\" width=\"768\" height=\"1024\" src=\"https:\/\/congresos.contraelcancer.es\/extremadura\/wp-content\/uploads\/sites\/4\/2026\/02\/lX-Congreso-A.E.C.-el-Cancer-134-768x1024.jpg\" class=\"attachment-large size-large\" alt=\"\" srcset=\"https:\/\/congresos.contraelcancer.es\/extremadura\/wp-content\/uploads\/sites\/4\/2026\/02\/lX-Congreso-A.E.C.-el-Cancer-134-768x1024.jpg 768w, https:\/\/congresos.contraelcancer.es\/extremadura\/wp-content\/uploads\/sites\/4\/2026\/02\/lX-Congreso-A.E.C.-el-Cancer-134-225x300.jpg 225w, https:\/\/congresos.contraelcancer.es\/extremadura\/wp-content\/uploads\/sites\/4\/2026\/02\/lX-Congreso-A.E.C.-el-Cancer-134-56x75.jpg 56w, https:\/\/congresos.contraelcancer.es\/extremadura\/wp-content\/uploads\/sites\/4\/2026\/02\/lX-Congreso-A.E.C.-el-Cancer-134-480x640.jpg 480w\" sizes=\"(max-width:767px) 480px, (max-width:768px) 100vw, 768px\" \/><\/a>\n\t\t\t\t<\/dt><\/div><\/dl><br style=\"clear: both\" \/><dl class='gallery-item'  data-title='lX Congreso A.E.C. el Cancer (135)' data-description=''><div class='gallery-item-wrapper'>\n\t\t\t\t<dt class='gallery-icon portrait'>\n\t\t\t\t\t<a href='https:\/\/congresos.contraelcancer.es\/extremadura\/wp-content\/uploads\/sites\/4\/2026\/02\/lX-Congreso-A.E.C.-el-Cancer-135-scaled.jpg'><img loading=\"lazy\" decoding=\"async\" width=\"768\" height=\"1024\" src=\"https:\/\/congresos.contraelcancer.es\/extremadura\/wp-content\/uploads\/sites\/4\/2026\/02\/lX-Congreso-A.E.C.-el-Cancer-135-768x1024.jpg\" class=\"attachment-large size-large\" alt=\"\" srcset=\"https:\/\/congresos.contraelcancer.es\/extremadura\/wp-content\/uploads\/sites\/4\/2026\/02\/lX-Congreso-A.E.C.-el-Cancer-135-768x1024.jpg 768w, https:\/\/congresos.contraelcancer.es\/extremadura\/wp-content\/uploads\/sites\/4\/2026\/02\/lX-Congreso-A.E.C.-el-Cancer-135-225x300.jpg 225w, https:\/\/congresos.contraelcancer.es\/extremadura\/wp-content\/uploads\/sites\/4\/2026\/02\/lX-Congreso-A.E.C.-el-Cancer-135-56x75.jpg 56w, https:\/\/congresos.contraelcancer.es\/extremadura\/wp-content\/uploads\/sites\/4\/2026\/02\/lX-Congreso-A.E.C.-el-Cancer-135-480x640.jpg 480w\" sizes=\"(max-width:767px) 480px, (max-width:768px) 100vw, 768px\" \/><\/a>\n\t\t\t\t<\/dt><\/div><\/dl><dl class='gallery-item'  data-title='lX Congreso A.E.C. el Cancer (136)' data-description=''><div class='gallery-item-wrapper'>\n\t\t\t\t<dt class='gallery-icon portrait'>\n\t\t\t\t\t<a href='https:\/\/congresos.contraelcancer.es\/extremadura\/wp-content\/uploads\/sites\/4\/2026\/02\/lX-Congreso-A.E.C.-el-Cancer-136-scaled.jpg'><img loading=\"lazy\" decoding=\"async\" width=\"705\" height=\"1024\" src=\"https:\/\/congresos.contraelcancer.es\/extremadura\/wp-content\/uploads\/sites\/4\/2026\/02\/lX-Congreso-A.E.C.-el-Cancer-136-705x1024.jpg\" class=\"attachment-large size-large\" alt=\"\" srcset=\"https:\/\/congresos.contraelcancer.es\/extremadura\/wp-content\/uploads\/sites\/4\/2026\/02\/lX-Congreso-A.E.C.-el-Cancer-136-705x1024.jpg 705w, https:\/\/congresos.contraelcancer.es\/extremadura\/wp-content\/uploads\/sites\/4\/2026\/02\/lX-Congreso-A.E.C.-el-Cancer-136-207x300.jpg 207w, https:\/\/congresos.contraelcancer.es\/extremadura\/wp-content\/uploads\/sites\/4\/2026\/02\/lX-Congreso-A.E.C.-el-Cancer-136-52x75.jpg 52w, https:\/\/congresos.contraelcancer.es\/extremadura\/wp-content\/uploads\/sites\/4\/2026\/02\/lX-Congreso-A.E.C.-el-Cancer-136-480x697.jpg 480w\" sizes=\"(max-width:767px) 480px, 705px\" \/><\/a>\n\t\t\t\t<\/dt><\/div><\/dl><dl class='gallery-item'  data-title='lX Congreso A.E.C. el Cancer (137)' data-description=''><div class='gallery-item-wrapper'>\n\t\t\t\t<dt class='gallery-icon portrait'>\n\t\t\t\t\t<a href='https:\/\/congresos.contraelcancer.es\/extremadura\/wp-content\/uploads\/sites\/4\/2026\/02\/lX-Congreso-A.E.C.-el-Cancer-137-scaled.jpg'><img loading=\"lazy\" decoding=\"async\" width=\"768\" height=\"1024\" src=\"https:\/\/congresos.contraelcancer.es\/extremadura\/wp-content\/uploads\/sites\/4\/2026\/02\/lX-Congreso-A.E.C.-el-Cancer-137-768x1024.jpg\" class=\"attachment-large size-large\" alt=\"\" srcset=\"https:\/\/congresos.contraelcancer.es\/extremadura\/wp-content\/uploads\/sites\/4\/2026\/02\/lX-Congreso-A.E.C.-el-Cancer-137-768x1024.jpg 768w, https:\/\/congresos.contraelcancer.es\/extremadura\/wp-content\/uploads\/sites\/4\/2026\/02\/lX-Congreso-A.E.C.-el-Cancer-137-225x300.jpg 225w, https:\/\/congresos.contraelcancer.es\/extremadura\/wp-content\/uploads\/sites\/4\/2026\/02\/lX-Congreso-A.E.C.-el-Cancer-137-56x75.jpg 56w, https:\/\/congresos.contraelcancer.es\/extremadura\/wp-content\/uploads\/sites\/4\/2026\/02\/lX-Congreso-A.E.C.-el-Cancer-137-480x640.jpg 480w\" sizes=\"(max-width:767px) 480px, (max-width:768px) 100vw, 768px\" \/><\/a>\n\t\t\t\t<\/dt><\/div><\/dl><dl class='gallery-item'  data-title='lX Congreso A.E.C. el Cancer (138)' data-description=''><div class='gallery-item-wrapper'>\n\t\t\t\t<dt class='gallery-icon portrait'>\n\t\t\t\t\t<a href='https:\/\/congresos.contraelcancer.es\/extremadura\/wp-content\/uploads\/sites\/4\/2026\/02\/lX-Congreso-A.E.C.-el-Cancer-138-scaled.jpg'><img loading=\"lazy\" decoding=\"async\" width=\"768\" height=\"1024\" src=\"https:\/\/congresos.contraelcancer.es\/extremadura\/wp-content\/uploads\/sites\/4\/2026\/02\/lX-Congreso-A.E.C.-el-Cancer-138-768x1024.jpg\" class=\"attachment-large size-large\" alt=\"\" srcset=\"https:\/\/congresos.contraelcancer.es\/extremadura\/wp-content\/uploads\/sites\/4\/2026\/02\/lX-Congreso-A.E.C.-el-Cancer-138-768x1024.jpg 768w, https:\/\/congresos.contraelcancer.es\/extremadura\/wp-content\/uploads\/sites\/4\/2026\/02\/lX-Congreso-A.E.C.-el-Cancer-138-225x300.jpg 225w, https:\/\/congresos.contraelcancer.es\/extremadura\/wp-content\/uploads\/sites\/4\/2026\/02\/lX-Congreso-A.E.C.-el-Cancer-138-56x75.jpg 56w, https:\/\/congresos.contraelcancer.es\/extremadura\/wp-content\/uploads\/sites\/4\/2026\/02\/lX-Congreso-A.E.C.-el-Cancer-138-480x640.jpg 480w\" sizes=\"(max-width:767px) 480px, (max-width:768px) 100vw, 768px\" \/><\/a>\n\t\t\t\t<\/dt><\/div><\/dl><br style=\"clear: both\" \/><dl class='gallery-item'  data-title='lX Congreso A.E.C. el Cancer (139)' data-description=''><div class='gallery-item-wrapper'>\n\t\t\t\t<dt class='gallery-icon portrait'>\n\t\t\t\t\t<a href='https:\/\/congresos.contraelcancer.es\/extremadura\/wp-content\/uploads\/sites\/4\/2026\/02\/lX-Congreso-A.E.C.-el-Cancer-139-scaled.jpg'><img loading=\"lazy\" decoding=\"async\" width=\"768\" height=\"1024\" src=\"https:\/\/congresos.contraelcancer.es\/extremadura\/wp-content\/uploads\/sites\/4\/2026\/02\/lX-Congreso-A.E.C.-el-Cancer-139-768x1024.jpg\" class=\"attachment-large size-large\" alt=\"\" srcset=\"https:\/\/congresos.contraelcancer.es\/extremadura\/wp-content\/uploads\/sites\/4\/2026\/02\/lX-Congreso-A.E.C.-el-Cancer-139-768x1024.jpg 768w, https:\/\/congresos.contraelcancer.es\/extremadura\/wp-content\/uploads\/sites\/4\/2026\/02\/lX-Congreso-A.E.C.-el-Cancer-139-225x300.jpg 225w, https:\/\/congresos.contraelcancer.es\/extremadura\/wp-content\/uploads\/sites\/4\/2026\/02\/lX-Congreso-A.E.C.-el-Cancer-139-56x75.jpg 56w, https:\/\/congresos.contraelcancer.es\/extremadura\/wp-content\/uploads\/sites\/4\/2026\/02\/lX-Congreso-A.E.C.-el-Cancer-139-480x640.jpg 480w\" sizes=\"(max-width:767px) 480px, (max-width:768px) 100vw, 768px\" \/><\/a>\n\t\t\t\t<\/dt><\/div><\/dl><dl class='gallery-item'  data-title='lX Congreso A.E.C. el Cancer (140)' data-description=''><div class='gallery-item-wrapper'>\n\t\t\t\t<dt class='gallery-icon portrait'>\n\t\t\t\t\t<a href='https:\/\/congresos.contraelcancer.es\/extremadura\/wp-content\/uploads\/sites\/4\/2026\/02\/lX-Congreso-A.E.C.-el-Cancer-140-scaled.jpg'><img loading=\"lazy\" decoding=\"async\" width=\"768\" height=\"1024\" src=\"https:\/\/congresos.contraelcancer.es\/extremadura\/wp-content\/uploads\/sites\/4\/2026\/02\/lX-Congreso-A.E.C.-el-Cancer-140-768x1024.jpg\" class=\"attachment-large size-large\" alt=\"\" srcset=\"https:\/\/congresos.contraelcancer.es\/extremadura\/wp-content\/uploads\/sites\/4\/2026\/02\/lX-Congreso-A.E.C.-el-Cancer-140-768x1024.jpg 768w, https:\/\/congresos.contraelcancer.es\/extremadura\/wp-content\/uploads\/sites\/4\/2026\/02\/lX-Congreso-A.E.C.-el-Cancer-140-225x300.jpg 225w, https:\/\/congresos.contraelcancer.es\/extremadura\/wp-content\/uploads\/sites\/4\/2026\/02\/lX-Congreso-A.E.C.-el-Cancer-140-56x75.jpg 56w, https:\/\/congresos.contraelcancer.es\/extremadura\/wp-content\/uploads\/sites\/4\/2026\/02\/lX-Congreso-A.E.C.-el-Cancer-140-480x640.jpg 480w\" sizes=\"(max-width:767px) 480px, (max-width:768px) 100vw, 768px\" \/><\/a>\n\t\t\t\t<\/dt><\/div><\/dl><dl class='gallery-item'  data-title='lX Congreso A.E.C. el Cancer (141)' data-description=''><div class='gallery-item-wrapper'>\n\t\t\t\t<dt class='gallery-icon portrait'>\n\t\t\t\t\t<a href='https:\/\/congresos.contraelcancer.es\/extremadura\/wp-content\/uploads\/sites\/4\/2026\/02\/lX-Congreso-A.E.C.-el-Cancer-141-scaled.jpg'><img loading=\"lazy\" decoding=\"async\" width=\"676\" height=\"1024\" src=\"https:\/\/congresos.contraelcancer.es\/extremadura\/wp-content\/uploads\/sites\/4\/2026\/02\/lX-Congreso-A.E.C.-el-Cancer-141-676x1024.jpg\" class=\"attachment-large size-large\" alt=\"\" srcset=\"https:\/\/congresos.contraelcancer.es\/extremadura\/wp-content\/uploads\/sites\/4\/2026\/02\/lX-Congreso-A.E.C.-el-Cancer-141-676x1024.jpg 676w, https:\/\/congresos.contraelcancer.es\/extremadura\/wp-content\/uploads\/sites\/4\/2026\/02\/lX-Congreso-A.E.C.-el-Cancer-141-198x300.jpg 198w, https:\/\/congresos.contraelcancer.es\/extremadura\/wp-content\/uploads\/sites\/4\/2026\/02\/lX-Congreso-A.E.C.-el-Cancer-141-50x75.jpg 50w, https:\/\/congresos.contraelcancer.es\/extremadura\/wp-content\/uploads\/sites\/4\/2026\/02\/lX-Congreso-A.E.C.-el-Cancer-141-480x727.jpg 480w\" sizes=\"(max-width:767px) 480px, 676px\" \/><\/a>\n\t\t\t\t<\/dt><\/div><\/dl><dl class='gallery-item'  data-title='lX Congreso A.E.C. el Cancer (142)' data-description=''><div class='gallery-item-wrapper'>\n\t\t\t\t<dt class='gallery-icon portrait'>\n\t\t\t\t\t<a href='https:\/\/congresos.contraelcancer.es\/extremadura\/wp-content\/uploads\/sites\/4\/2026\/02\/lX-Congreso-A.E.C.-el-Cancer-142-scaled.jpg'><img loading=\"lazy\" decoding=\"async\" width=\"768\" height=\"1024\" src=\"https:\/\/congresos.contraelcancer.es\/extremadura\/wp-content\/uploads\/sites\/4\/2026\/02\/lX-Congreso-A.E.C.-el-Cancer-142-768x1024.jpg\" class=\"attachment-large size-large\" alt=\"\" srcset=\"https:\/\/congresos.contraelcancer.es\/extremadura\/wp-content\/uploads\/sites\/4\/2026\/02\/lX-Congreso-A.E.C.-el-Cancer-142-768x1024.jpg 768w, https:\/\/congresos.contraelcancer.es\/extremadura\/wp-content\/uploads\/sites\/4\/2026\/02\/lX-Congreso-A.E.C.-el-Cancer-142-225x300.jpg 225w, https:\/\/congresos.contraelcancer.es\/extremadura\/wp-content\/uploads\/sites\/4\/2026\/02\/lX-Congreso-A.E.C.-el-Cancer-142-56x75.jpg 56w, https:\/\/congresos.contraelcancer.es\/extremadura\/wp-content\/uploads\/sites\/4\/2026\/02\/lX-Congreso-A.E.C.-el-Cancer-142-480x640.jpg 480w\" sizes=\"(max-width:767px) 480px, (max-width:768px) 100vw, 768px\" \/><\/a>\n\t\t\t\t<\/dt><\/div><\/dl><br style=\"clear: both\" \/><dl class='gallery-item'  data-title='lX Congreso A.E.C. el Cancer (143)' data-description=''><div class='gallery-item-wrapper'>\n\t\t\t\t<dt class='gallery-icon portrait'>\n\t\t\t\t\t<a href='https:\/\/congresos.contraelcancer.es\/extremadura\/wp-content\/uploads\/sites\/4\/2026\/02\/lX-Congreso-A.E.C.-el-Cancer-143-scaled.jpg'><img loading=\"lazy\" decoding=\"async\" width=\"768\" height=\"1024\" src=\"https:\/\/congresos.contraelcancer.es\/extremadura\/wp-content\/uploads\/sites\/4\/2026\/02\/lX-Congreso-A.E.C.-el-Cancer-143-768x1024.jpg\" class=\"attachment-large size-large\" alt=\"\" srcset=\"https:\/\/congresos.contraelcancer.es\/extremadura\/wp-content\/uploads\/sites\/4\/2026\/02\/lX-Congreso-A.E.C.-el-Cancer-143-768x1024.jpg 768w, https:\/\/congresos.contraelcancer.es\/extremadura\/wp-content\/uploads\/sites\/4\/2026\/02\/lX-Congreso-A.E.C.-el-Cancer-143-225x300.jpg 225w, https:\/\/congresos.contraelcancer.es\/extremadura\/wp-content\/uploads\/sites\/4\/2026\/02\/lX-Congreso-A.E.C.-el-Cancer-143-56x75.jpg 56w, https:\/\/congresos.contraelcancer.es\/extremadura\/wp-content\/uploads\/sites\/4\/2026\/02\/lX-Congreso-A.E.C.-el-Cancer-143-480x640.jpg 480w\" sizes=\"(max-width:767px) 480px, (max-width:768px) 100vw, 768px\" \/><\/a>\n\t\t\t\t<\/dt><\/div><\/dl><dl class='gallery-item'  data-title='lX Congreso A.E.C. el Cancer (144)' data-description=''><div class='gallery-item-wrapper'>\n\t\t\t\t<dt class='gallery-icon landscape'>\n\t\t\t\t\t<a href='https:\/\/congresos.contraelcancer.es\/extremadura\/wp-content\/uploads\/sites\/4\/2026\/02\/lX-Congreso-A.E.C.-el-Cancer-144-scaled.jpg'><img loading=\"lazy\" decoding=\"async\" width=\"1024\" height=\"768\" src=\"https:\/\/congresos.contraelcancer.es\/extremadura\/wp-content\/uploads\/sites\/4\/2026\/02\/lX-Congreso-A.E.C.-el-Cancer-144-1024x768.jpg\" class=\"attachment-large size-large\" alt=\"\" srcset=\"https:\/\/congresos.contraelcancer.es\/extremadura\/wp-content\/uploads\/sites\/4\/2026\/02\/lX-Congreso-A.E.C.-el-Cancer-144-1024x768.jpg 1024w, https:\/\/congresos.contraelcancer.es\/extremadura\/wp-content\/uploads\/sites\/4\/2026\/02\/lX-Congreso-A.E.C.-el-Cancer-144-300x225.jpg 300w, https:\/\/congresos.contraelcancer.es\/extremadura\/wp-content\/uploads\/sites\/4\/2026\/02\/lX-Congreso-A.E.C.-el-Cancer-144-768x576.jpg 768w, https:\/\/congresos.contraelcancer.es\/extremadura\/wp-content\/uploads\/sites\/4\/2026\/02\/lX-Congreso-A.E.C.-el-Cancer-144-100x75.jpg 100w, https:\/\/congresos.contraelcancer.es\/extremadura\/wp-content\/uploads\/sites\/4\/2026\/02\/lX-Congreso-A.E.C.-el-Cancer-144-480x360.jpg 480w\" sizes=\"(max-width:767px) 480px, (max-width:1024px) 100vw, 1024px\" \/><\/a>\n\t\t\t\t<\/dt><\/div><\/dl><dl class='gallery-item'  data-title='lX Congreso A.E.C. el Cancer (145)' data-description=''><div class='gallery-item-wrapper'>\n\t\t\t\t<dt class='gallery-icon portrait'>\n\t\t\t\t\t<a href='https:\/\/congresos.contraelcancer.es\/extremadura\/wp-content\/uploads\/sites\/4\/2026\/02\/lX-Congreso-A.E.C.-el-Cancer-145-scaled.jpg'><img loading=\"lazy\" decoding=\"async\" width=\"734\" height=\"1024\" src=\"https:\/\/congresos.contraelcancer.es\/extremadura\/wp-content\/uploads\/sites\/4\/2026\/02\/lX-Congreso-A.E.C.-el-Cancer-145-734x1024.jpg\" class=\"attachment-large size-large\" alt=\"\" srcset=\"https:\/\/congresos.contraelcancer.es\/extremadura\/wp-content\/uploads\/sites\/4\/2026\/02\/lX-Congreso-A.E.C.-el-Cancer-145-734x1024.jpg 734w, https:\/\/congresos.contraelcancer.es\/extremadura\/wp-content\/uploads\/sites\/4\/2026\/02\/lX-Congreso-A.E.C.-el-Cancer-145-215x300.jpg 215w, https:\/\/congresos.contraelcancer.es\/extremadura\/wp-content\/uploads\/sites\/4\/2026\/02\/lX-Congreso-A.E.C.-el-Cancer-145-54x75.jpg 54w, https:\/\/congresos.contraelcancer.es\/extremadura\/wp-content\/uploads\/sites\/4\/2026\/02\/lX-Congreso-A.E.C.-el-Cancer-145-480x670.jpg 480w\" sizes=\"(max-width:767px) 480px, 734px\" \/><\/a>\n\t\t\t\t<\/dt><\/div><\/dl><dl class='gallery-item'  data-title='lX Congreso A.E.C. el Cancer (146)' data-description=''><div class='gallery-item-wrapper'>\n\t\t\t\t<dt class='gallery-icon portrait'>\n\t\t\t\t\t<a href='https:\/\/congresos.contraelcancer.es\/extremadura\/wp-content\/uploads\/sites\/4\/2026\/02\/lX-Congreso-A.E.C.-el-Cancer-146-scaled.jpg'><img loading=\"lazy\" decoding=\"async\" width=\"768\" height=\"1024\" src=\"https:\/\/congresos.contraelcancer.es\/extremadura\/wp-content\/uploads\/sites\/4\/2026\/02\/lX-Congreso-A.E.C.-el-Cancer-146-768x1024.jpg\" class=\"attachment-large size-large\" alt=\"\" srcset=\"https:\/\/congresos.contraelcancer.es\/extremadura\/wp-content\/uploads\/sites\/4\/2026\/02\/lX-Congreso-A.E.C.-el-Cancer-146-768x1024.jpg 768w, https:\/\/congresos.contraelcancer.es\/extremadura\/wp-content\/uploads\/sites\/4\/2026\/02\/lX-Congreso-A.E.C.-el-Cancer-146-225x300.jpg 225w, https:\/\/congresos.contraelcancer.es\/extremadura\/wp-content\/uploads\/sites\/4\/2026\/02\/lX-Congreso-A.E.C.-el-Cancer-146-56x75.jpg 56w, https:\/\/congresos.contraelcancer.es\/extremadura\/wp-content\/uploads\/sites\/4\/2026\/02\/lX-Congreso-A.E.C.-el-Cancer-146-480x640.jpg 480w\" sizes=\"(max-width:767px) 480px, (max-width:768px) 100vw, 768px\" \/><\/a>\n\t\t\t\t<\/dt><\/div><\/dl><br style=\"clear: both\" \/><dl class='gallery-item'  data-title='lX Congreso A.E.C. el Cancer (147)' data-description=''><div class='gallery-item-wrapper'>\n\t\t\t\t<dt class='gallery-icon portrait'>\n\t\t\t\t\t<a href='https:\/\/congresos.contraelcancer.es\/extremadura\/wp-content\/uploads\/sites\/4\/2026\/02\/lX-Congreso-A.E.C.-el-Cancer-147-scaled.jpg'><img loading=\"lazy\" decoding=\"async\" width=\"768\" height=\"1024\" src=\"https:\/\/congresos.contraelcancer.es\/extremadura\/wp-content\/uploads\/sites\/4\/2026\/02\/lX-Congreso-A.E.C.-el-Cancer-147-768x1024.jpg\" class=\"attachment-large size-large\" alt=\"\" srcset=\"https:\/\/congresos.contraelcancer.es\/extremadura\/wp-content\/uploads\/sites\/4\/2026\/02\/lX-Congreso-A.E.C.-el-Cancer-147-768x1024.jpg 768w, https:\/\/congresos.contraelcancer.es\/extremadura\/wp-content\/uploads\/sites\/4\/2026\/02\/lX-Congreso-A.E.C.-el-Cancer-147-225x300.jpg 225w, https:\/\/congresos.contraelcancer.es\/extremadura\/wp-content\/uploads\/sites\/4\/2026\/02\/lX-Congreso-A.E.C.-el-Cancer-147-56x75.jpg 56w, https:\/\/congresos.contraelcancer.es\/extremadura\/wp-content\/uploads\/sites\/4\/2026\/02\/lX-Congreso-A.E.C.-el-Cancer-147-480x640.jpg 480w\" sizes=\"(max-width:767px) 480px, (max-width:768px) 100vw, 768px\" \/><\/a>\n\t\t\t\t<\/dt><\/div><\/dl><dl class='gallery-item'  data-title='lX Congreso A.E.C. el Cancer (148)' data-description=''><div class='gallery-item-wrapper'>\n\t\t\t\t<dt class='gallery-icon landscape'>\n\t\t\t\t\t<a href='https:\/\/congresos.contraelcancer.es\/extremadura\/wp-content\/uploads\/sites\/4\/2026\/02\/lX-Congreso-A.E.C.-el-Cancer-148-scaled.jpg'><img loading=\"lazy\" decoding=\"async\" width=\"1024\" height=\"768\" src=\"https:\/\/congresos.contraelcancer.es\/extremadura\/wp-content\/uploads\/sites\/4\/2026\/02\/lX-Congreso-A.E.C.-el-Cancer-148-1024x768.jpg\" class=\"attachment-large size-large\" alt=\"\" srcset=\"https:\/\/congresos.contraelcancer.es\/extremadura\/wp-content\/uploads\/sites\/4\/2026\/02\/lX-Congreso-A.E.C.-el-Cancer-148-1024x768.jpg 1024w, https:\/\/congresos.contraelcancer.es\/extremadura\/wp-content\/uploads\/sites\/4\/2026\/02\/lX-Congreso-A.E.C.-el-Cancer-148-300x225.jpg 300w, https:\/\/congresos.contraelcancer.es\/extremadura\/wp-content\/uploads\/sites\/4\/2026\/02\/lX-Congreso-A.E.C.-el-Cancer-148-768x576.jpg 768w, https:\/\/congresos.contraelcancer.es\/extremadura\/wp-content\/uploads\/sites\/4\/2026\/02\/lX-Congreso-A.E.C.-el-Cancer-148-100x75.jpg 100w, https:\/\/congresos.contraelcancer.es\/extremadura\/wp-content\/uploads\/sites\/4\/2026\/02\/lX-Congreso-A.E.C.-el-Cancer-148-480x360.jpg 480w\" sizes=\"(max-width:767px) 480px, (max-width:1024px) 100vw, 1024px\" \/><\/a>\n\t\t\t\t<\/dt><\/div><\/dl><dl class='gallery-item'  data-title='lX Congreso A.E.C. el Cancer (149)' data-description=''><div class='gallery-item-wrapper'>\n\t\t\t\t<dt class='gallery-icon landscape'>\n\t\t\t\t\t<a href='https:\/\/congresos.contraelcancer.es\/extremadura\/wp-content\/uploads\/sites\/4\/2026\/02\/lX-Congreso-A.E.C.-el-Cancer-149-scaled.jpg'><img loading=\"lazy\" decoding=\"async\" width=\"1024\" height=\"768\" src=\"https:\/\/congresos.contraelcancer.es\/extremadura\/wp-content\/uploads\/sites\/4\/2026\/02\/lX-Congreso-A.E.C.-el-Cancer-149-1024x768.jpg\" class=\"attachment-large size-large\" alt=\"\" srcset=\"https:\/\/congresos.contraelcancer.es\/extremadura\/wp-content\/uploads\/sites\/4\/2026\/02\/lX-Congreso-A.E.C.-el-Cancer-149-1024x768.jpg 1024w, https:\/\/congresos.contraelcancer.es\/extremadura\/wp-content\/uploads\/sites\/4\/2026\/02\/lX-Congreso-A.E.C.-el-Cancer-149-300x225.jpg 300w, https:\/\/congresos.contraelcancer.es\/extremadura\/wp-content\/uploads\/sites\/4\/2026\/02\/lX-Congreso-A.E.C.-el-Cancer-149-768x576.jpg 768w, https:\/\/congresos.contraelcancer.es\/extremadura\/wp-content\/uploads\/sites\/4\/2026\/02\/lX-Congreso-A.E.C.-el-Cancer-149-100x75.jpg 100w, https:\/\/congresos.contraelcancer.es\/extremadura\/wp-content\/uploads\/sites\/4\/2026\/02\/lX-Congreso-A.E.C.-el-Cancer-149-480x360.jpg 480w\" sizes=\"(max-width:767px) 480px, (max-width:1024px) 100vw, 1024px\" \/><\/a>\n\t\t\t\t<\/dt><\/div><\/dl><dl class='gallery-item'  data-title='lX Congreso A.E.C. el Cancer (150)' data-description=''><div class='gallery-item-wrapper'>\n\t\t\t\t<dt class='gallery-icon portrait'>\n\t\t\t\t\t<a href='https:\/\/congresos.contraelcancer.es\/extremadura\/wp-content\/uploads\/sites\/4\/2026\/02\/lX-Congreso-A.E.C.-el-Cancer-150-scaled.jpg'><img loading=\"lazy\" decoding=\"async\" width=\"768\" height=\"1024\" src=\"https:\/\/congresos.contraelcancer.es\/extremadura\/wp-content\/uploads\/sites\/4\/2026\/02\/lX-Congreso-A.E.C.-el-Cancer-150-768x1024.jpg\" class=\"attachment-large size-large\" alt=\"\" srcset=\"https:\/\/congresos.contraelcancer.es\/extremadura\/wp-content\/uploads\/sites\/4\/2026\/02\/lX-Congreso-A.E.C.-el-Cancer-150-768x1024.jpg 768w, https:\/\/congresos.contraelcancer.es\/extremadura\/wp-content\/uploads\/sites\/4\/2026\/02\/lX-Congreso-A.E.C.-el-Cancer-150-225x300.jpg 225w, https:\/\/congresos.contraelcancer.es\/extremadura\/wp-content\/uploads\/sites\/4\/2026\/02\/lX-Congreso-A.E.C.-el-Cancer-150-56x75.jpg 56w, https:\/\/congresos.contraelcancer.es\/extremadura\/wp-content\/uploads\/sites\/4\/2026\/02\/lX-Congreso-A.E.C.-el-Cancer-150-480x640.jpg 480w\" sizes=\"(max-width:767px) 480px, (max-width:768px) 100vw, 768px\" \/><\/a>\n\t\t\t\t<\/dt><\/div><\/dl><br style=\"clear: both\" \/><dl class='gallery-item'  data-title='lX Congreso A.E.C. el Cancer (151)' data-description=''><div class='gallery-item-wrapper'>\n\t\t\t\t<dt class='gallery-icon portrait'>\n\t\t\t\t\t<a href='https:\/\/congresos.contraelcancer.es\/extremadura\/wp-content\/uploads\/sites\/4\/2026\/02\/lX-Congreso-A.E.C.-el-Cancer-151-scaled.jpg'><img loading=\"lazy\" decoding=\"async\" width=\"768\" height=\"1024\" src=\"https:\/\/congresos.contraelcancer.es\/extremadura\/wp-content\/uploads\/sites\/4\/2026\/02\/lX-Congreso-A.E.C.-el-Cancer-151-768x1024.jpg\" class=\"attachment-large size-large\" alt=\"\" srcset=\"https:\/\/congresos.contraelcancer.es\/extremadura\/wp-content\/uploads\/sites\/4\/2026\/02\/lX-Congreso-A.E.C.-el-Cancer-151-768x1024.jpg 768w, https:\/\/congresos.contraelcancer.es\/extremadura\/wp-content\/uploads\/sites\/4\/2026\/02\/lX-Congreso-A.E.C.-el-Cancer-151-225x300.jpg 225w, https:\/\/congresos.contraelcancer.es\/extremadura\/wp-content\/uploads\/sites\/4\/2026\/02\/lX-Congreso-A.E.C.-el-Cancer-151-56x75.jpg 56w, https:\/\/congresos.contraelcancer.es\/extremadura\/wp-content\/uploads\/sites\/4\/2026\/02\/lX-Congreso-A.E.C.-el-Cancer-151-480x640.jpg 480w\" sizes=\"(max-width:767px) 480px, (max-width:768px) 100vw, 768px\" \/><\/a>\n\t\t\t\t<\/dt><\/div><\/dl><dl class='gallery-item'  data-title='lX Congreso A.E.C. el Cancer (152)' data-description=''><div class='gallery-item-wrapper'>\n\t\t\t\t<dt class='gallery-icon portrait'>\n\t\t\t\t\t<a href='https:\/\/congresos.contraelcancer.es\/extremadura\/wp-content\/uploads\/sites\/4\/2026\/02\/lX-Congreso-A.E.C.-el-Cancer-152-scaled.jpg'><img loading=\"lazy\" decoding=\"async\" width=\"768\" height=\"1024\" src=\"https:\/\/congresos.contraelcancer.es\/extremadura\/wp-content\/uploads\/sites\/4\/2026\/02\/lX-Congreso-A.E.C.-el-Cancer-152-768x1024.jpg\" class=\"attachment-large size-large\" alt=\"\" srcset=\"https:\/\/congresos.contraelcancer.es\/extremadura\/wp-content\/uploads\/sites\/4\/2026\/02\/lX-Congreso-A.E.C.-el-Cancer-152-768x1024.jpg 768w, https:\/\/congresos.contraelcancer.es\/extremadura\/wp-content\/uploads\/sites\/4\/2026\/02\/lX-Congreso-A.E.C.-el-Cancer-152-225x300.jpg 225w, https:\/\/congresos.contraelcancer.es\/extremadura\/wp-content\/uploads\/sites\/4\/2026\/02\/lX-Congreso-A.E.C.-el-Cancer-152-56x75.jpg 56w, https:\/\/congresos.contraelcancer.es\/extremadura\/wp-content\/uploads\/sites\/4\/2026\/02\/lX-Congreso-A.E.C.-el-Cancer-152-480x640.jpg 480w\" sizes=\"(max-width:767px) 480px, (max-width:768px) 100vw, 768px\" \/><\/a>\n\t\t\t\t<\/dt><\/div><\/dl><dl class='gallery-item'  data-title='lX Congreso A.E.C. el Cancer (153)' data-description=''><div class='gallery-item-wrapper'>\n\t\t\t\t<dt class='gallery-icon portrait'>\n\t\t\t\t\t<a href='https:\/\/congresos.contraelcancer.es\/extremadura\/wp-content\/uploads\/sites\/4\/2026\/02\/lX-Congreso-A.E.C.-el-Cancer-153-scaled.jpg'><img loading=\"lazy\" decoding=\"async\" width=\"768\" height=\"1024\" src=\"https:\/\/congresos.contraelcancer.es\/extremadura\/wp-content\/uploads\/sites\/4\/2026\/02\/lX-Congreso-A.E.C.-el-Cancer-153-768x1024.jpg\" class=\"attachment-large size-large\" alt=\"\" srcset=\"https:\/\/congresos.contraelcancer.es\/extremadura\/wp-content\/uploads\/sites\/4\/2026\/02\/lX-Congreso-A.E.C.-el-Cancer-153-768x1024.jpg 768w, https:\/\/congresos.contraelcancer.es\/extremadura\/wp-content\/uploads\/sites\/4\/2026\/02\/lX-Congreso-A.E.C.-el-Cancer-153-225x300.jpg 225w, https:\/\/congresos.contraelcancer.es\/extremadura\/wp-content\/uploads\/sites\/4\/2026\/02\/lX-Congreso-A.E.C.-el-Cancer-153-56x75.jpg 56w, https:\/\/congresos.contraelcancer.es\/extremadura\/wp-content\/uploads\/sites\/4\/2026\/02\/lX-Congreso-A.E.C.-el-Cancer-153-480x640.jpg 480w\" sizes=\"(max-width:767px) 480px, (max-width:768px) 100vw, 768px\" \/><\/a>\n\t\t\t\t<\/dt><\/div><\/dl><dl class='gallery-item'  data-title='lX Congreso A.E.C. el Cancer (154)' data-description=''><div class='gallery-item-wrapper'>\n\t\t\t\t<dt class='gallery-icon portrait'>\n\t\t\t\t\t<a href='https:\/\/congresos.contraelcancer.es\/extremadura\/wp-content\/uploads\/sites\/4\/2026\/02\/lX-Congreso-A.E.C.-el-Cancer-154-scaled.jpg'><img loading=\"lazy\" decoding=\"async\" width=\"768\" height=\"1024\" src=\"https:\/\/congresos.contraelcancer.es\/extremadura\/wp-content\/uploads\/sites\/4\/2026\/02\/lX-Congreso-A.E.C.-el-Cancer-154-768x1024.jpg\" class=\"attachment-large size-large\" alt=\"\" srcset=\"https:\/\/congresos.contraelcancer.es\/extremadura\/wp-content\/uploads\/sites\/4\/2026\/02\/lX-Congreso-A.E.C.-el-Cancer-154-768x1024.jpg 768w, https:\/\/congresos.contraelcancer.es\/extremadura\/wp-content\/uploads\/sites\/4\/2026\/02\/lX-Congreso-A.E.C.-el-Cancer-154-225x300.jpg 225w, https:\/\/congresos.contraelcancer.es\/extremadura\/wp-content\/uploads\/sites\/4\/2026\/02\/lX-Congreso-A.E.C.-el-Cancer-154-56x75.jpg 56w, https:\/\/congresos.contraelcancer.es\/extremadura\/wp-content\/uploads\/sites\/4\/2026\/02\/lX-Congreso-A.E.C.-el-Cancer-154-480x640.jpg 480w\" sizes=\"(max-width:767px) 480px, (max-width:768px) 100vw, 768px\" \/><\/a>\n\t\t\t\t<\/dt><\/div><\/dl><br style=\"clear: both\" \/><dl class='gallery-item'  data-title='lX Congreso A.E.C. el Cancer (155)' data-description=''><div class='gallery-item-wrapper'>\n\t\t\t\t<dt class='gallery-icon portrait'>\n\t\t\t\t\t<a href='https:\/\/congresos.contraelcancer.es\/extremadura\/wp-content\/uploads\/sites\/4\/2026\/02\/lX-Congreso-A.E.C.-el-Cancer-155-scaled.jpg'><img loading=\"lazy\" decoding=\"async\" width=\"768\" height=\"1024\" src=\"https:\/\/congresos.contraelcancer.es\/extremadura\/wp-content\/uploads\/sites\/4\/2026\/02\/lX-Congreso-A.E.C.-el-Cancer-155-768x1024.jpg\" class=\"attachment-large size-large\" alt=\"\" srcset=\"https:\/\/congresos.contraelcancer.es\/extremadura\/wp-content\/uploads\/sites\/4\/2026\/02\/lX-Congreso-A.E.C.-el-Cancer-155-768x1024.jpg 768w, https:\/\/congresos.contraelcancer.es\/extremadura\/wp-content\/uploads\/sites\/4\/2026\/02\/lX-Congreso-A.E.C.-el-Cancer-155-225x300.jpg 225w, https:\/\/congresos.contraelcancer.es\/extremadura\/wp-content\/uploads\/sites\/4\/2026\/02\/lX-Congreso-A.E.C.-el-Cancer-155-56x75.jpg 56w, https:\/\/congresos.contraelcancer.es\/extremadura\/wp-content\/uploads\/sites\/4\/2026\/02\/lX-Congreso-A.E.C.-el-Cancer-155-480x640.jpg 480w\" sizes=\"(max-width:767px) 480px, (max-width:768px) 100vw, 768px\" \/><\/a>\n\t\t\t\t<\/dt><\/div><\/dl><dl class='gallery-item'  data-title='lX Congreso A.E.C. el Cancer (156)' data-description=''><div class='gallery-item-wrapper'>\n\t\t\t\t<dt class='gallery-icon landscape'>\n\t\t\t\t\t<a href='https:\/\/congresos.contraelcancer.es\/extremadura\/wp-content\/uploads\/sites\/4\/2026\/02\/lX-Congreso-A.E.C.-el-Cancer-156-scaled.jpg'><img loading=\"lazy\" decoding=\"async\" width=\"1024\" height=\"768\" src=\"https:\/\/congresos.contraelcancer.es\/extremadura\/wp-content\/uploads\/sites\/4\/2026\/02\/lX-Congreso-A.E.C.-el-Cancer-156-1024x768.jpg\" class=\"attachment-large size-large\" alt=\"\" srcset=\"https:\/\/congresos.contraelcancer.es\/extremadura\/wp-content\/uploads\/sites\/4\/2026\/02\/lX-Congreso-A.E.C.-el-Cancer-156-1024x768.jpg 1024w, https:\/\/congresos.contraelcancer.es\/extremadura\/wp-content\/uploads\/sites\/4\/2026\/02\/lX-Congreso-A.E.C.-el-Cancer-156-300x225.jpg 300w, https:\/\/congresos.contraelcancer.es\/extremadura\/wp-content\/uploads\/sites\/4\/2026\/02\/lX-Congreso-A.E.C.-el-Cancer-156-768x576.jpg 768w, https:\/\/congresos.contraelcancer.es\/extremadura\/wp-content\/uploads\/sites\/4\/2026\/02\/lX-Congreso-A.E.C.-el-Cancer-156-100x75.jpg 100w, https:\/\/congresos.contraelcancer.es\/extremadura\/wp-content\/uploads\/sites\/4\/2026\/02\/lX-Congreso-A.E.C.-el-Cancer-156-480x360.jpg 480w\" sizes=\"(max-width:767px) 480px, (max-width:1024px) 100vw, 1024px\" \/><\/a>\n\t\t\t\t<\/dt><\/div><\/dl><dl class='gallery-item'  data-title='lX Congreso A.E.C. el Cancer (157)' data-description=''><div class='gallery-item-wrapper'>\n\t\t\t\t<dt class='gallery-icon landscape'>\n\t\t\t\t\t<a href='https:\/\/congresos.contraelcancer.es\/extremadura\/wp-content\/uploads\/sites\/4\/2026\/02\/lX-Congreso-A.E.C.-el-Cancer-157-scaled.jpg'><img loading=\"lazy\" decoding=\"async\" width=\"1024\" height=\"768\" src=\"https:\/\/congresos.contraelcancer.es\/extremadura\/wp-content\/uploads\/sites\/4\/2026\/02\/lX-Congreso-A.E.C.-el-Cancer-157-1024x768.jpg\" class=\"attachment-large size-large\" alt=\"\" srcset=\"https:\/\/congresos.contraelcancer.es\/extremadura\/wp-content\/uploads\/sites\/4\/2026\/02\/lX-Congreso-A.E.C.-el-Cancer-157-1024x768.jpg 1024w, https:\/\/congresos.contraelcancer.es\/extremadura\/wp-content\/uploads\/sites\/4\/2026\/02\/lX-Congreso-A.E.C.-el-Cancer-157-300x225.jpg 300w, https:\/\/congresos.contraelcancer.es\/extremadura\/wp-content\/uploads\/sites\/4\/2026\/02\/lX-Congreso-A.E.C.-el-Cancer-157-768x576.jpg 768w, https:\/\/congresos.contraelcancer.es\/extremadura\/wp-content\/uploads\/sites\/4\/2026\/02\/lX-Congreso-A.E.C.-el-Cancer-157-100x75.jpg 100w, https:\/\/congresos.contraelcancer.es\/extremadura\/wp-content\/uploads\/sites\/4\/2026\/02\/lX-Congreso-A.E.C.-el-Cancer-157-480x360.jpg 480w\" sizes=\"(max-width:767px) 480px, (max-width:1024px) 100vw, 1024px\" \/><\/a>\n\t\t\t\t<\/dt><\/div><\/dl><dl class='gallery-item'  data-title='lX Congreso A.E.C. el Cancer (158)' data-description=''><div class='gallery-item-wrapper'>\n\t\t\t\t<dt class='gallery-icon portrait'>\n\t\t\t\t\t<a href='https:\/\/congresos.contraelcancer.es\/extremadura\/wp-content\/uploads\/sites\/4\/2026\/02\/lX-Congreso-A.E.C.-el-Cancer-158-scaled.jpg'><img loading=\"lazy\" decoding=\"async\" width=\"768\" height=\"1024\" src=\"https:\/\/congresos.contraelcancer.es\/extremadura\/wp-content\/uploads\/sites\/4\/2026\/02\/lX-Congreso-A.E.C.-el-Cancer-158-768x1024.jpg\" class=\"attachment-large size-large\" alt=\"\" srcset=\"https:\/\/congresos.contraelcancer.es\/extremadura\/wp-content\/uploads\/sites\/4\/2026\/02\/lX-Congreso-A.E.C.-el-Cancer-158-768x1024.jpg 768w, https:\/\/congresos.contraelcancer.es\/extremadura\/wp-content\/uploads\/sites\/4\/2026\/02\/lX-Congreso-A.E.C.-el-Cancer-158-225x300.jpg 225w, https:\/\/congresos.contraelcancer.es\/extremadura\/wp-content\/uploads\/sites\/4\/2026\/02\/lX-Congreso-A.E.C.-el-Cancer-158-56x75.jpg 56w, https:\/\/congresos.contraelcancer.es\/extremadura\/wp-content\/uploads\/sites\/4\/2026\/02\/lX-Congreso-A.E.C.-el-Cancer-158-480x640.jpg 480w\" sizes=\"(max-width:767px) 480px, (max-width:768px) 100vw, 768px\" \/><\/a>\n\t\t\t\t<\/dt><\/div><\/dl><br style=\"clear: both\" \/><dl class='gallery-item'  data-title='lX Congreso A.E.C. el Cancer (159)' data-description=''><div class='gallery-item-wrapper'>\n\t\t\t\t<dt class='gallery-icon portrait'>\n\t\t\t\t\t<a href='https:\/\/congresos.contraelcancer.es\/extremadura\/wp-content\/uploads\/sites\/4\/2026\/02\/lX-Congreso-A.E.C.-el-Cancer-159-scaled.jpg'><img loading=\"lazy\" decoding=\"async\" width=\"768\" height=\"1024\" src=\"https:\/\/congresos.contraelcancer.es\/extremadura\/wp-content\/uploads\/sites\/4\/2026\/02\/lX-Congreso-A.E.C.-el-Cancer-159-768x1024.jpg\" class=\"attachment-large size-large\" alt=\"\" srcset=\"https:\/\/congresos.contraelcancer.es\/extremadura\/wp-content\/uploads\/sites\/4\/2026\/02\/lX-Congreso-A.E.C.-el-Cancer-159-768x1024.jpg 768w, https:\/\/congresos.contraelcancer.es\/extremadura\/wp-content\/uploads\/sites\/4\/2026\/02\/lX-Congreso-A.E.C.-el-Cancer-159-225x300.jpg 225w, https:\/\/congresos.contraelcancer.es\/extremadura\/wp-content\/uploads\/sites\/4\/2026\/02\/lX-Congreso-A.E.C.-el-Cancer-159-56x75.jpg 56w, https:\/\/congresos.contraelcancer.es\/extremadura\/wp-content\/uploads\/sites\/4\/2026\/02\/lX-Congreso-A.E.C.-el-Cancer-159-480x640.jpg 480w\" sizes=\"(max-width:767px) 480px, (max-width:768px) 100vw, 768px\" \/><\/a>\n\t\t\t\t<\/dt><\/div><\/dl><dl class='gallery-item'  data-title='lX Congreso A.E.C. el Cancer (160)' data-description=''><div class='gallery-item-wrapper'>\n\t\t\t\t<dt class='gallery-icon portrait'>\n\t\t\t\t\t<a href='https:\/\/congresos.contraelcancer.es\/extremadura\/wp-content\/uploads\/sites\/4\/2026\/02\/lX-Congreso-A.E.C.-el-Cancer-160-scaled.jpg'><img loading=\"lazy\" decoding=\"async\" width=\"768\" height=\"1024\" src=\"https:\/\/congresos.contraelcancer.es\/extremadura\/wp-content\/uploads\/sites\/4\/2026\/02\/lX-Congreso-A.E.C.-el-Cancer-160-768x1024.jpg\" class=\"attachment-large size-large\" alt=\"\" srcset=\"https:\/\/congresos.contraelcancer.es\/extremadura\/wp-content\/uploads\/sites\/4\/2026\/02\/lX-Congreso-A.E.C.-el-Cancer-160-768x1024.jpg 768w, https:\/\/congresos.contraelcancer.es\/extremadura\/wp-content\/uploads\/sites\/4\/2026\/02\/lX-Congreso-A.E.C.-el-Cancer-160-225x300.jpg 225w, https:\/\/congresos.contraelcancer.es\/extremadura\/wp-content\/uploads\/sites\/4\/2026\/02\/lX-Congreso-A.E.C.-el-Cancer-160-56x75.jpg 56w, https:\/\/congresos.contraelcancer.es\/extremadura\/wp-content\/uploads\/sites\/4\/2026\/02\/lX-Congreso-A.E.C.-el-Cancer-160-480x640.jpg 480w\" sizes=\"(max-width:767px) 480px, (max-width:768px) 100vw, 768px\" \/><\/a>\n\t\t\t\t<\/dt><\/div><\/dl><dl class='gallery-item'  data-title='lX Congreso A.E.C. el Cancer (161)' data-description=''><div class='gallery-item-wrapper'>\n\t\t\t\t<dt class='gallery-icon portrait'>\n\t\t\t\t\t<a href='https:\/\/congresos.contraelcancer.es\/extremadura\/wp-content\/uploads\/sites\/4\/2026\/02\/lX-Congreso-A.E.C.-el-Cancer-161-scaled.jpg'><img loading=\"lazy\" decoding=\"async\" width=\"768\" height=\"1024\" src=\"https:\/\/congresos.contraelcancer.es\/extremadura\/wp-content\/uploads\/sites\/4\/2026\/02\/lX-Congreso-A.E.C.-el-Cancer-161-768x1024.jpg\" class=\"attachment-large size-large\" alt=\"\" srcset=\"https:\/\/congresos.contraelcancer.es\/extremadura\/wp-content\/uploads\/sites\/4\/2026\/02\/lX-Congreso-A.E.C.-el-Cancer-161-768x1024.jpg 768w, https:\/\/congresos.contraelcancer.es\/extremadura\/wp-content\/uploads\/sites\/4\/2026\/02\/lX-Congreso-A.E.C.-el-Cancer-161-225x300.jpg 225w, https:\/\/congresos.contraelcancer.es\/extremadura\/wp-content\/uploads\/sites\/4\/2026\/02\/lX-Congreso-A.E.C.-el-Cancer-161-56x75.jpg 56w, https:\/\/congresos.contraelcancer.es\/extremadura\/wp-content\/uploads\/sites\/4\/2026\/02\/lX-Congreso-A.E.C.-el-Cancer-161-480x640.jpg 480w\" sizes=\"(max-width:767px) 480px, (max-width:768px) 100vw, 768px\" \/><\/a>\n\t\t\t\t<\/dt><\/div><\/dl><dl class='gallery-item'  data-title='lX Congreso A.E.C. el Cancer (162)' data-description=''><div class='gallery-item-wrapper'>\n\t\t\t\t<dt class='gallery-icon portrait'>\n\t\t\t\t\t<a href='https:\/\/congresos.contraelcancer.es\/extremadura\/wp-content\/uploads\/sites\/4\/2026\/02\/lX-Congreso-A.E.C.-el-Cancer-162-scaled.jpg'><img loading=\"lazy\" decoding=\"async\" width=\"768\" height=\"1024\" src=\"https:\/\/congresos.contraelcancer.es\/extremadura\/wp-content\/uploads\/sites\/4\/2026\/02\/lX-Congreso-A.E.C.-el-Cancer-162-768x1024.jpg\" class=\"attachment-large size-large\" alt=\"\" srcset=\"https:\/\/congresos.contraelcancer.es\/extremadura\/wp-content\/uploads\/sites\/4\/2026\/02\/lX-Congreso-A.E.C.-el-Cancer-162-768x1024.jpg 768w, https:\/\/congresos.contraelcancer.es\/extremadura\/wp-content\/uploads\/sites\/4\/2026\/02\/lX-Congreso-A.E.C.-el-Cancer-162-225x300.jpg 225w, https:\/\/congresos.contraelcancer.es\/extremadura\/wp-content\/uploads\/sites\/4\/2026\/02\/lX-Congreso-A.E.C.-el-Cancer-162-56x75.jpg 56w, https:\/\/congresos.contraelcancer.es\/extremadura\/wp-content\/uploads\/sites\/4\/2026\/02\/lX-Congreso-A.E.C.-el-Cancer-162-480x640.jpg 480w\" sizes=\"(max-width:767px) 480px, (max-width:768px) 100vw, 768px\" \/><\/a>\n\t\t\t\t<\/dt><\/div><\/dl><br style=\"clear: both\" \/><dl class='gallery-item'  data-title='lX Congreso A.E.C. el Cancer (163)' data-description=''><div class='gallery-item-wrapper'>\n\t\t\t\t<dt class='gallery-icon portrait'>\n\t\t\t\t\t<a href='https:\/\/congresos.contraelcancer.es\/extremadura\/wp-content\/uploads\/sites\/4\/2026\/02\/lX-Congreso-A.E.C.-el-Cancer-163-scaled.jpg'><img loading=\"lazy\" decoding=\"async\" width=\"768\" height=\"1024\" src=\"https:\/\/congresos.contraelcancer.es\/extremadura\/wp-content\/uploads\/sites\/4\/2026\/02\/lX-Congreso-A.E.C.-el-Cancer-163-768x1024.jpg\" class=\"attachment-large size-large\" alt=\"\" srcset=\"https:\/\/congresos.contraelcancer.es\/extremadura\/wp-content\/uploads\/sites\/4\/2026\/02\/lX-Congreso-A.E.C.-el-Cancer-163-768x1024.jpg 768w, https:\/\/congresos.contraelcancer.es\/extremadura\/wp-content\/uploads\/sites\/4\/2026\/02\/lX-Congreso-A.E.C.-el-Cancer-163-225x300.jpg 225w, https:\/\/congresos.contraelcancer.es\/extremadura\/wp-content\/uploads\/sites\/4\/2026\/02\/lX-Congreso-A.E.C.-el-Cancer-163-56x75.jpg 56w, https:\/\/congresos.contraelcancer.es\/extremadura\/wp-content\/uploads\/sites\/4\/2026\/02\/lX-Congreso-A.E.C.-el-Cancer-163-480x640.jpg 480w\" sizes=\"(max-width:767px) 480px, (max-width:768px) 100vw, 768px\" \/><\/a>\n\t\t\t\t<\/dt><\/div><\/dl><dl class='gallery-item'  data-title='lX Congreso A.E.C. el Cancer (164)' data-description=''><div class='gallery-item-wrapper'>\n\t\t\t\t<dt class='gallery-icon landscape'>\n\t\t\t\t\t<a href='https:\/\/congresos.contraelcancer.es\/extremadura\/wp-content\/uploads\/sites\/4\/2026\/02\/lX-Congreso-A.E.C.-el-Cancer-164-scaled.jpg'><img loading=\"lazy\" decoding=\"async\" width=\"1024\" height=\"768\" src=\"https:\/\/congresos.contraelcancer.es\/extremadura\/wp-content\/uploads\/sites\/4\/2026\/02\/lX-Congreso-A.E.C.-el-Cancer-164-1024x768.jpg\" class=\"attachment-large size-large\" alt=\"\" srcset=\"https:\/\/congresos.contraelcancer.es\/extremadura\/wp-content\/uploads\/sites\/4\/2026\/02\/lX-Congreso-A.E.C.-el-Cancer-164-1024x768.jpg 1024w, https:\/\/congresos.contraelcancer.es\/extremadura\/wp-content\/uploads\/sites\/4\/2026\/02\/lX-Congreso-A.E.C.-el-Cancer-164-300x225.jpg 300w, https:\/\/congresos.contraelcancer.es\/extremadura\/wp-content\/uploads\/sites\/4\/2026\/02\/lX-Congreso-A.E.C.-el-Cancer-164-768x576.jpg 768w, https:\/\/congresos.contraelcancer.es\/extremadura\/wp-content\/uploads\/sites\/4\/2026\/02\/lX-Congreso-A.E.C.-el-Cancer-164-100x75.jpg 100w, https:\/\/congresos.contraelcancer.es\/extremadura\/wp-content\/uploads\/sites\/4\/2026\/02\/lX-Congreso-A.E.C.-el-Cancer-164-480x360.jpg 480w\" sizes=\"(max-width:767px) 480px, (max-width:1024px) 100vw, 1024px\" \/><\/a>\n\t\t\t\t<\/dt><\/div><\/dl><dl class='gallery-item'  data-title='lX Congreso A.E.C. el Cancer (166)' data-description=''><div class='gallery-item-wrapper'>\n\t\t\t\t<dt class='gallery-icon portrait'>\n\t\t\t\t\t<a href='https:\/\/congresos.contraelcancer.es\/extremadura\/wp-content\/uploads\/sites\/4\/2026\/02\/lX-Congreso-A.E.C.-el-Cancer-166-scaled.jpg'><img loading=\"lazy\" decoding=\"async\" width=\"959\" height=\"1024\" src=\"https:\/\/congresos.contraelcancer.es\/extremadura\/wp-content\/uploads\/sites\/4\/2026\/02\/lX-Congreso-A.E.C.-el-Cancer-166-959x1024.jpg\" class=\"attachment-large size-large\" alt=\"\" srcset=\"https:\/\/congresos.contraelcancer.es\/extremadura\/wp-content\/uploads\/sites\/4\/2026\/02\/lX-Congreso-A.E.C.-el-Cancer-166-959x1024.jpg 959w, https:\/\/congresos.contraelcancer.es\/extremadura\/wp-content\/uploads\/sites\/4\/2026\/02\/lX-Congreso-A.E.C.-el-Cancer-166-281x300.jpg 281w, https:\/\/congresos.contraelcancer.es\/extremadura\/wp-content\/uploads\/sites\/4\/2026\/02\/lX-Congreso-A.E.C.-el-Cancer-166-768x820.jpg 768w, https:\/\/congresos.contraelcancer.es\/extremadura\/wp-content\/uploads\/sites\/4\/2026\/02\/lX-Congreso-A.E.C.-el-Cancer-166-70x75.jpg 70w, https:\/\/congresos.contraelcancer.es\/extremadura\/wp-content\/uploads\/sites\/4\/2026\/02\/lX-Congreso-A.E.C.-el-Cancer-166-480x512.jpg 480w\" sizes=\"(max-width:767px) 480px, (max-width:959px) 100vw, 959px\" \/><\/a>\n\t\t\t\t<\/dt><\/div><\/dl><dl class='gallery-item'  data-title='lX Congreso A.E.C. el Cancer (167)' data-description=''><div class='gallery-item-wrapper'>\n\t\t\t\t<dt class='gallery-icon landscape'>\n\t\t\t\t\t<a href='https:\/\/congresos.contraelcancer.es\/extremadura\/wp-content\/uploads\/sites\/4\/2026\/02\/lX-Congreso-A.E.C.-el-Cancer-167-scaled.jpg'><img loading=\"lazy\" decoding=\"async\" width=\"1024\" height=\"768\" src=\"https:\/\/congresos.contraelcancer.es\/extremadura\/wp-content\/uploads\/sites\/4\/2026\/02\/lX-Congreso-A.E.C.-el-Cancer-167-1024x768.jpg\" class=\"attachment-large size-large\" alt=\"\" srcset=\"https:\/\/congresos.contraelcancer.es\/extremadura\/wp-content\/uploads\/sites\/4\/2026\/02\/lX-Congreso-A.E.C.-el-Cancer-167-1024x768.jpg 1024w, https:\/\/congresos.contraelcancer.es\/extremadura\/wp-content\/uploads\/sites\/4\/2026\/02\/lX-Congreso-A.E.C.-el-Cancer-167-300x225.jpg 300w, https:\/\/congresos.contraelcancer.es\/extremadura\/wp-content\/uploads\/sites\/4\/2026\/02\/lX-Congreso-A.E.C.-el-Cancer-167-768x576.jpg 768w, https:\/\/congresos.contraelcancer.es\/extremadura\/wp-content\/uploads\/sites\/4\/2026\/02\/lX-Congreso-A.E.C.-el-Cancer-167-100x75.jpg 100w, https:\/\/congresos.contraelcancer.es\/extremadura\/wp-content\/uploads\/sites\/4\/2026\/02\/lX-Congreso-A.E.C.-el-Cancer-167-480x360.jpg 480w\" sizes=\"(max-width:767px) 480px, (max-width:1024px) 100vw, 1024px\" \/><\/a>\n\t\t\t\t<\/dt><\/div><\/dl><br style=\"clear: both\" \/><dl class='gallery-item'  data-title='lX Congreso A.E.C. el Cancer (168)' data-description=''><div class='gallery-item-wrapper'>\n\t\t\t\t<dt class='gallery-icon landscape'>\n\t\t\t\t\t<a href='https:\/\/congresos.contraelcancer.es\/extremadura\/wp-content\/uploads\/sites\/4\/2026\/02\/lX-Congreso-A.E.C.-el-Cancer-168-scaled.jpg'><img loading=\"lazy\" decoding=\"async\" width=\"1024\" height=\"768\" src=\"https:\/\/congresos.contraelcancer.es\/extremadura\/wp-content\/uploads\/sites\/4\/2026\/02\/lX-Congreso-A.E.C.-el-Cancer-168-1024x768.jpg\" class=\"attachment-large size-large\" alt=\"\" srcset=\"https:\/\/congresos.contraelcancer.es\/extremadura\/wp-content\/uploads\/sites\/4\/2026\/02\/lX-Congreso-A.E.C.-el-Cancer-168-1024x768.jpg 1024w, https:\/\/congresos.contraelcancer.es\/extremadura\/wp-content\/uploads\/sites\/4\/2026\/02\/lX-Congreso-A.E.C.-el-Cancer-168-300x225.jpg 300w, https:\/\/congresos.contraelcancer.es\/extremadura\/wp-content\/uploads\/sites\/4\/2026\/02\/lX-Congreso-A.E.C.-el-Cancer-168-768x576.jpg 768w, https:\/\/congresos.contraelcancer.es\/extremadura\/wp-content\/uploads\/sites\/4\/2026\/02\/lX-Congreso-A.E.C.-el-Cancer-168-100x75.jpg 100w, https:\/\/congresos.contraelcancer.es\/extremadura\/wp-content\/uploads\/sites\/4\/2026\/02\/lX-Congreso-A.E.C.-el-Cancer-168-480x360.jpg 480w\" sizes=\"(max-width:767px) 480px, (max-width:1024px) 100vw, 1024px\" \/><\/a>\n\t\t\t\t<\/dt><\/div><\/dl><dl class='gallery-item'  data-title='lX Congreso A.E.C. el Cancer (169)' data-description=''><div class='gallery-item-wrapper'>\n\t\t\t\t<dt class='gallery-icon landscape'>\n\t\t\t\t\t<a href='https:\/\/congresos.contraelcancer.es\/extremadura\/wp-content\/uploads\/sites\/4\/2026\/02\/lX-Congreso-A.E.C.-el-Cancer-169-scaled.jpg'><img loading=\"lazy\" decoding=\"async\" width=\"1024\" height=\"768\" src=\"https:\/\/congresos.contraelcancer.es\/extremadura\/wp-content\/uploads\/sites\/4\/2026\/02\/lX-Congreso-A.E.C.-el-Cancer-169-1024x768.jpg\" class=\"attachment-large size-large\" alt=\"\" srcset=\"https:\/\/congresos.contraelcancer.es\/extremadura\/wp-content\/uploads\/sites\/4\/2026\/02\/lX-Congreso-A.E.C.-el-Cancer-169-1024x768.jpg 1024w, https:\/\/congresos.contraelcancer.es\/extremadura\/wp-content\/uploads\/sites\/4\/2026\/02\/lX-Congreso-A.E.C.-el-Cancer-169-300x225.jpg 300w, https:\/\/congresos.contraelcancer.es\/extremadura\/wp-content\/uploads\/sites\/4\/2026\/02\/lX-Congreso-A.E.C.-el-Cancer-169-768x576.jpg 768w, https:\/\/congresos.contraelcancer.es\/extremadura\/wp-content\/uploads\/sites\/4\/2026\/02\/lX-Congreso-A.E.C.-el-Cancer-169-100x75.jpg 100w, https:\/\/congresos.contraelcancer.es\/extremadura\/wp-content\/uploads\/sites\/4\/2026\/02\/lX-Congreso-A.E.C.-el-Cancer-169-480x360.jpg 480w\" sizes=\"(max-width:767px) 480px, (max-width:1024px) 100vw, 1024px\" \/><\/a>\n\t\t\t\t<\/dt><\/div><\/dl><dl class='gallery-item'  data-title='lX Congreso A.E.C. el Cancer (170)' data-description=''><div class='gallery-item-wrapper'>\n\t\t\t\t<dt class='gallery-icon landscape'>\n\t\t\t\t\t<a href='https:\/\/congresos.contraelcancer.es\/extremadura\/wp-content\/uploads\/sites\/4\/2026\/02\/lX-Congreso-A.E.C.-el-Cancer-170-scaled.jpg'><img loading=\"lazy\" decoding=\"async\" width=\"1024\" height=\"768\" src=\"https:\/\/congresos.contraelcancer.es\/extremadura\/wp-content\/uploads\/sites\/4\/2026\/02\/lX-Congreso-A.E.C.-el-Cancer-170-1024x768.jpg\" class=\"attachment-large size-large\" alt=\"\" srcset=\"https:\/\/congresos.contraelcancer.es\/extremadura\/wp-content\/uploads\/sites\/4\/2026\/02\/lX-Congreso-A.E.C.-el-Cancer-170-1024x768.jpg 1024w, https:\/\/congresos.contraelcancer.es\/extremadura\/wp-content\/uploads\/sites\/4\/2026\/02\/lX-Congreso-A.E.C.-el-Cancer-170-300x225.jpg 300w, https:\/\/congresos.contraelcancer.es\/extremadura\/wp-content\/uploads\/sites\/4\/2026\/02\/lX-Congreso-A.E.C.-el-Cancer-170-768x576.jpg 768w, https:\/\/congresos.contraelcancer.es\/extremadura\/wp-content\/uploads\/sites\/4\/2026\/02\/lX-Congreso-A.E.C.-el-Cancer-170-100x75.jpg 100w, https:\/\/congresos.contraelcancer.es\/extremadura\/wp-content\/uploads\/sites\/4\/2026\/02\/lX-Congreso-A.E.C.-el-Cancer-170-480x360.jpg 480w\" sizes=\"(max-width:767px) 480px, (max-width:1024px) 100vw, 1024px\" \/><\/a>\n\t\t\t\t<\/dt><\/div><\/dl><dl class='gallery-item'  data-title='lX Congreso A.E.C. el Cancer (171)' data-description=''><div class='gallery-item-wrapper'>\n\t\t\t\t<dt class='gallery-icon portrait'>\n\t\t\t\t\t<a href='https:\/\/congresos.contraelcancer.es\/extremadura\/wp-content\/uploads\/sites\/4\/2026\/02\/lX-Congreso-A.E.C.-el-Cancer-171-scaled.jpg'><img loading=\"lazy\" decoding=\"async\" width=\"768\" height=\"1024\" src=\"https:\/\/congresos.contraelcancer.es\/extremadura\/wp-content\/uploads\/sites\/4\/2026\/02\/lX-Congreso-A.E.C.-el-Cancer-171-768x1024.jpg\" class=\"attachment-large size-large\" alt=\"\" srcset=\"https:\/\/congresos.contraelcancer.es\/extremadura\/wp-content\/uploads\/sites\/4\/2026\/02\/lX-Congreso-A.E.C.-el-Cancer-171-768x1024.jpg 768w, https:\/\/congresos.contraelcancer.es\/extremadura\/wp-content\/uploads\/sites\/4\/2026\/02\/lX-Congreso-A.E.C.-el-Cancer-171-225x300.jpg 225w, https:\/\/congresos.contraelcancer.es\/extremadura\/wp-content\/uploads\/sites\/4\/2026\/02\/lX-Congreso-A.E.C.-el-Cancer-171-56x75.jpg 56w, https:\/\/congresos.contraelcancer.es\/extremadura\/wp-content\/uploads\/sites\/4\/2026\/02\/lX-Congreso-A.E.C.-el-Cancer-171-480x640.jpg 480w\" sizes=\"(max-width:767px) 480px, (max-width:768px) 100vw, 768px\" \/><\/a>\n\t\t\t\t<\/dt><\/div><\/dl><br style=\"clear: both\" \/><dl class='gallery-item'  data-title='lX Congreso A.E.C. el Cancer (172)' data-description=''><div class='gallery-item-wrapper'>\n\t\t\t\t<dt class='gallery-icon portrait'>\n\t\t\t\t\t<a href='https:\/\/congresos.contraelcancer.es\/extremadura\/wp-content\/uploads\/sites\/4\/2026\/02\/lX-Congreso-A.E.C.-el-Cancer-172-scaled.jpg'><img loading=\"lazy\" decoding=\"async\" width=\"768\" height=\"1024\" src=\"https:\/\/congresos.contraelcancer.es\/extremadura\/wp-content\/uploads\/sites\/4\/2026\/02\/lX-Congreso-A.E.C.-el-Cancer-172-768x1024.jpg\" class=\"attachment-large size-large\" alt=\"\" srcset=\"https:\/\/congresos.contraelcancer.es\/extremadura\/wp-content\/uploads\/sites\/4\/2026\/02\/lX-Congreso-A.E.C.-el-Cancer-172-768x1024.jpg 768w, https:\/\/congresos.contraelcancer.es\/extremadura\/wp-content\/uploads\/sites\/4\/2026\/02\/lX-Congreso-A.E.C.-el-Cancer-172-225x300.jpg 225w, https:\/\/congresos.contraelcancer.es\/extremadura\/wp-content\/uploads\/sites\/4\/2026\/02\/lX-Congreso-A.E.C.-el-Cancer-172-56x75.jpg 56w, https:\/\/congresos.contraelcancer.es\/extremadura\/wp-content\/uploads\/sites\/4\/2026\/02\/lX-Congreso-A.E.C.-el-Cancer-172-480x640.jpg 480w\" sizes=\"(max-width:767px) 480px, (max-width:768px) 100vw, 768px\" \/><\/a>\n\t\t\t\t<\/dt><\/div><\/dl><dl class='gallery-item'  data-title='lX Congreso A.E.C. el Cancer (173)' data-description=''><div class='gallery-item-wrapper'>\n\t\t\t\t<dt class='gallery-icon portrait'>\n\t\t\t\t\t<a href='https:\/\/congresos.contraelcancer.es\/extremadura\/wp-content\/uploads\/sites\/4\/2026\/02\/lX-Congreso-A.E.C.-el-Cancer-173-scaled.jpg'><img loading=\"lazy\" decoding=\"async\" width=\"768\" height=\"1024\" src=\"https:\/\/congresos.contraelcancer.es\/extremadura\/wp-content\/uploads\/sites\/4\/2026\/02\/lX-Congreso-A.E.C.-el-Cancer-173-768x1024.jpg\" class=\"attachment-large size-large\" alt=\"\" srcset=\"https:\/\/congresos.contraelcancer.es\/extremadura\/wp-content\/uploads\/sites\/4\/2026\/02\/lX-Congreso-A.E.C.-el-Cancer-173-768x1024.jpg 768w, https:\/\/congresos.contraelcancer.es\/extremadura\/wp-content\/uploads\/sites\/4\/2026\/02\/lX-Congreso-A.E.C.-el-Cancer-173-225x300.jpg 225w, https:\/\/congresos.contraelcancer.es\/extremadura\/wp-content\/uploads\/sites\/4\/2026\/02\/lX-Congreso-A.E.C.-el-Cancer-173-56x75.jpg 56w, https:\/\/congresos.contraelcancer.es\/extremadura\/wp-content\/uploads\/sites\/4\/2026\/02\/lX-Congreso-A.E.C.-el-Cancer-173-480x640.jpg 480w\" sizes=\"(max-width:767px) 480px, (max-width:768px) 100vw, 768px\" \/><\/a>\n\t\t\t\t<\/dt><\/div><\/dl><dl class='gallery-item'  data-title='lX Congreso A.E.C. el Cancer (174)' data-description=''><div class='gallery-item-wrapper'>\n\t\t\t\t<dt class='gallery-icon portrait'>\n\t\t\t\t\t<a href='https:\/\/congresos.contraelcancer.es\/extremadura\/wp-content\/uploads\/sites\/4\/2026\/02\/lX-Congreso-A.E.C.-el-Cancer-174-scaled.jpg'><img loading=\"lazy\" decoding=\"async\" width=\"768\" height=\"1024\" src=\"https:\/\/congresos.contraelcancer.es\/extremadura\/wp-content\/uploads\/sites\/4\/2026\/02\/lX-Congreso-A.E.C.-el-Cancer-174-768x1024.jpg\" class=\"attachment-large size-large\" alt=\"\" srcset=\"https:\/\/congresos.contraelcancer.es\/extremadura\/wp-content\/uploads\/sites\/4\/2026\/02\/lX-Congreso-A.E.C.-el-Cancer-174-768x1024.jpg 768w, https:\/\/congresos.contraelcancer.es\/extremadura\/wp-content\/uploads\/sites\/4\/2026\/02\/lX-Congreso-A.E.C.-el-Cancer-174-225x300.jpg 225w, https:\/\/congresos.contraelcancer.es\/extremadura\/wp-content\/uploads\/sites\/4\/2026\/02\/lX-Congreso-A.E.C.-el-Cancer-174-56x75.jpg 56w, https:\/\/congresos.contraelcancer.es\/extremadura\/wp-content\/uploads\/sites\/4\/2026\/02\/lX-Congreso-A.E.C.-el-Cancer-174-480x640.jpg 480w\" sizes=\"(max-width:767px) 480px, (max-width:768px) 100vw, 768px\" \/><\/a>\n\t\t\t\t<\/dt><\/div><\/dl><dl class='gallery-item'  data-title='lX Congreso A.E.C. el Cancer (175)' data-description=''><div class='gallery-item-wrapper'>\n\t\t\t\t<dt class='gallery-icon portrait'>\n\t\t\t\t\t<a href='https:\/\/congresos.contraelcancer.es\/extremadura\/wp-content\/uploads\/sites\/4\/2026\/02\/lX-Congreso-A.E.C.-el-Cancer-175-scaled.jpg'><img loading=\"lazy\" decoding=\"async\" width=\"768\" height=\"1024\" src=\"https:\/\/congresos.contraelcancer.es\/extremadura\/wp-content\/uploads\/sites\/4\/2026\/02\/lX-Congreso-A.E.C.-el-Cancer-175-768x1024.jpg\" class=\"attachment-large size-large\" alt=\"\" srcset=\"https:\/\/congresos.contraelcancer.es\/extremadura\/wp-content\/uploads\/sites\/4\/2026\/02\/lX-Congreso-A.E.C.-el-Cancer-175-768x1024.jpg 768w, https:\/\/congresos.contraelcancer.es\/extremadura\/wp-content\/uploads\/sites\/4\/2026\/02\/lX-Congreso-A.E.C.-el-Cancer-175-225x300.jpg 225w, https:\/\/congresos.contraelcancer.es\/extremadura\/wp-content\/uploads\/sites\/4\/2026\/02\/lX-Congreso-A.E.C.-el-Cancer-175-56x75.jpg 56w, https:\/\/congresos.contraelcancer.es\/extremadura\/wp-content\/uploads\/sites\/4\/2026\/02\/lX-Congreso-A.E.C.-el-Cancer-175-480x640.jpg 480w\" sizes=\"(max-width:767px) 480px, (max-width:768px) 100vw, 768px\" \/><\/a>\n\t\t\t\t<\/dt><\/div><\/dl><br style=\"clear: both\" \/><dl class='gallery-item'  data-title='lX Congreso A.E.C. el Cancer (176)' data-description=''><div class='gallery-item-wrapper'>\n\t\t\t\t<dt class='gallery-icon landscape'>\n\t\t\t\t\t<a href='https:\/\/congresos.contraelcancer.es\/extremadura\/wp-content\/uploads\/sites\/4\/2026\/02\/lX-Congreso-A.E.C.-el-Cancer-176-scaled.jpg'><img loading=\"lazy\" decoding=\"async\" width=\"1024\" height=\"768\" src=\"https:\/\/congresos.contraelcancer.es\/extremadura\/wp-content\/uploads\/sites\/4\/2026\/02\/lX-Congreso-A.E.C.-el-Cancer-176-1024x768.jpg\" class=\"attachment-large size-large\" alt=\"\" srcset=\"https:\/\/congresos.contraelcancer.es\/extremadura\/wp-content\/uploads\/sites\/4\/2026\/02\/lX-Congreso-A.E.C.-el-Cancer-176-1024x768.jpg 1024w, https:\/\/congresos.contraelcancer.es\/extremadura\/wp-content\/uploads\/sites\/4\/2026\/02\/lX-Congreso-A.E.C.-el-Cancer-176-300x225.jpg 300w, https:\/\/congresos.contraelcancer.es\/extremadura\/wp-content\/uploads\/sites\/4\/2026\/02\/lX-Congreso-A.E.C.-el-Cancer-176-768x576.jpg 768w, https:\/\/congresos.contraelcancer.es\/extremadura\/wp-content\/uploads\/sites\/4\/2026\/02\/lX-Congreso-A.E.C.-el-Cancer-176-100x75.jpg 100w, https:\/\/congresos.contraelcancer.es\/extremadura\/wp-content\/uploads\/sites\/4\/2026\/02\/lX-Congreso-A.E.C.-el-Cancer-176-480x360.jpg 480w\" sizes=\"(max-width:767px) 480px, (max-width:1024px) 100vw, 1024px\" \/><\/a>\n\t\t\t\t<\/dt><\/div><\/dl><dl class='gallery-item'  data-title='lX Congreso A.E.C. el Cancer (179)' data-description=''><div class='gallery-item-wrapper'>\n\t\t\t\t<dt class='gallery-icon portrait'>\n\t\t\t\t\t<a href='https:\/\/congresos.contraelcancer.es\/extremadura\/wp-content\/uploads\/sites\/4\/2026\/02\/lX-Congreso-A.E.C.-el-Cancer-179-scaled.jpg'><img loading=\"lazy\" decoding=\"async\" width=\"512\" height=\"1024\" src=\"https:\/\/congresos.contraelcancer.es\/extremadura\/wp-content\/uploads\/sites\/4\/2026\/02\/lX-Congreso-A.E.C.-el-Cancer-179-512x1024.jpg\" class=\"attachment-large size-large\" alt=\"\" srcset=\"https:\/\/congresos.contraelcancer.es\/extremadura\/wp-content\/uploads\/sites\/4\/2026\/02\/lX-Congreso-A.E.C.-el-Cancer-179-512x1024.jpg 512w, https:\/\/congresos.contraelcancer.es\/extremadura\/wp-content\/uploads\/sites\/4\/2026\/02\/lX-Congreso-A.E.C.-el-Cancer-179-150x300.jpg 150w, https:\/\/congresos.contraelcancer.es\/extremadura\/wp-content\/uploads\/sites\/4\/2026\/02\/lX-Congreso-A.E.C.-el-Cancer-179-38x75.jpg 38w, https:\/\/congresos.contraelcancer.es\/extremadura\/wp-content\/uploads\/sites\/4\/2026\/02\/lX-Congreso-A.E.C.-el-Cancer-179-480x960.jpg 480w\" sizes=\"(max-width:767px) 480px, 512px\" \/><\/a>\n\t\t\t\t<\/dt><\/div><\/dl><dl class='gallery-item'  data-title='lX Congreso A.E.C. el Cancer (183)' data-description=''><div class='gallery-item-wrapper'>\n\t\t\t\t<dt class='gallery-icon portrait'>\n\t\t\t\t\t<a href='https:\/\/congresos.contraelcancer.es\/extremadura\/wp-content\/uploads\/sites\/4\/2026\/02\/lX-Congreso-A.E.C.-el-Cancer-183-scaled.jpg'><img loading=\"lazy\" decoding=\"async\" width=\"768\" height=\"1024\" src=\"https:\/\/congresos.contraelcancer.es\/extremadura\/wp-content\/uploads\/sites\/4\/2026\/02\/lX-Congreso-A.E.C.-el-Cancer-183-768x1024.jpg\" class=\"attachment-large size-large\" alt=\"\" srcset=\"https:\/\/congresos.contraelcancer.es\/extremadura\/wp-content\/uploads\/sites\/4\/2026\/02\/lX-Congreso-A.E.C.-el-Cancer-183-768x1024.jpg 768w, https:\/\/congresos.contraelcancer.es\/extremadura\/wp-content\/uploads\/sites\/4\/2026\/02\/lX-Congreso-A.E.C.-el-Cancer-183-225x300.jpg 225w, https:\/\/congresos.contraelcancer.es\/extremadura\/wp-content\/uploads\/sites\/4\/2026\/02\/lX-Congreso-A.E.C.-el-Cancer-183-56x75.jpg 56w, https:\/\/congresos.contraelcancer.es\/extremadura\/wp-content\/uploads\/sites\/4\/2026\/02\/lX-Congreso-A.E.C.-el-Cancer-183-480x640.jpg 480w\" sizes=\"(max-width:767px) 480px, (max-width:768px) 100vw, 768px\" \/><\/a>\n\t\t\t\t<\/dt><\/div><\/dl><dl class='gallery-item'  data-title='lX Congreso A.E.C. el Cancer (184)' data-description=''><div class='gallery-item-wrapper'>\n\t\t\t\t<dt class='gallery-icon portrait'>\n\t\t\t\t\t<a href='https:\/\/congresos.contraelcancer.es\/extremadura\/wp-content\/uploads\/sites\/4\/2026\/02\/lX-Congreso-A.E.C.-el-Cancer-184-scaled.jpg'><img loading=\"lazy\" decoding=\"async\" width=\"768\" height=\"1024\" src=\"https:\/\/congresos.contraelcancer.es\/extremadura\/wp-content\/uploads\/sites\/4\/2026\/02\/lX-Congreso-A.E.C.-el-Cancer-184-768x1024.jpg\" class=\"attachment-large size-large\" alt=\"\" srcset=\"https:\/\/congresos.contraelcancer.es\/extremadura\/wp-content\/uploads\/sites\/4\/2026\/02\/lX-Congreso-A.E.C.-el-Cancer-184-768x1024.jpg 768w, https:\/\/congresos.contraelcancer.es\/extremadura\/wp-content\/uploads\/sites\/4\/2026\/02\/lX-Congreso-A.E.C.-el-Cancer-184-225x300.jpg 225w, https:\/\/congresos.contraelcancer.es\/extremadura\/wp-content\/uploads\/sites\/4\/2026\/02\/lX-Congreso-A.E.C.-el-Cancer-184-56x75.jpg 56w, https:\/\/congresos.contraelcancer.es\/extremadura\/wp-content\/uploads\/sites\/4\/2026\/02\/lX-Congreso-A.E.C.-el-Cancer-184-480x640.jpg 480w\" sizes=\"(max-width:767px) 480px, (max-width:768px) 100vw, 768px\" \/><\/a>\n\t\t\t\t<\/dt><\/div><\/dl><br style=\"clear: both\" \/><dl class='gallery-item'  data-title='lX Congreso A.E.C. el Cancer (185)' data-description=''><div class='gallery-item-wrapper'>\n\t\t\t\t<dt class='gallery-icon portrait'>\n\t\t\t\t\t<a href='https:\/\/congresos.contraelcancer.es\/extremadura\/wp-content\/uploads\/sites\/4\/2026\/02\/lX-Congreso-A.E.C.-el-Cancer-185-scaled.jpg'><img loading=\"lazy\" decoding=\"async\" width=\"768\" height=\"1024\" src=\"https:\/\/congresos.contraelcancer.es\/extremadura\/wp-content\/uploads\/sites\/4\/2026\/02\/lX-Congreso-A.E.C.-el-Cancer-185-768x1024.jpg\" class=\"attachment-large size-large\" alt=\"\" srcset=\"https:\/\/congresos.contraelcancer.es\/extremadura\/wp-content\/uploads\/sites\/4\/2026\/02\/lX-Congreso-A.E.C.-el-Cancer-185-768x1024.jpg 768w, https:\/\/congresos.contraelcancer.es\/extremadura\/wp-content\/uploads\/sites\/4\/2026\/02\/lX-Congreso-A.E.C.-el-Cancer-185-225x300.jpg 225w, https:\/\/congresos.contraelcancer.es\/extremadura\/wp-content\/uploads\/sites\/4\/2026\/02\/lX-Congreso-A.E.C.-el-Cancer-185-56x75.jpg 56w, https:\/\/congresos.contraelcancer.es\/extremadura\/wp-content\/uploads\/sites\/4\/2026\/02\/lX-Congreso-A.E.C.-el-Cancer-185-480x640.jpg 480w\" sizes=\"(max-width:767px) 480px, (max-width:768px) 100vw, 768px\" \/><\/a>\n\t\t\t\t<\/dt><\/div><\/dl><dl class='gallery-item'  data-title='IX Congreso Extreme\u00f1o de personas con c\u00e1ncer y sus familiares' data-description=''><div class='gallery-item-wrapper'>\n\t\t\t\t<dt class='gallery-icon landscape'>\n\t\t\t\t\t<a href='https:\/\/congresos.contraelcancer.es\/extremadura\/wp-content\/uploads\/sites\/4\/2026\/02\/IX-Congreso-Extremeno-de-Personas-con-Cancer-AECC-000.jpg'><img loading=\"lazy\" decoding=\"async\" width=\"1024\" height=\"683\" src=\"https:\/\/congresos.contraelcancer.es\/extremadura\/wp-content\/uploads\/sites\/4\/2026\/02\/IX-Congreso-Extremeno-de-Personas-con-Cancer-AECC-000-1024x683.jpg\" class=\"attachment-large size-large\" alt=\"\" srcset=\"https:\/\/congresos.contraelcancer.es\/extremadura\/wp-content\/uploads\/sites\/4\/2026\/02\/IX-Congreso-Extremeno-de-Personas-con-Cancer-AECC-000-1024x683.jpg 1024w, https:\/\/congresos.contraelcancer.es\/extremadura\/wp-content\/uploads\/sites\/4\/2026\/02\/IX-Congreso-Extremeno-de-Personas-con-Cancer-AECC-000-300x200.jpg 300w, https:\/\/congresos.contraelcancer.es\/extremadura\/wp-content\/uploads\/sites\/4\/2026\/02\/IX-Congreso-Extremeno-de-Personas-con-Cancer-AECC-000-768x512.jpg 768w, https:\/\/congresos.contraelcancer.es\/extremadura\/wp-content\/uploads\/sites\/4\/2026\/02\/IX-Congreso-Extremeno-de-Personas-con-Cancer-AECC-000-112x75.jpg 112w, https:\/\/congresos.contraelcancer.es\/extremadura\/wp-content\/uploads\/sites\/4\/2026\/02\/IX-Congreso-Extremeno-de-Personas-con-Cancer-AECC-000-480x320.jpg 480w\" sizes=\"(max-width:767px) 480px, (max-width:1024px) 100vw, 1024px\" \/><\/a>\n\t\t\t\t<\/dt>\n\t\t\t\t\t<dd class='wp-caption-text gallery-caption'>\n\t\t\t\t\tIX Congreso Extreme\u00f1o de personas con c\u00e1ncer y sus familiares\n\t\t\t\t\t<\/dd><\/div><\/dl><dl class='gallery-item'  data-title='IX Congreso Extreme\u00f1o de personas con c\u00e1ncer y sus familiares' data-description=''><div class='gallery-item-wrapper'>\n\t\t\t\t<dt class='gallery-icon landscape'>\n\t\t\t\t\t<a href='https:\/\/congresos.contraelcancer.es\/extremadura\/wp-content\/uploads\/sites\/4\/2026\/02\/IX-Congreso-Extremeno-de-Personas-con-Cancer-AECC-1.jpg'><img loading=\"lazy\" decoding=\"async\" width=\"1024\" height=\"683\" src=\"https:\/\/congresos.contraelcancer.es\/extremadura\/wp-content\/uploads\/sites\/4\/2026\/02\/IX-Congreso-Extremeno-de-Personas-con-Cancer-AECC-1-1024x683.jpg\" class=\"attachment-large size-large\" alt=\"\" srcset=\"https:\/\/congresos.contraelcancer.es\/extremadura\/wp-content\/uploads\/sites\/4\/2026\/02\/IX-Congreso-Extremeno-de-Personas-con-Cancer-AECC-1-1024x683.jpg 1024w, https:\/\/congresos.contraelcancer.es\/extremadura\/wp-content\/uploads\/sites\/4\/2026\/02\/IX-Congreso-Extremeno-de-Personas-con-Cancer-AECC-1-300x200.jpg 300w, https:\/\/congresos.contraelcancer.es\/extremadura\/wp-content\/uploads\/sites\/4\/2026\/02\/IX-Congreso-Extremeno-de-Personas-con-Cancer-AECC-1-768x512.jpg 768w, https:\/\/congresos.contraelcancer.es\/extremadura\/wp-content\/uploads\/sites\/4\/2026\/02\/IX-Congreso-Extremeno-de-Personas-con-Cancer-AECC-1-112x75.jpg 112w, https:\/\/congresos.contraelcancer.es\/extremadura\/wp-content\/uploads\/sites\/4\/2026\/02\/IX-Congreso-Extremeno-de-Personas-con-Cancer-AECC-1-480x320.jpg 480w\" sizes=\"(max-width:767px) 480px, (max-width:1024px) 100vw, 1024px\" \/><\/a>\n\t\t\t\t<\/dt>\n\t\t\t\t\t<dd class='wp-caption-text gallery-caption'>\n\t\t\t\t\tIX Congreso Extreme\u00f1o de personas con c\u00e1ncer y sus familiares\n\t\t\t\t\t<\/dd><\/div><\/dl><dl class='gallery-item'  data-title='IX Congreso Extreme\u00f1o de personas con c\u00e1ncer y sus familiares' data-description=''><div class='gallery-item-wrapper'>\n\t\t\t\t<dt class='gallery-icon landscape'>\n\t\t\t\t\t<a href='https:\/\/congresos.contraelcancer.es\/extremadura\/wp-content\/uploads\/sites\/4\/2026\/02\/IX-Congreso-Extremeno-de-Personas-con-Cancer-AECC-2.jpg'><img loading=\"lazy\" decoding=\"async\" width=\"1024\" height=\"683\" src=\"https:\/\/congresos.contraelcancer.es\/extremadura\/wp-content\/uploads\/sites\/4\/2026\/02\/IX-Congreso-Extremeno-de-Personas-con-Cancer-AECC-2-1024x683.jpg\" class=\"attachment-large size-large\" alt=\"\" srcset=\"https:\/\/congresos.contraelcancer.es\/extremadura\/wp-content\/uploads\/sites\/4\/2026\/02\/IX-Congreso-Extremeno-de-Personas-con-Cancer-AECC-2-1024x683.jpg 1024w, https:\/\/congresos.contraelcancer.es\/extremadura\/wp-content\/uploads\/sites\/4\/2026\/02\/IX-Congreso-Extremeno-de-Personas-con-Cancer-AECC-2-300x200.jpg 300w, https:\/\/congresos.contraelcancer.es\/extremadura\/wp-content\/uploads\/sites\/4\/2026\/02\/IX-Congreso-Extremeno-de-Personas-con-Cancer-AECC-2-768x512.jpg 768w, https:\/\/congresos.contraelcancer.es\/extremadura\/wp-content\/uploads\/sites\/4\/2026\/02\/IX-Congreso-Extremeno-de-Personas-con-Cancer-AECC-2-112x75.jpg 112w, https:\/\/congresos.contraelcancer.es\/extremadura\/wp-content\/uploads\/sites\/4\/2026\/02\/IX-Congreso-Extremeno-de-Personas-con-Cancer-AECC-2-480x320.jpg 480w\" sizes=\"(max-width:767px) 480px, (max-width:1024px) 100vw, 1024px\" \/><\/a>\n\t\t\t\t<\/dt>\n\t\t\t\t\t<dd class='wp-caption-text gallery-caption'>\n\t\t\t\t\tIX Congreso Extreme\u00f1o de personas con c\u00e1ncer y sus familiares\n\t\t\t\t\t<\/dd><\/div><\/dl><br style=\"clear: both\" \/><dl class='gallery-item'  data-title='IX Congreso Extreme\u00f1o de personas con c\u00e1ncer y sus familiares' data-description=''><div class='gallery-item-wrapper'>\n\t\t\t\t<dt class='gallery-icon landscape'>\n\t\t\t\t\t<a href='https:\/\/congresos.contraelcancer.es\/extremadura\/wp-content\/uploads\/sites\/4\/2026\/02\/IX-Congreso-Extremeno-de-Personas-con-Cancer-AECC-3.jpg'><img loading=\"lazy\" decoding=\"async\" width=\"1024\" height=\"683\" src=\"https:\/\/congresos.contraelcancer.es\/extremadura\/wp-content\/uploads\/sites\/4\/2026\/02\/IX-Congreso-Extremeno-de-Personas-con-Cancer-AECC-3-1024x683.jpg\" class=\"attachment-large size-large\" alt=\"\" srcset=\"https:\/\/congresos.contraelcancer.es\/extremadura\/wp-content\/uploads\/sites\/4\/2026\/02\/IX-Congreso-Extremeno-de-Personas-con-Cancer-AECC-3-1024x683.jpg 1024w, https:\/\/congresos.contraelcancer.es\/extremadura\/wp-content\/uploads\/sites\/4\/2026\/02\/IX-Congreso-Extremeno-de-Personas-con-Cancer-AECC-3-300x200.jpg 300w, https:\/\/congresos.contraelcancer.es\/extremadura\/wp-content\/uploads\/sites\/4\/2026\/02\/IX-Congreso-Extremeno-de-Personas-con-Cancer-AECC-3-768x512.jpg 768w, https:\/\/congresos.contraelcancer.es\/extremadura\/wp-content\/uploads\/sites\/4\/2026\/02\/IX-Congreso-Extremeno-de-Personas-con-Cancer-AECC-3-112x75.jpg 112w, https:\/\/congresos.contraelcancer.es\/extremadura\/wp-content\/uploads\/sites\/4\/2026\/02\/IX-Congreso-Extremeno-de-Personas-con-Cancer-AECC-3-480x320.jpg 480w\" sizes=\"(max-width:767px) 480px, (max-width:1024px) 100vw, 1024px\" \/><\/a>\n\t\t\t\t<\/dt>\n\t\t\t\t\t<dd class='wp-caption-text gallery-caption'>\n\t\t\t\t\tIX Congreso Extreme\u00f1o de personas con c\u00e1ncer y sus familiares\n\t\t\t\t\t<\/dd><\/div><\/dl><dl class='gallery-item'  data-title='IX Congreso Extreme\u00f1o de personas con c\u00e1ncer y sus familiares' data-description=''><div class='gallery-item-wrapper'>\n\t\t\t\t<dt class='gallery-icon landscape'>\n\t\t\t\t\t<a href='https:\/\/congresos.contraelcancer.es\/extremadura\/wp-content\/uploads\/sites\/4\/2026\/02\/IX-Congreso-Extremeno-de-Personas-con-Cancer-AECC-4.jpg'><img loading=\"lazy\" decoding=\"async\" width=\"1024\" height=\"683\" src=\"https:\/\/congresos.contraelcancer.es\/extremadura\/wp-content\/uploads\/sites\/4\/2026\/02\/IX-Congreso-Extremeno-de-Personas-con-Cancer-AECC-4-1024x683.jpg\" class=\"attachment-large size-large\" alt=\"\" srcset=\"https:\/\/congresos.contraelcancer.es\/extremadura\/wp-content\/uploads\/sites\/4\/2026\/02\/IX-Congreso-Extremeno-de-Personas-con-Cancer-AECC-4-1024x683.jpg 1024w, https:\/\/congresos.contraelcancer.es\/extremadura\/wp-content\/uploads\/sites\/4\/2026\/02\/IX-Congreso-Extremeno-de-Personas-con-Cancer-AECC-4-300x200.jpg 300w, https:\/\/congresos.contraelcancer.es\/extremadura\/wp-content\/uploads\/sites\/4\/2026\/02\/IX-Congreso-Extremeno-de-Personas-con-Cancer-AECC-4-768x512.jpg 768w, https:\/\/congresos.contraelcancer.es\/extremadura\/wp-content\/uploads\/sites\/4\/2026\/02\/IX-Congreso-Extremeno-de-Personas-con-Cancer-AECC-4-112x75.jpg 112w, https:\/\/congresos.contraelcancer.es\/extremadura\/wp-content\/uploads\/sites\/4\/2026\/02\/IX-Congreso-Extremeno-de-Personas-con-Cancer-AECC-4-480x320.jpg 480w\" sizes=\"(max-width:767px) 480px, (max-width:1024px) 100vw, 1024px\" \/><\/a>\n\t\t\t\t<\/dt>\n\t\t\t\t\t<dd class='wp-caption-text gallery-caption'>\n\t\t\t\t\tIX Congreso Extreme\u00f1o de personas con c\u00e1ncer y sus familiares\n\t\t\t\t\t<\/dd><\/div><\/dl><dl class='gallery-item'  data-title='IX Congreso Extreme\u00f1o de personas con c\u00e1ncer y sus familiares' data-description=''><div class='gallery-item-wrapper'>\n\t\t\t\t<dt class='gallery-icon landscape'>\n\t\t\t\t\t<a href='https:\/\/congresos.contraelcancer.es\/extremadura\/wp-content\/uploads\/sites\/4\/2026\/02\/IX-Congreso-Extremeno-de-Personas-con-Cancer-AECC-5.jpg'><img loading=\"lazy\" decoding=\"async\" width=\"1024\" height=\"683\" src=\"https:\/\/congresos.contraelcancer.es\/extremadura\/wp-content\/uploads\/sites\/4\/2026\/02\/IX-Congreso-Extremeno-de-Personas-con-Cancer-AECC-5-1024x683.jpg\" class=\"attachment-large size-large\" alt=\"\" srcset=\"https:\/\/congresos.contraelcancer.es\/extremadura\/wp-content\/uploads\/sites\/4\/2026\/02\/IX-Congreso-Extremeno-de-Personas-con-Cancer-AECC-5-1024x683.jpg 1024w, https:\/\/congresos.contraelcancer.es\/extremadura\/wp-content\/uploads\/sites\/4\/2026\/02\/IX-Congreso-Extremeno-de-Personas-con-Cancer-AECC-5-300x200.jpg 300w, https:\/\/congresos.contraelcancer.es\/extremadura\/wp-content\/uploads\/sites\/4\/2026\/02\/IX-Congreso-Extremeno-de-Personas-con-Cancer-AECC-5-768x512.jpg 768w, https:\/\/congresos.contraelcancer.es\/extremadura\/wp-content\/uploads\/sites\/4\/2026\/02\/IX-Congreso-Extremeno-de-Personas-con-Cancer-AECC-5-112x75.jpg 112w, https:\/\/congresos.contraelcancer.es\/extremadura\/wp-content\/uploads\/sites\/4\/2026\/02\/IX-Congreso-Extremeno-de-Personas-con-Cancer-AECC-5-480x320.jpg 480w\" sizes=\"(max-width:767px) 480px, (max-width:1024px) 100vw, 1024px\" \/><\/a>\n\t\t\t\t<\/dt>\n\t\t\t\t\t<dd class='wp-caption-text gallery-caption'>\n\t\t\t\t\tIX Congreso Extreme\u00f1o de personas con c\u00e1ncer y sus familiares\n\t\t\t\t\t<\/dd><\/div><\/dl><dl class='gallery-item'  data-title='IX Congreso Extreme\u00f1o de personas con c\u00e1ncer y sus familiares' data-description=''><div class='gallery-item-wrapper'>\n\t\t\t\t<dt class='gallery-icon landscape'>\n\t\t\t\t\t<a href='https:\/\/congresos.contraelcancer.es\/extremadura\/wp-content\/uploads\/sites\/4\/2026\/02\/IX-Congreso-Extremeno-de-Personas-con-Cancer-AECC-6.jpg'><img loading=\"lazy\" decoding=\"async\" width=\"1024\" height=\"683\" src=\"https:\/\/congresos.contraelcancer.es\/extremadura\/wp-content\/uploads\/sites\/4\/2026\/02\/IX-Congreso-Extremeno-de-Personas-con-Cancer-AECC-6-1024x683.jpg\" class=\"attachment-large size-large\" alt=\"\" srcset=\"https:\/\/congresos.contraelcancer.es\/extremadura\/wp-content\/uploads\/sites\/4\/2026\/02\/IX-Congreso-Extremeno-de-Personas-con-Cancer-AECC-6-1024x683.jpg 1024w, https:\/\/congresos.contraelcancer.es\/extremadura\/wp-content\/uploads\/sites\/4\/2026\/02\/IX-Congreso-Extremeno-de-Personas-con-Cancer-AECC-6-300x200.jpg 300w, https:\/\/congresos.contraelcancer.es\/extremadura\/wp-content\/uploads\/sites\/4\/2026\/02\/IX-Congreso-Extremeno-de-Personas-con-Cancer-AECC-6-768x512.jpg 768w, https:\/\/congresos.contraelcancer.es\/extremadura\/wp-content\/uploads\/sites\/4\/2026\/02\/IX-Congreso-Extremeno-de-Personas-con-Cancer-AECC-6-112x75.jpg 112w, https:\/\/congresos.contraelcancer.es\/extremadura\/wp-content\/uploads\/sites\/4\/2026\/02\/IX-Congreso-Extremeno-de-Personas-con-Cancer-AECC-6-480x320.jpg 480w\" sizes=\"(max-width:767px) 480px, (max-width:1024px) 100vw, 1024px\" \/><\/a>\n\t\t\t\t<\/dt>\n\t\t\t\t\t<dd class='wp-caption-text gallery-caption'>\n\t\t\t\t\tIX Congreso Extreme\u00f1o de personas con c\u00e1ncer y sus familiares\n\t\t\t\t\t<\/dd><\/div><\/dl><br style=\"clear: both\" \/><dl class='gallery-item'  data-title='IX Congreso Extreme\u00f1o de personas con c\u00e1ncer y sus familiares' data-description=''><div class='gallery-item-wrapper'>\n\t\t\t\t<dt class='gallery-icon landscape'>\n\t\t\t\t\t<a href='https:\/\/congresos.contraelcancer.es\/extremadura\/wp-content\/uploads\/sites\/4\/2026\/02\/IX-Congreso-Extremeno-de-Personas-con-Cancer-AECC-7.jpg'><img loading=\"lazy\" decoding=\"async\" width=\"1024\" height=\"683\" src=\"https:\/\/congresos.contraelcancer.es\/extremadura\/wp-content\/uploads\/sites\/4\/2026\/02\/IX-Congreso-Extremeno-de-Personas-con-Cancer-AECC-7-1024x683.jpg\" class=\"attachment-large size-large\" alt=\"\" srcset=\"https:\/\/congresos.contraelcancer.es\/extremadura\/wp-content\/uploads\/sites\/4\/2026\/02\/IX-Congreso-Extremeno-de-Personas-con-Cancer-AECC-7-1024x683.jpg 1024w, https:\/\/congresos.contraelcancer.es\/extremadura\/wp-content\/uploads\/sites\/4\/2026\/02\/IX-Congreso-Extremeno-de-Personas-con-Cancer-AECC-7-300x200.jpg 300w, https:\/\/congresos.contraelcancer.es\/extremadura\/wp-content\/uploads\/sites\/4\/2026\/02\/IX-Congreso-Extremeno-de-Personas-con-Cancer-AECC-7-768x512.jpg 768w, https:\/\/congresos.contraelcancer.es\/extremadura\/wp-content\/uploads\/sites\/4\/2026\/02\/IX-Congreso-Extremeno-de-Personas-con-Cancer-AECC-7-112x75.jpg 112w, https:\/\/congresos.contraelcancer.es\/extremadura\/wp-content\/uploads\/sites\/4\/2026\/02\/IX-Congreso-Extremeno-de-Personas-con-Cancer-AECC-7-480x320.jpg 480w\" sizes=\"(max-width:767px) 480px, (max-width:1024px) 100vw, 1024px\" \/><\/a>\n\t\t\t\t<\/dt>\n\t\t\t\t\t<dd class='wp-caption-text gallery-caption'>\n\t\t\t\t\tIX Congreso Extreme\u00f1o de personas con c\u00e1ncer y sus familiares\n\t\t\t\t\t<\/dd><\/div><\/dl><dl class='gallery-item'  data-title='IX Congreso Extreme\u00f1o de personas con c\u00e1ncer y sus familiares' data-description=''><div class='gallery-item-wrapper'>\n\t\t\t\t<dt class='gallery-icon landscape'>\n\t\t\t\t\t<a href='https:\/\/congresos.contraelcancer.es\/extremadura\/wp-content\/uploads\/sites\/4\/2026\/02\/IX-Congreso-Extremeno-de-Personas-con-Cancer-AECC-8.jpg'><img loading=\"lazy\" decoding=\"async\" width=\"1024\" height=\"683\" src=\"https:\/\/congresos.contraelcancer.es\/extremadura\/wp-content\/uploads\/sites\/4\/2026\/02\/IX-Congreso-Extremeno-de-Personas-con-Cancer-AECC-8-1024x683.jpg\" class=\"attachment-large size-large\" alt=\"\" srcset=\"https:\/\/congresos.contraelcancer.es\/extremadura\/wp-content\/uploads\/sites\/4\/2026\/02\/IX-Congreso-Extremeno-de-Personas-con-Cancer-AECC-8-1024x683.jpg 1024w, https:\/\/congresos.contraelcancer.es\/extremadura\/wp-content\/uploads\/sites\/4\/2026\/02\/IX-Congreso-Extremeno-de-Personas-con-Cancer-AECC-8-300x200.jpg 300w, https:\/\/congresos.contraelcancer.es\/extremadura\/wp-content\/uploads\/sites\/4\/2026\/02\/IX-Congreso-Extremeno-de-Personas-con-Cancer-AECC-8-768x512.jpg 768w, https:\/\/congresos.contraelcancer.es\/extremadura\/wp-content\/uploads\/sites\/4\/2026\/02\/IX-Congreso-Extremeno-de-Personas-con-Cancer-AECC-8-112x75.jpg 112w, https:\/\/congresos.contraelcancer.es\/extremadura\/wp-content\/uploads\/sites\/4\/2026\/02\/IX-Congreso-Extremeno-de-Personas-con-Cancer-AECC-8-480x320.jpg 480w\" sizes=\"(max-width:767px) 480px, (max-width:1024px) 100vw, 1024px\" \/><\/a>\n\t\t\t\t<\/dt>\n\t\t\t\t\t<dd class='wp-caption-text gallery-caption'>\n\t\t\t\t\tIX Congreso Extreme\u00f1o de personas con c\u00e1ncer y sus familiares\n\t\t\t\t\t<\/dd><\/div><\/dl><dl class='gallery-item'  data-title='IX Congreso Extreme\u00f1o de personas con c\u00e1ncer y sus familiares' data-description=''><div class='gallery-item-wrapper'>\n\t\t\t\t<dt class='gallery-icon landscape'>\n\t\t\t\t\t<a href='https:\/\/congresos.contraelcancer.es\/extremadura\/wp-content\/uploads\/sites\/4\/2026\/02\/IX-Congreso-Extremeno-de-Personas-con-Cancer-AECC-9.jpg'><img loading=\"lazy\" decoding=\"async\" width=\"1024\" height=\"683\" src=\"https:\/\/congresos.contraelcancer.es\/extremadura\/wp-content\/uploads\/sites\/4\/2026\/02\/IX-Congreso-Extremeno-de-Personas-con-Cancer-AECC-9-1024x683.jpg\" class=\"attachment-large size-large\" alt=\"\" srcset=\"https:\/\/congresos.contraelcancer.es\/extremadura\/wp-content\/uploads\/sites\/4\/2026\/02\/IX-Congreso-Extremeno-de-Personas-con-Cancer-AECC-9-1024x683.jpg 1024w, https:\/\/congresos.contraelcancer.es\/extremadura\/wp-content\/uploads\/sites\/4\/2026\/02\/IX-Congreso-Extremeno-de-Personas-con-Cancer-AECC-9-300x200.jpg 300w, https:\/\/congresos.contraelcancer.es\/extremadura\/wp-content\/uploads\/sites\/4\/2026\/02\/IX-Congreso-Extremeno-de-Personas-con-Cancer-AECC-9-768x512.jpg 768w, https:\/\/congresos.contraelcancer.es\/extremadura\/wp-content\/uploads\/sites\/4\/2026\/02\/IX-Congreso-Extremeno-de-Personas-con-Cancer-AECC-9-112x75.jpg 112w, https:\/\/congresos.contraelcancer.es\/extremadura\/wp-content\/uploads\/sites\/4\/2026\/02\/IX-Congreso-Extremeno-de-Personas-con-Cancer-AECC-9-480x320.jpg 480w\" sizes=\"(max-width:767px) 480px, (max-width:1024px) 100vw, 1024px\" \/><\/a>\n\t\t\t\t<\/dt>\n\t\t\t\t\t<dd class='wp-caption-text gallery-caption'>\n\t\t\t\t\tIX Congreso Extreme\u00f1o de personas con c\u00e1ncer y sus familiares\n\t\t\t\t\t<\/dd><\/div><\/dl><dl class='gallery-item'  data-title='IX Congreso Extreme\u00f1o de personas con c\u00e1ncer y sus familiares' data-description=''><div class='gallery-item-wrapper'>\n\t\t\t\t<dt class='gallery-icon landscape'>\n\t\t\t\t\t<a href='https:\/\/congresos.contraelcancer.es\/extremadura\/wp-content\/uploads\/sites\/4\/2026\/02\/IX-Congreso-Extremeno-de-Personas-con-Cancer-AECC-10.jpg'><img loading=\"lazy\" decoding=\"async\" width=\"1024\" height=\"683\" src=\"https:\/\/congresos.contraelcancer.es\/extremadura\/wp-content\/uploads\/sites\/4\/2026\/02\/IX-Congreso-Extremeno-de-Personas-con-Cancer-AECC-10-1024x683.jpg\" class=\"attachment-large size-large\" alt=\"\" srcset=\"https:\/\/congresos.contraelcancer.es\/extremadura\/wp-content\/uploads\/sites\/4\/2026\/02\/IX-Congreso-Extremeno-de-Personas-con-Cancer-AECC-10-1024x683.jpg 1024w, https:\/\/congresos.contraelcancer.es\/extremadura\/wp-content\/uploads\/sites\/4\/2026\/02\/IX-Congreso-Extremeno-de-Personas-con-Cancer-AECC-10-300x200.jpg 300w, https:\/\/congresos.contraelcancer.es\/extremadura\/wp-content\/uploads\/sites\/4\/2026\/02\/IX-Congreso-Extremeno-de-Personas-con-Cancer-AECC-10-768x512.jpg 768w, https:\/\/congresos.contraelcancer.es\/extremadura\/wp-content\/uploads\/sites\/4\/2026\/02\/IX-Congreso-Extremeno-de-Personas-con-Cancer-AECC-10-112x75.jpg 112w, https:\/\/congresos.contraelcancer.es\/extremadura\/wp-content\/uploads\/sites\/4\/2026\/02\/IX-Congreso-Extremeno-de-Personas-con-Cancer-AECC-10-480x320.jpg 480w\" sizes=\"(max-width:767px) 480px, (max-width:1024px) 100vw, 1024px\" \/><\/a>\n\t\t\t\t<\/dt>\n\t\t\t\t\t<dd class='wp-caption-text gallery-caption'>\n\t\t\t\t\tIX Congreso Extreme\u00f1o de personas con c\u00e1ncer y sus familiares\n\t\t\t\t\t<\/dd><\/div><\/dl><br style=\"clear: both\" \/><dl class='gallery-item'  data-title='IX Congreso Extreme\u00f1o de personas con c\u00e1ncer y sus familiares' data-description=''><div class='gallery-item-wrapper'>\n\t\t\t\t<dt class='gallery-icon landscape'>\n\t\t\t\t\t<a href='https:\/\/congresos.contraelcancer.es\/extremadura\/wp-content\/uploads\/sites\/4\/2026\/02\/IX-Congreso-Extremeno-de-Personas-con-Cancer-AECC-11.jpg'><img loading=\"lazy\" decoding=\"async\" width=\"1024\" height=\"683\" src=\"https:\/\/congresos.contraelcancer.es\/extremadura\/wp-content\/uploads\/sites\/4\/2026\/02\/IX-Congreso-Extremeno-de-Personas-con-Cancer-AECC-11-1024x683.jpg\" class=\"attachment-large size-large\" alt=\"\" srcset=\"https:\/\/congresos.contraelcancer.es\/extremadura\/wp-content\/uploads\/sites\/4\/2026\/02\/IX-Congreso-Extremeno-de-Personas-con-Cancer-AECC-11-1024x683.jpg 1024w, https:\/\/congresos.contraelcancer.es\/extremadura\/wp-content\/uploads\/sites\/4\/2026\/02\/IX-Congreso-Extremeno-de-Personas-con-Cancer-AECC-11-300x200.jpg 300w, https:\/\/congresos.contraelcancer.es\/extremadura\/wp-content\/uploads\/sites\/4\/2026\/02\/IX-Congreso-Extremeno-de-Personas-con-Cancer-AECC-11-768x512.jpg 768w, https:\/\/congresos.contraelcancer.es\/extremadura\/wp-content\/uploads\/sites\/4\/2026\/02\/IX-Congreso-Extremeno-de-Personas-con-Cancer-AECC-11-112x75.jpg 112w, https:\/\/congresos.contraelcancer.es\/extremadura\/wp-content\/uploads\/sites\/4\/2026\/02\/IX-Congreso-Extremeno-de-Personas-con-Cancer-AECC-11-480x320.jpg 480w\" sizes=\"(max-width:767px) 480px, (max-width:1024px) 100vw, 1024px\" \/><\/a>\n\t\t\t\t<\/dt>\n\t\t\t\t\t<dd class='wp-caption-text gallery-caption'>\n\t\t\t\t\tIX Congreso Extreme\u00f1o de personas con c\u00e1ncer y sus familiares\n\t\t\t\t\t<\/dd><\/div><\/dl><dl class='gallery-item'  data-title='IX Congreso Extreme\u00f1o de personas con c\u00e1ncer y sus familiares' data-description=''><div class='gallery-item-wrapper'>\n\t\t\t\t<dt class='gallery-icon landscape'>\n\t\t\t\t\t<a href='https:\/\/congresos.contraelcancer.es\/extremadura\/wp-content\/uploads\/sites\/4\/2026\/02\/IX-Congreso-Extremeno-de-Personas-con-Cancer-AECC-12.jpg'><img loading=\"lazy\" decoding=\"async\" width=\"1024\" height=\"683\" src=\"https:\/\/congresos.contraelcancer.es\/extremadura\/wp-content\/uploads\/sites\/4\/2026\/02\/IX-Congreso-Extremeno-de-Personas-con-Cancer-AECC-12-1024x683.jpg\" class=\"attachment-large size-large\" alt=\"\" srcset=\"https:\/\/congresos.contraelcancer.es\/extremadura\/wp-content\/uploads\/sites\/4\/2026\/02\/IX-Congreso-Extremeno-de-Personas-con-Cancer-AECC-12-1024x683.jpg 1024w, https:\/\/congresos.contraelcancer.es\/extremadura\/wp-content\/uploads\/sites\/4\/2026\/02\/IX-Congreso-Extremeno-de-Personas-con-Cancer-AECC-12-300x200.jpg 300w, https:\/\/congresos.contraelcancer.es\/extremadura\/wp-content\/uploads\/sites\/4\/2026\/02\/IX-Congreso-Extremeno-de-Personas-con-Cancer-AECC-12-768x512.jpg 768w, https:\/\/congresos.contraelcancer.es\/extremadura\/wp-content\/uploads\/sites\/4\/2026\/02\/IX-Congreso-Extremeno-de-Personas-con-Cancer-AECC-12-112x75.jpg 112w, https:\/\/congresos.contraelcancer.es\/extremadura\/wp-content\/uploads\/sites\/4\/2026\/02\/IX-Congreso-Extremeno-de-Personas-con-Cancer-AECC-12-480x320.jpg 480w\" sizes=\"(max-width:767px) 480px, (max-width:1024px) 100vw, 1024px\" \/><\/a>\n\t\t\t\t<\/dt>\n\t\t\t\t\t<dd class='wp-caption-text gallery-caption'>\n\t\t\t\t\tIX Congreso Extreme\u00f1o de personas con c\u00e1ncer y sus familiares\n\t\t\t\t\t<\/dd><\/div><\/dl><dl class='gallery-item'  data-title='IX Congreso Extreme\u00f1o de personas con c\u00e1ncer y sus familiares' data-description=''><div class='gallery-item-wrapper'>\n\t\t\t\t<dt class='gallery-icon landscape'>\n\t\t\t\t\t<a href='https:\/\/congresos.contraelcancer.es\/extremadura\/wp-content\/uploads\/sites\/4\/2026\/02\/IX-Congreso-Extremeno-de-Personas-con-Cancer-AECC-13.jpg'><img loading=\"lazy\" decoding=\"async\" width=\"1024\" height=\"683\" src=\"https:\/\/congresos.contraelcancer.es\/extremadura\/wp-content\/uploads\/sites\/4\/2026\/02\/IX-Congreso-Extremeno-de-Personas-con-Cancer-AECC-13-1024x683.jpg\" class=\"attachment-large size-large\" alt=\"\" srcset=\"https:\/\/congresos.contraelcancer.es\/extremadura\/wp-content\/uploads\/sites\/4\/2026\/02\/IX-Congreso-Extremeno-de-Personas-con-Cancer-AECC-13-1024x683.jpg 1024w, https:\/\/congresos.contraelcancer.es\/extremadura\/wp-content\/uploads\/sites\/4\/2026\/02\/IX-Congreso-Extremeno-de-Personas-con-Cancer-AECC-13-300x200.jpg 300w, https:\/\/congresos.contraelcancer.es\/extremadura\/wp-content\/uploads\/sites\/4\/2026\/02\/IX-Congreso-Extremeno-de-Personas-con-Cancer-AECC-13-768x512.jpg 768w, https:\/\/congresos.contraelcancer.es\/extremadura\/wp-content\/uploads\/sites\/4\/2026\/02\/IX-Congreso-Extremeno-de-Personas-con-Cancer-AECC-13-112x75.jpg 112w, https:\/\/congresos.contraelcancer.es\/extremadura\/wp-content\/uploads\/sites\/4\/2026\/02\/IX-Congreso-Extremeno-de-Personas-con-Cancer-AECC-13-480x320.jpg 480w\" sizes=\"(max-width:767px) 480px, (max-width:1024px) 100vw, 1024px\" \/><\/a>\n\t\t\t\t<\/dt>\n\t\t\t\t\t<dd class='wp-caption-text gallery-caption'>\n\t\t\t\t\tIX Congreso Extreme\u00f1o de personas con c\u00e1ncer y sus familiares\n\t\t\t\t\t<\/dd><\/div><\/dl><dl class='gallery-item'  data-title='IX Congreso Extreme\u00f1o de personas con c\u00e1ncer y sus familiares' data-description=''><div class='gallery-item-wrapper'>\n\t\t\t\t<dt class='gallery-icon landscape'>\n\t\t\t\t\t<a href='https:\/\/congresos.contraelcancer.es\/extremadura\/wp-content\/uploads\/sites\/4\/2026\/02\/IX-Congreso-Extremeno-de-Personas-con-Cancer-AECC-14.jpg'><img loading=\"lazy\" decoding=\"async\" width=\"1024\" height=\"683\" src=\"https:\/\/congresos.contraelcancer.es\/extremadura\/wp-content\/uploads\/sites\/4\/2026\/02\/IX-Congreso-Extremeno-de-Personas-con-Cancer-AECC-14-1024x683.jpg\" class=\"attachment-large size-large\" alt=\"\" srcset=\"https:\/\/congresos.contraelcancer.es\/extremadura\/wp-content\/uploads\/sites\/4\/2026\/02\/IX-Congreso-Extremeno-de-Personas-con-Cancer-AECC-14-1024x683.jpg 1024w, https:\/\/congresos.contraelcancer.es\/extremadura\/wp-content\/uploads\/sites\/4\/2026\/02\/IX-Congreso-Extremeno-de-Personas-con-Cancer-AECC-14-300x200.jpg 300w, https:\/\/congresos.contraelcancer.es\/extremadura\/wp-content\/uploads\/sites\/4\/2026\/02\/IX-Congreso-Extremeno-de-Personas-con-Cancer-AECC-14-768x512.jpg 768w, https:\/\/congresos.contraelcancer.es\/extremadura\/wp-content\/uploads\/sites\/4\/2026\/02\/IX-Congreso-Extremeno-de-Personas-con-Cancer-AECC-14-112x75.jpg 112w, https:\/\/congresos.contraelcancer.es\/extremadura\/wp-content\/uploads\/sites\/4\/2026\/02\/IX-Congreso-Extremeno-de-Personas-con-Cancer-AECC-14-480x320.jpg 480w\" sizes=\"(max-width:767px) 480px, (max-width:1024px) 100vw, 1024px\" \/><\/a>\n\t\t\t\t<\/dt>\n\t\t\t\t\t<dd class='wp-caption-text gallery-caption'>\n\t\t\t\t\tIX Congreso Extreme\u00f1o de personas con c\u00e1ncer y sus familiares\n\t\t\t\t\t<\/dd><\/div><\/dl><br style=\"clear: both\" \/><dl class='gallery-item'  data-title='IX Congreso Extreme\u00f1o de personas con c\u00e1ncer y sus familiares' data-description=''><div class='gallery-item-wrapper'>\n\t\t\t\t<dt class='gallery-icon landscape'>\n\t\t\t\t\t<a href='https:\/\/congresos.contraelcancer.es\/extremadura\/wp-content\/uploads\/sites\/4\/2026\/02\/IX-Congreso-Extremeno-de-Personas-con-Cancer-AECC-15.jpg'><img loading=\"lazy\" decoding=\"async\" width=\"1024\" height=\"683\" src=\"https:\/\/congresos.contraelcancer.es\/extremadura\/wp-content\/uploads\/sites\/4\/2026\/02\/IX-Congreso-Extremeno-de-Personas-con-Cancer-AECC-15-1024x683.jpg\" class=\"attachment-large size-large\" alt=\"\" srcset=\"https:\/\/congresos.contraelcancer.es\/extremadura\/wp-content\/uploads\/sites\/4\/2026\/02\/IX-Congreso-Extremeno-de-Personas-con-Cancer-AECC-15-1024x683.jpg 1024w, https:\/\/congresos.contraelcancer.es\/extremadura\/wp-content\/uploads\/sites\/4\/2026\/02\/IX-Congreso-Extremeno-de-Personas-con-Cancer-AECC-15-300x200.jpg 300w, https:\/\/congresos.contraelcancer.es\/extremadura\/wp-content\/uploads\/sites\/4\/2026\/02\/IX-Congreso-Extremeno-de-Personas-con-Cancer-AECC-15-768x512.jpg 768w, https:\/\/congresos.contraelcancer.es\/extremadura\/wp-content\/uploads\/sites\/4\/2026\/02\/IX-Congreso-Extremeno-de-Personas-con-Cancer-AECC-15-112x75.jpg 112w, https:\/\/congresos.contraelcancer.es\/extremadura\/wp-content\/uploads\/sites\/4\/2026\/02\/IX-Congreso-Extremeno-de-Personas-con-Cancer-AECC-15-480x320.jpg 480w\" sizes=\"(max-width:767px) 480px, (max-width:1024px) 100vw, 1024px\" \/><\/a>\n\t\t\t\t<\/dt>\n\t\t\t\t\t<dd class='wp-caption-text gallery-caption'>\n\t\t\t\t\tIX Congreso Extreme\u00f1o de personas con c\u00e1ncer y sus familiares\n\t\t\t\t\t<\/dd><\/div><\/dl><dl class='gallery-item'  data-title='IX Congreso Extreme\u00f1o de personas con c\u00e1ncer y sus familiares' data-description=''><div class='gallery-item-wrapper'>\n\t\t\t\t<dt class='gallery-icon landscape'>\n\t\t\t\t\t<a href='https:\/\/congresos.contraelcancer.es\/extremadura\/wp-content\/uploads\/sites\/4\/2026\/02\/IX-Congreso-Extremeno-de-Personas-con-Cancer-AECC-16.jpg'><img loading=\"lazy\" decoding=\"async\" width=\"1024\" height=\"683\" src=\"https:\/\/congresos.contraelcancer.es\/extremadura\/wp-content\/uploads\/sites\/4\/2026\/02\/IX-Congreso-Extremeno-de-Personas-con-Cancer-AECC-16-1024x683.jpg\" class=\"attachment-large size-large\" alt=\"\" srcset=\"https:\/\/congresos.contraelcancer.es\/extremadura\/wp-content\/uploads\/sites\/4\/2026\/02\/IX-Congreso-Extremeno-de-Personas-con-Cancer-AECC-16-1024x683.jpg 1024w, https:\/\/congresos.contraelcancer.es\/extremadura\/wp-content\/uploads\/sites\/4\/2026\/02\/IX-Congreso-Extremeno-de-Personas-con-Cancer-AECC-16-300x200.jpg 300w, https:\/\/congresos.contraelcancer.es\/extremadura\/wp-content\/uploads\/sites\/4\/2026\/02\/IX-Congreso-Extremeno-de-Personas-con-Cancer-AECC-16-768x512.jpg 768w, https:\/\/congresos.contraelcancer.es\/extremadura\/wp-content\/uploads\/sites\/4\/2026\/02\/IX-Congreso-Extremeno-de-Personas-con-Cancer-AECC-16-112x75.jpg 112w, https:\/\/congresos.contraelcancer.es\/extremadura\/wp-content\/uploads\/sites\/4\/2026\/02\/IX-Congreso-Extremeno-de-Personas-con-Cancer-AECC-16-480x320.jpg 480w\" sizes=\"(max-width:767px) 480px, (max-width:1024px) 100vw, 1024px\" \/><\/a>\n\t\t\t\t<\/dt>\n\t\t\t\t\t<dd class='wp-caption-text gallery-caption'>\n\t\t\t\t\tIX Congreso Extreme\u00f1o de personas con c\u00e1ncer y sus familiares\n\t\t\t\t\t<\/dd><\/div><\/dl><dl class='gallery-item'  data-title='IX Congreso Extreme\u00f1o de personas con c\u00e1ncer y sus familiares' data-description=''><div class='gallery-item-wrapper'>\n\t\t\t\t<dt class='gallery-icon landscape'>\n\t\t\t\t\t<a href='https:\/\/congresos.contraelcancer.es\/extremadura\/wp-content\/uploads\/sites\/4\/2026\/02\/IX-Congreso-Extremeno-de-Personas-con-Cancer-AECC-17.jpg'><img loading=\"lazy\" decoding=\"async\" width=\"1024\" height=\"683\" src=\"https:\/\/congresos.contraelcancer.es\/extremadura\/wp-content\/uploads\/sites\/4\/2026\/02\/IX-Congreso-Extremeno-de-Personas-con-Cancer-AECC-17-1024x683.jpg\" class=\"attachment-large size-large\" alt=\"\" srcset=\"https:\/\/congresos.contraelcancer.es\/extremadura\/wp-content\/uploads\/sites\/4\/2026\/02\/IX-Congreso-Extremeno-de-Personas-con-Cancer-AECC-17-1024x683.jpg 1024w, https:\/\/congresos.contraelcancer.es\/extremadura\/wp-content\/uploads\/sites\/4\/2026\/02\/IX-Congreso-Extremeno-de-Personas-con-Cancer-AECC-17-300x200.jpg 300w, https:\/\/congresos.contraelcancer.es\/extremadura\/wp-content\/uploads\/sites\/4\/2026\/02\/IX-Congreso-Extremeno-de-Personas-con-Cancer-AECC-17-768x512.jpg 768w, https:\/\/congresos.contraelcancer.es\/extremadura\/wp-content\/uploads\/sites\/4\/2026\/02\/IX-Congreso-Extremeno-de-Personas-con-Cancer-AECC-17-112x75.jpg 112w, https:\/\/congresos.contraelcancer.es\/extremadura\/wp-content\/uploads\/sites\/4\/2026\/02\/IX-Congreso-Extremeno-de-Personas-con-Cancer-AECC-17-480x320.jpg 480w\" sizes=\"(max-width:767px) 480px, (max-width:1024px) 100vw, 1024px\" \/><\/a>\n\t\t\t\t<\/dt>\n\t\t\t\t\t<dd class='wp-caption-text gallery-caption'>\n\t\t\t\t\tIX Congreso Extreme\u00f1o de personas con c\u00e1ncer y sus familiares\n\t\t\t\t\t<\/dd><\/div><\/dl><dl class='gallery-item'  data-title='IX Congreso Extreme\u00f1o de personas con c\u00e1ncer y sus familiares' data-description=''><div class='gallery-item-wrapper'>\n\t\t\t\t<dt class='gallery-icon landscape'>\n\t\t\t\t\t<a href='https:\/\/congresos.contraelcancer.es\/extremadura\/wp-content\/uploads\/sites\/4\/2026\/02\/IX-Congreso-Extremeno-de-Personas-con-Cancer-AECC-18.jpg'><img loading=\"lazy\" decoding=\"async\" width=\"1024\" height=\"683\" src=\"https:\/\/congresos.contraelcancer.es\/extremadura\/wp-content\/uploads\/sites\/4\/2026\/02\/IX-Congreso-Extremeno-de-Personas-con-Cancer-AECC-18-1024x683.jpg\" class=\"attachment-large size-large\" alt=\"\" srcset=\"https:\/\/congresos.contraelcancer.es\/extremadura\/wp-content\/uploads\/sites\/4\/2026\/02\/IX-Congreso-Extremeno-de-Personas-con-Cancer-AECC-18-1024x683.jpg 1024w, https:\/\/congresos.contraelcancer.es\/extremadura\/wp-content\/uploads\/sites\/4\/2026\/02\/IX-Congreso-Extremeno-de-Personas-con-Cancer-AECC-18-300x200.jpg 300w, https:\/\/congresos.contraelcancer.es\/extremadura\/wp-content\/uploads\/sites\/4\/2026\/02\/IX-Congreso-Extremeno-de-Personas-con-Cancer-AECC-18-768x512.jpg 768w, https:\/\/congresos.contraelcancer.es\/extremadura\/wp-content\/uploads\/sites\/4\/2026\/02\/IX-Congreso-Extremeno-de-Personas-con-Cancer-AECC-18-112x75.jpg 112w, https:\/\/congresos.contraelcancer.es\/extremadura\/wp-content\/uploads\/sites\/4\/2026\/02\/IX-Congreso-Extremeno-de-Personas-con-Cancer-AECC-18-480x320.jpg 480w\" sizes=\"(max-width:767px) 480px, (max-width:1024px) 100vw, 1024px\" \/><\/a>\n\t\t\t\t<\/dt>\n\t\t\t\t\t<dd class='wp-caption-text gallery-caption'>\n\t\t\t\t\tIX Congreso Extreme\u00f1o de personas con c\u00e1ncer y sus familiares\n\t\t\t\t\t<\/dd><\/div><\/dl><br style=\"clear: both\" \/><dl class='gallery-item'  data-title='IX Congreso Extreme\u00f1o de personas con c\u00e1ncer y sus familiares' data-description=''><div class='gallery-item-wrapper'>\n\t\t\t\t<dt class='gallery-icon landscape'>\n\t\t\t\t\t<a href='https:\/\/congresos.contraelcancer.es\/extremadura\/wp-content\/uploads\/sites\/4\/2026\/02\/IX-Congreso-Extremeno-de-Personas-con-Cancer-AECC-19.jpg'><img loading=\"lazy\" decoding=\"async\" width=\"1024\" height=\"683\" src=\"https:\/\/congresos.contraelcancer.es\/extremadura\/wp-content\/uploads\/sites\/4\/2026\/02\/IX-Congreso-Extremeno-de-Personas-con-Cancer-AECC-19-1024x683.jpg\" class=\"attachment-large size-large\" alt=\"\" srcset=\"https:\/\/congresos.contraelcancer.es\/extremadura\/wp-content\/uploads\/sites\/4\/2026\/02\/IX-Congreso-Extremeno-de-Personas-con-Cancer-AECC-19-1024x683.jpg 1024w, https:\/\/congresos.contraelcancer.es\/extremadura\/wp-content\/uploads\/sites\/4\/2026\/02\/IX-Congreso-Extremeno-de-Personas-con-Cancer-AECC-19-300x200.jpg 300w, https:\/\/congresos.contraelcancer.es\/extremadura\/wp-content\/uploads\/sites\/4\/2026\/02\/IX-Congreso-Extremeno-de-Personas-con-Cancer-AECC-19-768x512.jpg 768w, https:\/\/congresos.contraelcancer.es\/extremadura\/wp-content\/uploads\/sites\/4\/2026\/02\/IX-Congreso-Extremeno-de-Personas-con-Cancer-AECC-19-112x75.jpg 112w, https:\/\/congresos.contraelcancer.es\/extremadura\/wp-content\/uploads\/sites\/4\/2026\/02\/IX-Congreso-Extremeno-de-Personas-con-Cancer-AECC-19-480x320.jpg 480w\" sizes=\"(max-width:767px) 480px, (max-width:1024px) 100vw, 1024px\" \/><\/a>\n\t\t\t\t<\/dt>\n\t\t\t\t\t<dd class='wp-caption-text gallery-caption'>\n\t\t\t\t\tIX Congreso Extreme\u00f1o de personas con c\u00e1ncer y sus familiares\n\t\t\t\t\t<\/dd><\/div><\/dl><dl class='gallery-item'  data-title='IX Congreso Extreme\u00f1o de personas con c\u00e1ncer y sus familiares' data-description=''><div class='gallery-item-wrapper'>\n\t\t\t\t<dt class='gallery-icon portrait'>\n\t\t\t\t\t<a href='https:\/\/congresos.contraelcancer.es\/extremadura\/wp-content\/uploads\/sites\/4\/2026\/02\/IX-Congreso-Extremeno-de-Personas-con-Cancer-AECC-20.jpg'><img loading=\"lazy\" decoding=\"async\" width=\"683\" height=\"1024\" src=\"https:\/\/congresos.contraelcancer.es\/extremadura\/wp-content\/uploads\/sites\/4\/2026\/02\/IX-Congreso-Extremeno-de-Personas-con-Cancer-AECC-20-683x1024.jpg\" class=\"attachment-large size-large\" alt=\"\" srcset=\"https:\/\/congresos.contraelcancer.es\/extremadura\/wp-content\/uploads\/sites\/4\/2026\/02\/IX-Congreso-Extremeno-de-Personas-con-Cancer-AECC-20-683x1024.jpg 683w, https:\/\/congresos.contraelcancer.es\/extremadura\/wp-content\/uploads\/sites\/4\/2026\/02\/IX-Congreso-Extremeno-de-Personas-con-Cancer-AECC-20-200x300.jpg 200w, https:\/\/congresos.contraelcancer.es\/extremadura\/wp-content\/uploads\/sites\/4\/2026\/02\/IX-Congreso-Extremeno-de-Personas-con-Cancer-AECC-20-50x75.jpg 50w, https:\/\/congresos.contraelcancer.es\/extremadura\/wp-content\/uploads\/sites\/4\/2026\/02\/IX-Congreso-Extremeno-de-Personas-con-Cancer-AECC-20-480x720.jpg 480w\" sizes=\"(max-width:767px) 480px, 683px\" \/><\/a>\n\t\t\t\t<\/dt>\n\t\t\t\t\t<dd class='wp-caption-text gallery-caption'>\n\t\t\t\t\tIX Congreso Extreme\u00f1o de personas con c\u00e1ncer y sus familiares\n\t\t\t\t\t<\/dd><\/div><\/dl><dl class='gallery-item'  data-title='IX Congreso Extreme\u00f1o de personas con c\u00e1ncer y sus familiares' data-description=''><div class='gallery-item-wrapper'>\n\t\t\t\t<dt class='gallery-icon landscape'>\n\t\t\t\t\t<a href='https:\/\/congresos.contraelcancer.es\/extremadura\/wp-content\/uploads\/sites\/4\/2026\/02\/IX-Congreso-Extremeno-de-Personas-con-Cancer-AECC-21.jpg'><img loading=\"lazy\" decoding=\"async\" width=\"1024\" height=\"683\" src=\"https:\/\/congresos.contraelcancer.es\/extremadura\/wp-content\/uploads\/sites\/4\/2026\/02\/IX-Congreso-Extremeno-de-Personas-con-Cancer-AECC-21-1024x683.jpg\" class=\"attachment-large size-large\" alt=\"\" srcset=\"https:\/\/congresos.contraelcancer.es\/extremadura\/wp-content\/uploads\/sites\/4\/2026\/02\/IX-Congreso-Extremeno-de-Personas-con-Cancer-AECC-21-1024x683.jpg 1024w, https:\/\/congresos.contraelcancer.es\/extremadura\/wp-content\/uploads\/sites\/4\/2026\/02\/IX-Congreso-Extremeno-de-Personas-con-Cancer-AECC-21-300x200.jpg 300w, https:\/\/congresos.contraelcancer.es\/extremadura\/wp-content\/uploads\/sites\/4\/2026\/02\/IX-Congreso-Extremeno-de-Personas-con-Cancer-AECC-21-768x512.jpg 768w, https:\/\/congresos.contraelcancer.es\/extremadura\/wp-content\/uploads\/sites\/4\/2026\/02\/IX-Congreso-Extremeno-de-Personas-con-Cancer-AECC-21-112x75.jpg 112w, https:\/\/congresos.contraelcancer.es\/extremadura\/wp-content\/uploads\/sites\/4\/2026\/02\/IX-Congreso-Extremeno-de-Personas-con-Cancer-AECC-21-480x320.jpg 480w\" sizes=\"(max-width:767px) 480px, (max-width:1024px) 100vw, 1024px\" \/><\/a>\n\t\t\t\t<\/dt>\n\t\t\t\t\t<dd class='wp-caption-text gallery-caption'>\n\t\t\t\t\tIX Congreso Extreme\u00f1o de personas con c\u00e1ncer y sus familiares\n\t\t\t\t\t<\/dd><\/div><\/dl><dl class='gallery-item'  data-title='IX Congreso Extreme\u00f1o de personas con c\u00e1ncer y sus familiares' data-description=''><div class='gallery-item-wrapper'>\n\t\t\t\t<dt class='gallery-icon landscape'>\n\t\t\t\t\t<a href='https:\/\/congresos.contraelcancer.es\/extremadura\/wp-content\/uploads\/sites\/4\/2026\/02\/IX-Congreso-Extremeno-de-Personas-con-Cancer-AECC-22.jpg'><img loading=\"lazy\" decoding=\"async\" width=\"1024\" height=\"683\" src=\"https:\/\/congresos.contraelcancer.es\/extremadura\/wp-content\/uploads\/sites\/4\/2026\/02\/IX-Congreso-Extremeno-de-Personas-con-Cancer-AECC-22-1024x683.jpg\" class=\"attachment-large size-large\" alt=\"\" srcset=\"https:\/\/congresos.contraelcancer.es\/extremadura\/wp-content\/uploads\/sites\/4\/2026\/02\/IX-Congreso-Extremeno-de-Personas-con-Cancer-AECC-22-1024x683.jpg 1024w, https:\/\/congresos.contraelcancer.es\/extremadura\/wp-content\/uploads\/sites\/4\/2026\/02\/IX-Congreso-Extremeno-de-Personas-con-Cancer-AECC-22-300x200.jpg 300w, https:\/\/congresos.contraelcancer.es\/extremadura\/wp-content\/uploads\/sites\/4\/2026\/02\/IX-Congreso-Extremeno-de-Personas-con-Cancer-AECC-22-768x512.jpg 768w, https:\/\/congresos.contraelcancer.es\/extremadura\/wp-content\/uploads\/sites\/4\/2026\/02\/IX-Congreso-Extremeno-de-Personas-con-Cancer-AECC-22-112x75.jpg 112w, https:\/\/congresos.contraelcancer.es\/extremadura\/wp-content\/uploads\/sites\/4\/2026\/02\/IX-Congreso-Extremeno-de-Personas-con-Cancer-AECC-22-480x320.jpg 480w\" sizes=\"(max-width:767px) 480px, (max-width:1024px) 100vw, 1024px\" \/><\/a>\n\t\t\t\t<\/dt>\n\t\t\t\t\t<dd class='wp-caption-text gallery-caption'>\n\t\t\t\t\tIX Congreso Extreme\u00f1o de personas con c\u00e1ncer y sus familiares\n\t\t\t\t\t<\/dd><\/div><\/dl><br style=\"clear: both\" \/><dl class='gallery-item'  data-title='IX Congreso Extreme\u00f1o de personas con c\u00e1ncer y sus familiares' data-description=''><div class='gallery-item-wrapper'>\n\t\t\t\t<dt class='gallery-icon landscape'>\n\t\t\t\t\t<a href='https:\/\/congresos.contraelcancer.es\/extremadura\/wp-content\/uploads\/sites\/4\/2026\/02\/IX-Congreso-Extremeno-de-Personas-con-Cancer-AECC-23.jpg'><img loading=\"lazy\" decoding=\"async\" width=\"1024\" height=\"683\" src=\"https:\/\/congresos.contraelcancer.es\/extremadura\/wp-content\/uploads\/sites\/4\/2026\/02\/IX-Congreso-Extremeno-de-Personas-con-Cancer-AECC-23-1024x683.jpg\" class=\"attachment-large size-large\" alt=\"\" srcset=\"https:\/\/congresos.contraelcancer.es\/extremadura\/wp-content\/uploads\/sites\/4\/2026\/02\/IX-Congreso-Extremeno-de-Personas-con-Cancer-AECC-23-1024x683.jpg 1024w, https:\/\/congresos.contraelcancer.es\/extremadura\/wp-content\/uploads\/sites\/4\/2026\/02\/IX-Congreso-Extremeno-de-Personas-con-Cancer-AECC-23-300x200.jpg 300w, https:\/\/congresos.contraelcancer.es\/extremadura\/wp-content\/uploads\/sites\/4\/2026\/02\/IX-Congreso-Extremeno-de-Personas-con-Cancer-AECC-23-768x512.jpg 768w, https:\/\/congresos.contraelcancer.es\/extremadura\/wp-content\/uploads\/sites\/4\/2026\/02\/IX-Congreso-Extremeno-de-Personas-con-Cancer-AECC-23-112x75.jpg 112w, https:\/\/congresos.contraelcancer.es\/extremadura\/wp-content\/uploads\/sites\/4\/2026\/02\/IX-Congreso-Extremeno-de-Personas-con-Cancer-AECC-23-480x320.jpg 480w\" sizes=\"(max-width:767px) 480px, (max-width:1024px) 100vw, 1024px\" \/><\/a>\n\t\t\t\t<\/dt>\n\t\t\t\t\t<dd class='wp-caption-text gallery-caption'>\n\t\t\t\t\tIX Congreso Extreme\u00f1o de personas con c\u00e1ncer y sus familiares\n\t\t\t\t\t<\/dd><\/div><\/dl><dl class='gallery-item'  data-title='IX Congreso Extreme\u00f1o de personas con c\u00e1ncer y sus familiares' data-description=''><div class='gallery-item-wrapper'>\n\t\t\t\t<dt class='gallery-icon landscape'>\n\t\t\t\t\t<a href='https:\/\/congresos.contraelcancer.es\/extremadura\/wp-content\/uploads\/sites\/4\/2026\/02\/IX-Congreso-Extremeno-de-Personas-con-Cancer-AECC-24.jpg'><img loading=\"lazy\" decoding=\"async\" width=\"1024\" height=\"683\" src=\"https:\/\/congresos.contraelcancer.es\/extremadura\/wp-content\/uploads\/sites\/4\/2026\/02\/IX-Congreso-Extremeno-de-Personas-con-Cancer-AECC-24-1024x683.jpg\" class=\"attachment-large size-large\" alt=\"\" srcset=\"https:\/\/congresos.contraelcancer.es\/extremadura\/wp-content\/uploads\/sites\/4\/2026\/02\/IX-Congreso-Extremeno-de-Personas-con-Cancer-AECC-24-1024x683.jpg 1024w, https:\/\/congresos.contraelcancer.es\/extremadura\/wp-content\/uploads\/sites\/4\/2026\/02\/IX-Congreso-Extremeno-de-Personas-con-Cancer-AECC-24-300x200.jpg 300w, https:\/\/congresos.contraelcancer.es\/extremadura\/wp-content\/uploads\/sites\/4\/2026\/02\/IX-Congreso-Extremeno-de-Personas-con-Cancer-AECC-24-768x512.jpg 768w, https:\/\/congresos.contraelcancer.es\/extremadura\/wp-content\/uploads\/sites\/4\/2026\/02\/IX-Congreso-Extremeno-de-Personas-con-Cancer-AECC-24-112x75.jpg 112w, https:\/\/congresos.contraelcancer.es\/extremadura\/wp-content\/uploads\/sites\/4\/2026\/02\/IX-Congreso-Extremeno-de-Personas-con-Cancer-AECC-24-480x320.jpg 480w\" sizes=\"(max-width:767px) 480px, (max-width:1024px) 100vw, 1024px\" \/><\/a>\n\t\t\t\t<\/dt>\n\t\t\t\t\t<dd class='wp-caption-text gallery-caption'>\n\t\t\t\t\tIX Congreso Extreme\u00f1o de personas con c\u00e1ncer y sus familiares\n\t\t\t\t\t<\/dd><\/div><\/dl><dl class='gallery-item'  data-title='IX Congreso Extreme\u00f1o de personas con c\u00e1ncer y sus familiares' data-description=''><div class='gallery-item-wrapper'>\n\t\t\t\t<dt class='gallery-icon landscape'>\n\t\t\t\t\t<a href='https:\/\/congresos.contraelcancer.es\/extremadura\/wp-content\/uploads\/sites\/4\/2026\/02\/IX-Congreso-Extremeno-de-Personas-con-Cancer-AECC-25.jpg'><img loading=\"lazy\" decoding=\"async\" width=\"1024\" height=\"683\" src=\"https:\/\/congresos.contraelcancer.es\/extremadura\/wp-content\/uploads\/sites\/4\/2026\/02\/IX-Congreso-Extremeno-de-Personas-con-Cancer-AECC-25-1024x683.jpg\" class=\"attachment-large size-large\" alt=\"\" srcset=\"https:\/\/congresos.contraelcancer.es\/extremadura\/wp-content\/uploads\/sites\/4\/2026\/02\/IX-Congreso-Extremeno-de-Personas-con-Cancer-AECC-25-1024x683.jpg 1024w, https:\/\/congresos.contraelcancer.es\/extremadura\/wp-content\/uploads\/sites\/4\/2026\/02\/IX-Congreso-Extremeno-de-Personas-con-Cancer-AECC-25-300x200.jpg 300w, https:\/\/congresos.contraelcancer.es\/extremadura\/wp-content\/uploads\/sites\/4\/2026\/02\/IX-Congreso-Extremeno-de-Personas-con-Cancer-AECC-25-768x512.jpg 768w, https:\/\/congresos.contraelcancer.es\/extremadura\/wp-content\/uploads\/sites\/4\/2026\/02\/IX-Congreso-Extremeno-de-Personas-con-Cancer-AECC-25-112x75.jpg 112w, https:\/\/congresos.contraelcancer.es\/extremadura\/wp-content\/uploads\/sites\/4\/2026\/02\/IX-Congreso-Extremeno-de-Personas-con-Cancer-AECC-25-480x320.jpg 480w\" sizes=\"(max-width:767px) 480px, (max-width:1024px) 100vw, 1024px\" \/><\/a>\n\t\t\t\t<\/dt>\n\t\t\t\t\t<dd class='wp-caption-text gallery-caption'>\n\t\t\t\t\tIX Congreso Extreme\u00f1o de personas con c\u00e1ncer y sus familiares\n\t\t\t\t\t<\/dd><\/div><\/dl><dl class='gallery-item'  data-title='IX Congreso Extreme\u00f1o de personas con c\u00e1ncer y sus familiares' data-description=''><div class='gallery-item-wrapper'>\n\t\t\t\t<dt class='gallery-icon landscape'>\n\t\t\t\t\t<a href='https:\/\/congresos.contraelcancer.es\/extremadura\/wp-content\/uploads\/sites\/4\/2026\/02\/IX-Congreso-Extremeno-de-Personas-con-Cancer-AECC-26.jpg'><img loading=\"lazy\" decoding=\"async\" width=\"1024\" height=\"683\" src=\"https:\/\/congresos.contraelcancer.es\/extremadura\/wp-content\/uploads\/sites\/4\/2026\/02\/IX-Congreso-Extremeno-de-Personas-con-Cancer-AECC-26-1024x683.jpg\" class=\"attachment-large size-large\" alt=\"\" srcset=\"https:\/\/congresos.contraelcancer.es\/extremadura\/wp-content\/uploads\/sites\/4\/2026\/02\/IX-Congreso-Extremeno-de-Personas-con-Cancer-AECC-26-1024x683.jpg 1024w, https:\/\/congresos.contraelcancer.es\/extremadura\/wp-content\/uploads\/sites\/4\/2026\/02\/IX-Congreso-Extremeno-de-Personas-con-Cancer-AECC-26-300x200.jpg 300w, https:\/\/congresos.contraelcancer.es\/extremadura\/wp-content\/uploads\/sites\/4\/2026\/02\/IX-Congreso-Extremeno-de-Personas-con-Cancer-AECC-26-768x512.jpg 768w, https:\/\/congresos.contraelcancer.es\/extremadura\/wp-content\/uploads\/sites\/4\/2026\/02\/IX-Congreso-Extremeno-de-Personas-con-Cancer-AECC-26-112x75.jpg 112w, https:\/\/congresos.contraelcancer.es\/extremadura\/wp-content\/uploads\/sites\/4\/2026\/02\/IX-Congreso-Extremeno-de-Personas-con-Cancer-AECC-26-480x320.jpg 480w\" sizes=\"(max-width:767px) 480px, (max-width:1024px) 100vw, 1024px\" \/><\/a>\n\t\t\t\t<\/dt>\n\t\t\t\t\t<dd class='wp-caption-text gallery-caption'>\n\t\t\t\t\tIX Congreso Extreme\u00f1o de personas con c\u00e1ncer y sus familiares\n\t\t\t\t\t<\/dd><\/div><\/dl><br style=\"clear: both\" \/><dl class='gallery-item'  data-title='IX Congreso Extreme\u00f1o de personas con c\u00e1ncer y sus familiares' data-description=''><div class='gallery-item-wrapper'>\n\t\t\t\t<dt class='gallery-icon landscape'>\n\t\t\t\t\t<a href='https:\/\/congresos.contraelcancer.es\/extremadura\/wp-content\/uploads\/sites\/4\/2026\/02\/IX-Congreso-Extremeno-de-Personas-con-Cancer-AECC-27.jpg'><img loading=\"lazy\" decoding=\"async\" width=\"1024\" height=\"683\" src=\"https:\/\/congresos.contraelcancer.es\/extremadura\/wp-content\/uploads\/sites\/4\/2026\/02\/IX-Congreso-Extremeno-de-Personas-con-Cancer-AECC-27-1024x683.jpg\" class=\"attachment-large size-large\" alt=\"\" srcset=\"https:\/\/congresos.contraelcancer.es\/extremadura\/wp-content\/uploads\/sites\/4\/2026\/02\/IX-Congreso-Extremeno-de-Personas-con-Cancer-AECC-27-1024x683.jpg 1024w, https:\/\/congresos.contraelcancer.es\/extremadura\/wp-content\/uploads\/sites\/4\/2026\/02\/IX-Congreso-Extremeno-de-Personas-con-Cancer-AECC-27-300x200.jpg 300w, https:\/\/congresos.contraelcancer.es\/extremadura\/wp-content\/uploads\/sites\/4\/2026\/02\/IX-Congreso-Extremeno-de-Personas-con-Cancer-AECC-27-768x512.jpg 768w, https:\/\/congresos.contraelcancer.es\/extremadura\/wp-content\/uploads\/sites\/4\/2026\/02\/IX-Congreso-Extremeno-de-Personas-con-Cancer-AECC-27-112x75.jpg 112w, https:\/\/congresos.contraelcancer.es\/extremadura\/wp-content\/uploads\/sites\/4\/2026\/02\/IX-Congreso-Extremeno-de-Personas-con-Cancer-AECC-27-480x320.jpg 480w\" sizes=\"(max-width:767px) 480px, (max-width:1024px) 100vw, 1024px\" \/><\/a>\n\t\t\t\t<\/dt>\n\t\t\t\t\t<dd class='wp-caption-text gallery-caption'>\n\t\t\t\t\tIX Congreso Extreme\u00f1o de personas con c\u00e1ncer y sus familiares\n\t\t\t\t\t<\/dd><\/div><\/dl><dl class='gallery-item'  data-title='IX Congreso Extreme\u00f1o de personas con c\u00e1ncer y sus familiares' data-description=''><div class='gallery-item-wrapper'>\n\t\t\t\t<dt class='gallery-icon landscape'>\n\t\t\t\t\t<a href='https:\/\/congresos.contraelcancer.es\/extremadura\/wp-content\/uploads\/sites\/4\/2026\/02\/IX-Congreso-Extremeno-de-Personas-con-Cancer-AECC-28.jpg'><img loading=\"lazy\" decoding=\"async\" width=\"1024\" height=\"683\" src=\"https:\/\/congresos.contraelcancer.es\/extremadura\/wp-content\/uploads\/sites\/4\/2026\/02\/IX-Congreso-Extremeno-de-Personas-con-Cancer-AECC-28-1024x683.jpg\" class=\"attachment-large size-large\" alt=\"\" srcset=\"https:\/\/congresos.contraelcancer.es\/extremadura\/wp-content\/uploads\/sites\/4\/2026\/02\/IX-Congreso-Extremeno-de-Personas-con-Cancer-AECC-28-1024x683.jpg 1024w, https:\/\/congresos.contraelcancer.es\/extremadura\/wp-content\/uploads\/sites\/4\/2026\/02\/IX-Congreso-Extremeno-de-Personas-con-Cancer-AECC-28-300x200.jpg 300w, https:\/\/congresos.contraelcancer.es\/extremadura\/wp-content\/uploads\/sites\/4\/2026\/02\/IX-Congreso-Extremeno-de-Personas-con-Cancer-AECC-28-768x512.jpg 768w, https:\/\/congresos.contraelcancer.es\/extremadura\/wp-content\/uploads\/sites\/4\/2026\/02\/IX-Congreso-Extremeno-de-Personas-con-Cancer-AECC-28-112x75.jpg 112w, https:\/\/congresos.contraelcancer.es\/extremadura\/wp-content\/uploads\/sites\/4\/2026\/02\/IX-Congreso-Extremeno-de-Personas-con-Cancer-AECC-28-480x320.jpg 480w\" sizes=\"(max-width:767px) 480px, (max-width:1024px) 100vw, 1024px\" \/><\/a>\n\t\t\t\t<\/dt>\n\t\t\t\t\t<dd class='wp-caption-text gallery-caption'>\n\t\t\t\t\tIX Congreso Extreme\u00f1o de personas con c\u00e1ncer y sus familiares\n\t\t\t\t\t<\/dd><\/div><\/dl><dl class='gallery-item'  data-title='IX Congreso Extreme\u00f1o de personas con c\u00e1ncer y sus familiares' data-description=''><div class='gallery-item-wrapper'>\n\t\t\t\t<dt class='gallery-icon landscape'>\n\t\t\t\t\t<a href='https:\/\/congresos.contraelcancer.es\/extremadura\/wp-content\/uploads\/sites\/4\/2026\/02\/IX-Congreso-Extremeno-de-Personas-con-Cancer-AECC-29.jpg'><img loading=\"lazy\" decoding=\"async\" width=\"1024\" height=\"683\" src=\"https:\/\/congresos.contraelcancer.es\/extremadura\/wp-content\/uploads\/sites\/4\/2026\/02\/IX-Congreso-Extremeno-de-Personas-con-Cancer-AECC-29-1024x683.jpg\" class=\"attachment-large size-large\" alt=\"\" srcset=\"https:\/\/congresos.contraelcancer.es\/extremadura\/wp-content\/uploads\/sites\/4\/2026\/02\/IX-Congreso-Extremeno-de-Personas-con-Cancer-AECC-29-1024x683.jpg 1024w, https:\/\/congresos.contraelcancer.es\/extremadura\/wp-content\/uploads\/sites\/4\/2026\/02\/IX-Congreso-Extremeno-de-Personas-con-Cancer-AECC-29-300x200.jpg 300w, https:\/\/congresos.contraelcancer.es\/extremadura\/wp-content\/uploads\/sites\/4\/2026\/02\/IX-Congreso-Extremeno-de-Personas-con-Cancer-AECC-29-768x512.jpg 768w, https:\/\/congresos.contraelcancer.es\/extremadura\/wp-content\/uploads\/sites\/4\/2026\/02\/IX-Congreso-Extremeno-de-Personas-con-Cancer-AECC-29-112x75.jpg 112w, https:\/\/congresos.contraelcancer.es\/extremadura\/wp-content\/uploads\/sites\/4\/2026\/02\/IX-Congreso-Extremeno-de-Personas-con-Cancer-AECC-29-480x320.jpg 480w\" sizes=\"(max-width:767px) 480px, (max-width:1024px) 100vw, 1024px\" \/><\/a>\n\t\t\t\t<\/dt>\n\t\t\t\t\t<dd class='wp-caption-text gallery-caption'>\n\t\t\t\t\tIX Congreso Extreme\u00f1o de personas con c\u00e1ncer y sus familiares\n\t\t\t\t\t<\/dd><\/div><\/dl><dl class='gallery-item'  data-title='IX Congreso Extreme\u00f1o de personas con c\u00e1ncer y sus familiares' data-description=''><div class='gallery-item-wrapper'>\n\t\t\t\t<dt class='gallery-icon portrait'>\n\t\t\t\t\t<a href='https:\/\/congresos.contraelcancer.es\/extremadura\/wp-content\/uploads\/sites\/4\/2026\/02\/IX-Congreso-Extremeno-de-Personas-con-Cancer-AECC-30.jpg'><img loading=\"lazy\" decoding=\"async\" width=\"683\" height=\"1024\" src=\"https:\/\/congresos.contraelcancer.es\/extremadura\/wp-content\/uploads\/sites\/4\/2026\/02\/IX-Congreso-Extremeno-de-Personas-con-Cancer-AECC-30-683x1024.jpg\" class=\"attachment-large size-large\" alt=\"\" srcset=\"https:\/\/congresos.contraelcancer.es\/extremadura\/wp-content\/uploads\/sites\/4\/2026\/02\/IX-Congreso-Extremeno-de-Personas-con-Cancer-AECC-30-683x1024.jpg 683w, https:\/\/congresos.contraelcancer.es\/extremadura\/wp-content\/uploads\/sites\/4\/2026\/02\/IX-Congreso-Extremeno-de-Personas-con-Cancer-AECC-30-200x300.jpg 200w, https:\/\/congresos.contraelcancer.es\/extremadura\/wp-content\/uploads\/sites\/4\/2026\/02\/IX-Congreso-Extremeno-de-Personas-con-Cancer-AECC-30-50x75.jpg 50w, https:\/\/congresos.contraelcancer.es\/extremadura\/wp-content\/uploads\/sites\/4\/2026\/02\/IX-Congreso-Extremeno-de-Personas-con-Cancer-AECC-30-480x720.jpg 480w\" sizes=\"(max-width:767px) 480px, 683px\" \/><\/a>\n\t\t\t\t<\/dt>\n\t\t\t\t\t<dd class='wp-caption-text gallery-caption'>\n\t\t\t\t\tIX Congreso Extreme\u00f1o de personas con c\u00e1ncer y sus familiares\n\t\t\t\t\t<\/dd><\/div><\/dl><br style=\"clear: both\" \/><dl class='gallery-item'  data-title='IX Congreso Extreme\u00f1o de personas con c\u00e1ncer y sus familiares' data-description=''><div class='gallery-item-wrapper'>\n\t\t\t\t<dt class='gallery-icon landscape'>\n\t\t\t\t\t<a href='https:\/\/congresos.contraelcancer.es\/extremadura\/wp-content\/uploads\/sites\/4\/2026\/02\/IX-Congreso-Extremeno-de-Personas-con-Cancer-AECC-31.jpg'><img loading=\"lazy\" decoding=\"async\" width=\"1024\" height=\"683\" src=\"https:\/\/congresos.contraelcancer.es\/extremadura\/wp-content\/uploads\/sites\/4\/2026\/02\/IX-Congreso-Extremeno-de-Personas-con-Cancer-AECC-31-1024x683.jpg\" class=\"attachment-large size-large\" alt=\"\" srcset=\"https:\/\/congresos.contraelcancer.es\/extremadura\/wp-content\/uploads\/sites\/4\/2026\/02\/IX-Congreso-Extremeno-de-Personas-con-Cancer-AECC-31-1024x683.jpg 1024w, https:\/\/congresos.contraelcancer.es\/extremadura\/wp-content\/uploads\/sites\/4\/2026\/02\/IX-Congreso-Extremeno-de-Personas-con-Cancer-AECC-31-300x200.jpg 300w, https:\/\/congresos.contraelcancer.es\/extremadura\/wp-content\/uploads\/sites\/4\/2026\/02\/IX-Congreso-Extremeno-de-Personas-con-Cancer-AECC-31-768x512.jpg 768w, https:\/\/congresos.contraelcancer.es\/extremadura\/wp-content\/uploads\/sites\/4\/2026\/02\/IX-Congreso-Extremeno-de-Personas-con-Cancer-AECC-31-112x75.jpg 112w, https:\/\/congresos.contraelcancer.es\/extremadura\/wp-content\/uploads\/sites\/4\/2026\/02\/IX-Congreso-Extremeno-de-Personas-con-Cancer-AECC-31-480x320.jpg 480w\" sizes=\"(max-width:767px) 480px, (max-width:1024px) 100vw, 1024px\" \/><\/a>\n\t\t\t\t<\/dt>\n\t\t\t\t\t<dd class='wp-caption-text gallery-caption'>\n\t\t\t\t\tIX Congreso Extreme\u00f1o de personas con c\u00e1ncer y sus familiares\n\t\t\t\t\t<\/dd><\/div><\/dl><dl class='gallery-item'  data-title='IX Congreso Extreme\u00f1o de personas con c\u00e1ncer y sus familiares' data-description=''><div class='gallery-item-wrapper'>\n\t\t\t\t<dt class='gallery-icon landscape'>\n\t\t\t\t\t<a href='https:\/\/congresos.contraelcancer.es\/extremadura\/wp-content\/uploads\/sites\/4\/2026\/02\/IX-Congreso-Extremeno-de-Personas-con-Cancer-AECC-32.jpg'><img loading=\"lazy\" decoding=\"async\" width=\"1024\" height=\"683\" src=\"https:\/\/congresos.contraelcancer.es\/extremadura\/wp-content\/uploads\/sites\/4\/2026\/02\/IX-Congreso-Extremeno-de-Personas-con-Cancer-AECC-32-1024x683.jpg\" class=\"attachment-large size-large\" alt=\"\" srcset=\"https:\/\/congresos.contraelcancer.es\/extremadura\/wp-content\/uploads\/sites\/4\/2026\/02\/IX-Congreso-Extremeno-de-Personas-con-Cancer-AECC-32-1024x683.jpg 1024w, https:\/\/congresos.contraelcancer.es\/extremadura\/wp-content\/uploads\/sites\/4\/2026\/02\/IX-Congreso-Extremeno-de-Personas-con-Cancer-AECC-32-300x200.jpg 300w, https:\/\/congresos.contraelcancer.es\/extremadura\/wp-content\/uploads\/sites\/4\/2026\/02\/IX-Congreso-Extremeno-de-Personas-con-Cancer-AECC-32-768x512.jpg 768w, https:\/\/congresos.contraelcancer.es\/extremadura\/wp-content\/uploads\/sites\/4\/2026\/02\/IX-Congreso-Extremeno-de-Personas-con-Cancer-AECC-32-112x75.jpg 112w, https:\/\/congresos.contraelcancer.es\/extremadura\/wp-content\/uploads\/sites\/4\/2026\/02\/IX-Congreso-Extremeno-de-Personas-con-Cancer-AECC-32-480x320.jpg 480w\" sizes=\"(max-width:767px) 480px, (max-width:1024px) 100vw, 1024px\" \/><\/a>\n\t\t\t\t<\/dt>\n\t\t\t\t\t<dd class='wp-caption-text gallery-caption'>\n\t\t\t\t\tIX Congreso Extreme\u00f1o de personas con c\u00e1ncer y sus familiares\n\t\t\t\t\t<\/dd><\/div><\/dl><dl class='gallery-item'  data-title='IX Congreso Extreme\u00f1o de personas con c\u00e1ncer y sus familiares' data-description=''><div class='gallery-item-wrapper'>\n\t\t\t\t<dt class='gallery-icon landscape'>\n\t\t\t\t\t<a href='https:\/\/congresos.contraelcancer.es\/extremadura\/wp-content\/uploads\/sites\/4\/2026\/02\/IX-Congreso-Extremeno-de-Personas-con-Cancer-AECC-33.jpg'><img loading=\"lazy\" decoding=\"async\" width=\"1024\" height=\"683\" src=\"https:\/\/congresos.contraelcancer.es\/extremadura\/wp-content\/uploads\/sites\/4\/2026\/02\/IX-Congreso-Extremeno-de-Personas-con-Cancer-AECC-33-1024x683.jpg\" class=\"attachment-large size-large\" alt=\"\" srcset=\"https:\/\/congresos.contraelcancer.es\/extremadura\/wp-content\/uploads\/sites\/4\/2026\/02\/IX-Congreso-Extremeno-de-Personas-con-Cancer-AECC-33-1024x683.jpg 1024w, https:\/\/congresos.contraelcancer.es\/extremadura\/wp-content\/uploads\/sites\/4\/2026\/02\/IX-Congreso-Extremeno-de-Personas-con-Cancer-AECC-33-300x200.jpg 300w, https:\/\/congresos.contraelcancer.es\/extremadura\/wp-content\/uploads\/sites\/4\/2026\/02\/IX-Congreso-Extremeno-de-Personas-con-Cancer-AECC-33-768x512.jpg 768w, https:\/\/congresos.contraelcancer.es\/extremadura\/wp-content\/uploads\/sites\/4\/2026\/02\/IX-Congreso-Extremeno-de-Personas-con-Cancer-AECC-33-112x75.jpg 112w, https:\/\/congresos.contraelcancer.es\/extremadura\/wp-content\/uploads\/sites\/4\/2026\/02\/IX-Congreso-Extremeno-de-Personas-con-Cancer-AECC-33-480x320.jpg 480w\" sizes=\"(max-width:767px) 480px, (max-width:1024px) 100vw, 1024px\" \/><\/a>\n\t\t\t\t<\/dt>\n\t\t\t\t\t<dd class='wp-caption-text gallery-caption'>\n\t\t\t\t\tIX Congreso Extreme\u00f1o de personas con c\u00e1ncer y sus familiares\n\t\t\t\t\t<\/dd><\/div><\/dl><dl class='gallery-item'  data-title='IX Congreso Extreme\u00f1o de personas con c\u00e1ncer y sus familiares' data-description=''><div class='gallery-item-wrapper'>\n\t\t\t\t<dt class='gallery-icon landscape'>\n\t\t\t\t\t<a href='https:\/\/congresos.contraelcancer.es\/extremadura\/wp-content\/uploads\/sites\/4\/2026\/02\/IX-Congreso-Extremeno-de-Personas-con-Cancer-AECC-34.jpg'><img loading=\"lazy\" decoding=\"async\" width=\"1024\" height=\"683\" src=\"https:\/\/congresos.contraelcancer.es\/extremadura\/wp-content\/uploads\/sites\/4\/2026\/02\/IX-Congreso-Extremeno-de-Personas-con-Cancer-AECC-34-1024x683.jpg\" class=\"attachment-large size-large\" alt=\"\" srcset=\"https:\/\/congresos.contraelcancer.es\/extremadura\/wp-content\/uploads\/sites\/4\/2026\/02\/IX-Congreso-Extremeno-de-Personas-con-Cancer-AECC-34-1024x683.jpg 1024w, https:\/\/congresos.contraelcancer.es\/extremadura\/wp-content\/uploads\/sites\/4\/2026\/02\/IX-Congreso-Extremeno-de-Personas-con-Cancer-AECC-34-300x200.jpg 300w, https:\/\/congresos.contraelcancer.es\/extremadura\/wp-content\/uploads\/sites\/4\/2026\/02\/IX-Congreso-Extremeno-de-Personas-con-Cancer-AECC-34-768x512.jpg 768w, https:\/\/congresos.contraelcancer.es\/extremadura\/wp-content\/uploads\/sites\/4\/2026\/02\/IX-Congreso-Extremeno-de-Personas-con-Cancer-AECC-34-112x75.jpg 112w, https:\/\/congresos.contraelcancer.es\/extremadura\/wp-content\/uploads\/sites\/4\/2026\/02\/IX-Congreso-Extremeno-de-Personas-con-Cancer-AECC-34-480x320.jpg 480w\" sizes=\"(max-width:767px) 480px, (max-width:1024px) 100vw, 1024px\" \/><\/a>\n\t\t\t\t<\/dt>\n\t\t\t\t\t<dd class='wp-caption-text gallery-caption'>\n\t\t\t\t\tIX Congreso Extreme\u00f1o de personas con c\u00e1ncer y sus familiares\n\t\t\t\t\t<\/dd><\/div><\/dl><br style=\"clear: both\" \/><dl class='gallery-item'  data-title='IX Congreso Extreme\u00f1o de personas con c\u00e1ncer y sus familiares' data-description=''><div class='gallery-item-wrapper'>\n\t\t\t\t<dt class='gallery-icon landscape'>\n\t\t\t\t\t<a href='https:\/\/congresos.contraelcancer.es\/extremadura\/wp-content\/uploads\/sites\/4\/2026\/02\/IX-Congreso-Extremeno-de-Personas-con-Cancer-AECC-35.jpg'><img loading=\"lazy\" decoding=\"async\" width=\"1024\" height=\"683\" src=\"https:\/\/congresos.contraelcancer.es\/extremadura\/wp-content\/uploads\/sites\/4\/2026\/02\/IX-Congreso-Extremeno-de-Personas-con-Cancer-AECC-35-1024x683.jpg\" class=\"attachment-large size-large\" alt=\"\" srcset=\"https:\/\/congresos.contraelcancer.es\/extremadura\/wp-content\/uploads\/sites\/4\/2026\/02\/IX-Congreso-Extremeno-de-Personas-con-Cancer-AECC-35-1024x683.jpg 1024w, https:\/\/congresos.contraelcancer.es\/extremadura\/wp-content\/uploads\/sites\/4\/2026\/02\/IX-Congreso-Extremeno-de-Personas-con-Cancer-AECC-35-300x200.jpg 300w, https:\/\/congresos.contraelcancer.es\/extremadura\/wp-content\/uploads\/sites\/4\/2026\/02\/IX-Congreso-Extremeno-de-Personas-con-Cancer-AECC-35-768x512.jpg 768w, https:\/\/congresos.contraelcancer.es\/extremadura\/wp-content\/uploads\/sites\/4\/2026\/02\/IX-Congreso-Extremeno-de-Personas-con-Cancer-AECC-35-112x75.jpg 112w, https:\/\/congresos.contraelcancer.es\/extremadura\/wp-content\/uploads\/sites\/4\/2026\/02\/IX-Congreso-Extremeno-de-Personas-con-Cancer-AECC-35-480x320.jpg 480w\" sizes=\"(max-width:767px) 480px, (max-width:1024px) 100vw, 1024px\" \/><\/a>\n\t\t\t\t<\/dt>\n\t\t\t\t\t<dd class='wp-caption-text gallery-caption'>\n\t\t\t\t\tIX Congreso Extreme\u00f1o de personas con c\u00e1ncer y sus familiares\n\t\t\t\t\t<\/dd><\/div><\/dl><dl class='gallery-item'  data-title='IX Congreso Extreme\u00f1o de personas con c\u00e1ncer y sus familiares' data-description=''><div class='gallery-item-wrapper'>\n\t\t\t\t<dt class='gallery-icon landscape'>\n\t\t\t\t\t<a href='https:\/\/congresos.contraelcancer.es\/extremadura\/wp-content\/uploads\/sites\/4\/2026\/02\/IX-Congreso-Extremeno-de-Personas-con-Cancer-AECC-36.jpg'><img loading=\"lazy\" decoding=\"async\" width=\"1024\" height=\"683\" src=\"https:\/\/congresos.contraelcancer.es\/extremadura\/wp-content\/uploads\/sites\/4\/2026\/02\/IX-Congreso-Extremeno-de-Personas-con-Cancer-AECC-36-1024x683.jpg\" class=\"attachment-large size-large\" alt=\"\" srcset=\"https:\/\/congresos.contraelcancer.es\/extremadura\/wp-content\/uploads\/sites\/4\/2026\/02\/IX-Congreso-Extremeno-de-Personas-con-Cancer-AECC-36-1024x683.jpg 1024w, https:\/\/congresos.contraelcancer.es\/extremadura\/wp-content\/uploads\/sites\/4\/2026\/02\/IX-Congreso-Extremeno-de-Personas-con-Cancer-AECC-36-300x200.jpg 300w, https:\/\/congresos.contraelcancer.es\/extremadura\/wp-content\/uploads\/sites\/4\/2026\/02\/IX-Congreso-Extremeno-de-Personas-con-Cancer-AECC-36-768x512.jpg 768w, https:\/\/congresos.contraelcancer.es\/extremadura\/wp-content\/uploads\/sites\/4\/2026\/02\/IX-Congreso-Extremeno-de-Personas-con-Cancer-AECC-36-112x75.jpg 112w, https:\/\/congresos.contraelcancer.es\/extremadura\/wp-content\/uploads\/sites\/4\/2026\/02\/IX-Congreso-Extremeno-de-Personas-con-Cancer-AECC-36-480x320.jpg 480w\" sizes=\"(max-width:767px) 480px, (max-width:1024px) 100vw, 1024px\" \/><\/a>\n\t\t\t\t<\/dt>\n\t\t\t\t\t<dd class='wp-caption-text gallery-caption'>\n\t\t\t\t\tIX Congreso Extreme\u00f1o de personas con c\u00e1ncer y sus familiares\n\t\t\t\t\t<\/dd><\/div><\/dl><dl class='gallery-item'  data-title='IX Congreso Extreme\u00f1o de personas con c\u00e1ncer y sus familiares' data-description=''><div class='gallery-item-wrapper'>\n\t\t\t\t<dt class='gallery-icon landscape'>\n\t\t\t\t\t<a href='https:\/\/congresos.contraelcancer.es\/extremadura\/wp-content\/uploads\/sites\/4\/2026\/02\/IX-Congreso-Extremeno-de-Personas-con-Cancer-AECC-37.jpg'><img loading=\"lazy\" decoding=\"async\" width=\"1024\" height=\"683\" src=\"https:\/\/congresos.contraelcancer.es\/extremadura\/wp-content\/uploads\/sites\/4\/2026\/02\/IX-Congreso-Extremeno-de-Personas-con-Cancer-AECC-37-1024x683.jpg\" class=\"attachment-large size-large\" alt=\"\" srcset=\"https:\/\/congresos.contraelcancer.es\/extremadura\/wp-content\/uploads\/sites\/4\/2026\/02\/IX-Congreso-Extremeno-de-Personas-con-Cancer-AECC-37-1024x683.jpg 1024w, https:\/\/congresos.contraelcancer.es\/extremadura\/wp-content\/uploads\/sites\/4\/2026\/02\/IX-Congreso-Extremeno-de-Personas-con-Cancer-AECC-37-300x200.jpg 300w, https:\/\/congresos.contraelcancer.es\/extremadura\/wp-content\/uploads\/sites\/4\/2026\/02\/IX-Congreso-Extremeno-de-Personas-con-Cancer-AECC-37-768x512.jpg 768w, https:\/\/congresos.contraelcancer.es\/extremadura\/wp-content\/uploads\/sites\/4\/2026\/02\/IX-Congreso-Extremeno-de-Personas-con-Cancer-AECC-37-112x75.jpg 112w, https:\/\/congresos.contraelcancer.es\/extremadura\/wp-content\/uploads\/sites\/4\/2026\/02\/IX-Congreso-Extremeno-de-Personas-con-Cancer-AECC-37-480x320.jpg 480w\" sizes=\"(max-width:767px) 480px, (max-width:1024px) 100vw, 1024px\" \/><\/a>\n\t\t\t\t<\/dt>\n\t\t\t\t\t<dd class='wp-caption-text gallery-caption'>\n\t\t\t\t\tIX Congreso Extreme\u00f1o de personas con c\u00e1ncer y sus familiares\n\t\t\t\t\t<\/dd><\/div><\/dl><dl class='gallery-item'  data-title='IX Congreso Extreme\u00f1o de personas con c\u00e1ncer y sus familiares' data-description=''><div class='gallery-item-wrapper'>\n\t\t\t\t<dt class='gallery-icon landscape'>\n\t\t\t\t\t<a href='https:\/\/congresos.contraelcancer.es\/extremadura\/wp-content\/uploads\/sites\/4\/2026\/02\/IX-Congreso-Extremeno-de-Personas-con-Cancer-AECC-38.jpg'><img loading=\"lazy\" decoding=\"async\" width=\"1024\" height=\"683\" src=\"https:\/\/congresos.contraelcancer.es\/extremadura\/wp-content\/uploads\/sites\/4\/2026\/02\/IX-Congreso-Extremeno-de-Personas-con-Cancer-AECC-38-1024x683.jpg\" class=\"attachment-large size-large\" alt=\"\" srcset=\"https:\/\/congresos.contraelcancer.es\/extremadura\/wp-content\/uploads\/sites\/4\/2026\/02\/IX-Congreso-Extremeno-de-Personas-con-Cancer-AECC-38-1024x683.jpg 1024w, https:\/\/congresos.contraelcancer.es\/extremadura\/wp-content\/uploads\/sites\/4\/2026\/02\/IX-Congreso-Extremeno-de-Personas-con-Cancer-AECC-38-300x200.jpg 300w, https:\/\/congresos.contraelcancer.es\/extremadura\/wp-content\/uploads\/sites\/4\/2026\/02\/IX-Congreso-Extremeno-de-Personas-con-Cancer-AECC-38-768x512.jpg 768w, https:\/\/congresos.contraelcancer.es\/extremadura\/wp-content\/uploads\/sites\/4\/2026\/02\/IX-Congreso-Extremeno-de-Personas-con-Cancer-AECC-38-112x75.jpg 112w, https:\/\/congresos.contraelcancer.es\/extremadura\/wp-content\/uploads\/sites\/4\/2026\/02\/IX-Congreso-Extremeno-de-Personas-con-Cancer-AECC-38-480x320.jpg 480w\" sizes=\"(max-width:767px) 480px, (max-width:1024px) 100vw, 1024px\" \/><\/a>\n\t\t\t\t<\/dt>\n\t\t\t\t\t<dd class='wp-caption-text gallery-caption'>\n\t\t\t\t\tIX Congreso Extreme\u00f1o de personas con c\u00e1ncer y sus familiares\n\t\t\t\t\t<\/dd><\/div><\/dl><br style=\"clear: both\" \/><dl class='gallery-item'  data-title='IX Congreso Extreme\u00f1o de personas con c\u00e1ncer y sus familiares' data-description=''><div class='gallery-item-wrapper'>\n\t\t\t\t<dt class='gallery-icon portrait'>\n\t\t\t\t\t<a href='https:\/\/congresos.contraelcancer.es\/extremadura\/wp-content\/uploads\/sites\/4\/2026\/02\/IX-Congreso-Extremeno-de-Personas-con-Cancer-AECC-39.jpg'><img loading=\"lazy\" decoding=\"async\" width=\"683\" height=\"1024\" src=\"https:\/\/congresos.contraelcancer.es\/extremadura\/wp-content\/uploads\/sites\/4\/2026\/02\/IX-Congreso-Extremeno-de-Personas-con-Cancer-AECC-39-683x1024.jpg\" class=\"attachment-large size-large\" alt=\"\" srcset=\"https:\/\/congresos.contraelcancer.es\/extremadura\/wp-content\/uploads\/sites\/4\/2026\/02\/IX-Congreso-Extremeno-de-Personas-con-Cancer-AECC-39-683x1024.jpg 683w, https:\/\/congresos.contraelcancer.es\/extremadura\/wp-content\/uploads\/sites\/4\/2026\/02\/IX-Congreso-Extremeno-de-Personas-con-Cancer-AECC-39-200x300.jpg 200w, https:\/\/congresos.contraelcancer.es\/extremadura\/wp-content\/uploads\/sites\/4\/2026\/02\/IX-Congreso-Extremeno-de-Personas-con-Cancer-AECC-39-50x75.jpg 50w, https:\/\/congresos.contraelcancer.es\/extremadura\/wp-content\/uploads\/sites\/4\/2026\/02\/IX-Congreso-Extremeno-de-Personas-con-Cancer-AECC-39-480x720.jpg 480w\" sizes=\"(max-width:767px) 480px, 683px\" \/><\/a>\n\t\t\t\t<\/dt>\n\t\t\t\t\t<dd class='wp-caption-text gallery-caption'>\n\t\t\t\t\tIX Congreso Extreme\u00f1o de personas con c\u00e1ncer y sus familiares\n\t\t\t\t\t<\/dd><\/div><\/dl><dl class='gallery-item'  data-title='IX Congreso Extreme\u00f1o de personas con c\u00e1ncer y sus familiares' data-description=''><div class='gallery-item-wrapper'>\n\t\t\t\t<dt class='gallery-icon portrait'>\n\t\t\t\t\t<a href='https:\/\/congresos.contraelcancer.es\/extremadura\/wp-content\/uploads\/sites\/4\/2026\/02\/IX-Congreso-Extremeno-de-Personas-con-Cancer-AECC-40.jpg'><img loading=\"lazy\" decoding=\"async\" width=\"683\" height=\"1024\" src=\"https:\/\/congresos.contraelcancer.es\/extremadura\/wp-content\/uploads\/sites\/4\/2026\/02\/IX-Congreso-Extremeno-de-Personas-con-Cancer-AECC-40-683x1024.jpg\" class=\"attachment-large size-large\" alt=\"\" srcset=\"https:\/\/congresos.contraelcancer.es\/extremadura\/wp-content\/uploads\/sites\/4\/2026\/02\/IX-Congreso-Extremeno-de-Personas-con-Cancer-AECC-40-683x1024.jpg 683w, https:\/\/congresos.contraelcancer.es\/extremadura\/wp-content\/uploads\/sites\/4\/2026\/02\/IX-Congreso-Extremeno-de-Personas-con-Cancer-AECC-40-200x300.jpg 200w, https:\/\/congresos.contraelcancer.es\/extremadura\/wp-content\/uploads\/sites\/4\/2026\/02\/IX-Congreso-Extremeno-de-Personas-con-Cancer-AECC-40-50x75.jpg 50w, https:\/\/congresos.contraelcancer.es\/extremadura\/wp-content\/uploads\/sites\/4\/2026\/02\/IX-Congreso-Extremeno-de-Personas-con-Cancer-AECC-40-480x720.jpg 480w\" sizes=\"(max-width:767px) 480px, 683px\" \/><\/a>\n\t\t\t\t<\/dt>\n\t\t\t\t\t<dd class='wp-caption-text gallery-caption'>\n\t\t\t\t\tIX Congreso Extreme\u00f1o de personas con c\u00e1ncer y sus familiares\n\t\t\t\t\t<\/dd><\/div><\/dl><dl class='gallery-item'  data-title='IX Congreso Extreme\u00f1o de personas con c\u00e1ncer y sus familiares' data-description=''><div class='gallery-item-wrapper'>\n\t\t\t\t<dt class='gallery-icon landscape'>\n\t\t\t\t\t<a href='https:\/\/congresos.contraelcancer.es\/extremadura\/wp-content\/uploads\/sites\/4\/2026\/02\/IX-Congreso-Extremeno-de-Personas-con-Cancer-AECC-41.jpg'><img loading=\"lazy\" decoding=\"async\" width=\"1024\" height=\"683\" src=\"https:\/\/congresos.contraelcancer.es\/extremadura\/wp-content\/uploads\/sites\/4\/2026\/02\/IX-Congreso-Extremeno-de-Personas-con-Cancer-AECC-41-1024x683.jpg\" class=\"attachment-large size-large\" alt=\"\" srcset=\"https:\/\/congresos.contraelcancer.es\/extremadura\/wp-content\/uploads\/sites\/4\/2026\/02\/IX-Congreso-Extremeno-de-Personas-con-Cancer-AECC-41-1024x683.jpg 1024w, https:\/\/congresos.contraelcancer.es\/extremadura\/wp-content\/uploads\/sites\/4\/2026\/02\/IX-Congreso-Extremeno-de-Personas-con-Cancer-AECC-41-300x200.jpg 300w, https:\/\/congresos.contraelcancer.es\/extremadura\/wp-content\/uploads\/sites\/4\/2026\/02\/IX-Congreso-Extremeno-de-Personas-con-Cancer-AECC-41-768x512.jpg 768w, https:\/\/congresos.contraelcancer.es\/extremadura\/wp-content\/uploads\/sites\/4\/2026\/02\/IX-Congreso-Extremeno-de-Personas-con-Cancer-AECC-41-112x75.jpg 112w, https:\/\/congresos.contraelcancer.es\/extremadura\/wp-content\/uploads\/sites\/4\/2026\/02\/IX-Congreso-Extremeno-de-Personas-con-Cancer-AECC-41-480x320.jpg 480w\" sizes=\"(max-width:767px) 480px, (max-width:1024px) 100vw, 1024px\" \/><\/a>\n\t\t\t\t<\/dt>\n\t\t\t\t\t<dd class='wp-caption-text gallery-caption'>\n\t\t\t\t\tIX Congreso Extreme\u00f1o de personas con c\u00e1ncer y sus familiares\n\t\t\t\t\t<\/dd><\/div><\/dl><dl class='gallery-item'  data-title='IX Congreso Extreme\u00f1o de personas con c\u00e1ncer y sus familiares' data-description=''><div class='gallery-item-wrapper'>\n\t\t\t\t<dt class='gallery-icon landscape'>\n\t\t\t\t\t<a href='https:\/\/congresos.contraelcancer.es\/extremadura\/wp-content\/uploads\/sites\/4\/2026\/02\/IX-Congreso-Extremeno-de-Personas-con-Cancer-AECC-42.jpg'><img loading=\"lazy\" decoding=\"async\" width=\"1024\" height=\"683\" src=\"https:\/\/congresos.contraelcancer.es\/extremadura\/wp-content\/uploads\/sites\/4\/2026\/02\/IX-Congreso-Extremeno-de-Personas-con-Cancer-AECC-42-1024x683.jpg\" class=\"attachment-large size-large\" alt=\"\" srcset=\"https:\/\/congresos.contraelcancer.es\/extremadura\/wp-content\/uploads\/sites\/4\/2026\/02\/IX-Congreso-Extremeno-de-Personas-con-Cancer-AECC-42-1024x683.jpg 1024w, https:\/\/congresos.contraelcancer.es\/extremadura\/wp-content\/uploads\/sites\/4\/2026\/02\/IX-Congreso-Extremeno-de-Personas-con-Cancer-AECC-42-300x200.jpg 300w, https:\/\/congresos.contraelcancer.es\/extremadura\/wp-content\/uploads\/sites\/4\/2026\/02\/IX-Congreso-Extremeno-de-Personas-con-Cancer-AECC-42-768x512.jpg 768w, https:\/\/congresos.contraelcancer.es\/extremadura\/wp-content\/uploads\/sites\/4\/2026\/02\/IX-Congreso-Extremeno-de-Personas-con-Cancer-AECC-42-112x75.jpg 112w, https:\/\/congresos.contraelcancer.es\/extremadura\/wp-content\/uploads\/sites\/4\/2026\/02\/IX-Congreso-Extremeno-de-Personas-con-Cancer-AECC-42-480x320.jpg 480w\" sizes=\"(max-width:767px) 480px, (max-width:1024px) 100vw, 1024px\" \/><\/a>\n\t\t\t\t<\/dt>\n\t\t\t\t\t<dd class='wp-caption-text gallery-caption'>\n\t\t\t\t\tIX Congreso Extreme\u00f1o de personas con c\u00e1ncer y sus familiares\n\t\t\t\t\t<\/dd><\/div><\/dl><br style=\"clear: both\" \/><dl class='gallery-item'  data-title='IX Congreso Extreme\u00f1o de personas con c\u00e1ncer y sus familiares' data-description=''><div class='gallery-item-wrapper'>\n\t\t\t\t<dt class='gallery-icon landscape'>\n\t\t\t\t\t<a href='https:\/\/congresos.contraelcancer.es\/extremadura\/wp-content\/uploads\/sites\/4\/2026\/02\/IX-Congreso-Extremeno-de-Personas-con-Cancer-AECC-43.jpg'><img loading=\"lazy\" decoding=\"async\" width=\"1024\" height=\"683\" src=\"https:\/\/congresos.contraelcancer.es\/extremadura\/wp-content\/uploads\/sites\/4\/2026\/02\/IX-Congreso-Extremeno-de-Personas-con-Cancer-AECC-43-1024x683.jpg\" class=\"attachment-large size-large\" alt=\"\" srcset=\"https:\/\/congresos.contraelcancer.es\/extremadura\/wp-content\/uploads\/sites\/4\/2026\/02\/IX-Congreso-Extremeno-de-Personas-con-Cancer-AECC-43-1024x683.jpg 1024w, https:\/\/congresos.contraelcancer.es\/extremadura\/wp-content\/uploads\/sites\/4\/2026\/02\/IX-Congreso-Extremeno-de-Personas-con-Cancer-AECC-43-300x200.jpg 300w, https:\/\/congresos.contraelcancer.es\/extremadura\/wp-content\/uploads\/sites\/4\/2026\/02\/IX-Congreso-Extremeno-de-Personas-con-Cancer-AECC-43-768x512.jpg 768w, https:\/\/congresos.contraelcancer.es\/extremadura\/wp-content\/uploads\/sites\/4\/2026\/02\/IX-Congreso-Extremeno-de-Personas-con-Cancer-AECC-43-112x75.jpg 112w, https:\/\/congresos.contraelcancer.es\/extremadura\/wp-content\/uploads\/sites\/4\/2026\/02\/IX-Congreso-Extremeno-de-Personas-con-Cancer-AECC-43-480x320.jpg 480w\" sizes=\"(max-width:767px) 480px, (max-width:1024px) 100vw, 1024px\" \/><\/a>\n\t\t\t\t<\/dt>\n\t\t\t\t\t<dd class='wp-caption-text gallery-caption'>\n\t\t\t\t\tIX Congreso Extreme\u00f1o de personas con c\u00e1ncer y sus familiares\n\t\t\t\t\t<\/dd><\/div><\/dl><dl class='gallery-item'  data-title='IX Congreso Extreme\u00f1o de personas con c\u00e1ncer y sus familiares' data-description=''><div class='gallery-item-wrapper'>\n\t\t\t\t<dt class='gallery-icon landscape'>\n\t\t\t\t\t<a href='https:\/\/congresos.contraelcancer.es\/extremadura\/wp-content\/uploads\/sites\/4\/2026\/02\/IX-Congreso-Extremeno-de-Personas-con-Cancer-AECC-44.jpg'><img loading=\"lazy\" decoding=\"async\" width=\"1024\" height=\"683\" src=\"https:\/\/congresos.contraelcancer.es\/extremadura\/wp-content\/uploads\/sites\/4\/2026\/02\/IX-Congreso-Extremeno-de-Personas-con-Cancer-AECC-44-1024x683.jpg\" class=\"attachment-large size-large\" alt=\"\" srcset=\"https:\/\/congresos.contraelcancer.es\/extremadura\/wp-content\/uploads\/sites\/4\/2026\/02\/IX-Congreso-Extremeno-de-Personas-con-Cancer-AECC-44-1024x683.jpg 1024w, https:\/\/congresos.contraelcancer.es\/extremadura\/wp-content\/uploads\/sites\/4\/2026\/02\/IX-Congreso-Extremeno-de-Personas-con-Cancer-AECC-44-300x200.jpg 300w, https:\/\/congresos.contraelcancer.es\/extremadura\/wp-content\/uploads\/sites\/4\/2026\/02\/IX-Congreso-Extremeno-de-Personas-con-Cancer-AECC-44-768x512.jpg 768w, https:\/\/congresos.contraelcancer.es\/extremadura\/wp-content\/uploads\/sites\/4\/2026\/02\/IX-Congreso-Extremeno-de-Personas-con-Cancer-AECC-44-112x75.jpg 112w, https:\/\/congresos.contraelcancer.es\/extremadura\/wp-content\/uploads\/sites\/4\/2026\/02\/IX-Congreso-Extremeno-de-Personas-con-Cancer-AECC-44-480x320.jpg 480w\" sizes=\"(max-width:767px) 480px, (max-width:1024px) 100vw, 1024px\" \/><\/a>\n\t\t\t\t<\/dt>\n\t\t\t\t\t<dd class='wp-caption-text gallery-caption'>\n\t\t\t\t\tIX Congreso Extreme\u00f1o de personas con c\u00e1ncer y sus familiares\n\t\t\t\t\t<\/dd><\/div><\/dl><dl class='gallery-item'  data-title='IX Congreso Extreme\u00f1o de personas con c\u00e1ncer y sus familiares' data-description=''><div class='gallery-item-wrapper'>\n\t\t\t\t<dt class='gallery-icon landscape'>\n\t\t\t\t\t<a href='https:\/\/congresos.contraelcancer.es\/extremadura\/wp-content\/uploads\/sites\/4\/2026\/02\/IX-Congreso-Extremeno-de-Personas-con-Cancer-AECC-45.jpg'><img loading=\"lazy\" decoding=\"async\" width=\"1024\" height=\"683\" src=\"https:\/\/congresos.contraelcancer.es\/extremadura\/wp-content\/uploads\/sites\/4\/2026\/02\/IX-Congreso-Extremeno-de-Personas-con-Cancer-AECC-45-1024x683.jpg\" class=\"attachment-large size-large\" alt=\"\" srcset=\"https:\/\/congresos.contraelcancer.es\/extremadura\/wp-content\/uploads\/sites\/4\/2026\/02\/IX-Congreso-Extremeno-de-Personas-con-Cancer-AECC-45-1024x683.jpg 1024w, https:\/\/congresos.contraelcancer.es\/extremadura\/wp-content\/uploads\/sites\/4\/2026\/02\/IX-Congreso-Extremeno-de-Personas-con-Cancer-AECC-45-300x200.jpg 300w, https:\/\/congresos.contraelcancer.es\/extremadura\/wp-content\/uploads\/sites\/4\/2026\/02\/IX-Congreso-Extremeno-de-Personas-con-Cancer-AECC-45-768x512.jpg 768w, https:\/\/congresos.contraelcancer.es\/extremadura\/wp-content\/uploads\/sites\/4\/2026\/02\/IX-Congreso-Extremeno-de-Personas-con-Cancer-AECC-45-112x75.jpg 112w, https:\/\/congresos.contraelcancer.es\/extremadura\/wp-content\/uploads\/sites\/4\/2026\/02\/IX-Congreso-Extremeno-de-Personas-con-Cancer-AECC-45-480x320.jpg 480w\" sizes=\"(max-width:767px) 480px, (max-width:1024px) 100vw, 1024px\" \/><\/a>\n\t\t\t\t<\/dt>\n\t\t\t\t\t<dd class='wp-caption-text gallery-caption'>\n\t\t\t\t\tIX Congreso Extreme\u00f1o de personas con c\u00e1ncer y sus familiares\n\t\t\t\t\t<\/dd><\/div><\/dl><dl class='gallery-item'  data-title='IX Congreso Extreme\u00f1o de personas con c\u00e1ncer y sus familiares' data-description=''><div class='gallery-item-wrapper'>\n\t\t\t\t<dt class='gallery-icon landscape'>\n\t\t\t\t\t<a href='https:\/\/congresos.contraelcancer.es\/extremadura\/wp-content\/uploads\/sites\/4\/2026\/02\/IX-Congreso-Extremeno-de-Personas-con-Cancer-AECC-46.jpg'><img loading=\"lazy\" decoding=\"async\" width=\"1024\" height=\"683\" src=\"https:\/\/congresos.contraelcancer.es\/extremadura\/wp-content\/uploads\/sites\/4\/2026\/02\/IX-Congreso-Extremeno-de-Personas-con-Cancer-AECC-46-1024x683.jpg\" class=\"attachment-large size-large\" alt=\"\" srcset=\"https:\/\/congresos.contraelcancer.es\/extremadura\/wp-content\/uploads\/sites\/4\/2026\/02\/IX-Congreso-Extremeno-de-Personas-con-Cancer-AECC-46-1024x683.jpg 1024w, https:\/\/congresos.contraelcancer.es\/extremadura\/wp-content\/uploads\/sites\/4\/2026\/02\/IX-Congreso-Extremeno-de-Personas-con-Cancer-AECC-46-300x200.jpg 300w, https:\/\/congresos.contraelcancer.es\/extremadura\/wp-content\/uploads\/sites\/4\/2026\/02\/IX-Congreso-Extremeno-de-Personas-con-Cancer-AECC-46-768x512.jpg 768w, https:\/\/congresos.contraelcancer.es\/extremadura\/wp-content\/uploads\/sites\/4\/2026\/02\/IX-Congreso-Extremeno-de-Personas-con-Cancer-AECC-46-112x75.jpg 112w, https:\/\/congresos.contraelcancer.es\/extremadura\/wp-content\/uploads\/sites\/4\/2026\/02\/IX-Congreso-Extremeno-de-Personas-con-Cancer-AECC-46-480x320.jpg 480w\" sizes=\"(max-width:767px) 480px, (max-width:1024px) 100vw, 1024px\" \/><\/a>\n\t\t\t\t<\/dt>\n\t\t\t\t\t<dd class='wp-caption-text gallery-caption'>\n\t\t\t\t\tIX Congreso Extreme\u00f1o de personas con c\u00e1ncer y sus familiares\n\t\t\t\t\t<\/dd><\/div><\/dl><br style=\"clear: both\" \/><dl class='gallery-item'  data-title='IX Congreso Extreme\u00f1o de personas con c\u00e1ncer y sus familiares' data-description=''><div class='gallery-item-wrapper'>\n\t\t\t\t<dt class='gallery-icon landscape'>\n\t\t\t\t\t<a href='https:\/\/congresos.contraelcancer.es\/extremadura\/wp-content\/uploads\/sites\/4\/2026\/02\/IX-Congreso-Extremeno-de-Personas-con-Cancer-AECC-47.jpg'><img loading=\"lazy\" decoding=\"async\" width=\"1024\" height=\"683\" src=\"https:\/\/congresos.contraelcancer.es\/extremadura\/wp-content\/uploads\/sites\/4\/2026\/02\/IX-Congreso-Extremeno-de-Personas-con-Cancer-AECC-47-1024x683.jpg\" class=\"attachment-large size-large\" alt=\"\" srcset=\"https:\/\/congresos.contraelcancer.es\/extremadura\/wp-content\/uploads\/sites\/4\/2026\/02\/IX-Congreso-Extremeno-de-Personas-con-Cancer-AECC-47-1024x683.jpg 1024w, https:\/\/congresos.contraelcancer.es\/extremadura\/wp-content\/uploads\/sites\/4\/2026\/02\/IX-Congreso-Extremeno-de-Personas-con-Cancer-AECC-47-300x200.jpg 300w, https:\/\/congresos.contraelcancer.es\/extremadura\/wp-content\/uploads\/sites\/4\/2026\/02\/IX-Congreso-Extremeno-de-Personas-con-Cancer-AECC-47-768x512.jpg 768w, https:\/\/congresos.contraelcancer.es\/extremadura\/wp-content\/uploads\/sites\/4\/2026\/02\/IX-Congreso-Extremeno-de-Personas-con-Cancer-AECC-47-112x75.jpg 112w, https:\/\/congresos.contraelcancer.es\/extremadura\/wp-content\/uploads\/sites\/4\/2026\/02\/IX-Congreso-Extremeno-de-Personas-con-Cancer-AECC-47-480x320.jpg 480w\" sizes=\"(max-width:767px) 480px, (max-width:1024px) 100vw, 1024px\" \/><\/a>\n\t\t\t\t<\/dt>\n\t\t\t\t\t<dd class='wp-caption-text gallery-caption'>\n\t\t\t\t\tIX Congreso Extreme\u00f1o de personas con c\u00e1ncer y sus familiares\n\t\t\t\t\t<\/dd><\/div><\/dl><dl class='gallery-item'  data-title='IX Congreso Extreme\u00f1o de personas con c\u00e1ncer y sus familiares' data-description=''><div class='gallery-item-wrapper'>\n\t\t\t\t<dt class='gallery-icon landscape'>\n\t\t\t\t\t<a href='https:\/\/congresos.contraelcancer.es\/extremadura\/wp-content\/uploads\/sites\/4\/2026\/02\/IX-Congreso-Extremeno-de-Personas-con-Cancer-AECC-48.jpg'><img loading=\"lazy\" decoding=\"async\" width=\"1024\" height=\"683\" src=\"https:\/\/congresos.contraelcancer.es\/extremadura\/wp-content\/uploads\/sites\/4\/2026\/02\/IX-Congreso-Extremeno-de-Personas-con-Cancer-AECC-48-1024x683.jpg\" class=\"attachment-large size-large\" alt=\"\" srcset=\"https:\/\/congresos.contraelcancer.es\/extremadura\/wp-content\/uploads\/sites\/4\/2026\/02\/IX-Congreso-Extremeno-de-Personas-con-Cancer-AECC-48-1024x683.jpg 1024w, https:\/\/congresos.contraelcancer.es\/extremadura\/wp-content\/uploads\/sites\/4\/2026\/02\/IX-Congreso-Extremeno-de-Personas-con-Cancer-AECC-48-300x200.jpg 300w, https:\/\/congresos.contraelcancer.es\/extremadura\/wp-content\/uploads\/sites\/4\/2026\/02\/IX-Congreso-Extremeno-de-Personas-con-Cancer-AECC-48-768x512.jpg 768w, https:\/\/congresos.contraelcancer.es\/extremadura\/wp-content\/uploads\/sites\/4\/2026\/02\/IX-Congreso-Extremeno-de-Personas-con-Cancer-AECC-48-112x75.jpg 112w, https:\/\/congresos.contraelcancer.es\/extremadura\/wp-content\/uploads\/sites\/4\/2026\/02\/IX-Congreso-Extremeno-de-Personas-con-Cancer-AECC-48-480x320.jpg 480w\" sizes=\"(max-width:767px) 480px, (max-width:1024px) 100vw, 1024px\" \/><\/a>\n\t\t\t\t<\/dt>\n\t\t\t\t\t<dd class='wp-caption-text gallery-caption'>\n\t\t\t\t\tIX Congreso Extreme\u00f1o de personas con c\u00e1ncer y sus familiares\n\t\t\t\t\t<\/dd><\/div><\/dl><dl class='gallery-item'  data-title='IX Congreso Extreme\u00f1o de personas con c\u00e1ncer y sus familiares' data-description=''><div class='gallery-item-wrapper'>\n\t\t\t\t<dt class='gallery-icon landscape'>\n\t\t\t\t\t<a href='https:\/\/congresos.contraelcancer.es\/extremadura\/wp-content\/uploads\/sites\/4\/2026\/02\/IX-Congreso-Extremeno-de-Personas-con-Cancer-AECC-49.jpg'><img loading=\"lazy\" decoding=\"async\" width=\"1024\" height=\"683\" src=\"https:\/\/congresos.contraelcancer.es\/extremadura\/wp-content\/uploads\/sites\/4\/2026\/02\/IX-Congreso-Extremeno-de-Personas-con-Cancer-AECC-49-1024x683.jpg\" class=\"attachment-large size-large\" alt=\"\" srcset=\"https:\/\/congresos.contraelcancer.es\/extremadura\/wp-content\/uploads\/sites\/4\/2026\/02\/IX-Congreso-Extremeno-de-Personas-con-Cancer-AECC-49-1024x683.jpg 1024w, https:\/\/congresos.contraelcancer.es\/extremadura\/wp-content\/uploads\/sites\/4\/2026\/02\/IX-Congreso-Extremeno-de-Personas-con-Cancer-AECC-49-300x200.jpg 300w, https:\/\/congresos.contraelcancer.es\/extremadura\/wp-content\/uploads\/sites\/4\/2026\/02\/IX-Congreso-Extremeno-de-Personas-con-Cancer-AECC-49-768x512.jpg 768w, https:\/\/congresos.contraelcancer.es\/extremadura\/wp-content\/uploads\/sites\/4\/2026\/02\/IX-Congreso-Extremeno-de-Personas-con-Cancer-AECC-49-112x75.jpg 112w, https:\/\/congresos.contraelcancer.es\/extremadura\/wp-content\/uploads\/sites\/4\/2026\/02\/IX-Congreso-Extremeno-de-Personas-con-Cancer-AECC-49-480x320.jpg 480w\" sizes=\"(max-width:767px) 480px, (max-width:1024px) 100vw, 1024px\" \/><\/a>\n\t\t\t\t<\/dt>\n\t\t\t\t\t<dd class='wp-caption-text gallery-caption'>\n\t\t\t\t\tIX Congreso Extreme\u00f1o de personas con c\u00e1ncer y sus familiares\n\t\t\t\t\t<\/dd><\/div><\/dl><dl class='gallery-item'  data-title='IX Congreso Extreme\u00f1o de personas con c\u00e1ncer y sus familiares' data-description=''><div class='gallery-item-wrapper'>\n\t\t\t\t<dt class='gallery-icon landscape'>\n\t\t\t\t\t<a href='https:\/\/congresos.contraelcancer.es\/extremadura\/wp-content\/uploads\/sites\/4\/2026\/02\/IX-Congreso-Extremeno-de-Personas-con-Cancer-AECC-50.jpg'><img loading=\"lazy\" decoding=\"async\" width=\"1024\" height=\"683\" src=\"https:\/\/congresos.contraelcancer.es\/extremadura\/wp-content\/uploads\/sites\/4\/2026\/02\/IX-Congreso-Extremeno-de-Personas-con-Cancer-AECC-50-1024x683.jpg\" class=\"attachment-large size-large\" alt=\"\" srcset=\"https:\/\/congresos.contraelcancer.es\/extremadura\/wp-content\/uploads\/sites\/4\/2026\/02\/IX-Congreso-Extremeno-de-Personas-con-Cancer-AECC-50-1024x683.jpg 1024w, https:\/\/congresos.contraelcancer.es\/extremadura\/wp-content\/uploads\/sites\/4\/2026\/02\/IX-Congreso-Extremeno-de-Personas-con-Cancer-AECC-50-300x200.jpg 300w, https:\/\/congresos.contraelcancer.es\/extremadura\/wp-content\/uploads\/sites\/4\/2026\/02\/IX-Congreso-Extremeno-de-Personas-con-Cancer-AECC-50-768x512.jpg 768w, https:\/\/congresos.contraelcancer.es\/extremadura\/wp-content\/uploads\/sites\/4\/2026\/02\/IX-Congreso-Extremeno-de-Personas-con-Cancer-AECC-50-112x75.jpg 112w, https:\/\/congresos.contraelcancer.es\/extremadura\/wp-content\/uploads\/sites\/4\/2026\/02\/IX-Congreso-Extremeno-de-Personas-con-Cancer-AECC-50-480x320.jpg 480w\" sizes=\"(max-width:767px) 480px, (max-width:1024px) 100vw, 1024px\" \/><\/a>\n\t\t\t\t<\/dt>\n\t\t\t\t\t<dd class='wp-caption-text gallery-caption'>\n\t\t\t\t\tIX Congreso Extreme\u00f1o de personas con c\u00e1ncer y sus familiares\n\t\t\t\t\t<\/dd><\/div><\/dl><br style=\"clear: both\" \/><dl class='gallery-item'  data-title='IX Congreso Extreme\u00f1o de personas con c\u00e1ncer y sus familiares' data-description=''><div class='gallery-item-wrapper'>\n\t\t\t\t<dt class='gallery-icon landscape'>\n\t\t\t\t\t<a href='https:\/\/congresos.contraelcancer.es\/extremadura\/wp-content\/uploads\/sites\/4\/2026\/02\/IX-Congreso-Extremeno-de-Personas-con-Cancer-AECC-51.jpg'><img loading=\"lazy\" decoding=\"async\" width=\"1024\" height=\"683\" src=\"https:\/\/congresos.contraelcancer.es\/extremadura\/wp-content\/uploads\/sites\/4\/2026\/02\/IX-Congreso-Extremeno-de-Personas-con-Cancer-AECC-51-1024x683.jpg\" class=\"attachment-large size-large\" alt=\"\" srcset=\"https:\/\/congresos.contraelcancer.es\/extremadura\/wp-content\/uploads\/sites\/4\/2026\/02\/IX-Congreso-Extremeno-de-Personas-con-Cancer-AECC-51-1024x683.jpg 1024w, https:\/\/congresos.contraelcancer.es\/extremadura\/wp-content\/uploads\/sites\/4\/2026\/02\/IX-Congreso-Extremeno-de-Personas-con-Cancer-AECC-51-300x200.jpg 300w, https:\/\/congresos.contraelcancer.es\/extremadura\/wp-content\/uploads\/sites\/4\/2026\/02\/IX-Congreso-Extremeno-de-Personas-con-Cancer-AECC-51-768x512.jpg 768w, https:\/\/congresos.contraelcancer.es\/extremadura\/wp-content\/uploads\/sites\/4\/2026\/02\/IX-Congreso-Extremeno-de-Personas-con-Cancer-AECC-51-112x75.jpg 112w, https:\/\/congresos.contraelcancer.es\/extremadura\/wp-content\/uploads\/sites\/4\/2026\/02\/IX-Congreso-Extremeno-de-Personas-con-Cancer-AECC-51-480x320.jpg 480w\" sizes=\"(max-width:767px) 480px, (max-width:1024px) 100vw, 1024px\" \/><\/a>\n\t\t\t\t<\/dt>\n\t\t\t\t\t<dd class='wp-caption-text gallery-caption'>\n\t\t\t\t\tIX Congreso Extreme\u00f1o de personas con c\u00e1ncer y sus familiares\n\t\t\t\t\t<\/dd><\/div><\/dl><dl class='gallery-item'  data-title='IX Congreso Extreme\u00f1o de personas con c\u00e1ncer y sus familiares' data-description=''><div class='gallery-item-wrapper'>\n\t\t\t\t<dt class='gallery-icon portrait'>\n\t\t\t\t\t<a href='https:\/\/congresos.contraelcancer.es\/extremadura\/wp-content\/uploads\/sites\/4\/2026\/02\/IX-Congreso-Extremeno-de-Personas-con-Cancer-AECC-52.jpg'><img loading=\"lazy\" decoding=\"async\" width=\"683\" height=\"1024\" src=\"https:\/\/congresos.contraelcancer.es\/extremadura\/wp-content\/uploads\/sites\/4\/2026\/02\/IX-Congreso-Extremeno-de-Personas-con-Cancer-AECC-52-683x1024.jpg\" class=\"attachment-large size-large\" alt=\"\" srcset=\"https:\/\/congresos.contraelcancer.es\/extremadura\/wp-content\/uploads\/sites\/4\/2026\/02\/IX-Congreso-Extremeno-de-Personas-con-Cancer-AECC-52-683x1024.jpg 683w, https:\/\/congresos.contraelcancer.es\/extremadura\/wp-content\/uploads\/sites\/4\/2026\/02\/IX-Congreso-Extremeno-de-Personas-con-Cancer-AECC-52-200x300.jpg 200w, https:\/\/congresos.contraelcancer.es\/extremadura\/wp-content\/uploads\/sites\/4\/2026\/02\/IX-Congreso-Extremeno-de-Personas-con-Cancer-AECC-52-50x75.jpg 50w, https:\/\/congresos.contraelcancer.es\/extremadura\/wp-content\/uploads\/sites\/4\/2026\/02\/IX-Congreso-Extremeno-de-Personas-con-Cancer-AECC-52-480x720.jpg 480w\" sizes=\"(max-width:767px) 480px, 683px\" \/><\/a>\n\t\t\t\t<\/dt>\n\t\t\t\t\t<dd class='wp-caption-text gallery-caption'>\n\t\t\t\t\tIX Congreso Extreme\u00f1o de personas con c\u00e1ncer y sus familiares\n\t\t\t\t\t<\/dd><\/div><\/dl><dl class='gallery-item'  data-title='IX Congreso Extreme\u00f1o de personas con c\u00e1ncer y sus familiares' data-description=''><div class='gallery-item-wrapper'>\n\t\t\t\t<dt class='gallery-icon landscape'>\n\t\t\t\t\t<a href='https:\/\/congresos.contraelcancer.es\/extremadura\/wp-content\/uploads\/sites\/4\/2026\/02\/IX-Congreso-Extremeno-de-Personas-con-Cancer-AECC-53.jpg'><img loading=\"lazy\" decoding=\"async\" width=\"1024\" height=\"683\" src=\"https:\/\/congresos.contraelcancer.es\/extremadura\/wp-content\/uploads\/sites\/4\/2026\/02\/IX-Congreso-Extremeno-de-Personas-con-Cancer-AECC-53-1024x683.jpg\" class=\"attachment-large size-large\" alt=\"\" srcset=\"https:\/\/congresos.contraelcancer.es\/extremadura\/wp-content\/uploads\/sites\/4\/2026\/02\/IX-Congreso-Extremeno-de-Personas-con-Cancer-AECC-53-1024x683.jpg 1024w, https:\/\/congresos.contraelcancer.es\/extremadura\/wp-content\/uploads\/sites\/4\/2026\/02\/IX-Congreso-Extremeno-de-Personas-con-Cancer-AECC-53-300x200.jpg 300w, https:\/\/congresos.contraelcancer.es\/extremadura\/wp-content\/uploads\/sites\/4\/2026\/02\/IX-Congreso-Extremeno-de-Personas-con-Cancer-AECC-53-768x512.jpg 768w, https:\/\/congresos.contraelcancer.es\/extremadura\/wp-content\/uploads\/sites\/4\/2026\/02\/IX-Congreso-Extremeno-de-Personas-con-Cancer-AECC-53-112x75.jpg 112w, https:\/\/congresos.contraelcancer.es\/extremadura\/wp-content\/uploads\/sites\/4\/2026\/02\/IX-Congreso-Extremeno-de-Personas-con-Cancer-AECC-53-480x320.jpg 480w\" sizes=\"(max-width:767px) 480px, (max-width:1024px) 100vw, 1024px\" \/><\/a>\n\t\t\t\t<\/dt>\n\t\t\t\t\t<dd class='wp-caption-text gallery-caption'>\n\t\t\t\t\tIX Congreso Extreme\u00f1o de personas con c\u00e1ncer y sus familiares\n\t\t\t\t\t<\/dd><\/div><\/dl><dl class='gallery-item'  data-title='IX Congreso Extreme\u00f1o de personas con c\u00e1ncer y sus familiares' data-description=''><div class='gallery-item-wrapper'>\n\t\t\t\t<dt class='gallery-icon landscape'>\n\t\t\t\t\t<a href='https:\/\/congresos.contraelcancer.es\/extremadura\/wp-content\/uploads\/sites\/4\/2026\/02\/IX-Congreso-Extremeno-de-Personas-con-Cancer-AECC-54.jpg'><img loading=\"lazy\" decoding=\"async\" width=\"1024\" height=\"683\" src=\"https:\/\/congresos.contraelcancer.es\/extremadura\/wp-content\/uploads\/sites\/4\/2026\/02\/IX-Congreso-Extremeno-de-Personas-con-Cancer-AECC-54-1024x683.jpg\" class=\"attachment-large size-large\" alt=\"\" srcset=\"https:\/\/congresos.contraelcancer.es\/extremadura\/wp-content\/uploads\/sites\/4\/2026\/02\/IX-Congreso-Extremeno-de-Personas-con-Cancer-AECC-54-1024x683.jpg 1024w, https:\/\/congresos.contraelcancer.es\/extremadura\/wp-content\/uploads\/sites\/4\/2026\/02\/IX-Congreso-Extremeno-de-Personas-con-Cancer-AECC-54-300x200.jpg 300w, https:\/\/congresos.contraelcancer.es\/extremadura\/wp-content\/uploads\/sites\/4\/2026\/02\/IX-Congreso-Extremeno-de-Personas-con-Cancer-AECC-54-768x512.jpg 768w, https:\/\/congresos.contraelcancer.es\/extremadura\/wp-content\/uploads\/sites\/4\/2026\/02\/IX-Congreso-Extremeno-de-Personas-con-Cancer-AECC-54-112x75.jpg 112w, https:\/\/congresos.contraelcancer.es\/extremadura\/wp-content\/uploads\/sites\/4\/2026\/02\/IX-Congreso-Extremeno-de-Personas-con-Cancer-AECC-54-480x320.jpg 480w\" sizes=\"(max-width:767px) 480px, (max-width:1024px) 100vw, 1024px\" \/><\/a>\n\t\t\t\t<\/dt>\n\t\t\t\t\t<dd class='wp-caption-text gallery-caption'>\n\t\t\t\t\tIX Congreso Extreme\u00f1o de personas con c\u00e1ncer y sus familiares\n\t\t\t\t\t<\/dd><\/div><\/dl><br style=\"clear: both\" \/><dl class='gallery-item'  data-title='IX Congreso Extreme\u00f1o de personas con c\u00e1ncer y sus familiares' data-description=''><div class='gallery-item-wrapper'>\n\t\t\t\t<dt class='gallery-icon landscape'>\n\t\t\t\t\t<a href='https:\/\/congresos.contraelcancer.es\/extremadura\/wp-content\/uploads\/sites\/4\/2026\/02\/IX-Congreso-Extremeno-de-Personas-con-Cancer-AECC-55.jpg'><img loading=\"lazy\" decoding=\"async\" width=\"1024\" height=\"683\" src=\"https:\/\/congresos.contraelcancer.es\/extremadura\/wp-content\/uploads\/sites\/4\/2026\/02\/IX-Congreso-Extremeno-de-Personas-con-Cancer-AECC-55-1024x683.jpg\" class=\"attachment-large size-large\" alt=\"\" srcset=\"https:\/\/congresos.contraelcancer.es\/extremadura\/wp-content\/uploads\/sites\/4\/2026\/02\/IX-Congreso-Extremeno-de-Personas-con-Cancer-AECC-55-1024x683.jpg 1024w, https:\/\/congresos.contraelcancer.es\/extremadura\/wp-content\/uploads\/sites\/4\/2026\/02\/IX-Congreso-Extremeno-de-Personas-con-Cancer-AECC-55-300x200.jpg 300w, https:\/\/congresos.contraelcancer.es\/extremadura\/wp-content\/uploads\/sites\/4\/2026\/02\/IX-Congreso-Extremeno-de-Personas-con-Cancer-AECC-55-768x512.jpg 768w, https:\/\/congresos.contraelcancer.es\/extremadura\/wp-content\/uploads\/sites\/4\/2026\/02\/IX-Congreso-Extremeno-de-Personas-con-Cancer-AECC-55-112x75.jpg 112w, https:\/\/congresos.contraelcancer.es\/extremadura\/wp-content\/uploads\/sites\/4\/2026\/02\/IX-Congreso-Extremeno-de-Personas-con-Cancer-AECC-55-480x320.jpg 480w\" sizes=\"(max-width:767px) 480px, (max-width:1024px) 100vw, 1024px\" \/><\/a>\n\t\t\t\t<\/dt>\n\t\t\t\t\t<dd class='wp-caption-text gallery-caption'>\n\t\t\t\t\tIX Congreso Extreme\u00f1o de personas con c\u00e1ncer y sus familiares\n\t\t\t\t\t<\/dd><\/div><\/dl><dl class='gallery-item'  data-title='IX Congreso Extreme\u00f1o de personas con c\u00e1ncer y sus familiares' data-description=''><div class='gallery-item-wrapper'>\n\t\t\t\t<dt class='gallery-icon landscape'>\n\t\t\t\t\t<a href='https:\/\/congresos.contraelcancer.es\/extremadura\/wp-content\/uploads\/sites\/4\/2026\/02\/IX-Congreso-Extremeno-de-Personas-con-Cancer-AECC-56.jpg'><img loading=\"lazy\" decoding=\"async\" width=\"1024\" height=\"683\" src=\"https:\/\/congresos.contraelcancer.es\/extremadura\/wp-content\/uploads\/sites\/4\/2026\/02\/IX-Congreso-Extremeno-de-Personas-con-Cancer-AECC-56-1024x683.jpg\" class=\"attachment-large size-large\" alt=\"\" srcset=\"https:\/\/congresos.contraelcancer.es\/extremadura\/wp-content\/uploads\/sites\/4\/2026\/02\/IX-Congreso-Extremeno-de-Personas-con-Cancer-AECC-56-1024x683.jpg 1024w, https:\/\/congresos.contraelcancer.es\/extremadura\/wp-content\/uploads\/sites\/4\/2026\/02\/IX-Congreso-Extremeno-de-Personas-con-Cancer-AECC-56-300x200.jpg 300w, https:\/\/congresos.contraelcancer.es\/extremadura\/wp-content\/uploads\/sites\/4\/2026\/02\/IX-Congreso-Extremeno-de-Personas-con-Cancer-AECC-56-768x512.jpg 768w, https:\/\/congresos.contraelcancer.es\/extremadura\/wp-content\/uploads\/sites\/4\/2026\/02\/IX-Congreso-Extremeno-de-Personas-con-Cancer-AECC-56-112x75.jpg 112w, https:\/\/congresos.contraelcancer.es\/extremadura\/wp-content\/uploads\/sites\/4\/2026\/02\/IX-Congreso-Extremeno-de-Personas-con-Cancer-AECC-56-480x320.jpg 480w\" sizes=\"(max-width:767px) 480px, (max-width:1024px) 100vw, 1024px\" \/><\/a>\n\t\t\t\t<\/dt>\n\t\t\t\t\t<dd class='wp-caption-text gallery-caption'>\n\t\t\t\t\tIX Congreso Extreme\u00f1o de personas con c\u00e1ncer y sus familiares\n\t\t\t\t\t<\/dd><\/div><\/dl><dl class='gallery-item'  data-title='IX Congreso Extreme\u00f1o de personas con c\u00e1ncer y sus familiares' data-description=''><div class='gallery-item-wrapper'>\n\t\t\t\t<dt class='gallery-icon landscape'>\n\t\t\t\t\t<a href='https:\/\/congresos.contraelcancer.es\/extremadura\/wp-content\/uploads\/sites\/4\/2026\/02\/IX-Congreso-Extremeno-de-Personas-con-Cancer-AECC-57.jpg'><img loading=\"lazy\" decoding=\"async\" width=\"1024\" height=\"683\" src=\"https:\/\/congresos.contraelcancer.es\/extremadura\/wp-content\/uploads\/sites\/4\/2026\/02\/IX-Congreso-Extremeno-de-Personas-con-Cancer-AECC-57-1024x683.jpg\" class=\"attachment-large size-large\" alt=\"\" srcset=\"https:\/\/congresos.contraelcancer.es\/extremadura\/wp-content\/uploads\/sites\/4\/2026\/02\/IX-Congreso-Extremeno-de-Personas-con-Cancer-AECC-57-1024x683.jpg 1024w, https:\/\/congresos.contraelcancer.es\/extremadura\/wp-content\/uploads\/sites\/4\/2026\/02\/IX-Congreso-Extremeno-de-Personas-con-Cancer-AECC-57-300x200.jpg 300w, https:\/\/congresos.contraelcancer.es\/extremadura\/wp-content\/uploads\/sites\/4\/2026\/02\/IX-Congreso-Extremeno-de-Personas-con-Cancer-AECC-57-768x512.jpg 768w, https:\/\/congresos.contraelcancer.es\/extremadura\/wp-content\/uploads\/sites\/4\/2026\/02\/IX-Congreso-Extremeno-de-Personas-con-Cancer-AECC-57-112x75.jpg 112w, https:\/\/congresos.contraelcancer.es\/extremadura\/wp-content\/uploads\/sites\/4\/2026\/02\/IX-Congreso-Extremeno-de-Personas-con-Cancer-AECC-57-480x320.jpg 480w\" sizes=\"(max-width:767px) 480px, (max-width:1024px) 100vw, 1024px\" \/><\/a>\n\t\t\t\t<\/dt>\n\t\t\t\t\t<dd class='wp-caption-text gallery-caption'>\n\t\t\t\t\tIX Congreso Extreme\u00f1o de personas con c\u00e1ncer y sus familiares\n\t\t\t\t\t<\/dd><\/div><\/dl><dl class='gallery-item'  data-title='IX Congreso Extreme\u00f1o de personas con c\u00e1ncer y sus familiares' data-description=''><div class='gallery-item-wrapper'>\n\t\t\t\t<dt class='gallery-icon landscape'>\n\t\t\t\t\t<a href='https:\/\/congresos.contraelcancer.es\/extremadura\/wp-content\/uploads\/sites\/4\/2026\/02\/IX-Congreso-Extremeno-de-Personas-con-Cancer-AECC-58.jpg'><img loading=\"lazy\" decoding=\"async\" width=\"1024\" height=\"683\" src=\"https:\/\/congresos.contraelcancer.es\/extremadura\/wp-content\/uploads\/sites\/4\/2026\/02\/IX-Congreso-Extremeno-de-Personas-con-Cancer-AECC-58-1024x683.jpg\" class=\"attachment-large size-large\" alt=\"\" srcset=\"https:\/\/congresos.contraelcancer.es\/extremadura\/wp-content\/uploads\/sites\/4\/2026\/02\/IX-Congreso-Extremeno-de-Personas-con-Cancer-AECC-58-1024x683.jpg 1024w, https:\/\/congresos.contraelcancer.es\/extremadura\/wp-content\/uploads\/sites\/4\/2026\/02\/IX-Congreso-Extremeno-de-Personas-con-Cancer-AECC-58-300x200.jpg 300w, https:\/\/congresos.contraelcancer.es\/extremadura\/wp-content\/uploads\/sites\/4\/2026\/02\/IX-Congreso-Extremeno-de-Personas-con-Cancer-AECC-58-768x512.jpg 768w, https:\/\/congresos.contraelcancer.es\/extremadura\/wp-content\/uploads\/sites\/4\/2026\/02\/IX-Congreso-Extremeno-de-Personas-con-Cancer-AECC-58-112x75.jpg 112w, https:\/\/congresos.contraelcancer.es\/extremadura\/wp-content\/uploads\/sites\/4\/2026\/02\/IX-Congreso-Extremeno-de-Personas-con-Cancer-AECC-58-480x320.jpg 480w\" sizes=\"(max-width:767px) 480px, (max-width:1024px) 100vw, 1024px\" \/><\/a>\n\t\t\t\t<\/dt>\n\t\t\t\t\t<dd class='wp-caption-text gallery-caption'>\n\t\t\t\t\tIX Congreso Extreme\u00f1o de personas con c\u00e1ncer y sus familiares\n\t\t\t\t\t<\/dd><\/div><\/dl><br style=\"clear: both\" \/><dl class='gallery-item'  data-title='IX Congreso Extreme\u00f1o de personas con c\u00e1ncer y sus familiares' data-description=''><div class='gallery-item-wrapper'>\n\t\t\t\t<dt class='gallery-icon landscape'>\n\t\t\t\t\t<a href='https:\/\/congresos.contraelcancer.es\/extremadura\/wp-content\/uploads\/sites\/4\/2026\/02\/IX-Congreso-Extremeno-de-Personas-con-Cancer-AECC-59.jpg'><img loading=\"lazy\" decoding=\"async\" width=\"1024\" height=\"683\" src=\"https:\/\/congresos.contraelcancer.es\/extremadura\/wp-content\/uploads\/sites\/4\/2026\/02\/IX-Congreso-Extremeno-de-Personas-con-Cancer-AECC-59-1024x683.jpg\" class=\"attachment-large size-large\" alt=\"\" srcset=\"https:\/\/congresos.contraelcancer.es\/extremadura\/wp-content\/uploads\/sites\/4\/2026\/02\/IX-Congreso-Extremeno-de-Personas-con-Cancer-AECC-59-1024x683.jpg 1024w, https:\/\/congresos.contraelcancer.es\/extremadura\/wp-content\/uploads\/sites\/4\/2026\/02\/IX-Congreso-Extremeno-de-Personas-con-Cancer-AECC-59-300x200.jpg 300w, https:\/\/congresos.contraelcancer.es\/extremadura\/wp-content\/uploads\/sites\/4\/2026\/02\/IX-Congreso-Extremeno-de-Personas-con-Cancer-AECC-59-768x512.jpg 768w, https:\/\/congresos.contraelcancer.es\/extremadura\/wp-content\/uploads\/sites\/4\/2026\/02\/IX-Congreso-Extremeno-de-Personas-con-Cancer-AECC-59-112x75.jpg 112w, https:\/\/congresos.contraelcancer.es\/extremadura\/wp-content\/uploads\/sites\/4\/2026\/02\/IX-Congreso-Extremeno-de-Personas-con-Cancer-AECC-59-480x320.jpg 480w\" sizes=\"(max-width:767px) 480px, (max-width:1024px) 100vw, 1024px\" \/><\/a>\n\t\t\t\t<\/dt>\n\t\t\t\t\t<dd class='wp-caption-text gallery-caption'>\n\t\t\t\t\tIX Congreso Extreme\u00f1o de personas con c\u00e1ncer y sus familiares\n\t\t\t\t\t<\/dd><\/div><\/dl><dl class='gallery-item'  data-title='IX Congreso Extreme\u00f1o de personas con c\u00e1ncer y sus familiares' data-description=''><div class='gallery-item-wrapper'>\n\t\t\t\t<dt class='gallery-icon landscape'>\n\t\t\t\t\t<a href='https:\/\/congresos.contraelcancer.es\/extremadura\/wp-content\/uploads\/sites\/4\/2026\/02\/IX-Congreso-Extremeno-de-Personas-con-Cancer-AECC-60.jpg'><img loading=\"lazy\" decoding=\"async\" width=\"1024\" height=\"683\" src=\"https:\/\/congresos.contraelcancer.es\/extremadura\/wp-content\/uploads\/sites\/4\/2026\/02\/IX-Congreso-Extremeno-de-Personas-con-Cancer-AECC-60-1024x683.jpg\" class=\"attachment-large size-large\" alt=\"\" srcset=\"https:\/\/congresos.contraelcancer.es\/extremadura\/wp-content\/uploads\/sites\/4\/2026\/02\/IX-Congreso-Extremeno-de-Personas-con-Cancer-AECC-60-1024x683.jpg 1024w, https:\/\/congresos.contraelcancer.es\/extremadura\/wp-content\/uploads\/sites\/4\/2026\/02\/IX-Congreso-Extremeno-de-Personas-con-Cancer-AECC-60-300x200.jpg 300w, https:\/\/congresos.contraelcancer.es\/extremadura\/wp-content\/uploads\/sites\/4\/2026\/02\/IX-Congreso-Extremeno-de-Personas-con-Cancer-AECC-60-768x512.jpg 768w, https:\/\/congresos.contraelcancer.es\/extremadura\/wp-content\/uploads\/sites\/4\/2026\/02\/IX-Congreso-Extremeno-de-Personas-con-Cancer-AECC-60-112x75.jpg 112w, https:\/\/congresos.contraelcancer.es\/extremadura\/wp-content\/uploads\/sites\/4\/2026\/02\/IX-Congreso-Extremeno-de-Personas-con-Cancer-AECC-60-480x320.jpg 480w\" sizes=\"(max-width:767px) 480px, (max-width:1024px) 100vw, 1024px\" \/><\/a>\n\t\t\t\t<\/dt>\n\t\t\t\t\t<dd class='wp-caption-text gallery-caption'>\n\t\t\t\t\tIX Congreso Extreme\u00f1o de personas con c\u00e1ncer y sus familiares\n\t\t\t\t\t<\/dd><\/div><\/dl><dl class='gallery-item'  data-title='IX Congreso Extreme\u00f1o de personas con c\u00e1ncer y sus familiares' data-description=''><div class='gallery-item-wrapper'>\n\t\t\t\t<dt class='gallery-icon landscape'>\n\t\t\t\t\t<a href='https:\/\/congresos.contraelcancer.es\/extremadura\/wp-content\/uploads\/sites\/4\/2026\/02\/IX-Congreso-Extremeno-de-Personas-con-Cancer-AECC-61.jpg'><img loading=\"lazy\" decoding=\"async\" width=\"1024\" height=\"683\" src=\"https:\/\/congresos.contraelcancer.es\/extremadura\/wp-content\/uploads\/sites\/4\/2026\/02\/IX-Congreso-Extremeno-de-Personas-con-Cancer-AECC-61-1024x683.jpg\" class=\"attachment-large size-large\" alt=\"\" srcset=\"https:\/\/congresos.contraelcancer.es\/extremadura\/wp-content\/uploads\/sites\/4\/2026\/02\/IX-Congreso-Extremeno-de-Personas-con-Cancer-AECC-61-1024x683.jpg 1024w, https:\/\/congresos.contraelcancer.es\/extremadura\/wp-content\/uploads\/sites\/4\/2026\/02\/IX-Congreso-Extremeno-de-Personas-con-Cancer-AECC-61-300x200.jpg 300w, https:\/\/congresos.contraelcancer.es\/extremadura\/wp-content\/uploads\/sites\/4\/2026\/02\/IX-Congreso-Extremeno-de-Personas-con-Cancer-AECC-61-768x512.jpg 768w, https:\/\/congresos.contraelcancer.es\/extremadura\/wp-content\/uploads\/sites\/4\/2026\/02\/IX-Congreso-Extremeno-de-Personas-con-Cancer-AECC-61-112x75.jpg 112w, https:\/\/congresos.contraelcancer.es\/extremadura\/wp-content\/uploads\/sites\/4\/2026\/02\/IX-Congreso-Extremeno-de-Personas-con-Cancer-AECC-61-480x320.jpg 480w\" sizes=\"(max-width:767px) 480px, (max-width:1024px) 100vw, 1024px\" \/><\/a>\n\t\t\t\t<\/dt>\n\t\t\t\t\t<dd class='wp-caption-text gallery-caption'>\n\t\t\t\t\tIX Congreso Extreme\u00f1o de personas con c\u00e1ncer y sus familiares\n\t\t\t\t\t<\/dd><\/div><\/dl><dl class='gallery-item'  data-title='IX Congreso Extreme\u00f1o de personas con c\u00e1ncer y sus familiares' data-description=''><div class='gallery-item-wrapper'>\n\t\t\t\t<dt class='gallery-icon landscape'>\n\t\t\t\t\t<a href='https:\/\/congresos.contraelcancer.es\/extremadura\/wp-content\/uploads\/sites\/4\/2026\/02\/IX-Congreso-Extremeno-de-Personas-con-Cancer-AECC-62.jpg'><img loading=\"lazy\" decoding=\"async\" width=\"1024\" height=\"683\" src=\"https:\/\/congresos.contraelcancer.es\/extremadura\/wp-content\/uploads\/sites\/4\/2026\/02\/IX-Congreso-Extremeno-de-Personas-con-Cancer-AECC-62-1024x683.jpg\" class=\"attachment-large size-large\" alt=\"\" srcset=\"https:\/\/congresos.contraelcancer.es\/extremadura\/wp-content\/uploads\/sites\/4\/2026\/02\/IX-Congreso-Extremeno-de-Personas-con-Cancer-AECC-62-1024x683.jpg 1024w, https:\/\/congresos.contraelcancer.es\/extremadura\/wp-content\/uploads\/sites\/4\/2026\/02\/IX-Congreso-Extremeno-de-Personas-con-Cancer-AECC-62-300x200.jpg 300w, https:\/\/congresos.contraelcancer.es\/extremadura\/wp-content\/uploads\/sites\/4\/2026\/02\/IX-Congreso-Extremeno-de-Personas-con-Cancer-AECC-62-768x512.jpg 768w, https:\/\/congresos.contraelcancer.es\/extremadura\/wp-content\/uploads\/sites\/4\/2026\/02\/IX-Congreso-Extremeno-de-Personas-con-Cancer-AECC-62-112x75.jpg 112w, https:\/\/congresos.contraelcancer.es\/extremadura\/wp-content\/uploads\/sites\/4\/2026\/02\/IX-Congreso-Extremeno-de-Personas-con-Cancer-AECC-62-480x320.jpg 480w\" sizes=\"(max-width:767px) 480px, (max-width:1024px) 100vw, 1024px\" \/><\/a>\n\t\t\t\t<\/dt>\n\t\t\t\t\t<dd class='wp-caption-text gallery-caption'>\n\t\t\t\t\tIX Congreso Extreme\u00f1o de personas con c\u00e1ncer y sus familiares\n\t\t\t\t\t<\/dd><\/div><\/dl><br style=\"clear: both\" \/><dl class='gallery-item'  data-title='IX Congreso Extreme\u00f1o de personas con c\u00e1ncer y sus familiares' data-description=''><div class='gallery-item-wrapper'>\n\t\t\t\t<dt class='gallery-icon landscape'>\n\t\t\t\t\t<a href='https:\/\/congresos.contraelcancer.es\/extremadura\/wp-content\/uploads\/sites\/4\/2026\/02\/IX-Congreso-Extremeno-de-Personas-con-Cancer-AECC-63.jpg'><img loading=\"lazy\" decoding=\"async\" width=\"1024\" height=\"683\" src=\"https:\/\/congresos.contraelcancer.es\/extremadura\/wp-content\/uploads\/sites\/4\/2026\/02\/IX-Congreso-Extremeno-de-Personas-con-Cancer-AECC-63-1024x683.jpg\" class=\"attachment-large size-large\" alt=\"\" srcset=\"https:\/\/congresos.contraelcancer.es\/extremadura\/wp-content\/uploads\/sites\/4\/2026\/02\/IX-Congreso-Extremeno-de-Personas-con-Cancer-AECC-63-1024x683.jpg 1024w, https:\/\/congresos.contraelcancer.es\/extremadura\/wp-content\/uploads\/sites\/4\/2026\/02\/IX-Congreso-Extremeno-de-Personas-con-Cancer-AECC-63-300x200.jpg 300w, https:\/\/congresos.contraelcancer.es\/extremadura\/wp-content\/uploads\/sites\/4\/2026\/02\/IX-Congreso-Extremeno-de-Personas-con-Cancer-AECC-63-768x512.jpg 768w, https:\/\/congresos.contraelcancer.es\/extremadura\/wp-content\/uploads\/sites\/4\/2026\/02\/IX-Congreso-Extremeno-de-Personas-con-Cancer-AECC-63-112x75.jpg 112w, https:\/\/congresos.contraelcancer.es\/extremadura\/wp-content\/uploads\/sites\/4\/2026\/02\/IX-Congreso-Extremeno-de-Personas-con-Cancer-AECC-63-480x320.jpg 480w\" sizes=\"(max-width:767px) 480px, (max-width:1024px) 100vw, 1024px\" \/><\/a>\n\t\t\t\t<\/dt>\n\t\t\t\t\t<dd class='wp-caption-text gallery-caption'>\n\t\t\t\t\tIX Congreso Extreme\u00f1o de personas con c\u00e1ncer y sus familiares\n\t\t\t\t\t<\/dd><\/div><\/dl><dl class='gallery-item'  data-title='IX Congreso Extreme\u00f1o de personas con c\u00e1ncer y sus familiares' data-description=''><div class='gallery-item-wrapper'>\n\t\t\t\t<dt class='gallery-icon portrait'>\n\t\t\t\t\t<a href='https:\/\/congresos.contraelcancer.es\/extremadura\/wp-content\/uploads\/sites\/4\/2026\/02\/IX-Congreso-Extremeno-de-Personas-con-Cancer-AECC-64.jpg'><img loading=\"lazy\" decoding=\"async\" width=\"683\" height=\"1024\" src=\"https:\/\/congresos.contraelcancer.es\/extremadura\/wp-content\/uploads\/sites\/4\/2026\/02\/IX-Congreso-Extremeno-de-Personas-con-Cancer-AECC-64-683x1024.jpg\" class=\"attachment-large size-large\" alt=\"\" srcset=\"https:\/\/congresos.contraelcancer.es\/extremadura\/wp-content\/uploads\/sites\/4\/2026\/02\/IX-Congreso-Extremeno-de-Personas-con-Cancer-AECC-64-683x1024.jpg 683w, https:\/\/congresos.contraelcancer.es\/extremadura\/wp-content\/uploads\/sites\/4\/2026\/02\/IX-Congreso-Extremeno-de-Personas-con-Cancer-AECC-64-200x300.jpg 200w, https:\/\/congresos.contraelcancer.es\/extremadura\/wp-content\/uploads\/sites\/4\/2026\/02\/IX-Congreso-Extremeno-de-Personas-con-Cancer-AECC-64-50x75.jpg 50w, https:\/\/congresos.contraelcancer.es\/extremadura\/wp-content\/uploads\/sites\/4\/2026\/02\/IX-Congreso-Extremeno-de-Personas-con-Cancer-AECC-64-480x720.jpg 480w\" sizes=\"(max-width:767px) 480px, 683px\" \/><\/a>\n\t\t\t\t<\/dt>\n\t\t\t\t\t<dd class='wp-caption-text gallery-caption'>\n\t\t\t\t\tIX Congreso Extreme\u00f1o de personas con c\u00e1ncer y sus familiares\n\t\t\t\t\t<\/dd><\/div><\/dl><dl class='gallery-item'  data-title='IX Congreso Extreme\u00f1o de personas con c\u00e1ncer y sus familiares' data-description=''><div class='gallery-item-wrapper'>\n\t\t\t\t<dt class='gallery-icon landscape'>\n\t\t\t\t\t<a href='https:\/\/congresos.contraelcancer.es\/extremadura\/wp-content\/uploads\/sites\/4\/2026\/02\/IX-Congreso-Extremeno-de-Personas-con-Cancer-AECC-65.jpg'><img loading=\"lazy\" decoding=\"async\" width=\"1024\" height=\"683\" src=\"https:\/\/congresos.contraelcancer.es\/extremadura\/wp-content\/uploads\/sites\/4\/2026\/02\/IX-Congreso-Extremeno-de-Personas-con-Cancer-AECC-65-1024x683.jpg\" class=\"attachment-large size-large\" alt=\"\" srcset=\"https:\/\/congresos.contraelcancer.es\/extremadura\/wp-content\/uploads\/sites\/4\/2026\/02\/IX-Congreso-Extremeno-de-Personas-con-Cancer-AECC-65-1024x683.jpg 1024w, https:\/\/congresos.contraelcancer.es\/extremadura\/wp-content\/uploads\/sites\/4\/2026\/02\/IX-Congreso-Extremeno-de-Personas-con-Cancer-AECC-65-300x200.jpg 300w, https:\/\/congresos.contraelcancer.es\/extremadura\/wp-content\/uploads\/sites\/4\/2026\/02\/IX-Congreso-Extremeno-de-Personas-con-Cancer-AECC-65-768x512.jpg 768w, https:\/\/congresos.contraelcancer.es\/extremadura\/wp-content\/uploads\/sites\/4\/2026\/02\/IX-Congreso-Extremeno-de-Personas-con-Cancer-AECC-65-112x75.jpg 112w, https:\/\/congresos.contraelcancer.es\/extremadura\/wp-content\/uploads\/sites\/4\/2026\/02\/IX-Congreso-Extremeno-de-Personas-con-Cancer-AECC-65-480x320.jpg 480w\" sizes=\"(max-width:767px) 480px, (max-width:1024px) 100vw, 1024px\" \/><\/a>\n\t\t\t\t<\/dt>\n\t\t\t\t\t<dd class='wp-caption-text gallery-caption'>\n\t\t\t\t\tIX Congreso Extreme\u00f1o de personas con c\u00e1ncer y sus familiares\n\t\t\t\t\t<\/dd><\/div><\/dl><dl class='gallery-item'  data-title='IX Congreso Extreme\u00f1o de personas con c\u00e1ncer y sus familiares' data-description=''><div class='gallery-item-wrapper'>\n\t\t\t\t<dt class='gallery-icon landscape'>\n\t\t\t\t\t<a href='https:\/\/congresos.contraelcancer.es\/extremadura\/wp-content\/uploads\/sites\/4\/2026\/02\/IX-Congreso-Extremeno-de-Personas-con-Cancer-AECC-66.jpg'><img loading=\"lazy\" decoding=\"async\" width=\"1024\" height=\"683\" src=\"https:\/\/congresos.contraelcancer.es\/extremadura\/wp-content\/uploads\/sites\/4\/2026\/02\/IX-Congreso-Extremeno-de-Personas-con-Cancer-AECC-66-1024x683.jpg\" class=\"attachment-large size-large\" alt=\"\" srcset=\"https:\/\/congresos.contraelcancer.es\/extremadura\/wp-content\/uploads\/sites\/4\/2026\/02\/IX-Congreso-Extremeno-de-Personas-con-Cancer-AECC-66-1024x683.jpg 1024w, https:\/\/congresos.contraelcancer.es\/extremadura\/wp-content\/uploads\/sites\/4\/2026\/02\/IX-Congreso-Extremeno-de-Personas-con-Cancer-AECC-66-300x200.jpg 300w, https:\/\/congresos.contraelcancer.es\/extremadura\/wp-content\/uploads\/sites\/4\/2026\/02\/IX-Congreso-Extremeno-de-Personas-con-Cancer-AECC-66-768x512.jpg 768w, https:\/\/congresos.contraelcancer.es\/extremadura\/wp-content\/uploads\/sites\/4\/2026\/02\/IX-Congreso-Extremeno-de-Personas-con-Cancer-AECC-66-112x75.jpg 112w, https:\/\/congresos.contraelcancer.es\/extremadura\/wp-content\/uploads\/sites\/4\/2026\/02\/IX-Congreso-Extremeno-de-Personas-con-Cancer-AECC-66-480x320.jpg 480w\" sizes=\"(max-width:767px) 480px, (max-width:1024px) 100vw, 1024px\" \/><\/a>\n\t\t\t\t<\/dt>\n\t\t\t\t\t<dd class='wp-caption-text gallery-caption'>\n\t\t\t\t\tIX Congreso Extreme\u00f1o de personas con c\u00e1ncer y sus familiares\n\t\t\t\t\t<\/dd><\/div><\/dl><br style=\"clear: both\" \/><dl class='gallery-item'  data-title='IX Congreso Extreme\u00f1o de personas con c\u00e1ncer y sus familiares' data-description=''><div class='gallery-item-wrapper'>\n\t\t\t\t<dt class='gallery-icon landscape'>\n\t\t\t\t\t<a href='https:\/\/congresos.contraelcancer.es\/extremadura\/wp-content\/uploads\/sites\/4\/2026\/02\/IX-Congreso-Extremeno-de-Personas-con-Cancer-AECC-67.jpg'><img loading=\"lazy\" decoding=\"async\" width=\"1024\" height=\"683\" src=\"https:\/\/congresos.contraelcancer.es\/extremadura\/wp-content\/uploads\/sites\/4\/2026\/02\/IX-Congreso-Extremeno-de-Personas-con-Cancer-AECC-67-1024x683.jpg\" class=\"attachment-large size-large\" alt=\"\" srcset=\"https:\/\/congresos.contraelcancer.es\/extremadura\/wp-content\/uploads\/sites\/4\/2026\/02\/IX-Congreso-Extremeno-de-Personas-con-Cancer-AECC-67-1024x683.jpg 1024w, https:\/\/congresos.contraelcancer.es\/extremadura\/wp-content\/uploads\/sites\/4\/2026\/02\/IX-Congreso-Extremeno-de-Personas-con-Cancer-AECC-67-300x200.jpg 300w, https:\/\/congresos.contraelcancer.es\/extremadura\/wp-content\/uploads\/sites\/4\/2026\/02\/IX-Congreso-Extremeno-de-Personas-con-Cancer-AECC-67-768x512.jpg 768w, https:\/\/congresos.contraelcancer.es\/extremadura\/wp-content\/uploads\/sites\/4\/2026\/02\/IX-Congreso-Extremeno-de-Personas-con-Cancer-AECC-67-112x75.jpg 112w, https:\/\/congresos.contraelcancer.es\/extremadura\/wp-content\/uploads\/sites\/4\/2026\/02\/IX-Congreso-Extremeno-de-Personas-con-Cancer-AECC-67-480x320.jpg 480w\" sizes=\"(max-width:767px) 480px, (max-width:1024px) 100vw, 1024px\" \/><\/a>\n\t\t\t\t<\/dt>\n\t\t\t\t\t<dd class='wp-caption-text gallery-caption'>\n\t\t\t\t\tIX Congreso Extreme\u00f1o de personas con c\u00e1ncer y sus familiares\n\t\t\t\t\t<\/dd><\/div><\/dl><dl class='gallery-item'  data-title='IX Congreso Extreme\u00f1o de personas con c\u00e1ncer y sus familiares' data-description=''><div class='gallery-item-wrapper'>\n\t\t\t\t<dt class='gallery-icon landscape'>\n\t\t\t\t\t<a href='https:\/\/congresos.contraelcancer.es\/extremadura\/wp-content\/uploads\/sites\/4\/2026\/02\/IX-Congreso-Extremeno-de-Personas-con-Cancer-AECC-68.jpg'><img loading=\"lazy\" decoding=\"async\" width=\"1024\" height=\"683\" src=\"https:\/\/congresos.contraelcancer.es\/extremadura\/wp-content\/uploads\/sites\/4\/2026\/02\/IX-Congreso-Extremeno-de-Personas-con-Cancer-AECC-68-1024x683.jpg\" class=\"attachment-large size-large\" alt=\"\" srcset=\"https:\/\/congresos.contraelcancer.es\/extremadura\/wp-content\/uploads\/sites\/4\/2026\/02\/IX-Congreso-Extremeno-de-Personas-con-Cancer-AECC-68-1024x683.jpg 1024w, https:\/\/congresos.contraelcancer.es\/extremadura\/wp-content\/uploads\/sites\/4\/2026\/02\/IX-Congreso-Extremeno-de-Personas-con-Cancer-AECC-68-300x200.jpg 300w, https:\/\/congresos.contraelcancer.es\/extremadura\/wp-content\/uploads\/sites\/4\/2026\/02\/IX-Congreso-Extremeno-de-Personas-con-Cancer-AECC-68-768x512.jpg 768w, https:\/\/congresos.contraelcancer.es\/extremadura\/wp-content\/uploads\/sites\/4\/2026\/02\/IX-Congreso-Extremeno-de-Personas-con-Cancer-AECC-68-112x75.jpg 112w, https:\/\/congresos.contraelcancer.es\/extremadura\/wp-content\/uploads\/sites\/4\/2026\/02\/IX-Congreso-Extremeno-de-Personas-con-Cancer-AECC-68-480x320.jpg 480w\" sizes=\"(max-width:767px) 480px, (max-width:1024px) 100vw, 1024px\" \/><\/a>\n\t\t\t\t<\/dt>\n\t\t\t\t\t<dd class='wp-caption-text gallery-caption'>\n\t\t\t\t\tIX Congreso Extreme\u00f1o de personas con c\u00e1ncer y sus familiares\n\t\t\t\t\t<\/dd><\/div><\/dl><dl class='gallery-item'  data-title='IX Congreso Extreme\u00f1o de personas con c\u00e1ncer y sus familiares' data-description=''><div class='gallery-item-wrapper'>\n\t\t\t\t<dt class='gallery-icon landscape'>\n\t\t\t\t\t<a href='https:\/\/congresos.contraelcancer.es\/extremadura\/wp-content\/uploads\/sites\/4\/2026\/02\/IX-Congreso-Extremeno-de-Personas-con-Cancer-AECC-69.jpg'><img loading=\"lazy\" decoding=\"async\" width=\"1024\" height=\"683\" src=\"https:\/\/congresos.contraelcancer.es\/extremadura\/wp-content\/uploads\/sites\/4\/2026\/02\/IX-Congreso-Extremeno-de-Personas-con-Cancer-AECC-69-1024x683.jpg\" class=\"attachment-large size-large\" alt=\"\" srcset=\"https:\/\/congresos.contraelcancer.es\/extremadura\/wp-content\/uploads\/sites\/4\/2026\/02\/IX-Congreso-Extremeno-de-Personas-con-Cancer-AECC-69-1024x683.jpg 1024w, https:\/\/congresos.contraelcancer.es\/extremadura\/wp-content\/uploads\/sites\/4\/2026\/02\/IX-Congreso-Extremeno-de-Personas-con-Cancer-AECC-69-300x200.jpg 300w, https:\/\/congresos.contraelcancer.es\/extremadura\/wp-content\/uploads\/sites\/4\/2026\/02\/IX-Congreso-Extremeno-de-Personas-con-Cancer-AECC-69-768x512.jpg 768w, https:\/\/congresos.contraelcancer.es\/extremadura\/wp-content\/uploads\/sites\/4\/2026\/02\/IX-Congreso-Extremeno-de-Personas-con-Cancer-AECC-69-112x75.jpg 112w, https:\/\/congresos.contraelcancer.es\/extremadura\/wp-content\/uploads\/sites\/4\/2026\/02\/IX-Congreso-Extremeno-de-Personas-con-Cancer-AECC-69-480x320.jpg 480w\" sizes=\"(max-width:767px) 480px, (max-width:1024px) 100vw, 1024px\" \/><\/a>\n\t\t\t\t<\/dt>\n\t\t\t\t\t<dd class='wp-caption-text gallery-caption'>\n\t\t\t\t\tIX Congreso Extreme\u00f1o de personas con c\u00e1ncer y sus familiares\n\t\t\t\t\t<\/dd><\/div><\/dl><dl class='gallery-item'  data-title='IX Congreso Extreme\u00f1o de personas con c\u00e1ncer y sus familiares' data-description=''><div class='gallery-item-wrapper'>\n\t\t\t\t<dt class='gallery-icon landscape'>\n\t\t\t\t\t<a href='https:\/\/congresos.contraelcancer.es\/extremadura\/wp-content\/uploads\/sites\/4\/2026\/02\/IX-Congreso-Extremeno-de-Personas-con-Cancer-AECC-70.jpg'><img loading=\"lazy\" decoding=\"async\" width=\"1024\" height=\"683\" src=\"https:\/\/congresos.contraelcancer.es\/extremadura\/wp-content\/uploads\/sites\/4\/2026\/02\/IX-Congreso-Extremeno-de-Personas-con-Cancer-AECC-70-1024x683.jpg\" class=\"attachment-large size-large\" alt=\"\" srcset=\"https:\/\/congresos.contraelcancer.es\/extremadura\/wp-content\/uploads\/sites\/4\/2026\/02\/IX-Congreso-Extremeno-de-Personas-con-Cancer-AECC-70-1024x683.jpg 1024w, https:\/\/congresos.contraelcancer.es\/extremadura\/wp-content\/uploads\/sites\/4\/2026\/02\/IX-Congreso-Extremeno-de-Personas-con-Cancer-AECC-70-300x200.jpg 300w, https:\/\/congresos.contraelcancer.es\/extremadura\/wp-content\/uploads\/sites\/4\/2026\/02\/IX-Congreso-Extremeno-de-Personas-con-Cancer-AECC-70-768x512.jpg 768w, https:\/\/congresos.contraelcancer.es\/extremadura\/wp-content\/uploads\/sites\/4\/2026\/02\/IX-Congreso-Extremeno-de-Personas-con-Cancer-AECC-70-112x75.jpg 112w, https:\/\/congresos.contraelcancer.es\/extremadura\/wp-content\/uploads\/sites\/4\/2026\/02\/IX-Congreso-Extremeno-de-Personas-con-Cancer-AECC-70-480x320.jpg 480w\" sizes=\"(max-width:767px) 480px, (max-width:1024px) 100vw, 1024px\" \/><\/a>\n\t\t\t\t<\/dt>\n\t\t\t\t\t<dd class='wp-caption-text gallery-caption'>\n\t\t\t\t\tIX Congreso Extreme\u00f1o de personas con c\u00e1ncer y sus familiares\n\t\t\t\t\t<\/dd><\/div><\/dl><br style=\"clear: both\" \/><dl class='gallery-item'  data-title='IX Congreso Extreme\u00f1o de personas con c\u00e1ncer y sus familiares' data-description=''><div class='gallery-item-wrapper'>\n\t\t\t\t<dt class='gallery-icon portrait'>\n\t\t\t\t\t<a href='https:\/\/congresos.contraelcancer.es\/extremadura\/wp-content\/uploads\/sites\/4\/2026\/02\/IX-Congreso-Extremeno-de-Personas-con-Cancer-AECC-71.jpg'><img loading=\"lazy\" decoding=\"async\" width=\"683\" height=\"1024\" src=\"https:\/\/congresos.contraelcancer.es\/extremadura\/wp-content\/uploads\/sites\/4\/2026\/02\/IX-Congreso-Extremeno-de-Personas-con-Cancer-AECC-71-683x1024.jpg\" class=\"attachment-large size-large\" alt=\"\" srcset=\"https:\/\/congresos.contraelcancer.es\/extremadura\/wp-content\/uploads\/sites\/4\/2026\/02\/IX-Congreso-Extremeno-de-Personas-con-Cancer-AECC-71-683x1024.jpg 683w, https:\/\/congresos.contraelcancer.es\/extremadura\/wp-content\/uploads\/sites\/4\/2026\/02\/IX-Congreso-Extremeno-de-Personas-con-Cancer-AECC-71-200x300.jpg 200w, https:\/\/congresos.contraelcancer.es\/extremadura\/wp-content\/uploads\/sites\/4\/2026\/02\/IX-Congreso-Extremeno-de-Personas-con-Cancer-AECC-71-50x75.jpg 50w, https:\/\/congresos.contraelcancer.es\/extremadura\/wp-content\/uploads\/sites\/4\/2026\/02\/IX-Congreso-Extremeno-de-Personas-con-Cancer-AECC-71-480x720.jpg 480w\" sizes=\"(max-width:767px) 480px, 683px\" \/><\/a>\n\t\t\t\t<\/dt>\n\t\t\t\t\t<dd class='wp-caption-text gallery-caption'>\n\t\t\t\t\tIX Congreso Extreme\u00f1o de personas con c\u00e1ncer y sus familiares\n\t\t\t\t\t<\/dd><\/div><\/dl><dl class='gallery-item'  data-title='IX Congreso Extreme\u00f1o de personas con c\u00e1ncer y sus familiares' data-description=''><div class='gallery-item-wrapper'>\n\t\t\t\t<dt class='gallery-icon portrait'>\n\t\t\t\t\t<a href='https:\/\/congresos.contraelcancer.es\/extremadura\/wp-content\/uploads\/sites\/4\/2026\/02\/IX-Congreso-Extremeno-de-Personas-con-Cancer-AECC-72.jpg'><img loading=\"lazy\" decoding=\"async\" width=\"683\" height=\"1024\" src=\"https:\/\/congresos.contraelcancer.es\/extremadura\/wp-content\/uploads\/sites\/4\/2026\/02\/IX-Congreso-Extremeno-de-Personas-con-Cancer-AECC-72-683x1024.jpg\" class=\"attachment-large size-large\" alt=\"\" srcset=\"https:\/\/congresos.contraelcancer.es\/extremadura\/wp-content\/uploads\/sites\/4\/2026\/02\/IX-Congreso-Extremeno-de-Personas-con-Cancer-AECC-72-683x1024.jpg 683w, https:\/\/congresos.contraelcancer.es\/extremadura\/wp-content\/uploads\/sites\/4\/2026\/02\/IX-Congreso-Extremeno-de-Personas-con-Cancer-AECC-72-200x300.jpg 200w, https:\/\/congresos.contraelcancer.es\/extremadura\/wp-content\/uploads\/sites\/4\/2026\/02\/IX-Congreso-Extremeno-de-Personas-con-Cancer-AECC-72-50x75.jpg 50w, https:\/\/congresos.contraelcancer.es\/extremadura\/wp-content\/uploads\/sites\/4\/2026\/02\/IX-Congreso-Extremeno-de-Personas-con-Cancer-AECC-72-480x720.jpg 480w\" sizes=\"(max-width:767px) 480px, 683px\" \/><\/a>\n\t\t\t\t<\/dt>\n\t\t\t\t\t<dd class='wp-caption-text gallery-caption'>\n\t\t\t\t\tIX Congreso Extreme\u00f1o de personas con c\u00e1ncer y sus familiares\n\t\t\t\t\t<\/dd><\/div><\/dl><dl class='gallery-item'  data-title='IX Congreso Extreme\u00f1o de personas con c\u00e1ncer y sus familiares' data-description=''><div class='gallery-item-wrapper'>\n\t\t\t\t<dt class='gallery-icon portrait'>\n\t\t\t\t\t<a href='https:\/\/congresos.contraelcancer.es\/extremadura\/wp-content\/uploads\/sites\/4\/2026\/02\/IX-Congreso-Extremeno-de-Personas-con-Cancer-AECC-73.jpg'><img loading=\"lazy\" decoding=\"async\" width=\"683\" height=\"1024\" src=\"https:\/\/congresos.contraelcancer.es\/extremadura\/wp-content\/uploads\/sites\/4\/2026\/02\/IX-Congreso-Extremeno-de-Personas-con-Cancer-AECC-73-683x1024.jpg\" class=\"attachment-large size-large\" alt=\"\" srcset=\"https:\/\/congresos.contraelcancer.es\/extremadura\/wp-content\/uploads\/sites\/4\/2026\/02\/IX-Congreso-Extremeno-de-Personas-con-Cancer-AECC-73-683x1024.jpg 683w, https:\/\/congresos.contraelcancer.es\/extremadura\/wp-content\/uploads\/sites\/4\/2026\/02\/IX-Congreso-Extremeno-de-Personas-con-Cancer-AECC-73-200x300.jpg 200w, https:\/\/congresos.contraelcancer.es\/extremadura\/wp-content\/uploads\/sites\/4\/2026\/02\/IX-Congreso-Extremeno-de-Personas-con-Cancer-AECC-73-50x75.jpg 50w, https:\/\/congresos.contraelcancer.es\/extremadura\/wp-content\/uploads\/sites\/4\/2026\/02\/IX-Congreso-Extremeno-de-Personas-con-Cancer-AECC-73-480x720.jpg 480w\" sizes=\"(max-width:767px) 480px, 683px\" \/><\/a>\n\t\t\t\t<\/dt>\n\t\t\t\t\t<dd class='wp-caption-text gallery-caption'>\n\t\t\t\t\tIX Congreso Extreme\u00f1o de personas con c\u00e1ncer y sus familiares\n\t\t\t\t\t<\/dd><\/div><\/dl><dl class='gallery-item'  data-title='IX Congreso Extreme\u00f1o de personas con c\u00e1ncer y sus familiares' data-description=''><div class='gallery-item-wrapper'>\n\t\t\t\t<dt class='gallery-icon portrait'>\n\t\t\t\t\t<a href='https:\/\/congresos.contraelcancer.es\/extremadura\/wp-content\/uploads\/sites\/4\/2026\/02\/IX-Congreso-Extremeno-de-Personas-con-Cancer-AECC-74.jpg'><img loading=\"lazy\" decoding=\"async\" width=\"683\" height=\"1024\" src=\"https:\/\/congresos.contraelcancer.es\/extremadura\/wp-content\/uploads\/sites\/4\/2026\/02\/IX-Congreso-Extremeno-de-Personas-con-Cancer-AECC-74-683x1024.jpg\" class=\"attachment-large size-large\" alt=\"\" srcset=\"https:\/\/congresos.contraelcancer.es\/extremadura\/wp-content\/uploads\/sites\/4\/2026\/02\/IX-Congreso-Extremeno-de-Personas-con-Cancer-AECC-74-683x1024.jpg 683w, https:\/\/congresos.contraelcancer.es\/extremadura\/wp-content\/uploads\/sites\/4\/2026\/02\/IX-Congreso-Extremeno-de-Personas-con-Cancer-AECC-74-200x300.jpg 200w, https:\/\/congresos.contraelcancer.es\/extremadura\/wp-content\/uploads\/sites\/4\/2026\/02\/IX-Congreso-Extremeno-de-Personas-con-Cancer-AECC-74-50x75.jpg 50w, https:\/\/congresos.contraelcancer.es\/extremadura\/wp-content\/uploads\/sites\/4\/2026\/02\/IX-Congreso-Extremeno-de-Personas-con-Cancer-AECC-74-480x720.jpg 480w\" sizes=\"(max-width:767px) 480px, 683px\" \/><\/a>\n\t\t\t\t<\/dt>\n\t\t\t\t\t<dd class='wp-caption-text gallery-caption'>\n\t\t\t\t\tIX Congreso Extreme\u00f1o de personas con c\u00e1ncer y sus familiares\n\t\t\t\t\t<\/dd><\/div><\/dl><br style=\"clear: both\" \/><dl class='gallery-item'  data-title='IX Congreso Extreme\u00f1o de personas con c\u00e1ncer y sus familiares' data-description=''><div class='gallery-item-wrapper'>\n\t\t\t\t<dt class='gallery-icon portrait'>\n\t\t\t\t\t<a href='https:\/\/congresos.contraelcancer.es\/extremadura\/wp-content\/uploads\/sites\/4\/2026\/02\/IX-Congreso-Extremeno-de-Personas-con-Cancer-AECC-75.jpg'><img loading=\"lazy\" decoding=\"async\" width=\"683\" height=\"1024\" src=\"https:\/\/congresos.contraelcancer.es\/extremadura\/wp-content\/uploads\/sites\/4\/2026\/02\/IX-Congreso-Extremeno-de-Personas-con-Cancer-AECC-75-683x1024.jpg\" class=\"attachment-large size-large\" alt=\"\" srcset=\"https:\/\/congresos.contraelcancer.es\/extremadura\/wp-content\/uploads\/sites\/4\/2026\/02\/IX-Congreso-Extremeno-de-Personas-con-Cancer-AECC-75-683x1024.jpg 683w, https:\/\/congresos.contraelcancer.es\/extremadura\/wp-content\/uploads\/sites\/4\/2026\/02\/IX-Congreso-Extremeno-de-Personas-con-Cancer-AECC-75-200x300.jpg 200w, https:\/\/congresos.contraelcancer.es\/extremadura\/wp-content\/uploads\/sites\/4\/2026\/02\/IX-Congreso-Extremeno-de-Personas-con-Cancer-AECC-75-50x75.jpg 50w, https:\/\/congresos.contraelcancer.es\/extremadura\/wp-content\/uploads\/sites\/4\/2026\/02\/IX-Congreso-Extremeno-de-Personas-con-Cancer-AECC-75-480x720.jpg 480w\" sizes=\"(max-width:767px) 480px, 683px\" \/><\/a>\n\t\t\t\t<\/dt>\n\t\t\t\t\t<dd class='wp-caption-text gallery-caption'>\n\t\t\t\t\tIX Congreso Extreme\u00f1o de personas con c\u00e1ncer y sus familiares\n\t\t\t\t\t<\/dd><\/div><\/dl><dl class='gallery-item'  data-title='IX Congreso Extreme\u00f1o de personas con c\u00e1ncer y sus familiares' data-description=''><div class='gallery-item-wrapper'>\n\t\t\t\t<dt class='gallery-icon portrait'>\n\t\t\t\t\t<a href='https:\/\/congresos.contraelcancer.es\/extremadura\/wp-content\/uploads\/sites\/4\/2026\/02\/IX-Congreso-Extremeno-de-Personas-con-Cancer-AECC-76.jpg'><img loading=\"lazy\" decoding=\"async\" width=\"683\" height=\"1024\" src=\"https:\/\/congresos.contraelcancer.es\/extremadura\/wp-content\/uploads\/sites\/4\/2026\/02\/IX-Congreso-Extremeno-de-Personas-con-Cancer-AECC-76-683x1024.jpg\" class=\"attachment-large size-large\" alt=\"\" srcset=\"https:\/\/congresos.contraelcancer.es\/extremadura\/wp-content\/uploads\/sites\/4\/2026\/02\/IX-Congreso-Extremeno-de-Personas-con-Cancer-AECC-76-683x1024.jpg 683w, https:\/\/congresos.contraelcancer.es\/extremadura\/wp-content\/uploads\/sites\/4\/2026\/02\/IX-Congreso-Extremeno-de-Personas-con-Cancer-AECC-76-200x300.jpg 200w, https:\/\/congresos.contraelcancer.es\/extremadura\/wp-content\/uploads\/sites\/4\/2026\/02\/IX-Congreso-Extremeno-de-Personas-con-Cancer-AECC-76-50x75.jpg 50w, https:\/\/congresos.contraelcancer.es\/extremadura\/wp-content\/uploads\/sites\/4\/2026\/02\/IX-Congreso-Extremeno-de-Personas-con-Cancer-AECC-76-480x720.jpg 480w\" sizes=\"(max-width:767px) 480px, 683px\" \/><\/a>\n\t\t\t\t<\/dt>\n\t\t\t\t\t<dd class='wp-caption-text gallery-caption'>\n\t\t\t\t\tIX Congreso Extreme\u00f1o de personas con c\u00e1ncer y sus familiares\n\t\t\t\t\t<\/dd><\/div><\/dl><dl class='gallery-item'  data-title='IX Congreso Extreme\u00f1o de personas con c\u00e1ncer y sus familiares' data-description=''><div class='gallery-item-wrapper'>\n\t\t\t\t<dt class='gallery-icon landscape'>\n\t\t\t\t\t<a href='https:\/\/congresos.contraelcancer.es\/extremadura\/wp-content\/uploads\/sites\/4\/2026\/02\/IX-Congreso-Extremeno-de-Personas-con-Cancer-AECC-77.jpg'><img loading=\"lazy\" decoding=\"async\" width=\"1024\" height=\"683\" src=\"https:\/\/congresos.contraelcancer.es\/extremadura\/wp-content\/uploads\/sites\/4\/2026\/02\/IX-Congreso-Extremeno-de-Personas-con-Cancer-AECC-77-1024x683.jpg\" class=\"attachment-large size-large\" alt=\"\" srcset=\"https:\/\/congresos.contraelcancer.es\/extremadura\/wp-content\/uploads\/sites\/4\/2026\/02\/IX-Congreso-Extremeno-de-Personas-con-Cancer-AECC-77-1024x683.jpg 1024w, https:\/\/congresos.contraelcancer.es\/extremadura\/wp-content\/uploads\/sites\/4\/2026\/02\/IX-Congreso-Extremeno-de-Personas-con-Cancer-AECC-77-300x200.jpg 300w, https:\/\/congresos.contraelcancer.es\/extremadura\/wp-content\/uploads\/sites\/4\/2026\/02\/IX-Congreso-Extremeno-de-Personas-con-Cancer-AECC-77-768x512.jpg 768w, https:\/\/congresos.contraelcancer.es\/extremadura\/wp-content\/uploads\/sites\/4\/2026\/02\/IX-Congreso-Extremeno-de-Personas-con-Cancer-AECC-77-112x75.jpg 112w, https:\/\/congresos.contraelcancer.es\/extremadura\/wp-content\/uploads\/sites\/4\/2026\/02\/IX-Congreso-Extremeno-de-Personas-con-Cancer-AECC-77-480x320.jpg 480w\" sizes=\"(max-width:767px) 480px, (max-width:1024px) 100vw, 1024px\" \/><\/a>\n\t\t\t\t<\/dt>\n\t\t\t\t\t<dd class='wp-caption-text gallery-caption'>\n\t\t\t\t\tIX Congreso Extreme\u00f1o de personas con c\u00e1ncer y sus familiares\n\t\t\t\t\t<\/dd><\/div><\/dl><dl class='gallery-item'  data-title='IX Congreso Extreme\u00f1o de personas con c\u00e1ncer y sus familiares' data-description=''><div class='gallery-item-wrapper'>\n\t\t\t\t<dt class='gallery-icon landscape'>\n\t\t\t\t\t<a href='https:\/\/congresos.contraelcancer.es\/extremadura\/wp-content\/uploads\/sites\/4\/2026\/02\/IX-Congreso-Extremeno-de-Personas-con-Cancer-AECC-78.jpg'><img loading=\"lazy\" decoding=\"async\" width=\"1024\" height=\"683\" src=\"https:\/\/congresos.contraelcancer.es\/extremadura\/wp-content\/uploads\/sites\/4\/2026\/02\/IX-Congreso-Extremeno-de-Personas-con-Cancer-AECC-78-1024x683.jpg\" class=\"attachment-large size-large\" alt=\"\" srcset=\"https:\/\/congresos.contraelcancer.es\/extremadura\/wp-content\/uploads\/sites\/4\/2026\/02\/IX-Congreso-Extremeno-de-Personas-con-Cancer-AECC-78-1024x683.jpg 1024w, https:\/\/congresos.contraelcancer.es\/extremadura\/wp-content\/uploads\/sites\/4\/2026\/02\/IX-Congreso-Extremeno-de-Personas-con-Cancer-AECC-78-300x200.jpg 300w, https:\/\/congresos.contraelcancer.es\/extremadura\/wp-content\/uploads\/sites\/4\/2026\/02\/IX-Congreso-Extremeno-de-Personas-con-Cancer-AECC-78-768x512.jpg 768w, https:\/\/congresos.contraelcancer.es\/extremadura\/wp-content\/uploads\/sites\/4\/2026\/02\/IX-Congreso-Extremeno-de-Personas-con-Cancer-AECC-78-112x75.jpg 112w, https:\/\/congresos.contraelcancer.es\/extremadura\/wp-content\/uploads\/sites\/4\/2026\/02\/IX-Congreso-Extremeno-de-Personas-con-Cancer-AECC-78-480x320.jpg 480w\" sizes=\"(max-width:767px) 480px, (max-width:1024px) 100vw, 1024px\" \/><\/a>\n\t\t\t\t<\/dt>\n\t\t\t\t\t<dd class='wp-caption-text gallery-caption'>\n\t\t\t\t\tIX Congreso Extreme\u00f1o de personas con c\u00e1ncer y sus familiares\n\t\t\t\t\t<\/dd><\/div><\/dl><br style=\"clear: both\" \/><dl class='gallery-item'  data-title='IX Congreso Extreme\u00f1o de personas con c\u00e1ncer y sus familiares' data-description=''><div class='gallery-item-wrapper'>\n\t\t\t\t<dt class='gallery-icon portrait'>\n\t\t\t\t\t<a href='https:\/\/congresos.contraelcancer.es\/extremadura\/wp-content\/uploads\/sites\/4\/2026\/02\/IX-Congreso-Extremeno-de-Personas-con-Cancer-AECC-79.jpg'><img loading=\"lazy\" decoding=\"async\" width=\"683\" height=\"1024\" src=\"https:\/\/congresos.contraelcancer.es\/extremadura\/wp-content\/uploads\/sites\/4\/2026\/02\/IX-Congreso-Extremeno-de-Personas-con-Cancer-AECC-79-683x1024.jpg\" class=\"attachment-large size-large\" alt=\"\" srcset=\"https:\/\/congresos.contraelcancer.es\/extremadura\/wp-content\/uploads\/sites\/4\/2026\/02\/IX-Congreso-Extremeno-de-Personas-con-Cancer-AECC-79-683x1024.jpg 683w, https:\/\/congresos.contraelcancer.es\/extremadura\/wp-content\/uploads\/sites\/4\/2026\/02\/IX-Congreso-Extremeno-de-Personas-con-Cancer-AECC-79-200x300.jpg 200w, https:\/\/congresos.contraelcancer.es\/extremadura\/wp-content\/uploads\/sites\/4\/2026\/02\/IX-Congreso-Extremeno-de-Personas-con-Cancer-AECC-79-50x75.jpg 50w, https:\/\/congresos.contraelcancer.es\/extremadura\/wp-content\/uploads\/sites\/4\/2026\/02\/IX-Congreso-Extremeno-de-Personas-con-Cancer-AECC-79-480x720.jpg 480w\" sizes=\"(max-width:767px) 480px, 683px\" \/><\/a>\n\t\t\t\t<\/dt>\n\t\t\t\t\t<dd class='wp-caption-text gallery-caption'>\n\t\t\t\t\tIX Congreso Extreme\u00f1o de personas con c\u00e1ncer y sus familiares\n\t\t\t\t\t<\/dd><\/div><\/dl><dl class='gallery-item'  data-title='IX Congreso Extreme\u00f1o de personas con c\u00e1ncer y sus familiares' data-description=''><div class='gallery-item-wrapper'>\n\t\t\t\t<dt class='gallery-icon portrait'>\n\t\t\t\t\t<a href='https:\/\/congresos.contraelcancer.es\/extremadura\/wp-content\/uploads\/sites\/4\/2026\/02\/IX-Congreso-Extremeno-de-Personas-con-Cancer-AECC-80.jpg'><img loading=\"lazy\" decoding=\"async\" width=\"683\" height=\"1024\" src=\"https:\/\/congresos.contraelcancer.es\/extremadura\/wp-content\/uploads\/sites\/4\/2026\/02\/IX-Congreso-Extremeno-de-Personas-con-Cancer-AECC-80-683x1024.jpg\" class=\"attachment-large size-large\" alt=\"\" srcset=\"https:\/\/congresos.contraelcancer.es\/extremadura\/wp-content\/uploads\/sites\/4\/2026\/02\/IX-Congreso-Extremeno-de-Personas-con-Cancer-AECC-80-683x1024.jpg 683w, https:\/\/congresos.contraelcancer.es\/extremadura\/wp-content\/uploads\/sites\/4\/2026\/02\/IX-Congreso-Extremeno-de-Personas-con-Cancer-AECC-80-200x300.jpg 200w, https:\/\/congresos.contraelcancer.es\/extremadura\/wp-content\/uploads\/sites\/4\/2026\/02\/IX-Congreso-Extremeno-de-Personas-con-Cancer-AECC-80-50x75.jpg 50w, https:\/\/congresos.contraelcancer.es\/extremadura\/wp-content\/uploads\/sites\/4\/2026\/02\/IX-Congreso-Extremeno-de-Personas-con-Cancer-AECC-80-480x720.jpg 480w\" sizes=\"(max-width:767px) 480px, 683px\" \/><\/a>\n\t\t\t\t<\/dt>\n\t\t\t\t\t<dd class='wp-caption-text gallery-caption'>\n\t\t\t\t\tIX Congreso Extreme\u00f1o de personas con c\u00e1ncer y sus familiares\n\t\t\t\t\t<\/dd><\/div><\/dl><dl class='gallery-item'  data-title='IX Congreso Extreme\u00f1o de personas con c\u00e1ncer y sus familiares' data-description=''><div class='gallery-item-wrapper'>\n\t\t\t\t<dt class='gallery-icon landscape'>\n\t\t\t\t\t<a href='https:\/\/congresos.contraelcancer.es\/extremadura\/wp-content\/uploads\/sites\/4\/2026\/02\/IX-Congreso-Extremeno-de-Personas-con-Cancer-AECC-81.jpg'><img loading=\"lazy\" decoding=\"async\" width=\"1024\" height=\"683\" src=\"https:\/\/congresos.contraelcancer.es\/extremadura\/wp-content\/uploads\/sites\/4\/2026\/02\/IX-Congreso-Extremeno-de-Personas-con-Cancer-AECC-81-1024x683.jpg\" class=\"attachment-large size-large\" alt=\"\" srcset=\"https:\/\/congresos.contraelcancer.es\/extremadura\/wp-content\/uploads\/sites\/4\/2026\/02\/IX-Congreso-Extremeno-de-Personas-con-Cancer-AECC-81-1024x683.jpg 1024w, https:\/\/congresos.contraelcancer.es\/extremadura\/wp-content\/uploads\/sites\/4\/2026\/02\/IX-Congreso-Extremeno-de-Personas-con-Cancer-AECC-81-300x200.jpg 300w, https:\/\/congresos.contraelcancer.es\/extremadura\/wp-content\/uploads\/sites\/4\/2026\/02\/IX-Congreso-Extremeno-de-Personas-con-Cancer-AECC-81-768x512.jpg 768w, https:\/\/congresos.contraelcancer.es\/extremadura\/wp-content\/uploads\/sites\/4\/2026\/02\/IX-Congreso-Extremeno-de-Personas-con-Cancer-AECC-81-112x75.jpg 112w, https:\/\/congresos.contraelcancer.es\/extremadura\/wp-content\/uploads\/sites\/4\/2026\/02\/IX-Congreso-Extremeno-de-Personas-con-Cancer-AECC-81-480x320.jpg 480w\" sizes=\"(max-width:767px) 480px, (max-width:1024px) 100vw, 1024px\" \/><\/a>\n\t\t\t\t<\/dt>\n\t\t\t\t\t<dd class='wp-caption-text gallery-caption'>\n\t\t\t\t\tIX Congreso Extreme\u00f1o de personas con c\u00e1ncer y sus familiares\n\t\t\t\t\t<\/dd><\/div><\/dl><dl class='gallery-item'  data-title='IX Congreso Extreme\u00f1o de personas con c\u00e1ncer y sus familiares' data-description=''><div class='gallery-item-wrapper'>\n\t\t\t\t<dt class='gallery-icon landscape'>\n\t\t\t\t\t<a href='https:\/\/congresos.contraelcancer.es\/extremadura\/wp-content\/uploads\/sites\/4\/2026\/02\/IX-Congreso-Extremeno-de-Personas-con-Cancer-AECC-82.jpg'><img loading=\"lazy\" decoding=\"async\" width=\"1024\" height=\"683\" src=\"https:\/\/congresos.contraelcancer.es\/extremadura\/wp-content\/uploads\/sites\/4\/2026\/02\/IX-Congreso-Extremeno-de-Personas-con-Cancer-AECC-82-1024x683.jpg\" class=\"attachment-large size-large\" alt=\"\" srcset=\"https:\/\/congresos.contraelcancer.es\/extremadura\/wp-content\/uploads\/sites\/4\/2026\/02\/IX-Congreso-Extremeno-de-Personas-con-Cancer-AECC-82-1024x683.jpg 1024w, https:\/\/congresos.contraelcancer.es\/extremadura\/wp-content\/uploads\/sites\/4\/2026\/02\/IX-Congreso-Extremeno-de-Personas-con-Cancer-AECC-82-300x200.jpg 300w, https:\/\/congresos.contraelcancer.es\/extremadura\/wp-content\/uploads\/sites\/4\/2026\/02\/IX-Congreso-Extremeno-de-Personas-con-Cancer-AECC-82-768x512.jpg 768w, https:\/\/congresos.contraelcancer.es\/extremadura\/wp-content\/uploads\/sites\/4\/2026\/02\/IX-Congreso-Extremeno-de-Personas-con-Cancer-AECC-82-112x75.jpg 112w, https:\/\/congresos.contraelcancer.es\/extremadura\/wp-content\/uploads\/sites\/4\/2026\/02\/IX-Congreso-Extremeno-de-Personas-con-Cancer-AECC-82-480x320.jpg 480w\" sizes=\"(max-width:767px) 480px, (max-width:1024px) 100vw, 1024px\" \/><\/a>\n\t\t\t\t<\/dt>\n\t\t\t\t\t<dd class='wp-caption-text gallery-caption'>\n\t\t\t\t\tIX Congreso Extreme\u00f1o de personas con c\u00e1ncer y sus familiares\n\t\t\t\t\t<\/dd><\/div><\/dl><br style=\"clear: both\" \/><dl class='gallery-item'  data-title='IX Congreso Extreme\u00f1o de personas con c\u00e1ncer y sus familiares' data-description=''><div class='gallery-item-wrapper'>\n\t\t\t\t<dt class='gallery-icon landscape'>\n\t\t\t\t\t<a href='https:\/\/congresos.contraelcancer.es\/extremadura\/wp-content\/uploads\/sites\/4\/2026\/02\/IX-Congreso-Extremeno-de-Personas-con-Cancer-AECC-83.jpg'><img loading=\"lazy\" decoding=\"async\" width=\"1024\" height=\"683\" src=\"https:\/\/congresos.contraelcancer.es\/extremadura\/wp-content\/uploads\/sites\/4\/2026\/02\/IX-Congreso-Extremeno-de-Personas-con-Cancer-AECC-83-1024x683.jpg\" class=\"attachment-large size-large\" alt=\"\" srcset=\"https:\/\/congresos.contraelcancer.es\/extremadura\/wp-content\/uploads\/sites\/4\/2026\/02\/IX-Congreso-Extremeno-de-Personas-con-Cancer-AECC-83-1024x683.jpg 1024w, https:\/\/congresos.contraelcancer.es\/extremadura\/wp-content\/uploads\/sites\/4\/2026\/02\/IX-Congreso-Extremeno-de-Personas-con-Cancer-AECC-83-300x200.jpg 300w, https:\/\/congresos.contraelcancer.es\/extremadura\/wp-content\/uploads\/sites\/4\/2026\/02\/IX-Congreso-Extremeno-de-Personas-con-Cancer-AECC-83-768x512.jpg 768w, https:\/\/congresos.contraelcancer.es\/extremadura\/wp-content\/uploads\/sites\/4\/2026\/02\/IX-Congreso-Extremeno-de-Personas-con-Cancer-AECC-83-112x75.jpg 112w, https:\/\/congresos.contraelcancer.es\/extremadura\/wp-content\/uploads\/sites\/4\/2026\/02\/IX-Congreso-Extremeno-de-Personas-con-Cancer-AECC-83-480x320.jpg 480w\" sizes=\"(max-width:767px) 480px, (max-width:1024px) 100vw, 1024px\" \/><\/a>\n\t\t\t\t<\/dt>\n\t\t\t\t\t<dd class='wp-caption-text gallery-caption'>\n\t\t\t\t\tIX Congreso Extreme\u00f1o de personas con c\u00e1ncer y sus familiares\n\t\t\t\t\t<\/dd><\/div><\/dl><dl class='gallery-item'  data-title='IX Congreso Extreme\u00f1o de personas con c\u00e1ncer y sus familiares' data-description=''><div class='gallery-item-wrapper'>\n\t\t\t\t<dt class='gallery-icon landscape'>\n\t\t\t\t\t<a href='https:\/\/congresos.contraelcancer.es\/extremadura\/wp-content\/uploads\/sites\/4\/2026\/02\/IX-Congreso-Extremeno-de-Personas-con-Cancer-AECC-84.jpg'><img loading=\"lazy\" decoding=\"async\" width=\"1024\" height=\"683\" src=\"https:\/\/congresos.contraelcancer.es\/extremadura\/wp-content\/uploads\/sites\/4\/2026\/02\/IX-Congreso-Extremeno-de-Personas-con-Cancer-AECC-84-1024x683.jpg\" class=\"attachment-large size-large\" alt=\"\" srcset=\"https:\/\/congresos.contraelcancer.es\/extremadura\/wp-content\/uploads\/sites\/4\/2026\/02\/IX-Congreso-Extremeno-de-Personas-con-Cancer-AECC-84-1024x683.jpg 1024w, https:\/\/congresos.contraelcancer.es\/extremadura\/wp-content\/uploads\/sites\/4\/2026\/02\/IX-Congreso-Extremeno-de-Personas-con-Cancer-AECC-84-300x200.jpg 300w, https:\/\/congresos.contraelcancer.es\/extremadura\/wp-content\/uploads\/sites\/4\/2026\/02\/IX-Congreso-Extremeno-de-Personas-con-Cancer-AECC-84-768x512.jpg 768w, https:\/\/congresos.contraelcancer.es\/extremadura\/wp-content\/uploads\/sites\/4\/2026\/02\/IX-Congreso-Extremeno-de-Personas-con-Cancer-AECC-84-112x75.jpg 112w, https:\/\/congresos.contraelcancer.es\/extremadura\/wp-content\/uploads\/sites\/4\/2026\/02\/IX-Congreso-Extremeno-de-Personas-con-Cancer-AECC-84-480x320.jpg 480w\" sizes=\"(max-width:767px) 480px, (max-width:1024px) 100vw, 1024px\" \/><\/a>\n\t\t\t\t<\/dt>\n\t\t\t\t\t<dd class='wp-caption-text gallery-caption'>\n\t\t\t\t\tIX Congreso Extreme\u00f1o de personas con c\u00e1ncer y sus familiares\n\t\t\t\t\t<\/dd><\/div><\/dl><dl class='gallery-item'  data-title='IX Congreso Extreme\u00f1o de personas con c\u00e1ncer y sus familiares' data-description=''><div class='gallery-item-wrapper'>\n\t\t\t\t<dt class='gallery-icon landscape'>\n\t\t\t\t\t<a href='https:\/\/congresos.contraelcancer.es\/extremadura\/wp-content\/uploads\/sites\/4\/2026\/02\/IX-Congreso-Extremeno-de-Personas-con-Cancer-AECC-85.jpg'><img loading=\"lazy\" decoding=\"async\" width=\"1024\" height=\"683\" src=\"https:\/\/congresos.contraelcancer.es\/extremadura\/wp-content\/uploads\/sites\/4\/2026\/02\/IX-Congreso-Extremeno-de-Personas-con-Cancer-AECC-85-1024x683.jpg\" class=\"attachment-large size-large\" alt=\"\" srcset=\"https:\/\/congresos.contraelcancer.es\/extremadura\/wp-content\/uploads\/sites\/4\/2026\/02\/IX-Congreso-Extremeno-de-Personas-con-Cancer-AECC-85-1024x683.jpg 1024w, https:\/\/congresos.contraelcancer.es\/extremadura\/wp-content\/uploads\/sites\/4\/2026\/02\/IX-Congreso-Extremeno-de-Personas-con-Cancer-AECC-85-300x200.jpg 300w, https:\/\/congresos.contraelcancer.es\/extremadura\/wp-content\/uploads\/sites\/4\/2026\/02\/IX-Congreso-Extremeno-de-Personas-con-Cancer-AECC-85-768x512.jpg 768w, https:\/\/congresos.contraelcancer.es\/extremadura\/wp-content\/uploads\/sites\/4\/2026\/02\/IX-Congreso-Extremeno-de-Personas-con-Cancer-AECC-85-112x75.jpg 112w, https:\/\/congresos.contraelcancer.es\/extremadura\/wp-content\/uploads\/sites\/4\/2026\/02\/IX-Congreso-Extremeno-de-Personas-con-Cancer-AECC-85-480x320.jpg 480w\" sizes=\"(max-width:767px) 480px, (max-width:1024px) 100vw, 1024px\" \/><\/a>\n\t\t\t\t<\/dt>\n\t\t\t\t\t<dd class='wp-caption-text gallery-caption'>\n\t\t\t\t\tIX Congreso Extreme\u00f1o de personas con c\u00e1ncer y sus familiares\n\t\t\t\t\t<\/dd><\/div><\/dl><dl class='gallery-item'  data-title='IX Congreso Extreme\u00f1o de personas con c\u00e1ncer y sus familiares' data-description=''><div class='gallery-item-wrapper'>\n\t\t\t\t<dt class='gallery-icon portrait'>\n\t\t\t\t\t<a href='https:\/\/congresos.contraelcancer.es\/extremadura\/wp-content\/uploads\/sites\/4\/2026\/02\/IX-Congreso-Extremeno-de-Personas-con-Cancer-AECC-86.jpg'><img loading=\"lazy\" decoding=\"async\" width=\"683\" height=\"1024\" src=\"https:\/\/congresos.contraelcancer.es\/extremadura\/wp-content\/uploads\/sites\/4\/2026\/02\/IX-Congreso-Extremeno-de-Personas-con-Cancer-AECC-86-683x1024.jpg\" class=\"attachment-large size-large\" alt=\"\" srcset=\"https:\/\/congresos.contraelcancer.es\/extremadura\/wp-content\/uploads\/sites\/4\/2026\/02\/IX-Congreso-Extremeno-de-Personas-con-Cancer-AECC-86-683x1024.jpg 683w, https:\/\/congresos.contraelcancer.es\/extremadura\/wp-content\/uploads\/sites\/4\/2026\/02\/IX-Congreso-Extremeno-de-Personas-con-Cancer-AECC-86-200x300.jpg 200w, https:\/\/congresos.contraelcancer.es\/extremadura\/wp-content\/uploads\/sites\/4\/2026\/02\/IX-Congreso-Extremeno-de-Personas-con-Cancer-AECC-86-50x75.jpg 50w, https:\/\/congresos.contraelcancer.es\/extremadura\/wp-content\/uploads\/sites\/4\/2026\/02\/IX-Congreso-Extremeno-de-Personas-con-Cancer-AECC-86-480x720.jpg 480w\" sizes=\"(max-width:767px) 480px, 683px\" \/><\/a>\n\t\t\t\t<\/dt>\n\t\t\t\t\t<dd class='wp-caption-text gallery-caption'>\n\t\t\t\t\tIX Congreso Extreme\u00f1o de personas con c\u00e1ncer y sus familiares\n\t\t\t\t\t<\/dd><\/div><\/dl><br style=\"clear: both\" \/><dl class='gallery-item'  data-title='IX Congreso Extreme\u00f1o de personas con c\u00e1ncer y sus familiares' data-description=''><div class='gallery-item-wrapper'>\n\t\t\t\t<dt class='gallery-icon landscape'>\n\t\t\t\t\t<a href='https:\/\/congresos.contraelcancer.es\/extremadura\/wp-content\/uploads\/sites\/4\/2026\/02\/IX-Congreso-Extremeno-de-Personas-con-Cancer-AECC-87.jpg'><img loading=\"lazy\" decoding=\"async\" width=\"1024\" height=\"683\" src=\"https:\/\/congresos.contraelcancer.es\/extremadura\/wp-content\/uploads\/sites\/4\/2026\/02\/IX-Congreso-Extremeno-de-Personas-con-Cancer-AECC-87-1024x683.jpg\" class=\"attachment-large size-large\" alt=\"\" srcset=\"https:\/\/congresos.contraelcancer.es\/extremadura\/wp-content\/uploads\/sites\/4\/2026\/02\/IX-Congreso-Extremeno-de-Personas-con-Cancer-AECC-87-1024x683.jpg 1024w, https:\/\/congresos.contraelcancer.es\/extremadura\/wp-content\/uploads\/sites\/4\/2026\/02\/IX-Congreso-Extremeno-de-Personas-con-Cancer-AECC-87-300x200.jpg 300w, https:\/\/congresos.contraelcancer.es\/extremadura\/wp-content\/uploads\/sites\/4\/2026\/02\/IX-Congreso-Extremeno-de-Personas-con-Cancer-AECC-87-768x512.jpg 768w, https:\/\/congresos.contraelcancer.es\/extremadura\/wp-content\/uploads\/sites\/4\/2026\/02\/IX-Congreso-Extremeno-de-Personas-con-Cancer-AECC-87-112x75.jpg 112w, https:\/\/congresos.contraelcancer.es\/extremadura\/wp-content\/uploads\/sites\/4\/2026\/02\/IX-Congreso-Extremeno-de-Personas-con-Cancer-AECC-87-480x320.jpg 480w\" sizes=\"(max-width:767px) 480px, (max-width:1024px) 100vw, 1024px\" \/><\/a>\n\t\t\t\t<\/dt>\n\t\t\t\t\t<dd class='wp-caption-text gallery-caption'>\n\t\t\t\t\tIX Congreso Extreme\u00f1o de personas con c\u00e1ncer y sus familiares\n\t\t\t\t\t<\/dd><\/div><\/dl><dl class='gallery-item'  data-title='IX Congreso Extreme\u00f1o de personas con c\u00e1ncer y sus familiares' data-description=''><div class='gallery-item-wrapper'>\n\t\t\t\t<dt class='gallery-icon landscape'>\n\t\t\t\t\t<a href='https:\/\/congresos.contraelcancer.es\/extremadura\/wp-content\/uploads\/sites\/4\/2026\/02\/IX-Congreso-Extremeno-de-Personas-con-Cancer-AECC-88.jpg'><img loading=\"lazy\" decoding=\"async\" width=\"1024\" height=\"683\" src=\"https:\/\/congresos.contraelcancer.es\/extremadura\/wp-content\/uploads\/sites\/4\/2026\/02\/IX-Congreso-Extremeno-de-Personas-con-Cancer-AECC-88-1024x683.jpg\" class=\"attachment-large size-large\" alt=\"\" srcset=\"https:\/\/congresos.contraelcancer.es\/extremadura\/wp-content\/uploads\/sites\/4\/2026\/02\/IX-Congreso-Extremeno-de-Personas-con-Cancer-AECC-88-1024x683.jpg 1024w, https:\/\/congresos.contraelcancer.es\/extremadura\/wp-content\/uploads\/sites\/4\/2026\/02\/IX-Congreso-Extremeno-de-Personas-con-Cancer-AECC-88-300x200.jpg 300w, https:\/\/congresos.contraelcancer.es\/extremadura\/wp-content\/uploads\/sites\/4\/2026\/02\/IX-Congreso-Extremeno-de-Personas-con-Cancer-AECC-88-768x512.jpg 768w, https:\/\/congresos.contraelcancer.es\/extremadura\/wp-content\/uploads\/sites\/4\/2026\/02\/IX-Congreso-Extremeno-de-Personas-con-Cancer-AECC-88-112x75.jpg 112w, https:\/\/congresos.contraelcancer.es\/extremadura\/wp-content\/uploads\/sites\/4\/2026\/02\/IX-Congreso-Extremeno-de-Personas-con-Cancer-AECC-88-480x320.jpg 480w\" sizes=\"(max-width:767px) 480px, (max-width:1024px) 100vw, 1024px\" \/><\/a>\n\t\t\t\t<\/dt>\n\t\t\t\t\t<dd class='wp-caption-text gallery-caption'>\n\t\t\t\t\tIX Congreso Extreme\u00f1o de personas con c\u00e1ncer y sus familiares\n\t\t\t\t\t<\/dd><\/div><\/dl><dl class='gallery-item'  data-title='IX Congreso Extreme\u00f1o de personas con c\u00e1ncer y sus familiares' data-description=''><div class='gallery-item-wrapper'>\n\t\t\t\t<dt class='gallery-icon landscape'>\n\t\t\t\t\t<a href='https:\/\/congresos.contraelcancer.es\/extremadura\/wp-content\/uploads\/sites\/4\/2026\/02\/IX-Congreso-Extremeno-de-Personas-con-Cancer-AECC-89.jpg'><img loading=\"lazy\" decoding=\"async\" width=\"1024\" height=\"683\" src=\"https:\/\/congresos.contraelcancer.es\/extremadura\/wp-content\/uploads\/sites\/4\/2026\/02\/IX-Congreso-Extremeno-de-Personas-con-Cancer-AECC-89-1024x683.jpg\" class=\"attachment-large size-large\" alt=\"\" srcset=\"https:\/\/congresos.contraelcancer.es\/extremadura\/wp-content\/uploads\/sites\/4\/2026\/02\/IX-Congreso-Extremeno-de-Personas-con-Cancer-AECC-89-1024x683.jpg 1024w, https:\/\/congresos.contraelcancer.es\/extremadura\/wp-content\/uploads\/sites\/4\/2026\/02\/IX-Congreso-Extremeno-de-Personas-con-Cancer-AECC-89-300x200.jpg 300w, https:\/\/congresos.contraelcancer.es\/extremadura\/wp-content\/uploads\/sites\/4\/2026\/02\/IX-Congreso-Extremeno-de-Personas-con-Cancer-AECC-89-768x512.jpg 768w, https:\/\/congresos.contraelcancer.es\/extremadura\/wp-content\/uploads\/sites\/4\/2026\/02\/IX-Congreso-Extremeno-de-Personas-con-Cancer-AECC-89-112x75.jpg 112w, https:\/\/congresos.contraelcancer.es\/extremadura\/wp-content\/uploads\/sites\/4\/2026\/02\/IX-Congreso-Extremeno-de-Personas-con-Cancer-AECC-89-480x320.jpg 480w\" sizes=\"(max-width:767px) 480px, (max-width:1024px) 100vw, 1024px\" \/><\/a>\n\t\t\t\t<\/dt>\n\t\t\t\t\t<dd class='wp-caption-text gallery-caption'>\n\t\t\t\t\tIX Congreso Extreme\u00f1o de personas con c\u00e1ncer y sus familiares\n\t\t\t\t\t<\/dd><\/div><\/dl><dl class='gallery-item'  data-title='IX Congreso Extreme\u00f1o de personas con c\u00e1ncer y sus familiares' data-description=''><div class='gallery-item-wrapper'>\n\t\t\t\t<dt class='gallery-icon landscape'>\n\t\t\t\t\t<a href='https:\/\/congresos.contraelcancer.es\/extremadura\/wp-content\/uploads\/sites\/4\/2026\/02\/IX-Congreso-Extremeno-de-Personas-con-Cancer-AECC-90.jpg'><img loading=\"lazy\" decoding=\"async\" width=\"1024\" height=\"683\" src=\"https:\/\/congresos.contraelcancer.es\/extremadura\/wp-content\/uploads\/sites\/4\/2026\/02\/IX-Congreso-Extremeno-de-Personas-con-Cancer-AECC-90-1024x683.jpg\" class=\"attachment-large size-large\" alt=\"\" srcset=\"https:\/\/congresos.contraelcancer.es\/extremadura\/wp-content\/uploads\/sites\/4\/2026\/02\/IX-Congreso-Extremeno-de-Personas-con-Cancer-AECC-90-1024x683.jpg 1024w, https:\/\/congresos.contraelcancer.es\/extremadura\/wp-content\/uploads\/sites\/4\/2026\/02\/IX-Congreso-Extremeno-de-Personas-con-Cancer-AECC-90-300x200.jpg 300w, https:\/\/congresos.contraelcancer.es\/extremadura\/wp-content\/uploads\/sites\/4\/2026\/02\/IX-Congreso-Extremeno-de-Personas-con-Cancer-AECC-90-768x512.jpg 768w, https:\/\/congresos.contraelcancer.es\/extremadura\/wp-content\/uploads\/sites\/4\/2026\/02\/IX-Congreso-Extremeno-de-Personas-con-Cancer-AECC-90-112x75.jpg 112w, https:\/\/congresos.contraelcancer.es\/extremadura\/wp-content\/uploads\/sites\/4\/2026\/02\/IX-Congreso-Extremeno-de-Personas-con-Cancer-AECC-90-480x320.jpg 480w\" sizes=\"(max-width:767px) 480px, (max-width:1024px) 100vw, 1024px\" \/><\/a>\n\t\t\t\t<\/dt>\n\t\t\t\t\t<dd class='wp-caption-text gallery-caption'>\n\t\t\t\t\tIX Congreso Extreme\u00f1o de personas con c\u00e1ncer y sus familiares\n\t\t\t\t\t<\/dd><\/div><\/dl><br style=\"clear: both\" \/><dl class='gallery-item'  data-title='IX Congreso Extreme\u00f1o de personas con c\u00e1ncer y sus familiares' data-description=''><div class='gallery-item-wrapper'>\n\t\t\t\t<dt class='gallery-icon landscape'>\n\t\t\t\t\t<a href='https:\/\/congresos.contraelcancer.es\/extremadura\/wp-content\/uploads\/sites\/4\/2026\/02\/IX-Congreso-Extremeno-de-Personas-con-Cancer-AECC-91.jpg'><img loading=\"lazy\" decoding=\"async\" width=\"1024\" height=\"683\" src=\"https:\/\/congresos.contraelcancer.es\/extremadura\/wp-content\/uploads\/sites\/4\/2026\/02\/IX-Congreso-Extremeno-de-Personas-con-Cancer-AECC-91-1024x683.jpg\" class=\"attachment-large size-large\" alt=\"\" srcset=\"https:\/\/congresos.contraelcancer.es\/extremadura\/wp-content\/uploads\/sites\/4\/2026\/02\/IX-Congreso-Extremeno-de-Personas-con-Cancer-AECC-91-1024x683.jpg 1024w, https:\/\/congresos.contraelcancer.es\/extremadura\/wp-content\/uploads\/sites\/4\/2026\/02\/IX-Congreso-Extremeno-de-Personas-con-Cancer-AECC-91-300x200.jpg 300w, https:\/\/congresos.contraelcancer.es\/extremadura\/wp-content\/uploads\/sites\/4\/2026\/02\/IX-Congreso-Extremeno-de-Personas-con-Cancer-AECC-91-768x512.jpg 768w, https:\/\/congresos.contraelcancer.es\/extremadura\/wp-content\/uploads\/sites\/4\/2026\/02\/IX-Congreso-Extremeno-de-Personas-con-Cancer-AECC-91-112x75.jpg 112w, https:\/\/congresos.contraelcancer.es\/extremadura\/wp-content\/uploads\/sites\/4\/2026\/02\/IX-Congreso-Extremeno-de-Personas-con-Cancer-AECC-91-480x320.jpg 480w\" sizes=\"(max-width:767px) 480px, (max-width:1024px) 100vw, 1024px\" \/><\/a>\n\t\t\t\t<\/dt>\n\t\t\t\t\t<dd class='wp-caption-text gallery-caption'>\n\t\t\t\t\tIX Congreso Extreme\u00f1o de personas con c\u00e1ncer y sus familiares\n\t\t\t\t\t<\/dd><\/div><\/dl><dl class='gallery-item'  data-title='IX Congreso Extreme\u00f1o de personas con c\u00e1ncer y sus familiares' data-description=''><div class='gallery-item-wrapper'>\n\t\t\t\t<dt class='gallery-icon landscape'>\n\t\t\t\t\t<a href='https:\/\/congresos.contraelcancer.es\/extremadura\/wp-content\/uploads\/sites\/4\/2026\/02\/IX-Congreso-Extremeno-de-Personas-con-Cancer-AECC-92.jpg'><img loading=\"lazy\" decoding=\"async\" width=\"1024\" height=\"683\" src=\"https:\/\/congresos.contraelcancer.es\/extremadura\/wp-content\/uploads\/sites\/4\/2026\/02\/IX-Congreso-Extremeno-de-Personas-con-Cancer-AECC-92-1024x683.jpg\" class=\"attachment-large size-large\" alt=\"\" srcset=\"https:\/\/congresos.contraelcancer.es\/extremadura\/wp-content\/uploads\/sites\/4\/2026\/02\/IX-Congreso-Extremeno-de-Personas-con-Cancer-AECC-92-1024x683.jpg 1024w, https:\/\/congresos.contraelcancer.es\/extremadura\/wp-content\/uploads\/sites\/4\/2026\/02\/IX-Congreso-Extremeno-de-Personas-con-Cancer-AECC-92-300x200.jpg 300w, https:\/\/congresos.contraelcancer.es\/extremadura\/wp-content\/uploads\/sites\/4\/2026\/02\/IX-Congreso-Extremeno-de-Personas-con-Cancer-AECC-92-768x512.jpg 768w, https:\/\/congresos.contraelcancer.es\/extremadura\/wp-content\/uploads\/sites\/4\/2026\/02\/IX-Congreso-Extremeno-de-Personas-con-Cancer-AECC-92-112x75.jpg 112w, https:\/\/congresos.contraelcancer.es\/extremadura\/wp-content\/uploads\/sites\/4\/2026\/02\/IX-Congreso-Extremeno-de-Personas-con-Cancer-AECC-92-480x320.jpg 480w\" sizes=\"(max-width:767px) 480px, (max-width:1024px) 100vw, 1024px\" \/><\/a>\n\t\t\t\t<\/dt>\n\t\t\t\t\t<dd class='wp-caption-text gallery-caption'>\n\t\t\t\t\tIX Congreso Extreme\u00f1o de personas con c\u00e1ncer y sus familiares\n\t\t\t\t\t<\/dd><\/div><\/dl><dl class='gallery-item'  data-title='IX Congreso Extreme\u00f1o de personas con c\u00e1ncer y sus familiares' data-description=''><div class='gallery-item-wrapper'>\n\t\t\t\t<dt class='gallery-icon landscape'>\n\t\t\t\t\t<a href='https:\/\/congresos.contraelcancer.es\/extremadura\/wp-content\/uploads\/sites\/4\/2026\/02\/IX-Congreso-Extremeno-de-Personas-con-Cancer-AECC-93.jpg'><img loading=\"lazy\" decoding=\"async\" width=\"1024\" height=\"683\" src=\"https:\/\/congresos.contraelcancer.es\/extremadura\/wp-content\/uploads\/sites\/4\/2026\/02\/IX-Congreso-Extremeno-de-Personas-con-Cancer-AECC-93-1024x683.jpg\" class=\"attachment-large size-large\" alt=\"\" srcset=\"https:\/\/congresos.contraelcancer.es\/extremadura\/wp-content\/uploads\/sites\/4\/2026\/02\/IX-Congreso-Extremeno-de-Personas-con-Cancer-AECC-93-1024x683.jpg 1024w, https:\/\/congresos.contraelcancer.es\/extremadura\/wp-content\/uploads\/sites\/4\/2026\/02\/IX-Congreso-Extremeno-de-Personas-con-Cancer-AECC-93-300x200.jpg 300w, https:\/\/congresos.contraelcancer.es\/extremadura\/wp-content\/uploads\/sites\/4\/2026\/02\/IX-Congreso-Extremeno-de-Personas-con-Cancer-AECC-93-768x512.jpg 768w, https:\/\/congresos.contraelcancer.es\/extremadura\/wp-content\/uploads\/sites\/4\/2026\/02\/IX-Congreso-Extremeno-de-Personas-con-Cancer-AECC-93-112x75.jpg 112w, https:\/\/congresos.contraelcancer.es\/extremadura\/wp-content\/uploads\/sites\/4\/2026\/02\/IX-Congreso-Extremeno-de-Personas-con-Cancer-AECC-93-480x320.jpg 480w\" sizes=\"(max-width:767px) 480px, (max-width:1024px) 100vw, 1024px\" \/><\/a>\n\t\t\t\t<\/dt>\n\t\t\t\t\t<dd class='wp-caption-text gallery-caption'>\n\t\t\t\t\tIX Congreso Extreme\u00f1o de personas con c\u00e1ncer y sus familiares\n\t\t\t\t\t<\/dd><\/div><\/dl><dl class='gallery-item'  data-title='IX Congreso Extreme\u00f1o de personas con c\u00e1ncer y sus familiares' data-description=''><div class='gallery-item-wrapper'>\n\t\t\t\t<dt class='gallery-icon landscape'>\n\t\t\t\t\t<a href='https:\/\/congresos.contraelcancer.es\/extremadura\/wp-content\/uploads\/sites\/4\/2026\/02\/IX-Congreso-Extremeno-de-Personas-con-Cancer-AECC-94.jpg'><img loading=\"lazy\" decoding=\"async\" width=\"1024\" height=\"683\" src=\"https:\/\/congresos.contraelcancer.es\/extremadura\/wp-content\/uploads\/sites\/4\/2026\/02\/IX-Congreso-Extremeno-de-Personas-con-Cancer-AECC-94-1024x683.jpg\" class=\"attachment-large size-large\" alt=\"\" srcset=\"https:\/\/congresos.contraelcancer.es\/extremadura\/wp-content\/uploads\/sites\/4\/2026\/02\/IX-Congreso-Extremeno-de-Personas-con-Cancer-AECC-94-1024x683.jpg 1024w, https:\/\/congresos.contraelcancer.es\/extremadura\/wp-content\/uploads\/sites\/4\/2026\/02\/IX-Congreso-Extremeno-de-Personas-con-Cancer-AECC-94-300x200.jpg 300w, https:\/\/congresos.contraelcancer.es\/extremadura\/wp-content\/uploads\/sites\/4\/2026\/02\/IX-Congreso-Extremeno-de-Personas-con-Cancer-AECC-94-768x512.jpg 768w, https:\/\/congresos.contraelcancer.es\/extremadura\/wp-content\/uploads\/sites\/4\/2026\/02\/IX-Congreso-Extremeno-de-Personas-con-Cancer-AECC-94-112x75.jpg 112w, https:\/\/congresos.contraelcancer.es\/extremadura\/wp-content\/uploads\/sites\/4\/2026\/02\/IX-Congreso-Extremeno-de-Personas-con-Cancer-AECC-94-480x320.jpg 480w\" sizes=\"(max-width:767px) 480px, (max-width:1024px) 100vw, 1024px\" \/><\/a>\n\t\t\t\t<\/dt>\n\t\t\t\t\t<dd class='wp-caption-text gallery-caption'>\n\t\t\t\t\tIX Congreso Extreme\u00f1o de personas con c\u00e1ncer y sus familiares\n\t\t\t\t\t<\/dd><\/div><\/dl><br style=\"clear: both\" \/><dl class='gallery-item'  data-title='IX Congreso Extreme\u00f1o de personas con c\u00e1ncer y sus familiares' data-description=''><div class='gallery-item-wrapper'>\n\t\t\t\t<dt class='gallery-icon landscape'>\n\t\t\t\t\t<a href='https:\/\/congresos.contraelcancer.es\/extremadura\/wp-content\/uploads\/sites\/4\/2026\/02\/IX-Congreso-Extremeno-de-Personas-con-Cancer-AECC-95.jpg'><img loading=\"lazy\" decoding=\"async\" width=\"1024\" height=\"683\" src=\"https:\/\/congresos.contraelcancer.es\/extremadura\/wp-content\/uploads\/sites\/4\/2026\/02\/IX-Congreso-Extremeno-de-Personas-con-Cancer-AECC-95-1024x683.jpg\" class=\"attachment-large size-large\" alt=\"\" srcset=\"https:\/\/congresos.contraelcancer.es\/extremadura\/wp-content\/uploads\/sites\/4\/2026\/02\/IX-Congreso-Extremeno-de-Personas-con-Cancer-AECC-95-1024x683.jpg 1024w, https:\/\/congresos.contraelcancer.es\/extremadura\/wp-content\/uploads\/sites\/4\/2026\/02\/IX-Congreso-Extremeno-de-Personas-con-Cancer-AECC-95-300x200.jpg 300w, https:\/\/congresos.contraelcancer.es\/extremadura\/wp-content\/uploads\/sites\/4\/2026\/02\/IX-Congreso-Extremeno-de-Personas-con-Cancer-AECC-95-768x512.jpg 768w, https:\/\/congresos.contraelcancer.es\/extremadura\/wp-content\/uploads\/sites\/4\/2026\/02\/IX-Congreso-Extremeno-de-Personas-con-Cancer-AECC-95-112x75.jpg 112w, https:\/\/congresos.contraelcancer.es\/extremadura\/wp-content\/uploads\/sites\/4\/2026\/02\/IX-Congreso-Extremeno-de-Personas-con-Cancer-AECC-95-480x320.jpg 480w\" sizes=\"(max-width:767px) 480px, (max-width:1024px) 100vw, 1024px\" \/><\/a>\n\t\t\t\t<\/dt>\n\t\t\t\t\t<dd class='wp-caption-text gallery-caption'>\n\t\t\t\t\tIX Congreso Extreme\u00f1o de personas con c\u00e1ncer y sus familiares\n\t\t\t\t\t<\/dd><\/div><\/dl><dl class='gallery-item'  data-title='IX Congreso Extreme\u00f1o de personas con c\u00e1ncer y sus familiares' data-description=''><div class='gallery-item-wrapper'>\n\t\t\t\t<dt class='gallery-icon landscape'>\n\t\t\t\t\t<a href='https:\/\/congresos.contraelcancer.es\/extremadura\/wp-content\/uploads\/sites\/4\/2026\/02\/IX-Congreso-Extremeno-de-Personas-con-Cancer-AECC-96.jpg'><img loading=\"lazy\" decoding=\"async\" width=\"1024\" height=\"683\" src=\"https:\/\/congresos.contraelcancer.es\/extremadura\/wp-content\/uploads\/sites\/4\/2026\/02\/IX-Congreso-Extremeno-de-Personas-con-Cancer-AECC-96-1024x683.jpg\" class=\"attachment-large size-large\" alt=\"\" srcset=\"https:\/\/congresos.contraelcancer.es\/extremadura\/wp-content\/uploads\/sites\/4\/2026\/02\/IX-Congreso-Extremeno-de-Personas-con-Cancer-AECC-96-1024x683.jpg 1024w, https:\/\/congresos.contraelcancer.es\/extremadura\/wp-content\/uploads\/sites\/4\/2026\/02\/IX-Congreso-Extremeno-de-Personas-con-Cancer-AECC-96-300x200.jpg 300w, https:\/\/congresos.contraelcancer.es\/extremadura\/wp-content\/uploads\/sites\/4\/2026\/02\/IX-Congreso-Extremeno-de-Personas-con-Cancer-AECC-96-768x512.jpg 768w, https:\/\/congresos.contraelcancer.es\/extremadura\/wp-content\/uploads\/sites\/4\/2026\/02\/IX-Congreso-Extremeno-de-Personas-con-Cancer-AECC-96-112x75.jpg 112w, https:\/\/congresos.contraelcancer.es\/extremadura\/wp-content\/uploads\/sites\/4\/2026\/02\/IX-Congreso-Extremeno-de-Personas-con-Cancer-AECC-96-480x320.jpg 480w\" sizes=\"(max-width:767px) 480px, (max-width:1024px) 100vw, 1024px\" \/><\/a>\n\t\t\t\t<\/dt>\n\t\t\t\t\t<dd class='wp-caption-text gallery-caption'>\n\t\t\t\t\tIX Congreso Extreme\u00f1o de personas con c\u00e1ncer y sus familiares\n\t\t\t\t\t<\/dd><\/div><\/dl><dl class='gallery-item'  data-title='IX Congreso Extreme\u00f1o de personas con c\u00e1ncer y sus familiares' data-description=''><div class='gallery-item-wrapper'>\n\t\t\t\t<dt class='gallery-icon landscape'>\n\t\t\t\t\t<a href='https:\/\/congresos.contraelcancer.es\/extremadura\/wp-content\/uploads\/sites\/4\/2026\/02\/IX-Congreso-Extremeno-de-Personas-con-Cancer-AECC-97.jpg'><img loading=\"lazy\" decoding=\"async\" width=\"1024\" height=\"683\" src=\"https:\/\/congresos.contraelcancer.es\/extremadura\/wp-content\/uploads\/sites\/4\/2026\/02\/IX-Congreso-Extremeno-de-Personas-con-Cancer-AECC-97-1024x683.jpg\" class=\"attachment-large size-large\" alt=\"\" srcset=\"https:\/\/congresos.contraelcancer.es\/extremadura\/wp-content\/uploads\/sites\/4\/2026\/02\/IX-Congreso-Extremeno-de-Personas-con-Cancer-AECC-97-1024x683.jpg 1024w, https:\/\/congresos.contraelcancer.es\/extremadura\/wp-content\/uploads\/sites\/4\/2026\/02\/IX-Congreso-Extremeno-de-Personas-con-Cancer-AECC-97-300x200.jpg 300w, https:\/\/congresos.contraelcancer.es\/extremadura\/wp-content\/uploads\/sites\/4\/2026\/02\/IX-Congreso-Extremeno-de-Personas-con-Cancer-AECC-97-768x512.jpg 768w, https:\/\/congresos.contraelcancer.es\/extremadura\/wp-content\/uploads\/sites\/4\/2026\/02\/IX-Congreso-Extremeno-de-Personas-con-Cancer-AECC-97-112x75.jpg 112w, https:\/\/congresos.contraelcancer.es\/extremadura\/wp-content\/uploads\/sites\/4\/2026\/02\/IX-Congreso-Extremeno-de-Personas-con-Cancer-AECC-97-480x320.jpg 480w\" sizes=\"(max-width:767px) 480px, (max-width:1024px) 100vw, 1024px\" \/><\/a>\n\t\t\t\t<\/dt>\n\t\t\t\t\t<dd class='wp-caption-text gallery-caption'>\n\t\t\t\t\tIX Congreso Extreme\u00f1o de personas con c\u00e1ncer y sus familiares\n\t\t\t\t\t<\/dd><\/div><\/dl><dl class='gallery-item'  data-title='IX Congreso Extreme\u00f1o de personas con c\u00e1ncer y sus familiares' data-description=''><div class='gallery-item-wrapper'>\n\t\t\t\t<dt class='gallery-icon landscape'>\n\t\t\t\t\t<a href='https:\/\/congresos.contraelcancer.es\/extremadura\/wp-content\/uploads\/sites\/4\/2026\/02\/IX-Congreso-Extremeno-de-Personas-con-Cancer-AECC-98.jpg'><img loading=\"lazy\" decoding=\"async\" width=\"1024\" height=\"683\" src=\"https:\/\/congresos.contraelcancer.es\/extremadura\/wp-content\/uploads\/sites\/4\/2026\/02\/IX-Congreso-Extremeno-de-Personas-con-Cancer-AECC-98-1024x683.jpg\" class=\"attachment-large size-large\" alt=\"\" srcset=\"https:\/\/congresos.contraelcancer.es\/extremadura\/wp-content\/uploads\/sites\/4\/2026\/02\/IX-Congreso-Extremeno-de-Personas-con-Cancer-AECC-98-1024x683.jpg 1024w, https:\/\/congresos.contraelcancer.es\/extremadura\/wp-content\/uploads\/sites\/4\/2026\/02\/IX-Congreso-Extremeno-de-Personas-con-Cancer-AECC-98-300x200.jpg 300w, https:\/\/congresos.contraelcancer.es\/extremadura\/wp-content\/uploads\/sites\/4\/2026\/02\/IX-Congreso-Extremeno-de-Personas-con-Cancer-AECC-98-768x512.jpg 768w, https:\/\/congresos.contraelcancer.es\/extremadura\/wp-content\/uploads\/sites\/4\/2026\/02\/IX-Congreso-Extremeno-de-Personas-con-Cancer-AECC-98-112x75.jpg 112w, https:\/\/congresos.contraelcancer.es\/extremadura\/wp-content\/uploads\/sites\/4\/2026\/02\/IX-Congreso-Extremeno-de-Personas-con-Cancer-AECC-98-480x320.jpg 480w\" sizes=\"(max-width:767px) 480px, (max-width:1024px) 100vw, 1024px\" \/><\/a>\n\t\t\t\t<\/dt>\n\t\t\t\t\t<dd class='wp-caption-text gallery-caption'>\n\t\t\t\t\tIX Congreso Extreme\u00f1o de personas con c\u00e1ncer y sus familiares\n\t\t\t\t\t<\/dd><\/div><\/dl><br style=\"clear: both\" \/><dl class='gallery-item'  data-title='IX Congreso Extreme\u00f1o de personas con c\u00e1ncer y sus familiares' data-description=''><div class='gallery-item-wrapper'>\n\t\t\t\t<dt class='gallery-icon landscape'>\n\t\t\t\t\t<a href='https:\/\/congresos.contraelcancer.es\/extremadura\/wp-content\/uploads\/sites\/4\/2026\/02\/IX-Congreso-Extremeno-de-Personas-con-Cancer-AECC-99.jpg'><img loading=\"lazy\" decoding=\"async\" width=\"1024\" height=\"683\" src=\"https:\/\/congresos.contraelcancer.es\/extremadura\/wp-content\/uploads\/sites\/4\/2026\/02\/IX-Congreso-Extremeno-de-Personas-con-Cancer-AECC-99-1024x683.jpg\" class=\"attachment-large size-large\" alt=\"\" srcset=\"https:\/\/congresos.contraelcancer.es\/extremadura\/wp-content\/uploads\/sites\/4\/2026\/02\/IX-Congreso-Extremeno-de-Personas-con-Cancer-AECC-99-1024x683.jpg 1024w, https:\/\/congresos.contraelcancer.es\/extremadura\/wp-content\/uploads\/sites\/4\/2026\/02\/IX-Congreso-Extremeno-de-Personas-con-Cancer-AECC-99-300x200.jpg 300w, https:\/\/congresos.contraelcancer.es\/extremadura\/wp-content\/uploads\/sites\/4\/2026\/02\/IX-Congreso-Extremeno-de-Personas-con-Cancer-AECC-99-768x512.jpg 768w, https:\/\/congresos.contraelcancer.es\/extremadura\/wp-content\/uploads\/sites\/4\/2026\/02\/IX-Congreso-Extremeno-de-Personas-con-Cancer-AECC-99-112x75.jpg 112w, https:\/\/congresos.contraelcancer.es\/extremadura\/wp-content\/uploads\/sites\/4\/2026\/02\/IX-Congreso-Extremeno-de-Personas-con-Cancer-AECC-99-480x320.jpg 480w\" sizes=\"(max-width:767px) 480px, (max-width:1024px) 100vw, 1024px\" \/><\/a>\n\t\t\t\t<\/dt>\n\t\t\t\t\t<dd class='wp-caption-text gallery-caption'>\n\t\t\t\t\tIX Congreso Extreme\u00f1o de personas con c\u00e1ncer y sus familiares\n\t\t\t\t\t<\/dd><\/div><\/dl><dl class='gallery-item'  data-title='IX Congreso Extreme\u00f1o de personas con c\u00e1ncer y sus familiares' data-description=''><div class='gallery-item-wrapper'>\n\t\t\t\t<dt class='gallery-icon landscape'>\n\t\t\t\t\t<a href='https:\/\/congresos.contraelcancer.es\/extremadura\/wp-content\/uploads\/sites\/4\/2026\/02\/IX-Congreso-Extremeno-de-Personas-con-Cancer-AECC-100.jpg'><img loading=\"lazy\" decoding=\"async\" width=\"1024\" height=\"683\" src=\"https:\/\/congresos.contraelcancer.es\/extremadura\/wp-content\/uploads\/sites\/4\/2026\/02\/IX-Congreso-Extremeno-de-Personas-con-Cancer-AECC-100-1024x683.jpg\" class=\"attachment-large size-large\" alt=\"\" srcset=\"https:\/\/congresos.contraelcancer.es\/extremadura\/wp-content\/uploads\/sites\/4\/2026\/02\/IX-Congreso-Extremeno-de-Personas-con-Cancer-AECC-100-1024x683.jpg 1024w, https:\/\/congresos.contraelcancer.es\/extremadura\/wp-content\/uploads\/sites\/4\/2026\/02\/IX-Congreso-Extremeno-de-Personas-con-Cancer-AECC-100-300x200.jpg 300w, https:\/\/congresos.contraelcancer.es\/extremadura\/wp-content\/uploads\/sites\/4\/2026\/02\/IX-Congreso-Extremeno-de-Personas-con-Cancer-AECC-100-768x512.jpg 768w, https:\/\/congresos.contraelcancer.es\/extremadura\/wp-content\/uploads\/sites\/4\/2026\/02\/IX-Congreso-Extremeno-de-Personas-con-Cancer-AECC-100-112x75.jpg 112w, https:\/\/congresos.contraelcancer.es\/extremadura\/wp-content\/uploads\/sites\/4\/2026\/02\/IX-Congreso-Extremeno-de-Personas-con-Cancer-AECC-100-480x320.jpg 480w\" sizes=\"(max-width:767px) 480px, (max-width:1024px) 100vw, 1024px\" \/><\/a>\n\t\t\t\t<\/dt>\n\t\t\t\t\t<dd class='wp-caption-text gallery-caption'>\n\t\t\t\t\tIX Congreso Extreme\u00f1o de personas con c\u00e1ncer y sus familiares\n\t\t\t\t\t<\/dd><\/div><\/dl><dl class='gallery-item'  data-title='IX Congreso Extreme\u00f1o de personas con c\u00e1ncer y sus familiares' data-description=''><div class='gallery-item-wrapper'>\n\t\t\t\t<dt class='gallery-icon landscape'>\n\t\t\t\t\t<a href='https:\/\/congresos.contraelcancer.es\/extremadura\/wp-content\/uploads\/sites\/4\/2026\/02\/IX-Congreso-Extremeno-de-Personas-con-Cancer-AECC-101.jpg'><img loading=\"lazy\" decoding=\"async\" width=\"1024\" height=\"683\" src=\"https:\/\/congresos.contraelcancer.es\/extremadura\/wp-content\/uploads\/sites\/4\/2026\/02\/IX-Congreso-Extremeno-de-Personas-con-Cancer-AECC-101-1024x683.jpg\" class=\"attachment-large size-large\" alt=\"\" srcset=\"https:\/\/congresos.contraelcancer.es\/extremadura\/wp-content\/uploads\/sites\/4\/2026\/02\/IX-Congreso-Extremeno-de-Personas-con-Cancer-AECC-101-1024x683.jpg 1024w, https:\/\/congresos.contraelcancer.es\/extremadura\/wp-content\/uploads\/sites\/4\/2026\/02\/IX-Congreso-Extremeno-de-Personas-con-Cancer-AECC-101-300x200.jpg 300w, https:\/\/congresos.contraelcancer.es\/extremadura\/wp-content\/uploads\/sites\/4\/2026\/02\/IX-Congreso-Extremeno-de-Personas-con-Cancer-AECC-101-768x512.jpg 768w, https:\/\/congresos.contraelcancer.es\/extremadura\/wp-content\/uploads\/sites\/4\/2026\/02\/IX-Congreso-Extremeno-de-Personas-con-Cancer-AECC-101-112x75.jpg 112w, https:\/\/congresos.contraelcancer.es\/extremadura\/wp-content\/uploads\/sites\/4\/2026\/02\/IX-Congreso-Extremeno-de-Personas-con-Cancer-AECC-101-480x320.jpg 480w\" sizes=\"(max-width:767px) 480px, (max-width:1024px) 100vw, 1024px\" \/><\/a>\n\t\t\t\t<\/dt>\n\t\t\t\t\t<dd class='wp-caption-text gallery-caption'>\n\t\t\t\t\tIX Congreso Extreme\u00f1o de personas con c\u00e1ncer y sus familiares\n\t\t\t\t\t<\/dd><\/div><\/dl><dl class='gallery-item'  data-title='IX Congreso Extreme\u00f1o de personas con c\u00e1ncer y sus familiares' data-description=''><div class='gallery-item-wrapper'>\n\t\t\t\t<dt class='gallery-icon landscape'>\n\t\t\t\t\t<a href='https:\/\/congresos.contraelcancer.es\/extremadura\/wp-content\/uploads\/sites\/4\/2026\/02\/IX-Congreso-Extremeno-de-Personas-con-Cancer-AECC-102.jpg'><img loading=\"lazy\" decoding=\"async\" width=\"1024\" height=\"683\" src=\"https:\/\/congresos.contraelcancer.es\/extremadura\/wp-content\/uploads\/sites\/4\/2026\/02\/IX-Congreso-Extremeno-de-Personas-con-Cancer-AECC-102-1024x683.jpg\" class=\"attachment-large size-large\" alt=\"\" srcset=\"https:\/\/congresos.contraelcancer.es\/extremadura\/wp-content\/uploads\/sites\/4\/2026\/02\/IX-Congreso-Extremeno-de-Personas-con-Cancer-AECC-102-1024x683.jpg 1024w, https:\/\/congresos.contraelcancer.es\/extremadura\/wp-content\/uploads\/sites\/4\/2026\/02\/IX-Congreso-Extremeno-de-Personas-con-Cancer-AECC-102-300x200.jpg 300w, https:\/\/congresos.contraelcancer.es\/extremadura\/wp-content\/uploads\/sites\/4\/2026\/02\/IX-Congreso-Extremeno-de-Personas-con-Cancer-AECC-102-768x512.jpg 768w, https:\/\/congresos.contraelcancer.es\/extremadura\/wp-content\/uploads\/sites\/4\/2026\/02\/IX-Congreso-Extremeno-de-Personas-con-Cancer-AECC-102-112x75.jpg 112w, https:\/\/congresos.contraelcancer.es\/extremadura\/wp-content\/uploads\/sites\/4\/2026\/02\/IX-Congreso-Extremeno-de-Personas-con-Cancer-AECC-102-480x320.jpg 480w\" sizes=\"(max-width:767px) 480px, (max-width:1024px) 100vw, 1024px\" \/><\/a>\n\t\t\t\t<\/dt>\n\t\t\t\t\t<dd class='wp-caption-text gallery-caption'>\n\t\t\t\t\tIX Congreso Extreme\u00f1o de personas con c\u00e1ncer y sus familiares\n\t\t\t\t\t<\/dd><\/div><\/dl><br style=\"clear: both\" \/><dl class='gallery-item'  data-title='IX Congreso Extreme\u00f1o de personas con c\u00e1ncer y sus familiares' data-description=''><div class='gallery-item-wrapper'>\n\t\t\t\t<dt class='gallery-icon landscape'>\n\t\t\t\t\t<a href='https:\/\/congresos.contraelcancer.es\/extremadura\/wp-content\/uploads\/sites\/4\/2026\/02\/IX-Congreso-Extremeno-de-Personas-con-Cancer-AECC-103.jpg'><img loading=\"lazy\" decoding=\"async\" width=\"1024\" height=\"683\" src=\"https:\/\/congresos.contraelcancer.es\/extremadura\/wp-content\/uploads\/sites\/4\/2026\/02\/IX-Congreso-Extremeno-de-Personas-con-Cancer-AECC-103-1024x683.jpg\" class=\"attachment-large size-large\" alt=\"\" srcset=\"https:\/\/congresos.contraelcancer.es\/extremadura\/wp-content\/uploads\/sites\/4\/2026\/02\/IX-Congreso-Extremeno-de-Personas-con-Cancer-AECC-103-1024x683.jpg 1024w, https:\/\/congresos.contraelcancer.es\/extremadura\/wp-content\/uploads\/sites\/4\/2026\/02\/IX-Congreso-Extremeno-de-Personas-con-Cancer-AECC-103-300x200.jpg 300w, https:\/\/congresos.contraelcancer.es\/extremadura\/wp-content\/uploads\/sites\/4\/2026\/02\/IX-Congreso-Extremeno-de-Personas-con-Cancer-AECC-103-768x512.jpg 768w, https:\/\/congresos.contraelcancer.es\/extremadura\/wp-content\/uploads\/sites\/4\/2026\/02\/IX-Congreso-Extremeno-de-Personas-con-Cancer-AECC-103-112x75.jpg 112w, https:\/\/congresos.contraelcancer.es\/extremadura\/wp-content\/uploads\/sites\/4\/2026\/02\/IX-Congreso-Extremeno-de-Personas-con-Cancer-AECC-103-480x320.jpg 480w\" sizes=\"(max-width:767px) 480px, (max-width:1024px) 100vw, 1024px\" \/><\/a>\n\t\t\t\t<\/dt>\n\t\t\t\t\t<dd class='wp-caption-text gallery-caption'>\n\t\t\t\t\tIX Congreso Extreme\u00f1o de personas con c\u00e1ncer y sus familiares\n\t\t\t\t\t<\/dd><\/div><\/dl><dl class='gallery-item'  data-title='IX Congreso Extreme\u00f1o de personas con c\u00e1ncer y sus familiares' data-description=''><div class='gallery-item-wrapper'>\n\t\t\t\t<dt class='gallery-icon landscape'>\n\t\t\t\t\t<a href='https:\/\/congresos.contraelcancer.es\/extremadura\/wp-content\/uploads\/sites\/4\/2026\/02\/IX-Congreso-Extremeno-de-Personas-con-Cancer-AECC-104.jpg'><img loading=\"lazy\" decoding=\"async\" width=\"1024\" height=\"683\" src=\"https:\/\/congresos.contraelcancer.es\/extremadura\/wp-content\/uploads\/sites\/4\/2026\/02\/IX-Congreso-Extremeno-de-Personas-con-Cancer-AECC-104-1024x683.jpg\" class=\"attachment-large size-large\" alt=\"\" srcset=\"https:\/\/congresos.contraelcancer.es\/extremadura\/wp-content\/uploads\/sites\/4\/2026\/02\/IX-Congreso-Extremeno-de-Personas-con-Cancer-AECC-104-1024x683.jpg 1024w, https:\/\/congresos.contraelcancer.es\/extremadura\/wp-content\/uploads\/sites\/4\/2026\/02\/IX-Congreso-Extremeno-de-Personas-con-Cancer-AECC-104-300x200.jpg 300w, https:\/\/congresos.contraelcancer.es\/extremadura\/wp-content\/uploads\/sites\/4\/2026\/02\/IX-Congreso-Extremeno-de-Personas-con-Cancer-AECC-104-768x512.jpg 768w, https:\/\/congresos.contraelcancer.es\/extremadura\/wp-content\/uploads\/sites\/4\/2026\/02\/IX-Congreso-Extremeno-de-Personas-con-Cancer-AECC-104-112x75.jpg 112w, https:\/\/congresos.contraelcancer.es\/extremadura\/wp-content\/uploads\/sites\/4\/2026\/02\/IX-Congreso-Extremeno-de-Personas-con-Cancer-AECC-104-480x320.jpg 480w\" sizes=\"(max-width:767px) 480px, (max-width:1024px) 100vw, 1024px\" \/><\/a>\n\t\t\t\t<\/dt>\n\t\t\t\t\t<dd class='wp-caption-text gallery-caption'>\n\t\t\t\t\tIX Congreso Extreme\u00f1o de personas con c\u00e1ncer y sus familiares\n\t\t\t\t\t<\/dd><\/div><\/dl><dl class='gallery-item'  data-title='IX Congreso Extreme\u00f1o de personas con c\u00e1ncer y sus familiares' data-description=''><div class='gallery-item-wrapper'>\n\t\t\t\t<dt class='gallery-icon landscape'>\n\t\t\t\t\t<a href='https:\/\/congresos.contraelcancer.es\/extremadura\/wp-content\/uploads\/sites\/4\/2026\/02\/IX-Congreso-Extremeno-de-Personas-con-Cancer-AECC-105.jpg'><img loading=\"lazy\" decoding=\"async\" width=\"1024\" height=\"683\" src=\"https:\/\/congresos.contraelcancer.es\/extremadura\/wp-content\/uploads\/sites\/4\/2026\/02\/IX-Congreso-Extremeno-de-Personas-con-Cancer-AECC-105-1024x683.jpg\" class=\"attachment-large size-large\" alt=\"\" srcset=\"https:\/\/congresos.contraelcancer.es\/extremadura\/wp-content\/uploads\/sites\/4\/2026\/02\/IX-Congreso-Extremeno-de-Personas-con-Cancer-AECC-105-1024x683.jpg 1024w, https:\/\/congresos.contraelcancer.es\/extremadura\/wp-content\/uploads\/sites\/4\/2026\/02\/IX-Congreso-Extremeno-de-Personas-con-Cancer-AECC-105-300x200.jpg 300w, https:\/\/congresos.contraelcancer.es\/extremadura\/wp-content\/uploads\/sites\/4\/2026\/02\/IX-Congreso-Extremeno-de-Personas-con-Cancer-AECC-105-768x512.jpg 768w, https:\/\/congresos.contraelcancer.es\/extremadura\/wp-content\/uploads\/sites\/4\/2026\/02\/IX-Congreso-Extremeno-de-Personas-con-Cancer-AECC-105-112x75.jpg 112w, https:\/\/congresos.contraelcancer.es\/extremadura\/wp-content\/uploads\/sites\/4\/2026\/02\/IX-Congreso-Extremeno-de-Personas-con-Cancer-AECC-105-480x320.jpg 480w\" sizes=\"(max-width:767px) 480px, (max-width:1024px) 100vw, 1024px\" \/><\/a>\n\t\t\t\t<\/dt>\n\t\t\t\t\t<dd class='wp-caption-text gallery-caption'>\n\t\t\t\t\tIX Congreso Extreme\u00f1o de personas con c\u00e1ncer y sus familiares\n\t\t\t\t\t<\/dd><\/div><\/dl><dl class='gallery-item'  data-title='IX Congreso Extreme\u00f1o de personas con c\u00e1ncer y sus familiares' data-description=''><div class='gallery-item-wrapper'>\n\t\t\t\t<dt class='gallery-icon landscape'>\n\t\t\t\t\t<a href='https:\/\/congresos.contraelcancer.es\/extremadura\/wp-content\/uploads\/sites\/4\/2026\/02\/IX-Congreso-Extremeno-de-Personas-con-Cancer-AECC-106.jpg'><img loading=\"lazy\" decoding=\"async\" width=\"1024\" height=\"683\" src=\"https:\/\/congresos.contraelcancer.es\/extremadura\/wp-content\/uploads\/sites\/4\/2026\/02\/IX-Congreso-Extremeno-de-Personas-con-Cancer-AECC-106-1024x683.jpg\" class=\"attachment-large size-large\" alt=\"\" srcset=\"https:\/\/congresos.contraelcancer.es\/extremadura\/wp-content\/uploads\/sites\/4\/2026\/02\/IX-Congreso-Extremeno-de-Personas-con-Cancer-AECC-106-1024x683.jpg 1024w, https:\/\/congresos.contraelcancer.es\/extremadura\/wp-content\/uploads\/sites\/4\/2026\/02\/IX-Congreso-Extremeno-de-Personas-con-Cancer-AECC-106-300x200.jpg 300w, https:\/\/congresos.contraelcancer.es\/extremadura\/wp-content\/uploads\/sites\/4\/2026\/02\/IX-Congreso-Extremeno-de-Personas-con-Cancer-AECC-106-768x512.jpg 768w, https:\/\/congresos.contraelcancer.es\/extremadura\/wp-content\/uploads\/sites\/4\/2026\/02\/IX-Congreso-Extremeno-de-Personas-con-Cancer-AECC-106-112x75.jpg 112w, https:\/\/congresos.contraelcancer.es\/extremadura\/wp-content\/uploads\/sites\/4\/2026\/02\/IX-Congreso-Extremeno-de-Personas-con-Cancer-AECC-106-480x320.jpg 480w\" sizes=\"(max-width:767px) 480px, (max-width:1024px) 100vw, 1024px\" \/><\/a>\n\t\t\t\t<\/dt>\n\t\t\t\t\t<dd class='wp-caption-text gallery-caption'>\n\t\t\t\t\tIX Congreso Extreme\u00f1o de personas con c\u00e1ncer y sus familiares\n\t\t\t\t\t<\/dd><\/div><\/dl><br style=\"clear: both\" \/><dl class='gallery-item'  data-title='IX Congreso Extreme\u00f1o de personas con c\u00e1ncer y sus familiares' data-description=''><div class='gallery-item-wrapper'>\n\t\t\t\t<dt class='gallery-icon landscape'>\n\t\t\t\t\t<a href='https:\/\/congresos.contraelcancer.es\/extremadura\/wp-content\/uploads\/sites\/4\/2026\/02\/IX-Congreso-Extremeno-de-Personas-con-Cancer-AECC-107.jpg'><img loading=\"lazy\" decoding=\"async\" width=\"1024\" height=\"683\" src=\"https:\/\/congresos.contraelcancer.es\/extremadura\/wp-content\/uploads\/sites\/4\/2026\/02\/IX-Congreso-Extremeno-de-Personas-con-Cancer-AECC-107-1024x683.jpg\" class=\"attachment-large size-large\" alt=\"\" srcset=\"https:\/\/congresos.contraelcancer.es\/extremadura\/wp-content\/uploads\/sites\/4\/2026\/02\/IX-Congreso-Extremeno-de-Personas-con-Cancer-AECC-107-1024x683.jpg 1024w, https:\/\/congresos.contraelcancer.es\/extremadura\/wp-content\/uploads\/sites\/4\/2026\/02\/IX-Congreso-Extremeno-de-Personas-con-Cancer-AECC-107-300x200.jpg 300w, https:\/\/congresos.contraelcancer.es\/extremadura\/wp-content\/uploads\/sites\/4\/2026\/02\/IX-Congreso-Extremeno-de-Personas-con-Cancer-AECC-107-768x512.jpg 768w, https:\/\/congresos.contraelcancer.es\/extremadura\/wp-content\/uploads\/sites\/4\/2026\/02\/IX-Congreso-Extremeno-de-Personas-con-Cancer-AECC-107-112x75.jpg 112w, https:\/\/congresos.contraelcancer.es\/extremadura\/wp-content\/uploads\/sites\/4\/2026\/02\/IX-Congreso-Extremeno-de-Personas-con-Cancer-AECC-107-480x320.jpg 480w\" sizes=\"(max-width:767px) 480px, (max-width:1024px) 100vw, 1024px\" \/><\/a>\n\t\t\t\t<\/dt>\n\t\t\t\t\t<dd class='wp-caption-text gallery-caption'>\n\t\t\t\t\tIX Congreso Extreme\u00f1o de personas con c\u00e1ncer y sus familiares\n\t\t\t\t\t<\/dd><\/div><\/dl><dl class='gallery-item'  data-title='IX Congreso Extreme\u00f1o de personas con c\u00e1ncer y sus familiares' data-description=''><div class='gallery-item-wrapper'>\n\t\t\t\t<dt class='gallery-icon landscape'>\n\t\t\t\t\t<a href='https:\/\/congresos.contraelcancer.es\/extremadura\/wp-content\/uploads\/sites\/4\/2026\/02\/IX-Congreso-Extremeno-de-Personas-con-Cancer-AECC-108.jpg'><img loading=\"lazy\" decoding=\"async\" width=\"1024\" height=\"683\" src=\"https:\/\/congresos.contraelcancer.es\/extremadura\/wp-content\/uploads\/sites\/4\/2026\/02\/IX-Congreso-Extremeno-de-Personas-con-Cancer-AECC-108-1024x683.jpg\" class=\"attachment-large size-large\" alt=\"\" srcset=\"https:\/\/congresos.contraelcancer.es\/extremadura\/wp-content\/uploads\/sites\/4\/2026\/02\/IX-Congreso-Extremeno-de-Personas-con-Cancer-AECC-108-1024x683.jpg 1024w, https:\/\/congresos.contraelcancer.es\/extremadura\/wp-content\/uploads\/sites\/4\/2026\/02\/IX-Congreso-Extremeno-de-Personas-con-Cancer-AECC-108-300x200.jpg 300w, https:\/\/congresos.contraelcancer.es\/extremadura\/wp-content\/uploads\/sites\/4\/2026\/02\/IX-Congreso-Extremeno-de-Personas-con-Cancer-AECC-108-768x512.jpg 768w, https:\/\/congresos.contraelcancer.es\/extremadura\/wp-content\/uploads\/sites\/4\/2026\/02\/IX-Congreso-Extremeno-de-Personas-con-Cancer-AECC-108-112x75.jpg 112w, https:\/\/congresos.contraelcancer.es\/extremadura\/wp-content\/uploads\/sites\/4\/2026\/02\/IX-Congreso-Extremeno-de-Personas-con-Cancer-AECC-108-480x320.jpg 480w\" sizes=\"(max-width:767px) 480px, (max-width:1024px) 100vw, 1024px\" \/><\/a>\n\t\t\t\t<\/dt>\n\t\t\t\t\t<dd class='wp-caption-text gallery-caption'>\n\t\t\t\t\tIX Congreso Extreme\u00f1o de personas con c\u00e1ncer y sus familiares\n\t\t\t\t\t<\/dd><\/div><\/dl><dl class='gallery-item'  data-title='IX Congreso Extreme\u00f1o de personas con c\u00e1ncer y sus familiares' data-description=''><div class='gallery-item-wrapper'>\n\t\t\t\t<dt class='gallery-icon landscape'>\n\t\t\t\t\t<a href='https:\/\/congresos.contraelcancer.es\/extremadura\/wp-content\/uploads\/sites\/4\/2026\/02\/IX-Congreso-Extremeno-de-Personas-con-Cancer-AECC-109.jpg'><img loading=\"lazy\" decoding=\"async\" width=\"1024\" height=\"683\" src=\"https:\/\/congresos.contraelcancer.es\/extremadura\/wp-content\/uploads\/sites\/4\/2026\/02\/IX-Congreso-Extremeno-de-Personas-con-Cancer-AECC-109-1024x683.jpg\" class=\"attachment-large size-large\" alt=\"\" srcset=\"https:\/\/congresos.contraelcancer.es\/extremadura\/wp-content\/uploads\/sites\/4\/2026\/02\/IX-Congreso-Extremeno-de-Personas-con-Cancer-AECC-109-1024x683.jpg 1024w, https:\/\/congresos.contraelcancer.es\/extremadura\/wp-content\/uploads\/sites\/4\/2026\/02\/IX-Congreso-Extremeno-de-Personas-con-Cancer-AECC-109-300x200.jpg 300w, https:\/\/congresos.contraelcancer.es\/extremadura\/wp-content\/uploads\/sites\/4\/2026\/02\/IX-Congreso-Extremeno-de-Personas-con-Cancer-AECC-109-768x512.jpg 768w, https:\/\/congresos.contraelcancer.es\/extremadura\/wp-content\/uploads\/sites\/4\/2026\/02\/IX-Congreso-Extremeno-de-Personas-con-Cancer-AECC-109-112x75.jpg 112w, https:\/\/congresos.contraelcancer.es\/extremadura\/wp-content\/uploads\/sites\/4\/2026\/02\/IX-Congreso-Extremeno-de-Personas-con-Cancer-AECC-109-480x320.jpg 480w\" sizes=\"(max-width:767px) 480px, (max-width:1024px) 100vw, 1024px\" \/><\/a>\n\t\t\t\t<\/dt>\n\t\t\t\t\t<dd class='wp-caption-text gallery-caption'>\n\t\t\t\t\tIX Congreso Extreme\u00f1o de personas con c\u00e1ncer y sus familiares\n\t\t\t\t\t<\/dd><\/div><\/dl><dl class='gallery-item'  data-title='IX Congreso Extreme\u00f1o de personas con c\u00e1ncer y sus familiares' data-description=''><div class='gallery-item-wrapper'>\n\t\t\t\t<dt class='gallery-icon landscape'>\n\t\t\t\t\t<a href='https:\/\/congresos.contraelcancer.es\/extremadura\/wp-content\/uploads\/sites\/4\/2026\/02\/IX-Congreso-Extremeno-de-Personas-con-Cancer-AECC-110.jpg'><img loading=\"lazy\" decoding=\"async\" width=\"1024\" height=\"683\" src=\"https:\/\/congresos.contraelcancer.es\/extremadura\/wp-content\/uploads\/sites\/4\/2026\/02\/IX-Congreso-Extremeno-de-Personas-con-Cancer-AECC-110-1024x683.jpg\" class=\"attachment-large size-large\" alt=\"\" srcset=\"https:\/\/congresos.contraelcancer.es\/extremadura\/wp-content\/uploads\/sites\/4\/2026\/02\/IX-Congreso-Extremeno-de-Personas-con-Cancer-AECC-110-1024x683.jpg 1024w, https:\/\/congresos.contraelcancer.es\/extremadura\/wp-content\/uploads\/sites\/4\/2026\/02\/IX-Congreso-Extremeno-de-Personas-con-Cancer-AECC-110-300x200.jpg 300w, https:\/\/congresos.contraelcancer.es\/extremadura\/wp-content\/uploads\/sites\/4\/2026\/02\/IX-Congreso-Extremeno-de-Personas-con-Cancer-AECC-110-768x512.jpg 768w, https:\/\/congresos.contraelcancer.es\/extremadura\/wp-content\/uploads\/sites\/4\/2026\/02\/IX-Congreso-Extremeno-de-Personas-con-Cancer-AECC-110-112x75.jpg 112w, https:\/\/congresos.contraelcancer.es\/extremadura\/wp-content\/uploads\/sites\/4\/2026\/02\/IX-Congreso-Extremeno-de-Personas-con-Cancer-AECC-110-480x320.jpg 480w\" sizes=\"(max-width:767px) 480px, (max-width:1024px) 100vw, 1024px\" \/><\/a>\n\t\t\t\t<\/dt>\n\t\t\t\t\t<dd class='wp-caption-text gallery-caption'>\n\t\t\t\t\tIX Congreso Extreme\u00f1o de personas con c\u00e1ncer y sus familiares\n\t\t\t\t\t<\/dd><\/div><\/dl><br style=\"clear: both\" \/><dl class='gallery-item'  data-title='IX Congreso Extreme\u00f1o de personas con c\u00e1ncer y sus familiares' data-description=''><div class='gallery-item-wrapper'>\n\t\t\t\t<dt class='gallery-icon landscape'>\n\t\t\t\t\t<a href='https:\/\/congresos.contraelcancer.es\/extremadura\/wp-content\/uploads\/sites\/4\/2026\/02\/IX-Congreso-Extremeno-de-Personas-con-Cancer-AECC-111.jpg'><img loading=\"lazy\" decoding=\"async\" width=\"1024\" height=\"683\" src=\"https:\/\/congresos.contraelcancer.es\/extremadura\/wp-content\/uploads\/sites\/4\/2026\/02\/IX-Congreso-Extremeno-de-Personas-con-Cancer-AECC-111-1024x683.jpg\" class=\"attachment-large size-large\" alt=\"\" srcset=\"https:\/\/congresos.contraelcancer.es\/extremadura\/wp-content\/uploads\/sites\/4\/2026\/02\/IX-Congreso-Extremeno-de-Personas-con-Cancer-AECC-111-1024x683.jpg 1024w, https:\/\/congresos.contraelcancer.es\/extremadura\/wp-content\/uploads\/sites\/4\/2026\/02\/IX-Congreso-Extremeno-de-Personas-con-Cancer-AECC-111-300x200.jpg 300w, https:\/\/congresos.contraelcancer.es\/extremadura\/wp-content\/uploads\/sites\/4\/2026\/02\/IX-Congreso-Extremeno-de-Personas-con-Cancer-AECC-111-768x512.jpg 768w, https:\/\/congresos.contraelcancer.es\/extremadura\/wp-content\/uploads\/sites\/4\/2026\/02\/IX-Congreso-Extremeno-de-Personas-con-Cancer-AECC-111-112x75.jpg 112w, https:\/\/congresos.contraelcancer.es\/extremadura\/wp-content\/uploads\/sites\/4\/2026\/02\/IX-Congreso-Extremeno-de-Personas-con-Cancer-AECC-111-480x320.jpg 480w\" sizes=\"(max-width:767px) 480px, (max-width:1024px) 100vw, 1024px\" \/><\/a>\n\t\t\t\t<\/dt>\n\t\t\t\t\t<dd class='wp-caption-text gallery-caption'>\n\t\t\t\t\tIX Congreso Extreme\u00f1o de personas con c\u00e1ncer y sus familiares\n\t\t\t\t\t<\/dd><\/div><\/dl><dl class='gallery-item'  data-title='IX Congreso Extreme\u00f1o de personas con c\u00e1ncer y sus familiares' data-description=''><div class='gallery-item-wrapper'>\n\t\t\t\t<dt class='gallery-icon landscape'>\n\t\t\t\t\t<a href='https:\/\/congresos.contraelcancer.es\/extremadura\/wp-content\/uploads\/sites\/4\/2026\/02\/IX-Congreso-Extremeno-de-Personas-con-Cancer-AECC-112.jpg'><img loading=\"lazy\" decoding=\"async\" width=\"1024\" height=\"683\" src=\"https:\/\/congresos.contraelcancer.es\/extremadura\/wp-content\/uploads\/sites\/4\/2026\/02\/IX-Congreso-Extremeno-de-Personas-con-Cancer-AECC-112-1024x683.jpg\" class=\"attachment-large size-large\" alt=\"\" srcset=\"https:\/\/congresos.contraelcancer.es\/extremadura\/wp-content\/uploads\/sites\/4\/2026\/02\/IX-Congreso-Extremeno-de-Personas-con-Cancer-AECC-112-1024x683.jpg 1024w, https:\/\/congresos.contraelcancer.es\/extremadura\/wp-content\/uploads\/sites\/4\/2026\/02\/IX-Congreso-Extremeno-de-Personas-con-Cancer-AECC-112-300x200.jpg 300w, https:\/\/congresos.contraelcancer.es\/extremadura\/wp-content\/uploads\/sites\/4\/2026\/02\/IX-Congreso-Extremeno-de-Personas-con-Cancer-AECC-112-768x512.jpg 768w, https:\/\/congresos.contraelcancer.es\/extremadura\/wp-content\/uploads\/sites\/4\/2026\/02\/IX-Congreso-Extremeno-de-Personas-con-Cancer-AECC-112-112x75.jpg 112w, https:\/\/congresos.contraelcancer.es\/extremadura\/wp-content\/uploads\/sites\/4\/2026\/02\/IX-Congreso-Extremeno-de-Personas-con-Cancer-AECC-112-480x320.jpg 480w\" sizes=\"(max-width:767px) 480px, (max-width:1024px) 100vw, 1024px\" \/><\/a>\n\t\t\t\t<\/dt>\n\t\t\t\t\t<dd class='wp-caption-text gallery-caption'>\n\t\t\t\t\tIX Congreso Extreme\u00f1o de personas con c\u00e1ncer y sus familiares\n\t\t\t\t\t<\/dd><\/div><\/dl><dl class='gallery-item'  data-title='IX Congreso Extreme\u00f1o de personas con c\u00e1ncer y sus familiares' data-description=''><div class='gallery-item-wrapper'>\n\t\t\t\t<dt class='gallery-icon portrait'>\n\t\t\t\t\t<a href='https:\/\/congresos.contraelcancer.es\/extremadura\/wp-content\/uploads\/sites\/4\/2026\/02\/IX-Congreso-Extremeno-de-Personas-con-Cancer-AECC-113.jpg'><img loading=\"lazy\" decoding=\"async\" width=\"683\" height=\"1024\" src=\"https:\/\/congresos.contraelcancer.es\/extremadura\/wp-content\/uploads\/sites\/4\/2026\/02\/IX-Congreso-Extremeno-de-Personas-con-Cancer-AECC-113-683x1024.jpg\" class=\"attachment-large size-large\" alt=\"\" srcset=\"https:\/\/congresos.contraelcancer.es\/extremadura\/wp-content\/uploads\/sites\/4\/2026\/02\/IX-Congreso-Extremeno-de-Personas-con-Cancer-AECC-113-683x1024.jpg 683w, https:\/\/congresos.contraelcancer.es\/extremadura\/wp-content\/uploads\/sites\/4\/2026\/02\/IX-Congreso-Extremeno-de-Personas-con-Cancer-AECC-113-200x300.jpg 200w, https:\/\/congresos.contraelcancer.es\/extremadura\/wp-content\/uploads\/sites\/4\/2026\/02\/IX-Congreso-Extremeno-de-Personas-con-Cancer-AECC-113-50x75.jpg 50w, https:\/\/congresos.contraelcancer.es\/extremadura\/wp-content\/uploads\/sites\/4\/2026\/02\/IX-Congreso-Extremeno-de-Personas-con-Cancer-AECC-113-480x720.jpg 480w\" sizes=\"(max-width:767px) 480px, 683px\" \/><\/a>\n\t\t\t\t<\/dt>\n\t\t\t\t\t<dd class='wp-caption-text gallery-caption'>\n\t\t\t\t\tIX Congreso Extreme\u00f1o de personas con c\u00e1ncer y sus familiares\n\t\t\t\t\t<\/dd><\/div><\/dl><dl class='gallery-item'  data-title='IX Congreso Extreme\u00f1o de personas con c\u00e1ncer y sus familiares' data-description=''><div class='gallery-item-wrapper'>\n\t\t\t\t<dt class='gallery-icon portrait'>\n\t\t\t\t\t<a href='https:\/\/congresos.contraelcancer.es\/extremadura\/wp-content\/uploads\/sites\/4\/2026\/02\/IX-Congreso-Extremeno-de-Personas-con-Cancer-AECC-114.jpg'><img loading=\"lazy\" decoding=\"async\" width=\"683\" height=\"1024\" src=\"https:\/\/congresos.contraelcancer.es\/extremadura\/wp-content\/uploads\/sites\/4\/2026\/02\/IX-Congreso-Extremeno-de-Personas-con-Cancer-AECC-114-683x1024.jpg\" class=\"attachment-large size-large\" alt=\"\" srcset=\"https:\/\/congresos.contraelcancer.es\/extremadura\/wp-content\/uploads\/sites\/4\/2026\/02\/IX-Congreso-Extremeno-de-Personas-con-Cancer-AECC-114-683x1024.jpg 683w, https:\/\/congresos.contraelcancer.es\/extremadura\/wp-content\/uploads\/sites\/4\/2026\/02\/IX-Congreso-Extremeno-de-Personas-con-Cancer-AECC-114-200x300.jpg 200w, https:\/\/congresos.contraelcancer.es\/extremadura\/wp-content\/uploads\/sites\/4\/2026\/02\/IX-Congreso-Extremeno-de-Personas-con-Cancer-AECC-114-50x75.jpg 50w, https:\/\/congresos.contraelcancer.es\/extremadura\/wp-content\/uploads\/sites\/4\/2026\/02\/IX-Congreso-Extremeno-de-Personas-con-Cancer-AECC-114-480x720.jpg 480w\" sizes=\"(max-width:767px) 480px, 683px\" \/><\/a>\n\t\t\t\t<\/dt>\n\t\t\t\t\t<dd class='wp-caption-text gallery-caption'>\n\t\t\t\t\tIX Congreso Extreme\u00f1o de personas con c\u00e1ncer y sus familiares\n\t\t\t\t\t<\/dd><\/div><\/dl><br style=\"clear: both\" \/><dl class='gallery-item'  data-title='IX Congreso Extreme\u00f1o de personas con c\u00e1ncer y sus familiares' data-description=''><div class='gallery-item-wrapper'>\n\t\t\t\t<dt class='gallery-icon portrait'>\n\t\t\t\t\t<a href='https:\/\/congresos.contraelcancer.es\/extremadura\/wp-content\/uploads\/sites\/4\/2026\/02\/IX-Congreso-Extremeno-de-Personas-con-Cancer-AECC-115.jpg'><img loading=\"lazy\" decoding=\"async\" width=\"683\" height=\"1024\" src=\"https:\/\/congresos.contraelcancer.es\/extremadura\/wp-content\/uploads\/sites\/4\/2026\/02\/IX-Congreso-Extremeno-de-Personas-con-Cancer-AECC-115-683x1024.jpg\" class=\"attachment-large size-large\" alt=\"\" srcset=\"https:\/\/congresos.contraelcancer.es\/extremadura\/wp-content\/uploads\/sites\/4\/2026\/02\/IX-Congreso-Extremeno-de-Personas-con-Cancer-AECC-115-683x1024.jpg 683w, https:\/\/congresos.contraelcancer.es\/extremadura\/wp-content\/uploads\/sites\/4\/2026\/02\/IX-Congreso-Extremeno-de-Personas-con-Cancer-AECC-115-200x300.jpg 200w, https:\/\/congresos.contraelcancer.es\/extremadura\/wp-content\/uploads\/sites\/4\/2026\/02\/IX-Congreso-Extremeno-de-Personas-con-Cancer-AECC-115-50x75.jpg 50w, https:\/\/congresos.contraelcancer.es\/extremadura\/wp-content\/uploads\/sites\/4\/2026\/02\/IX-Congreso-Extremeno-de-Personas-con-Cancer-AECC-115-480x720.jpg 480w\" sizes=\"(max-width:767px) 480px, 683px\" \/><\/a>\n\t\t\t\t<\/dt>\n\t\t\t\t\t<dd class='wp-caption-text gallery-caption'>\n\t\t\t\t\tIX Congreso Extreme\u00f1o de personas con c\u00e1ncer y sus familiares\n\t\t\t\t\t<\/dd><\/div><\/dl><dl class='gallery-item'  data-title='IX Congreso Extreme\u00f1o de personas con c\u00e1ncer y sus familiares' data-description=''><div class='gallery-item-wrapper'>\n\t\t\t\t<dt class='gallery-icon portrait'>\n\t\t\t\t\t<a href='https:\/\/congresos.contraelcancer.es\/extremadura\/wp-content\/uploads\/sites\/4\/2026\/02\/IX-Congreso-Extremeno-de-Personas-con-Cancer-AECC-116.jpg'><img loading=\"lazy\" decoding=\"async\" width=\"683\" height=\"1024\" src=\"https:\/\/congresos.contraelcancer.es\/extremadura\/wp-content\/uploads\/sites\/4\/2026\/02\/IX-Congreso-Extremeno-de-Personas-con-Cancer-AECC-116-683x1024.jpg\" class=\"attachment-large size-large\" alt=\"\" srcset=\"https:\/\/congresos.contraelcancer.es\/extremadura\/wp-content\/uploads\/sites\/4\/2026\/02\/IX-Congreso-Extremeno-de-Personas-con-Cancer-AECC-116-683x1024.jpg 683w, https:\/\/congresos.contraelcancer.es\/extremadura\/wp-content\/uploads\/sites\/4\/2026\/02\/IX-Congreso-Extremeno-de-Personas-con-Cancer-AECC-116-200x300.jpg 200w, https:\/\/congresos.contraelcancer.es\/extremadura\/wp-content\/uploads\/sites\/4\/2026\/02\/IX-Congreso-Extremeno-de-Personas-con-Cancer-AECC-116-50x75.jpg 50w, https:\/\/congresos.contraelcancer.es\/extremadura\/wp-content\/uploads\/sites\/4\/2026\/02\/IX-Congreso-Extremeno-de-Personas-con-Cancer-AECC-116-480x720.jpg 480w\" sizes=\"(max-width:767px) 480px, 683px\" \/><\/a>\n\t\t\t\t<\/dt>\n\t\t\t\t\t<dd class='wp-caption-text gallery-caption'>\n\t\t\t\t\tIX Congreso Extreme\u00f1o de personas con c\u00e1ncer y sus familiares\n\t\t\t\t\t<\/dd><\/div><\/dl><dl class='gallery-item'  data-title='IX Congreso Extreme\u00f1o de personas con c\u00e1ncer y sus familiares' data-description=''><div class='gallery-item-wrapper'>\n\t\t\t\t<dt class='gallery-icon portrait'>\n\t\t\t\t\t<a href='https:\/\/congresos.contraelcancer.es\/extremadura\/wp-content\/uploads\/sites\/4\/2026\/02\/IX-Congreso-Extremeno-de-Personas-con-Cancer-AECC-117.jpg'><img loading=\"lazy\" decoding=\"async\" width=\"683\" height=\"1024\" src=\"https:\/\/congresos.contraelcancer.es\/extremadura\/wp-content\/uploads\/sites\/4\/2026\/02\/IX-Congreso-Extremeno-de-Personas-con-Cancer-AECC-117-683x1024.jpg\" class=\"attachment-large size-large\" alt=\"\" srcset=\"https:\/\/congresos.contraelcancer.es\/extremadura\/wp-content\/uploads\/sites\/4\/2026\/02\/IX-Congreso-Extremeno-de-Personas-con-Cancer-AECC-117-683x1024.jpg 683w, https:\/\/congresos.contraelcancer.es\/extremadura\/wp-content\/uploads\/sites\/4\/2026\/02\/IX-Congreso-Extremeno-de-Personas-con-Cancer-AECC-117-200x300.jpg 200w, https:\/\/congresos.contraelcancer.es\/extremadura\/wp-content\/uploads\/sites\/4\/2026\/02\/IX-Congreso-Extremeno-de-Personas-con-Cancer-AECC-117-50x75.jpg 50w, https:\/\/congresos.contraelcancer.es\/extremadura\/wp-content\/uploads\/sites\/4\/2026\/02\/IX-Congreso-Extremeno-de-Personas-con-Cancer-AECC-117-480x720.jpg 480w\" sizes=\"(max-width:767px) 480px, 683px\" \/><\/a>\n\t\t\t\t<\/dt>\n\t\t\t\t\t<dd class='wp-caption-text gallery-caption'>\n\t\t\t\t\tIX Congreso Extreme\u00f1o de personas con c\u00e1ncer y sus familiares\n\t\t\t\t\t<\/dd><\/div><\/dl><dl class='gallery-item'  data-title='IX Congreso Extreme\u00f1o de personas con c\u00e1ncer y sus familiares' data-description=''><div class='gallery-item-wrapper'>\n\t\t\t\t<dt class='gallery-icon portrait'>\n\t\t\t\t\t<a href='https:\/\/congresos.contraelcancer.es\/extremadura\/wp-content\/uploads\/sites\/4\/2026\/02\/IX-Congreso-Extremeno-de-Personas-con-Cancer-AECC-118.jpg'><img loading=\"lazy\" decoding=\"async\" width=\"683\" height=\"1024\" src=\"https:\/\/congresos.contraelcancer.es\/extremadura\/wp-content\/uploads\/sites\/4\/2026\/02\/IX-Congreso-Extremeno-de-Personas-con-Cancer-AECC-118-683x1024.jpg\" class=\"attachment-large size-large\" alt=\"\" srcset=\"https:\/\/congresos.contraelcancer.es\/extremadura\/wp-content\/uploads\/sites\/4\/2026\/02\/IX-Congreso-Extremeno-de-Personas-con-Cancer-AECC-118-683x1024.jpg 683w, https:\/\/congresos.contraelcancer.es\/extremadura\/wp-content\/uploads\/sites\/4\/2026\/02\/IX-Congreso-Extremeno-de-Personas-con-Cancer-AECC-118-200x300.jpg 200w, https:\/\/congresos.contraelcancer.es\/extremadura\/wp-content\/uploads\/sites\/4\/2026\/02\/IX-Congreso-Extremeno-de-Personas-con-Cancer-AECC-118-50x75.jpg 50w, https:\/\/congresos.contraelcancer.es\/extremadura\/wp-content\/uploads\/sites\/4\/2026\/02\/IX-Congreso-Extremeno-de-Personas-con-Cancer-AECC-118-480x720.jpg 480w\" sizes=\"(max-width:767px) 480px, 683px\" \/><\/a>\n\t\t\t\t<\/dt>\n\t\t\t\t\t<dd class='wp-caption-text gallery-caption'>\n\t\t\t\t\tIX Congreso Extreme\u00f1o de personas con c\u00e1ncer y sus familiares\n\t\t\t\t\t<\/dd><\/div><\/dl><br style=\"clear: both\" \/><dl class='gallery-item'  data-title='IX Congreso Extreme\u00f1o de personas con c\u00e1ncer y sus familiares' data-description=''><div class='gallery-item-wrapper'>\n\t\t\t\t<dt class='gallery-icon portrait'>\n\t\t\t\t\t<a href='https:\/\/congresos.contraelcancer.es\/extremadura\/wp-content\/uploads\/sites\/4\/2026\/02\/IX-Congreso-Extremeno-de-Personas-con-Cancer-AECC-119.jpg'><img loading=\"lazy\" decoding=\"async\" width=\"683\" height=\"1024\" src=\"https:\/\/congresos.contraelcancer.es\/extremadura\/wp-content\/uploads\/sites\/4\/2026\/02\/IX-Congreso-Extremeno-de-Personas-con-Cancer-AECC-119-683x1024.jpg\" class=\"attachment-large size-large\" alt=\"\" srcset=\"https:\/\/congresos.contraelcancer.es\/extremadura\/wp-content\/uploads\/sites\/4\/2026\/02\/IX-Congreso-Extremeno-de-Personas-con-Cancer-AECC-119-683x1024.jpg 683w, https:\/\/congresos.contraelcancer.es\/extremadura\/wp-content\/uploads\/sites\/4\/2026\/02\/IX-Congreso-Extremeno-de-Personas-con-Cancer-AECC-119-200x300.jpg 200w, https:\/\/congresos.contraelcancer.es\/extremadura\/wp-content\/uploads\/sites\/4\/2026\/02\/IX-Congreso-Extremeno-de-Personas-con-Cancer-AECC-119-50x75.jpg 50w, https:\/\/congresos.contraelcancer.es\/extremadura\/wp-content\/uploads\/sites\/4\/2026\/02\/IX-Congreso-Extremeno-de-Personas-con-Cancer-AECC-119-480x720.jpg 480w\" sizes=\"(max-width:767px) 480px, 683px\" \/><\/a>\n\t\t\t\t<\/dt>\n\t\t\t\t\t<dd class='wp-caption-text gallery-caption'>\n\t\t\t\t\tIX Congreso Extreme\u00f1o de personas con c\u00e1ncer y sus familiares\n\t\t\t\t\t<\/dd><\/div><\/dl><dl class='gallery-item'  data-title='IX Congreso Extreme\u00f1o de personas con c\u00e1ncer y sus familiares' data-description=''><div class='gallery-item-wrapper'>\n\t\t\t\t<dt class='gallery-icon landscape'>\n\t\t\t\t\t<a href='https:\/\/congresos.contraelcancer.es\/extremadura\/wp-content\/uploads\/sites\/4\/2026\/02\/IX-Congreso-Extremeno-de-Personas-con-Cancer-AECC-120.jpg'><img loading=\"lazy\" decoding=\"async\" width=\"1024\" height=\"683\" src=\"https:\/\/congresos.contraelcancer.es\/extremadura\/wp-content\/uploads\/sites\/4\/2026\/02\/IX-Congreso-Extremeno-de-Personas-con-Cancer-AECC-120-1024x683.jpg\" class=\"attachment-large size-large\" alt=\"\" srcset=\"https:\/\/congresos.contraelcancer.es\/extremadura\/wp-content\/uploads\/sites\/4\/2026\/02\/IX-Congreso-Extremeno-de-Personas-con-Cancer-AECC-120-1024x683.jpg 1024w, https:\/\/congresos.contraelcancer.es\/extremadura\/wp-content\/uploads\/sites\/4\/2026\/02\/IX-Congreso-Extremeno-de-Personas-con-Cancer-AECC-120-300x200.jpg 300w, https:\/\/congresos.contraelcancer.es\/extremadura\/wp-content\/uploads\/sites\/4\/2026\/02\/IX-Congreso-Extremeno-de-Personas-con-Cancer-AECC-120-768x512.jpg 768w, https:\/\/congresos.contraelcancer.es\/extremadura\/wp-content\/uploads\/sites\/4\/2026\/02\/IX-Congreso-Extremeno-de-Personas-con-Cancer-AECC-120-112x75.jpg 112w, https:\/\/congresos.contraelcancer.es\/extremadura\/wp-content\/uploads\/sites\/4\/2026\/02\/IX-Congreso-Extremeno-de-Personas-con-Cancer-AECC-120-480x320.jpg 480w\" sizes=\"(max-width:767px) 480px, (max-width:1024px) 100vw, 1024px\" \/><\/a>\n\t\t\t\t<\/dt>\n\t\t\t\t\t<dd class='wp-caption-text gallery-caption'>\n\t\t\t\t\tIX Congreso Extreme\u00f1o de personas con c\u00e1ncer y sus familiares\n\t\t\t\t\t<\/dd><\/div><\/dl><dl class='gallery-item'  data-title='IX Congreso Extreme\u00f1o de personas con c\u00e1ncer y sus familiares' data-description=''><div class='gallery-item-wrapper'>\n\t\t\t\t<dt class='gallery-icon landscape'>\n\t\t\t\t\t<a href='https:\/\/congresos.contraelcancer.es\/extremadura\/wp-content\/uploads\/sites\/4\/2026\/02\/IX-Congreso-Extremeno-de-Personas-con-Cancer-AECC-121.jpg'><img loading=\"lazy\" decoding=\"async\" width=\"1024\" height=\"683\" src=\"https:\/\/congresos.contraelcancer.es\/extremadura\/wp-content\/uploads\/sites\/4\/2026\/02\/IX-Congreso-Extremeno-de-Personas-con-Cancer-AECC-121-1024x683.jpg\" class=\"attachment-large size-large\" alt=\"\" srcset=\"https:\/\/congresos.contraelcancer.es\/extremadura\/wp-content\/uploads\/sites\/4\/2026\/02\/IX-Congreso-Extremeno-de-Personas-con-Cancer-AECC-121-1024x683.jpg 1024w, https:\/\/congresos.contraelcancer.es\/extremadura\/wp-content\/uploads\/sites\/4\/2026\/02\/IX-Congreso-Extremeno-de-Personas-con-Cancer-AECC-121-300x200.jpg 300w, https:\/\/congresos.contraelcancer.es\/extremadura\/wp-content\/uploads\/sites\/4\/2026\/02\/IX-Congreso-Extremeno-de-Personas-con-Cancer-AECC-121-768x512.jpg 768w, https:\/\/congresos.contraelcancer.es\/extremadura\/wp-content\/uploads\/sites\/4\/2026\/02\/IX-Congreso-Extremeno-de-Personas-con-Cancer-AECC-121-112x75.jpg 112w, https:\/\/congresos.contraelcancer.es\/extremadura\/wp-content\/uploads\/sites\/4\/2026\/02\/IX-Congreso-Extremeno-de-Personas-con-Cancer-AECC-121-480x320.jpg 480w\" sizes=\"(max-width:767px) 480px, (max-width:1024px) 100vw, 1024px\" \/><\/a>\n\t\t\t\t<\/dt>\n\t\t\t\t\t<dd class='wp-caption-text gallery-caption'>\n\t\t\t\t\tIX Congreso Extreme\u00f1o de personas con c\u00e1ncer y sus familiares\n\t\t\t\t\t<\/dd><\/div><\/dl><dl class='gallery-item'  data-title='IX Congreso Extreme\u00f1o de personas con c\u00e1ncer y sus familiares' data-description=''><div class='gallery-item-wrapper'>\n\t\t\t\t<dt class='gallery-icon landscape'>\n\t\t\t\t\t<a href='https:\/\/congresos.contraelcancer.es\/extremadura\/wp-content\/uploads\/sites\/4\/2026\/02\/IX-Congreso-Extremeno-de-Personas-con-Cancer-AECC-122.jpg'><img loading=\"lazy\" decoding=\"async\" width=\"1024\" height=\"683\" src=\"https:\/\/congresos.contraelcancer.es\/extremadura\/wp-content\/uploads\/sites\/4\/2026\/02\/IX-Congreso-Extremeno-de-Personas-con-Cancer-AECC-122-1024x683.jpg\" class=\"attachment-large size-large\" alt=\"\" srcset=\"https:\/\/congresos.contraelcancer.es\/extremadura\/wp-content\/uploads\/sites\/4\/2026\/02\/IX-Congreso-Extremeno-de-Personas-con-Cancer-AECC-122-1024x683.jpg 1024w, https:\/\/congresos.contraelcancer.es\/extremadura\/wp-content\/uploads\/sites\/4\/2026\/02\/IX-Congreso-Extremeno-de-Personas-con-Cancer-AECC-122-300x200.jpg 300w, https:\/\/congresos.contraelcancer.es\/extremadura\/wp-content\/uploads\/sites\/4\/2026\/02\/IX-Congreso-Extremeno-de-Personas-con-Cancer-AECC-122-768x512.jpg 768w, https:\/\/congresos.contraelcancer.es\/extremadura\/wp-content\/uploads\/sites\/4\/2026\/02\/IX-Congreso-Extremeno-de-Personas-con-Cancer-AECC-122-112x75.jpg 112w, https:\/\/congresos.contraelcancer.es\/extremadura\/wp-content\/uploads\/sites\/4\/2026\/02\/IX-Congreso-Extremeno-de-Personas-con-Cancer-AECC-122-480x320.jpg 480w\" sizes=\"(max-width:767px) 480px, (max-width:1024px) 100vw, 1024px\" \/><\/a>\n\t\t\t\t<\/dt>\n\t\t\t\t\t<dd class='wp-caption-text gallery-caption'>\n\t\t\t\t\tIX Congreso Extreme\u00f1o de personas con c\u00e1ncer y sus familiares\n\t\t\t\t\t<\/dd><\/div><\/dl><br style=\"clear: both\" \/><dl class='gallery-item'  data-title='IX Congreso Extreme\u00f1o de personas con c\u00e1ncer y sus familiares' data-description=''><div class='gallery-item-wrapper'>\n\t\t\t\t<dt class='gallery-icon landscape'>\n\t\t\t\t\t<a href='https:\/\/congresos.contraelcancer.es\/extremadura\/wp-content\/uploads\/sites\/4\/2026\/02\/IX-Congreso-Extremeno-de-Personas-con-Cancer-AECC-123.jpg'><img loading=\"lazy\" decoding=\"async\" width=\"1024\" height=\"683\" src=\"https:\/\/congresos.contraelcancer.es\/extremadura\/wp-content\/uploads\/sites\/4\/2026\/02\/IX-Congreso-Extremeno-de-Personas-con-Cancer-AECC-123-1024x683.jpg\" class=\"attachment-large size-large\" alt=\"\" srcset=\"https:\/\/congresos.contraelcancer.es\/extremadura\/wp-content\/uploads\/sites\/4\/2026\/02\/IX-Congreso-Extremeno-de-Personas-con-Cancer-AECC-123-1024x683.jpg 1024w, https:\/\/congresos.contraelcancer.es\/extremadura\/wp-content\/uploads\/sites\/4\/2026\/02\/IX-Congreso-Extremeno-de-Personas-con-Cancer-AECC-123-300x200.jpg 300w, https:\/\/congresos.contraelcancer.es\/extremadura\/wp-content\/uploads\/sites\/4\/2026\/02\/IX-Congreso-Extremeno-de-Personas-con-Cancer-AECC-123-768x512.jpg 768w, https:\/\/congresos.contraelcancer.es\/extremadura\/wp-content\/uploads\/sites\/4\/2026\/02\/IX-Congreso-Extremeno-de-Personas-con-Cancer-AECC-123-112x75.jpg 112w, https:\/\/congresos.contraelcancer.es\/extremadura\/wp-content\/uploads\/sites\/4\/2026\/02\/IX-Congreso-Extremeno-de-Personas-con-Cancer-AECC-123-480x320.jpg 480w\" sizes=\"(max-width:767px) 480px, (max-width:1024px) 100vw, 1024px\" \/><\/a>\n\t\t\t\t<\/dt>\n\t\t\t\t\t<dd class='wp-caption-text gallery-caption'>\n\t\t\t\t\tIX Congreso Extreme\u00f1o de personas con c\u00e1ncer y sus familiares\n\t\t\t\t\t<\/dd><\/div><\/dl><dl class='gallery-item'  data-title='IX Congreso Extreme\u00f1o de personas con c\u00e1ncer y sus familiares' data-description=''><div class='gallery-item-wrapper'>\n\t\t\t\t<dt class='gallery-icon landscape'>\n\t\t\t\t\t<a href='https:\/\/congresos.contraelcancer.es\/extremadura\/wp-content\/uploads\/sites\/4\/2026\/02\/IX-Congreso-Extremeno-de-Personas-con-Cancer-AECC-124.jpg'><img loading=\"lazy\" decoding=\"async\" width=\"1024\" height=\"683\" src=\"https:\/\/congresos.contraelcancer.es\/extremadura\/wp-content\/uploads\/sites\/4\/2026\/02\/IX-Congreso-Extremeno-de-Personas-con-Cancer-AECC-124-1024x683.jpg\" class=\"attachment-large size-large\" alt=\"\" srcset=\"https:\/\/congresos.contraelcancer.es\/extremadura\/wp-content\/uploads\/sites\/4\/2026\/02\/IX-Congreso-Extremeno-de-Personas-con-Cancer-AECC-124-1024x683.jpg 1024w, https:\/\/congresos.contraelcancer.es\/extremadura\/wp-content\/uploads\/sites\/4\/2026\/02\/IX-Congreso-Extremeno-de-Personas-con-Cancer-AECC-124-300x200.jpg 300w, https:\/\/congresos.contraelcancer.es\/extremadura\/wp-content\/uploads\/sites\/4\/2026\/02\/IX-Congreso-Extremeno-de-Personas-con-Cancer-AECC-124-768x512.jpg 768w, https:\/\/congresos.contraelcancer.es\/extremadura\/wp-content\/uploads\/sites\/4\/2026\/02\/IX-Congreso-Extremeno-de-Personas-con-Cancer-AECC-124-112x75.jpg 112w, https:\/\/congresos.contraelcancer.es\/extremadura\/wp-content\/uploads\/sites\/4\/2026\/02\/IX-Congreso-Extremeno-de-Personas-con-Cancer-AECC-124-480x320.jpg 480w\" sizes=\"(max-width:767px) 480px, (max-width:1024px) 100vw, 1024px\" \/><\/a>\n\t\t\t\t<\/dt>\n\t\t\t\t\t<dd class='wp-caption-text gallery-caption'>\n\t\t\t\t\tIX Congreso Extreme\u00f1o de personas con c\u00e1ncer y sus familiares\n\t\t\t\t\t<\/dd><\/div><\/dl><dl class='gallery-item'  data-title='IX Congreso Extreme\u00f1o de personas con c\u00e1ncer y sus familiares' data-description=''><div class='gallery-item-wrapper'>\n\t\t\t\t<dt class='gallery-icon landscape'>\n\t\t\t\t\t<a href='https:\/\/congresos.contraelcancer.es\/extremadura\/wp-content\/uploads\/sites\/4\/2026\/02\/IX-Congreso-Extremeno-de-Personas-con-Cancer-AECC-125.jpg'><img loading=\"lazy\" decoding=\"async\" width=\"1024\" height=\"683\" src=\"https:\/\/congresos.contraelcancer.es\/extremadura\/wp-content\/uploads\/sites\/4\/2026\/02\/IX-Congreso-Extremeno-de-Personas-con-Cancer-AECC-125-1024x683.jpg\" class=\"attachment-large size-large\" alt=\"\" srcset=\"https:\/\/congresos.contraelcancer.es\/extremadura\/wp-content\/uploads\/sites\/4\/2026\/02\/IX-Congreso-Extremeno-de-Personas-con-Cancer-AECC-125-1024x683.jpg 1024w, https:\/\/congresos.contraelcancer.es\/extremadura\/wp-content\/uploads\/sites\/4\/2026\/02\/IX-Congreso-Extremeno-de-Personas-con-Cancer-AECC-125-300x200.jpg 300w, https:\/\/congresos.contraelcancer.es\/extremadura\/wp-content\/uploads\/sites\/4\/2026\/02\/IX-Congreso-Extremeno-de-Personas-con-Cancer-AECC-125-768x512.jpg 768w, https:\/\/congresos.contraelcancer.es\/extremadura\/wp-content\/uploads\/sites\/4\/2026\/02\/IX-Congreso-Extremeno-de-Personas-con-Cancer-AECC-125-112x75.jpg 112w, https:\/\/congresos.contraelcancer.es\/extremadura\/wp-content\/uploads\/sites\/4\/2026\/02\/IX-Congreso-Extremeno-de-Personas-con-Cancer-AECC-125-480x320.jpg 480w\" sizes=\"(max-width:767px) 480px, (max-width:1024px) 100vw, 1024px\" \/><\/a>\n\t\t\t\t<\/dt>\n\t\t\t\t\t<dd class='wp-caption-text gallery-caption'>\n\t\t\t\t\tIX Congreso Extreme\u00f1o de personas con c\u00e1ncer y sus familiares\n\t\t\t\t\t<\/dd><\/div><\/dl><dl class='gallery-item'  data-title='IX Congreso Extreme\u00f1o de personas con c\u00e1ncer y sus familiares' data-description=''><div class='gallery-item-wrapper'>\n\t\t\t\t<dt class='gallery-icon landscape'>\n\t\t\t\t\t<a href='https:\/\/congresos.contraelcancer.es\/extremadura\/wp-content\/uploads\/sites\/4\/2026\/02\/IX-Congreso-Extremeno-de-Personas-con-Cancer-AECC-126.jpg'><img loading=\"lazy\" decoding=\"async\" width=\"1024\" height=\"683\" src=\"https:\/\/congresos.contraelcancer.es\/extremadura\/wp-content\/uploads\/sites\/4\/2026\/02\/IX-Congreso-Extremeno-de-Personas-con-Cancer-AECC-126-1024x683.jpg\" class=\"attachment-large size-large\" alt=\"\" srcset=\"https:\/\/congresos.contraelcancer.es\/extremadura\/wp-content\/uploads\/sites\/4\/2026\/02\/IX-Congreso-Extremeno-de-Personas-con-Cancer-AECC-126-1024x683.jpg 1024w, https:\/\/congresos.contraelcancer.es\/extremadura\/wp-content\/uploads\/sites\/4\/2026\/02\/IX-Congreso-Extremeno-de-Personas-con-Cancer-AECC-126-300x200.jpg 300w, https:\/\/congresos.contraelcancer.es\/extremadura\/wp-content\/uploads\/sites\/4\/2026\/02\/IX-Congreso-Extremeno-de-Personas-con-Cancer-AECC-126-768x512.jpg 768w, https:\/\/congresos.contraelcancer.es\/extremadura\/wp-content\/uploads\/sites\/4\/2026\/02\/IX-Congreso-Extremeno-de-Personas-con-Cancer-AECC-126-112x75.jpg 112w, https:\/\/congresos.contraelcancer.es\/extremadura\/wp-content\/uploads\/sites\/4\/2026\/02\/IX-Congreso-Extremeno-de-Personas-con-Cancer-AECC-126-480x320.jpg 480w\" sizes=\"(max-width:767px) 480px, (max-width:1024px) 100vw, 1024px\" \/><\/a>\n\t\t\t\t<\/dt>\n\t\t\t\t\t<dd class='wp-caption-text gallery-caption'>\n\t\t\t\t\tIX Congreso Extreme\u00f1o de personas con c\u00e1ncer y sus familiares\n\t\t\t\t\t<\/dd><\/div><\/dl><br style=\"clear: both\" \/><dl class='gallery-item'  data-title='IX Congreso Extreme\u00f1o de personas con c\u00e1ncer y sus familiares' data-description=''><div class='gallery-item-wrapper'>\n\t\t\t\t<dt class='gallery-icon landscape'>\n\t\t\t\t\t<a href='https:\/\/congresos.contraelcancer.es\/extremadura\/wp-content\/uploads\/sites\/4\/2026\/02\/IX-Congreso-Extremeno-de-Personas-con-Cancer-AECC-127.jpg'><img loading=\"lazy\" decoding=\"async\" width=\"1024\" height=\"683\" src=\"https:\/\/congresos.contraelcancer.es\/extremadura\/wp-content\/uploads\/sites\/4\/2026\/02\/IX-Congreso-Extremeno-de-Personas-con-Cancer-AECC-127-1024x683.jpg\" class=\"attachment-large size-large\" alt=\"\" srcset=\"https:\/\/congresos.contraelcancer.es\/extremadura\/wp-content\/uploads\/sites\/4\/2026\/02\/IX-Congreso-Extremeno-de-Personas-con-Cancer-AECC-127-1024x683.jpg 1024w, https:\/\/congresos.contraelcancer.es\/extremadura\/wp-content\/uploads\/sites\/4\/2026\/02\/IX-Congreso-Extremeno-de-Personas-con-Cancer-AECC-127-300x200.jpg 300w, https:\/\/congresos.contraelcancer.es\/extremadura\/wp-content\/uploads\/sites\/4\/2026\/02\/IX-Congreso-Extremeno-de-Personas-con-Cancer-AECC-127-768x512.jpg 768w, https:\/\/congresos.contraelcancer.es\/extremadura\/wp-content\/uploads\/sites\/4\/2026\/02\/IX-Congreso-Extremeno-de-Personas-con-Cancer-AECC-127-112x75.jpg 112w, https:\/\/congresos.contraelcancer.es\/extremadura\/wp-content\/uploads\/sites\/4\/2026\/02\/IX-Congreso-Extremeno-de-Personas-con-Cancer-AECC-127-480x320.jpg 480w\" sizes=\"(max-width:767px) 480px, (max-width:1024px) 100vw, 1024px\" \/><\/a>\n\t\t\t\t<\/dt>\n\t\t\t\t\t<dd class='wp-caption-text gallery-caption'>\n\t\t\t\t\tIX Congreso Extreme\u00f1o de personas con c\u00e1ncer y sus familiares\n\t\t\t\t\t<\/dd><\/div><\/dl><dl class='gallery-item'  data-title='IX Congreso Extreme\u00f1o de personas con c\u00e1ncer y sus familiares' data-description=''><div class='gallery-item-wrapper'>\n\t\t\t\t<dt class='gallery-icon landscape'>\n\t\t\t\t\t<a href='https:\/\/congresos.contraelcancer.es\/extremadura\/wp-content\/uploads\/sites\/4\/2026\/02\/IX-Congreso-Extremeno-de-Personas-con-Cancer-AECC-128.jpg'><img loading=\"lazy\" decoding=\"async\" width=\"1024\" height=\"683\" src=\"https:\/\/congresos.contraelcancer.es\/extremadura\/wp-content\/uploads\/sites\/4\/2026\/02\/IX-Congreso-Extremeno-de-Personas-con-Cancer-AECC-128-1024x683.jpg\" class=\"attachment-large size-large\" alt=\"\" srcset=\"https:\/\/congresos.contraelcancer.es\/extremadura\/wp-content\/uploads\/sites\/4\/2026\/02\/IX-Congreso-Extremeno-de-Personas-con-Cancer-AECC-128-1024x683.jpg 1024w, https:\/\/congresos.contraelcancer.es\/extremadura\/wp-content\/uploads\/sites\/4\/2026\/02\/IX-Congreso-Extremeno-de-Personas-con-Cancer-AECC-128-300x200.jpg 300w, https:\/\/congresos.contraelcancer.es\/extremadura\/wp-content\/uploads\/sites\/4\/2026\/02\/IX-Congreso-Extremeno-de-Personas-con-Cancer-AECC-128-768x512.jpg 768w, https:\/\/congresos.contraelcancer.es\/extremadura\/wp-content\/uploads\/sites\/4\/2026\/02\/IX-Congreso-Extremeno-de-Personas-con-Cancer-AECC-128-112x75.jpg 112w, https:\/\/congresos.contraelcancer.es\/extremadura\/wp-content\/uploads\/sites\/4\/2026\/02\/IX-Congreso-Extremeno-de-Personas-con-Cancer-AECC-128-480x320.jpg 480w\" sizes=\"(max-width:767px) 480px, (max-width:1024px) 100vw, 1024px\" \/><\/a>\n\t\t\t\t<\/dt>\n\t\t\t\t\t<dd class='wp-caption-text gallery-caption'>\n\t\t\t\t\tIX Congreso Extreme\u00f1o de personas con c\u00e1ncer y sus familiares\n\t\t\t\t\t<\/dd><\/div><\/dl><dl class='gallery-item'  data-title='IX Congreso Extreme\u00f1o de personas con c\u00e1ncer y sus familiares' data-description=''><div class='gallery-item-wrapper'>\n\t\t\t\t<dt class='gallery-icon landscape'>\n\t\t\t\t\t<a href='https:\/\/congresos.contraelcancer.es\/extremadura\/wp-content\/uploads\/sites\/4\/2026\/02\/IX-Congreso-Extremeno-de-Personas-con-Cancer-AECC-129.jpg'><img loading=\"lazy\" decoding=\"async\" width=\"1024\" height=\"683\" src=\"https:\/\/congresos.contraelcancer.es\/extremadura\/wp-content\/uploads\/sites\/4\/2026\/02\/IX-Congreso-Extremeno-de-Personas-con-Cancer-AECC-129-1024x683.jpg\" class=\"attachment-large size-large\" alt=\"\" srcset=\"https:\/\/congresos.contraelcancer.es\/extremadura\/wp-content\/uploads\/sites\/4\/2026\/02\/IX-Congreso-Extremeno-de-Personas-con-Cancer-AECC-129-1024x683.jpg 1024w, https:\/\/congresos.contraelcancer.es\/extremadura\/wp-content\/uploads\/sites\/4\/2026\/02\/IX-Congreso-Extremeno-de-Personas-con-Cancer-AECC-129-300x200.jpg 300w, https:\/\/congresos.contraelcancer.es\/extremadura\/wp-content\/uploads\/sites\/4\/2026\/02\/IX-Congreso-Extremeno-de-Personas-con-Cancer-AECC-129-768x512.jpg 768w, https:\/\/congresos.contraelcancer.es\/extremadura\/wp-content\/uploads\/sites\/4\/2026\/02\/IX-Congreso-Extremeno-de-Personas-con-Cancer-AECC-129-112x75.jpg 112w, https:\/\/congresos.contraelcancer.es\/extremadura\/wp-content\/uploads\/sites\/4\/2026\/02\/IX-Congreso-Extremeno-de-Personas-con-Cancer-AECC-129-480x320.jpg 480w\" sizes=\"(max-width:767px) 480px, (max-width:1024px) 100vw, 1024px\" \/><\/a>\n\t\t\t\t<\/dt>\n\t\t\t\t\t<dd class='wp-caption-text gallery-caption'>\n\t\t\t\t\tIX Congreso Extreme\u00f1o de personas con c\u00e1ncer y sus familiares\n\t\t\t\t\t<\/dd><\/div><\/dl><dl class='gallery-item'  data-title='IX Congreso Extreme\u00f1o de personas con c\u00e1ncer y sus familiares' data-description=''><div class='gallery-item-wrapper'>\n\t\t\t\t<dt class='gallery-icon landscape'>\n\t\t\t\t\t<a href='https:\/\/congresos.contraelcancer.es\/extremadura\/wp-content\/uploads\/sites\/4\/2026\/02\/IX-Congreso-Extremeno-de-Personas-con-Cancer-AECC-130.jpg'><img loading=\"lazy\" decoding=\"async\" width=\"1024\" height=\"683\" src=\"https:\/\/congresos.contraelcancer.es\/extremadura\/wp-content\/uploads\/sites\/4\/2026\/02\/IX-Congreso-Extremeno-de-Personas-con-Cancer-AECC-130-1024x683.jpg\" class=\"attachment-large size-large\" alt=\"\" srcset=\"https:\/\/congresos.contraelcancer.es\/extremadura\/wp-content\/uploads\/sites\/4\/2026\/02\/IX-Congreso-Extremeno-de-Personas-con-Cancer-AECC-130-1024x683.jpg 1024w, https:\/\/congresos.contraelcancer.es\/extremadura\/wp-content\/uploads\/sites\/4\/2026\/02\/IX-Congreso-Extremeno-de-Personas-con-Cancer-AECC-130-300x200.jpg 300w, https:\/\/congresos.contraelcancer.es\/extremadura\/wp-content\/uploads\/sites\/4\/2026\/02\/IX-Congreso-Extremeno-de-Personas-con-Cancer-AECC-130-768x512.jpg 768w, https:\/\/congresos.contraelcancer.es\/extremadura\/wp-content\/uploads\/sites\/4\/2026\/02\/IX-Congreso-Extremeno-de-Personas-con-Cancer-AECC-130-112x75.jpg 112w, https:\/\/congresos.contraelcancer.es\/extremadura\/wp-content\/uploads\/sites\/4\/2026\/02\/IX-Congreso-Extremeno-de-Personas-con-Cancer-AECC-130-480x320.jpg 480w\" sizes=\"(max-width:767px) 480px, (max-width:1024px) 100vw, 1024px\" \/><\/a>\n\t\t\t\t<\/dt>\n\t\t\t\t\t<dd class='wp-caption-text gallery-caption'>\n\t\t\t\t\tIX Congreso Extreme\u00f1o de personas con c\u00e1ncer y sus familiares\n\t\t\t\t\t<\/dd><\/div><\/dl><br style=\"clear: both\" \/><dl class='gallery-item'  data-title='IX Congreso Extreme\u00f1o de personas con c\u00e1ncer y sus familiares' data-description=''><div class='gallery-item-wrapper'>\n\t\t\t\t<dt class='gallery-icon landscape'>\n\t\t\t\t\t<a href='https:\/\/congresos.contraelcancer.es\/extremadura\/wp-content\/uploads\/sites\/4\/2026\/02\/IX-Congreso-Extremeno-de-Personas-con-Cancer-AECC-131.jpg'><img loading=\"lazy\" decoding=\"async\" width=\"1024\" height=\"683\" src=\"https:\/\/congresos.contraelcancer.es\/extremadura\/wp-content\/uploads\/sites\/4\/2026\/02\/IX-Congreso-Extremeno-de-Personas-con-Cancer-AECC-131-1024x683.jpg\" class=\"attachment-large size-large\" alt=\"\" srcset=\"https:\/\/congresos.contraelcancer.es\/extremadura\/wp-content\/uploads\/sites\/4\/2026\/02\/IX-Congreso-Extremeno-de-Personas-con-Cancer-AECC-131-1024x683.jpg 1024w, https:\/\/congresos.contraelcancer.es\/extremadura\/wp-content\/uploads\/sites\/4\/2026\/02\/IX-Congreso-Extremeno-de-Personas-con-Cancer-AECC-131-300x200.jpg 300w, https:\/\/congresos.contraelcancer.es\/extremadura\/wp-content\/uploads\/sites\/4\/2026\/02\/IX-Congreso-Extremeno-de-Personas-con-Cancer-AECC-131-768x512.jpg 768w, https:\/\/congresos.contraelcancer.es\/extremadura\/wp-content\/uploads\/sites\/4\/2026\/02\/IX-Congreso-Extremeno-de-Personas-con-Cancer-AECC-131-112x75.jpg 112w, https:\/\/congresos.contraelcancer.es\/extremadura\/wp-content\/uploads\/sites\/4\/2026\/02\/IX-Congreso-Extremeno-de-Personas-con-Cancer-AECC-131-480x320.jpg 480w\" sizes=\"(max-width:767px) 480px, (max-width:1024px) 100vw, 1024px\" \/><\/a>\n\t\t\t\t<\/dt>\n\t\t\t\t\t<dd class='wp-caption-text gallery-caption'>\n\t\t\t\t\tIX Congreso Extreme\u00f1o de personas con c\u00e1ncer y sus familiares\n\t\t\t\t\t<\/dd><\/div><\/dl><dl class='gallery-item'  data-title='IX Congreso Extreme\u00f1o de personas con c\u00e1ncer y sus familiares' data-description=''><div class='gallery-item-wrapper'>\n\t\t\t\t<dt class='gallery-icon portrait'>\n\t\t\t\t\t<a href='https:\/\/congresos.contraelcancer.es\/extremadura\/wp-content\/uploads\/sites\/4\/2026\/02\/IX-Congreso-Extremeno-de-Personas-con-Cancer-AECC-132.jpg'><img loading=\"lazy\" decoding=\"async\" width=\"683\" height=\"1024\" src=\"https:\/\/congresos.contraelcancer.es\/extremadura\/wp-content\/uploads\/sites\/4\/2026\/02\/IX-Congreso-Extremeno-de-Personas-con-Cancer-AECC-132-683x1024.jpg\" class=\"attachment-large size-large\" alt=\"\" srcset=\"https:\/\/congresos.contraelcancer.es\/extremadura\/wp-content\/uploads\/sites\/4\/2026\/02\/IX-Congreso-Extremeno-de-Personas-con-Cancer-AECC-132-683x1024.jpg 683w, https:\/\/congresos.contraelcancer.es\/extremadura\/wp-content\/uploads\/sites\/4\/2026\/02\/IX-Congreso-Extremeno-de-Personas-con-Cancer-AECC-132-200x300.jpg 200w, https:\/\/congresos.contraelcancer.es\/extremadura\/wp-content\/uploads\/sites\/4\/2026\/02\/IX-Congreso-Extremeno-de-Personas-con-Cancer-AECC-132-50x75.jpg 50w, https:\/\/congresos.contraelcancer.es\/extremadura\/wp-content\/uploads\/sites\/4\/2026\/02\/IX-Congreso-Extremeno-de-Personas-con-Cancer-AECC-132-480x720.jpg 480w\" sizes=\"(max-width:767px) 480px, 683px\" \/><\/a>\n\t\t\t\t<\/dt>\n\t\t\t\t\t<dd class='wp-caption-text gallery-caption'>\n\t\t\t\t\tIX Congreso Extreme\u00f1o de personas con c\u00e1ncer y sus familiares\n\t\t\t\t\t<\/dd><\/div><\/dl><dl class='gallery-item'  data-title='IX Congreso Extreme\u00f1o de personas con c\u00e1ncer y sus familiares' data-description=''><div class='gallery-item-wrapper'>\n\t\t\t\t<dt class='gallery-icon landscape'>\n\t\t\t\t\t<a href='https:\/\/congresos.contraelcancer.es\/extremadura\/wp-content\/uploads\/sites\/4\/2026\/02\/IX-Congreso-Extremeno-de-Personas-con-Cancer-AECC-133.jpg'><img loading=\"lazy\" decoding=\"async\" width=\"1024\" height=\"683\" src=\"https:\/\/congresos.contraelcancer.es\/extremadura\/wp-content\/uploads\/sites\/4\/2026\/02\/IX-Congreso-Extremeno-de-Personas-con-Cancer-AECC-133-1024x683.jpg\" class=\"attachment-large size-large\" alt=\"\" srcset=\"https:\/\/congresos.contraelcancer.es\/extremadura\/wp-content\/uploads\/sites\/4\/2026\/02\/IX-Congreso-Extremeno-de-Personas-con-Cancer-AECC-133-1024x683.jpg 1024w, https:\/\/congresos.contraelcancer.es\/extremadura\/wp-content\/uploads\/sites\/4\/2026\/02\/IX-Congreso-Extremeno-de-Personas-con-Cancer-AECC-133-300x200.jpg 300w, https:\/\/congresos.contraelcancer.es\/extremadura\/wp-content\/uploads\/sites\/4\/2026\/02\/IX-Congreso-Extremeno-de-Personas-con-Cancer-AECC-133-768x512.jpg 768w, https:\/\/congresos.contraelcancer.es\/extremadura\/wp-content\/uploads\/sites\/4\/2026\/02\/IX-Congreso-Extremeno-de-Personas-con-Cancer-AECC-133-112x75.jpg 112w, https:\/\/congresos.contraelcancer.es\/extremadura\/wp-content\/uploads\/sites\/4\/2026\/02\/IX-Congreso-Extremeno-de-Personas-con-Cancer-AECC-133-480x320.jpg 480w\" sizes=\"(max-width:767px) 480px, (max-width:1024px) 100vw, 1024px\" \/><\/a>\n\t\t\t\t<\/dt>\n\t\t\t\t\t<dd class='wp-caption-text gallery-caption'>\n\t\t\t\t\tIX Congreso Extreme\u00f1o de personas con c\u00e1ncer y sus familiares\n\t\t\t\t\t<\/dd><\/div><\/dl><dl class='gallery-item'  data-title='IX Congreso Extreme\u00f1o de personas con c\u00e1ncer y sus familiares' data-description=''><div class='gallery-item-wrapper'>\n\t\t\t\t<dt class='gallery-icon landscape'>\n\t\t\t\t\t<a href='https:\/\/congresos.contraelcancer.es\/extremadura\/wp-content\/uploads\/sites\/4\/2026\/02\/IX-Congreso-Extremeno-de-Personas-con-Cancer-AECC-134.jpg'><img loading=\"lazy\" decoding=\"async\" width=\"1024\" height=\"683\" src=\"https:\/\/congresos.contraelcancer.es\/extremadura\/wp-content\/uploads\/sites\/4\/2026\/02\/IX-Congreso-Extremeno-de-Personas-con-Cancer-AECC-134-1024x683.jpg\" class=\"attachment-large size-large\" alt=\"\" srcset=\"https:\/\/congresos.contraelcancer.es\/extremadura\/wp-content\/uploads\/sites\/4\/2026\/02\/IX-Congreso-Extremeno-de-Personas-con-Cancer-AECC-134-1024x683.jpg 1024w, https:\/\/congresos.contraelcancer.es\/extremadura\/wp-content\/uploads\/sites\/4\/2026\/02\/IX-Congreso-Extremeno-de-Personas-con-Cancer-AECC-134-300x200.jpg 300w, https:\/\/congresos.contraelcancer.es\/extremadura\/wp-content\/uploads\/sites\/4\/2026\/02\/IX-Congreso-Extremeno-de-Personas-con-Cancer-AECC-134-768x512.jpg 768w, https:\/\/congresos.contraelcancer.es\/extremadura\/wp-content\/uploads\/sites\/4\/2026\/02\/IX-Congreso-Extremeno-de-Personas-con-Cancer-AECC-134-112x75.jpg 112w, https:\/\/congresos.contraelcancer.es\/extremadura\/wp-content\/uploads\/sites\/4\/2026\/02\/IX-Congreso-Extremeno-de-Personas-con-Cancer-AECC-134-480x320.jpg 480w\" sizes=\"(max-width:767px) 480px, (max-width:1024px) 100vw, 1024px\" \/><\/a>\n\t\t\t\t<\/dt>\n\t\t\t\t\t<dd class='wp-caption-text gallery-caption'>\n\t\t\t\t\tIX Congreso Extreme\u00f1o de personas con c\u00e1ncer y sus familiares\n\t\t\t\t\t<\/dd><\/div><\/dl><br style=\"clear: both\" \/><dl class='gallery-item'  data-title='IX Congreso Extreme\u00f1o de personas con c\u00e1ncer y sus familiares' data-description=''><div class='gallery-item-wrapper'>\n\t\t\t\t<dt class='gallery-icon landscape'>\n\t\t\t\t\t<a href='https:\/\/congresos.contraelcancer.es\/extremadura\/wp-content\/uploads\/sites\/4\/2026\/02\/IX-Congreso-Extremeno-de-Personas-con-Cancer-AECC-135.jpg'><img loading=\"lazy\" decoding=\"async\" width=\"1024\" height=\"683\" src=\"https:\/\/congresos.contraelcancer.es\/extremadura\/wp-content\/uploads\/sites\/4\/2026\/02\/IX-Congreso-Extremeno-de-Personas-con-Cancer-AECC-135-1024x683.jpg\" class=\"attachment-large size-large\" alt=\"\" srcset=\"https:\/\/congresos.contraelcancer.es\/extremadura\/wp-content\/uploads\/sites\/4\/2026\/02\/IX-Congreso-Extremeno-de-Personas-con-Cancer-AECC-135-1024x683.jpg 1024w, https:\/\/congresos.contraelcancer.es\/extremadura\/wp-content\/uploads\/sites\/4\/2026\/02\/IX-Congreso-Extremeno-de-Personas-con-Cancer-AECC-135-300x200.jpg 300w, https:\/\/congresos.contraelcancer.es\/extremadura\/wp-content\/uploads\/sites\/4\/2026\/02\/IX-Congreso-Extremeno-de-Personas-con-Cancer-AECC-135-768x512.jpg 768w, https:\/\/congresos.contraelcancer.es\/extremadura\/wp-content\/uploads\/sites\/4\/2026\/02\/IX-Congreso-Extremeno-de-Personas-con-Cancer-AECC-135-112x75.jpg 112w, https:\/\/congresos.contraelcancer.es\/extremadura\/wp-content\/uploads\/sites\/4\/2026\/02\/IX-Congreso-Extremeno-de-Personas-con-Cancer-AECC-135-480x320.jpg 480w\" sizes=\"(max-width:767px) 480px, (max-width:1024px) 100vw, 1024px\" \/><\/a>\n\t\t\t\t<\/dt>\n\t\t\t\t\t<dd class='wp-caption-text gallery-caption'>\n\t\t\t\t\tIX Congreso Extreme\u00f1o de personas con c\u00e1ncer y sus familiares\n\t\t\t\t\t<\/dd><\/div><\/dl><dl class='gallery-item'  data-title='IX Congreso Extreme\u00f1o de personas con c\u00e1ncer y sus familiares' data-description=''><div class='gallery-item-wrapper'>\n\t\t\t\t<dt class='gallery-icon landscape'>\n\t\t\t\t\t<a href='https:\/\/congresos.contraelcancer.es\/extremadura\/wp-content\/uploads\/sites\/4\/2026\/02\/IX-Congreso-Extremeno-de-Personas-con-Cancer-AECC-136.jpg'><img loading=\"lazy\" decoding=\"async\" width=\"1024\" height=\"683\" src=\"https:\/\/congresos.contraelcancer.es\/extremadura\/wp-content\/uploads\/sites\/4\/2026\/02\/IX-Congreso-Extremeno-de-Personas-con-Cancer-AECC-136-1024x683.jpg\" class=\"attachment-large size-large\" alt=\"\" srcset=\"https:\/\/congresos.contraelcancer.es\/extremadura\/wp-content\/uploads\/sites\/4\/2026\/02\/IX-Congreso-Extremeno-de-Personas-con-Cancer-AECC-136-1024x683.jpg 1024w, https:\/\/congresos.contraelcancer.es\/extremadura\/wp-content\/uploads\/sites\/4\/2026\/02\/IX-Congreso-Extremeno-de-Personas-con-Cancer-AECC-136-300x200.jpg 300w, https:\/\/congresos.contraelcancer.es\/extremadura\/wp-content\/uploads\/sites\/4\/2026\/02\/IX-Congreso-Extremeno-de-Personas-con-Cancer-AECC-136-768x512.jpg 768w, https:\/\/congresos.contraelcancer.es\/extremadura\/wp-content\/uploads\/sites\/4\/2026\/02\/IX-Congreso-Extremeno-de-Personas-con-Cancer-AECC-136-112x75.jpg 112w, https:\/\/congresos.contraelcancer.es\/extremadura\/wp-content\/uploads\/sites\/4\/2026\/02\/IX-Congreso-Extremeno-de-Personas-con-Cancer-AECC-136-480x320.jpg 480w\" sizes=\"(max-width:767px) 480px, (max-width:1024px) 100vw, 1024px\" \/><\/a>\n\t\t\t\t<\/dt>\n\t\t\t\t\t<dd class='wp-caption-text gallery-caption'>\n\t\t\t\t\tIX Congreso Extreme\u00f1o de personas con c\u00e1ncer y sus familiares\n\t\t\t\t\t<\/dd><\/div><\/dl><dl class='gallery-item'  data-title='IX Congreso Extreme\u00f1o de personas con c\u00e1ncer y sus familiares' data-description=''><div class='gallery-item-wrapper'>\n\t\t\t\t<dt class='gallery-icon landscape'>\n\t\t\t\t\t<a href='https:\/\/congresos.contraelcancer.es\/extremadura\/wp-content\/uploads\/sites\/4\/2026\/02\/IX-Congreso-Extremeno-de-Personas-con-Cancer-AECC-137.jpg'><img loading=\"lazy\" decoding=\"async\" width=\"1024\" height=\"683\" src=\"https:\/\/congresos.contraelcancer.es\/extremadura\/wp-content\/uploads\/sites\/4\/2026\/02\/IX-Congreso-Extremeno-de-Personas-con-Cancer-AECC-137-1024x683.jpg\" class=\"attachment-large size-large\" alt=\"\" srcset=\"https:\/\/congresos.contraelcancer.es\/extremadura\/wp-content\/uploads\/sites\/4\/2026\/02\/IX-Congreso-Extremeno-de-Personas-con-Cancer-AECC-137-1024x683.jpg 1024w, https:\/\/congresos.contraelcancer.es\/extremadura\/wp-content\/uploads\/sites\/4\/2026\/02\/IX-Congreso-Extremeno-de-Personas-con-Cancer-AECC-137-300x200.jpg 300w, https:\/\/congresos.contraelcancer.es\/extremadura\/wp-content\/uploads\/sites\/4\/2026\/02\/IX-Congreso-Extremeno-de-Personas-con-Cancer-AECC-137-768x512.jpg 768w, https:\/\/congresos.contraelcancer.es\/extremadura\/wp-content\/uploads\/sites\/4\/2026\/02\/IX-Congreso-Extremeno-de-Personas-con-Cancer-AECC-137-112x75.jpg 112w, https:\/\/congresos.contraelcancer.es\/extremadura\/wp-content\/uploads\/sites\/4\/2026\/02\/IX-Congreso-Extremeno-de-Personas-con-Cancer-AECC-137-480x320.jpg 480w\" sizes=\"(max-width:767px) 480px, (max-width:1024px) 100vw, 1024px\" \/><\/a>\n\t\t\t\t<\/dt>\n\t\t\t\t\t<dd class='wp-caption-text gallery-caption'>\n\t\t\t\t\tIX Congreso Extreme\u00f1o de personas con c\u00e1ncer y sus familiares\n\t\t\t\t\t<\/dd><\/div><\/dl><dl class='gallery-item'  data-title='IX Congreso Extreme\u00f1o de personas con c\u00e1ncer y sus familiares' data-description=''><div class='gallery-item-wrapper'>\n\t\t\t\t<dt class='gallery-icon landscape'>\n\t\t\t\t\t<a href='https:\/\/congresos.contraelcancer.es\/extremadura\/wp-content\/uploads\/sites\/4\/2026\/02\/IX-Congreso-Extremeno-de-Personas-con-Cancer-AECC-138.jpg'><img loading=\"lazy\" decoding=\"async\" width=\"1024\" height=\"683\" src=\"https:\/\/congresos.contraelcancer.es\/extremadura\/wp-content\/uploads\/sites\/4\/2026\/02\/IX-Congreso-Extremeno-de-Personas-con-Cancer-AECC-138-1024x683.jpg\" class=\"attachment-large size-large\" alt=\"\" srcset=\"https:\/\/congresos.contraelcancer.es\/extremadura\/wp-content\/uploads\/sites\/4\/2026\/02\/IX-Congreso-Extremeno-de-Personas-con-Cancer-AECC-138-1024x683.jpg 1024w, https:\/\/congresos.contraelcancer.es\/extremadura\/wp-content\/uploads\/sites\/4\/2026\/02\/IX-Congreso-Extremeno-de-Personas-con-Cancer-AECC-138-300x200.jpg 300w, https:\/\/congresos.contraelcancer.es\/extremadura\/wp-content\/uploads\/sites\/4\/2026\/02\/IX-Congreso-Extremeno-de-Personas-con-Cancer-AECC-138-768x512.jpg 768w, https:\/\/congresos.contraelcancer.es\/extremadura\/wp-content\/uploads\/sites\/4\/2026\/02\/IX-Congreso-Extremeno-de-Personas-con-Cancer-AECC-138-112x75.jpg 112w, https:\/\/congresos.contraelcancer.es\/extremadura\/wp-content\/uploads\/sites\/4\/2026\/02\/IX-Congreso-Extremeno-de-Personas-con-Cancer-AECC-138-480x320.jpg 480w\" sizes=\"(max-width:767px) 480px, (max-width:1024px) 100vw, 1024px\" \/><\/a>\n\t\t\t\t<\/dt>\n\t\t\t\t\t<dd class='wp-caption-text gallery-caption'>\n\t\t\t\t\tIX Congreso Extreme\u00f1o de personas con c\u00e1ncer y sus familiares\n\t\t\t\t\t<\/dd><\/div><\/dl><br style=\"clear: both\" \/><dl class='gallery-item'  data-title='IX Congreso Extreme\u00f1o de personas con c\u00e1ncer y sus familiares' data-description=''><div class='gallery-item-wrapper'>\n\t\t\t\t<dt class='gallery-icon portrait'>\n\t\t\t\t\t<a href='https:\/\/congresos.contraelcancer.es\/extremadura\/wp-content\/uploads\/sites\/4\/2026\/02\/IX-Congreso-Extremeno-de-Personas-con-Cancer-AECC-139.jpg'><img loading=\"lazy\" decoding=\"async\" width=\"683\" height=\"1024\" src=\"https:\/\/congresos.contraelcancer.es\/extremadura\/wp-content\/uploads\/sites\/4\/2026\/02\/IX-Congreso-Extremeno-de-Personas-con-Cancer-AECC-139-683x1024.jpg\" class=\"attachment-large size-large\" alt=\"\" srcset=\"https:\/\/congresos.contraelcancer.es\/extremadura\/wp-content\/uploads\/sites\/4\/2026\/02\/IX-Congreso-Extremeno-de-Personas-con-Cancer-AECC-139-683x1024.jpg 683w, https:\/\/congresos.contraelcancer.es\/extremadura\/wp-content\/uploads\/sites\/4\/2026\/02\/IX-Congreso-Extremeno-de-Personas-con-Cancer-AECC-139-200x300.jpg 200w, https:\/\/congresos.contraelcancer.es\/extremadura\/wp-content\/uploads\/sites\/4\/2026\/02\/IX-Congreso-Extremeno-de-Personas-con-Cancer-AECC-139-50x75.jpg 50w, https:\/\/congresos.contraelcancer.es\/extremadura\/wp-content\/uploads\/sites\/4\/2026\/02\/IX-Congreso-Extremeno-de-Personas-con-Cancer-AECC-139-480x720.jpg 480w\" sizes=\"(max-width:767px) 480px, 683px\" \/><\/a>\n\t\t\t\t<\/dt>\n\t\t\t\t\t<dd class='wp-caption-text gallery-caption'>\n\t\t\t\t\tIX Congreso Extreme\u00f1o de personas con c\u00e1ncer y sus familiares\n\t\t\t\t\t<\/dd><\/div><\/dl><dl class='gallery-item'  data-title='IX Congreso Extreme\u00f1o de personas con c\u00e1ncer y sus familiares' data-description=''><div class='gallery-item-wrapper'>\n\t\t\t\t<dt class='gallery-icon landscape'>\n\t\t\t\t\t<a href='https:\/\/congresos.contraelcancer.es\/extremadura\/wp-content\/uploads\/sites\/4\/2026\/02\/IX-Congreso-Extremeno-de-Personas-con-Cancer-AECC-140.jpg'><img loading=\"lazy\" decoding=\"async\" width=\"1024\" height=\"683\" src=\"https:\/\/congresos.contraelcancer.es\/extremadura\/wp-content\/uploads\/sites\/4\/2026\/02\/IX-Congreso-Extremeno-de-Personas-con-Cancer-AECC-140-1024x683.jpg\" class=\"attachment-large size-large\" alt=\"\" srcset=\"https:\/\/congresos.contraelcancer.es\/extremadura\/wp-content\/uploads\/sites\/4\/2026\/02\/IX-Congreso-Extremeno-de-Personas-con-Cancer-AECC-140-1024x683.jpg 1024w, https:\/\/congresos.contraelcancer.es\/extremadura\/wp-content\/uploads\/sites\/4\/2026\/02\/IX-Congreso-Extremeno-de-Personas-con-Cancer-AECC-140-300x200.jpg 300w, https:\/\/congresos.contraelcancer.es\/extremadura\/wp-content\/uploads\/sites\/4\/2026\/02\/IX-Congreso-Extremeno-de-Personas-con-Cancer-AECC-140-768x512.jpg 768w, https:\/\/congresos.contraelcancer.es\/extremadura\/wp-content\/uploads\/sites\/4\/2026\/02\/IX-Congreso-Extremeno-de-Personas-con-Cancer-AECC-140-112x75.jpg 112w, https:\/\/congresos.contraelcancer.es\/extremadura\/wp-content\/uploads\/sites\/4\/2026\/02\/IX-Congreso-Extremeno-de-Personas-con-Cancer-AECC-140-480x320.jpg 480w\" sizes=\"(max-width:767px) 480px, (max-width:1024px) 100vw, 1024px\" \/><\/a>\n\t\t\t\t<\/dt>\n\t\t\t\t\t<dd class='wp-caption-text gallery-caption'>\n\t\t\t\t\tIX Congreso Extreme\u00f1o de personas con c\u00e1ncer y sus familiares\n\t\t\t\t\t<\/dd><\/div><\/dl><dl class='gallery-item'  data-title='IX Congreso Extreme\u00f1o de personas con c\u00e1ncer y sus familiares' data-description=''><div class='gallery-item-wrapper'>\n\t\t\t\t<dt class='gallery-icon landscape'>\n\t\t\t\t\t<a href='https:\/\/congresos.contraelcancer.es\/extremadura\/wp-content\/uploads\/sites\/4\/2026\/02\/IX-Congreso-Extremeno-de-Personas-con-Cancer-AECC-141.jpg'><img loading=\"lazy\" decoding=\"async\" width=\"1024\" height=\"683\" src=\"https:\/\/congresos.contraelcancer.es\/extremadura\/wp-content\/uploads\/sites\/4\/2026\/02\/IX-Congreso-Extremeno-de-Personas-con-Cancer-AECC-141-1024x683.jpg\" class=\"attachment-large size-large\" alt=\"\" srcset=\"https:\/\/congresos.contraelcancer.es\/extremadura\/wp-content\/uploads\/sites\/4\/2026\/02\/IX-Congreso-Extremeno-de-Personas-con-Cancer-AECC-141-1024x683.jpg 1024w, https:\/\/congresos.contraelcancer.es\/extremadura\/wp-content\/uploads\/sites\/4\/2026\/02\/IX-Congreso-Extremeno-de-Personas-con-Cancer-AECC-141-300x200.jpg 300w, https:\/\/congresos.contraelcancer.es\/extremadura\/wp-content\/uploads\/sites\/4\/2026\/02\/IX-Congreso-Extremeno-de-Personas-con-Cancer-AECC-141-768x512.jpg 768w, https:\/\/congresos.contraelcancer.es\/extremadura\/wp-content\/uploads\/sites\/4\/2026\/02\/IX-Congreso-Extremeno-de-Personas-con-Cancer-AECC-141-112x75.jpg 112w, https:\/\/congresos.contraelcancer.es\/extremadura\/wp-content\/uploads\/sites\/4\/2026\/02\/IX-Congreso-Extremeno-de-Personas-con-Cancer-AECC-141-480x320.jpg 480w\" sizes=\"(max-width:767px) 480px, (max-width:1024px) 100vw, 1024px\" \/><\/a>\n\t\t\t\t<\/dt>\n\t\t\t\t\t<dd class='wp-caption-text gallery-caption'>\n\t\t\t\t\tIX Congreso Extreme\u00f1o de personas con c\u00e1ncer y sus familiares\n\t\t\t\t\t<\/dd><\/div><\/dl><dl class='gallery-item'  data-title='IX Congreso Extreme\u00f1o de personas con c\u00e1ncer y sus familiares' data-description=''><div class='gallery-item-wrapper'>\n\t\t\t\t<dt class='gallery-icon landscape'>\n\t\t\t\t\t<a href='https:\/\/congresos.contraelcancer.es\/extremadura\/wp-content\/uploads\/sites\/4\/2026\/02\/IX-Congreso-Extremeno-de-Personas-con-Cancer-AECC-142.jpg'><img loading=\"lazy\" decoding=\"async\" width=\"1024\" height=\"683\" src=\"https:\/\/congresos.contraelcancer.es\/extremadura\/wp-content\/uploads\/sites\/4\/2026\/02\/IX-Congreso-Extremeno-de-Personas-con-Cancer-AECC-142-1024x683.jpg\" class=\"attachment-large size-large\" alt=\"\" srcset=\"https:\/\/congresos.contraelcancer.es\/extremadura\/wp-content\/uploads\/sites\/4\/2026\/02\/IX-Congreso-Extremeno-de-Personas-con-Cancer-AECC-142-1024x683.jpg 1024w, https:\/\/congresos.contraelcancer.es\/extremadura\/wp-content\/uploads\/sites\/4\/2026\/02\/IX-Congreso-Extremeno-de-Personas-con-Cancer-AECC-142-300x200.jpg 300w, https:\/\/congresos.contraelcancer.es\/extremadura\/wp-content\/uploads\/sites\/4\/2026\/02\/IX-Congreso-Extremeno-de-Personas-con-Cancer-AECC-142-768x512.jpg 768w, https:\/\/congresos.contraelcancer.es\/extremadura\/wp-content\/uploads\/sites\/4\/2026\/02\/IX-Congreso-Extremeno-de-Personas-con-Cancer-AECC-142-112x75.jpg 112w, https:\/\/congresos.contraelcancer.es\/extremadura\/wp-content\/uploads\/sites\/4\/2026\/02\/IX-Congreso-Extremeno-de-Personas-con-Cancer-AECC-142-480x320.jpg 480w\" sizes=\"(max-width:767px) 480px, (max-width:1024px) 100vw, 1024px\" \/><\/a>\n\t\t\t\t<\/dt>\n\t\t\t\t\t<dd class='wp-caption-text gallery-caption'>\n\t\t\t\t\tIX Congreso Extreme\u00f1o de personas con c\u00e1ncer y sus familiares\n\t\t\t\t\t<\/dd><\/div><\/dl><br style=\"clear: both\" \/><dl class='gallery-item'  data-title='IX Congreso Extreme\u00f1o de personas con c\u00e1ncer y sus familiares' data-description=''><div class='gallery-item-wrapper'>\n\t\t\t\t<dt class='gallery-icon landscape'>\n\t\t\t\t\t<a href='https:\/\/congresos.contraelcancer.es\/extremadura\/wp-content\/uploads\/sites\/4\/2026\/02\/IX-Congreso-Extremeno-de-Personas-con-Cancer-AECC-143.jpg'><img loading=\"lazy\" decoding=\"async\" width=\"1024\" height=\"683\" src=\"https:\/\/congresos.contraelcancer.es\/extremadura\/wp-content\/uploads\/sites\/4\/2026\/02\/IX-Congreso-Extremeno-de-Personas-con-Cancer-AECC-143-1024x683.jpg\" class=\"attachment-large size-large\" alt=\"\" srcset=\"https:\/\/congresos.contraelcancer.es\/extremadura\/wp-content\/uploads\/sites\/4\/2026\/02\/IX-Congreso-Extremeno-de-Personas-con-Cancer-AECC-143-1024x683.jpg 1024w, https:\/\/congresos.contraelcancer.es\/extremadura\/wp-content\/uploads\/sites\/4\/2026\/02\/IX-Congreso-Extremeno-de-Personas-con-Cancer-AECC-143-300x200.jpg 300w, https:\/\/congresos.contraelcancer.es\/extremadura\/wp-content\/uploads\/sites\/4\/2026\/02\/IX-Congreso-Extremeno-de-Personas-con-Cancer-AECC-143-768x512.jpg 768w, https:\/\/congresos.contraelcancer.es\/extremadura\/wp-content\/uploads\/sites\/4\/2026\/02\/IX-Congreso-Extremeno-de-Personas-con-Cancer-AECC-143-112x75.jpg 112w, https:\/\/congresos.contraelcancer.es\/extremadura\/wp-content\/uploads\/sites\/4\/2026\/02\/IX-Congreso-Extremeno-de-Personas-con-Cancer-AECC-143-480x320.jpg 480w\" sizes=\"(max-width:767px) 480px, (max-width:1024px) 100vw, 1024px\" \/><\/a>\n\t\t\t\t<\/dt>\n\t\t\t\t\t<dd class='wp-caption-text gallery-caption'>\n\t\t\t\t\tIX Congreso Extreme\u00f1o de personas con c\u00e1ncer y sus familiares\n\t\t\t\t\t<\/dd><\/div><\/dl><dl class='gallery-item'  data-title='IX Congreso Extreme\u00f1o de personas con c\u00e1ncer y sus familiares' data-description=''><div class='gallery-item-wrapper'>\n\t\t\t\t<dt class='gallery-icon landscape'>\n\t\t\t\t\t<a href='https:\/\/congresos.contraelcancer.es\/extremadura\/wp-content\/uploads\/sites\/4\/2026\/02\/IX-Congreso-Extremeno-de-Personas-con-Cancer-AECC-144.jpg'><img loading=\"lazy\" decoding=\"async\" width=\"1024\" height=\"683\" src=\"https:\/\/congresos.contraelcancer.es\/extremadura\/wp-content\/uploads\/sites\/4\/2026\/02\/IX-Congreso-Extremeno-de-Personas-con-Cancer-AECC-144-1024x683.jpg\" class=\"attachment-large size-large\" alt=\"\" srcset=\"https:\/\/congresos.contraelcancer.es\/extremadura\/wp-content\/uploads\/sites\/4\/2026\/02\/IX-Congreso-Extremeno-de-Personas-con-Cancer-AECC-144-1024x683.jpg 1024w, https:\/\/congresos.contraelcancer.es\/extremadura\/wp-content\/uploads\/sites\/4\/2026\/02\/IX-Congreso-Extremeno-de-Personas-con-Cancer-AECC-144-300x200.jpg 300w, https:\/\/congresos.contraelcancer.es\/extremadura\/wp-content\/uploads\/sites\/4\/2026\/02\/IX-Congreso-Extremeno-de-Personas-con-Cancer-AECC-144-768x512.jpg 768w, https:\/\/congresos.contraelcancer.es\/extremadura\/wp-content\/uploads\/sites\/4\/2026\/02\/IX-Congreso-Extremeno-de-Personas-con-Cancer-AECC-144-112x75.jpg 112w, https:\/\/congresos.contraelcancer.es\/extremadura\/wp-content\/uploads\/sites\/4\/2026\/02\/IX-Congreso-Extremeno-de-Personas-con-Cancer-AECC-144-480x320.jpg 480w\" sizes=\"(max-width:767px) 480px, (max-width:1024px) 100vw, 1024px\" \/><\/a>\n\t\t\t\t<\/dt>\n\t\t\t\t\t<dd class='wp-caption-text gallery-caption'>\n\t\t\t\t\tIX Congreso Extreme\u00f1o de personas con c\u00e1ncer y sus familiares\n\t\t\t\t\t<\/dd><\/div><\/dl><dl class='gallery-item'  data-title='IX Congreso Extreme\u00f1o de personas con c\u00e1ncer y sus familiares' data-description=''><div class='gallery-item-wrapper'>\n\t\t\t\t<dt class='gallery-icon landscape'>\n\t\t\t\t\t<a href='https:\/\/congresos.contraelcancer.es\/extremadura\/wp-content\/uploads\/sites\/4\/2026\/02\/IX-Congreso-Extremeno-de-Personas-con-Cancer-AECC-145.jpg'><img loading=\"lazy\" decoding=\"async\" width=\"1024\" height=\"683\" src=\"https:\/\/congresos.contraelcancer.es\/extremadura\/wp-content\/uploads\/sites\/4\/2026\/02\/IX-Congreso-Extremeno-de-Personas-con-Cancer-AECC-145-1024x683.jpg\" class=\"attachment-large size-large\" alt=\"\" srcset=\"https:\/\/congresos.contraelcancer.es\/extremadura\/wp-content\/uploads\/sites\/4\/2026\/02\/IX-Congreso-Extremeno-de-Personas-con-Cancer-AECC-145-1024x683.jpg 1024w, https:\/\/congresos.contraelcancer.es\/extremadura\/wp-content\/uploads\/sites\/4\/2026\/02\/IX-Congreso-Extremeno-de-Personas-con-Cancer-AECC-145-300x200.jpg 300w, https:\/\/congresos.contraelcancer.es\/extremadura\/wp-content\/uploads\/sites\/4\/2026\/02\/IX-Congreso-Extremeno-de-Personas-con-Cancer-AECC-145-768x512.jpg 768w, https:\/\/congresos.contraelcancer.es\/extremadura\/wp-content\/uploads\/sites\/4\/2026\/02\/IX-Congreso-Extremeno-de-Personas-con-Cancer-AECC-145-112x75.jpg 112w, https:\/\/congresos.contraelcancer.es\/extremadura\/wp-content\/uploads\/sites\/4\/2026\/02\/IX-Congreso-Extremeno-de-Personas-con-Cancer-AECC-145-480x320.jpg 480w\" sizes=\"(max-width:767px) 480px, (max-width:1024px) 100vw, 1024px\" \/><\/a>\n\t\t\t\t<\/dt>\n\t\t\t\t\t<dd class='wp-caption-text gallery-caption'>\n\t\t\t\t\tIX Congreso Extreme\u00f1o de personas con c\u00e1ncer y sus familiares\n\t\t\t\t\t<\/dd><\/div><\/dl><dl class='gallery-item'  data-title='IX Congreso Extreme\u00f1o de personas con c\u00e1ncer y sus familiares' data-description=''><div class='gallery-item-wrapper'>\n\t\t\t\t<dt class='gallery-icon landscape'>\n\t\t\t\t\t<a href='https:\/\/congresos.contraelcancer.es\/extremadura\/wp-content\/uploads\/sites\/4\/2026\/02\/IX-Congreso-Extremeno-de-Personas-con-Cancer-AECC-146.jpg'><img loading=\"lazy\" decoding=\"async\" width=\"1024\" height=\"683\" src=\"https:\/\/congresos.contraelcancer.es\/extremadura\/wp-content\/uploads\/sites\/4\/2026\/02\/IX-Congreso-Extremeno-de-Personas-con-Cancer-AECC-146-1024x683.jpg\" class=\"attachment-large size-large\" alt=\"\" srcset=\"https:\/\/congresos.contraelcancer.es\/extremadura\/wp-content\/uploads\/sites\/4\/2026\/02\/IX-Congreso-Extremeno-de-Personas-con-Cancer-AECC-146-1024x683.jpg 1024w, https:\/\/congresos.contraelcancer.es\/extremadura\/wp-content\/uploads\/sites\/4\/2026\/02\/IX-Congreso-Extremeno-de-Personas-con-Cancer-AECC-146-300x200.jpg 300w, https:\/\/congresos.contraelcancer.es\/extremadura\/wp-content\/uploads\/sites\/4\/2026\/02\/IX-Congreso-Extremeno-de-Personas-con-Cancer-AECC-146-768x512.jpg 768w, https:\/\/congresos.contraelcancer.es\/extremadura\/wp-content\/uploads\/sites\/4\/2026\/02\/IX-Congreso-Extremeno-de-Personas-con-Cancer-AECC-146-112x75.jpg 112w, https:\/\/congresos.contraelcancer.es\/extremadura\/wp-content\/uploads\/sites\/4\/2026\/02\/IX-Congreso-Extremeno-de-Personas-con-Cancer-AECC-146-480x320.jpg 480w\" sizes=\"(max-width:767px) 480px, (max-width:1024px) 100vw, 1024px\" \/><\/a>\n\t\t\t\t<\/dt>\n\t\t\t\t\t<dd class='wp-caption-text gallery-caption'>\n\t\t\t\t\tIX Congreso Extreme\u00f1o de personas con c\u00e1ncer y sus familiares\n\t\t\t\t\t<\/dd><\/div><\/dl><br style=\"clear: both\" \/><dl class='gallery-item'  data-title='IX Congreso Extreme\u00f1o de personas con c\u00e1ncer y sus familiares' data-description=''><div class='gallery-item-wrapper'>\n\t\t\t\t<dt class='gallery-icon landscape'>\n\t\t\t\t\t<a href='https:\/\/congresos.contraelcancer.es\/extremadura\/wp-content\/uploads\/sites\/4\/2026\/02\/IX-Congreso-Extremeno-de-Personas-con-Cancer-AECC-147.jpg'><img loading=\"lazy\" decoding=\"async\" width=\"1024\" height=\"683\" src=\"https:\/\/congresos.contraelcancer.es\/extremadura\/wp-content\/uploads\/sites\/4\/2026\/02\/IX-Congreso-Extremeno-de-Personas-con-Cancer-AECC-147-1024x683.jpg\" class=\"attachment-large size-large\" alt=\"\" srcset=\"https:\/\/congresos.contraelcancer.es\/extremadura\/wp-content\/uploads\/sites\/4\/2026\/02\/IX-Congreso-Extremeno-de-Personas-con-Cancer-AECC-147-1024x683.jpg 1024w, https:\/\/congresos.contraelcancer.es\/extremadura\/wp-content\/uploads\/sites\/4\/2026\/02\/IX-Congreso-Extremeno-de-Personas-con-Cancer-AECC-147-300x200.jpg 300w, https:\/\/congresos.contraelcancer.es\/extremadura\/wp-content\/uploads\/sites\/4\/2026\/02\/IX-Congreso-Extremeno-de-Personas-con-Cancer-AECC-147-768x512.jpg 768w, https:\/\/congresos.contraelcancer.es\/extremadura\/wp-content\/uploads\/sites\/4\/2026\/02\/IX-Congreso-Extremeno-de-Personas-con-Cancer-AECC-147-112x75.jpg 112w, https:\/\/congresos.contraelcancer.es\/extremadura\/wp-content\/uploads\/sites\/4\/2026\/02\/IX-Congreso-Extremeno-de-Personas-con-Cancer-AECC-147-480x320.jpg 480w\" sizes=\"(max-width:767px) 480px, (max-width:1024px) 100vw, 1024px\" \/><\/a>\n\t\t\t\t<\/dt>\n\t\t\t\t\t<dd class='wp-caption-text gallery-caption'>\n\t\t\t\t\tIX Congreso Extreme\u00f1o de personas con c\u00e1ncer y sus familiares\n\t\t\t\t\t<\/dd><\/div><\/dl><dl class='gallery-item'  data-title='IX Congreso Extreme\u00f1o de personas con c\u00e1ncer y sus familiares' data-description=''><div class='gallery-item-wrapper'>\n\t\t\t\t<dt class='gallery-icon landscape'>\n\t\t\t\t\t<a href='https:\/\/congresos.contraelcancer.es\/extremadura\/wp-content\/uploads\/sites\/4\/2026\/02\/IX-Congreso-Extremeno-de-Personas-con-Cancer-AECC-148.jpg'><img loading=\"lazy\" decoding=\"async\" width=\"1024\" height=\"683\" src=\"https:\/\/congresos.contraelcancer.es\/extremadura\/wp-content\/uploads\/sites\/4\/2026\/02\/IX-Congreso-Extremeno-de-Personas-con-Cancer-AECC-148-1024x683.jpg\" class=\"attachment-large size-large\" alt=\"\" srcset=\"https:\/\/congresos.contraelcancer.es\/extremadura\/wp-content\/uploads\/sites\/4\/2026\/02\/IX-Congreso-Extremeno-de-Personas-con-Cancer-AECC-148-1024x683.jpg 1024w, https:\/\/congresos.contraelcancer.es\/extremadura\/wp-content\/uploads\/sites\/4\/2026\/02\/IX-Congreso-Extremeno-de-Personas-con-Cancer-AECC-148-300x200.jpg 300w, https:\/\/congresos.contraelcancer.es\/extremadura\/wp-content\/uploads\/sites\/4\/2026\/02\/IX-Congreso-Extremeno-de-Personas-con-Cancer-AECC-148-768x512.jpg 768w, https:\/\/congresos.contraelcancer.es\/extremadura\/wp-content\/uploads\/sites\/4\/2026\/02\/IX-Congreso-Extremeno-de-Personas-con-Cancer-AECC-148-112x75.jpg 112w, https:\/\/congresos.contraelcancer.es\/extremadura\/wp-content\/uploads\/sites\/4\/2026\/02\/IX-Congreso-Extremeno-de-Personas-con-Cancer-AECC-148-480x320.jpg 480w\" sizes=\"(max-width:767px) 480px, (max-width:1024px) 100vw, 1024px\" \/><\/a>\n\t\t\t\t<\/dt>\n\t\t\t\t\t<dd class='wp-caption-text gallery-caption'>\n\t\t\t\t\tIX Congreso Extreme\u00f1o de personas con c\u00e1ncer y sus familiares\n\t\t\t\t\t<\/dd><\/div><\/dl><dl class='gallery-item'  data-title='IX Congreso Extreme\u00f1o de personas con c\u00e1ncer y sus familiares' data-description=''><div class='gallery-item-wrapper'>\n\t\t\t\t<dt class='gallery-icon landscape'>\n\t\t\t\t\t<a href='https:\/\/congresos.contraelcancer.es\/extremadura\/wp-content\/uploads\/sites\/4\/2026\/02\/IX-Congreso-Extremeno-de-Personas-con-Cancer-AECC-149.jpg'><img loading=\"lazy\" decoding=\"async\" width=\"1024\" height=\"683\" src=\"https:\/\/congresos.contraelcancer.es\/extremadura\/wp-content\/uploads\/sites\/4\/2026\/02\/IX-Congreso-Extremeno-de-Personas-con-Cancer-AECC-149-1024x683.jpg\" class=\"attachment-large size-large\" alt=\"\" srcset=\"https:\/\/congresos.contraelcancer.es\/extremadura\/wp-content\/uploads\/sites\/4\/2026\/02\/IX-Congreso-Extremeno-de-Personas-con-Cancer-AECC-149-1024x683.jpg 1024w, https:\/\/congresos.contraelcancer.es\/extremadura\/wp-content\/uploads\/sites\/4\/2026\/02\/IX-Congreso-Extremeno-de-Personas-con-Cancer-AECC-149-300x200.jpg 300w, https:\/\/congresos.contraelcancer.es\/extremadura\/wp-content\/uploads\/sites\/4\/2026\/02\/IX-Congreso-Extremeno-de-Personas-con-Cancer-AECC-149-768x512.jpg 768w, https:\/\/congresos.contraelcancer.es\/extremadura\/wp-content\/uploads\/sites\/4\/2026\/02\/IX-Congreso-Extremeno-de-Personas-con-Cancer-AECC-149-112x75.jpg 112w, https:\/\/congresos.contraelcancer.es\/extremadura\/wp-content\/uploads\/sites\/4\/2026\/02\/IX-Congreso-Extremeno-de-Personas-con-Cancer-AECC-149-480x320.jpg 480w\" sizes=\"(max-width:767px) 480px, (max-width:1024px) 100vw, 1024px\" \/><\/a>\n\t\t\t\t<\/dt>\n\t\t\t\t\t<dd class='wp-caption-text gallery-caption'>\n\t\t\t\t\tIX Congreso Extreme\u00f1o de personas con c\u00e1ncer y sus familiares\n\t\t\t\t\t<\/dd><\/div><\/dl><dl class='gallery-item'  data-title='IX Congreso Extreme\u00f1o de personas con c\u00e1ncer y sus familiares' data-description=''><div class='gallery-item-wrapper'>\n\t\t\t\t<dt class='gallery-icon landscape'>\n\t\t\t\t\t<a href='https:\/\/congresos.contraelcancer.es\/extremadura\/wp-content\/uploads\/sites\/4\/2026\/02\/IX-Congreso-Extremeno-de-Personas-con-Cancer-AECC-150.jpg'><img loading=\"lazy\" decoding=\"async\" width=\"1024\" height=\"683\" src=\"https:\/\/congresos.contraelcancer.es\/extremadura\/wp-content\/uploads\/sites\/4\/2026\/02\/IX-Congreso-Extremeno-de-Personas-con-Cancer-AECC-150-1024x683.jpg\" class=\"attachment-large size-large\" alt=\"\" srcset=\"https:\/\/congresos.contraelcancer.es\/extremadura\/wp-content\/uploads\/sites\/4\/2026\/02\/IX-Congreso-Extremeno-de-Personas-con-Cancer-AECC-150-1024x683.jpg 1024w, https:\/\/congresos.contraelcancer.es\/extremadura\/wp-content\/uploads\/sites\/4\/2026\/02\/IX-Congreso-Extremeno-de-Personas-con-Cancer-AECC-150-300x200.jpg 300w, https:\/\/congresos.contraelcancer.es\/extremadura\/wp-content\/uploads\/sites\/4\/2026\/02\/IX-Congreso-Extremeno-de-Personas-con-Cancer-AECC-150-768x512.jpg 768w, https:\/\/congresos.contraelcancer.es\/extremadura\/wp-content\/uploads\/sites\/4\/2026\/02\/IX-Congreso-Extremeno-de-Personas-con-Cancer-AECC-150-112x75.jpg 112w, https:\/\/congresos.contraelcancer.es\/extremadura\/wp-content\/uploads\/sites\/4\/2026\/02\/IX-Congreso-Extremeno-de-Personas-con-Cancer-AECC-150-480x320.jpg 480w\" sizes=\"(max-width:767px) 480px, (max-width:1024px) 100vw, 1024px\" \/><\/a>\n\t\t\t\t<\/dt>\n\t\t\t\t\t<dd class='wp-caption-text gallery-caption'>\n\t\t\t\t\tIX Congreso Extreme\u00f1o de personas con c\u00e1ncer y sus familiares\n\t\t\t\t\t<\/dd><\/div><\/dl><br style=\"clear: both\" \/><dl class='gallery-item'  data-title='IX Congreso Extreme\u00f1o de personas con c\u00e1ncer y sus familiares' data-description=''><div class='gallery-item-wrapper'>\n\t\t\t\t<dt class='gallery-icon landscape'>\n\t\t\t\t\t<a href='https:\/\/congresos.contraelcancer.es\/extremadura\/wp-content\/uploads\/sites\/4\/2026\/02\/IX-Congreso-Extremeno-de-Personas-con-Cancer-AECC-151.jpg'><img loading=\"lazy\" decoding=\"async\" width=\"1024\" height=\"683\" src=\"https:\/\/congresos.contraelcancer.es\/extremadura\/wp-content\/uploads\/sites\/4\/2026\/02\/IX-Congreso-Extremeno-de-Personas-con-Cancer-AECC-151-1024x683.jpg\" class=\"attachment-large size-large\" alt=\"\" srcset=\"https:\/\/congresos.contraelcancer.es\/extremadura\/wp-content\/uploads\/sites\/4\/2026\/02\/IX-Congreso-Extremeno-de-Personas-con-Cancer-AECC-151-1024x683.jpg 1024w, https:\/\/congresos.contraelcancer.es\/extremadura\/wp-content\/uploads\/sites\/4\/2026\/02\/IX-Congreso-Extremeno-de-Personas-con-Cancer-AECC-151-300x200.jpg 300w, https:\/\/congresos.contraelcancer.es\/extremadura\/wp-content\/uploads\/sites\/4\/2026\/02\/IX-Congreso-Extremeno-de-Personas-con-Cancer-AECC-151-768x512.jpg 768w, https:\/\/congresos.contraelcancer.es\/extremadura\/wp-content\/uploads\/sites\/4\/2026\/02\/IX-Congreso-Extremeno-de-Personas-con-Cancer-AECC-151-112x75.jpg 112w, https:\/\/congresos.contraelcancer.es\/extremadura\/wp-content\/uploads\/sites\/4\/2026\/02\/IX-Congreso-Extremeno-de-Personas-con-Cancer-AECC-151-480x320.jpg 480w\" sizes=\"(max-width:767px) 480px, (max-width:1024px) 100vw, 1024px\" \/><\/a>\n\t\t\t\t<\/dt>\n\t\t\t\t\t<dd class='wp-caption-text gallery-caption'>\n\t\t\t\t\tIX Congreso Extreme\u00f1o de personas con c\u00e1ncer y sus familiares\n\t\t\t\t\t<\/dd><\/div><\/dl><dl class='gallery-item'  data-title='IX Congreso Extreme\u00f1o de personas con c\u00e1ncer y sus familiares' data-description=''><div class='gallery-item-wrapper'>\n\t\t\t\t<dt class='gallery-icon landscape'>\n\t\t\t\t\t<a href='https:\/\/congresos.contraelcancer.es\/extremadura\/wp-content\/uploads\/sites\/4\/2026\/02\/IX-Congreso-Extremeno-de-Personas-con-Cancer-AECC-152.jpg'><img loading=\"lazy\" decoding=\"async\" width=\"1024\" height=\"683\" src=\"https:\/\/congresos.contraelcancer.es\/extremadura\/wp-content\/uploads\/sites\/4\/2026\/02\/IX-Congreso-Extremeno-de-Personas-con-Cancer-AECC-152-1024x683.jpg\" class=\"attachment-large size-large\" alt=\"\" srcset=\"https:\/\/congresos.contraelcancer.es\/extremadura\/wp-content\/uploads\/sites\/4\/2026\/02\/IX-Congreso-Extremeno-de-Personas-con-Cancer-AECC-152-1024x683.jpg 1024w, https:\/\/congresos.contraelcancer.es\/extremadura\/wp-content\/uploads\/sites\/4\/2026\/02\/IX-Congreso-Extremeno-de-Personas-con-Cancer-AECC-152-300x200.jpg 300w, https:\/\/congresos.contraelcancer.es\/extremadura\/wp-content\/uploads\/sites\/4\/2026\/02\/IX-Congreso-Extremeno-de-Personas-con-Cancer-AECC-152-768x512.jpg 768w, https:\/\/congresos.contraelcancer.es\/extremadura\/wp-content\/uploads\/sites\/4\/2026\/02\/IX-Congreso-Extremeno-de-Personas-con-Cancer-AECC-152-112x75.jpg 112w, https:\/\/congresos.contraelcancer.es\/extremadura\/wp-content\/uploads\/sites\/4\/2026\/02\/IX-Congreso-Extremeno-de-Personas-con-Cancer-AECC-152-480x320.jpg 480w\" sizes=\"(max-width:767px) 480px, (max-width:1024px) 100vw, 1024px\" \/><\/a>\n\t\t\t\t<\/dt>\n\t\t\t\t\t<dd class='wp-caption-text gallery-caption'>\n\t\t\t\t\tIX Congreso Extreme\u00f1o de personas con c\u00e1ncer y sus familiares\n\t\t\t\t\t<\/dd><\/div><\/dl><dl class='gallery-item'  data-title='IX Congreso Extreme\u00f1o de personas con c\u00e1ncer y sus familiares' data-description=''><div class='gallery-item-wrapper'>\n\t\t\t\t<dt class='gallery-icon landscape'>\n\t\t\t\t\t<a href='https:\/\/congresos.contraelcancer.es\/extremadura\/wp-content\/uploads\/sites\/4\/2026\/02\/IX-Congreso-Extremeno-de-Personas-con-Cancer-AECC-153.jpg'><img loading=\"lazy\" decoding=\"async\" width=\"1024\" height=\"683\" src=\"https:\/\/congresos.contraelcancer.es\/extremadura\/wp-content\/uploads\/sites\/4\/2026\/02\/IX-Congreso-Extremeno-de-Personas-con-Cancer-AECC-153-1024x683.jpg\" class=\"attachment-large size-large\" alt=\"\" srcset=\"https:\/\/congresos.contraelcancer.es\/extremadura\/wp-content\/uploads\/sites\/4\/2026\/02\/IX-Congreso-Extremeno-de-Personas-con-Cancer-AECC-153-1024x683.jpg 1024w, https:\/\/congresos.contraelcancer.es\/extremadura\/wp-content\/uploads\/sites\/4\/2026\/02\/IX-Congreso-Extremeno-de-Personas-con-Cancer-AECC-153-300x200.jpg 300w, https:\/\/congresos.contraelcancer.es\/extremadura\/wp-content\/uploads\/sites\/4\/2026\/02\/IX-Congreso-Extremeno-de-Personas-con-Cancer-AECC-153-768x512.jpg 768w, https:\/\/congresos.contraelcancer.es\/extremadura\/wp-content\/uploads\/sites\/4\/2026\/02\/IX-Congreso-Extremeno-de-Personas-con-Cancer-AECC-153-112x75.jpg 112w, https:\/\/congresos.contraelcancer.es\/extremadura\/wp-content\/uploads\/sites\/4\/2026\/02\/IX-Congreso-Extremeno-de-Personas-con-Cancer-AECC-153-480x320.jpg 480w\" sizes=\"(max-width:767px) 480px, (max-width:1024px) 100vw, 1024px\" \/><\/a>\n\t\t\t\t<\/dt>\n\t\t\t\t\t<dd class='wp-caption-text gallery-caption'>\n\t\t\t\t\tIX Congreso Extreme\u00f1o de personas con c\u00e1ncer y sus familiares\n\t\t\t\t\t<\/dd><\/div><\/dl><dl class='gallery-item'  data-title='IX Congreso Extreme\u00f1o de personas con c\u00e1ncer y sus familiares' data-description=''><div class='gallery-item-wrapper'>\n\t\t\t\t<dt class='gallery-icon landscape'>\n\t\t\t\t\t<a href='https:\/\/congresos.contraelcancer.es\/extremadura\/wp-content\/uploads\/sites\/4\/2026\/02\/IX-Congreso-Extremeno-de-Personas-con-Cancer-AECC-154.jpg'><img loading=\"lazy\" decoding=\"async\" width=\"1024\" height=\"683\" src=\"https:\/\/congresos.contraelcancer.es\/extremadura\/wp-content\/uploads\/sites\/4\/2026\/02\/IX-Congreso-Extremeno-de-Personas-con-Cancer-AECC-154-1024x683.jpg\" class=\"attachment-large size-large\" alt=\"\" srcset=\"https:\/\/congresos.contraelcancer.es\/extremadura\/wp-content\/uploads\/sites\/4\/2026\/02\/IX-Congreso-Extremeno-de-Personas-con-Cancer-AECC-154-1024x683.jpg 1024w, https:\/\/congresos.contraelcancer.es\/extremadura\/wp-content\/uploads\/sites\/4\/2026\/02\/IX-Congreso-Extremeno-de-Personas-con-Cancer-AECC-154-300x200.jpg 300w, https:\/\/congresos.contraelcancer.es\/extremadura\/wp-content\/uploads\/sites\/4\/2026\/02\/IX-Congreso-Extremeno-de-Personas-con-Cancer-AECC-154-768x512.jpg 768w, https:\/\/congresos.contraelcancer.es\/extremadura\/wp-content\/uploads\/sites\/4\/2026\/02\/IX-Congreso-Extremeno-de-Personas-con-Cancer-AECC-154-112x75.jpg 112w, https:\/\/congresos.contraelcancer.es\/extremadura\/wp-content\/uploads\/sites\/4\/2026\/02\/IX-Congreso-Extremeno-de-Personas-con-Cancer-AECC-154-480x320.jpg 480w\" sizes=\"(max-width:767px) 480px, (max-width:1024px) 100vw, 1024px\" \/><\/a>\n\t\t\t\t<\/dt>\n\t\t\t\t\t<dd class='wp-caption-text gallery-caption'>\n\t\t\t\t\tIX Congreso Extreme\u00f1o de personas con c\u00e1ncer y sus familiares\n\t\t\t\t\t<\/dd><\/div><\/dl><br style=\"clear: both\" \/><dl class='gallery-item'  data-title='IX Congreso Extreme\u00f1o de personas con c\u00e1ncer y sus familiares' data-description=''><div class='gallery-item-wrapper'>\n\t\t\t\t<dt class='gallery-icon landscape'>\n\t\t\t\t\t<a href='https:\/\/congresos.contraelcancer.es\/extremadura\/wp-content\/uploads\/sites\/4\/2026\/02\/IX-Congreso-Extremeno-de-Personas-con-Cancer-AECC-155.jpg'><img loading=\"lazy\" decoding=\"async\" width=\"1024\" height=\"683\" src=\"https:\/\/congresos.contraelcancer.es\/extremadura\/wp-content\/uploads\/sites\/4\/2026\/02\/IX-Congreso-Extremeno-de-Personas-con-Cancer-AECC-155-1024x683.jpg\" class=\"attachment-large size-large\" alt=\"\" srcset=\"https:\/\/congresos.contraelcancer.es\/extremadura\/wp-content\/uploads\/sites\/4\/2026\/02\/IX-Congreso-Extremeno-de-Personas-con-Cancer-AECC-155-1024x683.jpg 1024w, https:\/\/congresos.contraelcancer.es\/extremadura\/wp-content\/uploads\/sites\/4\/2026\/02\/IX-Congreso-Extremeno-de-Personas-con-Cancer-AECC-155-300x200.jpg 300w, https:\/\/congresos.contraelcancer.es\/extremadura\/wp-content\/uploads\/sites\/4\/2026\/02\/IX-Congreso-Extremeno-de-Personas-con-Cancer-AECC-155-768x512.jpg 768w, https:\/\/congresos.contraelcancer.es\/extremadura\/wp-content\/uploads\/sites\/4\/2026\/02\/IX-Congreso-Extremeno-de-Personas-con-Cancer-AECC-155-112x75.jpg 112w, https:\/\/congresos.contraelcancer.es\/extremadura\/wp-content\/uploads\/sites\/4\/2026\/02\/IX-Congreso-Extremeno-de-Personas-con-Cancer-AECC-155-480x320.jpg 480w\" sizes=\"(max-width:767px) 480px, (max-width:1024px) 100vw, 1024px\" \/><\/a>\n\t\t\t\t<\/dt>\n\t\t\t\t\t<dd class='wp-caption-text gallery-caption'>\n\t\t\t\t\tIX Congreso Extreme\u00f1o de personas con c\u00e1ncer y sus familiares\n\t\t\t\t\t<\/dd><\/div><\/dl><dl class='gallery-item'  data-title='IX Congreso Extreme\u00f1o de personas con c\u00e1ncer y sus familiares' data-description=''><div class='gallery-item-wrapper'>\n\t\t\t\t<dt class='gallery-icon portrait'>\n\t\t\t\t\t<a href='https:\/\/congresos.contraelcancer.es\/extremadura\/wp-content\/uploads\/sites\/4\/2026\/02\/IX-Congreso-Extremeno-de-Personas-con-Cancer-AECC-156.jpg'><img loading=\"lazy\" decoding=\"async\" width=\"683\" height=\"1024\" src=\"https:\/\/congresos.contraelcancer.es\/extremadura\/wp-content\/uploads\/sites\/4\/2026\/02\/IX-Congreso-Extremeno-de-Personas-con-Cancer-AECC-156-683x1024.jpg\" class=\"attachment-large size-large\" alt=\"\" srcset=\"https:\/\/congresos.contraelcancer.es\/extremadura\/wp-content\/uploads\/sites\/4\/2026\/02\/IX-Congreso-Extremeno-de-Personas-con-Cancer-AECC-156-683x1024.jpg 683w, https:\/\/congresos.contraelcancer.es\/extremadura\/wp-content\/uploads\/sites\/4\/2026\/02\/IX-Congreso-Extremeno-de-Personas-con-Cancer-AECC-156-200x300.jpg 200w, https:\/\/congresos.contraelcancer.es\/extremadura\/wp-content\/uploads\/sites\/4\/2026\/02\/IX-Congreso-Extremeno-de-Personas-con-Cancer-AECC-156-50x75.jpg 50w, https:\/\/congresos.contraelcancer.es\/extremadura\/wp-content\/uploads\/sites\/4\/2026\/02\/IX-Congreso-Extremeno-de-Personas-con-Cancer-AECC-156-480x720.jpg 480w\" sizes=\"(max-width:767px) 480px, 683px\" \/><\/a>\n\t\t\t\t<\/dt>\n\t\t\t\t\t<dd class='wp-caption-text gallery-caption'>\n\t\t\t\t\tIX Congreso Extreme\u00f1o de personas con c\u00e1ncer y sus familiares\n\t\t\t\t\t<\/dd><\/div><\/dl><dl class='gallery-item'  data-title='IX Congreso Extreme\u00f1o de personas con c\u00e1ncer y sus familiares' data-description=''><div class='gallery-item-wrapper'>\n\t\t\t\t<dt class='gallery-icon portrait'>\n\t\t\t\t\t<a href='https:\/\/congresos.contraelcancer.es\/extremadura\/wp-content\/uploads\/sites\/4\/2026\/02\/IX-Congreso-Extremeno-de-Personas-con-Cancer-AECC-157.jpg'><img loading=\"lazy\" decoding=\"async\" width=\"683\" height=\"1024\" src=\"https:\/\/congresos.contraelcancer.es\/extremadura\/wp-content\/uploads\/sites\/4\/2026\/02\/IX-Congreso-Extremeno-de-Personas-con-Cancer-AECC-157-683x1024.jpg\" class=\"attachment-large size-large\" alt=\"\" srcset=\"https:\/\/congresos.contraelcancer.es\/extremadura\/wp-content\/uploads\/sites\/4\/2026\/02\/IX-Congreso-Extremeno-de-Personas-con-Cancer-AECC-157-683x1024.jpg 683w, https:\/\/congresos.contraelcancer.es\/extremadura\/wp-content\/uploads\/sites\/4\/2026\/02\/IX-Congreso-Extremeno-de-Personas-con-Cancer-AECC-157-200x300.jpg 200w, https:\/\/congresos.contraelcancer.es\/extremadura\/wp-content\/uploads\/sites\/4\/2026\/02\/IX-Congreso-Extremeno-de-Personas-con-Cancer-AECC-157-50x75.jpg 50w, https:\/\/congresos.contraelcancer.es\/extremadura\/wp-content\/uploads\/sites\/4\/2026\/02\/IX-Congreso-Extremeno-de-Personas-con-Cancer-AECC-157-480x720.jpg 480w\" sizes=\"(max-width:767px) 480px, 683px\" \/><\/a>\n\t\t\t\t<\/dt>\n\t\t\t\t\t<dd class='wp-caption-text gallery-caption'>\n\t\t\t\t\tIX Congreso Extreme\u00f1o de personas con c\u00e1ncer y sus familiares\n\t\t\t\t\t<\/dd><\/div><\/dl><dl class='gallery-item'  data-title='IX Congreso Extreme\u00f1o de personas con c\u00e1ncer y sus familiares' data-description=''><div class='gallery-item-wrapper'>\n\t\t\t\t<dt class='gallery-icon portrait'>\n\t\t\t\t\t<a href='https:\/\/congresos.contraelcancer.es\/extremadura\/wp-content\/uploads\/sites\/4\/2026\/02\/IX-Congreso-Extremeno-de-Personas-con-Cancer-AECC-158.jpg'><img loading=\"lazy\" decoding=\"async\" width=\"683\" height=\"1024\" src=\"https:\/\/congresos.contraelcancer.es\/extremadura\/wp-content\/uploads\/sites\/4\/2026\/02\/IX-Congreso-Extremeno-de-Personas-con-Cancer-AECC-158-683x1024.jpg\" class=\"attachment-large size-large\" alt=\"\" srcset=\"https:\/\/congresos.contraelcancer.es\/extremadura\/wp-content\/uploads\/sites\/4\/2026\/02\/IX-Congreso-Extremeno-de-Personas-con-Cancer-AECC-158-683x1024.jpg 683w, https:\/\/congresos.contraelcancer.es\/extremadura\/wp-content\/uploads\/sites\/4\/2026\/02\/IX-Congreso-Extremeno-de-Personas-con-Cancer-AECC-158-200x300.jpg 200w, https:\/\/congresos.contraelcancer.es\/extremadura\/wp-content\/uploads\/sites\/4\/2026\/02\/IX-Congreso-Extremeno-de-Personas-con-Cancer-AECC-158-50x75.jpg 50w, https:\/\/congresos.contraelcancer.es\/extremadura\/wp-content\/uploads\/sites\/4\/2026\/02\/IX-Congreso-Extremeno-de-Personas-con-Cancer-AECC-158-480x720.jpg 480w\" sizes=\"(max-width:767px) 480px, 683px\" \/><\/a>\n\t\t\t\t<\/dt>\n\t\t\t\t\t<dd class='wp-caption-text gallery-caption'>\n\t\t\t\t\tIX Congreso Extreme\u00f1o de personas con c\u00e1ncer y sus familiares\n\t\t\t\t\t<\/dd><\/div><\/dl><br style=\"clear: both\" \/><dl class='gallery-item'  data-title='IX Congreso Extreme\u00f1o de personas con c\u00e1ncer y sus familiares' data-description=''><div class='gallery-item-wrapper'>\n\t\t\t\t<dt class='gallery-icon portrait'>\n\t\t\t\t\t<a href='https:\/\/congresos.contraelcancer.es\/extremadura\/wp-content\/uploads\/sites\/4\/2026\/02\/IX-Congreso-Extremeno-de-Personas-con-Cancer-AECC-159.jpg'><img loading=\"lazy\" decoding=\"async\" width=\"683\" height=\"1024\" src=\"https:\/\/congresos.contraelcancer.es\/extremadura\/wp-content\/uploads\/sites\/4\/2026\/02\/IX-Congreso-Extremeno-de-Personas-con-Cancer-AECC-159-683x1024.jpg\" class=\"attachment-large size-large\" alt=\"\" srcset=\"https:\/\/congresos.contraelcancer.es\/extremadura\/wp-content\/uploads\/sites\/4\/2026\/02\/IX-Congreso-Extremeno-de-Personas-con-Cancer-AECC-159-683x1024.jpg 683w, https:\/\/congresos.contraelcancer.es\/extremadura\/wp-content\/uploads\/sites\/4\/2026\/02\/IX-Congreso-Extremeno-de-Personas-con-Cancer-AECC-159-200x300.jpg 200w, https:\/\/congresos.contraelcancer.es\/extremadura\/wp-content\/uploads\/sites\/4\/2026\/02\/IX-Congreso-Extremeno-de-Personas-con-Cancer-AECC-159-50x75.jpg 50w, https:\/\/congresos.contraelcancer.es\/extremadura\/wp-content\/uploads\/sites\/4\/2026\/02\/IX-Congreso-Extremeno-de-Personas-con-Cancer-AECC-159-480x720.jpg 480w\" sizes=\"(max-width:767px) 480px, 683px\" \/><\/a>\n\t\t\t\t<\/dt>\n\t\t\t\t\t<dd class='wp-caption-text gallery-caption'>\n\t\t\t\t\tIX Congreso Extreme\u00f1o de personas con c\u00e1ncer y sus familiares\n\t\t\t\t\t<\/dd><\/div><\/dl><dl class='gallery-item'  data-title='IX Congreso Extreme\u00f1o de personas con c\u00e1ncer y sus familiares' data-description=''><div class='gallery-item-wrapper'>\n\t\t\t\t<dt class='gallery-icon landscape'>\n\t\t\t\t\t<a href='https:\/\/congresos.contraelcancer.es\/extremadura\/wp-content\/uploads\/sites\/4\/2026\/02\/IX-Congreso-Extremeno-de-Personas-con-Cancer-AECC-160.jpg'><img loading=\"lazy\" decoding=\"async\" width=\"1024\" height=\"683\" src=\"https:\/\/congresos.contraelcancer.es\/extremadura\/wp-content\/uploads\/sites\/4\/2026\/02\/IX-Congreso-Extremeno-de-Personas-con-Cancer-AECC-160-1024x683.jpg\" class=\"attachment-large size-large\" alt=\"\" srcset=\"https:\/\/congresos.contraelcancer.es\/extremadura\/wp-content\/uploads\/sites\/4\/2026\/02\/IX-Congreso-Extremeno-de-Personas-con-Cancer-AECC-160-1024x683.jpg 1024w, https:\/\/congresos.contraelcancer.es\/extremadura\/wp-content\/uploads\/sites\/4\/2026\/02\/IX-Congreso-Extremeno-de-Personas-con-Cancer-AECC-160-300x200.jpg 300w, https:\/\/congresos.contraelcancer.es\/extremadura\/wp-content\/uploads\/sites\/4\/2026\/02\/IX-Congreso-Extremeno-de-Personas-con-Cancer-AECC-160-768x512.jpg 768w, https:\/\/congresos.contraelcancer.es\/extremadura\/wp-content\/uploads\/sites\/4\/2026\/02\/IX-Congreso-Extremeno-de-Personas-con-Cancer-AECC-160-112x75.jpg 112w, https:\/\/congresos.contraelcancer.es\/extremadura\/wp-content\/uploads\/sites\/4\/2026\/02\/IX-Congreso-Extremeno-de-Personas-con-Cancer-AECC-160-480x320.jpg 480w\" sizes=\"(max-width:767px) 480px, (max-width:1024px) 100vw, 1024px\" \/><\/a>\n\t\t\t\t<\/dt>\n\t\t\t\t\t<dd class='wp-caption-text gallery-caption'>\n\t\t\t\t\tIX Congreso Extreme\u00f1o de personas con c\u00e1ncer y sus familiares\n\t\t\t\t\t<\/dd><\/div><\/dl><dl class='gallery-item'  data-title='IX Congreso Extreme\u00f1o de personas con c\u00e1ncer y sus familiares' data-description=''><div class='gallery-item-wrapper'>\n\t\t\t\t<dt class='gallery-icon landscape'>\n\t\t\t\t\t<a href='https:\/\/congresos.contraelcancer.es\/extremadura\/wp-content\/uploads\/sites\/4\/2026\/02\/IX-Congreso-Extremeno-de-Personas-con-Cancer-AECC-161.jpg'><img loading=\"lazy\" decoding=\"async\" width=\"1024\" height=\"683\" src=\"https:\/\/congresos.contraelcancer.es\/extremadura\/wp-content\/uploads\/sites\/4\/2026\/02\/IX-Congreso-Extremeno-de-Personas-con-Cancer-AECC-161-1024x683.jpg\" class=\"attachment-large size-large\" alt=\"\" srcset=\"https:\/\/congresos.contraelcancer.es\/extremadura\/wp-content\/uploads\/sites\/4\/2026\/02\/IX-Congreso-Extremeno-de-Personas-con-Cancer-AECC-161-1024x683.jpg 1024w, https:\/\/congresos.contraelcancer.es\/extremadura\/wp-content\/uploads\/sites\/4\/2026\/02\/IX-Congreso-Extremeno-de-Personas-con-Cancer-AECC-161-300x200.jpg 300w, https:\/\/congresos.contraelcancer.es\/extremadura\/wp-content\/uploads\/sites\/4\/2026\/02\/IX-Congreso-Extremeno-de-Personas-con-Cancer-AECC-161-768x512.jpg 768w, https:\/\/congresos.contraelcancer.es\/extremadura\/wp-content\/uploads\/sites\/4\/2026\/02\/IX-Congreso-Extremeno-de-Personas-con-Cancer-AECC-161-112x75.jpg 112w, https:\/\/congresos.contraelcancer.es\/extremadura\/wp-content\/uploads\/sites\/4\/2026\/02\/IX-Congreso-Extremeno-de-Personas-con-Cancer-AECC-161-480x320.jpg 480w\" sizes=\"(max-width:767px) 480px, (max-width:1024px) 100vw, 1024px\" \/><\/a>\n\t\t\t\t<\/dt>\n\t\t\t\t\t<dd class='wp-caption-text gallery-caption'>\n\t\t\t\t\tIX Congreso Extreme\u00f1o de personas con c\u00e1ncer y sus familiares\n\t\t\t\t\t<\/dd><\/div><\/dl><dl class='gallery-item'  data-title='IX Congreso Extreme\u00f1o de personas con c\u00e1ncer y sus familiares' data-description=''><div class='gallery-item-wrapper'>\n\t\t\t\t<dt class='gallery-icon landscape'>\n\t\t\t\t\t<a href='https:\/\/congresos.contraelcancer.es\/extremadura\/wp-content\/uploads\/sites\/4\/2026\/02\/IX-Congreso-Extremeno-de-Personas-con-Cancer-AECC-162.jpg'><img loading=\"lazy\" decoding=\"async\" width=\"1024\" height=\"683\" src=\"https:\/\/congresos.contraelcancer.es\/extremadura\/wp-content\/uploads\/sites\/4\/2026\/02\/IX-Congreso-Extremeno-de-Personas-con-Cancer-AECC-162-1024x683.jpg\" class=\"attachment-large size-large\" alt=\"\" srcset=\"https:\/\/congresos.contraelcancer.es\/extremadura\/wp-content\/uploads\/sites\/4\/2026\/02\/IX-Congreso-Extremeno-de-Personas-con-Cancer-AECC-162-1024x683.jpg 1024w, https:\/\/congresos.contraelcancer.es\/extremadura\/wp-content\/uploads\/sites\/4\/2026\/02\/IX-Congreso-Extremeno-de-Personas-con-Cancer-AECC-162-300x200.jpg 300w, https:\/\/congresos.contraelcancer.es\/extremadura\/wp-content\/uploads\/sites\/4\/2026\/02\/IX-Congreso-Extremeno-de-Personas-con-Cancer-AECC-162-768x512.jpg 768w, https:\/\/congresos.contraelcancer.es\/extremadura\/wp-content\/uploads\/sites\/4\/2026\/02\/IX-Congreso-Extremeno-de-Personas-con-Cancer-AECC-162-112x75.jpg 112w, https:\/\/congresos.contraelcancer.es\/extremadura\/wp-content\/uploads\/sites\/4\/2026\/02\/IX-Congreso-Extremeno-de-Personas-con-Cancer-AECC-162-480x320.jpg 480w\" sizes=\"(max-width:767px) 480px, (max-width:1024px) 100vw, 1024px\" \/><\/a>\n\t\t\t\t<\/dt>\n\t\t\t\t\t<dd class='wp-caption-text gallery-caption'>\n\t\t\t\t\tIX Congreso Extreme\u00f1o de personas con c\u00e1ncer y sus familiares\n\t\t\t\t\t<\/dd><\/div><\/dl><br style=\"clear: both\" \/><dl class='gallery-item'  data-title='IX Congreso Extreme\u00f1o de personas con c\u00e1ncer y sus familiares' data-description=''><div class='gallery-item-wrapper'>\n\t\t\t\t<dt class='gallery-icon landscape'>\n\t\t\t\t\t<a href='https:\/\/congresos.contraelcancer.es\/extremadura\/wp-content\/uploads\/sites\/4\/2026\/02\/IX-Congreso-Extremeno-de-Personas-con-Cancer-AECC-163.jpg'><img loading=\"lazy\" decoding=\"async\" width=\"1024\" height=\"683\" src=\"https:\/\/congresos.contraelcancer.es\/extremadura\/wp-content\/uploads\/sites\/4\/2026\/02\/IX-Congreso-Extremeno-de-Personas-con-Cancer-AECC-163-1024x683.jpg\" class=\"attachment-large size-large\" alt=\"\" srcset=\"https:\/\/congresos.contraelcancer.es\/extremadura\/wp-content\/uploads\/sites\/4\/2026\/02\/IX-Congreso-Extremeno-de-Personas-con-Cancer-AECC-163-1024x683.jpg 1024w, https:\/\/congresos.contraelcancer.es\/extremadura\/wp-content\/uploads\/sites\/4\/2026\/02\/IX-Congreso-Extremeno-de-Personas-con-Cancer-AECC-163-300x200.jpg 300w, https:\/\/congresos.contraelcancer.es\/extremadura\/wp-content\/uploads\/sites\/4\/2026\/02\/IX-Congreso-Extremeno-de-Personas-con-Cancer-AECC-163-768x512.jpg 768w, https:\/\/congresos.contraelcancer.es\/extremadura\/wp-content\/uploads\/sites\/4\/2026\/02\/IX-Congreso-Extremeno-de-Personas-con-Cancer-AECC-163-112x75.jpg 112w, https:\/\/congresos.contraelcancer.es\/extremadura\/wp-content\/uploads\/sites\/4\/2026\/02\/IX-Congreso-Extremeno-de-Personas-con-Cancer-AECC-163-480x320.jpg 480w\" sizes=\"(max-width:767px) 480px, (max-width:1024px) 100vw, 1024px\" \/><\/a>\n\t\t\t\t<\/dt>\n\t\t\t\t\t<dd class='wp-caption-text gallery-caption'>\n\t\t\t\t\tIX Congreso Extreme\u00f1o de personas con c\u00e1ncer y sus familiares\n\t\t\t\t\t<\/dd><\/div><\/dl><dl class='gallery-item'  data-title='IX Congreso Extreme\u00f1o de personas con c\u00e1ncer y sus familiares' data-description=''><div class='gallery-item-wrapper'>\n\t\t\t\t<dt class='gallery-icon portrait'>\n\t\t\t\t\t<a href='https:\/\/congresos.contraelcancer.es\/extremadura\/wp-content\/uploads\/sites\/4\/2026\/02\/IX-Congreso-Extremeno-de-Personas-con-Cancer-AECC-164.jpg'><img loading=\"lazy\" decoding=\"async\" width=\"683\" height=\"1024\" src=\"https:\/\/congresos.contraelcancer.es\/extremadura\/wp-content\/uploads\/sites\/4\/2026\/02\/IX-Congreso-Extremeno-de-Personas-con-Cancer-AECC-164-683x1024.jpg\" class=\"attachment-large size-large\" alt=\"\" srcset=\"https:\/\/congresos.contraelcancer.es\/extremadura\/wp-content\/uploads\/sites\/4\/2026\/02\/IX-Congreso-Extremeno-de-Personas-con-Cancer-AECC-164-683x1024.jpg 683w, https:\/\/congresos.contraelcancer.es\/extremadura\/wp-content\/uploads\/sites\/4\/2026\/02\/IX-Congreso-Extremeno-de-Personas-con-Cancer-AECC-164-200x300.jpg 200w, https:\/\/congresos.contraelcancer.es\/extremadura\/wp-content\/uploads\/sites\/4\/2026\/02\/IX-Congreso-Extremeno-de-Personas-con-Cancer-AECC-164-50x75.jpg 50w, https:\/\/congresos.contraelcancer.es\/extremadura\/wp-content\/uploads\/sites\/4\/2026\/02\/IX-Congreso-Extremeno-de-Personas-con-Cancer-AECC-164-480x720.jpg 480w\" sizes=\"(max-width:767px) 480px, 683px\" \/><\/a>\n\t\t\t\t<\/dt>\n\t\t\t\t\t<dd class='wp-caption-text gallery-caption'>\n\t\t\t\t\tIX Congreso Extreme\u00f1o de personas con c\u00e1ncer y sus familiares\n\t\t\t\t\t<\/dd><\/div><\/dl><dl class='gallery-item'  data-title='IX Congreso Extreme\u00f1o de personas con c\u00e1ncer y sus familiares' data-description=''><div class='gallery-item-wrapper'>\n\t\t\t\t<dt class='gallery-icon portrait'>\n\t\t\t\t\t<a href='https:\/\/congresos.contraelcancer.es\/extremadura\/wp-content\/uploads\/sites\/4\/2026\/02\/IX-Congreso-Extremeno-de-Personas-con-Cancer-AECC-165.jpg'><img loading=\"lazy\" decoding=\"async\" width=\"683\" height=\"1024\" src=\"https:\/\/congresos.contraelcancer.es\/extremadura\/wp-content\/uploads\/sites\/4\/2026\/02\/IX-Congreso-Extremeno-de-Personas-con-Cancer-AECC-165-683x1024.jpg\" class=\"attachment-large size-large\" alt=\"\" srcset=\"https:\/\/congresos.contraelcancer.es\/extremadura\/wp-content\/uploads\/sites\/4\/2026\/02\/IX-Congreso-Extremeno-de-Personas-con-Cancer-AECC-165-683x1024.jpg 683w, https:\/\/congresos.contraelcancer.es\/extremadura\/wp-content\/uploads\/sites\/4\/2026\/02\/IX-Congreso-Extremeno-de-Personas-con-Cancer-AECC-165-200x300.jpg 200w, https:\/\/congresos.contraelcancer.es\/extremadura\/wp-content\/uploads\/sites\/4\/2026\/02\/IX-Congreso-Extremeno-de-Personas-con-Cancer-AECC-165-50x75.jpg 50w, https:\/\/congresos.contraelcancer.es\/extremadura\/wp-content\/uploads\/sites\/4\/2026\/02\/IX-Congreso-Extremeno-de-Personas-con-Cancer-AECC-165-480x720.jpg 480w\" sizes=\"(max-width:767px) 480px, 683px\" \/><\/a>\n\t\t\t\t<\/dt>\n\t\t\t\t\t<dd class='wp-caption-text gallery-caption'>\n\t\t\t\t\tIX Congreso Extreme\u00f1o de personas con c\u00e1ncer y sus familiares\n\t\t\t\t\t<\/dd><\/div><\/dl><dl class='gallery-item'  data-title='IX Congreso Extreme\u00f1o de personas con c\u00e1ncer y sus familiares' data-description=''><div class='gallery-item-wrapper'>\n\t\t\t\t<dt class='gallery-icon portrait'>\n\t\t\t\t\t<a href='https:\/\/congresos.contraelcancer.es\/extremadura\/wp-content\/uploads\/sites\/4\/2026\/02\/IX-Congreso-Extremeno-de-Personas-con-Cancer-AECC-166.jpg'><img loading=\"lazy\" decoding=\"async\" width=\"683\" height=\"1024\" src=\"https:\/\/congresos.contraelcancer.es\/extremadura\/wp-content\/uploads\/sites\/4\/2026\/02\/IX-Congreso-Extremeno-de-Personas-con-Cancer-AECC-166-683x1024.jpg\" class=\"attachment-large size-large\" alt=\"\" srcset=\"https:\/\/congresos.contraelcancer.es\/extremadura\/wp-content\/uploads\/sites\/4\/2026\/02\/IX-Congreso-Extremeno-de-Personas-con-Cancer-AECC-166-683x1024.jpg 683w, https:\/\/congresos.contraelcancer.es\/extremadura\/wp-content\/uploads\/sites\/4\/2026\/02\/IX-Congreso-Extremeno-de-Personas-con-Cancer-AECC-166-200x300.jpg 200w, https:\/\/congresos.contraelcancer.es\/extremadura\/wp-content\/uploads\/sites\/4\/2026\/02\/IX-Congreso-Extremeno-de-Personas-con-Cancer-AECC-166-50x75.jpg 50w, https:\/\/congresos.contraelcancer.es\/extremadura\/wp-content\/uploads\/sites\/4\/2026\/02\/IX-Congreso-Extremeno-de-Personas-con-Cancer-AECC-166-480x720.jpg 480w\" sizes=\"(max-width:767px) 480px, 683px\" \/><\/a>\n\t\t\t\t<\/dt>\n\t\t\t\t\t<dd class='wp-caption-text gallery-caption'>\n\t\t\t\t\tIX Congreso Extreme\u00f1o de personas con c\u00e1ncer y sus familiares\n\t\t\t\t\t<\/dd><\/div><\/dl><br style=\"clear: both\" \/><dl class='gallery-item'  data-title='IX Congreso Extreme\u00f1o de personas con c\u00e1ncer y sus familiares' data-description=''><div class='gallery-item-wrapper'>\n\t\t\t\t<dt class='gallery-icon landscape'>\n\t\t\t\t\t<a href='https:\/\/congresos.contraelcancer.es\/extremadura\/wp-content\/uploads\/sites\/4\/2026\/02\/IX-Congreso-Extremeno-de-Personas-con-Cancer-AECC-167.jpg'><img loading=\"lazy\" decoding=\"async\" width=\"1024\" height=\"683\" src=\"https:\/\/congresos.contraelcancer.es\/extremadura\/wp-content\/uploads\/sites\/4\/2026\/02\/IX-Congreso-Extremeno-de-Personas-con-Cancer-AECC-167-1024x683.jpg\" class=\"attachment-large size-large\" alt=\"\" srcset=\"https:\/\/congresos.contraelcancer.es\/extremadura\/wp-content\/uploads\/sites\/4\/2026\/02\/IX-Congreso-Extremeno-de-Personas-con-Cancer-AECC-167-1024x683.jpg 1024w, https:\/\/congresos.contraelcancer.es\/extremadura\/wp-content\/uploads\/sites\/4\/2026\/02\/IX-Congreso-Extremeno-de-Personas-con-Cancer-AECC-167-300x200.jpg 300w, https:\/\/congresos.contraelcancer.es\/extremadura\/wp-content\/uploads\/sites\/4\/2026\/02\/IX-Congreso-Extremeno-de-Personas-con-Cancer-AECC-167-768x512.jpg 768w, https:\/\/congresos.contraelcancer.es\/extremadura\/wp-content\/uploads\/sites\/4\/2026\/02\/IX-Congreso-Extremeno-de-Personas-con-Cancer-AECC-167-112x75.jpg 112w, https:\/\/congresos.contraelcancer.es\/extremadura\/wp-content\/uploads\/sites\/4\/2026\/02\/IX-Congreso-Extremeno-de-Personas-con-Cancer-AECC-167-480x320.jpg 480w\" sizes=\"(max-width:767px) 480px, (max-width:1024px) 100vw, 1024px\" \/><\/a>\n\t\t\t\t<\/dt>\n\t\t\t\t\t<dd class='wp-caption-text gallery-caption'>\n\t\t\t\t\tIX Congreso Extreme\u00f1o de personas con c\u00e1ncer y sus familiares\n\t\t\t\t\t<\/dd><\/div><\/dl><dl class='gallery-item'  data-title='IX Congreso Extreme\u00f1o de personas con c\u00e1ncer y sus familiares' data-description=''><div class='gallery-item-wrapper'>\n\t\t\t\t<dt class='gallery-icon portrait'>\n\t\t\t\t\t<a href='https:\/\/congresos.contraelcancer.es\/extremadura\/wp-content\/uploads\/sites\/4\/2026\/02\/IX-Congreso-Extremeno-de-Personas-con-Cancer-AECC-168.jpg'><img loading=\"lazy\" decoding=\"async\" width=\"683\" height=\"1024\" src=\"https:\/\/congresos.contraelcancer.es\/extremadura\/wp-content\/uploads\/sites\/4\/2026\/02\/IX-Congreso-Extremeno-de-Personas-con-Cancer-AECC-168-683x1024.jpg\" class=\"attachment-large size-large\" alt=\"\" srcset=\"https:\/\/congresos.contraelcancer.es\/extremadura\/wp-content\/uploads\/sites\/4\/2026\/02\/IX-Congreso-Extremeno-de-Personas-con-Cancer-AECC-168-683x1024.jpg 683w, https:\/\/congresos.contraelcancer.es\/extremadura\/wp-content\/uploads\/sites\/4\/2026\/02\/IX-Congreso-Extremeno-de-Personas-con-Cancer-AECC-168-200x300.jpg 200w, https:\/\/congresos.contraelcancer.es\/extremadura\/wp-content\/uploads\/sites\/4\/2026\/02\/IX-Congreso-Extremeno-de-Personas-con-Cancer-AECC-168-50x75.jpg 50w, https:\/\/congresos.contraelcancer.es\/extremadura\/wp-content\/uploads\/sites\/4\/2026\/02\/IX-Congreso-Extremeno-de-Personas-con-Cancer-AECC-168-480x720.jpg 480w\" sizes=\"(max-width:767px) 480px, 683px\" \/><\/a>\n\t\t\t\t<\/dt>\n\t\t\t\t\t<dd class='wp-caption-text gallery-caption'>\n\t\t\t\t\tIX Congreso Extreme\u00f1o de personas con c\u00e1ncer y sus familiares\n\t\t\t\t\t<\/dd><\/div><\/dl><dl class='gallery-item'  data-title='IX Congreso Extreme\u00f1o de personas con c\u00e1ncer y sus familiares' data-description=''><div class='gallery-item-wrapper'>\n\t\t\t\t<dt class='gallery-icon portrait'>\n\t\t\t\t\t<a href='https:\/\/congresos.contraelcancer.es\/extremadura\/wp-content\/uploads\/sites\/4\/2026\/02\/IX-Congreso-Extremeno-de-Personas-con-Cancer-AECC-169.jpg'><img loading=\"lazy\" decoding=\"async\" width=\"683\" height=\"1024\" src=\"https:\/\/congresos.contraelcancer.es\/extremadura\/wp-content\/uploads\/sites\/4\/2026\/02\/IX-Congreso-Extremeno-de-Personas-con-Cancer-AECC-169-683x1024.jpg\" class=\"attachment-large size-large\" alt=\"\" srcset=\"https:\/\/congresos.contraelcancer.es\/extremadura\/wp-content\/uploads\/sites\/4\/2026\/02\/IX-Congreso-Extremeno-de-Personas-con-Cancer-AECC-169-683x1024.jpg 683w, https:\/\/congresos.contraelcancer.es\/extremadura\/wp-content\/uploads\/sites\/4\/2026\/02\/IX-Congreso-Extremeno-de-Personas-con-Cancer-AECC-169-200x300.jpg 200w, https:\/\/congresos.contraelcancer.es\/extremadura\/wp-content\/uploads\/sites\/4\/2026\/02\/IX-Congreso-Extremeno-de-Personas-con-Cancer-AECC-169-50x75.jpg 50w, https:\/\/congresos.contraelcancer.es\/extremadura\/wp-content\/uploads\/sites\/4\/2026\/02\/IX-Congreso-Extremeno-de-Personas-con-Cancer-AECC-169-480x720.jpg 480w\" sizes=\"(max-width:767px) 480px, 683px\" \/><\/a>\n\t\t\t\t<\/dt>\n\t\t\t\t\t<dd class='wp-caption-text gallery-caption'>\n\t\t\t\t\tIX Congreso Extreme\u00f1o de personas con c\u00e1ncer y sus familiares\n\t\t\t\t\t<\/dd><\/div><\/dl><dl class='gallery-item'  data-title='IX Congreso Extreme\u00f1o de personas con c\u00e1ncer y sus familiares' data-description=''><div class='gallery-item-wrapper'>\n\t\t\t\t<dt class='gallery-icon landscape'>\n\t\t\t\t\t<a href='https:\/\/congresos.contraelcancer.es\/extremadura\/wp-content\/uploads\/sites\/4\/2026\/02\/IX-Congreso-Extremeno-de-Personas-con-Cancer-AECC-170.jpg'><img loading=\"lazy\" decoding=\"async\" width=\"1024\" height=\"683\" src=\"https:\/\/congresos.contraelcancer.es\/extremadura\/wp-content\/uploads\/sites\/4\/2026\/02\/IX-Congreso-Extremeno-de-Personas-con-Cancer-AECC-170-1024x683.jpg\" class=\"attachment-large size-large\" alt=\"\" srcset=\"https:\/\/congresos.contraelcancer.es\/extremadura\/wp-content\/uploads\/sites\/4\/2026\/02\/IX-Congreso-Extremeno-de-Personas-con-Cancer-AECC-170-1024x683.jpg 1024w, https:\/\/congresos.contraelcancer.es\/extremadura\/wp-content\/uploads\/sites\/4\/2026\/02\/IX-Congreso-Extremeno-de-Personas-con-Cancer-AECC-170-300x200.jpg 300w, https:\/\/congresos.contraelcancer.es\/extremadura\/wp-content\/uploads\/sites\/4\/2026\/02\/IX-Congreso-Extremeno-de-Personas-con-Cancer-AECC-170-768x512.jpg 768w, https:\/\/congresos.contraelcancer.es\/extremadura\/wp-content\/uploads\/sites\/4\/2026\/02\/IX-Congreso-Extremeno-de-Personas-con-Cancer-AECC-170-112x75.jpg 112w, https:\/\/congresos.contraelcancer.es\/extremadura\/wp-content\/uploads\/sites\/4\/2026\/02\/IX-Congreso-Extremeno-de-Personas-con-Cancer-AECC-170-480x320.jpg 480w\" sizes=\"(max-width:767px) 480px, (max-width:1024px) 100vw, 1024px\" \/><\/a>\n\t\t\t\t<\/dt>\n\t\t\t\t\t<dd class='wp-caption-text gallery-caption'>\n\t\t\t\t\tIX Congreso Extreme\u00f1o de personas con c\u00e1ncer y sus familiares\n\t\t\t\t\t<\/dd><\/div><\/dl><br style=\"clear: both\" \/><dl class='gallery-item'  data-title='IX Congreso Extreme\u00f1o de personas con c\u00e1ncer y sus familiares' data-description=''><div class='gallery-item-wrapper'>\n\t\t\t\t<dt class='gallery-icon landscape'>\n\t\t\t\t\t<a href='https:\/\/congresos.contraelcancer.es\/extremadura\/wp-content\/uploads\/sites\/4\/2026\/02\/IX-Congreso-Extremeno-de-Personas-con-Cancer-AECC-171.jpg'><img loading=\"lazy\" decoding=\"async\" width=\"1024\" height=\"683\" src=\"https:\/\/congresos.contraelcancer.es\/extremadura\/wp-content\/uploads\/sites\/4\/2026\/02\/IX-Congreso-Extremeno-de-Personas-con-Cancer-AECC-171-1024x683.jpg\" class=\"attachment-large size-large\" alt=\"\" srcset=\"https:\/\/congresos.contraelcancer.es\/extremadura\/wp-content\/uploads\/sites\/4\/2026\/02\/IX-Congreso-Extremeno-de-Personas-con-Cancer-AECC-171-1024x683.jpg 1024w, https:\/\/congresos.contraelcancer.es\/extremadura\/wp-content\/uploads\/sites\/4\/2026\/02\/IX-Congreso-Extremeno-de-Personas-con-Cancer-AECC-171-300x200.jpg 300w, https:\/\/congresos.contraelcancer.es\/extremadura\/wp-content\/uploads\/sites\/4\/2026\/02\/IX-Congreso-Extremeno-de-Personas-con-Cancer-AECC-171-768x512.jpg 768w, https:\/\/congresos.contraelcancer.es\/extremadura\/wp-content\/uploads\/sites\/4\/2026\/02\/IX-Congreso-Extremeno-de-Personas-con-Cancer-AECC-171-112x75.jpg 112w, https:\/\/congresos.contraelcancer.es\/extremadura\/wp-content\/uploads\/sites\/4\/2026\/02\/IX-Congreso-Extremeno-de-Personas-con-Cancer-AECC-171-480x320.jpg 480w\" sizes=\"(max-width:767px) 480px, (max-width:1024px) 100vw, 1024px\" \/><\/a>\n\t\t\t\t<\/dt>\n\t\t\t\t\t<dd class='wp-caption-text gallery-caption'>\n\t\t\t\t\tIX Congreso Extreme\u00f1o de personas con c\u00e1ncer y sus familiares\n\t\t\t\t\t<\/dd><\/div><\/dl><dl class='gallery-item'  data-title='IX Congreso Extreme\u00f1o de personas con c\u00e1ncer y sus familiares' data-description=''><div class='gallery-item-wrapper'>\n\t\t\t\t<dt class='gallery-icon landscape'>\n\t\t\t\t\t<a href='https:\/\/congresos.contraelcancer.es\/extremadura\/wp-content\/uploads\/sites\/4\/2026\/02\/IX-Congreso-Extremeno-de-Personas-con-Cancer-AECC-172.jpg'><img loading=\"lazy\" decoding=\"async\" width=\"1024\" height=\"683\" src=\"https:\/\/congresos.contraelcancer.es\/extremadura\/wp-content\/uploads\/sites\/4\/2026\/02\/IX-Congreso-Extremeno-de-Personas-con-Cancer-AECC-172-1024x683.jpg\" class=\"attachment-large size-large\" alt=\"\" srcset=\"https:\/\/congresos.contraelcancer.es\/extremadura\/wp-content\/uploads\/sites\/4\/2026\/02\/IX-Congreso-Extremeno-de-Personas-con-Cancer-AECC-172-1024x683.jpg 1024w, https:\/\/congresos.contraelcancer.es\/extremadura\/wp-content\/uploads\/sites\/4\/2026\/02\/IX-Congreso-Extremeno-de-Personas-con-Cancer-AECC-172-300x200.jpg 300w, https:\/\/congresos.contraelcancer.es\/extremadura\/wp-content\/uploads\/sites\/4\/2026\/02\/IX-Congreso-Extremeno-de-Personas-con-Cancer-AECC-172-768x512.jpg 768w, https:\/\/congresos.contraelcancer.es\/extremadura\/wp-content\/uploads\/sites\/4\/2026\/02\/IX-Congreso-Extremeno-de-Personas-con-Cancer-AECC-172-112x75.jpg 112w, https:\/\/congresos.contraelcancer.es\/extremadura\/wp-content\/uploads\/sites\/4\/2026\/02\/IX-Congreso-Extremeno-de-Personas-con-Cancer-AECC-172-480x320.jpg 480w\" sizes=\"(max-width:767px) 480px, (max-width:1024px) 100vw, 1024px\" \/><\/a>\n\t\t\t\t<\/dt>\n\t\t\t\t\t<dd class='wp-caption-text gallery-caption'>\n\t\t\t\t\tIX Congreso Extreme\u00f1o de personas con c\u00e1ncer y sus familiares\n\t\t\t\t\t<\/dd><\/div><\/dl><dl class='gallery-item'  data-title='IX Congreso Extreme\u00f1o de personas con c\u00e1ncer y sus familiares' data-description=''><div class='gallery-item-wrapper'>\n\t\t\t\t<dt class='gallery-icon portrait'>\n\t\t\t\t\t<a href='https:\/\/congresos.contraelcancer.es\/extremadura\/wp-content\/uploads\/sites\/4\/2026\/02\/IX-Congreso-Extremeno-de-Personas-con-Cancer-AECC-173.jpg'><img loading=\"lazy\" decoding=\"async\" width=\"683\" height=\"1024\" src=\"https:\/\/congresos.contraelcancer.es\/extremadura\/wp-content\/uploads\/sites\/4\/2026\/02\/IX-Congreso-Extremeno-de-Personas-con-Cancer-AECC-173-683x1024.jpg\" class=\"attachment-large size-large\" alt=\"\" srcset=\"https:\/\/congresos.contraelcancer.es\/extremadura\/wp-content\/uploads\/sites\/4\/2026\/02\/IX-Congreso-Extremeno-de-Personas-con-Cancer-AECC-173-683x1024.jpg 683w, https:\/\/congresos.contraelcancer.es\/extremadura\/wp-content\/uploads\/sites\/4\/2026\/02\/IX-Congreso-Extremeno-de-Personas-con-Cancer-AECC-173-200x300.jpg 200w, https:\/\/congresos.contraelcancer.es\/extremadura\/wp-content\/uploads\/sites\/4\/2026\/02\/IX-Congreso-Extremeno-de-Personas-con-Cancer-AECC-173-50x75.jpg 50w, https:\/\/congresos.contraelcancer.es\/extremadura\/wp-content\/uploads\/sites\/4\/2026\/02\/IX-Congreso-Extremeno-de-Personas-con-Cancer-AECC-173-480x720.jpg 480w\" sizes=\"(max-width:767px) 480px, 683px\" \/><\/a>\n\t\t\t\t<\/dt>\n\t\t\t\t\t<dd class='wp-caption-text gallery-caption'>\n\t\t\t\t\tIX Congreso Extreme\u00f1o de personas con c\u00e1ncer y sus familiares\n\t\t\t\t\t<\/dd><\/div><\/dl><dl class='gallery-item'  data-title='IX Congreso Extreme\u00f1o de personas con c\u00e1ncer y sus familiares' data-description=''><div class='gallery-item-wrapper'>\n\t\t\t\t<dt class='gallery-icon landscape'>\n\t\t\t\t\t<a href='https:\/\/congresos.contraelcancer.es\/extremadura\/wp-content\/uploads\/sites\/4\/2026\/02\/IX-Congreso-Extremeno-de-Personas-con-Cancer-AECC-174.jpg'><img loading=\"lazy\" decoding=\"async\" width=\"1024\" height=\"683\" src=\"https:\/\/congresos.contraelcancer.es\/extremadura\/wp-content\/uploads\/sites\/4\/2026\/02\/IX-Congreso-Extremeno-de-Personas-con-Cancer-AECC-174-1024x683.jpg\" class=\"attachment-large size-large\" alt=\"\" srcset=\"https:\/\/congresos.contraelcancer.es\/extremadura\/wp-content\/uploads\/sites\/4\/2026\/02\/IX-Congreso-Extremeno-de-Personas-con-Cancer-AECC-174-1024x683.jpg 1024w, https:\/\/congresos.contraelcancer.es\/extremadura\/wp-content\/uploads\/sites\/4\/2026\/02\/IX-Congreso-Extremeno-de-Personas-con-Cancer-AECC-174-300x200.jpg 300w, https:\/\/congresos.contraelcancer.es\/extremadura\/wp-content\/uploads\/sites\/4\/2026\/02\/IX-Congreso-Extremeno-de-Personas-con-Cancer-AECC-174-768x512.jpg 768w, https:\/\/congresos.contraelcancer.es\/extremadura\/wp-content\/uploads\/sites\/4\/2026\/02\/IX-Congreso-Extremeno-de-Personas-con-Cancer-AECC-174-112x75.jpg 112w, https:\/\/congresos.contraelcancer.es\/extremadura\/wp-content\/uploads\/sites\/4\/2026\/02\/IX-Congreso-Extremeno-de-Personas-con-Cancer-AECC-174-480x320.jpg 480w\" sizes=\"(max-width:767px) 480px, (max-width:1024px) 100vw, 1024px\" \/><\/a>\n\t\t\t\t<\/dt>\n\t\t\t\t\t<dd class='wp-caption-text gallery-caption'>\n\t\t\t\t\tIX Congreso Extreme\u00f1o de personas con c\u00e1ncer y sus familiares\n\t\t\t\t\t<\/dd><\/div><\/dl><br style=\"clear: both\" \/><dl class='gallery-item'  data-title='IX Congreso Extreme\u00f1o de personas con c\u00e1ncer y sus familiares' data-description=''><div class='gallery-item-wrapper'>\n\t\t\t\t<dt class='gallery-icon portrait'>\n\t\t\t\t\t<a href='https:\/\/congresos.contraelcancer.es\/extremadura\/wp-content\/uploads\/sites\/4\/2026\/02\/IX-Congreso-Extremeno-de-Personas-con-Cancer-AECC-175.jpg'><img loading=\"lazy\" decoding=\"async\" width=\"683\" height=\"1024\" src=\"https:\/\/congresos.contraelcancer.es\/extremadura\/wp-content\/uploads\/sites\/4\/2026\/02\/IX-Congreso-Extremeno-de-Personas-con-Cancer-AECC-175-683x1024.jpg\" class=\"attachment-large size-large\" alt=\"\" srcset=\"https:\/\/congresos.contraelcancer.es\/extremadura\/wp-content\/uploads\/sites\/4\/2026\/02\/IX-Congreso-Extremeno-de-Personas-con-Cancer-AECC-175-683x1024.jpg 683w, https:\/\/congresos.contraelcancer.es\/extremadura\/wp-content\/uploads\/sites\/4\/2026\/02\/IX-Congreso-Extremeno-de-Personas-con-Cancer-AECC-175-200x300.jpg 200w, https:\/\/congresos.contraelcancer.es\/extremadura\/wp-content\/uploads\/sites\/4\/2026\/02\/IX-Congreso-Extremeno-de-Personas-con-Cancer-AECC-175-50x75.jpg 50w, https:\/\/congresos.contraelcancer.es\/extremadura\/wp-content\/uploads\/sites\/4\/2026\/02\/IX-Congreso-Extremeno-de-Personas-con-Cancer-AECC-175-480x720.jpg 480w\" sizes=\"(max-width:767px) 480px, 683px\" \/><\/a>\n\t\t\t\t<\/dt>\n\t\t\t\t\t<dd class='wp-caption-text gallery-caption'>\n\t\t\t\t\tIX Congreso Extreme\u00f1o de personas con c\u00e1ncer y sus familiares\n\t\t\t\t\t<\/dd><\/div><\/dl><dl class='gallery-item'  data-title='IX Congreso Extreme\u00f1o de personas con c\u00e1ncer y sus familiares' data-description=''><div class='gallery-item-wrapper'>\n\t\t\t\t<dt class='gallery-icon landscape'>\n\t\t\t\t\t<a href='https:\/\/congresos.contraelcancer.es\/extremadura\/wp-content\/uploads\/sites\/4\/2026\/02\/IX-Congreso-Extremeno-de-Personas-con-Cancer-AECC-176.jpg'><img loading=\"lazy\" decoding=\"async\" width=\"1024\" height=\"683\" src=\"https:\/\/congresos.contraelcancer.es\/extremadura\/wp-content\/uploads\/sites\/4\/2026\/02\/IX-Congreso-Extremeno-de-Personas-con-Cancer-AECC-176-1024x683.jpg\" class=\"attachment-large size-large\" alt=\"\" srcset=\"https:\/\/congresos.contraelcancer.es\/extremadura\/wp-content\/uploads\/sites\/4\/2026\/02\/IX-Congreso-Extremeno-de-Personas-con-Cancer-AECC-176-1024x683.jpg 1024w, https:\/\/congresos.contraelcancer.es\/extremadura\/wp-content\/uploads\/sites\/4\/2026\/02\/IX-Congreso-Extremeno-de-Personas-con-Cancer-AECC-176-300x200.jpg 300w, https:\/\/congresos.contraelcancer.es\/extremadura\/wp-content\/uploads\/sites\/4\/2026\/02\/IX-Congreso-Extremeno-de-Personas-con-Cancer-AECC-176-768x512.jpg 768w, https:\/\/congresos.contraelcancer.es\/extremadura\/wp-content\/uploads\/sites\/4\/2026\/02\/IX-Congreso-Extremeno-de-Personas-con-Cancer-AECC-176-112x75.jpg 112w, https:\/\/congresos.contraelcancer.es\/extremadura\/wp-content\/uploads\/sites\/4\/2026\/02\/IX-Congreso-Extremeno-de-Personas-con-Cancer-AECC-176-480x320.jpg 480w\" sizes=\"(max-width:767px) 480px, (max-width:1024px) 100vw, 1024px\" \/><\/a>\n\t\t\t\t<\/dt>\n\t\t\t\t\t<dd class='wp-caption-text gallery-caption'>\n\t\t\t\t\tIX Congreso Extreme\u00f1o de personas con c\u00e1ncer y sus familiares\n\t\t\t\t\t<\/dd><\/div><\/dl><dl class='gallery-item'  data-title='IX Congreso Extreme\u00f1o de personas con c\u00e1ncer y sus familiares' data-description=''><div class='gallery-item-wrapper'>\n\t\t\t\t<dt class='gallery-icon landscape'>\n\t\t\t\t\t<a href='https:\/\/congresos.contraelcancer.es\/extremadura\/wp-content\/uploads\/sites\/4\/2026\/02\/IX-Congreso-Extremeno-de-Personas-con-Cancer-AECC-177.jpg'><img loading=\"lazy\" decoding=\"async\" width=\"1024\" height=\"683\" src=\"https:\/\/congresos.contraelcancer.es\/extremadura\/wp-content\/uploads\/sites\/4\/2026\/02\/IX-Congreso-Extremeno-de-Personas-con-Cancer-AECC-177-1024x683.jpg\" class=\"attachment-large size-large\" alt=\"\" srcset=\"https:\/\/congresos.contraelcancer.es\/extremadura\/wp-content\/uploads\/sites\/4\/2026\/02\/IX-Congreso-Extremeno-de-Personas-con-Cancer-AECC-177-1024x683.jpg 1024w, https:\/\/congresos.contraelcancer.es\/extremadura\/wp-content\/uploads\/sites\/4\/2026\/02\/IX-Congreso-Extremeno-de-Personas-con-Cancer-AECC-177-300x200.jpg 300w, https:\/\/congresos.contraelcancer.es\/extremadura\/wp-content\/uploads\/sites\/4\/2026\/02\/IX-Congreso-Extremeno-de-Personas-con-Cancer-AECC-177-768x512.jpg 768w, https:\/\/congresos.contraelcancer.es\/extremadura\/wp-content\/uploads\/sites\/4\/2026\/02\/IX-Congreso-Extremeno-de-Personas-con-Cancer-AECC-177-112x75.jpg 112w, https:\/\/congresos.contraelcancer.es\/extremadura\/wp-content\/uploads\/sites\/4\/2026\/02\/IX-Congreso-Extremeno-de-Personas-con-Cancer-AECC-177-480x320.jpg 480w\" sizes=\"(max-width:767px) 480px, (max-width:1024px) 100vw, 1024px\" \/><\/a>\n\t\t\t\t<\/dt>\n\t\t\t\t\t<dd class='wp-caption-text gallery-caption'>\n\t\t\t\t\tIX Congreso Extreme\u00f1o de personas con c\u00e1ncer y sus familiares\n\t\t\t\t\t<\/dd><\/div><\/dl><dl class='gallery-item'  data-title='IX Congreso Extreme\u00f1o de personas con c\u00e1ncer y sus familiares' data-description=''><div class='gallery-item-wrapper'>\n\t\t\t\t<dt class='gallery-icon landscape'>\n\t\t\t\t\t<a href='https:\/\/congresos.contraelcancer.es\/extremadura\/wp-content\/uploads\/sites\/4\/2026\/02\/IX-Congreso-Extremeno-de-Personas-con-Cancer-AECC-178.jpg'><img loading=\"lazy\" decoding=\"async\" width=\"1024\" height=\"683\" src=\"https:\/\/congresos.contraelcancer.es\/extremadura\/wp-content\/uploads\/sites\/4\/2026\/02\/IX-Congreso-Extremeno-de-Personas-con-Cancer-AECC-178-1024x683.jpg\" class=\"attachment-large size-large\" alt=\"\" srcset=\"https:\/\/congresos.contraelcancer.es\/extremadura\/wp-content\/uploads\/sites\/4\/2026\/02\/IX-Congreso-Extremeno-de-Personas-con-Cancer-AECC-178-1024x683.jpg 1024w, https:\/\/congresos.contraelcancer.es\/extremadura\/wp-content\/uploads\/sites\/4\/2026\/02\/IX-Congreso-Extremeno-de-Personas-con-Cancer-AECC-178-300x200.jpg 300w, https:\/\/congresos.contraelcancer.es\/extremadura\/wp-content\/uploads\/sites\/4\/2026\/02\/IX-Congreso-Extremeno-de-Personas-con-Cancer-AECC-178-768x512.jpg 768w, https:\/\/congresos.contraelcancer.es\/extremadura\/wp-content\/uploads\/sites\/4\/2026\/02\/IX-Congreso-Extremeno-de-Personas-con-Cancer-AECC-178-112x75.jpg 112w, https:\/\/congresos.contraelcancer.es\/extremadura\/wp-content\/uploads\/sites\/4\/2026\/02\/IX-Congreso-Extremeno-de-Personas-con-Cancer-AECC-178-480x320.jpg 480w\" sizes=\"(max-width:767px) 480px, (max-width:1024px) 100vw, 1024px\" \/><\/a>\n\t\t\t\t<\/dt>\n\t\t\t\t\t<dd class='wp-caption-text gallery-caption'>\n\t\t\t\t\tIX Congreso Extreme\u00f1o de personas con c\u00e1ncer y sus familiares\n\t\t\t\t\t<\/dd><\/div><\/dl><br style=\"clear: both\" \/><dl class='gallery-item'  data-title='IX Congreso Extreme\u00f1o de personas con c\u00e1ncer y sus familiares' data-description=''><div class='gallery-item-wrapper'>\n\t\t\t\t<dt class='gallery-icon landscape'>\n\t\t\t\t\t<a href='https:\/\/congresos.contraelcancer.es\/extremadura\/wp-content\/uploads\/sites\/4\/2026\/02\/IX-Congreso-Extremeno-de-Personas-con-Cancer-AECC-179.jpg'><img loading=\"lazy\" decoding=\"async\" width=\"1024\" height=\"683\" src=\"https:\/\/congresos.contraelcancer.es\/extremadura\/wp-content\/uploads\/sites\/4\/2026\/02\/IX-Congreso-Extremeno-de-Personas-con-Cancer-AECC-179-1024x683.jpg\" class=\"attachment-large size-large\" alt=\"\" srcset=\"https:\/\/congresos.contraelcancer.es\/extremadura\/wp-content\/uploads\/sites\/4\/2026\/02\/IX-Congreso-Extremeno-de-Personas-con-Cancer-AECC-179-1024x683.jpg 1024w, https:\/\/congresos.contraelcancer.es\/extremadura\/wp-content\/uploads\/sites\/4\/2026\/02\/IX-Congreso-Extremeno-de-Personas-con-Cancer-AECC-179-300x200.jpg 300w, https:\/\/congresos.contraelcancer.es\/extremadura\/wp-content\/uploads\/sites\/4\/2026\/02\/IX-Congreso-Extremeno-de-Personas-con-Cancer-AECC-179-768x512.jpg 768w, https:\/\/congresos.contraelcancer.es\/extremadura\/wp-content\/uploads\/sites\/4\/2026\/02\/IX-Congreso-Extremeno-de-Personas-con-Cancer-AECC-179-112x75.jpg 112w, https:\/\/congresos.contraelcancer.es\/extremadura\/wp-content\/uploads\/sites\/4\/2026\/02\/IX-Congreso-Extremeno-de-Personas-con-Cancer-AECC-179-480x320.jpg 480w\" sizes=\"(max-width:767px) 480px, (max-width:1024px) 100vw, 1024px\" \/><\/a>\n\t\t\t\t<\/dt>\n\t\t\t\t\t<dd class='wp-caption-text gallery-caption'>\n\t\t\t\t\tIX Congreso Extreme\u00f1o de personas con c\u00e1ncer y sus familiares\n\t\t\t\t\t<\/dd><\/div><\/dl><dl class='gallery-item'  data-title='IX Congreso Extreme\u00f1o de personas con c\u00e1ncer y sus familiares' data-description=''><div class='gallery-item-wrapper'>\n\t\t\t\t<dt class='gallery-icon landscape'>\n\t\t\t\t\t<a href='https:\/\/congresos.contraelcancer.es\/extremadura\/wp-content\/uploads\/sites\/4\/2026\/02\/IX-Congreso-Extremeno-de-Personas-con-Cancer-AECC-180.jpg'><img loading=\"lazy\" decoding=\"async\" width=\"1024\" height=\"683\" src=\"https:\/\/congresos.contraelcancer.es\/extremadura\/wp-content\/uploads\/sites\/4\/2026\/02\/IX-Congreso-Extremeno-de-Personas-con-Cancer-AECC-180-1024x683.jpg\" class=\"attachment-large size-large\" alt=\"\" srcset=\"https:\/\/congresos.contraelcancer.es\/extremadura\/wp-content\/uploads\/sites\/4\/2026\/02\/IX-Congreso-Extremeno-de-Personas-con-Cancer-AECC-180-1024x683.jpg 1024w, https:\/\/congresos.contraelcancer.es\/extremadura\/wp-content\/uploads\/sites\/4\/2026\/02\/IX-Congreso-Extremeno-de-Personas-con-Cancer-AECC-180-300x200.jpg 300w, https:\/\/congresos.contraelcancer.es\/extremadura\/wp-content\/uploads\/sites\/4\/2026\/02\/IX-Congreso-Extremeno-de-Personas-con-Cancer-AECC-180-768x512.jpg 768w, https:\/\/congresos.contraelcancer.es\/extremadura\/wp-content\/uploads\/sites\/4\/2026\/02\/IX-Congreso-Extremeno-de-Personas-con-Cancer-AECC-180-112x75.jpg 112w, https:\/\/congresos.contraelcancer.es\/extremadura\/wp-content\/uploads\/sites\/4\/2026\/02\/IX-Congreso-Extremeno-de-Personas-con-Cancer-AECC-180-480x320.jpg 480w\" sizes=\"(max-width:767px) 480px, (max-width:1024px) 100vw, 1024px\" \/><\/a>\n\t\t\t\t<\/dt>\n\t\t\t\t\t<dd class='wp-caption-text gallery-caption'>\n\t\t\t\t\tIX Congreso Extreme\u00f1o de personas con c\u00e1ncer y sus familiares\n\t\t\t\t\t<\/dd><\/div><\/dl><dl class='gallery-item'  data-title='IX Congreso Extreme\u00f1o de personas con c\u00e1ncer y sus familiares' data-description=''><div class='gallery-item-wrapper'>\n\t\t\t\t<dt class='gallery-icon portrait'>\n\t\t\t\t\t<a href='https:\/\/congresos.contraelcancer.es\/extremadura\/wp-content\/uploads\/sites\/4\/2026\/02\/IX-Congreso-Extremeno-de-Personas-con-Cancer-AECC-181.jpg'><img loading=\"lazy\" decoding=\"async\" width=\"683\" height=\"1024\" src=\"https:\/\/congresos.contraelcancer.es\/extremadura\/wp-content\/uploads\/sites\/4\/2026\/02\/IX-Congreso-Extremeno-de-Personas-con-Cancer-AECC-181-683x1024.jpg\" class=\"attachment-large size-large\" alt=\"\" srcset=\"https:\/\/congresos.contraelcancer.es\/extremadura\/wp-content\/uploads\/sites\/4\/2026\/02\/IX-Congreso-Extremeno-de-Personas-con-Cancer-AECC-181-683x1024.jpg 683w, https:\/\/congresos.contraelcancer.es\/extremadura\/wp-content\/uploads\/sites\/4\/2026\/02\/IX-Congreso-Extremeno-de-Personas-con-Cancer-AECC-181-200x300.jpg 200w, https:\/\/congresos.contraelcancer.es\/extremadura\/wp-content\/uploads\/sites\/4\/2026\/02\/IX-Congreso-Extremeno-de-Personas-con-Cancer-AECC-181-50x75.jpg 50w, https:\/\/congresos.contraelcancer.es\/extremadura\/wp-content\/uploads\/sites\/4\/2026\/02\/IX-Congreso-Extremeno-de-Personas-con-Cancer-AECC-181-480x720.jpg 480w\" sizes=\"(max-width:767px) 480px, 683px\" \/><\/a>\n\t\t\t\t<\/dt>\n\t\t\t\t\t<dd class='wp-caption-text gallery-caption'>\n\t\t\t\t\tIX Congreso Extreme\u00f1o de personas con c\u00e1ncer y sus familiares\n\t\t\t\t\t<\/dd><\/div><\/dl><dl class='gallery-item'  data-title='IX Congreso Extreme\u00f1o de personas con c\u00e1ncer y sus familiares' data-description=''><div class='gallery-item-wrapper'>\n\t\t\t\t<dt class='gallery-icon landscape'>\n\t\t\t\t\t<a href='https:\/\/congresos.contraelcancer.es\/extremadura\/wp-content\/uploads\/sites\/4\/2026\/02\/IX-Congreso-Extremeno-de-Personas-con-Cancer-AECC-182.jpg'><img loading=\"lazy\" decoding=\"async\" width=\"1024\" height=\"683\" src=\"https:\/\/congresos.contraelcancer.es\/extremadura\/wp-content\/uploads\/sites\/4\/2026\/02\/IX-Congreso-Extremeno-de-Personas-con-Cancer-AECC-182-1024x683.jpg\" class=\"attachment-large size-large\" alt=\"\" srcset=\"https:\/\/congresos.contraelcancer.es\/extremadura\/wp-content\/uploads\/sites\/4\/2026\/02\/IX-Congreso-Extremeno-de-Personas-con-Cancer-AECC-182-1024x683.jpg 1024w, https:\/\/congresos.contraelcancer.es\/extremadura\/wp-content\/uploads\/sites\/4\/2026\/02\/IX-Congreso-Extremeno-de-Personas-con-Cancer-AECC-182-300x200.jpg 300w, https:\/\/congresos.contraelcancer.es\/extremadura\/wp-content\/uploads\/sites\/4\/2026\/02\/IX-Congreso-Extremeno-de-Personas-con-Cancer-AECC-182-768x512.jpg 768w, https:\/\/congresos.contraelcancer.es\/extremadura\/wp-content\/uploads\/sites\/4\/2026\/02\/IX-Congreso-Extremeno-de-Personas-con-Cancer-AECC-182-112x75.jpg 112w, https:\/\/congresos.contraelcancer.es\/extremadura\/wp-content\/uploads\/sites\/4\/2026\/02\/IX-Congreso-Extremeno-de-Personas-con-Cancer-AECC-182-480x320.jpg 480w\" sizes=\"(max-width:767px) 480px, (max-width:1024px) 100vw, 1024px\" \/><\/a>\n\t\t\t\t<\/dt>\n\t\t\t\t\t<dd class='wp-caption-text gallery-caption'>\n\t\t\t\t\tIX Congreso Extreme\u00f1o de personas con c\u00e1ncer y sus familiares\n\t\t\t\t\t<\/dd><\/div><\/dl><br style=\"clear: both\" \/><dl class='gallery-item'  data-title='IX Congreso Extreme\u00f1o de personas con c\u00e1ncer y sus familiares' data-description=''><div class='gallery-item-wrapper'>\n\t\t\t\t<dt class='gallery-icon landscape'>\n\t\t\t\t\t<a href='https:\/\/congresos.contraelcancer.es\/extremadura\/wp-content\/uploads\/sites\/4\/2026\/02\/IX-Congreso-Extremeno-de-Personas-con-Cancer-AECC-183.jpg'><img loading=\"lazy\" decoding=\"async\" width=\"1024\" height=\"683\" src=\"https:\/\/congresos.contraelcancer.es\/extremadura\/wp-content\/uploads\/sites\/4\/2026\/02\/IX-Congreso-Extremeno-de-Personas-con-Cancer-AECC-183-1024x683.jpg\" class=\"attachment-large size-large\" alt=\"\" srcset=\"https:\/\/congresos.contraelcancer.es\/extremadura\/wp-content\/uploads\/sites\/4\/2026\/02\/IX-Congreso-Extremeno-de-Personas-con-Cancer-AECC-183-1024x683.jpg 1024w, https:\/\/congresos.contraelcancer.es\/extremadura\/wp-content\/uploads\/sites\/4\/2026\/02\/IX-Congreso-Extremeno-de-Personas-con-Cancer-AECC-183-300x200.jpg 300w, https:\/\/congresos.contraelcancer.es\/extremadura\/wp-content\/uploads\/sites\/4\/2026\/02\/IX-Congreso-Extremeno-de-Personas-con-Cancer-AECC-183-768x512.jpg 768w, https:\/\/congresos.contraelcancer.es\/extremadura\/wp-content\/uploads\/sites\/4\/2026\/02\/IX-Congreso-Extremeno-de-Personas-con-Cancer-AECC-183-112x75.jpg 112w, https:\/\/congresos.contraelcancer.es\/extremadura\/wp-content\/uploads\/sites\/4\/2026\/02\/IX-Congreso-Extremeno-de-Personas-con-Cancer-AECC-183-480x320.jpg 480w\" sizes=\"(max-width:767px) 480px, (max-width:1024px) 100vw, 1024px\" \/><\/a>\n\t\t\t\t<\/dt>\n\t\t\t\t\t<dd class='wp-caption-text gallery-caption'>\n\t\t\t\t\tIX Congreso Extreme\u00f1o de personas con c\u00e1ncer y sus familiares\n\t\t\t\t\t<\/dd><\/div><\/dl><dl class='gallery-item'  data-title='IX Congreso Extreme\u00f1o de personas con c\u00e1ncer y sus familiares' data-description=''><div class='gallery-item-wrapper'>\n\t\t\t\t<dt class='gallery-icon landscape'>\n\t\t\t\t\t<a href='https:\/\/congresos.contraelcancer.es\/extremadura\/wp-content\/uploads\/sites\/4\/2026\/02\/IX-Congreso-Extremeno-de-Personas-con-Cancer-AECC-184.jpg'><img loading=\"lazy\" decoding=\"async\" width=\"1024\" height=\"683\" src=\"https:\/\/congresos.contraelcancer.es\/extremadura\/wp-content\/uploads\/sites\/4\/2026\/02\/IX-Congreso-Extremeno-de-Personas-con-Cancer-AECC-184-1024x683.jpg\" class=\"attachment-large size-large\" alt=\"\" srcset=\"https:\/\/congresos.contraelcancer.es\/extremadura\/wp-content\/uploads\/sites\/4\/2026\/02\/IX-Congreso-Extremeno-de-Personas-con-Cancer-AECC-184-1024x683.jpg 1024w, https:\/\/congresos.contraelcancer.es\/extremadura\/wp-content\/uploads\/sites\/4\/2026\/02\/IX-Congreso-Extremeno-de-Personas-con-Cancer-AECC-184-300x200.jpg 300w, https:\/\/congresos.contraelcancer.es\/extremadura\/wp-content\/uploads\/sites\/4\/2026\/02\/IX-Congreso-Extremeno-de-Personas-con-Cancer-AECC-184-768x512.jpg 768w, https:\/\/congresos.contraelcancer.es\/extremadura\/wp-content\/uploads\/sites\/4\/2026\/02\/IX-Congreso-Extremeno-de-Personas-con-Cancer-AECC-184-112x75.jpg 112w, https:\/\/congresos.contraelcancer.es\/extremadura\/wp-content\/uploads\/sites\/4\/2026\/02\/IX-Congreso-Extremeno-de-Personas-con-Cancer-AECC-184-480x320.jpg 480w\" sizes=\"(max-width:767px) 480px, (max-width:1024px) 100vw, 1024px\" \/><\/a>\n\t\t\t\t<\/dt>\n\t\t\t\t\t<dd class='wp-caption-text gallery-caption'>\n\t\t\t\t\tIX Congreso Extreme\u00f1o de personas con c\u00e1ncer y sus familiares\n\t\t\t\t\t<\/dd><\/div><\/dl><dl class='gallery-item'  data-title='IX Congreso Extreme\u00f1o de personas con c\u00e1ncer y sus familiares' data-description=''><div class='gallery-item-wrapper'>\n\t\t\t\t<dt class='gallery-icon landscape'>\n\t\t\t\t\t<a href='https:\/\/congresos.contraelcancer.es\/extremadura\/wp-content\/uploads\/sites\/4\/2026\/02\/IX-Congreso-Extremeno-de-Personas-con-Cancer-AECC-185.jpg'><img loading=\"lazy\" decoding=\"async\" width=\"1024\" height=\"683\" src=\"https:\/\/congresos.contraelcancer.es\/extremadura\/wp-content\/uploads\/sites\/4\/2026\/02\/IX-Congreso-Extremeno-de-Personas-con-Cancer-AECC-185-1024x683.jpg\" class=\"attachment-large size-large\" alt=\"\" srcset=\"https:\/\/congresos.contraelcancer.es\/extremadura\/wp-content\/uploads\/sites\/4\/2026\/02\/IX-Congreso-Extremeno-de-Personas-con-Cancer-AECC-185-1024x683.jpg 1024w, https:\/\/congresos.contraelcancer.es\/extremadura\/wp-content\/uploads\/sites\/4\/2026\/02\/IX-Congreso-Extremeno-de-Personas-con-Cancer-AECC-185-300x200.jpg 300w, https:\/\/congresos.contraelcancer.es\/extremadura\/wp-content\/uploads\/sites\/4\/2026\/02\/IX-Congreso-Extremeno-de-Personas-con-Cancer-AECC-185-768x512.jpg 768w, https:\/\/congresos.contraelcancer.es\/extremadura\/wp-content\/uploads\/sites\/4\/2026\/02\/IX-Congreso-Extremeno-de-Personas-con-Cancer-AECC-185-112x75.jpg 112w, https:\/\/congresos.contraelcancer.es\/extremadura\/wp-content\/uploads\/sites\/4\/2026\/02\/IX-Congreso-Extremeno-de-Personas-con-Cancer-AECC-185-480x320.jpg 480w\" sizes=\"(max-width:767px) 480px, (max-width:1024px) 100vw, 1024px\" \/><\/a>\n\t\t\t\t<\/dt>\n\t\t\t\t\t<dd class='wp-caption-text gallery-caption'>\n\t\t\t\t\tIX Congreso Extreme\u00f1o de personas con c\u00e1ncer y sus familiares\n\t\t\t\t\t<\/dd><\/div><\/dl><dl class='gallery-item'  data-title='IX Congreso Extreme\u00f1o de personas con c\u00e1ncer y sus familiares' data-description=''><div class='gallery-item-wrapper'>\n\t\t\t\t<dt class='gallery-icon landscape'>\n\t\t\t\t\t<a href='https:\/\/congresos.contraelcancer.es\/extremadura\/wp-content\/uploads\/sites\/4\/2026\/02\/IX-Congreso-Extremeno-de-Personas-con-Cancer-AECC-186.jpg'><img loading=\"lazy\" decoding=\"async\" width=\"1024\" height=\"683\" src=\"https:\/\/congresos.contraelcancer.es\/extremadura\/wp-content\/uploads\/sites\/4\/2026\/02\/IX-Congreso-Extremeno-de-Personas-con-Cancer-AECC-186-1024x683.jpg\" class=\"attachment-large size-large\" alt=\"\" srcset=\"https:\/\/congresos.contraelcancer.es\/extremadura\/wp-content\/uploads\/sites\/4\/2026\/02\/IX-Congreso-Extremeno-de-Personas-con-Cancer-AECC-186-1024x683.jpg 1024w, https:\/\/congresos.contraelcancer.es\/extremadura\/wp-content\/uploads\/sites\/4\/2026\/02\/IX-Congreso-Extremeno-de-Personas-con-Cancer-AECC-186-300x200.jpg 300w, https:\/\/congresos.contraelcancer.es\/extremadura\/wp-content\/uploads\/sites\/4\/2026\/02\/IX-Congreso-Extremeno-de-Personas-con-Cancer-AECC-186-768x512.jpg 768w, https:\/\/congresos.contraelcancer.es\/extremadura\/wp-content\/uploads\/sites\/4\/2026\/02\/IX-Congreso-Extremeno-de-Personas-con-Cancer-AECC-186-112x75.jpg 112w, https:\/\/congresos.contraelcancer.es\/extremadura\/wp-content\/uploads\/sites\/4\/2026\/02\/IX-Congreso-Extremeno-de-Personas-con-Cancer-AECC-186-480x320.jpg 480w\" sizes=\"(max-width:767px) 480px, (max-width:1024px) 100vw, 1024px\" \/><\/a>\n\t\t\t\t<\/dt>\n\t\t\t\t\t<dd class='wp-caption-text gallery-caption'>\n\t\t\t\t\tIX Congreso Extreme\u00f1o de personas con c\u00e1ncer y sus familiares\n\t\t\t\t\t<\/dd><\/div><\/dl><br style=\"clear: both\" \/>\n\t\t\t<\/div>\n\t\t\t\t<\/div>\n\t\t\t\t<\/div>\n\t\t\t\t\t<\/div>\n\t\t<\/div>\n\t\t\t\t\t<\/div>\n\t\t<\/section>\n\t\t\t\t<\/div>\n\t\t","protected":false},"excerpt":{"rendered":"<p>VIII Congreso Extreme\u00f1o de Personas con C\u00e1ncer y Familiares #sc_gallery-6771 { margin: auto; } #sc_gallery-6771 .gallery-item { float: left; text-align: center; width: 24.99%; } #sc_gallery-6771 img<span class=\"excerpt-hellip\"> [\u2026]<\/span><\/p>\n","protected":false},"author":16,"featured_media":0,"parent":0,"menu_order":0,"comment_status":"closed","ping_status":"closed","template":"elementor_header_footer","meta":{"_acf_changed":false,"footnotes":""},"class_list":["post-3810","page","type-page","status-publish","hentry"],"acf":[],"yoast_head":"<!-- This site is optimized with the Yoast SEO Premium plugin v21.3 (Yoast SEO v27.4) - https:\/\/yoast.com\/product\/yoast-seo-premium-wordpress\/ -->\n<title>Galer\u00eda Congreso 2026 - Extremadura<\/title>\n<meta name=\"robots\" content=\"index, follow, max-snippet:-1, max-image-preview:large, max-video-preview:-1\" \/>\n<link rel=\"canonical\" href=\"https:\/\/congresos.contraelcancer.es\/extremadura\/galeria-congreso-2026\/\" \/>\n<meta property=\"og:locale\" content=\"es_ES\" \/>\n<meta property=\"og:type\" content=\"article\" \/>\n<meta property=\"og:title\" content=\"Galer\u00eda Congreso 2026\" \/>\n<meta property=\"og:description\" content=\"VIII Congreso Extreme\u00f1o de Personas con C\u00e1ncer y Familiares #sc_gallery-6771 { margin: auto; } #sc_gallery-6771 .gallery-item { float: left; text-align: center; width: 24.99%; } #sc_gallery-6771 img [\u2026]\" \/>\n<meta property=\"og:url\" content=\"https:\/\/congresos.contraelcancer.es\/extremadura\/galeria-congreso-2026\/\" \/>\n<meta property=\"og:site_name\" content=\"Extremadura\" \/>\n<meta property=\"article:modified_time\" content=\"2026-02-18T13:13:45+00:00\" \/>\n<meta property=\"og:image\" content=\"https:\/\/congresos.contraelcancer.es\/extremadura\/wp-content\/uploads\/sites\/4\/2026\/02\/V6A5594-copia-683x1024.jpg\" \/>\n<meta name=\"twitter:card\" content=\"summary_large_image\" \/>\n<meta name=\"twitter:label1\" content=\"Tiempo de lectura\" \/>\n\t<meta name=\"twitter:data1\" content=\"87 minutos\" \/>\n<script type=\"application\/ld+json\" class=\"yoast-schema-graph\">{\"@context\":\"https:\\\/\\\/schema.org\",\"@graph\":[{\"@type\":\"WebPage\",\"@id\":\"https:\\\/\\\/congresos.contraelcancer.es\\\/extremadura\\\/galeria-congreso-2026\\\/\",\"url\":\"https:\\\/\\\/congresos.contraelcancer.es\\\/extremadura\\\/galeria-congreso-2026\\\/\",\"name\":\"Galer\u00eda Congreso 2026 - Extremadura\",\"isPartOf\":{\"@id\":\"https:\\\/\\\/congresos.contraelcancer.es\\\/extremadura\\\/#website\"},\"primaryImageOfPage\":{\"@id\":\"https:\\\/\\\/congresos.contraelcancer.es\\\/extremadura\\\/galeria-congreso-2026\\\/#primaryimage\"},\"image\":{\"@id\":\"https:\\\/\\\/congresos.contraelcancer.es\\\/extremadura\\\/galeria-congreso-2026\\\/#primaryimage\"},\"thumbnailUrl\":\"https:\\\/\\\/congresos.contraelcancer.es\\\/extremadura\\\/wp-content\\\/uploads\\\/sites\\\/4\\\/2026\\\/02\\\/V6A5594-copia-683x1024.jpg\",\"datePublished\":\"2026-02-18T10:15:50+00:00\",\"dateModified\":\"2026-02-18T13:13:45+00:00\",\"breadcrumb\":{\"@id\":\"https:\\\/\\\/congresos.contraelcancer.es\\\/extremadura\\\/galeria-congreso-2026\\\/#breadcrumb\"},\"inLanguage\":\"es\",\"potentialAction\":[{\"@type\":\"ReadAction\",\"target\":[\"https:\\\/\\\/congresos.contraelcancer.es\\\/extremadura\\\/galeria-congreso-2026\\\/\"]}]},{\"@type\":\"ImageObject\",\"inLanguage\":\"es\",\"@id\":\"https:\\\/\\\/congresos.contraelcancer.es\\\/extremadura\\\/galeria-congreso-2026\\\/#primaryimage\",\"url\":\"https:\\\/\\\/congresos.contraelcancer.es\\\/extremadura\\\/wp-content\\\/uploads\\\/sites\\\/4\\\/2026\\\/02\\\/V6A5594-copia-scaled.jpg\",\"contentUrl\":\"https:\\\/\\\/congresos.contraelcancer.es\\\/extremadura\\\/wp-content\\\/uploads\\\/sites\\\/4\\\/2026\\\/02\\\/V6A5594-copia-scaled.jpg\",\"width\":1707,\"height\":2560},{\"@type\":\"BreadcrumbList\",\"@id\":\"https:\\\/\\\/congresos.contraelcancer.es\\\/extremadura\\\/galeria-congreso-2026\\\/#breadcrumb\",\"itemListElement\":[{\"@type\":\"ListItem\",\"position\":1,\"name\":\"Portada\",\"item\":\"https:\\\/\\\/congresos.contraelcancer.es\\\/extremadura\\\/\"},{\"@type\":\"ListItem\",\"position\":2,\"name\":\"Galer\u00eda Congreso 2026\"}]},{\"@type\":\"WebSite\",\"@id\":\"https:\\\/\\\/congresos.contraelcancer.es\\\/extremadura\\\/#website\",\"url\":\"https:\\\/\\\/congresos.contraelcancer.es\\\/extremadura\\\/\",\"name\":\"Extremadura\",\"description\":\"Asociaci\u00f3n espa\u00f1ola contra el c\u00e1ncer\",\"publisher\":{\"@id\":\"https:\\\/\\\/congresos.contraelcancer.es\\\/extremadura\\\/#organization\"},\"potentialAction\":[{\"@type\":\"SearchAction\",\"target\":{\"@type\":\"EntryPoint\",\"urlTemplate\":\"https:\\\/\\\/congresos.contraelcancer.es\\\/extremadura\\\/?s={search_term_string}\"},\"query-input\":{\"@type\":\"PropertyValueSpecification\",\"valueRequired\":true,\"valueName\":\"search_term_string\"}}],\"inLanguage\":\"es\"},{\"@type\":\"Organization\",\"@id\":\"https:\\\/\\\/congresos.contraelcancer.es\\\/extremadura\\\/#organization\",\"name\":\"Extremadura\",\"url\":\"https:\\\/\\\/congresos.contraelcancer.es\\\/extremadura\\\/\",\"logo\":{\"@type\":\"ImageObject\",\"inLanguage\":\"es\",\"@id\":\"https:\\\/\\\/congresos.contraelcancer.es\\\/extremadura\\\/#\\\/schema\\\/logo\\\/image\\\/\",\"url\":\"https:\\\/\\\/congresos.contraelcancer.es\\\/extremadura\\\/wp-content\\\/uploads\\\/sites\\\/4\\\/2023\\\/04\\\/cropped-AECC_logo-460px.png\",\"contentUrl\":\"https:\\\/\\\/congresos.contraelcancer.es\\\/extremadura\\\/wp-content\\\/uploads\\\/sites\\\/4\\\/2023\\\/04\\\/cropped-AECC_logo-460px.png\",\"width\":460,\"height\":145,\"caption\":\"Extremadura\"},\"image\":{\"@id\":\"https:\\\/\\\/congresos.contraelcancer.es\\\/extremadura\\\/#\\\/schema\\\/logo\\\/image\\\/\"}}]}<\/script>\n<!-- \/ Yoast SEO Premium plugin. -->","yoast_head_json":{"title":"Galer\u00eda Congreso 2026 - Extremadura","robots":{"index":"index","follow":"follow","max-snippet":"max-snippet:-1","max-image-preview":"max-image-preview:large","max-video-preview":"max-video-preview:-1"},"canonical":"https:\/\/congresos.contraelcancer.es\/extremadura\/galeria-congreso-2026\/","og_locale":"es_ES","og_type":"article","og_title":"Galer\u00eda Congreso 2026","og_description":"VIII Congreso Extreme\u00f1o de Personas con C\u00e1ncer y Familiares #sc_gallery-6771 { margin: auto; } #sc_gallery-6771 .gallery-item { float: left; text-align: center; width: 24.99%; } #sc_gallery-6771 img [\u2026]","og_url":"https:\/\/congresos.contraelcancer.es\/extremadura\/galeria-congreso-2026\/","og_site_name":"Extremadura","article_modified_time":"2026-02-18T13:13:45+00:00","og_image":[{"url":"https:\/\/congresos.contraelcancer.es\/extremadura\/wp-content\/uploads\/sites\/4\/2026\/02\/V6A5594-copia-683x1024.jpg","type":"","width":"","height":""}],"twitter_card":"summary_large_image","twitter_misc":{"Tiempo de lectura":"87 minutos"},"schema":{"@context":"https:\/\/schema.org","@graph":[{"@type":"WebPage","@id":"https:\/\/congresos.contraelcancer.es\/extremadura\/galeria-congreso-2026\/","url":"https:\/\/congresos.contraelcancer.es\/extremadura\/galeria-congreso-2026\/","name":"Galer\u00eda Congreso 2026 - Extremadura","isPartOf":{"@id":"https:\/\/congresos.contraelcancer.es\/extremadura\/#website"},"primaryImageOfPage":{"@id":"https:\/\/congresos.contraelcancer.es\/extremadura\/galeria-congreso-2026\/#primaryimage"},"image":{"@id":"https:\/\/congresos.contraelcancer.es\/extremadura\/galeria-congreso-2026\/#primaryimage"},"thumbnailUrl":"https:\/\/congresos.contraelcancer.es\/extremadura\/wp-content\/uploads\/sites\/4\/2026\/02\/V6A5594-copia-683x1024.jpg","datePublished":"2026-02-18T10:15:50+00:00","dateModified":"2026-02-18T13:13:45+00:00","breadcrumb":{"@id":"https:\/\/congresos.contraelcancer.es\/extremadura\/galeria-congreso-2026\/#breadcrumb"},"inLanguage":"es","potentialAction":[{"@type":"ReadAction","target":["https:\/\/congresos.contraelcancer.es\/extremadura\/galeria-congreso-2026\/"]}]},{"@type":"ImageObject","inLanguage":"es","@id":"https:\/\/congresos.contraelcancer.es\/extremadura\/galeria-congreso-2026\/#primaryimage","url":"https:\/\/congresos.contraelcancer.es\/extremadura\/wp-content\/uploads\/sites\/4\/2026\/02\/V6A5594-copia-scaled.jpg","contentUrl":"https:\/\/congresos.contraelcancer.es\/extremadura\/wp-content\/uploads\/sites\/4\/2026\/02\/V6A5594-copia-scaled.jpg","width":1707,"height":2560},{"@type":"BreadcrumbList","@id":"https:\/\/congresos.contraelcancer.es\/extremadura\/galeria-congreso-2026\/#breadcrumb","itemListElement":[{"@type":"ListItem","position":1,"name":"Portada","item":"https:\/\/congresos.contraelcancer.es\/extremadura\/"},{"@type":"ListItem","position":2,"name":"Galer\u00eda Congreso 2026"}]},{"@type":"WebSite","@id":"https:\/\/congresos.contraelcancer.es\/extremadura\/#website","url":"https:\/\/congresos.contraelcancer.es\/extremadura\/","name":"Extremadura","description":"Asociaci\u00f3n espa\u00f1ola contra el c\u00e1ncer","publisher":{"@id":"https:\/\/congresos.contraelcancer.es\/extremadura\/#organization"},"potentialAction":[{"@type":"SearchAction","target":{"@type":"EntryPoint","urlTemplate":"https:\/\/congresos.contraelcancer.es\/extremadura\/?s={search_term_string}"},"query-input":{"@type":"PropertyValueSpecification","valueRequired":true,"valueName":"search_term_string"}}],"inLanguage":"es"},{"@type":"Organization","@id":"https:\/\/congresos.contraelcancer.es\/extremadura\/#organization","name":"Extremadura","url":"https:\/\/congresos.contraelcancer.es\/extremadura\/","logo":{"@type":"ImageObject","inLanguage":"es","@id":"https:\/\/congresos.contraelcancer.es\/extremadura\/#\/schema\/logo\/image\/","url":"https:\/\/congresos.contraelcancer.es\/extremadura\/wp-content\/uploads\/sites\/4\/2023\/04\/cropped-AECC_logo-460px.png","contentUrl":"https:\/\/congresos.contraelcancer.es\/extremadura\/wp-content\/uploads\/sites\/4\/2023\/04\/cropped-AECC_logo-460px.png","width":460,"height":145,"caption":"Extremadura"},"image":{"@id":"https:\/\/congresos.contraelcancer.es\/extremadura\/#\/schema\/logo\/image\/"}}]}},"_links":{"self":[{"href":"https:\/\/congresos.contraelcancer.es\/extremadura\/wp-json\/wp\/v2\/pages\/3810","targetHints":{"allow":["GET"]}}],"collection":[{"href":"https:\/\/congresos.contraelcancer.es\/extremadura\/wp-json\/wp\/v2\/pages"}],"about":[{"href":"https:\/\/congresos.contraelcancer.es\/extremadura\/wp-json\/wp\/v2\/types\/page"}],"author":[{"embeddable":true,"href":"https:\/\/congresos.contraelcancer.es\/extremadura\/wp-json\/wp\/v2\/users\/16"}],"replies":[{"embeddable":true,"href":"https:\/\/congresos.contraelcancer.es\/extremadura\/wp-json\/wp\/v2\/comments?post=3810"}],"version-history":[{"count":7,"href":"https:\/\/congresos.contraelcancer.es\/extremadura\/wp-json\/wp\/v2\/pages\/3810\/revisions"}],"predecessor-version":[{"id":5375,"href":"https:\/\/congresos.contraelcancer.es\/extremadura\/wp-json\/wp\/v2\/pages\/3810\/revisions\/5375"}],"wp:attachment":[{"href":"https:\/\/congresos.contraelcancer.es\/extremadura\/wp-json\/wp\/v2\/media?parent=3810"}],"curies":[{"name":"wp","href":"https:\/\/api.w.org\/{rel}","templated":true}]}}