{"id":3804,"date":"2026-02-18T10:42:39","date_gmt":"2026-02-18T09:42:39","guid":{"rendered":"https:\/\/congresos.contraelcancer.es\/extremadura\/?page_id=3804"},"modified":"2026-04-14T10:48:34","modified_gmt":"2026-04-14T08:48:34","slug":"post-evento-extremadura-2026","status":"publish","type":"page","link":"https:\/\/congresos.contraelcancer.es\/extremadura\/","title":{"rendered":"Post Evento Extremadura 2026"},"content":{"rendered":"\t\t<div data-elementor-type=\"wp-page\" data-elementor-id=\"3804\" class=\"elementor elementor-3804\" data-elementor-post-type=\"page\">\n\t\t\t\t\t\t<section class=\"elementor-section elementor-top-section elementor-element elementor-element-d5a92a5 elementor-section-full_width elementor-section-height-default elementor-section-height-default\" data-id=\"d5a92a5\" data-element_type=\"section\" data-e-type=\"section\" data-settings=\"{&quot;background_background&quot;:&quot;classic&quot;}\">\n\t\t\t\t\t\t<div class=\"elementor-container elementor-column-gap-default\">\n\t\t\t\t\t<div class=\"elementor-column elementor-col-100 elementor-top-column elementor-element elementor-element-191ab07\" data-id=\"191ab07\" data-element_type=\"column\" data-e-type=\"column\" data-settings=\"{&quot;background_background&quot;:&quot;classic&quot;}\">\n\t\t\t<div class=\"elementor-widget-wrap elementor-element-populated\">\n\t\t\t\t\t\t<section class=\"elementor-section elementor-inner-section elementor-element elementor-element-f171267 elementor-section-boxed elementor-section-height-default elementor-section-height-default\" data-id=\"f171267\" data-element_type=\"section\" data-e-type=\"section\">\n\t\t\t\t\t\t<div class=\"elementor-container elementor-column-gap-default\">\n\t\t\t\t\t<div class=\"elementor-column elementor-col-50 elementor-inner-column elementor-element elementor-element-3948f3a\" data-id=\"3948f3a\" data-element_type=\"column\" data-e-type=\"column\" data-settings=\"{&quot;background_background&quot;:&quot;gradient&quot;}\">\n\t\t\t<div class=\"elementor-widget-wrap elementor-element-populated\">\n\t\t\t\t\t\t<div class=\"elementor-element elementor-element-ad7e56c elementor-invisible elementor-widget elementor-widget-heading\" data-id=\"ad7e56c\" data-element_type=\"widget\" data-e-type=\"widget\" data-settings=\"{&quot;_animation&quot;:&quot;fadeInLeft&quot;}\" data-widget_type=\"heading.default\">\n\t\t\t\t\t<h3 class=\"elementor-heading-title elementor-size-default\">12 de febrero de 2026<\/h3>\t\t\t\t<\/div>\n\t\t\t\t<div class=\"elementor-element elementor-element-1875c51 elementor-invisible elementor-widget elementor-widget-heading\" data-id=\"1875c51\" data-element_type=\"widget\" data-e-type=\"widget\" data-settings=\"{&quot;_animation&quot;:&quot;fadeInLeft&quot;}\" data-widget_type=\"heading.default\">\n\t\t\t\t\t<h1 class=\"elementor-heading-title elementor-size-default\">IX Congreso Extreme\u00f1o de personas con c\u00e1ncer <br>y sus familiares<\/h1>\t\t\t\t<\/div>\n\t\t\t\t<div class=\"elementor-element elementor-element-d2a368c elementor-position-inline-start elementor-mobile-position-inline-start elementor-view-default elementor-invisible elementor-widget elementor-widget-icon-box\" data-id=\"d2a368c\" data-element_type=\"widget\" data-e-type=\"widget\" data-settings=\"{&quot;_animation&quot;:&quot;fadeInLeft&quot;}\" data-widget_type=\"icon-box.default\">\n\t\t\t\t\t\t\t<div class=\"elementor-icon-box-wrapper\">\n\n\t\t\t\t\t\t<div class=\"elementor-icon-box-icon\">\n\t\t\t\t<a href=\"https:\/\/maps.app.goo.gl\/b3Eifv2mv3pQLRpT9\" class=\"elementor-icon\" tabindex=\"-1\" aria-label=\"Ilustre Colegio Oficial de M\u00e9dicos de C\u00e1ceres\">\n\t\t\t\t<svg xmlns=\"http:\/\/www.w3.org\/2000\/svg\" xmlns:xlink=\"http:\/\/www.w3.org\/1999\/xlink\" id=\"Capa_1\" x=\"0px\" y=\"0px\" viewBox=\"0 0 40 40\" style=\"enable-background:new 0 0 40 40;\" xml:space=\"preserve\"><style type=\"text\/css\">\t.st0{fill:#001955;stroke:#001955;stroke-width:1.6327;stroke-linecap:round;stroke-linejoin:round;}<\/style><path class=\"st0\" d=\"M30.6,6.1C27.8,3.2,24,1.7,20,1.7S12.2,3.2,9.4,6.1C6.6,8.9,5,12.7,5,16.7c0,11.7,15,21.7,15,21.7 s15-10,15-21.7C35,12.7,33.4,8.9,30.6,6.1z M20,21.7c-2.8,0-5-2.2-5-5s2.2-5,5-5s5,2.2,5,5S22.8,21.7,20,21.7z\"><\/path><\/svg>\t\t\t\t<\/a>\n\t\t\t<\/div>\n\t\t\t\n\t\t\t\t\t\t<div class=\"elementor-icon-box-content\">\n\n\t\t\t\t\t\t\t\t\t<p class=\"elementor-icon-box-title\">\n\t\t\t\t\t\t<a href=\"https:\/\/maps.app.goo.gl\/b3Eifv2mv3pQLRpT9\" >\n\t\t\t\t\t\t\tIlustre Colegio Oficial de M\u00e9dicos de C\u00e1ceres\t\t\t\t\t\t<\/a>\n\t\t\t\t\t<\/p>\n\t\t\t\t\n\t\t\t\t\n\t\t\t<\/div>\n\t\t\t\n\t\t<\/div>\n\t\t\t\t\t\t<\/div>\n\t\t\t\t\t<\/div>\n\t\t<\/div>\n\t\t\t\t<div class=\"elementor-column elementor-col-50 elementor-inner-column elementor-element elementor-element-ee3c4c4\" data-id=\"ee3c4c4\" data-element_type=\"column\" data-e-type=\"column\">\n\t\t\t<div class=\"elementor-widget-wrap\">\n\t\t\t\t\t\t\t<\/div>\n\t\t<\/div>\n\t\t\t\t\t<\/div>\n\t\t<\/section>\n\t\t\t\t\t<\/div>\n\t\t<\/div>\n\t\t\t\t\t<\/div>\n\t\t<\/section>\n\t\t<div class=\"elementor-element elementor-element-0cc104b e-flex e-con-boxed e-con e-parent\" data-id=\"0cc104b\" data-element_type=\"container\" data-e-type=\"container\">\n\t\t\t\t\t<div class=\"e-con-inner\">\n\t\t\t\t<div class=\"elementor-element elementor-element-a826c60 elementor-align-center elementor-widget elementor-widget-button\" data-id=\"a826c60\" data-element_type=\"widget\" data-e-type=\"widget\" data-widget_type=\"button.default\">\n\t\t\t\t\t\t\t\t\t\t<a class=\"elementor-button elementor-button-link elementor-size-sm\" href=\"https:\/\/congresos.contraelcancer.es\/extremadura\/encuesta-de-satisfaccion-asistentes-2026\/\">\n\t\t\t\t\t\t<span class=\"elementor-button-content-wrapper\">\n\t\t\t\t\t\t\t\t\t<span class=\"elementor-button-text\">ENCUESTA DE SATISFACCI\u00d3N<\/span>\n\t\t\t\t\t<\/span>\n\t\t\t\t\t<\/a>\n\t\t\t\t\t\t\t\t<\/div>\n\t\t\t\t\t<\/div>\n\t\t\t\t<\/div>\n\t\t\t\t<section class=\"elementor-section elementor-top-section elementor-element elementor-element-11955b0 elementor-section-stretched elementor-section-boxed elementor-section-height-default elementor-section-height-default\" data-id=\"11955b0\" data-element_type=\"section\" data-e-type=\"section\" data-settings=\"{&quot;stretch_section&quot;:&quot;section-stretched&quot;,&quot;background_background&quot;:&quot;classic&quot;}\">\n\t\t\t\t\t\t<div class=\"elementor-container elementor-column-gap-default\">\n\t\t\t\t\t<div class=\"elementor-column elementor-col-100 elementor-top-column elementor-element elementor-element-9a70dde\" data-id=\"9a70dde\" data-element_type=\"column\" data-e-type=\"column\">\n\t\t\t<div class=\"elementor-widget-wrap elementor-element-populated\">\n\t\t\t\t\t\t<div class=\"elementor-element elementor-element-6338f9d elementor-position-inline-start elementor-mobile-position-inline-start elementor-widget__width-initial elementor-view-default elementor-widget elementor-widget-icon-box\" data-id=\"6338f9d\" data-element_type=\"widget\" data-e-type=\"widget\" data-widget_type=\"icon-box.default\">\n\t\t\t\t\t\t\t<div class=\"elementor-icon-box-wrapper\">\n\n\t\t\t\t\t\t<div class=\"elementor-icon-box-icon\">\n\t\t\t\t<span  class=\"elementor-icon\">\n\t\t\t\t<svg xmlns=\"http:\/\/www.w3.org\/2000\/svg\" xmlns:xlink=\"http:\/\/www.w3.org\/1999\/xlink\" id=\"Capa_1\" x=\"0px\" y=\"0px\" viewBox=\"0 0 39 39\" style=\"enable-background:new 0 0 39 39;\" xml:space=\"preserve\"><style type=\"text\/css\">\t.st0{fill:#001955;}<\/style><path class=\"st0\" d=\"M28.2,35.7c-6.6,0-13-2.6-17.7-7.3c-4.7-4.7-7.3-11-7.3-17.7c0-2,0.8-3.9,2.2-5.3s3.3-2.2,5.3-2.2 c0.4,0,0.8,0,1.2,0.1c0.4,0.1,0.8,0.2,1.2,0.3c0.3,0.1,0.5,0.3,0.7,0.5c0.2,0.2,0.3,0.5,0.4,0.7l2.2,9.7c0.1,0.3,0.1,0.5,0,0.8 c-0.1,0.3-0.2,0.5-0.4,0.7c-0.2,0.2-0.2,0.2-2.2,1.3c1.6,3.5,4.4,6.3,7.9,7.9c1.1-2,1.1-2,1.3-2.2c0.2-0.2,0.4-0.3,0.7-0.4 c0.3-0.1,0.5-0.1,0.8,0l9.7,2.2c0.3,0.1,0.5,0.2,0.7,0.4c0.2,0.2,0.4,0.4,0.4,0.7c0.1,0.4,0.2,0.8,0.3,1.2c0.1,0.4,0.1,0.8,0.1,1.2 c0,2-0.8,3.9-2.2,5.2C32.1,35,30.2,35.7,28.2,35.7z\"><\/path><\/svg>\t\t\t\t<\/span>\n\t\t\t<\/div>\n\t\t\t\n\t\t\t\t\t\t<div class=\"elementor-icon-box-content\">\n\n\t\t\t\t\t\t\t\t\t<p class=\"elementor-icon-box-title\">\n\t\t\t\t\t\t<span  >\n\t\t\t\t\t\t\t900 100 036\t\t\t\t\t\t<\/span>\n\t\t\t\t\t<\/p>\n\t\t\t\t\n\t\t\t\t\n\t\t\t<\/div>\n\t\t\t\n\t\t<\/div>\n\t\t\t\t\t\t<\/div>\n\t\t\t\t<div class=\"elementor-element elementor-element-5262075 elementor-position-inline-start elementor-mobile-position-inline-start elementor-widget__width-auto elementor-view-default elementor-widget elementor-widget-icon-box\" data-id=\"5262075\" data-element_type=\"widget\" data-e-type=\"widget\" data-widget_type=\"icon-box.default\">\n\t\t\t\t\t\t\t<div class=\"elementor-icon-box-wrapper\">\n\n\t\t\t\t\t\t<div class=\"elementor-icon-box-icon\">\n\t\t\t\t<span  class=\"elementor-icon\">\n\t\t\t\t<svg xmlns=\"http:\/\/www.w3.org\/2000\/svg\" xmlns:xlink=\"http:\/\/www.w3.org\/1999\/xlink\" id=\"Capa_1\" x=\"0px\" y=\"0px\" viewBox=\"0 0 39 31\" style=\"enable-background:new 0 0 39 31;\" xml:space=\"preserve\"><style type=\"text\/css\">\t.st0{fill:#001955;}<\/style><path class=\"st0\" d=\"M7.1,0C3.7,0,0.9,2.8,0.9,6.2v0.6l18.6,10l18.6-10V6.2c0-3.4-2.8-6.2-6.2-6.2H7.1z\"><\/path><path class=\"st0\" d=\"M38.1,10.4L20.3,20c-0.5,0.2-1,0.2-1.5,0L0.9,10.4v14.4c0,3.4,2.8,6.2,6.2,6.2h24.8c3.4,0,6.2-2.8,6.2-6.2V10.4 z\"><\/path><\/svg>\t\t\t\t<\/span>\n\t\t\t<\/div>\n\t\t\t\n\t\t\t\t\t\t<div class=\"elementor-icon-box-content\">\n\n\t\t\t\t\t\t\t\t\t<p class=\"elementor-icon-box-title\">\n\t\t\t\t\t\t<span  >\n\t\t\t\t\t\t\tc\u00e1ceres@contraelcancer.es\t\t\t\t\t\t<\/span>\n\t\t\t\t\t<\/p>\n\t\t\t\t\n\t\t\t\t\n\t\t\t<\/div>\n\t\t\t\n\t\t<\/div>\n\t\t\t\t\t\t<\/div>\n\t\t\t\t\t<\/div>\n\t\t<\/div>\n\t\t\t\t\t<\/div>\n\t\t<\/section>\n\t\t\t\t<section class=\"elementor-section elementor-top-section elementor-element elementor-element-7e3c30c6 elementor-section-content-middle elementor-section-boxed elementor-section-height-default elementor-section-height-default\" data-id=\"7e3c30c6\" data-element_type=\"section\" data-e-type=\"section\">\n\t\t\t\t\t\t<div class=\"elementor-container elementor-column-gap-default\">\n\t\t\t\t\t<div class=\"elementor-column elementor-col-100 elementor-top-column elementor-element elementor-element-7027f729\" data-id=\"7027f729\" data-element_type=\"column\" data-e-type=\"column\">\n\t\t\t<div class=\"elementor-widget-wrap elementor-element-populated\">\n\t\t\t\t\t\t<div class=\"elementor-element elementor-element-7cc1070d elementor-widget elementor-widget-heading\" data-id=\"7cc1070d\" data-element_type=\"widget\" data-e-type=\"widget\" data-widget_type=\"heading.default\">\n\t\t\t\t\t<h3 class=\"elementor-heading-title elementor-size-default\">Gracias por participar en IX Congreso Extreme\u00f1o de personas con c\u00e1ncer <br>y sus familiares<\/h3>\t\t\t\t<\/div>\n\t\t\t\t<div class=\"elementor-element elementor-element-60e4cb5a elementor-widget elementor-widget-text-editor\" data-id=\"60e4cb5a\" data-element_type=\"widget\" data-e-type=\"widget\" data-widget_type=\"text-editor.default\">\n\t\t\t\t\t\t\t\t\t<p>Durante este 12 de febrero de 2026, vivimos una jornada muy especial en el Ilustre Colegio Oficial de M\u00e9dicos de C\u00e1ceres, donde compartimos charlas, talleres y espacios de encuentro llenos de aprendizaje y experiencias enriquecedoras.<\/p><p>Ya puedes descargar los v\u00eddeos de todas las sesiones celebradas durante la jornada, as\u00ed como acceder a una selecci\u00f3n de fotograf\u00edas del evento.<\/p><p>Te esperamos en la pr\u00f3xima edici\u00f3n para seguir compartiendo conocimiento y compromiso.<\/p><p>Gracias por tu apoyo.<\/p>\t\t\t\t\t\t\t\t<\/div>\n\t\t\t\t\t<\/div>\n\t\t<\/div>\n\t\t\t\t\t<\/div>\n\t\t<\/section>\n\t\t\t\t<section class=\"elementor-section elementor-top-section elementor-element elementor-element-16a633bb elementor-section-full_width elementor-section-height-default elementor-section-height-default\" data-id=\"16a633bb\" data-element_type=\"section\" data-e-type=\"section\" data-settings=\"{&quot;background_background&quot;:&quot;classic&quot;}\">\n\t\t\t\t\t\t<div class=\"elementor-container elementor-column-gap-default\">\n\t\t\t\t\t<div class=\"elementor-column elementor-col-100 elementor-top-column elementor-element elementor-element-2df1cb86\" data-id=\"2df1cb86\" data-element_type=\"column\" data-e-type=\"column\">\n\t\t\t<div class=\"elementor-widget-wrap elementor-element-populated\">\n\t\t\t\t\t\t<div class=\"elementor-element elementor-element-55f01dc1 elementor-invisible elementor-widget elementor-widget-heading\" data-id=\"55f01dc1\" data-element_type=\"widget\" data-e-type=\"widget\" data-settings=\"{&quot;_animation&quot;:&quot;zoomIn&quot;}\" data-widget_type=\"heading.default\">\n\t\t\t\t\t<h3 class=\"elementor-heading-title elementor-size-default\">GALER\u00cdA DE FOTOS<\/h3>\t\t\t\t<\/div>\n\t\t\t\t<div class=\"elementor-element elementor-element-731f3685 galeria elementor-skin-carousel elementor-arrows-yes elementor-widget elementor-widget-media-carousel\" data-id=\"731f3685\" data-element_type=\"widget\" data-e-type=\"widget\" data-settings=\"{&quot;space_between&quot;:{&quot;unit&quot;:&quot;px&quot;,&quot;size&quot;:&quot;20&quot;,&quot;sizes&quot;:[]},&quot;skin&quot;:&quot;carousel&quot;,&quot;effect&quot;:&quot;slide&quot;,&quot;show_arrows&quot;:&quot;yes&quot;,&quot;speed&quot;:500,&quot;autoplay&quot;:&quot;yes&quot;,&quot;autoplay_speed&quot;:5000,&quot;loop&quot;:&quot;yes&quot;,&quot;pause_on_hover&quot;:&quot;yes&quot;,&quot;pause_on_interaction&quot;:&quot;yes&quot;,&quot;space_between_tablet&quot;:{&quot;unit&quot;:&quot;px&quot;,&quot;size&quot;:10,&quot;sizes&quot;:[]},&quot;space_between_mobile&quot;:{&quot;unit&quot;:&quot;px&quot;,&quot;size&quot;:10,&quot;sizes&quot;:[]}}\" data-widget_type=\"media-carousel.default\">\n\t\t\t\t\t\t\t\t\t\t<div class=\"elementor-main-swiper swiper\" role=\"region\" aria-roledescription=\"carousel\" aria-label=\"Diapositivas\">\n\t\t\t\t<div class=\"swiper-wrapper\">\n\t\t\t\t\t\t\t\t\t\t\t<div class=\"swiper-slide\" role=\"group\" aria-roledescription=\"slide\">\n\t\t\t\t\t\t\t\t\t<div class=\"elementor-carousel-image\" role=\"img\" aria-label=\"_V6A5673 copia\" style=\"background-image: url(&#039;https:\/\/congresos.contraelcancer.es\/extremadura\/wp-content\/uploads\/sites\/4\/2026\/02\/V6A5673-copia-scaled.jpg&#039;)\">\n\n\t\t\t\n\t\t\t\t\t<\/div>\n\t\t\t\t\t\t\t\t<\/div>\n\t\t\t\t\t\t\t\t\t\t\t<div class=\"swiper-slide\" role=\"group\" aria-roledescription=\"slide\">\n\t\t\t\t\t\t\t\t\t<div class=\"elementor-carousel-image\" role=\"img\" aria-label=\"lX Congreso A.E.C. el Cancer (132)\" style=\"background-image: url(&#039;https:\/\/congresos.contraelcancer.es\/extremadura\/wp-content\/uploads\/sites\/4\/2026\/02\/lX-Congreso-A.E.C.-el-Cancer-132-scaled.jpg&#039;)\">\n\n\t\t\t\n\t\t\t\t\t<\/div>\n\t\t\t\t\t\t\t\t<\/div>\n\t\t\t\t\t\t\t\t\t\t\t<div class=\"swiper-slide\" role=\"group\" aria-roledescription=\"slide\">\n\t\t\t\t\t\t\t\t\t<div class=\"elementor-carousel-image\" role=\"img\" aria-label=\"lX Congreso A.E.C. el Cancer (4)\" style=\"background-image: url(&#039;https:\/\/congresos.contraelcancer.es\/extremadura\/wp-content\/uploads\/sites\/4\/2026\/02\/lX-Congreso-A.E.C.-el-Cancer-4-scaled.jpg&#039;)\">\n\n\t\t\t\n\t\t\t\t\t<\/div>\n\t\t\t\t\t\t\t\t<\/div>\n\t\t\t\t\t\t\t\t\t\t\t<div class=\"swiper-slide\" role=\"group\" aria-roledescription=\"slide\">\n\t\t\t\t\t\t\t\t\t<div class=\"elementor-carousel-image\" role=\"img\" aria-label=\"_V6A5641 copia\" style=\"background-image: url(&#039;https:\/\/congresos.contraelcancer.es\/extremadura\/wp-content\/uploads\/sites\/4\/2026\/02\/V6A5641-copia-scaled.jpg&#039;)\">\n\n\t\t\t\n\t\t\t\t\t<\/div>\n\t\t\t\t\t\t\t\t<\/div>\n\t\t\t\t\t\t\t\t\t\t\t<div class=\"swiper-slide\" role=\"group\" aria-roledescription=\"slide\">\n\t\t\t\t\t\t\t\t\t<div class=\"elementor-carousel-image\" role=\"img\" aria-label=\"lX Congreso A.E.C. el Cancer (5)\" style=\"background-image: url(&#039;https:\/\/congresos.contraelcancer.es\/extremadura\/wp-content\/uploads\/sites\/4\/2026\/02\/lX-Congreso-A.E.C.-el-Cancer-5-scaled.jpg&#039;)\">\n\n\t\t\t\n\t\t\t\t\t<\/div>\n\t\t\t\t\t\t\t\t<\/div>\n\t\t\t\t\t\t\t\t\t<\/div>\n\t\t\t\t\t\t\t\t\t\t\t\t\t\t\t<div class=\"elementor-swiper-button elementor-swiper-button-prev\" role=\"button\" tabindex=\"0\" aria-label=\"Anterior\">\n\t\t\t\t\t\t\t<svg aria-hidden=\"true\" class=\"e-font-icon-svg e-eicon-chevron-left\" viewBox=\"0 0 1000 1000\" xmlns=\"http:\/\/www.w3.org\/2000\/svg\"><path d=\"M646 125C629 125 613 133 604 142L308 442C296 454 292 471 292 487 292 504 296 521 308 533L604 854C617 867 629 875 646 875 663 875 679 871 692 858 704 846 713 829 713 812 713 796 708 779 692 767L438 487 692 225C700 217 708 204 708 187 708 171 704 154 692 142 675 129 663 125 646 125Z\"><\/path><\/svg>\t\t\t\t\t\t<\/div>\n\t\t\t\t\t\t<div class=\"elementor-swiper-button elementor-swiper-button-next\" role=\"button\" tabindex=\"0\" aria-label=\"Siguiente\">\n\t\t\t\t\t\t\t<svg aria-hidden=\"true\" class=\"e-font-icon-svg e-eicon-chevron-right\" viewBox=\"0 0 1000 1000\" xmlns=\"http:\/\/www.w3.org\/2000\/svg\"><path d=\"M696 533C708 521 713 504 713 487 713 471 708 454 696 446L400 146C388 133 375 125 354 125 338 125 325 129 313 142 300 154 292 171 292 187 292 204 296 221 308 233L563 492 304 771C292 783 288 800 288 817 288 833 296 850 308 863 321 871 338 875 354 875 371 875 388 867 400 854L696 533Z\"><\/path><\/svg>\t\t\t\t\t\t<\/div>\n\t\t\t\t\t\t\t\t\t\t\t\t\t\t\t\t\t<\/div>\n\t\t\t\t\t\t\t\t<\/div>\n\t\t\t\t<div class=\"elementor-element elementor-element-1a750e7 elementor-align-center elementor-widget elementor-widget-button\" data-id=\"1a750e7\" data-element_type=\"widget\" data-e-type=\"widget\" data-widget_type=\"button.default\">\n\t\t\t\t\t\t\t\t\t\t<a class=\"elementor-button elementor-button-link elementor-size-sm\" href=\"https:\/\/congresos.contraelcancer.es\/extremadura\/galeria-congreso-2026\/\">\n\t\t\t\t\t\t<span class=\"elementor-button-content-wrapper\">\n\t\t\t\t\t\t\t\t\t<span class=\"elementor-button-text\">VER M\u00c1S IMAGENES<\/span>\n\t\t\t\t\t<\/span>\n\t\t\t\t\t<\/a>\n\t\t\t\t\t\t\t\t<\/div>\n\t\t\t\t\t<\/div>\n\t\t<\/div>\n\t\t\t\t\t<\/div>\n\t\t<\/section>\n\t\t\t\t<section class=\"elementor-section elementor-top-section elementor-element elementor-element-a0e1ddc elementor-section-content-middle elementor-section-boxed elementor-section-height-default elementor-section-height-default\" data-id=\"a0e1ddc\" data-element_type=\"section\" data-e-type=\"section\" data-settings=\"{&quot;background_background&quot;:&quot;classic&quot;}\">\n\t\t\t\t\t\t<div class=\"elementor-container elementor-column-gap-default\">\n\t\t\t\t\t<div class=\"elementor-column elementor-col-50 elementor-top-column elementor-element elementor-element-b9fd2f3\" data-id=\"b9fd2f3\" data-element_type=\"column\" data-e-type=\"column\">\n\t\t\t<div class=\"elementor-widget-wrap elementor-element-populated\">\n\t\t\t\t\t\t<div class=\"elementor-element elementor-element-7bc2b6c elementor-widget elementor-widget-heading\" data-id=\"7bc2b6c\" data-element_type=\"widget\" data-e-type=\"widget\" data-widget_type=\"heading.default\">\n\t\t\t\t\t<h3 class=\"elementor-heading-title elementor-size-default\">Ediciones ANTERIORES<\/h3>\t\t\t\t<\/div>\n\t\t\t\t\t<\/div>\n\t\t<\/div>\n\t\t\t\t<div class=\"elementor-column elementor-col-50 elementor-top-column elementor-element elementor-element-1b1349b\" data-id=\"1b1349b\" data-element_type=\"column\" data-e-type=\"column\">\n\t\t\t<div class=\"elementor-widget-wrap elementor-element-populated\">\n\t\t\t\t\t\t<section class=\"elementor-section elementor-inner-section elementor-element elementor-element-a748598 elementor-section-content-middle elementor-section-boxed elementor-section-height-default elementor-section-height-default\" data-id=\"a748598\" data-element_type=\"section\" data-e-type=\"section\">\n\t\t\t\t\t\t<div class=\"elementor-container elementor-column-gap-default\">\n\t\t\t\t\t<div class=\"elementor-column elementor-col-100 elementor-inner-column elementor-element elementor-element-25412c0\" data-id=\"25412c0\" data-element_type=\"column\" data-e-type=\"column\">\n\t\t\t<div class=\"elementor-widget-wrap elementor-element-populated\">\n\t\t\t\t\t\t<div class=\"elementor-element elementor-element-5a8e466 elementor-widget elementor-widget-text-editor\" data-id=\"5a8e466\" data-element_type=\"widget\" data-e-type=\"widget\" data-widget_type=\"text-editor.default\">\n\t\t\t\t\t\t\t\t\t<p><a href=\"https:\/\/congresos.contraelcancer.es\/extremadura\/post-evento-extremadura-2024\/\" target=\"_blank\" rel=\"noopener\">2024<\/a><\/p>\t\t\t\t\t\t\t\t<\/div>\n\t\t\t\t\t<\/div>\n\t\t<\/div>\n\t\t\t\t\t<\/div>\n\t\t<\/section>\n\t\t\t\t\t<\/div>\n\t\t<\/div>\n\t\t\t\t\t<\/div>\n\t\t<\/section>\n\t\t\t\t<section class=\"elementor-section elementor-top-section elementor-element elementor-element-e5b691a elementor-section-boxed elementor-section-height-default elementor-section-height-default\" data-id=\"e5b691a\" data-element_type=\"section\" data-e-type=\"section\" data-settings=\"{&quot;background_background&quot;:&quot;classic&quot;}\">\n\t\t\t\t\t\t<div class=\"elementor-container elementor-column-gap-default\">\n\t\t\t\t\t<div class=\"elementor-column elementor-col-100 elementor-top-column elementor-element elementor-element-bfa3730\" data-id=\"bfa3730\" data-element_type=\"column\" data-e-type=\"column\">\n\t\t\t<div class=\"elementor-widget-wrap elementor-element-populated\">\n\t\t\t\t\t\t<div class=\"elementor-element elementor-element-e023663 elementor-invisible elementor-widget elementor-widget-heading\" data-id=\"e023663\" data-element_type=\"widget\" data-e-type=\"widget\" data-settings=\"{&quot;_animation&quot;:&quot;zoomIn&quot;}\" data-widget_type=\"heading.default\">\n\t\t\t\t\t<h3 class=\"elementor-heading-title elementor-size-default\">QUI\u00c9N NOS AYUDA<\/h3>\t\t\t\t<\/div>\n\t\t\t\t<div class=\"elementor-element elementor-element-667fe44 elementor-invisible elementor-widget elementor-widget-heading\" data-id=\"667fe44\" data-element_type=\"widget\" data-e-type=\"widget\" data-settings=\"{&quot;_animation&quot;:&quot;zoomIn&quot;}\" data-widget_type=\"heading.default\">\n\t\t\t\t\t<h3 class=\"elementor-heading-title elementor-size-default\">Nuestros patrocinadores<\/h3>\t\t\t\t<\/div>\n\t\t\t\t<div class=\"elementor-element elementor-element-37573a6 elementor-widget elementor-widget-image\" data-id=\"37573a6\" data-element_type=\"widget\" data-e-type=\"widget\" data-widget_type=\"image.default\">\n\t\t\t\t\t\t\t\t\t\t\t\t\t\t\t<img fetchpriority=\"high\" decoding=\"async\" width=\"1024\" height=\"349\" src=\"https:\/\/congresos.contraelcancer.es\/extremadura\/wp-content\/uploads\/sites\/4\/2025\/12\/FALDON-LOGOS-CACERES-1024x349.png\" class=\"attachment-large size-large wp-image-3665\" alt=\"\" srcset=\"https:\/\/congresos.contraelcancer.es\/extremadura\/wp-content\/uploads\/sites\/4\/2025\/12\/FALDON-LOGOS-CACERES-1024x349.png 1024w, https:\/\/congresos.contraelcancer.es\/extremadura\/wp-content\/uploads\/sites\/4\/2025\/12\/FALDON-LOGOS-CACERES-300x102.png 300w, https:\/\/congresos.contraelcancer.es\/extremadura\/wp-content\/uploads\/sites\/4\/2025\/12\/FALDON-LOGOS-CACERES-768x262.png 768w, https:\/\/congresos.contraelcancer.es\/extremadura\/wp-content\/uploads\/sites\/4\/2025\/12\/FALDON-LOGOS-CACERES-150x51.png 150w, https:\/\/congresos.contraelcancer.es\/extremadura\/wp-content\/uploads\/sites\/4\/2025\/12\/FALDON-LOGOS-CACERES-480x164.png 480w\" sizes=\"(max-width:767px) 480px, (max-width:1024px) 100vw, 1024px\" \/>\t\t\t\t\t\t\t\t\t\t\t\t\t\t\t<\/div>\n\t\t\t\t\t<\/div>\n\t\t<\/div>\n\t\t\t\t\t<\/div>\n\t\t<\/section>\n\t\t\t\t<\/div>\n\t\t","protected":false},"excerpt":{"rendered":"<p>12 de febrero de 2026 IX Congreso Extreme\u00f1o de personas con c\u00e1ncer y sus familiares .st0{fill:#001955;stroke:#001955;stroke-width:1.6327;stroke-linecap:round;stroke-linejoin:round;} Ilustre Colegio Oficial de M\u00e9dicos de C\u00e1ceres ENCUESTA DE SATISFACCI\u00d3N<span class=\"excerpt-hellip\"> [\u2026]<\/span><\/p>\n","protected":false},"author":16,"featured_media":3705,"parent":0,"menu_order":0,"comment_status":"closed","ping_status":"closed","template":"elementor_header_footer","meta":{"_acf_changed":false,"footnotes":""},"class_list":["post-3804","page","type-page","status-publish","has-post-thumbnail","hentry"],"acf":[],"yoast_head":"<!-- This site is optimized with the Yoast SEO Premium plugin v21.3 (Yoast SEO v27.4) - https:\/\/yoast.com\/product\/yoast-seo-premium-wordpress\/ -->\n<title>Post Evento Extremadura 2026 - Extremadura<\/title>\n<meta name=\"description\" content=\"\u00a1No te pierdas toda la informaci\u00f3n post congreso, la galer\u00eda y los v\u00eddeos del IX Congreso Extreme\u00f1o de personas con c\u00e1ncer y sus familiares\" \/>\n<meta name=\"robots\" content=\"index, follow, max-snippet:-1, max-image-preview:large, max-video-preview:-1\" \/>\n<link rel=\"canonical\" href=\"https:\/\/congresos.contraelcancer.es\/extremadura\/\" \/>\n<meta property=\"og:locale\" content=\"es_ES\" \/>\n<meta property=\"og:type\" content=\"article\" \/>\n<meta property=\"og:title\" content=\"Post Evento Extremadura 2026\" \/>\n<meta property=\"og:description\" content=\"\u00a1No te pierdas toda la informaci\u00f3n post congreso, la galer\u00eda y los v\u00eddeos del IX Congreso Extreme\u00f1o de personas con c\u00e1ncer y sus familiares\" \/>\n<meta property=\"og:url\" content=\"https:\/\/congresos.contraelcancer.es\/extremadura\/\" \/>\n<meta property=\"og:site_name\" content=\"Extremadura\" \/>\n<meta property=\"article:modified_time\" content=\"2026-04-14T08:48:34+00:00\" \/>\n<meta property=\"og:image\" content=\"https:\/\/congresos.contraelcancer.es\/extremadura\/wp-content\/uploads\/sites\/4\/2026\/01\/Cabecera-Email-Caceres-2026.png\" \/>\n\t<meta property=\"og:image:width\" content=\"600\" \/>\n\t<meta property=\"og:image:height\" content=\"328\" \/>\n\t<meta property=\"og:image:type\" content=\"image\/png\" \/>\n<meta name=\"twitter:card\" content=\"summary_large_image\" \/>\n<meta name=\"twitter:image\" content=\"https:\/\/congresos.contraelcancer.es\/extremadura\/wp-content\/uploads\/sites\/4\/2024\/11\/ANUNCIO-POST-CONGRESO-EXTEMADURA.png\" \/>\n<meta name=\"twitter:label1\" content=\"Tiempo de lectura\" \/>\n\t<meta name=\"twitter:data1\" content=\"1 minuto\" \/>\n<script type=\"application\/ld+json\" class=\"yoast-schema-graph\">{\"@context\":\"https:\\\/\\\/schema.org\",\"@graph\":[{\"@type\":\"WebPage\",\"@id\":\"https:\\\/\\\/congresos.contraelcancer.es\\\/extremadura\\\/\",\"url\":\"https:\\\/\\\/congresos.contraelcancer.es\\\/extremadura\\\/\",\"name\":\"Post Evento Extremadura 2026 - Extremadura\",\"isPartOf\":{\"@id\":\"https:\\\/\\\/congresos.contraelcancer.es\\\/extremadura\\\/#website\"},\"primaryImageOfPage\":{\"@id\":\"https:\\\/\\\/congresos.contraelcancer.es\\\/extremadura\\\/#primaryimage\"},\"image\":{\"@id\":\"https:\\\/\\\/congresos.contraelcancer.es\\\/extremadura\\\/#primaryimage\"},\"thumbnailUrl\":\"https:\\\/\\\/congresos.contraelcancer.es\\\/extremadura\\\/wp-content\\\/uploads\\\/sites\\\/4\\\/2026\\\/01\\\/Cabecera-Email-Caceres-2026.png\",\"datePublished\":\"2026-02-18T09:42:39+00:00\",\"dateModified\":\"2026-04-14T08:48:34+00:00\",\"description\":\"\u00a1No te pierdas toda la informaci\u00f3n post congreso, la galer\u00eda y los v\u00eddeos del IX Congreso Extreme\u00f1o de personas con c\u00e1ncer y sus familiares\",\"breadcrumb\":{\"@id\":\"https:\\\/\\\/congresos.contraelcancer.es\\\/extremadura\\\/#breadcrumb\"},\"inLanguage\":\"es\",\"potentialAction\":[{\"@type\":\"ReadAction\",\"target\":[\"https:\\\/\\\/congresos.contraelcancer.es\\\/extremadura\\\/\"]}]},{\"@type\":\"ImageObject\",\"inLanguage\":\"es\",\"@id\":\"https:\\\/\\\/congresos.contraelcancer.es\\\/extremadura\\\/#primaryimage\",\"url\":\"https:\\\/\\\/congresos.contraelcancer.es\\\/extremadura\\\/wp-content\\\/uploads\\\/sites\\\/4\\\/2026\\\/01\\\/Cabecera-Email-Caceres-2026.png\",\"contentUrl\":\"https:\\\/\\\/congresos.contraelcancer.es\\\/extremadura\\\/wp-content\\\/uploads\\\/sites\\\/4\\\/2026\\\/01\\\/Cabecera-Email-Caceres-2026.png\",\"width\":600,\"height\":328},{\"@type\":\"BreadcrumbList\",\"@id\":\"https:\\\/\\\/congresos.contraelcancer.es\\\/extremadura\\\/#breadcrumb\",\"itemListElement\":[{\"@type\":\"ListItem\",\"position\":1,\"name\":\"Portada\",\"item\":\"https:\\\/\\\/congresos.contraelcancer.es\\\/extremadura\\\/\"},{\"@type\":\"ListItem\",\"position\":2,\"name\":\"Post Evento Extremadura 2026\"}]},{\"@type\":\"WebSite\",\"@id\":\"https:\\\/\\\/congresos.contraelcancer.es\\\/extremadura\\\/#website\",\"url\":\"https:\\\/\\\/congresos.contraelcancer.es\\\/extremadura\\\/\",\"name\":\"Extremadura\",\"description\":\"Asociaci\u00f3n espa\u00f1ola contra el c\u00e1ncer\",\"publisher\":{\"@id\":\"https:\\\/\\\/congresos.contraelcancer.es\\\/extremadura\\\/#organization\"},\"potentialAction\":[{\"@type\":\"SearchAction\",\"target\":{\"@type\":\"EntryPoint\",\"urlTemplate\":\"https:\\\/\\\/congresos.contraelcancer.es\\\/extremadura\\\/?s={search_term_string}\"},\"query-input\":{\"@type\":\"PropertyValueSpecification\",\"valueRequired\":true,\"valueName\":\"search_term_string\"}}],\"inLanguage\":\"es\"},{\"@type\":\"Organization\",\"@id\":\"https:\\\/\\\/congresos.contraelcancer.es\\\/extremadura\\\/#organization\",\"name\":\"Extremadura\",\"url\":\"https:\\\/\\\/congresos.contraelcancer.es\\\/extremadura\\\/\",\"logo\":{\"@type\":\"ImageObject\",\"inLanguage\":\"es\",\"@id\":\"https:\\\/\\\/congresos.contraelcancer.es\\\/extremadura\\\/#\\\/schema\\\/logo\\\/image\\\/\",\"url\":\"https:\\\/\\\/congresos.contraelcancer.es\\\/extremadura\\\/wp-content\\\/uploads\\\/sites\\\/4\\\/2023\\\/04\\\/cropped-AECC_logo-460px.png\",\"contentUrl\":\"https:\\\/\\\/congresos.contraelcancer.es\\\/extremadura\\\/wp-content\\\/uploads\\\/sites\\\/4\\\/2023\\\/04\\\/cropped-AECC_logo-460px.png\",\"width\":460,\"height\":145,\"caption\":\"Extremadura\"},\"image\":{\"@id\":\"https:\\\/\\\/congresos.contraelcancer.es\\\/extremadura\\\/#\\\/schema\\\/logo\\\/image\\\/\"}}]}<\/script>\n<!-- \/ Yoast SEO Premium plugin. -->","yoast_head_json":{"title":"Post Evento Extremadura 2026 - Extremadura","description":"\u00a1No te pierdas toda la informaci\u00f3n post congreso, la galer\u00eda y los v\u00eddeos del IX Congreso Extreme\u00f1o de personas con c\u00e1ncer y sus familiares","robots":{"index":"index","follow":"follow","max-snippet":"max-snippet:-1","max-image-preview":"max-image-preview:large","max-video-preview":"max-video-preview:-1"},"canonical":"https:\/\/congresos.contraelcancer.es\/extremadura\/","og_locale":"es_ES","og_type":"article","og_title":"Post Evento Extremadura 2026","og_description":"\u00a1No te pierdas toda la informaci\u00f3n post congreso, la galer\u00eda y los v\u00eddeos del IX Congreso Extreme\u00f1o de personas con c\u00e1ncer y sus familiares","og_url":"https:\/\/congresos.contraelcancer.es\/extremadura\/","og_site_name":"Extremadura","article_modified_time":"2026-04-14T08:48:34+00:00","og_image":[{"width":600,"height":328,"url":"https:\/\/congresos.contraelcancer.es\/extremadura\/wp-content\/uploads\/sites\/4\/2026\/01\/Cabecera-Email-Caceres-2026.png","type":"image\/png"}],"twitter_card":"summary_large_image","twitter_image":"https:\/\/congresos.contraelcancer.es\/extremadura\/wp-content\/uploads\/sites\/4\/2024\/11\/ANUNCIO-POST-CONGRESO-EXTEMADURA.png","twitter_misc":{"Tiempo de lectura":"1 minuto"},"schema":{"@context":"https:\/\/schema.org","@graph":[{"@type":"WebPage","@id":"https:\/\/congresos.contraelcancer.es\/extremadura\/","url":"https:\/\/congresos.contraelcancer.es\/extremadura\/","name":"Post Evento Extremadura 2026 - Extremadura","isPartOf":{"@id":"https:\/\/congresos.contraelcancer.es\/extremadura\/#website"},"primaryImageOfPage":{"@id":"https:\/\/congresos.contraelcancer.es\/extremadura\/#primaryimage"},"image":{"@id":"https:\/\/congresos.contraelcancer.es\/extremadura\/#primaryimage"},"thumbnailUrl":"https:\/\/congresos.contraelcancer.es\/extremadura\/wp-content\/uploads\/sites\/4\/2026\/01\/Cabecera-Email-Caceres-2026.png","datePublished":"2026-02-18T09:42:39+00:00","dateModified":"2026-04-14T08:48:34+00:00","description":"\u00a1No te pierdas toda la informaci\u00f3n post congreso, la galer\u00eda y los v\u00eddeos del IX Congreso Extreme\u00f1o de personas con c\u00e1ncer y sus familiares","breadcrumb":{"@id":"https:\/\/congresos.contraelcancer.es\/extremadura\/#breadcrumb"},"inLanguage":"es","potentialAction":[{"@type":"ReadAction","target":["https:\/\/congresos.contraelcancer.es\/extremadura\/"]}]},{"@type":"ImageObject","inLanguage":"es","@id":"https:\/\/congresos.contraelcancer.es\/extremadura\/#primaryimage","url":"https:\/\/congresos.contraelcancer.es\/extremadura\/wp-content\/uploads\/sites\/4\/2026\/01\/Cabecera-Email-Caceres-2026.png","contentUrl":"https:\/\/congresos.contraelcancer.es\/extremadura\/wp-content\/uploads\/sites\/4\/2026\/01\/Cabecera-Email-Caceres-2026.png","width":600,"height":328},{"@type":"BreadcrumbList","@id":"https:\/\/congresos.contraelcancer.es\/extremadura\/#breadcrumb","itemListElement":[{"@type":"ListItem","position":1,"name":"Portada","item":"https:\/\/congresos.contraelcancer.es\/extremadura\/"},{"@type":"ListItem","position":2,"name":"Post Evento Extremadura 2026"}]},{"@type":"WebSite","@id":"https:\/\/congresos.contraelcancer.es\/extremadura\/#website","url":"https:\/\/congresos.contraelcancer.es\/extremadura\/","name":"Extremadura","description":"Asociaci\u00f3n espa\u00f1ola contra el c\u00e1ncer","publisher":{"@id":"https:\/\/congresos.contraelcancer.es\/extremadura\/#organization"},"potentialAction":[{"@type":"SearchAction","target":{"@type":"EntryPoint","urlTemplate":"https:\/\/congresos.contraelcancer.es\/extremadura\/?s={search_term_string}"},"query-input":{"@type":"PropertyValueSpecification","valueRequired":true,"valueName":"search_term_string"}}],"inLanguage":"es"},{"@type":"Organization","@id":"https:\/\/congresos.contraelcancer.es\/extremadura\/#organization","name":"Extremadura","url":"https:\/\/congresos.contraelcancer.es\/extremadura\/","logo":{"@type":"ImageObject","inLanguage":"es","@id":"https:\/\/congresos.contraelcancer.es\/extremadura\/#\/schema\/logo\/image\/","url":"https:\/\/congresos.contraelcancer.es\/extremadura\/wp-content\/uploads\/sites\/4\/2023\/04\/cropped-AECC_logo-460px.png","contentUrl":"https:\/\/congresos.contraelcancer.es\/extremadura\/wp-content\/uploads\/sites\/4\/2023\/04\/cropped-AECC_logo-460px.png","width":460,"height":145,"caption":"Extremadura"},"image":{"@id":"https:\/\/congresos.contraelcancer.es\/extremadura\/#\/schema\/logo\/image\/"}}]}},"_links":{"self":[{"href":"https:\/\/congresos.contraelcancer.es\/extremadura\/wp-json\/wp\/v2\/pages\/3804","targetHints":{"allow":["GET"]}}],"collection":[{"href":"https:\/\/congresos.contraelcancer.es\/extremadura\/wp-json\/wp\/v2\/pages"}],"about":[{"href":"https:\/\/congresos.contraelcancer.es\/extremadura\/wp-json\/wp\/v2\/types\/page"}],"author":[{"embeddable":true,"href":"https:\/\/congresos.contraelcancer.es\/extremadura\/wp-json\/wp\/v2\/users\/16"}],"replies":[{"embeddable":true,"href":"https:\/\/congresos.contraelcancer.es\/extremadura\/wp-json\/wp\/v2\/comments?post=3804"}],"version-history":[{"count":16,"href":"https:\/\/congresos.contraelcancer.es\/extremadura\/wp-json\/wp\/v2\/pages\/3804\/revisions"}],"predecessor-version":[{"id":5402,"href":"https:\/\/congresos.contraelcancer.es\/extremadura\/wp-json\/wp\/v2\/pages\/3804\/revisions\/5402"}],"wp:featuredmedia":[{"embeddable":true,"href":"https:\/\/congresos.contraelcancer.es\/extremadura\/wp-json\/wp\/v2\/media\/3705"}],"wp:attachment":[{"href":"https:\/\/congresos.contraelcancer.es\/extremadura\/wp-json\/wp\/v2\/media?parent=3804"}],"curies":[{"name":"wp","href":"https:\/\/api.w.org\/{rel}","templated":true}]}}