{"id":1947,"date":"2024-09-17T14:08:27","date_gmt":"2024-09-17T14:08:27","guid":{"rendered":"https:\/\/congresos.contraelcancer.es\/comunidad-valenciana\/?page_id=1947"},"modified":"2024-09-20T08:23:54","modified_gmt":"2024-09-20T08:23:54","slug":"galeria-de-fotos-2024","status":"publish","type":"page","link":"https:\/\/congresos.contraelcancer.es\/comunidad-valenciana\/galeria-de-fotos-2024\/","title":{"rendered":"Galer\u00eda de fotos 2024"},"content":{"rendered":"\t\t<div data-elementor-type=\"wp-page\" data-elementor-id=\"1947\" class=\"elementor elementor-1947\" data-elementor-post-type=\"page\">\n\t\t\t\t\t\t<section class=\"elementor-section elementor-top-section elementor-element elementor-element-9b24bc1 elementor-section-boxed elementor-section-height-default elementor-section-height-default\" data-id=\"9b24bc1\" data-element_type=\"section\" data-e-type=\"section\">\n\t\t\t\t\t\t<div class=\"elementor-container elementor-column-gap-default\">\n\t\t\t\t\t<div class=\"elementor-column elementor-col-100 elementor-top-column elementor-element elementor-element-4c780514\" data-id=\"4c780514\" data-element_type=\"column\" data-e-type=\"column\">\n\t\t\t<div class=\"elementor-widget-wrap elementor-element-populated\">\n\t\t\t\t\t\t<div class=\"elementor-element elementor-element-2c40dfe3 elementor-invisible elementor-widget elementor-widget-heading\" data-id=\"2c40dfe3\" data-element_type=\"widget\" data-e-type=\"widget\" data-settings=\"{&quot;_animation&quot;:&quot;zoomIn&quot;}\" data-widget_type=\"heading.default\">\n\t\t\t\t\t<h3 class=\"elementor-heading-title elementor-size-default\">II Congreso para personas con C\u00e1ncer y familiares de la Comunidad Valenciana<\/h3>\t\t\t\t<\/div>\n\t\t\t\t\t<\/div>\n\t\t<\/div>\n\t\t\t\t\t<\/div>\n\t\t<\/section>\n\t\t\t\t<section class=\"elementor-section elementor-top-section elementor-element elementor-element-482e7a5a elementor-section-boxed elementor-section-height-default elementor-section-height-default\" data-id=\"482e7a5a\" data-element_type=\"section\" data-e-type=\"section\">\n\t\t\t\t\t\t<div class=\"elementor-container elementor-column-gap-default\">\n\t\t\t\t\t<div class=\"elementor-column elementor-col-100 elementor-top-column elementor-element elementor-element-2e4c02e6\" data-id=\"2e4c02e6\" data-element_type=\"column\" data-e-type=\"column\">\n\t\t\t<div class=\"elementor-widget-wrap elementor-element-populated\">\n\t\t\t\t\t\t<div class=\"elementor-element elementor-element-13df22d1 elementor-widget elementor-widget-mfn_gallery\" data-id=\"13df22d1\" data-element_type=\"widget\" data-e-type=\"widget\" data-widget_type=\"mfn_gallery.default\">\n\t\t\t\t<div class=\"elementor-widget-container\">\n\t\t\t\t\t\n\t\t\t<style type='text\/css'>\n\t\t\t\t#sc_gallery-1 {\n\t\t\t\t\tmargin: auto;\n\t\t\t\t}\n\t\t\t\t#sc_gallery-1 .gallery-item {\n\t\t\t\t\tfloat: left;\n\t\t\t\t\ttext-align: center;\n\t\t\t\t\twidth: 24.99%;\n\t\t\t\t}\n\t\t\t\t#sc_gallery-1 img {\n\t\t\t\t\tborder: 2px solid #cfcfcf;\n\t\t\t\t}\n\t\t\t\t\/* see sc_gallery() in functions\/theme-shortcodes.php *\/\n\t\t\t<\/style>\n\t\t<div id='sc_gallery-1' class='gallery galleryid-1947 gallery-columns-4 gallery-size-large file element_classes masonry'><dl class='gallery-item'  data-title='WhatsApp Image 2024-09-14 at 10.32.05' data-description=''><div class='gallery-item-wrapper'>\n\t\t\t\t<dt class='gallery-icon landscape'>\n\t\t\t\t\t<a href='https:\/\/congresos.contraelcancer.es\/comunidad-valenciana\/wp-content\/uploads\/sites\/13\/2024\/09\/WhatsApp-Image-2024-09-14-at-10.32.05.jpeg'><img fetchpriority=\"high\" decoding=\"async\" width=\"1000\" height=\"667\" src=\"https:\/\/congresos.contraelcancer.es\/comunidad-valenciana\/wp-content\/uploads\/sites\/13\/2024\/09\/WhatsApp-Image-2024-09-14-at-10.32.05.jpeg\" class=\"attachment-large size-large\" alt=\"\" srcset=\"https:\/\/congresos.contraelcancer.es\/comunidad-valenciana\/wp-content\/uploads\/sites\/13\/2024\/09\/WhatsApp-Image-2024-09-14-at-10.32.05.jpeg 1000w, https:\/\/congresos.contraelcancer.es\/comunidad-valenciana\/wp-content\/uploads\/sites\/13\/2024\/09\/WhatsApp-Image-2024-09-14-at-10.32.05-300x200.jpeg 300w, https:\/\/congresos.contraelcancer.es\/comunidad-valenciana\/wp-content\/uploads\/sites\/13\/2024\/09\/WhatsApp-Image-2024-09-14-at-10.32.05-768x512.jpeg 768w, https:\/\/congresos.contraelcancer.es\/comunidad-valenciana\/wp-content\/uploads\/sites\/13\/2024\/09\/WhatsApp-Image-2024-09-14-at-10.32.05-112x75.jpeg 112w, https:\/\/congresos.contraelcancer.es\/comunidad-valenciana\/wp-content\/uploads\/sites\/13\/2024\/09\/WhatsApp-Image-2024-09-14-at-10.32.05-480x320.jpeg 480w\" sizes=\"(max-width:767px) 480px, (max-width:1000px) 100vw, 1000px\" \/><\/a>\n\t\t\t\t<\/dt><\/div><\/dl><dl class='gallery-item'  data-title='WhatsApp Image 2024-09-14 at 10.32.04 (2)' data-description=''><div class='gallery-item-wrapper'>\n\t\t\t\t<dt class='gallery-icon landscape'>\n\t\t\t\t\t<a href='https:\/\/congresos.contraelcancer.es\/comunidad-valenciana\/wp-content\/uploads\/sites\/13\/2024\/09\/WhatsApp-Image-2024-09-14-at-10.32.04-2.jpeg'><img decoding=\"async\" width=\"1000\" height=\"667\" src=\"https:\/\/congresos.contraelcancer.es\/comunidad-valenciana\/wp-content\/uploads\/sites\/13\/2024\/09\/WhatsApp-Image-2024-09-14-at-10.32.04-2.jpeg\" class=\"attachment-large size-large\" alt=\"\" srcset=\"https:\/\/congresos.contraelcancer.es\/comunidad-valenciana\/wp-content\/uploads\/sites\/13\/2024\/09\/WhatsApp-Image-2024-09-14-at-10.32.04-2.jpeg 1000w, https:\/\/congresos.contraelcancer.es\/comunidad-valenciana\/wp-content\/uploads\/sites\/13\/2024\/09\/WhatsApp-Image-2024-09-14-at-10.32.04-2-300x200.jpeg 300w, https:\/\/congresos.contraelcancer.es\/comunidad-valenciana\/wp-content\/uploads\/sites\/13\/2024\/09\/WhatsApp-Image-2024-09-14-at-10.32.04-2-768x512.jpeg 768w, https:\/\/congresos.contraelcancer.es\/comunidad-valenciana\/wp-content\/uploads\/sites\/13\/2024\/09\/WhatsApp-Image-2024-09-14-at-10.32.04-2-112x75.jpeg 112w, https:\/\/congresos.contraelcancer.es\/comunidad-valenciana\/wp-content\/uploads\/sites\/13\/2024\/09\/WhatsApp-Image-2024-09-14-at-10.32.04-2-480x320.jpeg 480w\" sizes=\"(max-width:767px) 480px, (max-width:1000px) 100vw, 1000px\" \/><\/a>\n\t\t\t\t<\/dt><\/div><\/dl><dl class='gallery-item'  data-title='WhatsApp Image 2024-09-14 at 10.32.03' data-description=''><div class='gallery-item-wrapper'>\n\t\t\t\t<dt class='gallery-icon landscape'>\n\t\t\t\t\t<a href='https:\/\/congresos.contraelcancer.es\/comunidad-valenciana\/wp-content\/uploads\/sites\/13\/2024\/09\/WhatsApp-Image-2024-09-14-at-10.32.03.jpeg'><img decoding=\"async\" width=\"1000\" height=\"667\" src=\"https:\/\/congresos.contraelcancer.es\/comunidad-valenciana\/wp-content\/uploads\/sites\/13\/2024\/09\/WhatsApp-Image-2024-09-14-at-10.32.03.jpeg\" class=\"attachment-large size-large\" alt=\"\" srcset=\"https:\/\/congresos.contraelcancer.es\/comunidad-valenciana\/wp-content\/uploads\/sites\/13\/2024\/09\/WhatsApp-Image-2024-09-14-at-10.32.03.jpeg 1000w, https:\/\/congresos.contraelcancer.es\/comunidad-valenciana\/wp-content\/uploads\/sites\/13\/2024\/09\/WhatsApp-Image-2024-09-14-at-10.32.03-300x200.jpeg 300w, https:\/\/congresos.contraelcancer.es\/comunidad-valenciana\/wp-content\/uploads\/sites\/13\/2024\/09\/WhatsApp-Image-2024-09-14-at-10.32.03-768x512.jpeg 768w, https:\/\/congresos.contraelcancer.es\/comunidad-valenciana\/wp-content\/uploads\/sites\/13\/2024\/09\/WhatsApp-Image-2024-09-14-at-10.32.03-112x75.jpeg 112w, https:\/\/congresos.contraelcancer.es\/comunidad-valenciana\/wp-content\/uploads\/sites\/13\/2024\/09\/WhatsApp-Image-2024-09-14-at-10.32.03-480x320.jpeg 480w\" sizes=\"(max-width:767px) 480px, (max-width:1000px) 100vw, 1000px\" \/><\/a>\n\t\t\t\t<\/dt><\/div><\/dl><dl class='gallery-item'  data-title='JLBI2636' data-description=''><div class='gallery-item-wrapper'>\n\t\t\t\t<dt class='gallery-icon landscape'>\n\t\t\t\t\t<a href='https:\/\/congresos.contraelcancer.es\/comunidad-valenciana\/wp-content\/uploads\/sites\/13\/2024\/09\/JLBI2636.jpg'><img loading=\"lazy\" decoding=\"async\" width=\"1000\" height=\"667\" src=\"https:\/\/congresos.contraelcancer.es\/comunidad-valenciana\/wp-content\/uploads\/sites\/13\/2024\/09\/JLBI2636.jpg\" class=\"attachment-large size-large\" alt=\"\" srcset=\"https:\/\/congresos.contraelcancer.es\/comunidad-valenciana\/wp-content\/uploads\/sites\/13\/2024\/09\/JLBI2636.jpg 1000w, https:\/\/congresos.contraelcancer.es\/comunidad-valenciana\/wp-content\/uploads\/sites\/13\/2024\/09\/JLBI2636-300x200.jpg 300w, https:\/\/congresos.contraelcancer.es\/comunidad-valenciana\/wp-content\/uploads\/sites\/13\/2024\/09\/JLBI2636-768x512.jpg 768w, https:\/\/congresos.contraelcancer.es\/comunidad-valenciana\/wp-content\/uploads\/sites\/13\/2024\/09\/JLBI2636-112x75.jpg 112w, https:\/\/congresos.contraelcancer.es\/comunidad-valenciana\/wp-content\/uploads\/sites\/13\/2024\/09\/JLBI2636-480x320.jpg 480w\" sizes=\"(max-width:767px) 480px, (max-width:1000px) 100vw, 1000px\" \/><\/a>\n\t\t\t\t<\/dt><\/div><\/dl><br style=\"clear: both\" \/><dl class='gallery-item'  data-title='JLBI2673' data-description=''><div class='gallery-item-wrapper'>\n\t\t\t\t<dt class='gallery-icon landscape'>\n\t\t\t\t\t<a href='https:\/\/congresos.contraelcancer.es\/comunidad-valenciana\/wp-content\/uploads\/sites\/13\/2024\/09\/JLBI2673.jpg'><img loading=\"lazy\" decoding=\"async\" width=\"1000\" height=\"667\" src=\"https:\/\/congresos.contraelcancer.es\/comunidad-valenciana\/wp-content\/uploads\/sites\/13\/2024\/09\/JLBI2673.jpg\" class=\"attachment-large size-large\" alt=\"\" srcset=\"https:\/\/congresos.contraelcancer.es\/comunidad-valenciana\/wp-content\/uploads\/sites\/13\/2024\/09\/JLBI2673.jpg 1000w, https:\/\/congresos.contraelcancer.es\/comunidad-valenciana\/wp-content\/uploads\/sites\/13\/2024\/09\/JLBI2673-300x200.jpg 300w, https:\/\/congresos.contraelcancer.es\/comunidad-valenciana\/wp-content\/uploads\/sites\/13\/2024\/09\/JLBI2673-768x512.jpg 768w, https:\/\/congresos.contraelcancer.es\/comunidad-valenciana\/wp-content\/uploads\/sites\/13\/2024\/09\/JLBI2673-112x75.jpg 112w, https:\/\/congresos.contraelcancer.es\/comunidad-valenciana\/wp-content\/uploads\/sites\/13\/2024\/09\/JLBI2673-480x320.jpg 480w\" sizes=\"(max-width:767px) 480px, (max-width:1000px) 100vw, 1000px\" \/><\/a>\n\t\t\t\t<\/dt><\/div><\/dl><dl class='gallery-item'  data-title='JLBI2494' data-description=''><div class='gallery-item-wrapper'>\n\t\t\t\t<dt class='gallery-icon landscape'>\n\t\t\t\t\t<a href='https:\/\/congresos.contraelcancer.es\/comunidad-valenciana\/wp-content\/uploads\/sites\/13\/2024\/09\/JLBI2494.jpg'><img loading=\"lazy\" decoding=\"async\" width=\"1000\" height=\"632\" src=\"https:\/\/congresos.contraelcancer.es\/comunidad-valenciana\/wp-content\/uploads\/sites\/13\/2024\/09\/JLBI2494.jpg\" class=\"attachment-large size-large\" alt=\"\" srcset=\"https:\/\/congresos.contraelcancer.es\/comunidad-valenciana\/wp-content\/uploads\/sites\/13\/2024\/09\/JLBI2494.jpg 1000w, https:\/\/congresos.contraelcancer.es\/comunidad-valenciana\/wp-content\/uploads\/sites\/13\/2024\/09\/JLBI2494-300x190.jpg 300w, https:\/\/congresos.contraelcancer.es\/comunidad-valenciana\/wp-content\/uploads\/sites\/13\/2024\/09\/JLBI2494-768x485.jpg 768w, https:\/\/congresos.contraelcancer.es\/comunidad-valenciana\/wp-content\/uploads\/sites\/13\/2024\/09\/JLBI2494-119x75.jpg 119w, https:\/\/congresos.contraelcancer.es\/comunidad-valenciana\/wp-content\/uploads\/sites\/13\/2024\/09\/JLBI2494-480x303.jpg 480w\" sizes=\"(max-width:767px) 480px, (max-width:1000px) 100vw, 1000px\" \/><\/a>\n\t\t\t\t<\/dt><\/div><\/dl><dl class='gallery-item'  data-title='JLBI2110' data-description=''><div class='gallery-item-wrapper'>\n\t\t\t\t<dt class='gallery-icon landscape'>\n\t\t\t\t\t<a href='https:\/\/congresos.contraelcancer.es\/comunidad-valenciana\/wp-content\/uploads\/sites\/13\/2024\/09\/JLBI2110.jpg'><img loading=\"lazy\" decoding=\"async\" width=\"1000\" height=\"666\" src=\"https:\/\/congresos.contraelcancer.es\/comunidad-valenciana\/wp-content\/uploads\/sites\/13\/2024\/09\/JLBI2110.jpg\" class=\"attachment-large size-large\" alt=\"\" srcset=\"https:\/\/congresos.contraelcancer.es\/comunidad-valenciana\/wp-content\/uploads\/sites\/13\/2024\/09\/JLBI2110.jpg 1000w, https:\/\/congresos.contraelcancer.es\/comunidad-valenciana\/wp-content\/uploads\/sites\/13\/2024\/09\/JLBI2110-300x200.jpg 300w, https:\/\/congresos.contraelcancer.es\/comunidad-valenciana\/wp-content\/uploads\/sites\/13\/2024\/09\/JLBI2110-768x511.jpg 768w, https:\/\/congresos.contraelcancer.es\/comunidad-valenciana\/wp-content\/uploads\/sites\/13\/2024\/09\/JLBI2110-113x75.jpg 113w, https:\/\/congresos.contraelcancer.es\/comunidad-valenciana\/wp-content\/uploads\/sites\/13\/2024\/09\/JLBI2110-480x320.jpg 480w\" sizes=\"(max-width:767px) 480px, (max-width:1000px) 100vw, 1000px\" \/><\/a>\n\t\t\t\t<\/dt><\/div><\/dl><dl class='gallery-item'  data-title='JLBI1787' data-description=''><div class='gallery-item-wrapper'>\n\t\t\t\t<dt class='gallery-icon landscape'>\n\t\t\t\t\t<a href='https:\/\/congresos.contraelcancer.es\/comunidad-valenciana\/wp-content\/uploads\/sites\/13\/2024\/09\/JLBI1787.jpg'><img loading=\"lazy\" decoding=\"async\" width=\"1000\" height=\"667\" src=\"https:\/\/congresos.contraelcancer.es\/comunidad-valenciana\/wp-content\/uploads\/sites\/13\/2024\/09\/JLBI1787.jpg\" class=\"attachment-large size-large\" alt=\"\" srcset=\"https:\/\/congresos.contraelcancer.es\/comunidad-valenciana\/wp-content\/uploads\/sites\/13\/2024\/09\/JLBI1787.jpg 1000w, https:\/\/congresos.contraelcancer.es\/comunidad-valenciana\/wp-content\/uploads\/sites\/13\/2024\/09\/JLBI1787-300x200.jpg 300w, https:\/\/congresos.contraelcancer.es\/comunidad-valenciana\/wp-content\/uploads\/sites\/13\/2024\/09\/JLBI1787-768x512.jpg 768w, https:\/\/congresos.contraelcancer.es\/comunidad-valenciana\/wp-content\/uploads\/sites\/13\/2024\/09\/JLBI1787-112x75.jpg 112w, https:\/\/congresos.contraelcancer.es\/comunidad-valenciana\/wp-content\/uploads\/sites\/13\/2024\/09\/JLBI1787-480x320.jpg 480w\" sizes=\"(max-width:767px) 480px, (max-width:1000px) 100vw, 1000px\" \/><\/a>\n\t\t\t\t<\/dt><\/div><\/dl><br style=\"clear: both\" \/><dl class='gallery-item'  data-title='JLBI1772' data-description=''><div class='gallery-item-wrapper'>\n\t\t\t\t<dt class='gallery-icon landscape'>\n\t\t\t\t\t<a href='https:\/\/congresos.contraelcancer.es\/comunidad-valenciana\/wp-content\/uploads\/sites\/13\/2024\/09\/JLBI1772.jpg'><img loading=\"lazy\" decoding=\"async\" width=\"1000\" height=\"619\" src=\"https:\/\/congresos.contraelcancer.es\/comunidad-valenciana\/wp-content\/uploads\/sites\/13\/2024\/09\/JLBI1772.jpg\" class=\"attachment-large size-large\" alt=\"\" srcset=\"https:\/\/congresos.contraelcancer.es\/comunidad-valenciana\/wp-content\/uploads\/sites\/13\/2024\/09\/JLBI1772.jpg 1000w, https:\/\/congresos.contraelcancer.es\/comunidad-valenciana\/wp-content\/uploads\/sites\/13\/2024\/09\/JLBI1772-300x186.jpg 300w, https:\/\/congresos.contraelcancer.es\/comunidad-valenciana\/wp-content\/uploads\/sites\/13\/2024\/09\/JLBI1772-768x475.jpg 768w, https:\/\/congresos.contraelcancer.es\/comunidad-valenciana\/wp-content\/uploads\/sites\/13\/2024\/09\/JLBI1772-121x75.jpg 121w, https:\/\/congresos.contraelcancer.es\/comunidad-valenciana\/wp-content\/uploads\/sites\/13\/2024\/09\/JLBI1772-480x297.jpg 480w\" sizes=\"(max-width:767px) 480px, (max-width:1000px) 100vw, 1000px\" \/><\/a>\n\t\t\t\t<\/dt><\/div><\/dl><dl class='gallery-item'  data-title='Congreso AECC Dia 2_347 G' data-description=''><div class='gallery-item-wrapper'>\n\t\t\t\t<dt class='gallery-icon landscape'>\n\t\t\t\t\t<a href='https:\/\/congresos.contraelcancer.es\/comunidad-valenciana\/wp-content\/uploads\/sites\/13\/2024\/09\/Congreso-AECC-Dia-2_347-G.jpg'><img loading=\"lazy\" decoding=\"async\" width=\"1000\" height=\"667\" src=\"https:\/\/congresos.contraelcancer.es\/comunidad-valenciana\/wp-content\/uploads\/sites\/13\/2024\/09\/Congreso-AECC-Dia-2_347-G.jpg\" class=\"attachment-large size-large\" alt=\"\" srcset=\"https:\/\/congresos.contraelcancer.es\/comunidad-valenciana\/wp-content\/uploads\/sites\/13\/2024\/09\/Congreso-AECC-Dia-2_347-G.jpg 1000w, https:\/\/congresos.contraelcancer.es\/comunidad-valenciana\/wp-content\/uploads\/sites\/13\/2024\/09\/Congreso-AECC-Dia-2_347-G-300x200.jpg 300w, https:\/\/congresos.contraelcancer.es\/comunidad-valenciana\/wp-content\/uploads\/sites\/13\/2024\/09\/Congreso-AECC-Dia-2_347-G-768x512.jpg 768w, https:\/\/congresos.contraelcancer.es\/comunidad-valenciana\/wp-content\/uploads\/sites\/13\/2024\/09\/Congreso-AECC-Dia-2_347-G-112x75.jpg 112w, https:\/\/congresos.contraelcancer.es\/comunidad-valenciana\/wp-content\/uploads\/sites\/13\/2024\/09\/Congreso-AECC-Dia-2_347-G-480x320.jpg 480w\" sizes=\"(max-width:767px) 480px, (max-width:1000px) 100vw, 1000px\" \/><\/a>\n\t\t\t\t<\/dt><\/div><\/dl><dl class='gallery-item'  data-title='Congreso AECC Dia 2_376 G' data-description=''><div class='gallery-item-wrapper'>\n\t\t\t\t<dt class='gallery-icon landscape'>\n\t\t\t\t\t<a href='https:\/\/congresos.contraelcancer.es\/comunidad-valenciana\/wp-content\/uploads\/sites\/13\/2024\/09\/Congreso-AECC-Dia-2_376-G.jpg'><img loading=\"lazy\" decoding=\"async\" width=\"1000\" height=\"667\" src=\"https:\/\/congresos.contraelcancer.es\/comunidad-valenciana\/wp-content\/uploads\/sites\/13\/2024\/09\/Congreso-AECC-Dia-2_376-G.jpg\" class=\"attachment-large size-large\" alt=\"\" srcset=\"https:\/\/congresos.contraelcancer.es\/comunidad-valenciana\/wp-content\/uploads\/sites\/13\/2024\/09\/Congreso-AECC-Dia-2_376-G.jpg 1000w, https:\/\/congresos.contraelcancer.es\/comunidad-valenciana\/wp-content\/uploads\/sites\/13\/2024\/09\/Congreso-AECC-Dia-2_376-G-300x200.jpg 300w, https:\/\/congresos.contraelcancer.es\/comunidad-valenciana\/wp-content\/uploads\/sites\/13\/2024\/09\/Congreso-AECC-Dia-2_376-G-768x512.jpg 768w, https:\/\/congresos.contraelcancer.es\/comunidad-valenciana\/wp-content\/uploads\/sites\/13\/2024\/09\/Congreso-AECC-Dia-2_376-G-112x75.jpg 112w, https:\/\/congresos.contraelcancer.es\/comunidad-valenciana\/wp-content\/uploads\/sites\/13\/2024\/09\/Congreso-AECC-Dia-2_376-G-480x320.jpg 480w\" sizes=\"(max-width:767px) 480px, (max-width:1000px) 100vw, 1000px\" \/><\/a>\n\t\t\t\t<\/dt><\/div><\/dl><dl class='gallery-item'  data-title='Congreso AECC Dia 2_383 G' data-description=''><div class='gallery-item-wrapper'>\n\t\t\t\t<dt class='gallery-icon landscape'>\n\t\t\t\t\t<a href='https:\/\/congresos.contraelcancer.es\/comunidad-valenciana\/wp-content\/uploads\/sites\/13\/2024\/09\/Congreso-AECC-Dia-2_383-G.jpg'><img loading=\"lazy\" decoding=\"async\" width=\"1000\" height=\"667\" src=\"https:\/\/congresos.contraelcancer.es\/comunidad-valenciana\/wp-content\/uploads\/sites\/13\/2024\/09\/Congreso-AECC-Dia-2_383-G.jpg\" class=\"attachment-large size-large\" alt=\"\" srcset=\"https:\/\/congresos.contraelcancer.es\/comunidad-valenciana\/wp-content\/uploads\/sites\/13\/2024\/09\/Congreso-AECC-Dia-2_383-G.jpg 1000w, https:\/\/congresos.contraelcancer.es\/comunidad-valenciana\/wp-content\/uploads\/sites\/13\/2024\/09\/Congreso-AECC-Dia-2_383-G-300x200.jpg 300w, https:\/\/congresos.contraelcancer.es\/comunidad-valenciana\/wp-content\/uploads\/sites\/13\/2024\/09\/Congreso-AECC-Dia-2_383-G-768x512.jpg 768w, https:\/\/congresos.contraelcancer.es\/comunidad-valenciana\/wp-content\/uploads\/sites\/13\/2024\/09\/Congreso-AECC-Dia-2_383-G-112x75.jpg 112w, https:\/\/congresos.contraelcancer.es\/comunidad-valenciana\/wp-content\/uploads\/sites\/13\/2024\/09\/Congreso-AECC-Dia-2_383-G-480x320.jpg 480w\" sizes=\"(max-width:767px) 480px, (max-width:1000px) 100vw, 1000px\" \/><\/a>\n\t\t\t\t<\/dt><\/div><\/dl><br style=\"clear: both\" \/><dl class='gallery-item'  data-title='Congreso AECC Dia 2_402 G' data-description=''><div class='gallery-item-wrapper'>\n\t\t\t\t<dt class='gallery-icon landscape'>\n\t\t\t\t\t<a href='https:\/\/congresos.contraelcancer.es\/comunidad-valenciana\/wp-content\/uploads\/sites\/13\/2024\/09\/Congreso-AECC-Dia-2_402-G.jpg'><img loading=\"lazy\" decoding=\"async\" width=\"1000\" height=\"667\" src=\"https:\/\/congresos.contraelcancer.es\/comunidad-valenciana\/wp-content\/uploads\/sites\/13\/2024\/09\/Congreso-AECC-Dia-2_402-G.jpg\" class=\"attachment-large size-large\" alt=\"\" srcset=\"https:\/\/congresos.contraelcancer.es\/comunidad-valenciana\/wp-content\/uploads\/sites\/13\/2024\/09\/Congreso-AECC-Dia-2_402-G.jpg 1000w, https:\/\/congresos.contraelcancer.es\/comunidad-valenciana\/wp-content\/uploads\/sites\/13\/2024\/09\/Congreso-AECC-Dia-2_402-G-300x200.jpg 300w, https:\/\/congresos.contraelcancer.es\/comunidad-valenciana\/wp-content\/uploads\/sites\/13\/2024\/09\/Congreso-AECC-Dia-2_402-G-768x512.jpg 768w, https:\/\/congresos.contraelcancer.es\/comunidad-valenciana\/wp-content\/uploads\/sites\/13\/2024\/09\/Congreso-AECC-Dia-2_402-G-112x75.jpg 112w, https:\/\/congresos.contraelcancer.es\/comunidad-valenciana\/wp-content\/uploads\/sites\/13\/2024\/09\/Congreso-AECC-Dia-2_402-G-480x320.jpg 480w\" sizes=\"(max-width:767px) 480px, (max-width:1000px) 100vw, 1000px\" \/><\/a>\n\t\t\t\t<\/dt><\/div><\/dl><dl class='gallery-item'  data-title='JLBI1654' data-description=''><div class='gallery-item-wrapper'>\n\t\t\t\t<dt class='gallery-icon landscape'>\n\t\t\t\t\t<a href='https:\/\/congresos.contraelcancer.es\/comunidad-valenciana\/wp-content\/uploads\/sites\/13\/2024\/09\/JLBI1654.jpg'><img loading=\"lazy\" decoding=\"async\" width=\"1000\" height=\"667\" src=\"https:\/\/congresos.contraelcancer.es\/comunidad-valenciana\/wp-content\/uploads\/sites\/13\/2024\/09\/JLBI1654.jpg\" class=\"attachment-large size-large\" alt=\"\" srcset=\"https:\/\/congresos.contraelcancer.es\/comunidad-valenciana\/wp-content\/uploads\/sites\/13\/2024\/09\/JLBI1654.jpg 1000w, https:\/\/congresos.contraelcancer.es\/comunidad-valenciana\/wp-content\/uploads\/sites\/13\/2024\/09\/JLBI1654-300x200.jpg 300w, https:\/\/congresos.contraelcancer.es\/comunidad-valenciana\/wp-content\/uploads\/sites\/13\/2024\/09\/JLBI1654-768x512.jpg 768w, https:\/\/congresos.contraelcancer.es\/comunidad-valenciana\/wp-content\/uploads\/sites\/13\/2024\/09\/JLBI1654-112x75.jpg 112w, https:\/\/congresos.contraelcancer.es\/comunidad-valenciana\/wp-content\/uploads\/sites\/13\/2024\/09\/JLBI1654-480x320.jpg 480w\" sizes=\"(max-width:767px) 480px, (max-width:1000px) 100vw, 1000px\" \/><\/a>\n\t\t\t\t<\/dt><\/div><\/dl><dl class='gallery-item'  data-title='JLBI1694' data-description=''><div class='gallery-item-wrapper'>\n\t\t\t\t<dt class='gallery-icon landscape'>\n\t\t\t\t\t<a href='https:\/\/congresos.contraelcancer.es\/comunidad-valenciana\/wp-content\/uploads\/sites\/13\/2024\/09\/JLBI1694.jpg'><img loading=\"lazy\" decoding=\"async\" width=\"1000\" height=\"667\" src=\"https:\/\/congresos.contraelcancer.es\/comunidad-valenciana\/wp-content\/uploads\/sites\/13\/2024\/09\/JLBI1694.jpg\" class=\"attachment-large size-large\" alt=\"\" srcset=\"https:\/\/congresos.contraelcancer.es\/comunidad-valenciana\/wp-content\/uploads\/sites\/13\/2024\/09\/JLBI1694.jpg 1000w, https:\/\/congresos.contraelcancer.es\/comunidad-valenciana\/wp-content\/uploads\/sites\/13\/2024\/09\/JLBI1694-300x200.jpg 300w, https:\/\/congresos.contraelcancer.es\/comunidad-valenciana\/wp-content\/uploads\/sites\/13\/2024\/09\/JLBI1694-768x512.jpg 768w, https:\/\/congresos.contraelcancer.es\/comunidad-valenciana\/wp-content\/uploads\/sites\/13\/2024\/09\/JLBI1694-112x75.jpg 112w, https:\/\/congresos.contraelcancer.es\/comunidad-valenciana\/wp-content\/uploads\/sites\/13\/2024\/09\/JLBI1694-480x320.jpg 480w\" sizes=\"(max-width:767px) 480px, (max-width:1000px) 100vw, 1000px\" \/><\/a>\n\t\t\t\t<\/dt><\/div><\/dl><dl class='gallery-item'  data-title='JLBI1731' data-description=''><div class='gallery-item-wrapper'>\n\t\t\t\t<dt class='gallery-icon landscape'>\n\t\t\t\t\t<a href='https:\/\/congresos.contraelcancer.es\/comunidad-valenciana\/wp-content\/uploads\/sites\/13\/2024\/09\/JLBI1731.jpg'><img loading=\"lazy\" decoding=\"async\" width=\"1000\" height=\"667\" src=\"https:\/\/congresos.contraelcancer.es\/comunidad-valenciana\/wp-content\/uploads\/sites\/13\/2024\/09\/JLBI1731.jpg\" class=\"attachment-large size-large\" alt=\"\" srcset=\"https:\/\/congresos.contraelcancer.es\/comunidad-valenciana\/wp-content\/uploads\/sites\/13\/2024\/09\/JLBI1731.jpg 1000w, https:\/\/congresos.contraelcancer.es\/comunidad-valenciana\/wp-content\/uploads\/sites\/13\/2024\/09\/JLBI1731-300x200.jpg 300w, https:\/\/congresos.contraelcancer.es\/comunidad-valenciana\/wp-content\/uploads\/sites\/13\/2024\/09\/JLBI1731-768x512.jpg 768w, https:\/\/congresos.contraelcancer.es\/comunidad-valenciana\/wp-content\/uploads\/sites\/13\/2024\/09\/JLBI1731-112x75.jpg 112w, https:\/\/congresos.contraelcancer.es\/comunidad-valenciana\/wp-content\/uploads\/sites\/13\/2024\/09\/JLBI1731-480x320.jpg 480w\" sizes=\"(max-width:767px) 480px, (max-width:1000px) 100vw, 1000px\" \/><\/a>\n\t\t\t\t<\/dt><\/div><\/dl><br style=\"clear: both\" \/><dl class='gallery-item'  data-title='JLBI1745' data-description=''><div class='gallery-item-wrapper'>\n\t\t\t\t<dt class='gallery-icon landscape'>\n\t\t\t\t\t<a href='https:\/\/congresos.contraelcancer.es\/comunidad-valenciana\/wp-content\/uploads\/sites\/13\/2024\/09\/JLBI1745.jpg'><img loading=\"lazy\" decoding=\"async\" width=\"1000\" height=\"666\" src=\"https:\/\/congresos.contraelcancer.es\/comunidad-valenciana\/wp-content\/uploads\/sites\/13\/2024\/09\/JLBI1745.jpg\" class=\"attachment-large size-large\" alt=\"\" srcset=\"https:\/\/congresos.contraelcancer.es\/comunidad-valenciana\/wp-content\/uploads\/sites\/13\/2024\/09\/JLBI1745.jpg 1000w, https:\/\/congresos.contraelcancer.es\/comunidad-valenciana\/wp-content\/uploads\/sites\/13\/2024\/09\/JLBI1745-300x200.jpg 300w, https:\/\/congresos.contraelcancer.es\/comunidad-valenciana\/wp-content\/uploads\/sites\/13\/2024\/09\/JLBI1745-768x511.jpg 768w, https:\/\/congresos.contraelcancer.es\/comunidad-valenciana\/wp-content\/uploads\/sites\/13\/2024\/09\/JLBI1745-113x75.jpg 113w, https:\/\/congresos.contraelcancer.es\/comunidad-valenciana\/wp-content\/uploads\/sites\/13\/2024\/09\/JLBI1745-480x320.jpg 480w\" sizes=\"(max-width:767px) 480px, (max-width:1000px) 100vw, 1000px\" \/><\/a>\n\t\t\t\t<\/dt><\/div><\/dl><dl class='gallery-item'  data-title='JLBI1756' data-description=''><div class='gallery-item-wrapper'>\n\t\t\t\t<dt class='gallery-icon landscape'>\n\t\t\t\t\t<a href='https:\/\/congresos.contraelcancer.es\/comunidad-valenciana\/wp-content\/uploads\/sites\/13\/2024\/09\/JLBI1756.jpg'><img loading=\"lazy\" decoding=\"async\" width=\"1000\" height=\"660\" src=\"https:\/\/congresos.contraelcancer.es\/comunidad-valenciana\/wp-content\/uploads\/sites\/13\/2024\/09\/JLBI1756.jpg\" class=\"attachment-large size-large\" alt=\"\" srcset=\"https:\/\/congresos.contraelcancer.es\/comunidad-valenciana\/wp-content\/uploads\/sites\/13\/2024\/09\/JLBI1756.jpg 1000w, https:\/\/congresos.contraelcancer.es\/comunidad-valenciana\/wp-content\/uploads\/sites\/13\/2024\/09\/JLBI1756-300x198.jpg 300w, https:\/\/congresos.contraelcancer.es\/comunidad-valenciana\/wp-content\/uploads\/sites\/13\/2024\/09\/JLBI1756-768x507.jpg 768w, https:\/\/congresos.contraelcancer.es\/comunidad-valenciana\/wp-content\/uploads\/sites\/13\/2024\/09\/JLBI1756-114x75.jpg 114w, https:\/\/congresos.contraelcancer.es\/comunidad-valenciana\/wp-content\/uploads\/sites\/13\/2024\/09\/JLBI1756-480x317.jpg 480w\" sizes=\"(max-width:767px) 480px, (max-width:1000px) 100vw, 1000px\" \/><\/a>\n\t\t\t\t<\/dt><\/div><\/dl><dl class='gallery-item'  data-title='JLBI1762' data-description=''><div class='gallery-item-wrapper'>\n\t\t\t\t<dt class='gallery-icon landscape'>\n\t\t\t\t\t<a href='https:\/\/congresos.contraelcancer.es\/comunidad-valenciana\/wp-content\/uploads\/sites\/13\/2024\/09\/JLBI1762.jpg'><img loading=\"lazy\" decoding=\"async\" width=\"1000\" height=\"896\" src=\"https:\/\/congresos.contraelcancer.es\/comunidad-valenciana\/wp-content\/uploads\/sites\/13\/2024\/09\/JLBI1762.jpg\" class=\"attachment-large size-large\" alt=\"\" srcset=\"https:\/\/congresos.contraelcancer.es\/comunidad-valenciana\/wp-content\/uploads\/sites\/13\/2024\/09\/JLBI1762.jpg 1000w, https:\/\/congresos.contraelcancer.es\/comunidad-valenciana\/wp-content\/uploads\/sites\/13\/2024\/09\/JLBI1762-300x269.jpg 300w, https:\/\/congresos.contraelcancer.es\/comunidad-valenciana\/wp-content\/uploads\/sites\/13\/2024\/09\/JLBI1762-768x688.jpg 768w, https:\/\/congresos.contraelcancer.es\/comunidad-valenciana\/wp-content\/uploads\/sites\/13\/2024\/09\/JLBI1762-84x75.jpg 84w, https:\/\/congresos.contraelcancer.es\/comunidad-valenciana\/wp-content\/uploads\/sites\/13\/2024\/09\/JLBI1762-480x430.jpg 480w\" sizes=\"(max-width:767px) 480px, (max-width:1000px) 100vw, 1000px\" \/><\/a>\n\t\t\t\t<\/dt><\/div><\/dl><dl class='gallery-item'  data-title='Congreso AECC Dia 2_334 G' data-description=''><div class='gallery-item-wrapper'>\n\t\t\t\t<dt class='gallery-icon landscape'>\n\t\t\t\t\t<a href='https:\/\/congresos.contraelcancer.es\/comunidad-valenciana\/wp-content\/uploads\/sites\/13\/2024\/09\/Congreso-AECC-Dia-2_334-G.jpg'><img loading=\"lazy\" decoding=\"async\" width=\"1000\" height=\"667\" src=\"https:\/\/congresos.contraelcancer.es\/comunidad-valenciana\/wp-content\/uploads\/sites\/13\/2024\/09\/Congreso-AECC-Dia-2_334-G.jpg\" class=\"attachment-large size-large\" alt=\"\" srcset=\"https:\/\/congresos.contraelcancer.es\/comunidad-valenciana\/wp-content\/uploads\/sites\/13\/2024\/09\/Congreso-AECC-Dia-2_334-G.jpg 1000w, https:\/\/congresos.contraelcancer.es\/comunidad-valenciana\/wp-content\/uploads\/sites\/13\/2024\/09\/Congreso-AECC-Dia-2_334-G-300x200.jpg 300w, https:\/\/congresos.contraelcancer.es\/comunidad-valenciana\/wp-content\/uploads\/sites\/13\/2024\/09\/Congreso-AECC-Dia-2_334-G-768x512.jpg 768w, https:\/\/congresos.contraelcancer.es\/comunidad-valenciana\/wp-content\/uploads\/sites\/13\/2024\/09\/Congreso-AECC-Dia-2_334-G-112x75.jpg 112w, https:\/\/congresos.contraelcancer.es\/comunidad-valenciana\/wp-content\/uploads\/sites\/13\/2024\/09\/Congreso-AECC-Dia-2_334-G-480x320.jpg 480w\" sizes=\"(max-width:767px) 480px, (max-width:1000px) 100vw, 1000px\" \/><\/a>\n\t\t\t\t<\/dt><\/div><\/dl><br style=\"clear: both\" \/><dl class='gallery-item'  data-title='' data-description=''><div class='gallery-item-wrapper'>\n\t\t\t\t<dt class='gallery-icon landscape'>\n\t\t\t\t\t<a href='https:\/\/congresos.contraelcancer.es\/comunidad-valenciana\/wp-content\/uploads\/sites\/13\/2024\/09\/Congreso-AECC-Dia-2_269-G.jpg'><img loading=\"lazy\" decoding=\"async\" width=\"1000\" height=\"667\" src=\"https:\/\/congresos.contraelcancer.es\/comunidad-valenciana\/wp-content\/uploads\/sites\/13\/2024\/09\/Congreso-AECC-Dia-2_269-G.jpg\" class=\"attachment-large size-large\" alt=\"\" srcset=\"https:\/\/congresos.contraelcancer.es\/comunidad-valenciana\/wp-content\/uploads\/sites\/13\/2024\/09\/Congreso-AECC-Dia-2_269-G.jpg 1000w, https:\/\/congresos.contraelcancer.es\/comunidad-valenciana\/wp-content\/uploads\/sites\/13\/2024\/09\/Congreso-AECC-Dia-2_269-G-300x200.jpg 300w, https:\/\/congresos.contraelcancer.es\/comunidad-valenciana\/wp-content\/uploads\/sites\/13\/2024\/09\/Congreso-AECC-Dia-2_269-G-768x512.jpg 768w, https:\/\/congresos.contraelcancer.es\/comunidad-valenciana\/wp-content\/uploads\/sites\/13\/2024\/09\/Congreso-AECC-Dia-2_269-G-112x75.jpg 112w, https:\/\/congresos.contraelcancer.es\/comunidad-valenciana\/wp-content\/uploads\/sites\/13\/2024\/09\/Congreso-AECC-Dia-2_269-G-480x320.jpg 480w\" sizes=\"(max-width:767px) 480px, (max-width:1000px) 100vw, 1000px\" \/><\/a>\n\t\t\t\t<\/dt><\/div><\/dl><dl class='gallery-item'  data-title='' data-description=''><div class='gallery-item-wrapper'>\n\t\t\t\t<dt class='gallery-icon landscape'>\n\t\t\t\t\t<a href='https:\/\/congresos.contraelcancer.es\/comunidad-valenciana\/wp-content\/uploads\/sites\/13\/2024\/09\/Congreso-AECC-Dia-2_255-G.jpg'><img loading=\"lazy\" decoding=\"async\" width=\"1000\" height=\"667\" src=\"https:\/\/congresos.contraelcancer.es\/comunidad-valenciana\/wp-content\/uploads\/sites\/13\/2024\/09\/Congreso-AECC-Dia-2_255-G.jpg\" class=\"attachment-large size-large\" alt=\"\" srcset=\"https:\/\/congresos.contraelcancer.es\/comunidad-valenciana\/wp-content\/uploads\/sites\/13\/2024\/09\/Congreso-AECC-Dia-2_255-G.jpg 1000w, https:\/\/congresos.contraelcancer.es\/comunidad-valenciana\/wp-content\/uploads\/sites\/13\/2024\/09\/Congreso-AECC-Dia-2_255-G-300x200.jpg 300w, https:\/\/congresos.contraelcancer.es\/comunidad-valenciana\/wp-content\/uploads\/sites\/13\/2024\/09\/Congreso-AECC-Dia-2_255-G-768x512.jpg 768w, https:\/\/congresos.contraelcancer.es\/comunidad-valenciana\/wp-content\/uploads\/sites\/13\/2024\/09\/Congreso-AECC-Dia-2_255-G-112x75.jpg 112w, https:\/\/congresos.contraelcancer.es\/comunidad-valenciana\/wp-content\/uploads\/sites\/13\/2024\/09\/Congreso-AECC-Dia-2_255-G-480x320.jpg 480w\" sizes=\"(max-width:767px) 480px, (max-width:1000px) 100vw, 1000px\" \/><\/a>\n\t\t\t\t<\/dt><\/div><\/dl><dl class='gallery-item'  data-title='' data-description=''><div class='gallery-item-wrapper'>\n\t\t\t\t<dt class='gallery-icon landscape'>\n\t\t\t\t\t<a href='https:\/\/congresos.contraelcancer.es\/comunidad-valenciana\/wp-content\/uploads\/sites\/13\/2024\/09\/Congreso-AECC-Dia-2_238-G.jpg'><img loading=\"lazy\" decoding=\"async\" width=\"1000\" height=\"667\" src=\"https:\/\/congresos.contraelcancer.es\/comunidad-valenciana\/wp-content\/uploads\/sites\/13\/2024\/09\/Congreso-AECC-Dia-2_238-G.jpg\" class=\"attachment-large size-large\" alt=\"\" srcset=\"https:\/\/congresos.contraelcancer.es\/comunidad-valenciana\/wp-content\/uploads\/sites\/13\/2024\/09\/Congreso-AECC-Dia-2_238-G.jpg 1000w, https:\/\/congresos.contraelcancer.es\/comunidad-valenciana\/wp-content\/uploads\/sites\/13\/2024\/09\/Congreso-AECC-Dia-2_238-G-300x200.jpg 300w, https:\/\/congresos.contraelcancer.es\/comunidad-valenciana\/wp-content\/uploads\/sites\/13\/2024\/09\/Congreso-AECC-Dia-2_238-G-768x512.jpg 768w, https:\/\/congresos.contraelcancer.es\/comunidad-valenciana\/wp-content\/uploads\/sites\/13\/2024\/09\/Congreso-AECC-Dia-2_238-G-112x75.jpg 112w, https:\/\/congresos.contraelcancer.es\/comunidad-valenciana\/wp-content\/uploads\/sites\/13\/2024\/09\/Congreso-AECC-Dia-2_238-G-480x320.jpg 480w\" sizes=\"(max-width:767px) 480px, (max-width:1000px) 100vw, 1000px\" \/><\/a>\n\t\t\t\t<\/dt><\/div><\/dl><dl class='gallery-item'  data-title='' data-description=''><div class='gallery-item-wrapper'>\n\t\t\t\t<dt class='gallery-icon landscape'>\n\t\t\t\t\t<a href='https:\/\/congresos.contraelcancer.es\/comunidad-valenciana\/wp-content\/uploads\/sites\/13\/2024\/09\/Congreso-AECC-Dia-2_217-G.jpg'><img loading=\"lazy\" decoding=\"async\" width=\"1000\" height=\"667\" src=\"https:\/\/congresos.contraelcancer.es\/comunidad-valenciana\/wp-content\/uploads\/sites\/13\/2024\/09\/Congreso-AECC-Dia-2_217-G.jpg\" class=\"attachment-large size-large\" alt=\"\" srcset=\"https:\/\/congresos.contraelcancer.es\/comunidad-valenciana\/wp-content\/uploads\/sites\/13\/2024\/09\/Congreso-AECC-Dia-2_217-G.jpg 1000w, https:\/\/congresos.contraelcancer.es\/comunidad-valenciana\/wp-content\/uploads\/sites\/13\/2024\/09\/Congreso-AECC-Dia-2_217-G-300x200.jpg 300w, https:\/\/congresos.contraelcancer.es\/comunidad-valenciana\/wp-content\/uploads\/sites\/13\/2024\/09\/Congreso-AECC-Dia-2_217-G-768x512.jpg 768w, https:\/\/congresos.contraelcancer.es\/comunidad-valenciana\/wp-content\/uploads\/sites\/13\/2024\/09\/Congreso-AECC-Dia-2_217-G-112x75.jpg 112w, https:\/\/congresos.contraelcancer.es\/comunidad-valenciana\/wp-content\/uploads\/sites\/13\/2024\/09\/Congreso-AECC-Dia-2_217-G-480x320.jpg 480w\" sizes=\"(max-width:767px) 480px, (max-width:1000px) 100vw, 1000px\" \/><\/a>\n\t\t\t\t<\/dt><\/div><\/dl><br style=\"clear: both\" \/><dl class='gallery-item'  data-title='' data-description=''><div class='gallery-item-wrapper'>\n\t\t\t\t<dt class='gallery-icon landscape'>\n\t\t\t\t\t<a href='https:\/\/congresos.contraelcancer.es\/comunidad-valenciana\/wp-content\/uploads\/sites\/13\/2024\/09\/Congreso-AECC-Dia-2_207-G.jpg'><img loading=\"lazy\" decoding=\"async\" width=\"1000\" height=\"667\" src=\"https:\/\/congresos.contraelcancer.es\/comunidad-valenciana\/wp-content\/uploads\/sites\/13\/2024\/09\/Congreso-AECC-Dia-2_207-G.jpg\" class=\"attachment-large size-large\" alt=\"\" srcset=\"https:\/\/congresos.contraelcancer.es\/comunidad-valenciana\/wp-content\/uploads\/sites\/13\/2024\/09\/Congreso-AECC-Dia-2_207-G.jpg 1000w, https:\/\/congresos.contraelcancer.es\/comunidad-valenciana\/wp-content\/uploads\/sites\/13\/2024\/09\/Congreso-AECC-Dia-2_207-G-300x200.jpg 300w, https:\/\/congresos.contraelcancer.es\/comunidad-valenciana\/wp-content\/uploads\/sites\/13\/2024\/09\/Congreso-AECC-Dia-2_207-G-768x512.jpg 768w, https:\/\/congresos.contraelcancer.es\/comunidad-valenciana\/wp-content\/uploads\/sites\/13\/2024\/09\/Congreso-AECC-Dia-2_207-G-112x75.jpg 112w, https:\/\/congresos.contraelcancer.es\/comunidad-valenciana\/wp-content\/uploads\/sites\/13\/2024\/09\/Congreso-AECC-Dia-2_207-G-480x320.jpg 480w\" sizes=\"(max-width:767px) 480px, (max-width:1000px) 100vw, 1000px\" \/><\/a>\n\t\t\t\t<\/dt><\/div><\/dl><dl class='gallery-item'  data-title='' data-description=''><div class='gallery-item-wrapper'>\n\t\t\t\t<dt class='gallery-icon landscape'>\n\t\t\t\t\t<a href='https:\/\/congresos.contraelcancer.es\/comunidad-valenciana\/wp-content\/uploads\/sites\/13\/2024\/09\/Congreso-AECC-Dia-2_171-G.jpg'><img loading=\"lazy\" decoding=\"async\" width=\"1000\" height=\"667\" src=\"https:\/\/congresos.contraelcancer.es\/comunidad-valenciana\/wp-content\/uploads\/sites\/13\/2024\/09\/Congreso-AECC-Dia-2_171-G.jpg\" class=\"attachment-large size-large\" alt=\"\" srcset=\"https:\/\/congresos.contraelcancer.es\/comunidad-valenciana\/wp-content\/uploads\/sites\/13\/2024\/09\/Congreso-AECC-Dia-2_171-G.jpg 1000w, https:\/\/congresos.contraelcancer.es\/comunidad-valenciana\/wp-content\/uploads\/sites\/13\/2024\/09\/Congreso-AECC-Dia-2_171-G-300x200.jpg 300w, https:\/\/congresos.contraelcancer.es\/comunidad-valenciana\/wp-content\/uploads\/sites\/13\/2024\/09\/Congreso-AECC-Dia-2_171-G-768x512.jpg 768w, https:\/\/congresos.contraelcancer.es\/comunidad-valenciana\/wp-content\/uploads\/sites\/13\/2024\/09\/Congreso-AECC-Dia-2_171-G-112x75.jpg 112w, https:\/\/congresos.contraelcancer.es\/comunidad-valenciana\/wp-content\/uploads\/sites\/13\/2024\/09\/Congreso-AECC-Dia-2_171-G-480x320.jpg 480w\" sizes=\"(max-width:767px) 480px, (max-width:1000px) 100vw, 1000px\" \/><\/a>\n\t\t\t\t<\/dt><\/div><\/dl><dl class='gallery-item'  data-title='' data-description=''><div class='gallery-item-wrapper'>\n\t\t\t\t<dt class='gallery-icon landscape'>\n\t\t\t\t\t<a href='https:\/\/congresos.contraelcancer.es\/comunidad-valenciana\/wp-content\/uploads\/sites\/13\/2024\/09\/Congreso-AECC-Dia-2_151-G.jpg'><img loading=\"lazy\" decoding=\"async\" width=\"1000\" height=\"667\" src=\"https:\/\/congresos.contraelcancer.es\/comunidad-valenciana\/wp-content\/uploads\/sites\/13\/2024\/09\/Congreso-AECC-Dia-2_151-G.jpg\" class=\"attachment-large size-large\" alt=\"\" srcset=\"https:\/\/congresos.contraelcancer.es\/comunidad-valenciana\/wp-content\/uploads\/sites\/13\/2024\/09\/Congreso-AECC-Dia-2_151-G.jpg 1000w, https:\/\/congresos.contraelcancer.es\/comunidad-valenciana\/wp-content\/uploads\/sites\/13\/2024\/09\/Congreso-AECC-Dia-2_151-G-300x200.jpg 300w, https:\/\/congresos.contraelcancer.es\/comunidad-valenciana\/wp-content\/uploads\/sites\/13\/2024\/09\/Congreso-AECC-Dia-2_151-G-768x512.jpg 768w, https:\/\/congresos.contraelcancer.es\/comunidad-valenciana\/wp-content\/uploads\/sites\/13\/2024\/09\/Congreso-AECC-Dia-2_151-G-112x75.jpg 112w, https:\/\/congresos.contraelcancer.es\/comunidad-valenciana\/wp-content\/uploads\/sites\/13\/2024\/09\/Congreso-AECC-Dia-2_151-G-480x320.jpg 480w\" sizes=\"(max-width:767px) 480px, (max-width:1000px) 100vw, 1000px\" \/><\/a>\n\t\t\t\t<\/dt><\/div><\/dl><dl class='gallery-item'  data-title='' data-description=''><div class='gallery-item-wrapper'>\n\t\t\t\t<dt class='gallery-icon landscape'>\n\t\t\t\t\t<a href='https:\/\/congresos.contraelcancer.es\/comunidad-valenciana\/wp-content\/uploads\/sites\/13\/2024\/09\/Congreso-AECC-Dia-2_145-G.jpg'><img loading=\"lazy\" decoding=\"async\" width=\"1000\" height=\"667\" src=\"https:\/\/congresos.contraelcancer.es\/comunidad-valenciana\/wp-content\/uploads\/sites\/13\/2024\/09\/Congreso-AECC-Dia-2_145-G.jpg\" class=\"attachment-large size-large\" alt=\"\" srcset=\"https:\/\/congresos.contraelcancer.es\/comunidad-valenciana\/wp-content\/uploads\/sites\/13\/2024\/09\/Congreso-AECC-Dia-2_145-G.jpg 1000w, https:\/\/congresos.contraelcancer.es\/comunidad-valenciana\/wp-content\/uploads\/sites\/13\/2024\/09\/Congreso-AECC-Dia-2_145-G-300x200.jpg 300w, https:\/\/congresos.contraelcancer.es\/comunidad-valenciana\/wp-content\/uploads\/sites\/13\/2024\/09\/Congreso-AECC-Dia-2_145-G-768x512.jpg 768w, https:\/\/congresos.contraelcancer.es\/comunidad-valenciana\/wp-content\/uploads\/sites\/13\/2024\/09\/Congreso-AECC-Dia-2_145-G-112x75.jpg 112w, https:\/\/congresos.contraelcancer.es\/comunidad-valenciana\/wp-content\/uploads\/sites\/13\/2024\/09\/Congreso-AECC-Dia-2_145-G-480x320.jpg 480w\" sizes=\"(max-width:767px) 480px, (max-width:1000px) 100vw, 1000px\" \/><\/a>\n\t\t\t\t<\/dt><\/div><\/dl><br style=\"clear: both\" \/><dl class='gallery-item'  data-title='JLBI2183' data-description=''><div class='gallery-item-wrapper'>\n\t\t\t\t<dt class='gallery-icon landscape'>\n\t\t\t\t\t<a href='https:\/\/congresos.contraelcancer.es\/comunidad-valenciana\/wp-content\/uploads\/sites\/13\/2024\/09\/JLBI2183-1.jpg'><img loading=\"lazy\" decoding=\"async\" width=\"667\" height=\"375\" src=\"https:\/\/congresos.contraelcancer.es\/comunidad-valenciana\/wp-content\/uploads\/sites\/13\/2024\/09\/JLBI2183-1.jpg\" class=\"attachment-large size-large\" alt=\"\" srcset=\"https:\/\/congresos.contraelcancer.es\/comunidad-valenciana\/wp-content\/uploads\/sites\/13\/2024\/09\/JLBI2183-1.jpg 667w, https:\/\/congresos.contraelcancer.es\/comunidad-valenciana\/wp-content\/uploads\/sites\/13\/2024\/09\/JLBI2183-1-300x169.jpg 300w, https:\/\/congresos.contraelcancer.es\/comunidad-valenciana\/wp-content\/uploads\/sites\/13\/2024\/09\/JLBI2183-1-133x75.jpg 133w, https:\/\/congresos.contraelcancer.es\/comunidad-valenciana\/wp-content\/uploads\/sites\/13\/2024\/09\/JLBI2183-1-480x270.jpg 480w\" sizes=\"(max-width:767px) 480px, 667px\" \/><\/a>\n\t\t\t\t<\/dt><\/div><\/dl>\n\t\t\t\t<br style='clear: both' \/>\n\t\t\t<\/div>\n\t\t\t\t<\/div>\n\t\t\t\t<\/div>\n\t\t\t\t\t<\/div>\n\t\t<\/div>\n\t\t\t\t\t<\/div>\n\t\t<\/section>\n\t\t\t\t<\/div>\n\t\t","protected":false},"excerpt":{"rendered":"<p>II Congreso para personas con C\u00e1ncer y familiares de la Comunidad Valenciana #sc_gallery-4638 { margin: auto; } #sc_gallery-4638 .gallery-item { float: left; text-align: center; width: 24.99%;<span class=\"excerpt-hellip\"> [\u2026]<\/span><\/p>\n","protected":false},"author":13,"featured_media":0,"parent":0,"menu_order":0,"comment_status":"closed","ping_status":"closed","template":"","meta":{"_acf_changed":false,"footnotes":""},"class_list":["post-1947","page","type-page","status-publish","hentry"],"acf":[],"yoast_head":"<!-- This site is optimized with the Yoast SEO Premium plugin v21.3 (Yoast SEO v27.4) - https:\/\/yoast.com\/product\/yoast-seo-premium-wordpress\/ -->\n<title>Galer\u00eda de fotos 2024 - Comunidad Valenciana<\/title>\n<meta name=\"robots\" content=\"index, follow, max-snippet:-1, max-image-preview:large, max-video-preview:-1\" \/>\n<link rel=\"canonical\" href=\"https:\/\/congresos.contraelcancer.es\/comunidad-valenciana\/galeria-de-fotos-2024\/\" \/>\n<meta property=\"og:locale\" content=\"es_ES\" \/>\n<meta property=\"og:type\" content=\"article\" \/>\n<meta property=\"og:title\" content=\"Galer\u00eda de fotos 2024\" \/>\n<meta property=\"og:description\" content=\"II Congreso para personas con C\u00e1ncer y familiares de la Comunidad Valenciana #sc_gallery-4638 { margin: auto; } #sc_gallery-4638 .gallery-item { float: left; text-align: center; width: 24.99%; [\u2026]\" \/>\n<meta property=\"og:url\" content=\"https:\/\/congresos.contraelcancer.es\/comunidad-valenciana\/galeria-de-fotos-2024\/\" \/>\n<meta property=\"og:site_name\" content=\"Comunidad Valenciana\" \/>\n<meta property=\"article:modified_time\" content=\"2024-09-20T08:23:54+00:00\" \/>\n<meta property=\"og:image\" content=\"https:\/\/congresos.contraelcancer.es\/comunidad-valenciana\/wp-content\/uploads\/sites\/13\/2024\/09\/WhatsApp-Image-2024-09-14-at-10.32.05.jpeg\" \/>\n<meta name=\"twitter:card\" content=\"summary_large_image\" \/>\n<meta name=\"twitter:label1\" content=\"Tiempo de lectura\" \/>\n\t<meta name=\"twitter:data1\" content=\"6 minutos\" \/>\n<script type=\"application\/ld+json\" class=\"yoast-schema-graph\">{\"@context\":\"https:\\\/\\\/schema.org\",\"@graph\":[{\"@type\":\"WebPage\",\"@id\":\"https:\\\/\\\/congresos.contraelcancer.es\\\/comunidad-valenciana\\\/galeria-de-fotos-2024\\\/\",\"url\":\"https:\\\/\\\/congresos.contraelcancer.es\\\/comunidad-valenciana\\\/galeria-de-fotos-2024\\\/\",\"name\":\"Galer\u00eda de fotos 2024 - Comunidad Valenciana\",\"isPartOf\":{\"@id\":\"https:\\\/\\\/congresos.contraelcancer.es\\\/comunidad-valenciana\\\/#website\"},\"primaryImageOfPage\":{\"@id\":\"https:\\\/\\\/congresos.contraelcancer.es\\\/comunidad-valenciana\\\/galeria-de-fotos-2024\\\/#primaryimage\"},\"image\":{\"@id\":\"https:\\\/\\\/congresos.contraelcancer.es\\\/comunidad-valenciana\\\/galeria-de-fotos-2024\\\/#primaryimage\"},\"thumbnailUrl\":\"https:\\\/\\\/congresos.contraelcancer.es\\\/comunidad-valenciana\\\/wp-content\\\/uploads\\\/sites\\\/13\\\/2024\\\/09\\\/WhatsApp-Image-2024-09-14-at-10.32.05.jpeg\",\"datePublished\":\"2024-09-17T14:08:27+00:00\",\"dateModified\":\"2024-09-20T08:23:54+00:00\",\"breadcrumb\":{\"@id\":\"https:\\\/\\\/congresos.contraelcancer.es\\\/comunidad-valenciana\\\/galeria-de-fotos-2024\\\/#breadcrumb\"},\"inLanguage\":\"es\",\"potentialAction\":[{\"@type\":\"ReadAction\",\"target\":[\"https:\\\/\\\/congresos.contraelcancer.es\\\/comunidad-valenciana\\\/galeria-de-fotos-2024\\\/\"]}]},{\"@type\":\"ImageObject\",\"inLanguage\":\"es\",\"@id\":\"https:\\\/\\\/congresos.contraelcancer.es\\\/comunidad-valenciana\\\/galeria-de-fotos-2024\\\/#primaryimage\",\"url\":\"https:\\\/\\\/congresos.contraelcancer.es\\\/comunidad-valenciana\\\/wp-content\\\/uploads\\\/sites\\\/13\\\/2024\\\/09\\\/WhatsApp-Image-2024-09-14-at-10.32.05.jpeg\",\"contentUrl\":\"https:\\\/\\\/congresos.contraelcancer.es\\\/comunidad-valenciana\\\/wp-content\\\/uploads\\\/sites\\\/13\\\/2024\\\/09\\\/WhatsApp-Image-2024-09-14-at-10.32.05.jpeg\"},{\"@type\":\"BreadcrumbList\",\"@id\":\"https:\\\/\\\/congresos.contraelcancer.es\\\/comunidad-valenciana\\\/galeria-de-fotos-2024\\\/#breadcrumb\",\"itemListElement\":[{\"@type\":\"ListItem\",\"position\":1,\"name\":\"Portada\",\"item\":\"https:\\\/\\\/congresos.contraelcancer.es\\\/comunidad-valenciana\\\/\"},{\"@type\":\"ListItem\",\"position\":2,\"name\":\"Galer\u00eda de fotos 2024\"}]},{\"@type\":\"WebSite\",\"@id\":\"https:\\\/\\\/congresos.contraelcancer.es\\\/comunidad-valenciana\\\/#website\",\"url\":\"https:\\\/\\\/congresos.contraelcancer.es\\\/comunidad-valenciana\\\/\",\"name\":\"Comunidad Valenciana\",\"description\":\"Asociaci\u00f3n espa\u00f1ola contra el c\u00e1ncer\",\"publisher\":{\"@id\":\"https:\\\/\\\/congresos.contraelcancer.es\\\/comunidad-valenciana\\\/#organization\"},\"potentialAction\":[{\"@type\":\"SearchAction\",\"target\":{\"@type\":\"EntryPoint\",\"urlTemplate\":\"https:\\\/\\\/congresos.contraelcancer.es\\\/comunidad-valenciana\\\/?s={search_term_string}\"},\"query-input\":{\"@type\":\"PropertyValueSpecification\",\"valueRequired\":true,\"valueName\":\"search_term_string\"}}],\"inLanguage\":\"es\"},{\"@type\":\"Organization\",\"@id\":\"https:\\\/\\\/congresos.contraelcancer.es\\\/comunidad-valenciana\\\/#organization\",\"name\":\"Comunidad Valenciana\",\"url\":\"https:\\\/\\\/congresos.contraelcancer.es\\\/comunidad-valenciana\\\/\",\"logo\":{\"@type\":\"ImageObject\",\"inLanguage\":\"es\",\"@id\":\"https:\\\/\\\/congresos.contraelcancer.es\\\/comunidad-valenciana\\\/#\\\/schema\\\/logo\\\/image\\\/\",\"url\":\"https:\\\/\\\/congresos.contraelcancer.es\\\/comunidad-valenciana\\\/wp-content\\\/uploads\\\/sites\\\/13\\\/2023\\\/04\\\/cropped-AECC_logo-460px.png\",\"contentUrl\":\"https:\\\/\\\/congresos.contraelcancer.es\\\/comunidad-valenciana\\\/wp-content\\\/uploads\\\/sites\\\/13\\\/2023\\\/04\\\/cropped-AECC_logo-460px.png\",\"width\":460,\"height\":145,\"caption\":\"Comunidad Valenciana\"},\"image\":{\"@id\":\"https:\\\/\\\/congresos.contraelcancer.es\\\/comunidad-valenciana\\\/#\\\/schema\\\/logo\\\/image\\\/\"}}]}<\/script>\n<!-- \/ Yoast SEO Premium plugin. -->","yoast_head_json":{"title":"Galer\u00eda de fotos 2024 - Comunidad Valenciana","robots":{"index":"index","follow":"follow","max-snippet":"max-snippet:-1","max-image-preview":"max-image-preview:large","max-video-preview":"max-video-preview:-1"},"canonical":"https:\/\/congresos.contraelcancer.es\/comunidad-valenciana\/galeria-de-fotos-2024\/","og_locale":"es_ES","og_type":"article","og_title":"Galer\u00eda de fotos 2024","og_description":"II Congreso para personas con C\u00e1ncer y familiares de la Comunidad Valenciana #sc_gallery-4638 { margin: auto; } #sc_gallery-4638 .gallery-item { float: left; text-align: center; width: 24.99%; [\u2026]","og_url":"https:\/\/congresos.contraelcancer.es\/comunidad-valenciana\/galeria-de-fotos-2024\/","og_site_name":"Comunidad Valenciana","article_modified_time":"2024-09-20T08:23:54+00:00","og_image":[{"url":"https:\/\/congresos.contraelcancer.es\/comunidad-valenciana\/wp-content\/uploads\/sites\/13\/2024\/09\/WhatsApp-Image-2024-09-14-at-10.32.05.jpeg","type":"","width":"","height":""}],"twitter_card":"summary_large_image","twitter_misc":{"Tiempo de lectura":"6 minutos"},"schema":{"@context":"https:\/\/schema.org","@graph":[{"@type":"WebPage","@id":"https:\/\/congresos.contraelcancer.es\/comunidad-valenciana\/galeria-de-fotos-2024\/","url":"https:\/\/congresos.contraelcancer.es\/comunidad-valenciana\/galeria-de-fotos-2024\/","name":"Galer\u00eda de fotos 2024 - Comunidad Valenciana","isPartOf":{"@id":"https:\/\/congresos.contraelcancer.es\/comunidad-valenciana\/#website"},"primaryImageOfPage":{"@id":"https:\/\/congresos.contraelcancer.es\/comunidad-valenciana\/galeria-de-fotos-2024\/#primaryimage"},"image":{"@id":"https:\/\/congresos.contraelcancer.es\/comunidad-valenciana\/galeria-de-fotos-2024\/#primaryimage"},"thumbnailUrl":"https:\/\/congresos.contraelcancer.es\/comunidad-valenciana\/wp-content\/uploads\/sites\/13\/2024\/09\/WhatsApp-Image-2024-09-14-at-10.32.05.jpeg","datePublished":"2024-09-17T14:08:27+00:00","dateModified":"2024-09-20T08:23:54+00:00","breadcrumb":{"@id":"https:\/\/congresos.contraelcancer.es\/comunidad-valenciana\/galeria-de-fotos-2024\/#breadcrumb"},"inLanguage":"es","potentialAction":[{"@type":"ReadAction","target":["https:\/\/congresos.contraelcancer.es\/comunidad-valenciana\/galeria-de-fotos-2024\/"]}]},{"@type":"ImageObject","inLanguage":"es","@id":"https:\/\/congresos.contraelcancer.es\/comunidad-valenciana\/galeria-de-fotos-2024\/#primaryimage","url":"https:\/\/congresos.contraelcancer.es\/comunidad-valenciana\/wp-content\/uploads\/sites\/13\/2024\/09\/WhatsApp-Image-2024-09-14-at-10.32.05.jpeg","contentUrl":"https:\/\/congresos.contraelcancer.es\/comunidad-valenciana\/wp-content\/uploads\/sites\/13\/2024\/09\/WhatsApp-Image-2024-09-14-at-10.32.05.jpeg"},{"@type":"BreadcrumbList","@id":"https:\/\/congresos.contraelcancer.es\/comunidad-valenciana\/galeria-de-fotos-2024\/#breadcrumb","itemListElement":[{"@type":"ListItem","position":1,"name":"Portada","item":"https:\/\/congresos.contraelcancer.es\/comunidad-valenciana\/"},{"@type":"ListItem","position":2,"name":"Galer\u00eda de fotos 2024"}]},{"@type":"WebSite","@id":"https:\/\/congresos.contraelcancer.es\/comunidad-valenciana\/#website","url":"https:\/\/congresos.contraelcancer.es\/comunidad-valenciana\/","name":"Comunidad Valenciana","description":"Asociaci\u00f3n espa\u00f1ola contra el c\u00e1ncer","publisher":{"@id":"https:\/\/congresos.contraelcancer.es\/comunidad-valenciana\/#organization"},"potentialAction":[{"@type":"SearchAction","target":{"@type":"EntryPoint","urlTemplate":"https:\/\/congresos.contraelcancer.es\/comunidad-valenciana\/?s={search_term_string}"},"query-input":{"@type":"PropertyValueSpecification","valueRequired":true,"valueName":"search_term_string"}}],"inLanguage":"es"},{"@type":"Organization","@id":"https:\/\/congresos.contraelcancer.es\/comunidad-valenciana\/#organization","name":"Comunidad Valenciana","url":"https:\/\/congresos.contraelcancer.es\/comunidad-valenciana\/","logo":{"@type":"ImageObject","inLanguage":"es","@id":"https:\/\/congresos.contraelcancer.es\/comunidad-valenciana\/#\/schema\/logo\/image\/","url":"https:\/\/congresos.contraelcancer.es\/comunidad-valenciana\/wp-content\/uploads\/sites\/13\/2023\/04\/cropped-AECC_logo-460px.png","contentUrl":"https:\/\/congresos.contraelcancer.es\/comunidad-valenciana\/wp-content\/uploads\/sites\/13\/2023\/04\/cropped-AECC_logo-460px.png","width":460,"height":145,"caption":"Comunidad Valenciana"},"image":{"@id":"https:\/\/congresos.contraelcancer.es\/comunidad-valenciana\/#\/schema\/logo\/image\/"}}]}},"_links":{"self":[{"href":"https:\/\/congresos.contraelcancer.es\/comunidad-valenciana\/wp-json\/wp\/v2\/pages\/1947","targetHints":{"allow":["GET"]}}],"collection":[{"href":"https:\/\/congresos.contraelcancer.es\/comunidad-valenciana\/wp-json\/wp\/v2\/pages"}],"about":[{"href":"https:\/\/congresos.contraelcancer.es\/comunidad-valenciana\/wp-json\/wp\/v2\/types\/page"}],"author":[{"embeddable":true,"href":"https:\/\/congresos.contraelcancer.es\/comunidad-valenciana\/wp-json\/wp\/v2\/users\/13"}],"replies":[{"embeddable":true,"href":"https:\/\/congresos.contraelcancer.es\/comunidad-valenciana\/wp-json\/wp\/v2\/comments?post=1947"}],"version-history":[{"count":7,"href":"https:\/\/congresos.contraelcancer.es\/comunidad-valenciana\/wp-json\/wp\/v2\/pages\/1947\/revisions"}],"predecessor-version":[{"id":1989,"href":"https:\/\/congresos.contraelcancer.es\/comunidad-valenciana\/wp-json\/wp\/v2\/pages\/1947\/revisions\/1989"}],"wp:attachment":[{"href":"https:\/\/congresos.contraelcancer.es\/comunidad-valenciana\/wp-json\/wp\/v2\/media?parent=1947"}],"curies":[{"name":"wp","href":"https:\/\/api.w.org\/{rel}","templated":true}]}}