{"id":2124,"date":"2024-06-12T15:01:52","date_gmt":"2024-06-12T15:01:52","guid":{"rendered":"https:\/\/congresos.contraelcancer.es\/cataluna\/?page_id=2124"},"modified":"2024-06-12T15:22:40","modified_gmt":"2024-06-12T15:22:40","slug":"galeria-congreso-2024","status":"publish","type":"page","link":"https:\/\/congresos.contraelcancer.es\/cataluna\/galeria-congreso-2024\/","title":{"rendered":"Ver m\u00e1s im\u00e1genes 2024"},"content":{"rendered":"\t\t<div data-elementor-type=\"wp-page\" data-elementor-id=\"2124\" class=\"elementor elementor-2124\" data-elementor-post-type=\"page\">\n\t\t\t\t\t\t<section class=\"elementor-section elementor-top-section elementor-element elementor-element-19326985 elementor-section-boxed elementor-section-height-default elementor-section-height-default\" data-id=\"19326985\" data-element_type=\"section\" data-e-type=\"section\">\n\t\t\t\t\t\t<div class=\"elementor-container elementor-column-gap-default\">\n\t\t\t\t\t<div class=\"elementor-column elementor-col-100 elementor-top-column elementor-element elementor-element-33ba0d2e\" data-id=\"33ba0d2e\" data-element_type=\"column\" data-e-type=\"column\">\n\t\t\t<div class=\"elementor-widget-wrap elementor-element-populated\">\n\t\t\t\t\t\t<div class=\"elementor-element elementor-element-24465a4f elementor-invisible elementor-widget elementor-widget-heading\" data-id=\"24465a4f\" data-element_type=\"widget\" data-e-type=\"widget\" data-settings=\"{&quot;_animation&quot;:&quot;zoomIn&quot;}\" data-widget_type=\"heading.default\">\n\t\t\t\t\t<h3 class=\"elementor-heading-title elementor-size-default\">III Congreso de personas con\nc\u00e1ncer y familiares.\nCatalunya 2024.<\/h3>\t\t\t\t<\/div>\n\t\t\t\t\t<\/div>\n\t\t<\/div>\n\t\t\t\t\t<\/div>\n\t\t<\/section>\n\t\t\t\t<section class=\"elementor-section elementor-top-section elementor-element elementor-element-5d26ff09 elementor-section-boxed elementor-section-height-default elementor-section-height-default\" data-id=\"5d26ff09\" data-element_type=\"section\" data-e-type=\"section\">\n\t\t\t\t\t\t<div class=\"elementor-container elementor-column-gap-default\">\n\t\t\t\t\t<div class=\"elementor-column elementor-col-100 elementor-top-column elementor-element elementor-element-12bf48fe\" data-id=\"12bf48fe\" data-element_type=\"column\" data-e-type=\"column\">\n\t\t\t<div class=\"elementor-widget-wrap elementor-element-populated\">\n\t\t\t\t\t\t<div class=\"elementor-element elementor-element-6eb895bc elementor-widget elementor-widget-mfn_gallery\" data-id=\"6eb895bc\" data-element_type=\"widget\" data-e-type=\"widget\" data-widget_type=\"mfn_gallery.default\">\n\t\t\t\t<div class=\"elementor-widget-container\">\n\t\t\t\t\t\n\t\t\t<style type='text\/css'>\n\t\t\t\t#sc_gallery-1 {\n\t\t\t\t\tmargin: auto;\n\t\t\t\t}\n\t\t\t\t#sc_gallery-1 .gallery-item {\n\t\t\t\t\tfloat: left;\n\t\t\t\t\ttext-align: center;\n\t\t\t\t\twidth: 24.99%;\n\t\t\t\t}\n\t\t\t\t#sc_gallery-1 img {\n\t\t\t\t\tborder: 2px solid #cfcfcf;\n\t\t\t\t}\n\t\t\t\t\/* see sc_gallery() in functions\/theme-shortcodes.php *\/\n\t\t\t<\/style>\n\t\t<div id='sc_gallery-1' class='gallery galleryid-2124 gallery-columns-4 gallery-size-large file element_classes masonry'><dl class='gallery-item'  data-title='III Congres persones amb cancer i familiars DSC_5513_BQ' data-description=''><div class='gallery-item-wrapper'>\n\t\t\t\t<dt class='gallery-icon landscape'>\n\t\t\t\t\t<a href='https:\/\/congresos.contraelcancer.es\/cataluna\/wp-content\/uploads\/sites\/9\/2024\/06\/III-Congres-persones-amb-cancer-i-familiars-DSC_5513_BQ.jpg'><img fetchpriority=\"high\" decoding=\"async\" width=\"1024\" height=\"683\" src=\"https:\/\/congresos.contraelcancer.es\/cataluna\/wp-content\/uploads\/sites\/9\/2024\/06\/III-Congres-persones-amb-cancer-i-familiars-DSC_5513_BQ-1024x683.jpg\" class=\"attachment-large size-large\" alt=\"\" srcset=\"https:\/\/congresos.contraelcancer.es\/cataluna\/wp-content\/uploads\/sites\/9\/2024\/06\/III-Congres-persones-amb-cancer-i-familiars-DSC_5513_BQ-1024x683.jpg 1024w, https:\/\/congresos.contraelcancer.es\/cataluna\/wp-content\/uploads\/sites\/9\/2024\/06\/III-Congres-persones-amb-cancer-i-familiars-DSC_5513_BQ-300x200.jpg 300w, https:\/\/congresos.contraelcancer.es\/cataluna\/wp-content\/uploads\/sites\/9\/2024\/06\/III-Congres-persones-amb-cancer-i-familiars-DSC_5513_BQ-768x512.jpg 768w, https:\/\/congresos.contraelcancer.es\/cataluna\/wp-content\/uploads\/sites\/9\/2024\/06\/III-Congres-persones-amb-cancer-i-familiars-DSC_5513_BQ-113x75.jpg 113w, https:\/\/congresos.contraelcancer.es\/cataluna\/wp-content\/uploads\/sites\/9\/2024\/06\/III-Congres-persones-amb-cancer-i-familiars-DSC_5513_BQ-480x320.jpg 480w\" sizes=\"(max-width:767px) 480px, (max-width:1024px) 100vw, 1024px\" \/><\/a>\n\t\t\t\t<\/dt><\/div><\/dl><dl class='gallery-item'  data-title='III Congres persones amb cancer i familiars DSC_5516_BQ' data-description=''><div class='gallery-item-wrapper'>\n\t\t\t\t<dt class='gallery-icon landscape'>\n\t\t\t\t\t<a href='https:\/\/congresos.contraelcancer.es\/cataluna\/wp-content\/uploads\/sites\/9\/2024\/06\/III-Congres-persones-amb-cancer-i-familiars-DSC_5516_BQ.jpg'><img decoding=\"async\" width=\"1024\" height=\"683\" src=\"https:\/\/congresos.contraelcancer.es\/cataluna\/wp-content\/uploads\/sites\/9\/2024\/06\/III-Congres-persones-amb-cancer-i-familiars-DSC_5516_BQ-1024x683.jpg\" class=\"attachment-large size-large\" alt=\"\" srcset=\"https:\/\/congresos.contraelcancer.es\/cataluna\/wp-content\/uploads\/sites\/9\/2024\/06\/III-Congres-persones-amb-cancer-i-familiars-DSC_5516_BQ-1024x683.jpg 1024w, https:\/\/congresos.contraelcancer.es\/cataluna\/wp-content\/uploads\/sites\/9\/2024\/06\/III-Congres-persones-amb-cancer-i-familiars-DSC_5516_BQ-300x200.jpg 300w, https:\/\/congresos.contraelcancer.es\/cataluna\/wp-content\/uploads\/sites\/9\/2024\/06\/III-Congres-persones-amb-cancer-i-familiars-DSC_5516_BQ-768x512.jpg 768w, https:\/\/congresos.contraelcancer.es\/cataluna\/wp-content\/uploads\/sites\/9\/2024\/06\/III-Congres-persones-amb-cancer-i-familiars-DSC_5516_BQ-113x75.jpg 113w, https:\/\/congresos.contraelcancer.es\/cataluna\/wp-content\/uploads\/sites\/9\/2024\/06\/III-Congres-persones-amb-cancer-i-familiars-DSC_5516_BQ-480x320.jpg 480w\" sizes=\"(max-width:767px) 480px, (max-width:1024px) 100vw, 1024px\" \/><\/a>\n\t\t\t\t<\/dt><\/div><\/dl><dl class='gallery-item'  data-title='III Congres persones amb cancer i familiars DSC_5522' data-description=''><div class='gallery-item-wrapper'>\n\t\t\t\t<dt class='gallery-icon landscape'>\n\t\t\t\t\t<a href='https:\/\/congresos.contraelcancer.es\/cataluna\/wp-content\/uploads\/sites\/9\/2024\/06\/III-Congres-persones-amb-cancer-i-familiars-DSC_5522-scaled.jpg'><img decoding=\"async\" width=\"1024\" height=\"847\" src=\"https:\/\/congresos.contraelcancer.es\/cataluna\/wp-content\/uploads\/sites\/9\/2024\/06\/III-Congres-persones-amb-cancer-i-familiars-DSC_5522-1024x847.jpg\" class=\"attachment-large size-large\" alt=\"\" srcset=\"https:\/\/congresos.contraelcancer.es\/cataluna\/wp-content\/uploads\/sites\/9\/2024\/06\/III-Congres-persones-amb-cancer-i-familiars-DSC_5522-1024x847.jpg 1024w, https:\/\/congresos.contraelcancer.es\/cataluna\/wp-content\/uploads\/sites\/9\/2024\/06\/III-Congres-persones-amb-cancer-i-familiars-DSC_5522-300x248.jpg 300w, https:\/\/congresos.contraelcancer.es\/cataluna\/wp-content\/uploads\/sites\/9\/2024\/06\/III-Congres-persones-amb-cancer-i-familiars-DSC_5522-768x635.jpg 768w, https:\/\/congresos.contraelcancer.es\/cataluna\/wp-content\/uploads\/sites\/9\/2024\/06\/III-Congres-persones-amb-cancer-i-familiars-DSC_5522-91x75.jpg 91w, https:\/\/congresos.contraelcancer.es\/cataluna\/wp-content\/uploads\/sites\/9\/2024\/06\/III-Congres-persones-amb-cancer-i-familiars-DSC_5522-480x397.jpg 480w\" sizes=\"(max-width:767px) 480px, (max-width:1024px) 100vw, 1024px\" \/><\/a>\n\t\t\t\t<\/dt><\/div><\/dl><dl class='gallery-item'  data-title='III Congres persones amb cancer i familiars DSC_5527' data-description=''><div class='gallery-item-wrapper'>\n\t\t\t\t<dt class='gallery-icon landscape'>\n\t\t\t\t\t<a href='https:\/\/congresos.contraelcancer.es\/cataluna\/wp-content\/uploads\/sites\/9\/2024\/06\/III-Congres-persones-amb-cancer-i-familiars-DSC_5527-scaled.jpg'><img loading=\"lazy\" decoding=\"async\" width=\"1024\" height=\"683\" src=\"https:\/\/congresos.contraelcancer.es\/cataluna\/wp-content\/uploads\/sites\/9\/2024\/06\/III-Congres-persones-amb-cancer-i-familiars-DSC_5527-1024x683.jpg\" class=\"attachment-large size-large\" alt=\"\" srcset=\"https:\/\/congresos.contraelcancer.es\/cataluna\/wp-content\/uploads\/sites\/9\/2024\/06\/III-Congres-persones-amb-cancer-i-familiars-DSC_5527-1024x683.jpg 1024w, https:\/\/congresos.contraelcancer.es\/cataluna\/wp-content\/uploads\/sites\/9\/2024\/06\/III-Congres-persones-amb-cancer-i-familiars-DSC_5527-300x200.jpg 300w, https:\/\/congresos.contraelcancer.es\/cataluna\/wp-content\/uploads\/sites\/9\/2024\/06\/III-Congres-persones-amb-cancer-i-familiars-DSC_5527-768x512.jpg 768w, https:\/\/congresos.contraelcancer.es\/cataluna\/wp-content\/uploads\/sites\/9\/2024\/06\/III-Congres-persones-amb-cancer-i-familiars-DSC_5527-113x75.jpg 113w, https:\/\/congresos.contraelcancer.es\/cataluna\/wp-content\/uploads\/sites\/9\/2024\/06\/III-Congres-persones-amb-cancer-i-familiars-DSC_5527-480x320.jpg 480w\" sizes=\"(max-width:767px) 480px, (max-width:1024px) 100vw, 1024px\" \/><\/a>\n\t\t\t\t<\/dt><\/div><\/dl><br style=\"clear: both\" \/><dl class='gallery-item'  data-title='III Congres persones amb cancer i familiars DSC_5550_BQ' data-description=''><div class='gallery-item-wrapper'>\n\t\t\t\t<dt class='gallery-icon portrait'>\n\t\t\t\t\t<a href='https:\/\/congresos.contraelcancer.es\/cataluna\/wp-content\/uploads\/sites\/9\/2024\/06\/III-Congres-persones-amb-cancer-i-familiars-DSC_5550_BQ.jpg'><img loading=\"lazy\" decoding=\"async\" width=\"689\" height=\"1024\" src=\"https:\/\/congresos.contraelcancer.es\/cataluna\/wp-content\/uploads\/sites\/9\/2024\/06\/III-Congres-persones-amb-cancer-i-familiars-DSC_5550_BQ-689x1024.jpg\" class=\"attachment-large size-large\" alt=\"\" srcset=\"https:\/\/congresos.contraelcancer.es\/cataluna\/wp-content\/uploads\/sites\/9\/2024\/06\/III-Congres-persones-amb-cancer-i-familiars-DSC_5550_BQ-689x1024.jpg 689w, https:\/\/congresos.contraelcancer.es\/cataluna\/wp-content\/uploads\/sites\/9\/2024\/06\/III-Congres-persones-amb-cancer-i-familiars-DSC_5550_BQ-202x300.jpg 202w, https:\/\/congresos.contraelcancer.es\/cataluna\/wp-content\/uploads\/sites\/9\/2024\/06\/III-Congres-persones-amb-cancer-i-familiars-DSC_5550_BQ-50x75.jpg 50w, https:\/\/congresos.contraelcancer.es\/cataluna\/wp-content\/uploads\/sites\/9\/2024\/06\/III-Congres-persones-amb-cancer-i-familiars-DSC_5550_BQ-480x714.jpg 480w\" sizes=\"(max-width:767px) 480px, 689px\" \/><\/a>\n\t\t\t\t<\/dt><\/div><\/dl><dl class='gallery-item'  data-title='III Congres persones amb cancer i familiars DSC_5552_BQ' data-description=''><div class='gallery-item-wrapper'>\n\t\t\t\t<dt class='gallery-icon portrait'>\n\t\t\t\t\t<a href='https:\/\/congresos.contraelcancer.es\/cataluna\/wp-content\/uploads\/sites\/9\/2024\/06\/III-Congres-persones-amb-cancer-i-familiars-DSC_5552_BQ.jpg'><img loading=\"lazy\" decoding=\"async\" width=\"683\" height=\"1024\" src=\"https:\/\/congresos.contraelcancer.es\/cataluna\/wp-content\/uploads\/sites\/9\/2024\/06\/III-Congres-persones-amb-cancer-i-familiars-DSC_5552_BQ-683x1024.jpg\" class=\"attachment-large size-large\" alt=\"\" srcset=\"https:\/\/congresos.contraelcancer.es\/cataluna\/wp-content\/uploads\/sites\/9\/2024\/06\/III-Congres-persones-amb-cancer-i-familiars-DSC_5552_BQ-683x1024.jpg 683w, https:\/\/congresos.contraelcancer.es\/cataluna\/wp-content\/uploads\/sites\/9\/2024\/06\/III-Congres-persones-amb-cancer-i-familiars-DSC_5552_BQ-200x300.jpg 200w, https:\/\/congresos.contraelcancer.es\/cataluna\/wp-content\/uploads\/sites\/9\/2024\/06\/III-Congres-persones-amb-cancer-i-familiars-DSC_5552_BQ-50x75.jpg 50w, https:\/\/congresos.contraelcancer.es\/cataluna\/wp-content\/uploads\/sites\/9\/2024\/06\/III-Congres-persones-amb-cancer-i-familiars-DSC_5552_BQ-480x720.jpg 480w\" sizes=\"(max-width:767px) 480px, 683px\" \/><\/a>\n\t\t\t\t<\/dt><\/div><\/dl><dl class='gallery-item'  data-title='III Congres persones amb cancer i familiars DSC_5555_BQ' data-description=''><div class='gallery-item-wrapper'>\n\t\t\t\t<dt class='gallery-icon landscape'>\n\t\t\t\t\t<a href='https:\/\/congresos.contraelcancer.es\/cataluna\/wp-content\/uploads\/sites\/9\/2024\/06\/III-Congres-persones-amb-cancer-i-familiars-DSC_5555_BQ-1.jpg'><img loading=\"lazy\" decoding=\"async\" width=\"1024\" height=\"683\" src=\"https:\/\/congresos.contraelcancer.es\/cataluna\/wp-content\/uploads\/sites\/9\/2024\/06\/III-Congres-persones-amb-cancer-i-familiars-DSC_5555_BQ-1-1024x683.jpg\" class=\"attachment-large size-large\" alt=\"\" srcset=\"https:\/\/congresos.contraelcancer.es\/cataluna\/wp-content\/uploads\/sites\/9\/2024\/06\/III-Congres-persones-amb-cancer-i-familiars-DSC_5555_BQ-1-1024x683.jpg 1024w, https:\/\/congresos.contraelcancer.es\/cataluna\/wp-content\/uploads\/sites\/9\/2024\/06\/III-Congres-persones-amb-cancer-i-familiars-DSC_5555_BQ-1-300x200.jpg 300w, https:\/\/congresos.contraelcancer.es\/cataluna\/wp-content\/uploads\/sites\/9\/2024\/06\/III-Congres-persones-amb-cancer-i-familiars-DSC_5555_BQ-1-768x512.jpg 768w, https:\/\/congresos.contraelcancer.es\/cataluna\/wp-content\/uploads\/sites\/9\/2024\/06\/III-Congres-persones-amb-cancer-i-familiars-DSC_5555_BQ-1-113x75.jpg 113w, https:\/\/congresos.contraelcancer.es\/cataluna\/wp-content\/uploads\/sites\/9\/2024\/06\/III-Congres-persones-amb-cancer-i-familiars-DSC_5555_BQ-1-480x320.jpg 480w\" sizes=\"(max-width:767px) 480px, (max-width:1024px) 100vw, 1024px\" \/><\/a>\n\t\t\t\t<\/dt><\/div><\/dl><dl class='gallery-item'  data-title='III Congres persones amb cancer i familiars DSC_5564' data-description=''><div class='gallery-item-wrapper'>\n\t\t\t\t<dt class='gallery-icon landscape'>\n\t\t\t\t\t<a href='https:\/\/congresos.contraelcancer.es\/cataluna\/wp-content\/uploads\/sites\/9\/2024\/06\/III-Congres-persones-amb-cancer-i-familiars-DSC_5564-scaled.jpg'><img loading=\"lazy\" decoding=\"async\" width=\"1024\" height=\"683\" src=\"https:\/\/congresos.contraelcancer.es\/cataluna\/wp-content\/uploads\/sites\/9\/2024\/06\/III-Congres-persones-amb-cancer-i-familiars-DSC_5564-1024x683.jpg\" class=\"attachment-large size-large\" alt=\"\" srcset=\"https:\/\/congresos.contraelcancer.es\/cataluna\/wp-content\/uploads\/sites\/9\/2024\/06\/III-Congres-persones-amb-cancer-i-familiars-DSC_5564-1024x683.jpg 1024w, https:\/\/congresos.contraelcancer.es\/cataluna\/wp-content\/uploads\/sites\/9\/2024\/06\/III-Congres-persones-amb-cancer-i-familiars-DSC_5564-300x200.jpg 300w, https:\/\/congresos.contraelcancer.es\/cataluna\/wp-content\/uploads\/sites\/9\/2024\/06\/III-Congres-persones-amb-cancer-i-familiars-DSC_5564-768x512.jpg 768w, https:\/\/congresos.contraelcancer.es\/cataluna\/wp-content\/uploads\/sites\/9\/2024\/06\/III-Congres-persones-amb-cancer-i-familiars-DSC_5564-113x75.jpg 113w, https:\/\/congresos.contraelcancer.es\/cataluna\/wp-content\/uploads\/sites\/9\/2024\/06\/III-Congres-persones-amb-cancer-i-familiars-DSC_5564-480x320.jpg 480w\" sizes=\"(max-width:767px) 480px, (max-width:1024px) 100vw, 1024px\" \/><\/a>\n\t\t\t\t<\/dt><\/div><\/dl><br style=\"clear: both\" \/><dl class='gallery-item'  data-title='III Congres persones amb cancer i familiars DSC_5570_BQ' data-description=''><div class='gallery-item-wrapper'>\n\t\t\t\t<dt class='gallery-icon landscape'>\n\t\t\t\t\t<a href='https:\/\/congresos.contraelcancer.es\/cataluna\/wp-content\/uploads\/sites\/9\/2024\/06\/III-Congres-persones-amb-cancer-i-familiars-DSC_5570_BQ.jpg'><img loading=\"lazy\" decoding=\"async\" width=\"1024\" height=\"683\" src=\"https:\/\/congresos.contraelcancer.es\/cataluna\/wp-content\/uploads\/sites\/9\/2024\/06\/III-Congres-persones-amb-cancer-i-familiars-DSC_5570_BQ-1024x683.jpg\" class=\"attachment-large size-large\" alt=\"\" srcset=\"https:\/\/congresos.contraelcancer.es\/cataluna\/wp-content\/uploads\/sites\/9\/2024\/06\/III-Congres-persones-amb-cancer-i-familiars-DSC_5570_BQ-1024x683.jpg 1024w, https:\/\/congresos.contraelcancer.es\/cataluna\/wp-content\/uploads\/sites\/9\/2024\/06\/III-Congres-persones-amb-cancer-i-familiars-DSC_5570_BQ-300x200.jpg 300w, https:\/\/congresos.contraelcancer.es\/cataluna\/wp-content\/uploads\/sites\/9\/2024\/06\/III-Congres-persones-amb-cancer-i-familiars-DSC_5570_BQ-768x512.jpg 768w, https:\/\/congresos.contraelcancer.es\/cataluna\/wp-content\/uploads\/sites\/9\/2024\/06\/III-Congres-persones-amb-cancer-i-familiars-DSC_5570_BQ-113x75.jpg 113w, https:\/\/congresos.contraelcancer.es\/cataluna\/wp-content\/uploads\/sites\/9\/2024\/06\/III-Congres-persones-amb-cancer-i-familiars-DSC_5570_BQ-480x320.jpg 480w\" sizes=\"(max-width:767px) 480px, (max-width:1024px) 100vw, 1024px\" \/><\/a>\n\t\t\t\t<\/dt><\/div><\/dl><dl class='gallery-item'  data-title='III Congres persones amb cancer i familiars DSC_5574_BQ' data-description=''><div class='gallery-item-wrapper'>\n\t\t\t\t<dt class='gallery-icon landscape'>\n\t\t\t\t\t<a href='https:\/\/congresos.contraelcancer.es\/cataluna\/wp-content\/uploads\/sites\/9\/2024\/06\/III-Congres-persones-amb-cancer-i-familiars-DSC_5574_BQ.jpg'><img loading=\"lazy\" decoding=\"async\" width=\"1024\" height=\"683\" src=\"https:\/\/congresos.contraelcancer.es\/cataluna\/wp-content\/uploads\/sites\/9\/2024\/06\/III-Congres-persones-amb-cancer-i-familiars-DSC_5574_BQ-1024x683.jpg\" class=\"attachment-large size-large\" alt=\"\" srcset=\"https:\/\/congresos.contraelcancer.es\/cataluna\/wp-content\/uploads\/sites\/9\/2024\/06\/III-Congres-persones-amb-cancer-i-familiars-DSC_5574_BQ-1024x683.jpg 1024w, https:\/\/congresos.contraelcancer.es\/cataluna\/wp-content\/uploads\/sites\/9\/2024\/06\/III-Congres-persones-amb-cancer-i-familiars-DSC_5574_BQ-300x200.jpg 300w, https:\/\/congresos.contraelcancer.es\/cataluna\/wp-content\/uploads\/sites\/9\/2024\/06\/III-Congres-persones-amb-cancer-i-familiars-DSC_5574_BQ-768x512.jpg 768w, https:\/\/congresos.contraelcancer.es\/cataluna\/wp-content\/uploads\/sites\/9\/2024\/06\/III-Congres-persones-amb-cancer-i-familiars-DSC_5574_BQ-113x75.jpg 113w, https:\/\/congresos.contraelcancer.es\/cataluna\/wp-content\/uploads\/sites\/9\/2024\/06\/III-Congres-persones-amb-cancer-i-familiars-DSC_5574_BQ-480x320.jpg 480w\" sizes=\"(max-width:767px) 480px, (max-width:1024px) 100vw, 1024px\" \/><\/a>\n\t\t\t\t<\/dt><\/div><\/dl><dl class='gallery-item'  data-title='III Congres persones amb cancer i familiars DSC_5577_BQ' data-description=''><div class='gallery-item-wrapper'>\n\t\t\t\t<dt class='gallery-icon landscape'>\n\t\t\t\t\t<a href='https:\/\/congresos.contraelcancer.es\/cataluna\/wp-content\/uploads\/sites\/9\/2024\/06\/III-Congres-persones-amb-cancer-i-familiars-DSC_5577_BQ.jpg'><img loading=\"lazy\" decoding=\"async\" width=\"1024\" height=\"769\" src=\"https:\/\/congresos.contraelcancer.es\/cataluna\/wp-content\/uploads\/sites\/9\/2024\/06\/III-Congres-persones-amb-cancer-i-familiars-DSC_5577_BQ-1024x769.jpg\" class=\"attachment-large size-large\" alt=\"\" srcset=\"https:\/\/congresos.contraelcancer.es\/cataluna\/wp-content\/uploads\/sites\/9\/2024\/06\/III-Congres-persones-amb-cancer-i-familiars-DSC_5577_BQ-1024x769.jpg 1024w, https:\/\/congresos.contraelcancer.es\/cataluna\/wp-content\/uploads\/sites\/9\/2024\/06\/III-Congres-persones-amb-cancer-i-familiars-DSC_5577_BQ-300x225.jpg 300w, https:\/\/congresos.contraelcancer.es\/cataluna\/wp-content\/uploads\/sites\/9\/2024\/06\/III-Congres-persones-amb-cancer-i-familiars-DSC_5577_BQ-768x576.jpg 768w, https:\/\/congresos.contraelcancer.es\/cataluna\/wp-content\/uploads\/sites\/9\/2024\/06\/III-Congres-persones-amb-cancer-i-familiars-DSC_5577_BQ-100x75.jpg 100w, https:\/\/congresos.contraelcancer.es\/cataluna\/wp-content\/uploads\/sites\/9\/2024\/06\/III-Congres-persones-amb-cancer-i-familiars-DSC_5577_BQ-480x360.jpg 480w\" sizes=\"(max-width:767px) 480px, (max-width:1024px) 100vw, 1024px\" \/><\/a>\n\t\t\t\t<\/dt><\/div><\/dl><dl class='gallery-item'  data-title='III Congres persones amb cancer i familiars DSC_5581_BQ' data-description=''><div class='gallery-item-wrapper'>\n\t\t\t\t<dt class='gallery-icon landscape'>\n\t\t\t\t\t<a href='https:\/\/congresos.contraelcancer.es\/cataluna\/wp-content\/uploads\/sites\/9\/2024\/06\/III-Congres-persones-amb-cancer-i-familiars-DSC_5581_BQ.jpg'><img loading=\"lazy\" decoding=\"async\" width=\"1024\" height=\"683\" src=\"https:\/\/congresos.contraelcancer.es\/cataluna\/wp-content\/uploads\/sites\/9\/2024\/06\/III-Congres-persones-amb-cancer-i-familiars-DSC_5581_BQ-1024x683.jpg\" class=\"attachment-large size-large\" alt=\"\" srcset=\"https:\/\/congresos.contraelcancer.es\/cataluna\/wp-content\/uploads\/sites\/9\/2024\/06\/III-Congres-persones-amb-cancer-i-familiars-DSC_5581_BQ-1024x683.jpg 1024w, https:\/\/congresos.contraelcancer.es\/cataluna\/wp-content\/uploads\/sites\/9\/2024\/06\/III-Congres-persones-amb-cancer-i-familiars-DSC_5581_BQ-300x200.jpg 300w, https:\/\/congresos.contraelcancer.es\/cataluna\/wp-content\/uploads\/sites\/9\/2024\/06\/III-Congres-persones-amb-cancer-i-familiars-DSC_5581_BQ-768x512.jpg 768w, https:\/\/congresos.contraelcancer.es\/cataluna\/wp-content\/uploads\/sites\/9\/2024\/06\/III-Congres-persones-amb-cancer-i-familiars-DSC_5581_BQ-113x75.jpg 113w, https:\/\/congresos.contraelcancer.es\/cataluna\/wp-content\/uploads\/sites\/9\/2024\/06\/III-Congres-persones-amb-cancer-i-familiars-DSC_5581_BQ-480x320.jpg 480w\" sizes=\"(max-width:767px) 480px, (max-width:1024px) 100vw, 1024px\" \/><\/a>\n\t\t\t\t<\/dt><\/div><\/dl><br style=\"clear: both\" \/><dl class='gallery-item'  data-title='III Congres persones amb cancer i familiars DSC_5584_BQ' data-description=''><div class='gallery-item-wrapper'>\n\t\t\t\t<dt class='gallery-icon landscape'>\n\t\t\t\t\t<a href='https:\/\/congresos.contraelcancer.es\/cataluna\/wp-content\/uploads\/sites\/9\/2024\/06\/III-Congres-persones-amb-cancer-i-familiars-DSC_5584_BQ.jpg'><img loading=\"lazy\" decoding=\"async\" width=\"1024\" height=\"683\" src=\"https:\/\/congresos.contraelcancer.es\/cataluna\/wp-content\/uploads\/sites\/9\/2024\/06\/III-Congres-persones-amb-cancer-i-familiars-DSC_5584_BQ-1024x683.jpg\" class=\"attachment-large size-large\" alt=\"\" srcset=\"https:\/\/congresos.contraelcancer.es\/cataluna\/wp-content\/uploads\/sites\/9\/2024\/06\/III-Congres-persones-amb-cancer-i-familiars-DSC_5584_BQ-1024x683.jpg 1024w, https:\/\/congresos.contraelcancer.es\/cataluna\/wp-content\/uploads\/sites\/9\/2024\/06\/III-Congres-persones-amb-cancer-i-familiars-DSC_5584_BQ-300x200.jpg 300w, https:\/\/congresos.contraelcancer.es\/cataluna\/wp-content\/uploads\/sites\/9\/2024\/06\/III-Congres-persones-amb-cancer-i-familiars-DSC_5584_BQ-768x512.jpg 768w, https:\/\/congresos.contraelcancer.es\/cataluna\/wp-content\/uploads\/sites\/9\/2024\/06\/III-Congres-persones-amb-cancer-i-familiars-DSC_5584_BQ-113x75.jpg 113w, https:\/\/congresos.contraelcancer.es\/cataluna\/wp-content\/uploads\/sites\/9\/2024\/06\/III-Congres-persones-amb-cancer-i-familiars-DSC_5584_BQ-480x320.jpg 480w\" sizes=\"(max-width:767px) 480px, (max-width:1024px) 100vw, 1024px\" \/><\/a>\n\t\t\t\t<\/dt><\/div><\/dl><dl class='gallery-item'  data-title='III Congres persones amb cancer i familiars DSC_5588_BQ' data-description=''><div class='gallery-item-wrapper'>\n\t\t\t\t<dt class='gallery-icon landscape'>\n\t\t\t\t\t<a href='https:\/\/congresos.contraelcancer.es\/cataluna\/wp-content\/uploads\/sites\/9\/2024\/06\/III-Congres-persones-amb-cancer-i-familiars-DSC_5588_BQ.jpg'><img loading=\"lazy\" decoding=\"async\" width=\"1024\" height=\"683\" src=\"https:\/\/congresos.contraelcancer.es\/cataluna\/wp-content\/uploads\/sites\/9\/2024\/06\/III-Congres-persones-amb-cancer-i-familiars-DSC_5588_BQ-1024x683.jpg\" class=\"attachment-large size-large\" alt=\"\" srcset=\"https:\/\/congresos.contraelcancer.es\/cataluna\/wp-content\/uploads\/sites\/9\/2024\/06\/III-Congres-persones-amb-cancer-i-familiars-DSC_5588_BQ-1024x683.jpg 1024w, https:\/\/congresos.contraelcancer.es\/cataluna\/wp-content\/uploads\/sites\/9\/2024\/06\/III-Congres-persones-amb-cancer-i-familiars-DSC_5588_BQ-300x200.jpg 300w, https:\/\/congresos.contraelcancer.es\/cataluna\/wp-content\/uploads\/sites\/9\/2024\/06\/III-Congres-persones-amb-cancer-i-familiars-DSC_5588_BQ-768x512.jpg 768w, https:\/\/congresos.contraelcancer.es\/cataluna\/wp-content\/uploads\/sites\/9\/2024\/06\/III-Congres-persones-amb-cancer-i-familiars-DSC_5588_BQ-113x75.jpg 113w, https:\/\/congresos.contraelcancer.es\/cataluna\/wp-content\/uploads\/sites\/9\/2024\/06\/III-Congres-persones-amb-cancer-i-familiars-DSC_5588_BQ-480x320.jpg 480w\" sizes=\"(max-width:767px) 480px, (max-width:1024px) 100vw, 1024px\" \/><\/a>\n\t\t\t\t<\/dt><\/div><\/dl><dl class='gallery-item'  data-title='III Congres persones amb cancer i familiars DSC_5591_BQ' data-description=''><div class='gallery-item-wrapper'>\n\t\t\t\t<dt class='gallery-icon landscape'>\n\t\t\t\t\t<a href='https:\/\/congresos.contraelcancer.es\/cataluna\/wp-content\/uploads\/sites\/9\/2024\/06\/III-Congres-persones-amb-cancer-i-familiars-DSC_5591_BQ.jpg'><img loading=\"lazy\" decoding=\"async\" width=\"1024\" height=\"683\" src=\"https:\/\/congresos.contraelcancer.es\/cataluna\/wp-content\/uploads\/sites\/9\/2024\/06\/III-Congres-persones-amb-cancer-i-familiars-DSC_5591_BQ-1024x683.jpg\" class=\"attachment-large size-large\" alt=\"\" srcset=\"https:\/\/congresos.contraelcancer.es\/cataluna\/wp-content\/uploads\/sites\/9\/2024\/06\/III-Congres-persones-amb-cancer-i-familiars-DSC_5591_BQ-1024x683.jpg 1024w, https:\/\/congresos.contraelcancer.es\/cataluna\/wp-content\/uploads\/sites\/9\/2024\/06\/III-Congres-persones-amb-cancer-i-familiars-DSC_5591_BQ-300x200.jpg 300w, https:\/\/congresos.contraelcancer.es\/cataluna\/wp-content\/uploads\/sites\/9\/2024\/06\/III-Congres-persones-amb-cancer-i-familiars-DSC_5591_BQ-768x512.jpg 768w, https:\/\/congresos.contraelcancer.es\/cataluna\/wp-content\/uploads\/sites\/9\/2024\/06\/III-Congres-persones-amb-cancer-i-familiars-DSC_5591_BQ-113x75.jpg 113w, https:\/\/congresos.contraelcancer.es\/cataluna\/wp-content\/uploads\/sites\/9\/2024\/06\/III-Congres-persones-amb-cancer-i-familiars-DSC_5591_BQ-480x320.jpg 480w\" sizes=\"(max-width:767px) 480px, (max-width:1024px) 100vw, 1024px\" \/><\/a>\n\t\t\t\t<\/dt><\/div><\/dl><dl class='gallery-item'  data-title='III Congres persones amb cancer i familiars DSC_5593' data-description=''><div class='gallery-item-wrapper'>\n\t\t\t\t<dt class='gallery-icon landscape'>\n\t\t\t\t\t<a href='https:\/\/congresos.contraelcancer.es\/cataluna\/wp-content\/uploads\/sites\/9\/2024\/06\/III-Congres-persones-amb-cancer-i-familiars-DSC_5593-scaled.jpg'><img loading=\"lazy\" decoding=\"async\" width=\"1024\" height=\"683\" src=\"https:\/\/congresos.contraelcancer.es\/cataluna\/wp-content\/uploads\/sites\/9\/2024\/06\/III-Congres-persones-amb-cancer-i-familiars-DSC_5593-1024x683.jpg\" class=\"attachment-large size-large\" alt=\"\" srcset=\"https:\/\/congresos.contraelcancer.es\/cataluna\/wp-content\/uploads\/sites\/9\/2024\/06\/III-Congres-persones-amb-cancer-i-familiars-DSC_5593-1024x683.jpg 1024w, https:\/\/congresos.contraelcancer.es\/cataluna\/wp-content\/uploads\/sites\/9\/2024\/06\/III-Congres-persones-amb-cancer-i-familiars-DSC_5593-300x200.jpg 300w, https:\/\/congresos.contraelcancer.es\/cataluna\/wp-content\/uploads\/sites\/9\/2024\/06\/III-Congres-persones-amb-cancer-i-familiars-DSC_5593-768x512.jpg 768w, https:\/\/congresos.contraelcancer.es\/cataluna\/wp-content\/uploads\/sites\/9\/2024\/06\/III-Congres-persones-amb-cancer-i-familiars-DSC_5593-113x75.jpg 113w, https:\/\/congresos.contraelcancer.es\/cataluna\/wp-content\/uploads\/sites\/9\/2024\/06\/III-Congres-persones-amb-cancer-i-familiars-DSC_5593-480x320.jpg 480w\" sizes=\"(max-width:767px) 480px, (max-width:1024px) 100vw, 1024px\" \/><\/a>\n\t\t\t\t<\/dt><\/div><\/dl><br style=\"clear: both\" \/><dl class='gallery-item'  data-title='III Congres persones amb cancer i familiars DSC_5593_BQ' data-description=''><div class='gallery-item-wrapper'>\n\t\t\t\t<dt class='gallery-icon landscape'>\n\t\t\t\t\t<a href='https:\/\/congresos.contraelcancer.es\/cataluna\/wp-content\/uploads\/sites\/9\/2024\/06\/III-Congres-persones-amb-cancer-i-familiars-DSC_5593_BQ.jpg'><img loading=\"lazy\" decoding=\"async\" width=\"1024\" height=\"683\" src=\"https:\/\/congresos.contraelcancer.es\/cataluna\/wp-content\/uploads\/sites\/9\/2024\/06\/III-Congres-persones-amb-cancer-i-familiars-DSC_5593_BQ-1024x683.jpg\" class=\"attachment-large size-large\" alt=\"\" srcset=\"https:\/\/congresos.contraelcancer.es\/cataluna\/wp-content\/uploads\/sites\/9\/2024\/06\/III-Congres-persones-amb-cancer-i-familiars-DSC_5593_BQ-1024x683.jpg 1024w, https:\/\/congresos.contraelcancer.es\/cataluna\/wp-content\/uploads\/sites\/9\/2024\/06\/III-Congres-persones-amb-cancer-i-familiars-DSC_5593_BQ-300x200.jpg 300w, https:\/\/congresos.contraelcancer.es\/cataluna\/wp-content\/uploads\/sites\/9\/2024\/06\/III-Congres-persones-amb-cancer-i-familiars-DSC_5593_BQ-768x512.jpg 768w, https:\/\/congresos.contraelcancer.es\/cataluna\/wp-content\/uploads\/sites\/9\/2024\/06\/III-Congres-persones-amb-cancer-i-familiars-DSC_5593_BQ-113x75.jpg 113w, https:\/\/congresos.contraelcancer.es\/cataluna\/wp-content\/uploads\/sites\/9\/2024\/06\/III-Congres-persones-amb-cancer-i-familiars-DSC_5593_BQ-480x320.jpg 480w\" sizes=\"(max-width:767px) 480px, (max-width:1024px) 100vw, 1024px\" \/><\/a>\n\t\t\t\t<\/dt><\/div><\/dl><dl class='gallery-item'  data-title='III Congres persones amb cancer i familiars DSC_5599_BQ' data-description=''><div class='gallery-item-wrapper'>\n\t\t\t\t<dt class='gallery-icon landscape'>\n\t\t\t\t\t<a href='https:\/\/congresos.contraelcancer.es\/cataluna\/wp-content\/uploads\/sites\/9\/2024\/06\/III-Congres-persones-amb-cancer-i-familiars-DSC_5599_BQ.jpg'><img loading=\"lazy\" decoding=\"async\" width=\"1024\" height=\"683\" src=\"https:\/\/congresos.contraelcancer.es\/cataluna\/wp-content\/uploads\/sites\/9\/2024\/06\/III-Congres-persones-amb-cancer-i-familiars-DSC_5599_BQ-1024x683.jpg\" class=\"attachment-large size-large\" alt=\"\" srcset=\"https:\/\/congresos.contraelcancer.es\/cataluna\/wp-content\/uploads\/sites\/9\/2024\/06\/III-Congres-persones-amb-cancer-i-familiars-DSC_5599_BQ-1024x683.jpg 1024w, https:\/\/congresos.contraelcancer.es\/cataluna\/wp-content\/uploads\/sites\/9\/2024\/06\/III-Congres-persones-amb-cancer-i-familiars-DSC_5599_BQ-300x200.jpg 300w, https:\/\/congresos.contraelcancer.es\/cataluna\/wp-content\/uploads\/sites\/9\/2024\/06\/III-Congres-persones-amb-cancer-i-familiars-DSC_5599_BQ-768x512.jpg 768w, https:\/\/congresos.contraelcancer.es\/cataluna\/wp-content\/uploads\/sites\/9\/2024\/06\/III-Congres-persones-amb-cancer-i-familiars-DSC_5599_BQ-113x75.jpg 113w, https:\/\/congresos.contraelcancer.es\/cataluna\/wp-content\/uploads\/sites\/9\/2024\/06\/III-Congres-persones-amb-cancer-i-familiars-DSC_5599_BQ-480x320.jpg 480w\" sizes=\"(max-width:767px) 480px, (max-width:1024px) 100vw, 1024px\" \/><\/a>\n\t\t\t\t<\/dt><\/div><\/dl><dl class='gallery-item'  data-title='III Congres persones amb cancer i familiars DSC_5601_BQ' data-description=''><div class='gallery-item-wrapper'>\n\t\t\t\t<dt class='gallery-icon landscape'>\n\t\t\t\t\t<a href='https:\/\/congresos.contraelcancer.es\/cataluna\/wp-content\/uploads\/sites\/9\/2024\/06\/III-Congres-persones-amb-cancer-i-familiars-DSC_5601_BQ.jpg'><img loading=\"lazy\" decoding=\"async\" width=\"1024\" height=\"683\" src=\"https:\/\/congresos.contraelcancer.es\/cataluna\/wp-content\/uploads\/sites\/9\/2024\/06\/III-Congres-persones-amb-cancer-i-familiars-DSC_5601_BQ-1024x683.jpg\" class=\"attachment-large size-large\" alt=\"\" srcset=\"https:\/\/congresos.contraelcancer.es\/cataluna\/wp-content\/uploads\/sites\/9\/2024\/06\/III-Congres-persones-amb-cancer-i-familiars-DSC_5601_BQ-1024x683.jpg 1024w, https:\/\/congresos.contraelcancer.es\/cataluna\/wp-content\/uploads\/sites\/9\/2024\/06\/III-Congres-persones-amb-cancer-i-familiars-DSC_5601_BQ-300x200.jpg 300w, https:\/\/congresos.contraelcancer.es\/cataluna\/wp-content\/uploads\/sites\/9\/2024\/06\/III-Congres-persones-amb-cancer-i-familiars-DSC_5601_BQ-768x512.jpg 768w, https:\/\/congresos.contraelcancer.es\/cataluna\/wp-content\/uploads\/sites\/9\/2024\/06\/III-Congres-persones-amb-cancer-i-familiars-DSC_5601_BQ-113x75.jpg 113w, https:\/\/congresos.contraelcancer.es\/cataluna\/wp-content\/uploads\/sites\/9\/2024\/06\/III-Congres-persones-amb-cancer-i-familiars-DSC_5601_BQ-480x320.jpg 480w\" sizes=\"(max-width:767px) 480px, (max-width:1024px) 100vw, 1024px\" \/><\/a>\n\t\t\t\t<\/dt><\/div><\/dl><dl class='gallery-item'  data-title='III Congres persones amb cancer i familiars DSC_5604_BQ' data-description=''><div class='gallery-item-wrapper'>\n\t\t\t\t<dt class='gallery-icon landscape'>\n\t\t\t\t\t<a href='https:\/\/congresos.contraelcancer.es\/cataluna\/wp-content\/uploads\/sites\/9\/2024\/06\/III-Congres-persones-amb-cancer-i-familiars-DSC_5604_BQ.jpg'><img loading=\"lazy\" decoding=\"async\" width=\"1024\" height=\"683\" src=\"https:\/\/congresos.contraelcancer.es\/cataluna\/wp-content\/uploads\/sites\/9\/2024\/06\/III-Congres-persones-amb-cancer-i-familiars-DSC_5604_BQ-1024x683.jpg\" class=\"attachment-large size-large\" alt=\"\" srcset=\"https:\/\/congresos.contraelcancer.es\/cataluna\/wp-content\/uploads\/sites\/9\/2024\/06\/III-Congres-persones-amb-cancer-i-familiars-DSC_5604_BQ-1024x683.jpg 1024w, https:\/\/congresos.contraelcancer.es\/cataluna\/wp-content\/uploads\/sites\/9\/2024\/06\/III-Congres-persones-amb-cancer-i-familiars-DSC_5604_BQ-300x200.jpg 300w, https:\/\/congresos.contraelcancer.es\/cataluna\/wp-content\/uploads\/sites\/9\/2024\/06\/III-Congres-persones-amb-cancer-i-familiars-DSC_5604_BQ-768x512.jpg 768w, https:\/\/congresos.contraelcancer.es\/cataluna\/wp-content\/uploads\/sites\/9\/2024\/06\/III-Congres-persones-amb-cancer-i-familiars-DSC_5604_BQ-113x75.jpg 113w, https:\/\/congresos.contraelcancer.es\/cataluna\/wp-content\/uploads\/sites\/9\/2024\/06\/III-Congres-persones-amb-cancer-i-familiars-DSC_5604_BQ-480x320.jpg 480w\" sizes=\"(max-width:767px) 480px, (max-width:1024px) 100vw, 1024px\" \/><\/a>\n\t\t\t\t<\/dt><\/div><\/dl><br style=\"clear: both\" \/><dl class='gallery-item'  data-title='III Congres persones amb cancer i familiars DSC_5606_BQ' data-description=''><div class='gallery-item-wrapper'>\n\t\t\t\t<dt class='gallery-icon portrait'>\n\t\t\t\t\t<a href='https:\/\/congresos.contraelcancer.es\/cataluna\/wp-content\/uploads\/sites\/9\/2024\/06\/III-Congres-persones-amb-cancer-i-familiars-DSC_5606_BQ.jpg'><img loading=\"lazy\" decoding=\"async\" width=\"683\" height=\"1024\" src=\"https:\/\/congresos.contraelcancer.es\/cataluna\/wp-content\/uploads\/sites\/9\/2024\/06\/III-Congres-persones-amb-cancer-i-familiars-DSC_5606_BQ-683x1024.jpg\" class=\"attachment-large size-large\" alt=\"\" srcset=\"https:\/\/congresos.contraelcancer.es\/cataluna\/wp-content\/uploads\/sites\/9\/2024\/06\/III-Congres-persones-amb-cancer-i-familiars-DSC_5606_BQ-683x1024.jpg 683w, https:\/\/congresos.contraelcancer.es\/cataluna\/wp-content\/uploads\/sites\/9\/2024\/06\/III-Congres-persones-amb-cancer-i-familiars-DSC_5606_BQ-200x300.jpg 200w, https:\/\/congresos.contraelcancer.es\/cataluna\/wp-content\/uploads\/sites\/9\/2024\/06\/III-Congres-persones-amb-cancer-i-familiars-DSC_5606_BQ-50x75.jpg 50w, https:\/\/congresos.contraelcancer.es\/cataluna\/wp-content\/uploads\/sites\/9\/2024\/06\/III-Congres-persones-amb-cancer-i-familiars-DSC_5606_BQ-480x720.jpg 480w\" sizes=\"(max-width:767px) 480px, 683px\" \/><\/a>\n\t\t\t\t<\/dt><\/div><\/dl><dl class='gallery-item'  data-title='III Congres persones amb cancer i familiars DSC_5607_BQ' data-description=''><div class='gallery-item-wrapper'>\n\t\t\t\t<dt class='gallery-icon landscape'>\n\t\t\t\t\t<a href='https:\/\/congresos.contraelcancer.es\/cataluna\/wp-content\/uploads\/sites\/9\/2024\/06\/III-Congres-persones-amb-cancer-i-familiars-DSC_5607_BQ-1.jpg'><img loading=\"lazy\" decoding=\"async\" width=\"1024\" height=\"683\" src=\"https:\/\/congresos.contraelcancer.es\/cataluna\/wp-content\/uploads\/sites\/9\/2024\/06\/III-Congres-persones-amb-cancer-i-familiars-DSC_5607_BQ-1-1024x683.jpg\" class=\"attachment-large size-large\" alt=\"\" srcset=\"https:\/\/congresos.contraelcancer.es\/cataluna\/wp-content\/uploads\/sites\/9\/2024\/06\/III-Congres-persones-amb-cancer-i-familiars-DSC_5607_BQ-1-1024x683.jpg 1024w, https:\/\/congresos.contraelcancer.es\/cataluna\/wp-content\/uploads\/sites\/9\/2024\/06\/III-Congres-persones-amb-cancer-i-familiars-DSC_5607_BQ-1-300x200.jpg 300w, https:\/\/congresos.contraelcancer.es\/cataluna\/wp-content\/uploads\/sites\/9\/2024\/06\/III-Congres-persones-amb-cancer-i-familiars-DSC_5607_BQ-1-768x512.jpg 768w, https:\/\/congresos.contraelcancer.es\/cataluna\/wp-content\/uploads\/sites\/9\/2024\/06\/III-Congres-persones-amb-cancer-i-familiars-DSC_5607_BQ-1-113x75.jpg 113w, https:\/\/congresos.contraelcancer.es\/cataluna\/wp-content\/uploads\/sites\/9\/2024\/06\/III-Congres-persones-amb-cancer-i-familiars-DSC_5607_BQ-1-480x320.jpg 480w\" sizes=\"(max-width:767px) 480px, (max-width:1024px) 100vw, 1024px\" \/><\/a>\n\t\t\t\t<\/dt><\/div><\/dl><dl class='gallery-item'  data-title='III Congres persones amb cancer i familiars DSC_5612' data-description=''><div class='gallery-item-wrapper'>\n\t\t\t\t<dt class='gallery-icon landscape'>\n\t\t\t\t\t<a href='https:\/\/congresos.contraelcancer.es\/cataluna\/wp-content\/uploads\/sites\/9\/2024\/06\/III-Congres-persones-amb-cancer-i-familiars-DSC_5612-scaled.jpg'><img loading=\"lazy\" decoding=\"async\" width=\"1024\" height=\"683\" src=\"https:\/\/congresos.contraelcancer.es\/cataluna\/wp-content\/uploads\/sites\/9\/2024\/06\/III-Congres-persones-amb-cancer-i-familiars-DSC_5612-1024x683.jpg\" class=\"attachment-large size-large\" alt=\"\" srcset=\"https:\/\/congresos.contraelcancer.es\/cataluna\/wp-content\/uploads\/sites\/9\/2024\/06\/III-Congres-persones-amb-cancer-i-familiars-DSC_5612-1024x683.jpg 1024w, https:\/\/congresos.contraelcancer.es\/cataluna\/wp-content\/uploads\/sites\/9\/2024\/06\/III-Congres-persones-amb-cancer-i-familiars-DSC_5612-300x200.jpg 300w, https:\/\/congresos.contraelcancer.es\/cataluna\/wp-content\/uploads\/sites\/9\/2024\/06\/III-Congres-persones-amb-cancer-i-familiars-DSC_5612-768x512.jpg 768w, https:\/\/congresos.contraelcancer.es\/cataluna\/wp-content\/uploads\/sites\/9\/2024\/06\/III-Congres-persones-amb-cancer-i-familiars-DSC_5612-113x75.jpg 113w, https:\/\/congresos.contraelcancer.es\/cataluna\/wp-content\/uploads\/sites\/9\/2024\/06\/III-Congres-persones-amb-cancer-i-familiars-DSC_5612-480x320.jpg 480w\" sizes=\"(max-width:767px) 480px, (max-width:1024px) 100vw, 1024px\" \/><\/a>\n\t\t\t\t<\/dt><\/div><\/dl><dl class='gallery-item'  data-title='III Congres persones amb cancer i familiars DSC_5613' data-description=''><div class='gallery-item-wrapper'>\n\t\t\t\t<dt class='gallery-icon landscape'>\n\t\t\t\t\t<a href='https:\/\/congresos.contraelcancer.es\/cataluna\/wp-content\/uploads\/sites\/9\/2024\/06\/III-Congres-persones-amb-cancer-i-familiars-DSC_5613-scaled.jpg'><img loading=\"lazy\" decoding=\"async\" width=\"1024\" height=\"683\" src=\"https:\/\/congresos.contraelcancer.es\/cataluna\/wp-content\/uploads\/sites\/9\/2024\/06\/III-Congres-persones-amb-cancer-i-familiars-DSC_5613-1024x683.jpg\" class=\"attachment-large size-large\" alt=\"\" srcset=\"https:\/\/congresos.contraelcancer.es\/cataluna\/wp-content\/uploads\/sites\/9\/2024\/06\/III-Congres-persones-amb-cancer-i-familiars-DSC_5613-1024x683.jpg 1024w, https:\/\/congresos.contraelcancer.es\/cataluna\/wp-content\/uploads\/sites\/9\/2024\/06\/III-Congres-persones-amb-cancer-i-familiars-DSC_5613-300x200.jpg 300w, https:\/\/congresos.contraelcancer.es\/cataluna\/wp-content\/uploads\/sites\/9\/2024\/06\/III-Congres-persones-amb-cancer-i-familiars-DSC_5613-768x512.jpg 768w, https:\/\/congresos.contraelcancer.es\/cataluna\/wp-content\/uploads\/sites\/9\/2024\/06\/III-Congres-persones-amb-cancer-i-familiars-DSC_5613-113x75.jpg 113w, https:\/\/congresos.contraelcancer.es\/cataluna\/wp-content\/uploads\/sites\/9\/2024\/06\/III-Congres-persones-amb-cancer-i-familiars-DSC_5613-480x320.jpg 480w\" sizes=\"(max-width:767px) 480px, (max-width:1024px) 100vw, 1024px\" \/><\/a>\n\t\t\t\t<\/dt><\/div><\/dl><br style=\"clear: both\" \/><dl class='gallery-item'  data-title='III Congres persones amb cancer i familiars DSC_5613_BQ' data-description=''><div class='gallery-item-wrapper'>\n\t\t\t\t<dt class='gallery-icon landscape'>\n\t\t\t\t\t<a href='https:\/\/congresos.contraelcancer.es\/cataluna\/wp-content\/uploads\/sites\/9\/2024\/06\/III-Congres-persones-amb-cancer-i-familiars-DSC_5613_BQ.jpg'><img loading=\"lazy\" decoding=\"async\" width=\"1024\" height=\"683\" src=\"https:\/\/congresos.contraelcancer.es\/cataluna\/wp-content\/uploads\/sites\/9\/2024\/06\/III-Congres-persones-amb-cancer-i-familiars-DSC_5613_BQ-1024x683.jpg\" class=\"attachment-large size-large\" alt=\"\" srcset=\"https:\/\/congresos.contraelcancer.es\/cataluna\/wp-content\/uploads\/sites\/9\/2024\/06\/III-Congres-persones-amb-cancer-i-familiars-DSC_5613_BQ-1024x683.jpg 1024w, https:\/\/congresos.contraelcancer.es\/cataluna\/wp-content\/uploads\/sites\/9\/2024\/06\/III-Congres-persones-amb-cancer-i-familiars-DSC_5613_BQ-300x200.jpg 300w, https:\/\/congresos.contraelcancer.es\/cataluna\/wp-content\/uploads\/sites\/9\/2024\/06\/III-Congres-persones-amb-cancer-i-familiars-DSC_5613_BQ-768x512.jpg 768w, https:\/\/congresos.contraelcancer.es\/cataluna\/wp-content\/uploads\/sites\/9\/2024\/06\/III-Congres-persones-amb-cancer-i-familiars-DSC_5613_BQ-113x75.jpg 113w, https:\/\/congresos.contraelcancer.es\/cataluna\/wp-content\/uploads\/sites\/9\/2024\/06\/III-Congres-persones-amb-cancer-i-familiars-DSC_5613_BQ-480x320.jpg 480w\" sizes=\"(max-width:767px) 480px, (max-width:1024px) 100vw, 1024px\" \/><\/a>\n\t\t\t\t<\/dt><\/div><\/dl><dl class='gallery-item'  data-title='III Congres persones amb cancer i familiars DSC_5619_BQ' data-description=''><div class='gallery-item-wrapper'>\n\t\t\t\t<dt class='gallery-icon landscape'>\n\t\t\t\t\t<a href='https:\/\/congresos.contraelcancer.es\/cataluna\/wp-content\/uploads\/sites\/9\/2024\/06\/III-Congres-persones-amb-cancer-i-familiars-DSC_5619_BQ.jpg'><img loading=\"lazy\" decoding=\"async\" width=\"1024\" height=\"683\" src=\"https:\/\/congresos.contraelcancer.es\/cataluna\/wp-content\/uploads\/sites\/9\/2024\/06\/III-Congres-persones-amb-cancer-i-familiars-DSC_5619_BQ-1024x683.jpg\" class=\"attachment-large size-large\" alt=\"\" srcset=\"https:\/\/congresos.contraelcancer.es\/cataluna\/wp-content\/uploads\/sites\/9\/2024\/06\/III-Congres-persones-amb-cancer-i-familiars-DSC_5619_BQ-1024x683.jpg 1024w, https:\/\/congresos.contraelcancer.es\/cataluna\/wp-content\/uploads\/sites\/9\/2024\/06\/III-Congres-persones-amb-cancer-i-familiars-DSC_5619_BQ-300x200.jpg 300w, https:\/\/congresos.contraelcancer.es\/cataluna\/wp-content\/uploads\/sites\/9\/2024\/06\/III-Congres-persones-amb-cancer-i-familiars-DSC_5619_BQ-768x512.jpg 768w, https:\/\/congresos.contraelcancer.es\/cataluna\/wp-content\/uploads\/sites\/9\/2024\/06\/III-Congres-persones-amb-cancer-i-familiars-DSC_5619_BQ-113x75.jpg 113w, https:\/\/congresos.contraelcancer.es\/cataluna\/wp-content\/uploads\/sites\/9\/2024\/06\/III-Congres-persones-amb-cancer-i-familiars-DSC_5619_BQ-480x320.jpg 480w\" sizes=\"(max-width:767px) 480px, (max-width:1024px) 100vw, 1024px\" \/><\/a>\n\t\t\t\t<\/dt><\/div><\/dl><dl class='gallery-item'  data-title='III Congres persones amb cancer i familiars DSC_5623_BQ' data-description=''><div class='gallery-item-wrapper'>\n\t\t\t\t<dt class='gallery-icon portrait'>\n\t\t\t\t\t<a href='https:\/\/congresos.contraelcancer.es\/cataluna\/wp-content\/uploads\/sites\/9\/2024\/06\/III-Congres-persones-amb-cancer-i-familiars-DSC_5623_BQ-1.jpg'><img loading=\"lazy\" decoding=\"async\" width=\"683\" height=\"1024\" src=\"https:\/\/congresos.contraelcancer.es\/cataluna\/wp-content\/uploads\/sites\/9\/2024\/06\/III-Congres-persones-amb-cancer-i-familiars-DSC_5623_BQ-1-683x1024.jpg\" class=\"attachment-large size-large\" alt=\"\" srcset=\"https:\/\/congresos.contraelcancer.es\/cataluna\/wp-content\/uploads\/sites\/9\/2024\/06\/III-Congres-persones-amb-cancer-i-familiars-DSC_5623_BQ-1-683x1024.jpg 683w, https:\/\/congresos.contraelcancer.es\/cataluna\/wp-content\/uploads\/sites\/9\/2024\/06\/III-Congres-persones-amb-cancer-i-familiars-DSC_5623_BQ-1-200x300.jpg 200w, https:\/\/congresos.contraelcancer.es\/cataluna\/wp-content\/uploads\/sites\/9\/2024\/06\/III-Congres-persones-amb-cancer-i-familiars-DSC_5623_BQ-1-50x75.jpg 50w, https:\/\/congresos.contraelcancer.es\/cataluna\/wp-content\/uploads\/sites\/9\/2024\/06\/III-Congres-persones-amb-cancer-i-familiars-DSC_5623_BQ-1-480x720.jpg 480w\" sizes=\"(max-width:767px) 480px, 683px\" \/><\/a>\n\t\t\t\t<\/dt><\/div><\/dl><dl class='gallery-item'  data-title='III Congres persones amb cancer i familiars DSC_5626' data-description=''><div class='gallery-item-wrapper'>\n\t\t\t\t<dt class='gallery-icon landscape'>\n\t\t\t\t\t<a href='https:\/\/congresos.contraelcancer.es\/cataluna\/wp-content\/uploads\/sites\/9\/2024\/06\/III-Congres-persones-amb-cancer-i-familiars-DSC_5626-scaled.jpg'><img loading=\"lazy\" decoding=\"async\" width=\"1024\" height=\"683\" src=\"https:\/\/congresos.contraelcancer.es\/cataluna\/wp-content\/uploads\/sites\/9\/2024\/06\/III-Congres-persones-amb-cancer-i-familiars-DSC_5626-1024x683.jpg\" class=\"attachment-large size-large\" alt=\"\" srcset=\"https:\/\/congresos.contraelcancer.es\/cataluna\/wp-content\/uploads\/sites\/9\/2024\/06\/III-Congres-persones-amb-cancer-i-familiars-DSC_5626-1024x683.jpg 1024w, https:\/\/congresos.contraelcancer.es\/cataluna\/wp-content\/uploads\/sites\/9\/2024\/06\/III-Congres-persones-amb-cancer-i-familiars-DSC_5626-300x200.jpg 300w, https:\/\/congresos.contraelcancer.es\/cataluna\/wp-content\/uploads\/sites\/9\/2024\/06\/III-Congres-persones-amb-cancer-i-familiars-DSC_5626-768x512.jpg 768w, https:\/\/congresos.contraelcancer.es\/cataluna\/wp-content\/uploads\/sites\/9\/2024\/06\/III-Congres-persones-amb-cancer-i-familiars-DSC_5626-113x75.jpg 113w, https:\/\/congresos.contraelcancer.es\/cataluna\/wp-content\/uploads\/sites\/9\/2024\/06\/III-Congres-persones-amb-cancer-i-familiars-DSC_5626-480x320.jpg 480w\" sizes=\"(max-width:767px) 480px, (max-width:1024px) 100vw, 1024px\" \/><\/a>\n\t\t\t\t<\/dt><\/div><\/dl><br style=\"clear: both\" \/><dl class='gallery-item'  data-title='III Congres persones amb cancer i familiars DSC_5631' data-description=''><div class='gallery-item-wrapper'>\n\t\t\t\t<dt class='gallery-icon landscape'>\n\t\t\t\t\t<a href='https:\/\/congresos.contraelcancer.es\/cataluna\/wp-content\/uploads\/sites\/9\/2024\/06\/III-Congres-persones-amb-cancer-i-familiars-DSC_5631-scaled.jpg'><img loading=\"lazy\" decoding=\"async\" width=\"1024\" height=\"683\" src=\"https:\/\/congresos.contraelcancer.es\/cataluna\/wp-content\/uploads\/sites\/9\/2024\/06\/III-Congres-persones-amb-cancer-i-familiars-DSC_5631-1024x683.jpg\" class=\"attachment-large size-large\" alt=\"\" srcset=\"https:\/\/congresos.contraelcancer.es\/cataluna\/wp-content\/uploads\/sites\/9\/2024\/06\/III-Congres-persones-amb-cancer-i-familiars-DSC_5631-1024x683.jpg 1024w, https:\/\/congresos.contraelcancer.es\/cataluna\/wp-content\/uploads\/sites\/9\/2024\/06\/III-Congres-persones-amb-cancer-i-familiars-DSC_5631-300x200.jpg 300w, https:\/\/congresos.contraelcancer.es\/cataluna\/wp-content\/uploads\/sites\/9\/2024\/06\/III-Congres-persones-amb-cancer-i-familiars-DSC_5631-768x512.jpg 768w, https:\/\/congresos.contraelcancer.es\/cataluna\/wp-content\/uploads\/sites\/9\/2024\/06\/III-Congres-persones-amb-cancer-i-familiars-DSC_5631-113x75.jpg 113w, https:\/\/congresos.contraelcancer.es\/cataluna\/wp-content\/uploads\/sites\/9\/2024\/06\/III-Congres-persones-amb-cancer-i-familiars-DSC_5631-480x320.jpg 480w\" sizes=\"(max-width:767px) 480px, (max-width:1024px) 100vw, 1024px\" \/><\/a>\n\t\t\t\t<\/dt><\/div><\/dl><dl class='gallery-item'  data-title='III Congres persones amb cancer i familiars DSC_5631_BQ' data-description=''><div class='gallery-item-wrapper'>\n\t\t\t\t<dt class='gallery-icon landscape'>\n\t\t\t\t\t<a href='https:\/\/congresos.contraelcancer.es\/cataluna\/wp-content\/uploads\/sites\/9\/2024\/06\/III-Congres-persones-amb-cancer-i-familiars-DSC_5631_BQ.jpg'><img loading=\"lazy\" decoding=\"async\" width=\"1024\" height=\"683\" src=\"https:\/\/congresos.contraelcancer.es\/cataluna\/wp-content\/uploads\/sites\/9\/2024\/06\/III-Congres-persones-amb-cancer-i-familiars-DSC_5631_BQ-1024x683.jpg\" class=\"attachment-large size-large\" alt=\"\" srcset=\"https:\/\/congresos.contraelcancer.es\/cataluna\/wp-content\/uploads\/sites\/9\/2024\/06\/III-Congres-persones-amb-cancer-i-familiars-DSC_5631_BQ-1024x683.jpg 1024w, https:\/\/congresos.contraelcancer.es\/cataluna\/wp-content\/uploads\/sites\/9\/2024\/06\/III-Congres-persones-amb-cancer-i-familiars-DSC_5631_BQ-300x200.jpg 300w, https:\/\/congresos.contraelcancer.es\/cataluna\/wp-content\/uploads\/sites\/9\/2024\/06\/III-Congres-persones-amb-cancer-i-familiars-DSC_5631_BQ-768x512.jpg 768w, https:\/\/congresos.contraelcancer.es\/cataluna\/wp-content\/uploads\/sites\/9\/2024\/06\/III-Congres-persones-amb-cancer-i-familiars-DSC_5631_BQ-113x75.jpg 113w, https:\/\/congresos.contraelcancer.es\/cataluna\/wp-content\/uploads\/sites\/9\/2024\/06\/III-Congres-persones-amb-cancer-i-familiars-DSC_5631_BQ-480x320.jpg 480w\" sizes=\"(max-width:767px) 480px, (max-width:1024px) 100vw, 1024px\" \/><\/a>\n\t\t\t\t<\/dt><\/div><\/dl><dl class='gallery-item'  data-title='III Congres persones amb cancer i familiars DSC_5636_BQ' data-description=''><div class='gallery-item-wrapper'>\n\t\t\t\t<dt class='gallery-icon landscape'>\n\t\t\t\t\t<a href='https:\/\/congresos.contraelcancer.es\/cataluna\/wp-content\/uploads\/sites\/9\/2024\/06\/III-Congres-persones-amb-cancer-i-familiars-DSC_5636_BQ.jpg'><img loading=\"lazy\" decoding=\"async\" width=\"1024\" height=\"683\" src=\"https:\/\/congresos.contraelcancer.es\/cataluna\/wp-content\/uploads\/sites\/9\/2024\/06\/III-Congres-persones-amb-cancer-i-familiars-DSC_5636_BQ-1024x683.jpg\" class=\"attachment-large size-large\" alt=\"\" srcset=\"https:\/\/congresos.contraelcancer.es\/cataluna\/wp-content\/uploads\/sites\/9\/2024\/06\/III-Congres-persones-amb-cancer-i-familiars-DSC_5636_BQ-1024x683.jpg 1024w, https:\/\/congresos.contraelcancer.es\/cataluna\/wp-content\/uploads\/sites\/9\/2024\/06\/III-Congres-persones-amb-cancer-i-familiars-DSC_5636_BQ-300x200.jpg 300w, https:\/\/congresos.contraelcancer.es\/cataluna\/wp-content\/uploads\/sites\/9\/2024\/06\/III-Congres-persones-amb-cancer-i-familiars-DSC_5636_BQ-768x512.jpg 768w, https:\/\/congresos.contraelcancer.es\/cataluna\/wp-content\/uploads\/sites\/9\/2024\/06\/III-Congres-persones-amb-cancer-i-familiars-DSC_5636_BQ-113x75.jpg 113w, https:\/\/congresos.contraelcancer.es\/cataluna\/wp-content\/uploads\/sites\/9\/2024\/06\/III-Congres-persones-amb-cancer-i-familiars-DSC_5636_BQ-480x320.jpg 480w\" sizes=\"(max-width:767px) 480px, (max-width:1024px) 100vw, 1024px\" \/><\/a>\n\t\t\t\t<\/dt><\/div><\/dl><dl class='gallery-item'  data-title='III Congres persones amb cancer i familiars DSC_5644' data-description=''><div class='gallery-item-wrapper'>\n\t\t\t\t<dt class='gallery-icon landscape'>\n\t\t\t\t\t<a href='https:\/\/congresos.contraelcancer.es\/cataluna\/wp-content\/uploads\/sites\/9\/2024\/06\/III-Congres-persones-amb-cancer-i-familiars-DSC_5644-scaled.jpg'><img loading=\"lazy\" decoding=\"async\" width=\"1024\" height=\"683\" src=\"https:\/\/congresos.contraelcancer.es\/cataluna\/wp-content\/uploads\/sites\/9\/2024\/06\/III-Congres-persones-amb-cancer-i-familiars-DSC_5644-1024x683.jpg\" class=\"attachment-large size-large\" alt=\"\" srcset=\"https:\/\/congresos.contraelcancer.es\/cataluna\/wp-content\/uploads\/sites\/9\/2024\/06\/III-Congres-persones-amb-cancer-i-familiars-DSC_5644-1024x683.jpg 1024w, https:\/\/congresos.contraelcancer.es\/cataluna\/wp-content\/uploads\/sites\/9\/2024\/06\/III-Congres-persones-amb-cancer-i-familiars-DSC_5644-300x200.jpg 300w, https:\/\/congresos.contraelcancer.es\/cataluna\/wp-content\/uploads\/sites\/9\/2024\/06\/III-Congres-persones-amb-cancer-i-familiars-DSC_5644-768x512.jpg 768w, https:\/\/congresos.contraelcancer.es\/cataluna\/wp-content\/uploads\/sites\/9\/2024\/06\/III-Congres-persones-amb-cancer-i-familiars-DSC_5644-113x75.jpg 113w, https:\/\/congresos.contraelcancer.es\/cataluna\/wp-content\/uploads\/sites\/9\/2024\/06\/III-Congres-persones-amb-cancer-i-familiars-DSC_5644-480x320.jpg 480w\" sizes=\"(max-width:767px) 480px, (max-width:1024px) 100vw, 1024px\" \/><\/a>\n\t\t\t\t<\/dt><\/div><\/dl><br style=\"clear: both\" \/><dl class='gallery-item'  data-title='III Congres persones amb cancer i familiars DSC_5648_BQ' data-description=''><div class='gallery-item-wrapper'>\n\t\t\t\t<dt class='gallery-icon landscape'>\n\t\t\t\t\t<a href='https:\/\/congresos.contraelcancer.es\/cataluna\/wp-content\/uploads\/sites\/9\/2024\/06\/III-Congres-persones-amb-cancer-i-familiars-DSC_5648_BQ.jpg'><img loading=\"lazy\" decoding=\"async\" width=\"1024\" height=\"683\" src=\"https:\/\/congresos.contraelcancer.es\/cataluna\/wp-content\/uploads\/sites\/9\/2024\/06\/III-Congres-persones-amb-cancer-i-familiars-DSC_5648_BQ-1024x683.jpg\" class=\"attachment-large size-large\" alt=\"\" srcset=\"https:\/\/congresos.contraelcancer.es\/cataluna\/wp-content\/uploads\/sites\/9\/2024\/06\/III-Congres-persones-amb-cancer-i-familiars-DSC_5648_BQ-1024x683.jpg 1024w, https:\/\/congresos.contraelcancer.es\/cataluna\/wp-content\/uploads\/sites\/9\/2024\/06\/III-Congres-persones-amb-cancer-i-familiars-DSC_5648_BQ-300x200.jpg 300w, https:\/\/congresos.contraelcancer.es\/cataluna\/wp-content\/uploads\/sites\/9\/2024\/06\/III-Congres-persones-amb-cancer-i-familiars-DSC_5648_BQ-768x512.jpg 768w, https:\/\/congresos.contraelcancer.es\/cataluna\/wp-content\/uploads\/sites\/9\/2024\/06\/III-Congres-persones-amb-cancer-i-familiars-DSC_5648_BQ-113x75.jpg 113w, https:\/\/congresos.contraelcancer.es\/cataluna\/wp-content\/uploads\/sites\/9\/2024\/06\/III-Congres-persones-amb-cancer-i-familiars-DSC_5648_BQ-480x320.jpg 480w\" sizes=\"(max-width:767px) 480px, (max-width:1024px) 100vw, 1024px\" \/><\/a>\n\t\t\t\t<\/dt><\/div><\/dl><dl class='gallery-item'  data-title='III Congres persones amb cancer i familiars DSC_5652' data-description=''><div class='gallery-item-wrapper'>\n\t\t\t\t<dt class='gallery-icon landscape'>\n\t\t\t\t\t<a href='https:\/\/congresos.contraelcancer.es\/cataluna\/wp-content\/uploads\/sites\/9\/2024\/06\/III-Congres-persones-amb-cancer-i-familiars-DSC_5652-scaled.jpg'><img loading=\"lazy\" decoding=\"async\" width=\"1024\" height=\"683\" src=\"https:\/\/congresos.contraelcancer.es\/cataluna\/wp-content\/uploads\/sites\/9\/2024\/06\/III-Congres-persones-amb-cancer-i-familiars-DSC_5652-1024x683.jpg\" class=\"attachment-large size-large\" alt=\"\" srcset=\"https:\/\/congresos.contraelcancer.es\/cataluna\/wp-content\/uploads\/sites\/9\/2024\/06\/III-Congres-persones-amb-cancer-i-familiars-DSC_5652-1024x683.jpg 1024w, https:\/\/congresos.contraelcancer.es\/cataluna\/wp-content\/uploads\/sites\/9\/2024\/06\/III-Congres-persones-amb-cancer-i-familiars-DSC_5652-300x200.jpg 300w, https:\/\/congresos.contraelcancer.es\/cataluna\/wp-content\/uploads\/sites\/9\/2024\/06\/III-Congres-persones-amb-cancer-i-familiars-DSC_5652-768x512.jpg 768w, https:\/\/congresos.contraelcancer.es\/cataluna\/wp-content\/uploads\/sites\/9\/2024\/06\/III-Congres-persones-amb-cancer-i-familiars-DSC_5652-113x75.jpg 113w, https:\/\/congresos.contraelcancer.es\/cataluna\/wp-content\/uploads\/sites\/9\/2024\/06\/III-Congres-persones-amb-cancer-i-familiars-DSC_5652-480x320.jpg 480w\" sizes=\"(max-width:767px) 480px, (max-width:1024px) 100vw, 1024px\" \/><\/a>\n\t\t\t\t<\/dt><\/div><\/dl><dl class='gallery-item'  data-title='III Congres persones amb cancer i familiars DSC_5654_BQ' data-description=''><div class='gallery-item-wrapper'>\n\t\t\t\t<dt class='gallery-icon landscape'>\n\t\t\t\t\t<a href='https:\/\/congresos.contraelcancer.es\/cataluna\/wp-content\/uploads\/sites\/9\/2024\/06\/III-Congres-persones-amb-cancer-i-familiars-DSC_5654_BQ.jpg'><img loading=\"lazy\" decoding=\"async\" width=\"1024\" height=\"683\" src=\"https:\/\/congresos.contraelcancer.es\/cataluna\/wp-content\/uploads\/sites\/9\/2024\/06\/III-Congres-persones-amb-cancer-i-familiars-DSC_5654_BQ-1024x683.jpg\" class=\"attachment-large size-large\" alt=\"\" srcset=\"https:\/\/congresos.contraelcancer.es\/cataluna\/wp-content\/uploads\/sites\/9\/2024\/06\/III-Congres-persones-amb-cancer-i-familiars-DSC_5654_BQ-1024x683.jpg 1024w, https:\/\/congresos.contraelcancer.es\/cataluna\/wp-content\/uploads\/sites\/9\/2024\/06\/III-Congres-persones-amb-cancer-i-familiars-DSC_5654_BQ-300x200.jpg 300w, https:\/\/congresos.contraelcancer.es\/cataluna\/wp-content\/uploads\/sites\/9\/2024\/06\/III-Congres-persones-amb-cancer-i-familiars-DSC_5654_BQ-768x512.jpg 768w, https:\/\/congresos.contraelcancer.es\/cataluna\/wp-content\/uploads\/sites\/9\/2024\/06\/III-Congres-persones-amb-cancer-i-familiars-DSC_5654_BQ-113x75.jpg 113w, https:\/\/congresos.contraelcancer.es\/cataluna\/wp-content\/uploads\/sites\/9\/2024\/06\/III-Congres-persones-amb-cancer-i-familiars-DSC_5654_BQ-480x320.jpg 480w\" sizes=\"(max-width:767px) 480px, (max-width:1024px) 100vw, 1024px\" \/><\/a>\n\t\t\t\t<\/dt><\/div><\/dl><dl class='gallery-item'  data-title='III Congres persones amb cancer i familiars DSC_5659' data-description=''><div class='gallery-item-wrapper'>\n\t\t\t\t<dt class='gallery-icon landscape'>\n\t\t\t\t\t<a href='https:\/\/congresos.contraelcancer.es\/cataluna\/wp-content\/uploads\/sites\/9\/2024\/06\/III-Congres-persones-amb-cancer-i-familiars-DSC_5659-scaled.jpg'><img loading=\"lazy\" decoding=\"async\" width=\"1024\" height=\"683\" src=\"https:\/\/congresos.contraelcancer.es\/cataluna\/wp-content\/uploads\/sites\/9\/2024\/06\/III-Congres-persones-amb-cancer-i-familiars-DSC_5659-1024x683.jpg\" class=\"attachment-large size-large\" alt=\"\" srcset=\"https:\/\/congresos.contraelcancer.es\/cataluna\/wp-content\/uploads\/sites\/9\/2024\/06\/III-Congres-persones-amb-cancer-i-familiars-DSC_5659-1024x683.jpg 1024w, https:\/\/congresos.contraelcancer.es\/cataluna\/wp-content\/uploads\/sites\/9\/2024\/06\/III-Congres-persones-amb-cancer-i-familiars-DSC_5659-300x200.jpg 300w, https:\/\/congresos.contraelcancer.es\/cataluna\/wp-content\/uploads\/sites\/9\/2024\/06\/III-Congres-persones-amb-cancer-i-familiars-DSC_5659-768x512.jpg 768w, https:\/\/congresos.contraelcancer.es\/cataluna\/wp-content\/uploads\/sites\/9\/2024\/06\/III-Congres-persones-amb-cancer-i-familiars-DSC_5659-113x75.jpg 113w, https:\/\/congresos.contraelcancer.es\/cataluna\/wp-content\/uploads\/sites\/9\/2024\/06\/III-Congres-persones-amb-cancer-i-familiars-DSC_5659-480x320.jpg 480w\" sizes=\"(max-width:767px) 480px, (max-width:1024px) 100vw, 1024px\" \/><\/a>\n\t\t\t\t<\/dt><\/div><\/dl><br style=\"clear: both\" \/><dl class='gallery-item'  data-title='III Congres persones amb cancer i familiars DSC_5665' data-description=''><div class='gallery-item-wrapper'>\n\t\t\t\t<dt class='gallery-icon landscape'>\n\t\t\t\t\t<a href='https:\/\/congresos.contraelcancer.es\/cataluna\/wp-content\/uploads\/sites\/9\/2024\/06\/III-Congres-persones-amb-cancer-i-familiars-DSC_5665-scaled.jpg'><img loading=\"lazy\" decoding=\"async\" width=\"1024\" height=\"683\" src=\"https:\/\/congresos.contraelcancer.es\/cataluna\/wp-content\/uploads\/sites\/9\/2024\/06\/III-Congres-persones-amb-cancer-i-familiars-DSC_5665-1024x683.jpg\" class=\"attachment-large size-large\" alt=\"\" srcset=\"https:\/\/congresos.contraelcancer.es\/cataluna\/wp-content\/uploads\/sites\/9\/2024\/06\/III-Congres-persones-amb-cancer-i-familiars-DSC_5665-1024x683.jpg 1024w, https:\/\/congresos.contraelcancer.es\/cataluna\/wp-content\/uploads\/sites\/9\/2024\/06\/III-Congres-persones-amb-cancer-i-familiars-DSC_5665-300x200.jpg 300w, https:\/\/congresos.contraelcancer.es\/cataluna\/wp-content\/uploads\/sites\/9\/2024\/06\/III-Congres-persones-amb-cancer-i-familiars-DSC_5665-768x512.jpg 768w, https:\/\/congresos.contraelcancer.es\/cataluna\/wp-content\/uploads\/sites\/9\/2024\/06\/III-Congres-persones-amb-cancer-i-familiars-DSC_5665-113x75.jpg 113w, https:\/\/congresos.contraelcancer.es\/cataluna\/wp-content\/uploads\/sites\/9\/2024\/06\/III-Congres-persones-amb-cancer-i-familiars-DSC_5665-480x320.jpg 480w\" sizes=\"(max-width:767px) 480px, (max-width:1024px) 100vw, 1024px\" \/><\/a>\n\t\t\t\t<\/dt><\/div><\/dl><dl class='gallery-item'  data-title='III Congres persones amb cancer i familiars DSC_5672_BQ' data-description=''><div class='gallery-item-wrapper'>\n\t\t\t\t<dt class='gallery-icon landscape'>\n\t\t\t\t\t<a href='https:\/\/congresos.contraelcancer.es\/cataluna\/wp-content\/uploads\/sites\/9\/2024\/06\/III-Congres-persones-amb-cancer-i-familiars-DSC_5672_BQ.jpg'><img loading=\"lazy\" decoding=\"async\" width=\"1024\" height=\"683\" src=\"https:\/\/congresos.contraelcancer.es\/cataluna\/wp-content\/uploads\/sites\/9\/2024\/06\/III-Congres-persones-amb-cancer-i-familiars-DSC_5672_BQ-1024x683.jpg\" class=\"attachment-large size-large\" alt=\"\" srcset=\"https:\/\/congresos.contraelcancer.es\/cataluna\/wp-content\/uploads\/sites\/9\/2024\/06\/III-Congres-persones-amb-cancer-i-familiars-DSC_5672_BQ-1024x683.jpg 1024w, https:\/\/congresos.contraelcancer.es\/cataluna\/wp-content\/uploads\/sites\/9\/2024\/06\/III-Congres-persones-amb-cancer-i-familiars-DSC_5672_BQ-300x200.jpg 300w, https:\/\/congresos.contraelcancer.es\/cataluna\/wp-content\/uploads\/sites\/9\/2024\/06\/III-Congres-persones-amb-cancer-i-familiars-DSC_5672_BQ-768x512.jpg 768w, https:\/\/congresos.contraelcancer.es\/cataluna\/wp-content\/uploads\/sites\/9\/2024\/06\/III-Congres-persones-amb-cancer-i-familiars-DSC_5672_BQ-113x75.jpg 113w, https:\/\/congresos.contraelcancer.es\/cataluna\/wp-content\/uploads\/sites\/9\/2024\/06\/III-Congres-persones-amb-cancer-i-familiars-DSC_5672_BQ-480x320.jpg 480w\" sizes=\"(max-width:767px) 480px, (max-width:1024px) 100vw, 1024px\" \/><\/a>\n\t\t\t\t<\/dt><\/div><\/dl><dl class='gallery-item'  data-title='III Congres persones amb cancer i familiars DSC_5673' data-description=''><div class='gallery-item-wrapper'>\n\t\t\t\t<dt class='gallery-icon landscape'>\n\t\t\t\t\t<a href='https:\/\/congresos.contraelcancer.es\/cataluna\/wp-content\/uploads\/sites\/9\/2024\/06\/III-Congres-persones-amb-cancer-i-familiars-DSC_5673-scaled.jpg'><img loading=\"lazy\" decoding=\"async\" width=\"1024\" height=\"683\" src=\"https:\/\/congresos.contraelcancer.es\/cataluna\/wp-content\/uploads\/sites\/9\/2024\/06\/III-Congres-persones-amb-cancer-i-familiars-DSC_5673-1024x683.jpg\" class=\"attachment-large size-large\" alt=\"\" srcset=\"https:\/\/congresos.contraelcancer.es\/cataluna\/wp-content\/uploads\/sites\/9\/2024\/06\/III-Congres-persones-amb-cancer-i-familiars-DSC_5673-1024x683.jpg 1024w, https:\/\/congresos.contraelcancer.es\/cataluna\/wp-content\/uploads\/sites\/9\/2024\/06\/III-Congres-persones-amb-cancer-i-familiars-DSC_5673-300x200.jpg 300w, https:\/\/congresos.contraelcancer.es\/cataluna\/wp-content\/uploads\/sites\/9\/2024\/06\/III-Congres-persones-amb-cancer-i-familiars-DSC_5673-768x512.jpg 768w, https:\/\/congresos.contraelcancer.es\/cataluna\/wp-content\/uploads\/sites\/9\/2024\/06\/III-Congres-persones-amb-cancer-i-familiars-DSC_5673-113x75.jpg 113w, https:\/\/congresos.contraelcancer.es\/cataluna\/wp-content\/uploads\/sites\/9\/2024\/06\/III-Congres-persones-amb-cancer-i-familiars-DSC_5673-480x320.jpg 480w\" sizes=\"(max-width:767px) 480px, (max-width:1024px) 100vw, 1024px\" \/><\/a>\n\t\t\t\t<\/dt><\/div><\/dl><dl class='gallery-item'  data-title='III Congres persones amb cancer i familiars DSC_5680' data-description=''><div class='gallery-item-wrapper'>\n\t\t\t\t<dt class='gallery-icon landscape'>\n\t\t\t\t\t<a href='https:\/\/congresos.contraelcancer.es\/cataluna\/wp-content\/uploads\/sites\/9\/2024\/06\/III-Congres-persones-amb-cancer-i-familiars-DSC_5680-scaled.jpg'><img loading=\"lazy\" decoding=\"async\" width=\"1024\" height=\"683\" src=\"https:\/\/congresos.contraelcancer.es\/cataluna\/wp-content\/uploads\/sites\/9\/2024\/06\/III-Congres-persones-amb-cancer-i-familiars-DSC_5680-1024x683.jpg\" class=\"attachment-large size-large\" alt=\"\" srcset=\"https:\/\/congresos.contraelcancer.es\/cataluna\/wp-content\/uploads\/sites\/9\/2024\/06\/III-Congres-persones-amb-cancer-i-familiars-DSC_5680-1024x683.jpg 1024w, https:\/\/congresos.contraelcancer.es\/cataluna\/wp-content\/uploads\/sites\/9\/2024\/06\/III-Congres-persones-amb-cancer-i-familiars-DSC_5680-300x200.jpg 300w, https:\/\/congresos.contraelcancer.es\/cataluna\/wp-content\/uploads\/sites\/9\/2024\/06\/III-Congres-persones-amb-cancer-i-familiars-DSC_5680-768x512.jpg 768w, https:\/\/congresos.contraelcancer.es\/cataluna\/wp-content\/uploads\/sites\/9\/2024\/06\/III-Congres-persones-amb-cancer-i-familiars-DSC_5680-113x75.jpg 113w, https:\/\/congresos.contraelcancer.es\/cataluna\/wp-content\/uploads\/sites\/9\/2024\/06\/III-Congres-persones-amb-cancer-i-familiars-DSC_5680-480x320.jpg 480w\" sizes=\"(max-width:767px) 480px, (max-width:1024px) 100vw, 1024px\" \/><\/a>\n\t\t\t\t<\/dt><\/div><\/dl><br style=\"clear: both\" \/><dl class='gallery-item'  data-title='III Congres persones amb cancer i familiars DSC_5683' data-description=''><div class='gallery-item-wrapper'>\n\t\t\t\t<dt class='gallery-icon portrait'>\n\t\t\t\t\t<a href='https:\/\/congresos.contraelcancer.es\/cataluna\/wp-content\/uploads\/sites\/9\/2024\/06\/III-Congres-persones-amb-cancer-i-familiars-DSC_5683-scaled.jpg'><img loading=\"lazy\" decoding=\"async\" width=\"576\" height=\"1024\" src=\"https:\/\/congresos.contraelcancer.es\/cataluna\/wp-content\/uploads\/sites\/9\/2024\/06\/III-Congres-persones-amb-cancer-i-familiars-DSC_5683-576x1024.jpg\" class=\"attachment-large size-large\" alt=\"\" srcset=\"https:\/\/congresos.contraelcancer.es\/cataluna\/wp-content\/uploads\/sites\/9\/2024\/06\/III-Congres-persones-amb-cancer-i-familiars-DSC_5683-576x1024.jpg 576w, https:\/\/congresos.contraelcancer.es\/cataluna\/wp-content\/uploads\/sites\/9\/2024\/06\/III-Congres-persones-amb-cancer-i-familiars-DSC_5683-169x300.jpg 169w, https:\/\/congresos.contraelcancer.es\/cataluna\/wp-content\/uploads\/sites\/9\/2024\/06\/III-Congres-persones-amb-cancer-i-familiars-DSC_5683-42x75.jpg 42w, https:\/\/congresos.contraelcancer.es\/cataluna\/wp-content\/uploads\/sites\/9\/2024\/06\/III-Congres-persones-amb-cancer-i-familiars-DSC_5683-480x853.jpg 480w\" sizes=\"(max-width:767px) 480px, 576px\" \/><\/a>\n\t\t\t\t<\/dt><\/div><\/dl><dl class='gallery-item'  data-title='III Congres persones amb cancer i familiars DSC_5686_BQ' data-description=''><div class='gallery-item-wrapper'>\n\t\t\t\t<dt class='gallery-icon landscape'>\n\t\t\t\t\t<a href='https:\/\/congresos.contraelcancer.es\/cataluna\/wp-content\/uploads\/sites\/9\/2024\/06\/III-Congres-persones-amb-cancer-i-familiars-DSC_5686_BQ.jpg'><img loading=\"lazy\" decoding=\"async\" width=\"1024\" height=\"683\" src=\"https:\/\/congresos.contraelcancer.es\/cataluna\/wp-content\/uploads\/sites\/9\/2024\/06\/III-Congres-persones-amb-cancer-i-familiars-DSC_5686_BQ-1024x683.jpg\" class=\"attachment-large size-large\" alt=\"\" srcset=\"https:\/\/congresos.contraelcancer.es\/cataluna\/wp-content\/uploads\/sites\/9\/2024\/06\/III-Congres-persones-amb-cancer-i-familiars-DSC_5686_BQ-1024x683.jpg 1024w, https:\/\/congresos.contraelcancer.es\/cataluna\/wp-content\/uploads\/sites\/9\/2024\/06\/III-Congres-persones-amb-cancer-i-familiars-DSC_5686_BQ-300x200.jpg 300w, https:\/\/congresos.contraelcancer.es\/cataluna\/wp-content\/uploads\/sites\/9\/2024\/06\/III-Congres-persones-amb-cancer-i-familiars-DSC_5686_BQ-768x512.jpg 768w, https:\/\/congresos.contraelcancer.es\/cataluna\/wp-content\/uploads\/sites\/9\/2024\/06\/III-Congres-persones-amb-cancer-i-familiars-DSC_5686_BQ-113x75.jpg 113w, https:\/\/congresos.contraelcancer.es\/cataluna\/wp-content\/uploads\/sites\/9\/2024\/06\/III-Congres-persones-amb-cancer-i-familiars-DSC_5686_BQ-480x320.jpg 480w\" sizes=\"(max-width:767px) 480px, (max-width:1024px) 100vw, 1024px\" \/><\/a>\n\t\t\t\t<\/dt><\/div><\/dl><dl class='gallery-item'  data-title='III Congres persones amb cancer i familiars DSC_5687' data-description=''><div class='gallery-item-wrapper'>\n\t\t\t\t<dt class='gallery-icon landscape'>\n\t\t\t\t\t<a href='https:\/\/congresos.contraelcancer.es\/cataluna\/wp-content\/uploads\/sites\/9\/2024\/06\/III-Congres-persones-amb-cancer-i-familiars-DSC_5687-scaled.jpg'><img loading=\"lazy\" decoding=\"async\" width=\"1024\" height=\"683\" src=\"https:\/\/congresos.contraelcancer.es\/cataluna\/wp-content\/uploads\/sites\/9\/2024\/06\/III-Congres-persones-amb-cancer-i-familiars-DSC_5687-1024x683.jpg\" class=\"attachment-large size-large\" alt=\"\" srcset=\"https:\/\/congresos.contraelcancer.es\/cataluna\/wp-content\/uploads\/sites\/9\/2024\/06\/III-Congres-persones-amb-cancer-i-familiars-DSC_5687-1024x683.jpg 1024w, https:\/\/congresos.contraelcancer.es\/cataluna\/wp-content\/uploads\/sites\/9\/2024\/06\/III-Congres-persones-amb-cancer-i-familiars-DSC_5687-300x200.jpg 300w, https:\/\/congresos.contraelcancer.es\/cataluna\/wp-content\/uploads\/sites\/9\/2024\/06\/III-Congres-persones-amb-cancer-i-familiars-DSC_5687-768x512.jpg 768w, https:\/\/congresos.contraelcancer.es\/cataluna\/wp-content\/uploads\/sites\/9\/2024\/06\/III-Congres-persones-amb-cancer-i-familiars-DSC_5687-113x75.jpg 113w, https:\/\/congresos.contraelcancer.es\/cataluna\/wp-content\/uploads\/sites\/9\/2024\/06\/III-Congres-persones-amb-cancer-i-familiars-DSC_5687-480x320.jpg 480w\" sizes=\"(max-width:767px) 480px, (max-width:1024px) 100vw, 1024px\" \/><\/a>\n\t\t\t\t<\/dt><\/div><\/dl><dl class='gallery-item'  data-title='III Congres persones amb cancer i familiars DSC_5690_BQ' data-description=''><div class='gallery-item-wrapper'>\n\t\t\t\t<dt class='gallery-icon landscape'>\n\t\t\t\t\t<a href='https:\/\/congresos.contraelcancer.es\/cataluna\/wp-content\/uploads\/sites\/9\/2024\/06\/III-Congres-persones-amb-cancer-i-familiars-DSC_5690_BQ.jpg'><img loading=\"lazy\" decoding=\"async\" width=\"1024\" height=\"683\" src=\"https:\/\/congresos.contraelcancer.es\/cataluna\/wp-content\/uploads\/sites\/9\/2024\/06\/III-Congres-persones-amb-cancer-i-familiars-DSC_5690_BQ-1024x683.jpg\" class=\"attachment-large size-large\" alt=\"\" srcset=\"https:\/\/congresos.contraelcancer.es\/cataluna\/wp-content\/uploads\/sites\/9\/2024\/06\/III-Congres-persones-amb-cancer-i-familiars-DSC_5690_BQ-1024x683.jpg 1024w, https:\/\/congresos.contraelcancer.es\/cataluna\/wp-content\/uploads\/sites\/9\/2024\/06\/III-Congres-persones-amb-cancer-i-familiars-DSC_5690_BQ-300x200.jpg 300w, https:\/\/congresos.contraelcancer.es\/cataluna\/wp-content\/uploads\/sites\/9\/2024\/06\/III-Congres-persones-amb-cancer-i-familiars-DSC_5690_BQ-768x512.jpg 768w, https:\/\/congresos.contraelcancer.es\/cataluna\/wp-content\/uploads\/sites\/9\/2024\/06\/III-Congres-persones-amb-cancer-i-familiars-DSC_5690_BQ-113x75.jpg 113w, https:\/\/congresos.contraelcancer.es\/cataluna\/wp-content\/uploads\/sites\/9\/2024\/06\/III-Congres-persones-amb-cancer-i-familiars-DSC_5690_BQ-480x320.jpg 480w\" sizes=\"(max-width:767px) 480px, (max-width:1024px) 100vw, 1024px\" \/><\/a>\n\t\t\t\t<\/dt><\/div><\/dl><br style=\"clear: both\" \/><dl class='gallery-item'  data-title='III Congres persones amb cancer i familiars DSC_5701' data-description=''><div class='gallery-item-wrapper'>\n\t\t\t\t<dt class='gallery-icon landscape'>\n\t\t\t\t\t<a href='https:\/\/congresos.contraelcancer.es\/cataluna\/wp-content\/uploads\/sites\/9\/2024\/06\/III-Congres-persones-amb-cancer-i-familiars-DSC_5701-1-scaled.jpg'><img loading=\"lazy\" decoding=\"async\" width=\"1024\" height=\"683\" src=\"https:\/\/congresos.contraelcancer.es\/cataluna\/wp-content\/uploads\/sites\/9\/2024\/06\/III-Congres-persones-amb-cancer-i-familiars-DSC_5701-1-1024x683.jpg\" class=\"attachment-large size-large\" alt=\"\" srcset=\"https:\/\/congresos.contraelcancer.es\/cataluna\/wp-content\/uploads\/sites\/9\/2024\/06\/III-Congres-persones-amb-cancer-i-familiars-DSC_5701-1-1024x683.jpg 1024w, https:\/\/congresos.contraelcancer.es\/cataluna\/wp-content\/uploads\/sites\/9\/2024\/06\/III-Congres-persones-amb-cancer-i-familiars-DSC_5701-1-300x200.jpg 300w, https:\/\/congresos.contraelcancer.es\/cataluna\/wp-content\/uploads\/sites\/9\/2024\/06\/III-Congres-persones-amb-cancer-i-familiars-DSC_5701-1-768x512.jpg 768w, https:\/\/congresos.contraelcancer.es\/cataluna\/wp-content\/uploads\/sites\/9\/2024\/06\/III-Congres-persones-amb-cancer-i-familiars-DSC_5701-1-113x75.jpg 113w, https:\/\/congresos.contraelcancer.es\/cataluna\/wp-content\/uploads\/sites\/9\/2024\/06\/III-Congres-persones-amb-cancer-i-familiars-DSC_5701-1-480x320.jpg 480w\" sizes=\"(max-width:767px) 480px, (max-width:1024px) 100vw, 1024px\" \/><\/a>\n\t\t\t\t<\/dt><\/div><\/dl><dl class='gallery-item'  data-title='III Congres persones amb cancer i familiars DSC_5708_BQ' data-description=''><div class='gallery-item-wrapper'>\n\t\t\t\t<dt class='gallery-icon landscape'>\n\t\t\t\t\t<a href='https:\/\/congresos.contraelcancer.es\/cataluna\/wp-content\/uploads\/sites\/9\/2024\/06\/III-Congres-persones-amb-cancer-i-familiars-DSC_5708_BQ.jpg'><img loading=\"lazy\" decoding=\"async\" width=\"1024\" height=\"652\" src=\"https:\/\/congresos.contraelcancer.es\/cataluna\/wp-content\/uploads\/sites\/9\/2024\/06\/III-Congres-persones-amb-cancer-i-familiars-DSC_5708_BQ-1024x652.jpg\" class=\"attachment-large size-large\" alt=\"\" srcset=\"https:\/\/congresos.contraelcancer.es\/cataluna\/wp-content\/uploads\/sites\/9\/2024\/06\/III-Congres-persones-amb-cancer-i-familiars-DSC_5708_BQ-1024x652.jpg 1024w, https:\/\/congresos.contraelcancer.es\/cataluna\/wp-content\/uploads\/sites\/9\/2024\/06\/III-Congres-persones-amb-cancer-i-familiars-DSC_5708_BQ-300x191.jpg 300w, https:\/\/congresos.contraelcancer.es\/cataluna\/wp-content\/uploads\/sites\/9\/2024\/06\/III-Congres-persones-amb-cancer-i-familiars-DSC_5708_BQ-768x489.jpg 768w, https:\/\/congresos.contraelcancer.es\/cataluna\/wp-content\/uploads\/sites\/9\/2024\/06\/III-Congres-persones-amb-cancer-i-familiars-DSC_5708_BQ-118x75.jpg 118w, https:\/\/congresos.contraelcancer.es\/cataluna\/wp-content\/uploads\/sites\/9\/2024\/06\/III-Congres-persones-amb-cancer-i-familiars-DSC_5708_BQ-480x306.jpg 480w\" sizes=\"(max-width:767px) 480px, (max-width:1024px) 100vw, 1024px\" \/><\/a>\n\t\t\t\t<\/dt><\/div><\/dl><dl class='gallery-item'  data-title='III Congres persones amb cancer i familiars DSC_5711' data-description=''><div class='gallery-item-wrapper'>\n\t\t\t\t<dt class='gallery-icon landscape'>\n\t\t\t\t\t<a href='https:\/\/congresos.contraelcancer.es\/cataluna\/wp-content\/uploads\/sites\/9\/2024\/06\/III-Congres-persones-amb-cancer-i-familiars-DSC_5711-scaled.jpg'><img loading=\"lazy\" decoding=\"async\" width=\"1024\" height=\"683\" src=\"https:\/\/congresos.contraelcancer.es\/cataluna\/wp-content\/uploads\/sites\/9\/2024\/06\/III-Congres-persones-amb-cancer-i-familiars-DSC_5711-1024x683.jpg\" class=\"attachment-large size-large\" alt=\"\" srcset=\"https:\/\/congresos.contraelcancer.es\/cataluna\/wp-content\/uploads\/sites\/9\/2024\/06\/III-Congres-persones-amb-cancer-i-familiars-DSC_5711-1024x683.jpg 1024w, https:\/\/congresos.contraelcancer.es\/cataluna\/wp-content\/uploads\/sites\/9\/2024\/06\/III-Congres-persones-amb-cancer-i-familiars-DSC_5711-300x200.jpg 300w, https:\/\/congresos.contraelcancer.es\/cataluna\/wp-content\/uploads\/sites\/9\/2024\/06\/III-Congres-persones-amb-cancer-i-familiars-DSC_5711-768x512.jpg 768w, https:\/\/congresos.contraelcancer.es\/cataluna\/wp-content\/uploads\/sites\/9\/2024\/06\/III-Congres-persones-amb-cancer-i-familiars-DSC_5711-113x75.jpg 113w, https:\/\/congresos.contraelcancer.es\/cataluna\/wp-content\/uploads\/sites\/9\/2024\/06\/III-Congres-persones-amb-cancer-i-familiars-DSC_5711-480x320.jpg 480w\" sizes=\"(max-width:767px) 480px, (max-width:1024px) 100vw, 1024px\" \/><\/a>\n\t\t\t\t<\/dt><\/div><\/dl><dl class='gallery-item'  data-title='III Congres persones amb cancer i familiars DSC_5716' data-description=''><div class='gallery-item-wrapper'>\n\t\t\t\t<dt class='gallery-icon landscape'>\n\t\t\t\t\t<a href='https:\/\/congresos.contraelcancer.es\/cataluna\/wp-content\/uploads\/sites\/9\/2024\/06\/III-Congres-persones-amb-cancer-i-familiars-DSC_5716-scaled.jpg'><img loading=\"lazy\" decoding=\"async\" width=\"1024\" height=\"683\" src=\"https:\/\/congresos.contraelcancer.es\/cataluna\/wp-content\/uploads\/sites\/9\/2024\/06\/III-Congres-persones-amb-cancer-i-familiars-DSC_5716-1024x683.jpg\" class=\"attachment-large size-large\" alt=\"\" srcset=\"https:\/\/congresos.contraelcancer.es\/cataluna\/wp-content\/uploads\/sites\/9\/2024\/06\/III-Congres-persones-amb-cancer-i-familiars-DSC_5716-1024x683.jpg 1024w, https:\/\/congresos.contraelcancer.es\/cataluna\/wp-content\/uploads\/sites\/9\/2024\/06\/III-Congres-persones-amb-cancer-i-familiars-DSC_5716-300x200.jpg 300w, https:\/\/congresos.contraelcancer.es\/cataluna\/wp-content\/uploads\/sites\/9\/2024\/06\/III-Congres-persones-amb-cancer-i-familiars-DSC_5716-768x512.jpg 768w, https:\/\/congresos.contraelcancer.es\/cataluna\/wp-content\/uploads\/sites\/9\/2024\/06\/III-Congres-persones-amb-cancer-i-familiars-DSC_5716-113x75.jpg 113w, https:\/\/congresos.contraelcancer.es\/cataluna\/wp-content\/uploads\/sites\/9\/2024\/06\/III-Congres-persones-amb-cancer-i-familiars-DSC_5716-480x320.jpg 480w\" sizes=\"(max-width:767px) 480px, (max-width:1024px) 100vw, 1024px\" \/><\/a>\n\t\t\t\t<\/dt><\/div><\/dl><br style=\"clear: both\" \/><dl class='gallery-item'  data-title='III Congres persones amb cancer i familiars DSC_5716_BQ' data-description=''><div class='gallery-item-wrapper'>\n\t\t\t\t<dt class='gallery-icon landscape'>\n\t\t\t\t\t<a href='https:\/\/congresos.contraelcancer.es\/cataluna\/wp-content\/uploads\/sites\/9\/2024\/06\/III-Congres-persones-amb-cancer-i-familiars-DSC_5716_BQ.jpg'><img loading=\"lazy\" decoding=\"async\" width=\"1024\" height=\"683\" src=\"https:\/\/congresos.contraelcancer.es\/cataluna\/wp-content\/uploads\/sites\/9\/2024\/06\/III-Congres-persones-amb-cancer-i-familiars-DSC_5716_BQ-1024x683.jpg\" class=\"attachment-large size-large\" alt=\"\" srcset=\"https:\/\/congresos.contraelcancer.es\/cataluna\/wp-content\/uploads\/sites\/9\/2024\/06\/III-Congres-persones-amb-cancer-i-familiars-DSC_5716_BQ-1024x683.jpg 1024w, https:\/\/congresos.contraelcancer.es\/cataluna\/wp-content\/uploads\/sites\/9\/2024\/06\/III-Congres-persones-amb-cancer-i-familiars-DSC_5716_BQ-300x200.jpg 300w, https:\/\/congresos.contraelcancer.es\/cataluna\/wp-content\/uploads\/sites\/9\/2024\/06\/III-Congres-persones-amb-cancer-i-familiars-DSC_5716_BQ-768x512.jpg 768w, https:\/\/congresos.contraelcancer.es\/cataluna\/wp-content\/uploads\/sites\/9\/2024\/06\/III-Congres-persones-amb-cancer-i-familiars-DSC_5716_BQ-113x75.jpg 113w, https:\/\/congresos.contraelcancer.es\/cataluna\/wp-content\/uploads\/sites\/9\/2024\/06\/III-Congres-persones-amb-cancer-i-familiars-DSC_5716_BQ-480x320.jpg 480w\" sizes=\"(max-width:767px) 480px, (max-width:1024px) 100vw, 1024px\" \/><\/a>\n\t\t\t\t<\/dt><\/div><\/dl><dl class='gallery-item'  data-title='III Congres persones amb cancer i familiars DSC_5722_BQ' data-description=''><div class='gallery-item-wrapper'>\n\t\t\t\t<dt class='gallery-icon landscape'>\n\t\t\t\t\t<a href='https:\/\/congresos.contraelcancer.es\/cataluna\/wp-content\/uploads\/sites\/9\/2024\/06\/III-Congres-persones-amb-cancer-i-familiars-DSC_5722_BQ.jpg'><img loading=\"lazy\" decoding=\"async\" width=\"1024\" height=\"683\" src=\"https:\/\/congresos.contraelcancer.es\/cataluna\/wp-content\/uploads\/sites\/9\/2024\/06\/III-Congres-persones-amb-cancer-i-familiars-DSC_5722_BQ-1024x683.jpg\" class=\"attachment-large size-large\" alt=\"\" srcset=\"https:\/\/congresos.contraelcancer.es\/cataluna\/wp-content\/uploads\/sites\/9\/2024\/06\/III-Congres-persones-amb-cancer-i-familiars-DSC_5722_BQ-1024x683.jpg 1024w, https:\/\/congresos.contraelcancer.es\/cataluna\/wp-content\/uploads\/sites\/9\/2024\/06\/III-Congres-persones-amb-cancer-i-familiars-DSC_5722_BQ-300x200.jpg 300w, https:\/\/congresos.contraelcancer.es\/cataluna\/wp-content\/uploads\/sites\/9\/2024\/06\/III-Congres-persones-amb-cancer-i-familiars-DSC_5722_BQ-768x512.jpg 768w, https:\/\/congresos.contraelcancer.es\/cataluna\/wp-content\/uploads\/sites\/9\/2024\/06\/III-Congres-persones-amb-cancer-i-familiars-DSC_5722_BQ-113x75.jpg 113w, https:\/\/congresos.contraelcancer.es\/cataluna\/wp-content\/uploads\/sites\/9\/2024\/06\/III-Congres-persones-amb-cancer-i-familiars-DSC_5722_BQ-480x320.jpg 480w\" sizes=\"(max-width:767px) 480px, (max-width:1024px) 100vw, 1024px\" \/><\/a>\n\t\t\t\t<\/dt><\/div><\/dl><dl class='gallery-item'  data-title='III Congres persones amb cancer i familiars DSC_5726_BQ' data-description=''><div class='gallery-item-wrapper'>\n\t\t\t\t<dt class='gallery-icon portrait'>\n\t\t\t\t\t<a href='https:\/\/congresos.contraelcancer.es\/cataluna\/wp-content\/uploads\/sites\/9\/2024\/06\/III-Congres-persones-amb-cancer-i-familiars-DSC_5726_BQ.jpg'><img loading=\"lazy\" decoding=\"async\" width=\"768\" height=\"1024\" src=\"https:\/\/congresos.contraelcancer.es\/cataluna\/wp-content\/uploads\/sites\/9\/2024\/06\/III-Congres-persones-amb-cancer-i-familiars-DSC_5726_BQ-768x1024.jpg\" class=\"attachment-large size-large\" alt=\"\" srcset=\"https:\/\/congresos.contraelcancer.es\/cataluna\/wp-content\/uploads\/sites\/9\/2024\/06\/III-Congres-persones-amb-cancer-i-familiars-DSC_5726_BQ-768x1024.jpg 768w, https:\/\/congresos.contraelcancer.es\/cataluna\/wp-content\/uploads\/sites\/9\/2024\/06\/III-Congres-persones-amb-cancer-i-familiars-DSC_5726_BQ-225x300.jpg 225w, https:\/\/congresos.contraelcancer.es\/cataluna\/wp-content\/uploads\/sites\/9\/2024\/06\/III-Congres-persones-amb-cancer-i-familiars-DSC_5726_BQ-56x75.jpg 56w, https:\/\/congresos.contraelcancer.es\/cataluna\/wp-content\/uploads\/sites\/9\/2024\/06\/III-Congres-persones-amb-cancer-i-familiars-DSC_5726_BQ-480x640.jpg 480w\" sizes=\"(max-width:767px) 480px, (max-width:768px) 100vw, 768px\" \/><\/a>\n\t\t\t\t<\/dt><\/div><\/dl><dl class='gallery-item'  data-title='III Congres persones amb cancer i familiars DSC_5728' data-description=''><div class='gallery-item-wrapper'>\n\t\t\t\t<dt class='gallery-icon landscape'>\n\t\t\t\t\t<a href='https:\/\/congresos.contraelcancer.es\/cataluna\/wp-content\/uploads\/sites\/9\/2024\/06\/III-Congres-persones-amb-cancer-i-familiars-DSC_5728-scaled.jpg'><img loading=\"lazy\" decoding=\"async\" width=\"1024\" height=\"683\" src=\"https:\/\/congresos.contraelcancer.es\/cataluna\/wp-content\/uploads\/sites\/9\/2024\/06\/III-Congres-persones-amb-cancer-i-familiars-DSC_5728-1024x683.jpg\" class=\"attachment-large size-large\" alt=\"\" srcset=\"https:\/\/congresos.contraelcancer.es\/cataluna\/wp-content\/uploads\/sites\/9\/2024\/06\/III-Congres-persones-amb-cancer-i-familiars-DSC_5728-1024x683.jpg 1024w, https:\/\/congresos.contraelcancer.es\/cataluna\/wp-content\/uploads\/sites\/9\/2024\/06\/III-Congres-persones-amb-cancer-i-familiars-DSC_5728-300x200.jpg 300w, https:\/\/congresos.contraelcancer.es\/cataluna\/wp-content\/uploads\/sites\/9\/2024\/06\/III-Congres-persones-amb-cancer-i-familiars-DSC_5728-768x512.jpg 768w, https:\/\/congresos.contraelcancer.es\/cataluna\/wp-content\/uploads\/sites\/9\/2024\/06\/III-Congres-persones-amb-cancer-i-familiars-DSC_5728-113x75.jpg 113w, https:\/\/congresos.contraelcancer.es\/cataluna\/wp-content\/uploads\/sites\/9\/2024\/06\/III-Congres-persones-amb-cancer-i-familiars-DSC_5728-480x320.jpg 480w\" sizes=\"(max-width:767px) 480px, (max-width:1024px) 100vw, 1024px\" \/><\/a>\n\t\t\t\t<\/dt><\/div><\/dl><br style=\"clear: both\" \/><dl class='gallery-item'  data-title='III Congres persones amb cancer i familiars DSC_5738' data-description=''><div class='gallery-item-wrapper'>\n\t\t\t\t<dt class='gallery-icon landscape'>\n\t\t\t\t\t<a href='https:\/\/congresos.contraelcancer.es\/cataluna\/wp-content\/uploads\/sites\/9\/2024\/06\/III-Congres-persones-amb-cancer-i-familiars-DSC_5738-scaled.jpg'><img loading=\"lazy\" decoding=\"async\" width=\"1024\" height=\"683\" src=\"https:\/\/congresos.contraelcancer.es\/cataluna\/wp-content\/uploads\/sites\/9\/2024\/06\/III-Congres-persones-amb-cancer-i-familiars-DSC_5738-1024x683.jpg\" class=\"attachment-large size-large\" alt=\"\" srcset=\"https:\/\/congresos.contraelcancer.es\/cataluna\/wp-content\/uploads\/sites\/9\/2024\/06\/III-Congres-persones-amb-cancer-i-familiars-DSC_5738-1024x683.jpg 1024w, https:\/\/congresos.contraelcancer.es\/cataluna\/wp-content\/uploads\/sites\/9\/2024\/06\/III-Congres-persones-amb-cancer-i-familiars-DSC_5738-300x200.jpg 300w, https:\/\/congresos.contraelcancer.es\/cataluna\/wp-content\/uploads\/sites\/9\/2024\/06\/III-Congres-persones-amb-cancer-i-familiars-DSC_5738-768x512.jpg 768w, https:\/\/congresos.contraelcancer.es\/cataluna\/wp-content\/uploads\/sites\/9\/2024\/06\/III-Congres-persones-amb-cancer-i-familiars-DSC_5738-113x75.jpg 113w, https:\/\/congresos.contraelcancer.es\/cataluna\/wp-content\/uploads\/sites\/9\/2024\/06\/III-Congres-persones-amb-cancer-i-familiars-DSC_5738-480x320.jpg 480w\" sizes=\"(max-width:767px) 480px, (max-width:1024px) 100vw, 1024px\" \/><\/a>\n\t\t\t\t<\/dt><\/div><\/dl><dl class='gallery-item'  data-title='III Congres persones amb cancer i familiars DSC_5739' data-description=''><div class='gallery-item-wrapper'>\n\t\t\t\t<dt class='gallery-icon landscape'>\n\t\t\t\t\t<a href='https:\/\/congresos.contraelcancer.es\/cataluna\/wp-content\/uploads\/sites\/9\/2024\/06\/III-Congres-persones-amb-cancer-i-familiars-DSC_5739-scaled.jpg'><img loading=\"lazy\" decoding=\"async\" width=\"1024\" height=\"683\" src=\"https:\/\/congresos.contraelcancer.es\/cataluna\/wp-content\/uploads\/sites\/9\/2024\/06\/III-Congres-persones-amb-cancer-i-familiars-DSC_5739-1024x683.jpg\" class=\"attachment-large size-large\" alt=\"\" srcset=\"https:\/\/congresos.contraelcancer.es\/cataluna\/wp-content\/uploads\/sites\/9\/2024\/06\/III-Congres-persones-amb-cancer-i-familiars-DSC_5739-1024x683.jpg 1024w, https:\/\/congresos.contraelcancer.es\/cataluna\/wp-content\/uploads\/sites\/9\/2024\/06\/III-Congres-persones-amb-cancer-i-familiars-DSC_5739-300x200.jpg 300w, https:\/\/congresos.contraelcancer.es\/cataluna\/wp-content\/uploads\/sites\/9\/2024\/06\/III-Congres-persones-amb-cancer-i-familiars-DSC_5739-768x512.jpg 768w, https:\/\/congresos.contraelcancer.es\/cataluna\/wp-content\/uploads\/sites\/9\/2024\/06\/III-Congres-persones-amb-cancer-i-familiars-DSC_5739-113x75.jpg 113w, https:\/\/congresos.contraelcancer.es\/cataluna\/wp-content\/uploads\/sites\/9\/2024\/06\/III-Congres-persones-amb-cancer-i-familiars-DSC_5739-480x320.jpg 480w\" sizes=\"(max-width:767px) 480px, (max-width:1024px) 100vw, 1024px\" \/><\/a>\n\t\t\t\t<\/dt><\/div><\/dl><dl class='gallery-item'  data-title='III Congres persones amb cancer i familiars DSC_5745' data-description=''><div class='gallery-item-wrapper'>\n\t\t\t\t<dt class='gallery-icon landscape'>\n\t\t\t\t\t<a href='https:\/\/congresos.contraelcancer.es\/cataluna\/wp-content\/uploads\/sites\/9\/2024\/06\/III-Congres-persones-amb-cancer-i-familiars-DSC_5745-scaled.jpg'><img loading=\"lazy\" decoding=\"async\" width=\"1024\" height=\"690\" src=\"https:\/\/congresos.contraelcancer.es\/cataluna\/wp-content\/uploads\/sites\/9\/2024\/06\/III-Congres-persones-amb-cancer-i-familiars-DSC_5745-1024x690.jpg\" class=\"attachment-large size-large\" alt=\"\" srcset=\"https:\/\/congresos.contraelcancer.es\/cataluna\/wp-content\/uploads\/sites\/9\/2024\/06\/III-Congres-persones-amb-cancer-i-familiars-DSC_5745-1024x690.jpg 1024w, https:\/\/congresos.contraelcancer.es\/cataluna\/wp-content\/uploads\/sites\/9\/2024\/06\/III-Congres-persones-amb-cancer-i-familiars-DSC_5745-300x202.jpg 300w, https:\/\/congresos.contraelcancer.es\/cataluna\/wp-content\/uploads\/sites\/9\/2024\/06\/III-Congres-persones-amb-cancer-i-familiars-DSC_5745-768x517.jpg 768w, https:\/\/congresos.contraelcancer.es\/cataluna\/wp-content\/uploads\/sites\/9\/2024\/06\/III-Congres-persones-amb-cancer-i-familiars-DSC_5745-111x75.jpg 111w, https:\/\/congresos.contraelcancer.es\/cataluna\/wp-content\/uploads\/sites\/9\/2024\/06\/III-Congres-persones-amb-cancer-i-familiars-DSC_5745-480x323.jpg 480w\" sizes=\"(max-width:767px) 480px, (max-width:1024px) 100vw, 1024px\" \/><\/a>\n\t\t\t\t<\/dt><\/div><\/dl><dl class='gallery-item'  data-title='III Congres persones amb cancer i familiars DSC_5755' data-description=''><div class='gallery-item-wrapper'>\n\t\t\t\t<dt class='gallery-icon landscape'>\n\t\t\t\t\t<a href='https:\/\/congresos.contraelcancer.es\/cataluna\/wp-content\/uploads\/sites\/9\/2024\/06\/III-Congres-persones-amb-cancer-i-familiars-DSC_5755-scaled.jpg'><img loading=\"lazy\" decoding=\"async\" width=\"1024\" height=\"683\" src=\"https:\/\/congresos.contraelcancer.es\/cataluna\/wp-content\/uploads\/sites\/9\/2024\/06\/III-Congres-persones-amb-cancer-i-familiars-DSC_5755-1024x683.jpg\" class=\"attachment-large size-large\" alt=\"\" srcset=\"https:\/\/congresos.contraelcancer.es\/cataluna\/wp-content\/uploads\/sites\/9\/2024\/06\/III-Congres-persones-amb-cancer-i-familiars-DSC_5755-1024x683.jpg 1024w, https:\/\/congresos.contraelcancer.es\/cataluna\/wp-content\/uploads\/sites\/9\/2024\/06\/III-Congres-persones-amb-cancer-i-familiars-DSC_5755-300x200.jpg 300w, https:\/\/congresos.contraelcancer.es\/cataluna\/wp-content\/uploads\/sites\/9\/2024\/06\/III-Congres-persones-amb-cancer-i-familiars-DSC_5755-768x512.jpg 768w, https:\/\/congresos.contraelcancer.es\/cataluna\/wp-content\/uploads\/sites\/9\/2024\/06\/III-Congres-persones-amb-cancer-i-familiars-DSC_5755-113x75.jpg 113w, https:\/\/congresos.contraelcancer.es\/cataluna\/wp-content\/uploads\/sites\/9\/2024\/06\/III-Congres-persones-amb-cancer-i-familiars-DSC_5755-480x320.jpg 480w\" sizes=\"(max-width:767px) 480px, (max-width:1024px) 100vw, 1024px\" \/><\/a>\n\t\t\t\t<\/dt><\/div><\/dl><br style=\"clear: both\" \/><dl class='gallery-item'  data-title='III Congres persones amb cancer i familiars DSC_5762_BQ' data-description=''><div class='gallery-item-wrapper'>\n\t\t\t\t<dt class='gallery-icon portrait'>\n\t\t\t\t\t<a href='https:\/\/congresos.contraelcancer.es\/cataluna\/wp-content\/uploads\/sites\/9\/2024\/06\/III-Congres-persones-amb-cancer-i-familiars-DSC_5762_BQ.jpg'><img loading=\"lazy\" decoding=\"async\" width=\"701\" height=\"1024\" src=\"https:\/\/congresos.contraelcancer.es\/cataluna\/wp-content\/uploads\/sites\/9\/2024\/06\/III-Congres-persones-amb-cancer-i-familiars-DSC_5762_BQ-701x1024.jpg\" class=\"attachment-large size-large\" alt=\"\" srcset=\"https:\/\/congresos.contraelcancer.es\/cataluna\/wp-content\/uploads\/sites\/9\/2024\/06\/III-Congres-persones-amb-cancer-i-familiars-DSC_5762_BQ-701x1024.jpg 701w, https:\/\/congresos.contraelcancer.es\/cataluna\/wp-content\/uploads\/sites\/9\/2024\/06\/III-Congres-persones-amb-cancer-i-familiars-DSC_5762_BQ-205x300.jpg 205w, https:\/\/congresos.contraelcancer.es\/cataluna\/wp-content\/uploads\/sites\/9\/2024\/06\/III-Congres-persones-amb-cancer-i-familiars-DSC_5762_BQ-51x75.jpg 51w, https:\/\/congresos.contraelcancer.es\/cataluna\/wp-content\/uploads\/sites\/9\/2024\/06\/III-Congres-persones-amb-cancer-i-familiars-DSC_5762_BQ-480x701.jpg 480w\" sizes=\"(max-width:767px) 480px, 701px\" \/><\/a>\n\t\t\t\t<\/dt><\/div><\/dl><dl class='gallery-item'  data-title='III Congres persones amb cancer i familiars DSC_5764' data-description=''><div class='gallery-item-wrapper'>\n\t\t\t\t<dt class='gallery-icon portrait'>\n\t\t\t\t\t<a href='https:\/\/congresos.contraelcancer.es\/cataluna\/wp-content\/uploads\/sites\/9\/2024\/06\/III-Congres-persones-amb-cancer-i-familiars-DSC_5764-scaled.jpg'><img loading=\"lazy\" decoding=\"async\" width=\"701\" height=\"1024\" src=\"https:\/\/congresos.contraelcancer.es\/cataluna\/wp-content\/uploads\/sites\/9\/2024\/06\/III-Congres-persones-amb-cancer-i-familiars-DSC_5764-701x1024.jpg\" class=\"attachment-large size-large\" alt=\"\" srcset=\"https:\/\/congresos.contraelcancer.es\/cataluna\/wp-content\/uploads\/sites\/9\/2024\/06\/III-Congres-persones-amb-cancer-i-familiars-DSC_5764-701x1024.jpg 701w, https:\/\/congresos.contraelcancer.es\/cataluna\/wp-content\/uploads\/sites\/9\/2024\/06\/III-Congres-persones-amb-cancer-i-familiars-DSC_5764-205x300.jpg 205w, https:\/\/congresos.contraelcancer.es\/cataluna\/wp-content\/uploads\/sites\/9\/2024\/06\/III-Congres-persones-amb-cancer-i-familiars-DSC_5764-51x75.jpg 51w, https:\/\/congresos.contraelcancer.es\/cataluna\/wp-content\/uploads\/sites\/9\/2024\/06\/III-Congres-persones-amb-cancer-i-familiars-DSC_5764-480x701.jpg 480w\" sizes=\"(max-width:767px) 480px, 701px\" \/><\/a>\n\t\t\t\t<\/dt><\/div><\/dl><dl class='gallery-item'  data-title='III Congres persones amb cancer i familiars DSC_5766' data-description=''><div class='gallery-item-wrapper'>\n\t\t\t\t<dt class='gallery-icon landscape'>\n\t\t\t\t\t<a href='https:\/\/congresos.contraelcancer.es\/cataluna\/wp-content\/uploads\/sites\/9\/2024\/06\/III-Congres-persones-amb-cancer-i-familiars-DSC_5766-scaled.jpg'><img loading=\"lazy\" decoding=\"async\" width=\"1024\" height=\"701\" src=\"https:\/\/congresos.contraelcancer.es\/cataluna\/wp-content\/uploads\/sites\/9\/2024\/06\/III-Congres-persones-amb-cancer-i-familiars-DSC_5766-1024x701.jpg\" class=\"attachment-large size-large\" alt=\"\" srcset=\"https:\/\/congresos.contraelcancer.es\/cataluna\/wp-content\/uploads\/sites\/9\/2024\/06\/III-Congres-persones-amb-cancer-i-familiars-DSC_5766-1024x701.jpg 1024w, https:\/\/congresos.contraelcancer.es\/cataluna\/wp-content\/uploads\/sites\/9\/2024\/06\/III-Congres-persones-amb-cancer-i-familiars-DSC_5766-300x205.jpg 300w, https:\/\/congresos.contraelcancer.es\/cataluna\/wp-content\/uploads\/sites\/9\/2024\/06\/III-Congres-persones-amb-cancer-i-familiars-DSC_5766-768x526.jpg 768w, https:\/\/congresos.contraelcancer.es\/cataluna\/wp-content\/uploads\/sites\/9\/2024\/06\/III-Congres-persones-amb-cancer-i-familiars-DSC_5766-110x75.jpg 110w, https:\/\/congresos.contraelcancer.es\/cataluna\/wp-content\/uploads\/sites\/9\/2024\/06\/III-Congres-persones-amb-cancer-i-familiars-DSC_5766-480x329.jpg 480w\" sizes=\"(max-width:767px) 480px, (max-width:1024px) 100vw, 1024px\" \/><\/a>\n\t\t\t\t<\/dt><\/div><\/dl><dl class='gallery-item'  data-title='III Congres persones amb cancer i familiars DSC_5770' data-description=''><div class='gallery-item-wrapper'>\n\t\t\t\t<dt class='gallery-icon landscape'>\n\t\t\t\t\t<a href='https:\/\/congresos.contraelcancer.es\/cataluna\/wp-content\/uploads\/sites\/9\/2024\/06\/III-Congres-persones-amb-cancer-i-familiars-DSC_5770-scaled.jpg'><img loading=\"lazy\" decoding=\"async\" width=\"1024\" height=\"701\" src=\"https:\/\/congresos.contraelcancer.es\/cataluna\/wp-content\/uploads\/sites\/9\/2024\/06\/III-Congres-persones-amb-cancer-i-familiars-DSC_5770-1024x701.jpg\" class=\"attachment-large size-large\" alt=\"\" srcset=\"https:\/\/congresos.contraelcancer.es\/cataluna\/wp-content\/uploads\/sites\/9\/2024\/06\/III-Congres-persones-amb-cancer-i-familiars-DSC_5770-1024x701.jpg 1024w, https:\/\/congresos.contraelcancer.es\/cataluna\/wp-content\/uploads\/sites\/9\/2024\/06\/III-Congres-persones-amb-cancer-i-familiars-DSC_5770-300x205.jpg 300w, https:\/\/congresos.contraelcancer.es\/cataluna\/wp-content\/uploads\/sites\/9\/2024\/06\/III-Congres-persones-amb-cancer-i-familiars-DSC_5770-768x526.jpg 768w, https:\/\/congresos.contraelcancer.es\/cataluna\/wp-content\/uploads\/sites\/9\/2024\/06\/III-Congres-persones-amb-cancer-i-familiars-DSC_5770-110x75.jpg 110w, https:\/\/congresos.contraelcancer.es\/cataluna\/wp-content\/uploads\/sites\/9\/2024\/06\/III-Congres-persones-amb-cancer-i-familiars-DSC_5770-480x329.jpg 480w\" sizes=\"(max-width:767px) 480px, (max-width:1024px) 100vw, 1024px\" \/><\/a>\n\t\t\t\t<\/dt><\/div><\/dl><br style=\"clear: both\" \/><dl class='gallery-item'  data-title='III Congres persones amb cancer i familiars DSC_5778_BQ' data-description=''><div class='gallery-item-wrapper'>\n\t\t\t\t<dt class='gallery-icon landscape'>\n\t\t\t\t\t<a href='https:\/\/congresos.contraelcancer.es\/cataluna\/wp-content\/uploads\/sites\/9\/2024\/06\/III-Congres-persones-amb-cancer-i-familiars-DSC_5778_BQ.jpg'><img loading=\"lazy\" decoding=\"async\" width=\"1024\" height=\"660\" src=\"https:\/\/congresos.contraelcancer.es\/cataluna\/wp-content\/uploads\/sites\/9\/2024\/06\/III-Congres-persones-amb-cancer-i-familiars-DSC_5778_BQ-1024x660.jpg\" class=\"attachment-large size-large\" alt=\"\" srcset=\"https:\/\/congresos.contraelcancer.es\/cataluna\/wp-content\/uploads\/sites\/9\/2024\/06\/III-Congres-persones-amb-cancer-i-familiars-DSC_5778_BQ-1024x660.jpg 1024w, https:\/\/congresos.contraelcancer.es\/cataluna\/wp-content\/uploads\/sites\/9\/2024\/06\/III-Congres-persones-amb-cancer-i-familiars-DSC_5778_BQ-300x193.jpg 300w, https:\/\/congresos.contraelcancer.es\/cataluna\/wp-content\/uploads\/sites\/9\/2024\/06\/III-Congres-persones-amb-cancer-i-familiars-DSC_5778_BQ-768x495.jpg 768w, https:\/\/congresos.contraelcancer.es\/cataluna\/wp-content\/uploads\/sites\/9\/2024\/06\/III-Congres-persones-amb-cancer-i-familiars-DSC_5778_BQ-116x75.jpg 116w, https:\/\/congresos.contraelcancer.es\/cataluna\/wp-content\/uploads\/sites\/9\/2024\/06\/III-Congres-persones-amb-cancer-i-familiars-DSC_5778_BQ-480x309.jpg 480w\" sizes=\"(max-width:767px) 480px, (max-width:1024px) 100vw, 1024px\" \/><\/a>\n\t\t\t\t<\/dt><\/div><\/dl><dl class='gallery-item'  data-title='III Congres persones amb cancer i familiars DSC_5791_BQ' data-description=''><div class='gallery-item-wrapper'>\n\t\t\t\t<dt class='gallery-icon landscape'>\n\t\t\t\t\t<a href='https:\/\/congresos.contraelcancer.es\/cataluna\/wp-content\/uploads\/sites\/9\/2024\/06\/III-Congres-persones-amb-cancer-i-familiars-DSC_5791_BQ.jpg'><img loading=\"lazy\" decoding=\"async\" width=\"1024\" height=\"701\" src=\"https:\/\/congresos.contraelcancer.es\/cataluna\/wp-content\/uploads\/sites\/9\/2024\/06\/III-Congres-persones-amb-cancer-i-familiars-DSC_5791_BQ-1024x701.jpg\" class=\"attachment-large size-large\" alt=\"\" srcset=\"https:\/\/congresos.contraelcancer.es\/cataluna\/wp-content\/uploads\/sites\/9\/2024\/06\/III-Congres-persones-amb-cancer-i-familiars-DSC_5791_BQ-1024x701.jpg 1024w, https:\/\/congresos.contraelcancer.es\/cataluna\/wp-content\/uploads\/sites\/9\/2024\/06\/III-Congres-persones-amb-cancer-i-familiars-DSC_5791_BQ-300x205.jpg 300w, https:\/\/congresos.contraelcancer.es\/cataluna\/wp-content\/uploads\/sites\/9\/2024\/06\/III-Congres-persones-amb-cancer-i-familiars-DSC_5791_BQ-768x526.jpg 768w, https:\/\/congresos.contraelcancer.es\/cataluna\/wp-content\/uploads\/sites\/9\/2024\/06\/III-Congres-persones-amb-cancer-i-familiars-DSC_5791_BQ-110x75.jpg 110w, https:\/\/congresos.contraelcancer.es\/cataluna\/wp-content\/uploads\/sites\/9\/2024\/06\/III-Congres-persones-amb-cancer-i-familiars-DSC_5791_BQ-480x329.jpg 480w\" sizes=\"(max-width:767px) 480px, (max-width:1024px) 100vw, 1024px\" \/><\/a>\n\t\t\t\t<\/dt><\/div><\/dl><dl class='gallery-item'  data-title='III Congres persones amb cancer i familiars DSC_5796' data-description=''><div class='gallery-item-wrapper'>\n\t\t\t\t<dt class='gallery-icon landscape'>\n\t\t\t\t\t<a href='https:\/\/congresos.contraelcancer.es\/cataluna\/wp-content\/uploads\/sites\/9\/2024\/06\/III-Congres-persones-amb-cancer-i-familiars-DSC_5796-scaled.jpg'><img loading=\"lazy\" decoding=\"async\" width=\"1024\" height=\"706\" src=\"https:\/\/congresos.contraelcancer.es\/cataluna\/wp-content\/uploads\/sites\/9\/2024\/06\/III-Congres-persones-amb-cancer-i-familiars-DSC_5796-1024x706.jpg\" class=\"attachment-large size-large\" alt=\"\" srcset=\"https:\/\/congresos.contraelcancer.es\/cataluna\/wp-content\/uploads\/sites\/9\/2024\/06\/III-Congres-persones-amb-cancer-i-familiars-DSC_5796-1024x706.jpg 1024w, https:\/\/congresos.contraelcancer.es\/cataluna\/wp-content\/uploads\/sites\/9\/2024\/06\/III-Congres-persones-amb-cancer-i-familiars-DSC_5796-300x207.jpg 300w, https:\/\/congresos.contraelcancer.es\/cataluna\/wp-content\/uploads\/sites\/9\/2024\/06\/III-Congres-persones-amb-cancer-i-familiars-DSC_5796-768x529.jpg 768w, https:\/\/congresos.contraelcancer.es\/cataluna\/wp-content\/uploads\/sites\/9\/2024\/06\/III-Congres-persones-amb-cancer-i-familiars-DSC_5796-109x75.jpg 109w, https:\/\/congresos.contraelcancer.es\/cataluna\/wp-content\/uploads\/sites\/9\/2024\/06\/III-Congres-persones-amb-cancer-i-familiars-DSC_5796-480x331.jpg 480w\" sizes=\"(max-width:767px) 480px, (max-width:1024px) 100vw, 1024px\" \/><\/a>\n\t\t\t\t<\/dt><\/div><\/dl><dl class='gallery-item'  data-title='III Congres persones amb cancer i familiars DSC_5805' data-description=''><div class='gallery-item-wrapper'>\n\t\t\t\t<dt class='gallery-icon landscape'>\n\t\t\t\t\t<a href='https:\/\/congresos.contraelcancer.es\/cataluna\/wp-content\/uploads\/sites\/9\/2024\/06\/III-Congres-persones-amb-cancer-i-familiars-DSC_5805-scaled.jpg'><img loading=\"lazy\" decoding=\"async\" width=\"1024\" height=\"682\" src=\"https:\/\/congresos.contraelcancer.es\/cataluna\/wp-content\/uploads\/sites\/9\/2024\/06\/III-Congres-persones-amb-cancer-i-familiars-DSC_5805-1024x682.jpg\" class=\"attachment-large size-large\" alt=\"\" srcset=\"https:\/\/congresos.contraelcancer.es\/cataluna\/wp-content\/uploads\/sites\/9\/2024\/06\/III-Congres-persones-amb-cancer-i-familiars-DSC_5805-1024x682.jpg 1024w, https:\/\/congresos.contraelcancer.es\/cataluna\/wp-content\/uploads\/sites\/9\/2024\/06\/III-Congres-persones-amb-cancer-i-familiars-DSC_5805-300x200.jpg 300w, https:\/\/congresos.contraelcancer.es\/cataluna\/wp-content\/uploads\/sites\/9\/2024\/06\/III-Congres-persones-amb-cancer-i-familiars-DSC_5805-768x511.jpg 768w, https:\/\/congresos.contraelcancer.es\/cataluna\/wp-content\/uploads\/sites\/9\/2024\/06\/III-Congres-persones-amb-cancer-i-familiars-DSC_5805-113x75.jpg 113w, https:\/\/congresos.contraelcancer.es\/cataluna\/wp-content\/uploads\/sites\/9\/2024\/06\/III-Congres-persones-amb-cancer-i-familiars-DSC_5805-480x320.jpg 480w\" sizes=\"(max-width:767px) 480px, (max-width:1024px) 100vw, 1024px\" \/><\/a>\n\t\t\t\t<\/dt><\/div><\/dl><br style=\"clear: both\" \/><dl class='gallery-item'  data-title='III Congres persones amb cancer i familiars DSC_5811' data-description=''><div class='gallery-item-wrapper'>\n\t\t\t\t<dt class='gallery-icon landscape'>\n\t\t\t\t\t<a href='https:\/\/congresos.contraelcancer.es\/cataluna\/wp-content\/uploads\/sites\/9\/2024\/06\/III-Congres-persones-amb-cancer-i-familiars-DSC_5811-scaled.jpg'><img loading=\"lazy\" decoding=\"async\" width=\"1024\" height=\"701\" src=\"https:\/\/congresos.contraelcancer.es\/cataluna\/wp-content\/uploads\/sites\/9\/2024\/06\/III-Congres-persones-amb-cancer-i-familiars-DSC_5811-1024x701.jpg\" class=\"attachment-large size-large\" alt=\"\" srcset=\"https:\/\/congresos.contraelcancer.es\/cataluna\/wp-content\/uploads\/sites\/9\/2024\/06\/III-Congres-persones-amb-cancer-i-familiars-DSC_5811-1024x701.jpg 1024w, https:\/\/congresos.contraelcancer.es\/cataluna\/wp-content\/uploads\/sites\/9\/2024\/06\/III-Congres-persones-amb-cancer-i-familiars-DSC_5811-300x205.jpg 300w, https:\/\/congresos.contraelcancer.es\/cataluna\/wp-content\/uploads\/sites\/9\/2024\/06\/III-Congres-persones-amb-cancer-i-familiars-DSC_5811-768x526.jpg 768w, https:\/\/congresos.contraelcancer.es\/cataluna\/wp-content\/uploads\/sites\/9\/2024\/06\/III-Congres-persones-amb-cancer-i-familiars-DSC_5811-110x75.jpg 110w, https:\/\/congresos.contraelcancer.es\/cataluna\/wp-content\/uploads\/sites\/9\/2024\/06\/III-Congres-persones-amb-cancer-i-familiars-DSC_5811-480x329.jpg 480w\" sizes=\"(max-width:767px) 480px, (max-width:1024px) 100vw, 1024px\" \/><\/a>\n\t\t\t\t<\/dt><\/div><\/dl><dl class='gallery-item'  data-title='III Congres persones amb cancer i familiars DSC_5813_BQ' data-description=''><div class='gallery-item-wrapper'>\n\t\t\t\t<dt class='gallery-icon landscape'>\n\t\t\t\t\t<a href='https:\/\/congresos.contraelcancer.es\/cataluna\/wp-content\/uploads\/sites\/9\/2024\/06\/III-Congres-persones-amb-cancer-i-familiars-DSC_5813_BQ.jpg'><img loading=\"lazy\" decoding=\"async\" width=\"1024\" height=\"708\" src=\"https:\/\/congresos.contraelcancer.es\/cataluna\/wp-content\/uploads\/sites\/9\/2024\/06\/III-Congres-persones-amb-cancer-i-familiars-DSC_5813_BQ-1024x708.jpg\" class=\"attachment-large size-large\" alt=\"\" srcset=\"https:\/\/congresos.contraelcancer.es\/cataluna\/wp-content\/uploads\/sites\/9\/2024\/06\/III-Congres-persones-amb-cancer-i-familiars-DSC_5813_BQ-1024x708.jpg 1024w, https:\/\/congresos.contraelcancer.es\/cataluna\/wp-content\/uploads\/sites\/9\/2024\/06\/III-Congres-persones-amb-cancer-i-familiars-DSC_5813_BQ-300x207.jpg 300w, https:\/\/congresos.contraelcancer.es\/cataluna\/wp-content\/uploads\/sites\/9\/2024\/06\/III-Congres-persones-amb-cancer-i-familiars-DSC_5813_BQ-768x531.jpg 768w, https:\/\/congresos.contraelcancer.es\/cataluna\/wp-content\/uploads\/sites\/9\/2024\/06\/III-Congres-persones-amb-cancer-i-familiars-DSC_5813_BQ-109x75.jpg 109w, https:\/\/congresos.contraelcancer.es\/cataluna\/wp-content\/uploads\/sites\/9\/2024\/06\/III-Congres-persones-amb-cancer-i-familiars-DSC_5813_BQ-480x332.jpg 480w\" sizes=\"(max-width:767px) 480px, (max-width:1024px) 100vw, 1024px\" \/><\/a>\n\t\t\t\t<\/dt><\/div><\/dl><dl class='gallery-item'  data-title='III Congres persones amb cancer i familiars DSC_5816' data-description=''><div class='gallery-item-wrapper'>\n\t\t\t\t<dt class='gallery-icon landscape'>\n\t\t\t\t\t<a href='https:\/\/congresos.contraelcancer.es\/cataluna\/wp-content\/uploads\/sites\/9\/2024\/06\/III-Congres-persones-amb-cancer-i-familiars-DSC_5816-scaled.jpg'><img loading=\"lazy\" decoding=\"async\" width=\"1024\" height=\"708\" src=\"https:\/\/congresos.contraelcancer.es\/cataluna\/wp-content\/uploads\/sites\/9\/2024\/06\/III-Congres-persones-amb-cancer-i-familiars-DSC_5816-1024x708.jpg\" class=\"attachment-large size-large\" alt=\"\" srcset=\"https:\/\/congresos.contraelcancer.es\/cataluna\/wp-content\/uploads\/sites\/9\/2024\/06\/III-Congres-persones-amb-cancer-i-familiars-DSC_5816-1024x708.jpg 1024w, https:\/\/congresos.contraelcancer.es\/cataluna\/wp-content\/uploads\/sites\/9\/2024\/06\/III-Congres-persones-amb-cancer-i-familiars-DSC_5816-300x207.jpg 300w, https:\/\/congresos.contraelcancer.es\/cataluna\/wp-content\/uploads\/sites\/9\/2024\/06\/III-Congres-persones-amb-cancer-i-familiars-DSC_5816-768x531.jpg 768w, https:\/\/congresos.contraelcancer.es\/cataluna\/wp-content\/uploads\/sites\/9\/2024\/06\/III-Congres-persones-amb-cancer-i-familiars-DSC_5816-109x75.jpg 109w, https:\/\/congresos.contraelcancer.es\/cataluna\/wp-content\/uploads\/sites\/9\/2024\/06\/III-Congres-persones-amb-cancer-i-familiars-DSC_5816-480x332.jpg 480w\" sizes=\"(max-width:767px) 480px, (max-width:1024px) 100vw, 1024px\" \/><\/a>\n\t\t\t\t<\/dt><\/div><\/dl><dl class='gallery-item'  data-title='III Congres persones amb cancer i familiars DSC_5822_BQ' data-description=''><div class='gallery-item-wrapper'>\n\t\t\t\t<dt class='gallery-icon landscape'>\n\t\t\t\t\t<a href='https:\/\/congresos.contraelcancer.es\/cataluna\/wp-content\/uploads\/sites\/9\/2024\/06\/III-Congres-persones-amb-cancer-i-familiars-DSC_5822_BQ.jpg'><img loading=\"lazy\" decoding=\"async\" width=\"1024\" height=\"708\" src=\"https:\/\/congresos.contraelcancer.es\/cataluna\/wp-content\/uploads\/sites\/9\/2024\/06\/III-Congres-persones-amb-cancer-i-familiars-DSC_5822_BQ-1024x708.jpg\" class=\"attachment-large size-large\" alt=\"\" srcset=\"https:\/\/congresos.contraelcancer.es\/cataluna\/wp-content\/uploads\/sites\/9\/2024\/06\/III-Congres-persones-amb-cancer-i-familiars-DSC_5822_BQ-1024x708.jpg 1024w, https:\/\/congresos.contraelcancer.es\/cataluna\/wp-content\/uploads\/sites\/9\/2024\/06\/III-Congres-persones-amb-cancer-i-familiars-DSC_5822_BQ-300x207.jpg 300w, https:\/\/congresos.contraelcancer.es\/cataluna\/wp-content\/uploads\/sites\/9\/2024\/06\/III-Congres-persones-amb-cancer-i-familiars-DSC_5822_BQ-768x531.jpg 768w, https:\/\/congresos.contraelcancer.es\/cataluna\/wp-content\/uploads\/sites\/9\/2024\/06\/III-Congres-persones-amb-cancer-i-familiars-DSC_5822_BQ-109x75.jpg 109w, https:\/\/congresos.contraelcancer.es\/cataluna\/wp-content\/uploads\/sites\/9\/2024\/06\/III-Congres-persones-amb-cancer-i-familiars-DSC_5822_BQ-480x332.jpg 480w\" sizes=\"(max-width:767px) 480px, (max-width:1024px) 100vw, 1024px\" \/><\/a>\n\t\t\t\t<\/dt><\/div><\/dl><br style=\"clear: both\" \/><dl class='gallery-item'  data-title='III Congres persones amb cancer i familiars DSC_5825_BQ' data-description=''><div class='gallery-item-wrapper'>\n\t\t\t\t<dt class='gallery-icon landscape'>\n\t\t\t\t\t<a href='https:\/\/congresos.contraelcancer.es\/cataluna\/wp-content\/uploads\/sites\/9\/2024\/06\/III-Congres-persones-amb-cancer-i-familiars-DSC_5825_BQ.jpg'><img loading=\"lazy\" decoding=\"async\" width=\"1024\" height=\"708\" src=\"https:\/\/congresos.contraelcancer.es\/cataluna\/wp-content\/uploads\/sites\/9\/2024\/06\/III-Congres-persones-amb-cancer-i-familiars-DSC_5825_BQ-1024x708.jpg\" class=\"attachment-large size-large\" alt=\"\" srcset=\"https:\/\/congresos.contraelcancer.es\/cataluna\/wp-content\/uploads\/sites\/9\/2024\/06\/III-Congres-persones-amb-cancer-i-familiars-DSC_5825_BQ-1024x708.jpg 1024w, https:\/\/congresos.contraelcancer.es\/cataluna\/wp-content\/uploads\/sites\/9\/2024\/06\/III-Congres-persones-amb-cancer-i-familiars-DSC_5825_BQ-300x207.jpg 300w, https:\/\/congresos.contraelcancer.es\/cataluna\/wp-content\/uploads\/sites\/9\/2024\/06\/III-Congres-persones-amb-cancer-i-familiars-DSC_5825_BQ-768x531.jpg 768w, https:\/\/congresos.contraelcancer.es\/cataluna\/wp-content\/uploads\/sites\/9\/2024\/06\/III-Congres-persones-amb-cancer-i-familiars-DSC_5825_BQ-109x75.jpg 109w, https:\/\/congresos.contraelcancer.es\/cataluna\/wp-content\/uploads\/sites\/9\/2024\/06\/III-Congres-persones-amb-cancer-i-familiars-DSC_5825_BQ-480x332.jpg 480w\" sizes=\"(max-width:767px) 480px, (max-width:1024px) 100vw, 1024px\" \/><\/a>\n\t\t\t\t<\/dt><\/div><\/dl><dl class='gallery-item'  data-title='III Congres persones amb cancer i familiars DSC_5826' data-description=''><div class='gallery-item-wrapper'>\n\t\t\t\t<dt class='gallery-icon landscape'>\n\t\t\t\t\t<a href='https:\/\/congresos.contraelcancer.es\/cataluna\/wp-content\/uploads\/sites\/9\/2024\/06\/III-Congres-persones-amb-cancer-i-familiars-DSC_5826-scaled.jpg'><img loading=\"lazy\" decoding=\"async\" width=\"1024\" height=\"683\" src=\"https:\/\/congresos.contraelcancer.es\/cataluna\/wp-content\/uploads\/sites\/9\/2024\/06\/III-Congres-persones-amb-cancer-i-familiars-DSC_5826-1024x683.jpg\" class=\"attachment-large size-large\" alt=\"\" srcset=\"https:\/\/congresos.contraelcancer.es\/cataluna\/wp-content\/uploads\/sites\/9\/2024\/06\/III-Congres-persones-amb-cancer-i-familiars-DSC_5826-1024x683.jpg 1024w, https:\/\/congresos.contraelcancer.es\/cataluna\/wp-content\/uploads\/sites\/9\/2024\/06\/III-Congres-persones-amb-cancer-i-familiars-DSC_5826-300x200.jpg 300w, https:\/\/congresos.contraelcancer.es\/cataluna\/wp-content\/uploads\/sites\/9\/2024\/06\/III-Congres-persones-amb-cancer-i-familiars-DSC_5826-768x512.jpg 768w, https:\/\/congresos.contraelcancer.es\/cataluna\/wp-content\/uploads\/sites\/9\/2024\/06\/III-Congres-persones-amb-cancer-i-familiars-DSC_5826-113x75.jpg 113w, https:\/\/congresos.contraelcancer.es\/cataluna\/wp-content\/uploads\/sites\/9\/2024\/06\/III-Congres-persones-amb-cancer-i-familiars-DSC_5826-480x320.jpg 480w\" sizes=\"(max-width:767px) 480px, (max-width:1024px) 100vw, 1024px\" \/><\/a>\n\t\t\t\t<\/dt><\/div><\/dl><dl class='gallery-item'  data-title='III Congres persones amb cancer i familiars DSC_5827_BQ' data-description=''><div class='gallery-item-wrapper'>\n\t\t\t\t<dt class='gallery-icon landscape'>\n\t\t\t\t\t<a href='https:\/\/congresos.contraelcancer.es\/cataluna\/wp-content\/uploads\/sites\/9\/2024\/06\/III-Congres-persones-amb-cancer-i-familiars-DSC_5827_BQ.jpg'><img loading=\"lazy\" decoding=\"async\" width=\"1024\" height=\"708\" src=\"https:\/\/congresos.contraelcancer.es\/cataluna\/wp-content\/uploads\/sites\/9\/2024\/06\/III-Congres-persones-amb-cancer-i-familiars-DSC_5827_BQ-1024x708.jpg\" class=\"attachment-large size-large\" alt=\"\" srcset=\"https:\/\/congresos.contraelcancer.es\/cataluna\/wp-content\/uploads\/sites\/9\/2024\/06\/III-Congres-persones-amb-cancer-i-familiars-DSC_5827_BQ-1024x708.jpg 1024w, https:\/\/congresos.contraelcancer.es\/cataluna\/wp-content\/uploads\/sites\/9\/2024\/06\/III-Congres-persones-amb-cancer-i-familiars-DSC_5827_BQ-300x207.jpg 300w, https:\/\/congresos.contraelcancer.es\/cataluna\/wp-content\/uploads\/sites\/9\/2024\/06\/III-Congres-persones-amb-cancer-i-familiars-DSC_5827_BQ-768x531.jpg 768w, https:\/\/congresos.contraelcancer.es\/cataluna\/wp-content\/uploads\/sites\/9\/2024\/06\/III-Congres-persones-amb-cancer-i-familiars-DSC_5827_BQ-109x75.jpg 109w, https:\/\/congresos.contraelcancer.es\/cataluna\/wp-content\/uploads\/sites\/9\/2024\/06\/III-Congres-persones-amb-cancer-i-familiars-DSC_5827_BQ-480x332.jpg 480w\" sizes=\"(max-width:767px) 480px, (max-width:1024px) 100vw, 1024px\" \/><\/a>\n\t\t\t\t<\/dt><\/div><\/dl><dl class='gallery-item'  data-title='III Congres persones amb cancer i familiars DSC_5832' data-description=''><div class='gallery-item-wrapper'>\n\t\t\t\t<dt class='gallery-icon landscape'>\n\t\t\t\t\t<a href='https:\/\/congresos.contraelcancer.es\/cataluna\/wp-content\/uploads\/sites\/9\/2024\/06\/III-Congres-persones-amb-cancer-i-familiars-DSC_5832-scaled.jpg'><img loading=\"lazy\" decoding=\"async\" width=\"1024\" height=\"708\" src=\"https:\/\/congresos.contraelcancer.es\/cataluna\/wp-content\/uploads\/sites\/9\/2024\/06\/III-Congres-persones-amb-cancer-i-familiars-DSC_5832-1024x708.jpg\" class=\"attachment-large size-large\" alt=\"\" srcset=\"https:\/\/congresos.contraelcancer.es\/cataluna\/wp-content\/uploads\/sites\/9\/2024\/06\/III-Congres-persones-amb-cancer-i-familiars-DSC_5832-1024x708.jpg 1024w, https:\/\/congresos.contraelcancer.es\/cataluna\/wp-content\/uploads\/sites\/9\/2024\/06\/III-Congres-persones-amb-cancer-i-familiars-DSC_5832-300x207.jpg 300w, https:\/\/congresos.contraelcancer.es\/cataluna\/wp-content\/uploads\/sites\/9\/2024\/06\/III-Congres-persones-amb-cancer-i-familiars-DSC_5832-768x531.jpg 768w, https:\/\/congresos.contraelcancer.es\/cataluna\/wp-content\/uploads\/sites\/9\/2024\/06\/III-Congres-persones-amb-cancer-i-familiars-DSC_5832-109x75.jpg 109w, https:\/\/congresos.contraelcancer.es\/cataluna\/wp-content\/uploads\/sites\/9\/2024\/06\/III-Congres-persones-amb-cancer-i-familiars-DSC_5832-480x332.jpg 480w\" sizes=\"(max-width:767px) 480px, (max-width:1024px) 100vw, 1024px\" \/><\/a>\n\t\t\t\t<\/dt><\/div><\/dl><br style=\"clear: both\" \/><dl class='gallery-item'  data-title='III Congres persones amb cancer i familiars DSC_5835' data-description=''><div class='gallery-item-wrapper'>\n\t\t\t\t<dt class='gallery-icon landscape'>\n\t\t\t\t\t<a href='https:\/\/congresos.contraelcancer.es\/cataluna\/wp-content\/uploads\/sites\/9\/2024\/06\/III-Congres-persones-amb-cancer-i-familiars-DSC_5835-scaled.jpg'><img loading=\"lazy\" decoding=\"async\" width=\"1024\" height=\"701\" src=\"https:\/\/congresos.contraelcancer.es\/cataluna\/wp-content\/uploads\/sites\/9\/2024\/06\/III-Congres-persones-amb-cancer-i-familiars-DSC_5835-1024x701.jpg\" class=\"attachment-large size-large\" alt=\"\" srcset=\"https:\/\/congresos.contraelcancer.es\/cataluna\/wp-content\/uploads\/sites\/9\/2024\/06\/III-Congres-persones-amb-cancer-i-familiars-DSC_5835-1024x701.jpg 1024w, https:\/\/congresos.contraelcancer.es\/cataluna\/wp-content\/uploads\/sites\/9\/2024\/06\/III-Congres-persones-amb-cancer-i-familiars-DSC_5835-300x205.jpg 300w, https:\/\/congresos.contraelcancer.es\/cataluna\/wp-content\/uploads\/sites\/9\/2024\/06\/III-Congres-persones-amb-cancer-i-familiars-DSC_5835-768x526.jpg 768w, https:\/\/congresos.contraelcancer.es\/cataluna\/wp-content\/uploads\/sites\/9\/2024\/06\/III-Congres-persones-amb-cancer-i-familiars-DSC_5835-110x75.jpg 110w, https:\/\/congresos.contraelcancer.es\/cataluna\/wp-content\/uploads\/sites\/9\/2024\/06\/III-Congres-persones-amb-cancer-i-familiars-DSC_5835-480x329.jpg 480w\" sizes=\"(max-width:767px) 480px, (max-width:1024px) 100vw, 1024px\" \/><\/a>\n\t\t\t\t<\/dt><\/div><\/dl><dl class='gallery-item'  data-title='III Congres persones amb cancer i familiars DSC_5837_BQ' data-description=''><div class='gallery-item-wrapper'>\n\t\t\t\t<dt class='gallery-icon landscape'>\n\t\t\t\t\t<a href='https:\/\/congresos.contraelcancer.es\/cataluna\/wp-content\/uploads\/sites\/9\/2024\/06\/III-Congres-persones-amb-cancer-i-familiars-DSC_5837_BQ.jpg'><img loading=\"lazy\" decoding=\"async\" width=\"1024\" height=\"683\" src=\"https:\/\/congresos.contraelcancer.es\/cataluna\/wp-content\/uploads\/sites\/9\/2024\/06\/III-Congres-persones-amb-cancer-i-familiars-DSC_5837_BQ-1024x683.jpg\" class=\"attachment-large size-large\" alt=\"\" srcset=\"https:\/\/congresos.contraelcancer.es\/cataluna\/wp-content\/uploads\/sites\/9\/2024\/06\/III-Congres-persones-amb-cancer-i-familiars-DSC_5837_BQ-1024x683.jpg 1024w, https:\/\/congresos.contraelcancer.es\/cataluna\/wp-content\/uploads\/sites\/9\/2024\/06\/III-Congres-persones-amb-cancer-i-familiars-DSC_5837_BQ-300x200.jpg 300w, https:\/\/congresos.contraelcancer.es\/cataluna\/wp-content\/uploads\/sites\/9\/2024\/06\/III-Congres-persones-amb-cancer-i-familiars-DSC_5837_BQ-768x512.jpg 768w, https:\/\/congresos.contraelcancer.es\/cataluna\/wp-content\/uploads\/sites\/9\/2024\/06\/III-Congres-persones-amb-cancer-i-familiars-DSC_5837_BQ-113x75.jpg 113w, https:\/\/congresos.contraelcancer.es\/cataluna\/wp-content\/uploads\/sites\/9\/2024\/06\/III-Congres-persones-amb-cancer-i-familiars-DSC_5837_BQ-480x320.jpg 480w\" sizes=\"(max-width:767px) 480px, (max-width:1024px) 100vw, 1024px\" \/><\/a>\n\t\t\t\t<\/dt><\/div><\/dl><dl class='gallery-item'  data-title='III Congres persones amb cancer i familiars DSC_5841_BQ' data-description=''><div class='gallery-item-wrapper'>\n\t\t\t\t<dt class='gallery-icon landscape'>\n\t\t\t\t\t<a href='https:\/\/congresos.contraelcancer.es\/cataluna\/wp-content\/uploads\/sites\/9\/2024\/06\/III-Congres-persones-amb-cancer-i-familiars-DSC_5841_BQ.jpg'><img loading=\"lazy\" decoding=\"async\" width=\"1024\" height=\"683\" src=\"https:\/\/congresos.contraelcancer.es\/cataluna\/wp-content\/uploads\/sites\/9\/2024\/06\/III-Congres-persones-amb-cancer-i-familiars-DSC_5841_BQ-1024x683.jpg\" class=\"attachment-large size-large\" alt=\"\" srcset=\"https:\/\/congresos.contraelcancer.es\/cataluna\/wp-content\/uploads\/sites\/9\/2024\/06\/III-Congres-persones-amb-cancer-i-familiars-DSC_5841_BQ-1024x683.jpg 1024w, https:\/\/congresos.contraelcancer.es\/cataluna\/wp-content\/uploads\/sites\/9\/2024\/06\/III-Congres-persones-amb-cancer-i-familiars-DSC_5841_BQ-300x200.jpg 300w, https:\/\/congresos.contraelcancer.es\/cataluna\/wp-content\/uploads\/sites\/9\/2024\/06\/III-Congres-persones-amb-cancer-i-familiars-DSC_5841_BQ-768x512.jpg 768w, https:\/\/congresos.contraelcancer.es\/cataluna\/wp-content\/uploads\/sites\/9\/2024\/06\/III-Congres-persones-amb-cancer-i-familiars-DSC_5841_BQ-113x75.jpg 113w, https:\/\/congresos.contraelcancer.es\/cataluna\/wp-content\/uploads\/sites\/9\/2024\/06\/III-Congres-persones-amb-cancer-i-familiars-DSC_5841_BQ-480x320.jpg 480w\" sizes=\"(max-width:767px) 480px, (max-width:1024px) 100vw, 1024px\" \/><\/a>\n\t\t\t\t<\/dt><\/div><\/dl><dl class='gallery-item'  data-title='III Congres persones amb cancer i familiars DSC_5842_BQ' data-description=''><div class='gallery-item-wrapper'>\n\t\t\t\t<dt class='gallery-icon landscape'>\n\t\t\t\t\t<a href='https:\/\/congresos.contraelcancer.es\/cataluna\/wp-content\/uploads\/sites\/9\/2024\/06\/III-Congres-persones-amb-cancer-i-familiars-DSC_5842_BQ.jpg'><img loading=\"lazy\" decoding=\"async\" width=\"1024\" height=\"669\" src=\"https:\/\/congresos.contraelcancer.es\/cataluna\/wp-content\/uploads\/sites\/9\/2024\/06\/III-Congres-persones-amb-cancer-i-familiars-DSC_5842_BQ-1024x669.jpg\" class=\"attachment-large size-large\" alt=\"\" srcset=\"https:\/\/congresos.contraelcancer.es\/cataluna\/wp-content\/uploads\/sites\/9\/2024\/06\/III-Congres-persones-amb-cancer-i-familiars-DSC_5842_BQ-1024x669.jpg 1024w, https:\/\/congresos.contraelcancer.es\/cataluna\/wp-content\/uploads\/sites\/9\/2024\/06\/III-Congres-persones-amb-cancer-i-familiars-DSC_5842_BQ-300x196.jpg 300w, https:\/\/congresos.contraelcancer.es\/cataluna\/wp-content\/uploads\/sites\/9\/2024\/06\/III-Congres-persones-amb-cancer-i-familiars-DSC_5842_BQ-768x502.jpg 768w, https:\/\/congresos.contraelcancer.es\/cataluna\/wp-content\/uploads\/sites\/9\/2024\/06\/III-Congres-persones-amb-cancer-i-familiars-DSC_5842_BQ-115x75.jpg 115w, https:\/\/congresos.contraelcancer.es\/cataluna\/wp-content\/uploads\/sites\/9\/2024\/06\/III-Congres-persones-amb-cancer-i-familiars-DSC_5842_BQ-480x314.jpg 480w\" sizes=\"(max-width:767px) 480px, (max-width:1024px) 100vw, 1024px\" \/><\/a>\n\t\t\t\t<\/dt><\/div><\/dl><br style=\"clear: both\" \/><dl class='gallery-item'  data-title='III Congres persones amb cancer i familiars DSC_5845_BQ' data-description=''><div class='gallery-item-wrapper'>\n\t\t\t\t<dt class='gallery-icon landscape'>\n\t\t\t\t\t<a href='https:\/\/congresos.contraelcancer.es\/cataluna\/wp-content\/uploads\/sites\/9\/2024\/06\/III-Congres-persones-amb-cancer-i-familiars-DSC_5845_BQ.jpg'><img loading=\"lazy\" decoding=\"async\" width=\"1024\" height=\"708\" src=\"https:\/\/congresos.contraelcancer.es\/cataluna\/wp-content\/uploads\/sites\/9\/2024\/06\/III-Congres-persones-amb-cancer-i-familiars-DSC_5845_BQ-1024x708.jpg\" class=\"attachment-large size-large\" alt=\"\" srcset=\"https:\/\/congresos.contraelcancer.es\/cataluna\/wp-content\/uploads\/sites\/9\/2024\/06\/III-Congres-persones-amb-cancer-i-familiars-DSC_5845_BQ-1024x708.jpg 1024w, https:\/\/congresos.contraelcancer.es\/cataluna\/wp-content\/uploads\/sites\/9\/2024\/06\/III-Congres-persones-amb-cancer-i-familiars-DSC_5845_BQ-300x207.jpg 300w, https:\/\/congresos.contraelcancer.es\/cataluna\/wp-content\/uploads\/sites\/9\/2024\/06\/III-Congres-persones-amb-cancer-i-familiars-DSC_5845_BQ-768x531.jpg 768w, https:\/\/congresos.contraelcancer.es\/cataluna\/wp-content\/uploads\/sites\/9\/2024\/06\/III-Congres-persones-amb-cancer-i-familiars-DSC_5845_BQ-109x75.jpg 109w, https:\/\/congresos.contraelcancer.es\/cataluna\/wp-content\/uploads\/sites\/9\/2024\/06\/III-Congres-persones-amb-cancer-i-familiars-DSC_5845_BQ-480x332.jpg 480w\" sizes=\"(max-width:767px) 480px, (max-width:1024px) 100vw, 1024px\" \/><\/a>\n\t\t\t\t<\/dt><\/div><\/dl><dl class='gallery-item'  data-title='III Congres persones amb cancer i familiars DSC_5855_BQ' data-description=''><div class='gallery-item-wrapper'>\n\t\t\t\t<dt class='gallery-icon portrait'>\n\t\t\t\t\t<a href='https:\/\/congresos.contraelcancer.es\/cataluna\/wp-content\/uploads\/sites\/9\/2024\/06\/III-Congres-persones-amb-cancer-i-familiars-DSC_5855_BQ.jpg'><img loading=\"lazy\" decoding=\"async\" width=\"671\" height=\"1024\" src=\"https:\/\/congresos.contraelcancer.es\/cataluna\/wp-content\/uploads\/sites\/9\/2024\/06\/III-Congres-persones-amb-cancer-i-familiars-DSC_5855_BQ-671x1024.jpg\" class=\"attachment-large size-large\" alt=\"\" srcset=\"https:\/\/congresos.contraelcancer.es\/cataluna\/wp-content\/uploads\/sites\/9\/2024\/06\/III-Congres-persones-amb-cancer-i-familiars-DSC_5855_BQ-671x1024.jpg 671w, https:\/\/congresos.contraelcancer.es\/cataluna\/wp-content\/uploads\/sites\/9\/2024\/06\/III-Congres-persones-amb-cancer-i-familiars-DSC_5855_BQ-197x300.jpg 197w, https:\/\/congresos.contraelcancer.es\/cataluna\/wp-content\/uploads\/sites\/9\/2024\/06\/III-Congres-persones-amb-cancer-i-familiars-DSC_5855_BQ-49x75.jpg 49w, https:\/\/congresos.contraelcancer.es\/cataluna\/wp-content\/uploads\/sites\/9\/2024\/06\/III-Congres-persones-amb-cancer-i-familiars-DSC_5855_BQ-480x733.jpg 480w\" sizes=\"(max-width:767px) 480px, 671px\" \/><\/a>\n\t\t\t\t<\/dt><\/div><\/dl><dl class='gallery-item'  data-title='III Congres persones amb cancer i familiars DSC_5860_BQ' data-description=''><div class='gallery-item-wrapper'>\n\t\t\t\t<dt class='gallery-icon landscape'>\n\t\t\t\t\t<a href='https:\/\/congresos.contraelcancer.es\/cataluna\/wp-content\/uploads\/sites\/9\/2024\/06\/III-Congres-persones-amb-cancer-i-familiars-DSC_5860_BQ.jpg'><img loading=\"lazy\" decoding=\"async\" width=\"1024\" height=\"708\" src=\"https:\/\/congresos.contraelcancer.es\/cataluna\/wp-content\/uploads\/sites\/9\/2024\/06\/III-Congres-persones-amb-cancer-i-familiars-DSC_5860_BQ-1024x708.jpg\" class=\"attachment-large size-large\" alt=\"\" srcset=\"https:\/\/congresos.contraelcancer.es\/cataluna\/wp-content\/uploads\/sites\/9\/2024\/06\/III-Congres-persones-amb-cancer-i-familiars-DSC_5860_BQ-1024x708.jpg 1024w, https:\/\/congresos.contraelcancer.es\/cataluna\/wp-content\/uploads\/sites\/9\/2024\/06\/III-Congres-persones-amb-cancer-i-familiars-DSC_5860_BQ-300x207.jpg 300w, https:\/\/congresos.contraelcancer.es\/cataluna\/wp-content\/uploads\/sites\/9\/2024\/06\/III-Congres-persones-amb-cancer-i-familiars-DSC_5860_BQ-768x531.jpg 768w, https:\/\/congresos.contraelcancer.es\/cataluna\/wp-content\/uploads\/sites\/9\/2024\/06\/III-Congres-persones-amb-cancer-i-familiars-DSC_5860_BQ-109x75.jpg 109w, https:\/\/congresos.contraelcancer.es\/cataluna\/wp-content\/uploads\/sites\/9\/2024\/06\/III-Congres-persones-amb-cancer-i-familiars-DSC_5860_BQ-480x332.jpg 480w\" sizes=\"(max-width:767px) 480px, (max-width:1024px) 100vw, 1024px\" \/><\/a>\n\t\t\t\t<\/dt><\/div><\/dl><dl class='gallery-item'  data-title='III Congres persones amb cancer i familiars DSC_5863' data-description=''><div class='gallery-item-wrapper'>\n\t\t\t\t<dt class='gallery-icon landscape'>\n\t\t\t\t\t<a href='https:\/\/congresos.contraelcancer.es\/cataluna\/wp-content\/uploads\/sites\/9\/2024\/06\/III-Congres-persones-amb-cancer-i-familiars-DSC_5863-scaled.jpg'><img loading=\"lazy\" decoding=\"async\" width=\"1024\" height=\"683\" src=\"https:\/\/congresos.contraelcancer.es\/cataluna\/wp-content\/uploads\/sites\/9\/2024\/06\/III-Congres-persones-amb-cancer-i-familiars-DSC_5863-1024x683.jpg\" class=\"attachment-large size-large\" alt=\"\" srcset=\"https:\/\/congresos.contraelcancer.es\/cataluna\/wp-content\/uploads\/sites\/9\/2024\/06\/III-Congres-persones-amb-cancer-i-familiars-DSC_5863-1024x683.jpg 1024w, https:\/\/congresos.contraelcancer.es\/cataluna\/wp-content\/uploads\/sites\/9\/2024\/06\/III-Congres-persones-amb-cancer-i-familiars-DSC_5863-300x200.jpg 300w, https:\/\/congresos.contraelcancer.es\/cataluna\/wp-content\/uploads\/sites\/9\/2024\/06\/III-Congres-persones-amb-cancer-i-familiars-DSC_5863-768x512.jpg 768w, https:\/\/congresos.contraelcancer.es\/cataluna\/wp-content\/uploads\/sites\/9\/2024\/06\/III-Congres-persones-amb-cancer-i-familiars-DSC_5863-113x75.jpg 113w, https:\/\/congresos.contraelcancer.es\/cataluna\/wp-content\/uploads\/sites\/9\/2024\/06\/III-Congres-persones-amb-cancer-i-familiars-DSC_5863-480x320.jpg 480w\" sizes=\"(max-width:767px) 480px, (max-width:1024px) 100vw, 1024px\" \/><\/a>\n\t\t\t\t<\/dt><\/div><\/dl><br style=\"clear: both\" \/><dl class='gallery-item'  data-title='III Congres persones amb cancer i familiars DSC_5866' data-description=''><div class='gallery-item-wrapper'>\n\t\t\t\t<dt class='gallery-icon landscape'>\n\t\t\t\t\t<a href='https:\/\/congresos.contraelcancer.es\/cataluna\/wp-content\/uploads\/sites\/9\/2024\/06\/III-Congres-persones-amb-cancer-i-familiars-DSC_5866-scaled.jpg'><img loading=\"lazy\" decoding=\"async\" width=\"1024\" height=\"683\" src=\"https:\/\/congresos.contraelcancer.es\/cataluna\/wp-content\/uploads\/sites\/9\/2024\/06\/III-Congres-persones-amb-cancer-i-familiars-DSC_5866-1024x683.jpg\" class=\"attachment-large size-large\" alt=\"\" srcset=\"https:\/\/congresos.contraelcancer.es\/cataluna\/wp-content\/uploads\/sites\/9\/2024\/06\/III-Congres-persones-amb-cancer-i-familiars-DSC_5866-1024x683.jpg 1024w, https:\/\/congresos.contraelcancer.es\/cataluna\/wp-content\/uploads\/sites\/9\/2024\/06\/III-Congres-persones-amb-cancer-i-familiars-DSC_5866-300x200.jpg 300w, https:\/\/congresos.contraelcancer.es\/cataluna\/wp-content\/uploads\/sites\/9\/2024\/06\/III-Congres-persones-amb-cancer-i-familiars-DSC_5866-768x512.jpg 768w, https:\/\/congresos.contraelcancer.es\/cataluna\/wp-content\/uploads\/sites\/9\/2024\/06\/III-Congres-persones-amb-cancer-i-familiars-DSC_5866-113x75.jpg 113w, https:\/\/congresos.contraelcancer.es\/cataluna\/wp-content\/uploads\/sites\/9\/2024\/06\/III-Congres-persones-amb-cancer-i-familiars-DSC_5866-480x320.jpg 480w\" sizes=\"(max-width:767px) 480px, (max-width:1024px) 100vw, 1024px\" \/><\/a>\n\t\t\t\t<\/dt><\/div><\/dl><dl class='gallery-item'  data-title='III Congres persones amb cancer i familiars DSC_5870_BQ' data-description=''><div class='gallery-item-wrapper'>\n\t\t\t\t<dt class='gallery-icon landscape'>\n\t\t\t\t\t<a href='https:\/\/congresos.contraelcancer.es\/cataluna\/wp-content\/uploads\/sites\/9\/2024\/06\/III-Congres-persones-amb-cancer-i-familiars-DSC_5870_BQ.jpg'><img loading=\"lazy\" decoding=\"async\" width=\"1024\" height=\"709\" src=\"https:\/\/congresos.contraelcancer.es\/cataluna\/wp-content\/uploads\/sites\/9\/2024\/06\/III-Congres-persones-amb-cancer-i-familiars-DSC_5870_BQ-1024x709.jpg\" class=\"attachment-large size-large\" alt=\"\" srcset=\"https:\/\/congresos.contraelcancer.es\/cataluna\/wp-content\/uploads\/sites\/9\/2024\/06\/III-Congres-persones-amb-cancer-i-familiars-DSC_5870_BQ-1024x709.jpg 1024w, https:\/\/congresos.contraelcancer.es\/cataluna\/wp-content\/uploads\/sites\/9\/2024\/06\/III-Congres-persones-amb-cancer-i-familiars-DSC_5870_BQ-300x208.jpg 300w, https:\/\/congresos.contraelcancer.es\/cataluna\/wp-content\/uploads\/sites\/9\/2024\/06\/III-Congres-persones-amb-cancer-i-familiars-DSC_5870_BQ-768x532.jpg 768w, https:\/\/congresos.contraelcancer.es\/cataluna\/wp-content\/uploads\/sites\/9\/2024\/06\/III-Congres-persones-amb-cancer-i-familiars-DSC_5870_BQ-108x75.jpg 108w, https:\/\/congresos.contraelcancer.es\/cataluna\/wp-content\/uploads\/sites\/9\/2024\/06\/III-Congres-persones-amb-cancer-i-familiars-DSC_5870_BQ-480x332.jpg 480w\" sizes=\"(max-width:767px) 480px, (max-width:1024px) 100vw, 1024px\" \/><\/a>\n\t\t\t\t<\/dt><\/div><\/dl><dl class='gallery-item'  data-title='III Congres persones amb cancer i familiars DSC_5881_BQ' data-description=''><div class='gallery-item-wrapper'>\n\t\t\t\t<dt class='gallery-icon landscape'>\n\t\t\t\t\t<a href='https:\/\/congresos.contraelcancer.es\/cataluna\/wp-content\/uploads\/sites\/9\/2024\/06\/III-Congres-persones-amb-cancer-i-familiars-DSC_5881_BQ.jpg'><img loading=\"lazy\" decoding=\"async\" width=\"1024\" height=\"683\" src=\"https:\/\/congresos.contraelcancer.es\/cataluna\/wp-content\/uploads\/sites\/9\/2024\/06\/III-Congres-persones-amb-cancer-i-familiars-DSC_5881_BQ-1024x683.jpg\" class=\"attachment-large size-large\" alt=\"\" srcset=\"https:\/\/congresos.contraelcancer.es\/cataluna\/wp-content\/uploads\/sites\/9\/2024\/06\/III-Congres-persones-amb-cancer-i-familiars-DSC_5881_BQ-1024x683.jpg 1024w, https:\/\/congresos.contraelcancer.es\/cataluna\/wp-content\/uploads\/sites\/9\/2024\/06\/III-Congres-persones-amb-cancer-i-familiars-DSC_5881_BQ-300x200.jpg 300w, https:\/\/congresos.contraelcancer.es\/cataluna\/wp-content\/uploads\/sites\/9\/2024\/06\/III-Congres-persones-amb-cancer-i-familiars-DSC_5881_BQ-768x512.jpg 768w, https:\/\/congresos.contraelcancer.es\/cataluna\/wp-content\/uploads\/sites\/9\/2024\/06\/III-Congres-persones-amb-cancer-i-familiars-DSC_5881_BQ-113x75.jpg 113w, https:\/\/congresos.contraelcancer.es\/cataluna\/wp-content\/uploads\/sites\/9\/2024\/06\/III-Congres-persones-amb-cancer-i-familiars-DSC_5881_BQ-480x320.jpg 480w\" sizes=\"(max-width:767px) 480px, (max-width:1024px) 100vw, 1024px\" \/><\/a>\n\t\t\t\t<\/dt><\/div><\/dl><dl class='gallery-item'  data-title='III Congres persones amb cancer i familiars DSC_5882_BQ' data-description=''><div class='gallery-item-wrapper'>\n\t\t\t\t<dt class='gallery-icon landscape'>\n\t\t\t\t\t<a href='https:\/\/congresos.contraelcancer.es\/cataluna\/wp-content\/uploads\/sites\/9\/2024\/06\/III-Congres-persones-amb-cancer-i-familiars-DSC_5882_BQ.jpg'><img loading=\"lazy\" decoding=\"async\" width=\"1024\" height=\"671\" src=\"https:\/\/congresos.contraelcancer.es\/cataluna\/wp-content\/uploads\/sites\/9\/2024\/06\/III-Congres-persones-amb-cancer-i-familiars-DSC_5882_BQ-1024x671.jpg\" class=\"attachment-large size-large\" alt=\"\" srcset=\"https:\/\/congresos.contraelcancer.es\/cataluna\/wp-content\/uploads\/sites\/9\/2024\/06\/III-Congres-persones-amb-cancer-i-familiars-DSC_5882_BQ-1024x671.jpg 1024w, https:\/\/congresos.contraelcancer.es\/cataluna\/wp-content\/uploads\/sites\/9\/2024\/06\/III-Congres-persones-amb-cancer-i-familiars-DSC_5882_BQ-300x197.jpg 300w, https:\/\/congresos.contraelcancer.es\/cataluna\/wp-content\/uploads\/sites\/9\/2024\/06\/III-Congres-persones-amb-cancer-i-familiars-DSC_5882_BQ-768x503.jpg 768w, https:\/\/congresos.contraelcancer.es\/cataluna\/wp-content\/uploads\/sites\/9\/2024\/06\/III-Congres-persones-amb-cancer-i-familiars-DSC_5882_BQ-114x75.jpg 114w, https:\/\/congresos.contraelcancer.es\/cataluna\/wp-content\/uploads\/sites\/9\/2024\/06\/III-Congres-persones-amb-cancer-i-familiars-DSC_5882_BQ-480x315.jpg 480w\" sizes=\"(max-width:767px) 480px, (max-width:1024px) 100vw, 1024px\" \/><\/a>\n\t\t\t\t<\/dt><\/div><\/dl><br style=\"clear: both\" \/><dl class='gallery-item'  data-title='III Congres persones amb cancer i familiars DSC_5887_BQ' data-description=''><div class='gallery-item-wrapper'>\n\t\t\t\t<dt class='gallery-icon landscape'>\n\t\t\t\t\t<a href='https:\/\/congresos.contraelcancer.es\/cataluna\/wp-content\/uploads\/sites\/9\/2024\/06\/III-Congres-persones-amb-cancer-i-familiars-DSC_5887_BQ.jpg'><img loading=\"lazy\" decoding=\"async\" width=\"1024\" height=\"671\" src=\"https:\/\/congresos.contraelcancer.es\/cataluna\/wp-content\/uploads\/sites\/9\/2024\/06\/III-Congres-persones-amb-cancer-i-familiars-DSC_5887_BQ-1024x671.jpg\" class=\"attachment-large size-large\" alt=\"\" srcset=\"https:\/\/congresos.contraelcancer.es\/cataluna\/wp-content\/uploads\/sites\/9\/2024\/06\/III-Congres-persones-amb-cancer-i-familiars-DSC_5887_BQ-1024x671.jpg 1024w, https:\/\/congresos.contraelcancer.es\/cataluna\/wp-content\/uploads\/sites\/9\/2024\/06\/III-Congres-persones-amb-cancer-i-familiars-DSC_5887_BQ-300x197.jpg 300w, https:\/\/congresos.contraelcancer.es\/cataluna\/wp-content\/uploads\/sites\/9\/2024\/06\/III-Congres-persones-amb-cancer-i-familiars-DSC_5887_BQ-768x503.jpg 768w, https:\/\/congresos.contraelcancer.es\/cataluna\/wp-content\/uploads\/sites\/9\/2024\/06\/III-Congres-persones-amb-cancer-i-familiars-DSC_5887_BQ-114x75.jpg 114w, https:\/\/congresos.contraelcancer.es\/cataluna\/wp-content\/uploads\/sites\/9\/2024\/06\/III-Congres-persones-amb-cancer-i-familiars-DSC_5887_BQ-480x315.jpg 480w\" sizes=\"(max-width:767px) 480px, (max-width:1024px) 100vw, 1024px\" \/><\/a>\n\t\t\t\t<\/dt><\/div><\/dl><dl class='gallery-item'  data-title='III Congres persones amb cancer i familiars DSC_5895_BQ' data-description=''><div class='gallery-item-wrapper'>\n\t\t\t\t<dt class='gallery-icon landscape'>\n\t\t\t\t\t<a href='https:\/\/congresos.contraelcancer.es\/cataluna\/wp-content\/uploads\/sites\/9\/2024\/06\/III-Congres-persones-amb-cancer-i-familiars-DSC_5895_BQ.jpg'><img loading=\"lazy\" decoding=\"async\" width=\"1024\" height=\"676\" src=\"https:\/\/congresos.contraelcancer.es\/cataluna\/wp-content\/uploads\/sites\/9\/2024\/06\/III-Congres-persones-amb-cancer-i-familiars-DSC_5895_BQ-1024x676.jpg\" class=\"attachment-large size-large\" alt=\"\" srcset=\"https:\/\/congresos.contraelcancer.es\/cataluna\/wp-content\/uploads\/sites\/9\/2024\/06\/III-Congres-persones-amb-cancer-i-familiars-DSC_5895_BQ-1024x676.jpg 1024w, https:\/\/congresos.contraelcancer.es\/cataluna\/wp-content\/uploads\/sites\/9\/2024\/06\/III-Congres-persones-amb-cancer-i-familiars-DSC_5895_BQ-300x198.jpg 300w, https:\/\/congresos.contraelcancer.es\/cataluna\/wp-content\/uploads\/sites\/9\/2024\/06\/III-Congres-persones-amb-cancer-i-familiars-DSC_5895_BQ-768x507.jpg 768w, https:\/\/congresos.contraelcancer.es\/cataluna\/wp-content\/uploads\/sites\/9\/2024\/06\/III-Congres-persones-amb-cancer-i-familiars-DSC_5895_BQ-114x75.jpg 114w, https:\/\/congresos.contraelcancer.es\/cataluna\/wp-content\/uploads\/sites\/9\/2024\/06\/III-Congres-persones-amb-cancer-i-familiars-DSC_5895_BQ-480x317.jpg 480w\" sizes=\"(max-width:767px) 480px, (max-width:1024px) 100vw, 1024px\" \/><\/a>\n\t\t\t\t<\/dt><\/div><\/dl><dl class='gallery-item'  data-title='III Congres persones amb cancer i familiars DSC_5911_BQ' data-description=''><div class='gallery-item-wrapper'>\n\t\t\t\t<dt class='gallery-icon portrait'>\n\t\t\t\t\t<a href='https:\/\/congresos.contraelcancer.es\/cataluna\/wp-content\/uploads\/sites\/9\/2024\/06\/III-Congres-persones-amb-cancer-i-familiars-DSC_5911_BQ.jpg'><img loading=\"lazy\" decoding=\"async\" width=\"671\" height=\"1024\" src=\"https:\/\/congresos.contraelcancer.es\/cataluna\/wp-content\/uploads\/sites\/9\/2024\/06\/III-Congres-persones-amb-cancer-i-familiars-DSC_5911_BQ-671x1024.jpg\" class=\"attachment-large size-large\" alt=\"\" srcset=\"https:\/\/congresos.contraelcancer.es\/cataluna\/wp-content\/uploads\/sites\/9\/2024\/06\/III-Congres-persones-amb-cancer-i-familiars-DSC_5911_BQ-671x1024.jpg 671w, https:\/\/congresos.contraelcancer.es\/cataluna\/wp-content\/uploads\/sites\/9\/2024\/06\/III-Congres-persones-amb-cancer-i-familiars-DSC_5911_BQ-197x300.jpg 197w, https:\/\/congresos.contraelcancer.es\/cataluna\/wp-content\/uploads\/sites\/9\/2024\/06\/III-Congres-persones-amb-cancer-i-familiars-DSC_5911_BQ-49x75.jpg 49w, https:\/\/congresos.contraelcancer.es\/cataluna\/wp-content\/uploads\/sites\/9\/2024\/06\/III-Congres-persones-amb-cancer-i-familiars-DSC_5911_BQ-480x732.jpg 480w\" sizes=\"(max-width:767px) 480px, 671px\" \/><\/a>\n\t\t\t\t<\/dt><\/div><\/dl><dl class='gallery-item'  data-title='III Congres persones amb cancer i familiars DSC_5915_BQ' data-description=''><div class='gallery-item-wrapper'>\n\t\t\t\t<dt class='gallery-icon portrait'>\n\t\t\t\t\t<a href='https:\/\/congresos.contraelcancer.es\/cataluna\/wp-content\/uploads\/sites\/9\/2024\/06\/III-Congres-persones-amb-cancer-i-familiars-DSC_5915_BQ.jpg'><img loading=\"lazy\" decoding=\"async\" width=\"671\" height=\"1024\" src=\"https:\/\/congresos.contraelcancer.es\/cataluna\/wp-content\/uploads\/sites\/9\/2024\/06\/III-Congres-persones-amb-cancer-i-familiars-DSC_5915_BQ-671x1024.jpg\" class=\"attachment-large size-large\" alt=\"\" srcset=\"https:\/\/congresos.contraelcancer.es\/cataluna\/wp-content\/uploads\/sites\/9\/2024\/06\/III-Congres-persones-amb-cancer-i-familiars-DSC_5915_BQ-671x1024.jpg 671w, https:\/\/congresos.contraelcancer.es\/cataluna\/wp-content\/uploads\/sites\/9\/2024\/06\/III-Congres-persones-amb-cancer-i-familiars-DSC_5915_BQ-197x300.jpg 197w, https:\/\/congresos.contraelcancer.es\/cataluna\/wp-content\/uploads\/sites\/9\/2024\/06\/III-Congres-persones-amb-cancer-i-familiars-DSC_5915_BQ-49x75.jpg 49w, https:\/\/congresos.contraelcancer.es\/cataluna\/wp-content\/uploads\/sites\/9\/2024\/06\/III-Congres-persones-amb-cancer-i-familiars-DSC_5915_BQ-480x733.jpg 480w\" sizes=\"(max-width:767px) 480px, 671px\" \/><\/a>\n\t\t\t\t<\/dt><\/div><\/dl><br style=\"clear: both\" \/><dl class='gallery-item'  data-title='III Congres persones amb cancer i familiars DSC_5919' data-description=''><div class='gallery-item-wrapper'>\n\t\t\t\t<dt class='gallery-icon landscape'>\n\t\t\t\t\t<a href='https:\/\/congresos.contraelcancer.es\/cataluna\/wp-content\/uploads\/sites\/9\/2024\/06\/III-Congres-persones-amb-cancer-i-familiars-DSC_5919-scaled.jpg'><img loading=\"lazy\" decoding=\"async\" width=\"1024\" height=\"683\" src=\"https:\/\/congresos.contraelcancer.es\/cataluna\/wp-content\/uploads\/sites\/9\/2024\/06\/III-Congres-persones-amb-cancer-i-familiars-DSC_5919-1024x683.jpg\" class=\"attachment-large size-large\" alt=\"\" srcset=\"https:\/\/congresos.contraelcancer.es\/cataluna\/wp-content\/uploads\/sites\/9\/2024\/06\/III-Congres-persones-amb-cancer-i-familiars-DSC_5919-1024x683.jpg 1024w, https:\/\/congresos.contraelcancer.es\/cataluna\/wp-content\/uploads\/sites\/9\/2024\/06\/III-Congres-persones-amb-cancer-i-familiars-DSC_5919-300x200.jpg 300w, https:\/\/congresos.contraelcancer.es\/cataluna\/wp-content\/uploads\/sites\/9\/2024\/06\/III-Congres-persones-amb-cancer-i-familiars-DSC_5919-768x512.jpg 768w, https:\/\/congresos.contraelcancer.es\/cataluna\/wp-content\/uploads\/sites\/9\/2024\/06\/III-Congres-persones-amb-cancer-i-familiars-DSC_5919-113x75.jpg 113w, https:\/\/congresos.contraelcancer.es\/cataluna\/wp-content\/uploads\/sites\/9\/2024\/06\/III-Congres-persones-amb-cancer-i-familiars-DSC_5919-480x320.jpg 480w\" sizes=\"(max-width:767px) 480px, (max-width:1024px) 100vw, 1024px\" \/><\/a>\n\t\t\t\t<\/dt><\/div><\/dl><dl class='gallery-item'  data-title='III Congres persones amb cancer i familiars DSC_5924' data-description=''><div class='gallery-item-wrapper'>\n\t\t\t\t<dt class='gallery-icon landscape'>\n\t\t\t\t\t<a href='https:\/\/congresos.contraelcancer.es\/cataluna\/wp-content\/uploads\/sites\/9\/2024\/06\/III-Congres-persones-amb-cancer-i-familiars-DSC_5924-scaled.jpg'><img loading=\"lazy\" decoding=\"async\" width=\"1024\" height=\"683\" src=\"https:\/\/congresos.contraelcancer.es\/cataluna\/wp-content\/uploads\/sites\/9\/2024\/06\/III-Congres-persones-amb-cancer-i-familiars-DSC_5924-1024x683.jpg\" class=\"attachment-large size-large\" alt=\"\" srcset=\"https:\/\/congresos.contraelcancer.es\/cataluna\/wp-content\/uploads\/sites\/9\/2024\/06\/III-Congres-persones-amb-cancer-i-familiars-DSC_5924-1024x683.jpg 1024w, https:\/\/congresos.contraelcancer.es\/cataluna\/wp-content\/uploads\/sites\/9\/2024\/06\/III-Congres-persones-amb-cancer-i-familiars-DSC_5924-300x200.jpg 300w, https:\/\/congresos.contraelcancer.es\/cataluna\/wp-content\/uploads\/sites\/9\/2024\/06\/III-Congres-persones-amb-cancer-i-familiars-DSC_5924-768x512.jpg 768w, https:\/\/congresos.contraelcancer.es\/cataluna\/wp-content\/uploads\/sites\/9\/2024\/06\/III-Congres-persones-amb-cancer-i-familiars-DSC_5924-113x75.jpg 113w, https:\/\/congresos.contraelcancer.es\/cataluna\/wp-content\/uploads\/sites\/9\/2024\/06\/III-Congres-persones-amb-cancer-i-familiars-DSC_5924-480x320.jpg 480w\" sizes=\"(max-width:767px) 480px, (max-width:1024px) 100vw, 1024px\" \/><\/a>\n\t\t\t\t<\/dt><\/div><\/dl><dl class='gallery-item'  data-title='III Congres persones amb cancer i familiars DSC_5926_BQ' data-description=''><div class='gallery-item-wrapper'>\n\t\t\t\t<dt class='gallery-icon landscape'>\n\t\t\t\t\t<a href='https:\/\/congresos.contraelcancer.es\/cataluna\/wp-content\/uploads\/sites\/9\/2024\/06\/III-Congres-persones-amb-cancer-i-familiars-DSC_5926_BQ.jpg'><img loading=\"lazy\" decoding=\"async\" width=\"1024\" height=\"683\" src=\"https:\/\/congresos.contraelcancer.es\/cataluna\/wp-content\/uploads\/sites\/9\/2024\/06\/III-Congres-persones-amb-cancer-i-familiars-DSC_5926_BQ-1024x683.jpg\" class=\"attachment-large size-large\" alt=\"\" srcset=\"https:\/\/congresos.contraelcancer.es\/cataluna\/wp-content\/uploads\/sites\/9\/2024\/06\/III-Congres-persones-amb-cancer-i-familiars-DSC_5926_BQ-1024x683.jpg 1024w, https:\/\/congresos.contraelcancer.es\/cataluna\/wp-content\/uploads\/sites\/9\/2024\/06\/III-Congres-persones-amb-cancer-i-familiars-DSC_5926_BQ-300x200.jpg 300w, https:\/\/congresos.contraelcancer.es\/cataluna\/wp-content\/uploads\/sites\/9\/2024\/06\/III-Congres-persones-amb-cancer-i-familiars-DSC_5926_BQ-768x512.jpg 768w, https:\/\/congresos.contraelcancer.es\/cataluna\/wp-content\/uploads\/sites\/9\/2024\/06\/III-Congres-persones-amb-cancer-i-familiars-DSC_5926_BQ-113x75.jpg 113w, https:\/\/congresos.contraelcancer.es\/cataluna\/wp-content\/uploads\/sites\/9\/2024\/06\/III-Congres-persones-amb-cancer-i-familiars-DSC_5926_BQ-480x320.jpg 480w\" sizes=\"(max-width:767px) 480px, (max-width:1024px) 100vw, 1024px\" \/><\/a>\n\t\t\t\t<\/dt><\/div><\/dl><dl class='gallery-item'  data-title='III Congres persones amb cancer i familiars DSC_5928' data-description=''><div class='gallery-item-wrapper'>\n\t\t\t\t<dt class='gallery-icon landscape'>\n\t\t\t\t\t<a href='https:\/\/congresos.contraelcancer.es\/cataluna\/wp-content\/uploads\/sites\/9\/2024\/06\/III-Congres-persones-amb-cancer-i-familiars-DSC_5928-scaled.jpg'><img loading=\"lazy\" decoding=\"async\" width=\"1024\" height=\"683\" src=\"https:\/\/congresos.contraelcancer.es\/cataluna\/wp-content\/uploads\/sites\/9\/2024\/06\/III-Congres-persones-amb-cancer-i-familiars-DSC_5928-1024x683.jpg\" class=\"attachment-large size-large\" alt=\"\" srcset=\"https:\/\/congresos.contraelcancer.es\/cataluna\/wp-content\/uploads\/sites\/9\/2024\/06\/III-Congres-persones-amb-cancer-i-familiars-DSC_5928-1024x683.jpg 1024w, https:\/\/congresos.contraelcancer.es\/cataluna\/wp-content\/uploads\/sites\/9\/2024\/06\/III-Congres-persones-amb-cancer-i-familiars-DSC_5928-300x200.jpg 300w, https:\/\/congresos.contraelcancer.es\/cataluna\/wp-content\/uploads\/sites\/9\/2024\/06\/III-Congres-persones-amb-cancer-i-familiars-DSC_5928-768x512.jpg 768w, https:\/\/congresos.contraelcancer.es\/cataluna\/wp-content\/uploads\/sites\/9\/2024\/06\/III-Congres-persones-amb-cancer-i-familiars-DSC_5928-113x75.jpg 113w, https:\/\/congresos.contraelcancer.es\/cataluna\/wp-content\/uploads\/sites\/9\/2024\/06\/III-Congres-persones-amb-cancer-i-familiars-DSC_5928-480x320.jpg 480w\" sizes=\"(max-width:767px) 480px, (max-width:1024px) 100vw, 1024px\" \/><\/a>\n\t\t\t\t<\/dt><\/div><\/dl><br style=\"clear: both\" \/><dl class='gallery-item'  data-title='III Congres persones amb cancer i familiars DSC_5930_BQ' data-description=''><div class='gallery-item-wrapper'>\n\t\t\t\t<dt class='gallery-icon portrait'>\n\t\t\t\t\t<a href='https:\/\/congresos.contraelcancer.es\/cataluna\/wp-content\/uploads\/sites\/9\/2024\/06\/III-Congres-persones-amb-cancer-i-familiars-DSC_5930_BQ.jpg'><img loading=\"lazy\" decoding=\"async\" width=\"683\" height=\"1024\" src=\"https:\/\/congresos.contraelcancer.es\/cataluna\/wp-content\/uploads\/sites\/9\/2024\/06\/III-Congres-persones-amb-cancer-i-familiars-DSC_5930_BQ-683x1024.jpg\" class=\"attachment-large size-large\" alt=\"\" srcset=\"https:\/\/congresos.contraelcancer.es\/cataluna\/wp-content\/uploads\/sites\/9\/2024\/06\/III-Congres-persones-amb-cancer-i-familiars-DSC_5930_BQ-683x1024.jpg 683w, https:\/\/congresos.contraelcancer.es\/cataluna\/wp-content\/uploads\/sites\/9\/2024\/06\/III-Congres-persones-amb-cancer-i-familiars-DSC_5930_BQ-200x300.jpg 200w, https:\/\/congresos.contraelcancer.es\/cataluna\/wp-content\/uploads\/sites\/9\/2024\/06\/III-Congres-persones-amb-cancer-i-familiars-DSC_5930_BQ-50x75.jpg 50w, https:\/\/congresos.contraelcancer.es\/cataluna\/wp-content\/uploads\/sites\/9\/2024\/06\/III-Congres-persones-amb-cancer-i-familiars-DSC_5930_BQ-480x720.jpg 480w\" sizes=\"(max-width:767px) 480px, 683px\" \/><\/a>\n\t\t\t\t<\/dt><\/div><\/dl><dl class='gallery-item'  data-title='III Congres persones amb cancer i familiars DSC_5937' data-description=''><div class='gallery-item-wrapper'>\n\t\t\t\t<dt class='gallery-icon portrait'>\n\t\t\t\t\t<a href='https:\/\/congresos.contraelcancer.es\/cataluna\/wp-content\/uploads\/sites\/9\/2024\/06\/III-Congres-persones-amb-cancer-i-familiars-DSC_5937-scaled.jpg'><img loading=\"lazy\" decoding=\"async\" width=\"683\" height=\"1024\" src=\"https:\/\/congresos.contraelcancer.es\/cataluna\/wp-content\/uploads\/sites\/9\/2024\/06\/III-Congres-persones-amb-cancer-i-familiars-DSC_5937-683x1024.jpg\" class=\"attachment-large size-large\" alt=\"\" srcset=\"https:\/\/congresos.contraelcancer.es\/cataluna\/wp-content\/uploads\/sites\/9\/2024\/06\/III-Congres-persones-amb-cancer-i-familiars-DSC_5937-683x1024.jpg 683w, https:\/\/congresos.contraelcancer.es\/cataluna\/wp-content\/uploads\/sites\/9\/2024\/06\/III-Congres-persones-amb-cancer-i-familiars-DSC_5937-200x300.jpg 200w, https:\/\/congresos.contraelcancer.es\/cataluna\/wp-content\/uploads\/sites\/9\/2024\/06\/III-Congres-persones-amb-cancer-i-familiars-DSC_5937-50x75.jpg 50w, https:\/\/congresos.contraelcancer.es\/cataluna\/wp-content\/uploads\/sites\/9\/2024\/06\/III-Congres-persones-amb-cancer-i-familiars-DSC_5937-480x720.jpg 480w\" sizes=\"(max-width:767px) 480px, 683px\" \/><\/a>\n\t\t\t\t<\/dt><\/div><\/dl><dl class='gallery-item'  data-title='III Congres persones amb cancer i familiars DSC_5940' data-description=''><div class='gallery-item-wrapper'>\n\t\t\t\t<dt class='gallery-icon landscape'>\n\t\t\t\t\t<a href='https:\/\/congresos.contraelcancer.es\/cataluna\/wp-content\/uploads\/sites\/9\/2024\/06\/III-Congres-persones-amb-cancer-i-familiars-DSC_5940-scaled.jpg'><img loading=\"lazy\" decoding=\"async\" width=\"1024\" height=\"683\" src=\"https:\/\/congresos.contraelcancer.es\/cataluna\/wp-content\/uploads\/sites\/9\/2024\/06\/III-Congres-persones-amb-cancer-i-familiars-DSC_5940-1024x683.jpg\" class=\"attachment-large size-large\" alt=\"\" srcset=\"https:\/\/congresos.contraelcancer.es\/cataluna\/wp-content\/uploads\/sites\/9\/2024\/06\/III-Congres-persones-amb-cancer-i-familiars-DSC_5940-1024x683.jpg 1024w, https:\/\/congresos.contraelcancer.es\/cataluna\/wp-content\/uploads\/sites\/9\/2024\/06\/III-Congres-persones-amb-cancer-i-familiars-DSC_5940-300x200.jpg 300w, https:\/\/congresos.contraelcancer.es\/cataluna\/wp-content\/uploads\/sites\/9\/2024\/06\/III-Congres-persones-amb-cancer-i-familiars-DSC_5940-768x512.jpg 768w, https:\/\/congresos.contraelcancer.es\/cataluna\/wp-content\/uploads\/sites\/9\/2024\/06\/III-Congres-persones-amb-cancer-i-familiars-DSC_5940-113x75.jpg 113w, https:\/\/congresos.contraelcancer.es\/cataluna\/wp-content\/uploads\/sites\/9\/2024\/06\/III-Congres-persones-amb-cancer-i-familiars-DSC_5940-480x320.jpg 480w\" sizes=\"(max-width:767px) 480px, (max-width:1024px) 100vw, 1024px\" \/><\/a>\n\t\t\t\t<\/dt><\/div><\/dl><dl class='gallery-item'  data-title='III Congres persones amb cancer i familiars DSC_5943' data-description=''><div class='gallery-item-wrapper'>\n\t\t\t\t<dt class='gallery-icon portrait'>\n\t\t\t\t\t<a href='https:\/\/congresos.contraelcancer.es\/cataluna\/wp-content\/uploads\/sites\/9\/2024\/06\/III-Congres-persones-amb-cancer-i-familiars-DSC_5943-scaled.jpg'><img loading=\"lazy\" decoding=\"async\" width=\"683\" height=\"1024\" src=\"https:\/\/congresos.contraelcancer.es\/cataluna\/wp-content\/uploads\/sites\/9\/2024\/06\/III-Congres-persones-amb-cancer-i-familiars-DSC_5943-683x1024.jpg\" class=\"attachment-large size-large\" alt=\"\" srcset=\"https:\/\/congresos.contraelcancer.es\/cataluna\/wp-content\/uploads\/sites\/9\/2024\/06\/III-Congres-persones-amb-cancer-i-familiars-DSC_5943-683x1024.jpg 683w, https:\/\/congresos.contraelcancer.es\/cataluna\/wp-content\/uploads\/sites\/9\/2024\/06\/III-Congres-persones-amb-cancer-i-familiars-DSC_5943-200x300.jpg 200w, https:\/\/congresos.contraelcancer.es\/cataluna\/wp-content\/uploads\/sites\/9\/2024\/06\/III-Congres-persones-amb-cancer-i-familiars-DSC_5943-50x75.jpg 50w, https:\/\/congresos.contraelcancer.es\/cataluna\/wp-content\/uploads\/sites\/9\/2024\/06\/III-Congres-persones-amb-cancer-i-familiars-DSC_5943-480x720.jpg 480w\" sizes=\"(max-width:767px) 480px, 683px\" \/><\/a>\n\t\t\t\t<\/dt><\/div><\/dl><br style=\"clear: both\" \/><dl class='gallery-item'  data-title='III Congres persones amb cancer i familiars DSC_5943_BQ' data-description=''><div class='gallery-item-wrapper'>\n\t\t\t\t<dt class='gallery-icon portrait'>\n\t\t\t\t\t<a href='https:\/\/congresos.contraelcancer.es\/cataluna\/wp-content\/uploads\/sites\/9\/2024\/06\/III-Congres-persones-amb-cancer-i-familiars-DSC_5943_BQ.jpg'><img loading=\"lazy\" decoding=\"async\" width=\"683\" height=\"1024\" src=\"https:\/\/congresos.contraelcancer.es\/cataluna\/wp-content\/uploads\/sites\/9\/2024\/06\/III-Congres-persones-amb-cancer-i-familiars-DSC_5943_BQ-683x1024.jpg\" class=\"attachment-large size-large\" alt=\"\" srcset=\"https:\/\/congresos.contraelcancer.es\/cataluna\/wp-content\/uploads\/sites\/9\/2024\/06\/III-Congres-persones-amb-cancer-i-familiars-DSC_5943_BQ-683x1024.jpg 683w, https:\/\/congresos.contraelcancer.es\/cataluna\/wp-content\/uploads\/sites\/9\/2024\/06\/III-Congres-persones-amb-cancer-i-familiars-DSC_5943_BQ-200x300.jpg 200w, https:\/\/congresos.contraelcancer.es\/cataluna\/wp-content\/uploads\/sites\/9\/2024\/06\/III-Congres-persones-amb-cancer-i-familiars-DSC_5943_BQ-50x75.jpg 50w, https:\/\/congresos.contraelcancer.es\/cataluna\/wp-content\/uploads\/sites\/9\/2024\/06\/III-Congres-persones-amb-cancer-i-familiars-DSC_5943_BQ-480x720.jpg 480w\" sizes=\"(max-width:767px) 480px, 683px\" \/><\/a>\n\t\t\t\t<\/dt><\/div><\/dl><dl class='gallery-item'  data-title='III Congres persones amb cancer i familiars DSC_5945' data-description=''><div class='gallery-item-wrapper'>\n\t\t\t\t<dt class='gallery-icon landscape'>\n\t\t\t\t\t<a href='https:\/\/congresos.contraelcancer.es\/cataluna\/wp-content\/uploads\/sites\/9\/2024\/06\/III-Congres-persones-amb-cancer-i-familiars-DSC_5945-scaled.jpg'><img loading=\"lazy\" decoding=\"async\" width=\"1024\" height=\"683\" src=\"https:\/\/congresos.contraelcancer.es\/cataluna\/wp-content\/uploads\/sites\/9\/2024\/06\/III-Congres-persones-amb-cancer-i-familiars-DSC_5945-1024x683.jpg\" class=\"attachment-large size-large\" alt=\"\" srcset=\"https:\/\/congresos.contraelcancer.es\/cataluna\/wp-content\/uploads\/sites\/9\/2024\/06\/III-Congres-persones-amb-cancer-i-familiars-DSC_5945-1024x683.jpg 1024w, https:\/\/congresos.contraelcancer.es\/cataluna\/wp-content\/uploads\/sites\/9\/2024\/06\/III-Congres-persones-amb-cancer-i-familiars-DSC_5945-300x200.jpg 300w, https:\/\/congresos.contraelcancer.es\/cataluna\/wp-content\/uploads\/sites\/9\/2024\/06\/III-Congres-persones-amb-cancer-i-familiars-DSC_5945-768x512.jpg 768w, https:\/\/congresos.contraelcancer.es\/cataluna\/wp-content\/uploads\/sites\/9\/2024\/06\/III-Congres-persones-amb-cancer-i-familiars-DSC_5945-113x75.jpg 113w, https:\/\/congresos.contraelcancer.es\/cataluna\/wp-content\/uploads\/sites\/9\/2024\/06\/III-Congres-persones-amb-cancer-i-familiars-DSC_5945-480x320.jpg 480w\" sizes=\"(max-width:767px) 480px, (max-width:1024px) 100vw, 1024px\" \/><\/a>\n\t\t\t\t<\/dt><\/div><\/dl><dl class='gallery-item'  data-title='III Congres persones amb cancer i familiars DSC_5947' data-description=''><div class='gallery-item-wrapper'>\n\t\t\t\t<dt class='gallery-icon landscape'>\n\t\t\t\t\t<a href='https:\/\/congresos.contraelcancer.es\/cataluna\/wp-content\/uploads\/sites\/9\/2024\/06\/III-Congres-persones-amb-cancer-i-familiars-DSC_5947-scaled.jpg'><img loading=\"lazy\" decoding=\"async\" width=\"1024\" height=\"683\" src=\"https:\/\/congresos.contraelcancer.es\/cataluna\/wp-content\/uploads\/sites\/9\/2024\/06\/III-Congres-persones-amb-cancer-i-familiars-DSC_5947-1024x683.jpg\" class=\"attachment-large size-large\" alt=\"\" srcset=\"https:\/\/congresos.contraelcancer.es\/cataluna\/wp-content\/uploads\/sites\/9\/2024\/06\/III-Congres-persones-amb-cancer-i-familiars-DSC_5947-1024x683.jpg 1024w, https:\/\/congresos.contraelcancer.es\/cataluna\/wp-content\/uploads\/sites\/9\/2024\/06\/III-Congres-persones-amb-cancer-i-familiars-DSC_5947-300x200.jpg 300w, https:\/\/congresos.contraelcancer.es\/cataluna\/wp-content\/uploads\/sites\/9\/2024\/06\/III-Congres-persones-amb-cancer-i-familiars-DSC_5947-768x512.jpg 768w, https:\/\/congresos.contraelcancer.es\/cataluna\/wp-content\/uploads\/sites\/9\/2024\/06\/III-Congres-persones-amb-cancer-i-familiars-DSC_5947-113x75.jpg 113w, https:\/\/congresos.contraelcancer.es\/cataluna\/wp-content\/uploads\/sites\/9\/2024\/06\/III-Congres-persones-amb-cancer-i-familiars-DSC_5947-480x320.jpg 480w\" sizes=\"(max-width:767px) 480px, (max-width:1024px) 100vw, 1024px\" \/><\/a>\n\t\t\t\t<\/dt><\/div><\/dl><dl class='gallery-item'  data-title='III Congres persones amb cancer i familiars DSC_5949' data-description=''><div class='gallery-item-wrapper'>\n\t\t\t\t<dt class='gallery-icon landscape'>\n\t\t\t\t\t<a href='https:\/\/congresos.contraelcancer.es\/cataluna\/wp-content\/uploads\/sites\/9\/2024\/06\/III-Congres-persones-amb-cancer-i-familiars-DSC_5949-scaled.jpg'><img loading=\"lazy\" decoding=\"async\" width=\"1024\" height=\"683\" src=\"https:\/\/congresos.contraelcancer.es\/cataluna\/wp-content\/uploads\/sites\/9\/2024\/06\/III-Congres-persones-amb-cancer-i-familiars-DSC_5949-1024x683.jpg\" class=\"attachment-large size-large\" alt=\"\" srcset=\"https:\/\/congresos.contraelcancer.es\/cataluna\/wp-content\/uploads\/sites\/9\/2024\/06\/III-Congres-persones-amb-cancer-i-familiars-DSC_5949-1024x683.jpg 1024w, https:\/\/congresos.contraelcancer.es\/cataluna\/wp-content\/uploads\/sites\/9\/2024\/06\/III-Congres-persones-amb-cancer-i-familiars-DSC_5949-300x200.jpg 300w, https:\/\/congresos.contraelcancer.es\/cataluna\/wp-content\/uploads\/sites\/9\/2024\/06\/III-Congres-persones-amb-cancer-i-familiars-DSC_5949-768x512.jpg 768w, https:\/\/congresos.contraelcancer.es\/cataluna\/wp-content\/uploads\/sites\/9\/2024\/06\/III-Congres-persones-amb-cancer-i-familiars-DSC_5949-113x75.jpg 113w, https:\/\/congresos.contraelcancer.es\/cataluna\/wp-content\/uploads\/sites\/9\/2024\/06\/III-Congres-persones-amb-cancer-i-familiars-DSC_5949-480x320.jpg 480w\" sizes=\"(max-width:767px) 480px, (max-width:1024px) 100vw, 1024px\" \/><\/a>\n\t\t\t\t<\/dt><\/div><\/dl><br style=\"clear: both\" \/><dl class='gallery-item'  data-title='III Congres persones amb cancer i familiars DSC_5956' data-description=''><div class='gallery-item-wrapper'>\n\t\t\t\t<dt class='gallery-icon landscape'>\n\t\t\t\t\t<a href='https:\/\/congresos.contraelcancer.es\/cataluna\/wp-content\/uploads\/sites\/9\/2024\/06\/III-Congres-persones-amb-cancer-i-familiars-DSC_5956-scaled.jpg'><img loading=\"lazy\" decoding=\"async\" width=\"1024\" height=\"683\" src=\"https:\/\/congresos.contraelcancer.es\/cataluna\/wp-content\/uploads\/sites\/9\/2024\/06\/III-Congres-persones-amb-cancer-i-familiars-DSC_5956-1024x683.jpg\" class=\"attachment-large size-large\" alt=\"\" srcset=\"https:\/\/congresos.contraelcancer.es\/cataluna\/wp-content\/uploads\/sites\/9\/2024\/06\/III-Congres-persones-amb-cancer-i-familiars-DSC_5956-1024x683.jpg 1024w, https:\/\/congresos.contraelcancer.es\/cataluna\/wp-content\/uploads\/sites\/9\/2024\/06\/III-Congres-persones-amb-cancer-i-familiars-DSC_5956-300x200.jpg 300w, https:\/\/congresos.contraelcancer.es\/cataluna\/wp-content\/uploads\/sites\/9\/2024\/06\/III-Congres-persones-amb-cancer-i-familiars-DSC_5956-768x512.jpg 768w, https:\/\/congresos.contraelcancer.es\/cataluna\/wp-content\/uploads\/sites\/9\/2024\/06\/III-Congres-persones-amb-cancer-i-familiars-DSC_5956-113x75.jpg 113w, https:\/\/congresos.contraelcancer.es\/cataluna\/wp-content\/uploads\/sites\/9\/2024\/06\/III-Congres-persones-amb-cancer-i-familiars-DSC_5956-480x320.jpg 480w\" sizes=\"(max-width:767px) 480px, (max-width:1024px) 100vw, 1024px\" \/><\/a>\n\t\t\t\t<\/dt><\/div><\/dl><dl class='gallery-item'  data-title='III Congres persones amb cancer i familiars DSC_5960_BQ' data-description=''><div class='gallery-item-wrapper'>\n\t\t\t\t<dt class='gallery-icon portrait'>\n\t\t\t\t\t<a href='https:\/\/congresos.contraelcancer.es\/cataluna\/wp-content\/uploads\/sites\/9\/2024\/06\/III-Congres-persones-amb-cancer-i-familiars-DSC_5960_BQ.jpg'><img loading=\"lazy\" decoding=\"async\" width=\"683\" height=\"1024\" src=\"https:\/\/congresos.contraelcancer.es\/cataluna\/wp-content\/uploads\/sites\/9\/2024\/06\/III-Congres-persones-amb-cancer-i-familiars-DSC_5960_BQ-683x1024.jpg\" class=\"attachment-large size-large\" alt=\"\" srcset=\"https:\/\/congresos.contraelcancer.es\/cataluna\/wp-content\/uploads\/sites\/9\/2024\/06\/III-Congres-persones-amb-cancer-i-familiars-DSC_5960_BQ-683x1024.jpg 683w, https:\/\/congresos.contraelcancer.es\/cataluna\/wp-content\/uploads\/sites\/9\/2024\/06\/III-Congres-persones-amb-cancer-i-familiars-DSC_5960_BQ-200x300.jpg 200w, https:\/\/congresos.contraelcancer.es\/cataluna\/wp-content\/uploads\/sites\/9\/2024\/06\/III-Congres-persones-amb-cancer-i-familiars-DSC_5960_BQ-50x75.jpg 50w, https:\/\/congresos.contraelcancer.es\/cataluna\/wp-content\/uploads\/sites\/9\/2024\/06\/III-Congres-persones-amb-cancer-i-familiars-DSC_5960_BQ-480x720.jpg 480w\" sizes=\"(max-width:767px) 480px, 683px\" \/><\/a>\n\t\t\t\t<\/dt><\/div><\/dl><dl class='gallery-item'  data-title='III Congres persones amb cancer i familiars DSC_5968' data-description=''><div class='gallery-item-wrapper'>\n\t\t\t\t<dt class='gallery-icon landscape'>\n\t\t\t\t\t<a href='https:\/\/congresos.contraelcancer.es\/cataluna\/wp-content\/uploads\/sites\/9\/2024\/06\/III-Congres-persones-amb-cancer-i-familiars-DSC_5968-scaled.jpg'><img loading=\"lazy\" decoding=\"async\" width=\"1024\" height=\"683\" src=\"https:\/\/congresos.contraelcancer.es\/cataluna\/wp-content\/uploads\/sites\/9\/2024\/06\/III-Congres-persones-amb-cancer-i-familiars-DSC_5968-1024x683.jpg\" class=\"attachment-large size-large\" alt=\"\" srcset=\"https:\/\/congresos.contraelcancer.es\/cataluna\/wp-content\/uploads\/sites\/9\/2024\/06\/III-Congres-persones-amb-cancer-i-familiars-DSC_5968-1024x683.jpg 1024w, https:\/\/congresos.contraelcancer.es\/cataluna\/wp-content\/uploads\/sites\/9\/2024\/06\/III-Congres-persones-amb-cancer-i-familiars-DSC_5968-300x200.jpg 300w, https:\/\/congresos.contraelcancer.es\/cataluna\/wp-content\/uploads\/sites\/9\/2024\/06\/III-Congres-persones-amb-cancer-i-familiars-DSC_5968-768x512.jpg 768w, https:\/\/congresos.contraelcancer.es\/cataluna\/wp-content\/uploads\/sites\/9\/2024\/06\/III-Congres-persones-amb-cancer-i-familiars-DSC_5968-113x75.jpg 113w, https:\/\/congresos.contraelcancer.es\/cataluna\/wp-content\/uploads\/sites\/9\/2024\/06\/III-Congres-persones-amb-cancer-i-familiars-DSC_5968-480x320.jpg 480w\" sizes=\"(max-width:767px) 480px, (max-width:1024px) 100vw, 1024px\" \/><\/a>\n\t\t\t\t<\/dt><\/div><\/dl><dl class='gallery-item'  data-title='III Congres persones amb cancer i familiars DSC_5970' data-description=''><div class='gallery-item-wrapper'>\n\t\t\t\t<dt class='gallery-icon landscape'>\n\t\t\t\t\t<a href='https:\/\/congresos.contraelcancer.es\/cataluna\/wp-content\/uploads\/sites\/9\/2024\/06\/III-Congres-persones-amb-cancer-i-familiars-DSC_5970-scaled.jpg'><img loading=\"lazy\" decoding=\"async\" width=\"1024\" height=\"683\" src=\"https:\/\/congresos.contraelcancer.es\/cataluna\/wp-content\/uploads\/sites\/9\/2024\/06\/III-Congres-persones-amb-cancer-i-familiars-DSC_5970-1024x683.jpg\" class=\"attachment-large size-large\" alt=\"\" srcset=\"https:\/\/congresos.contraelcancer.es\/cataluna\/wp-content\/uploads\/sites\/9\/2024\/06\/III-Congres-persones-amb-cancer-i-familiars-DSC_5970-1024x683.jpg 1024w, https:\/\/congresos.contraelcancer.es\/cataluna\/wp-content\/uploads\/sites\/9\/2024\/06\/III-Congres-persones-amb-cancer-i-familiars-DSC_5970-300x200.jpg 300w, https:\/\/congresos.contraelcancer.es\/cataluna\/wp-content\/uploads\/sites\/9\/2024\/06\/III-Congres-persones-amb-cancer-i-familiars-DSC_5970-768x512.jpg 768w, https:\/\/congresos.contraelcancer.es\/cataluna\/wp-content\/uploads\/sites\/9\/2024\/06\/III-Congres-persones-amb-cancer-i-familiars-DSC_5970-113x75.jpg 113w, https:\/\/congresos.contraelcancer.es\/cataluna\/wp-content\/uploads\/sites\/9\/2024\/06\/III-Congres-persones-amb-cancer-i-familiars-DSC_5970-480x320.jpg 480w\" sizes=\"(max-width:767px) 480px, (max-width:1024px) 100vw, 1024px\" \/><\/a>\n\t\t\t\t<\/dt><\/div><\/dl><br style=\"clear: both\" \/><dl class='gallery-item'  data-title='III Congres persones amb cancer i familiars DSC_5975' data-description=''><div class='gallery-item-wrapper'>\n\t\t\t\t<dt class='gallery-icon portrait'>\n\t\t\t\t\t<a href='https:\/\/congresos.contraelcancer.es\/cataluna\/wp-content\/uploads\/sites\/9\/2024\/06\/III-Congres-persones-amb-cancer-i-familiars-DSC_5975-scaled.jpg'><img loading=\"lazy\" decoding=\"async\" width=\"683\" height=\"1024\" src=\"https:\/\/congresos.contraelcancer.es\/cataluna\/wp-content\/uploads\/sites\/9\/2024\/06\/III-Congres-persones-amb-cancer-i-familiars-DSC_5975-683x1024.jpg\" class=\"attachment-large size-large\" alt=\"\" srcset=\"https:\/\/congresos.contraelcancer.es\/cataluna\/wp-content\/uploads\/sites\/9\/2024\/06\/III-Congres-persones-amb-cancer-i-familiars-DSC_5975-683x1024.jpg 683w, https:\/\/congresos.contraelcancer.es\/cataluna\/wp-content\/uploads\/sites\/9\/2024\/06\/III-Congres-persones-amb-cancer-i-familiars-DSC_5975-200x300.jpg 200w, https:\/\/congresos.contraelcancer.es\/cataluna\/wp-content\/uploads\/sites\/9\/2024\/06\/III-Congres-persones-amb-cancer-i-familiars-DSC_5975-50x75.jpg 50w, https:\/\/congresos.contraelcancer.es\/cataluna\/wp-content\/uploads\/sites\/9\/2024\/06\/III-Congres-persones-amb-cancer-i-familiars-DSC_5975-480x720.jpg 480w\" sizes=\"(max-width:767px) 480px, 683px\" \/><\/a>\n\t\t\t\t<\/dt><\/div><\/dl><dl class='gallery-item'  data-title='III Congres persones amb cancer i familiars DSC_5982' data-description=''><div class='gallery-item-wrapper'>\n\t\t\t\t<dt class='gallery-icon landscape'>\n\t\t\t\t\t<a href='https:\/\/congresos.contraelcancer.es\/cataluna\/wp-content\/uploads\/sites\/9\/2024\/06\/III-Congres-persones-amb-cancer-i-familiars-DSC_5982-scaled.jpg'><img loading=\"lazy\" decoding=\"async\" width=\"1024\" height=\"683\" src=\"https:\/\/congresos.contraelcancer.es\/cataluna\/wp-content\/uploads\/sites\/9\/2024\/06\/III-Congres-persones-amb-cancer-i-familiars-DSC_5982-1024x683.jpg\" class=\"attachment-large size-large\" alt=\"\" srcset=\"https:\/\/congresos.contraelcancer.es\/cataluna\/wp-content\/uploads\/sites\/9\/2024\/06\/III-Congres-persones-amb-cancer-i-familiars-DSC_5982-1024x683.jpg 1024w, https:\/\/congresos.contraelcancer.es\/cataluna\/wp-content\/uploads\/sites\/9\/2024\/06\/III-Congres-persones-amb-cancer-i-familiars-DSC_5982-300x200.jpg 300w, https:\/\/congresos.contraelcancer.es\/cataluna\/wp-content\/uploads\/sites\/9\/2024\/06\/III-Congres-persones-amb-cancer-i-familiars-DSC_5982-768x512.jpg 768w, https:\/\/congresos.contraelcancer.es\/cataluna\/wp-content\/uploads\/sites\/9\/2024\/06\/III-Congres-persones-amb-cancer-i-familiars-DSC_5982-113x75.jpg 113w, https:\/\/congresos.contraelcancer.es\/cataluna\/wp-content\/uploads\/sites\/9\/2024\/06\/III-Congres-persones-amb-cancer-i-familiars-DSC_5982-480x320.jpg 480w\" sizes=\"(max-width:767px) 480px, (max-width:1024px) 100vw, 1024px\" \/><\/a>\n\t\t\t\t<\/dt><\/div><\/dl><dl class='gallery-item'  data-title='III Congres persones amb cancer i familiars DSC_5985_BQ' data-description=''><div class='gallery-item-wrapper'>\n\t\t\t\t<dt class='gallery-icon portrait'>\n\t\t\t\t\t<a href='https:\/\/congresos.contraelcancer.es\/cataluna\/wp-content\/uploads\/sites\/9\/2024\/06\/III-Congres-persones-amb-cancer-i-familiars-DSC_5985_BQ.jpg'><img loading=\"lazy\" decoding=\"async\" width=\"683\" height=\"1024\" src=\"https:\/\/congresos.contraelcancer.es\/cataluna\/wp-content\/uploads\/sites\/9\/2024\/06\/III-Congres-persones-amb-cancer-i-familiars-DSC_5985_BQ-683x1024.jpg\" class=\"attachment-large size-large\" alt=\"\" srcset=\"https:\/\/congresos.contraelcancer.es\/cataluna\/wp-content\/uploads\/sites\/9\/2024\/06\/III-Congres-persones-amb-cancer-i-familiars-DSC_5985_BQ-683x1024.jpg 683w, https:\/\/congresos.contraelcancer.es\/cataluna\/wp-content\/uploads\/sites\/9\/2024\/06\/III-Congres-persones-amb-cancer-i-familiars-DSC_5985_BQ-200x300.jpg 200w, https:\/\/congresos.contraelcancer.es\/cataluna\/wp-content\/uploads\/sites\/9\/2024\/06\/III-Congres-persones-amb-cancer-i-familiars-DSC_5985_BQ-50x75.jpg 50w, https:\/\/congresos.contraelcancer.es\/cataluna\/wp-content\/uploads\/sites\/9\/2024\/06\/III-Congres-persones-amb-cancer-i-familiars-DSC_5985_BQ-480x720.jpg 480w\" sizes=\"(max-width:767px) 480px, 683px\" \/><\/a>\n\t\t\t\t<\/dt><\/div><\/dl><dl class='gallery-item'  data-title='III Congres persones amb cancer i familiars DSC_5989' data-description=''><div class='gallery-item-wrapper'>\n\t\t\t\t<dt class='gallery-icon landscape'>\n\t\t\t\t\t<a href='https:\/\/congresos.contraelcancer.es\/cataluna\/wp-content\/uploads\/sites\/9\/2024\/06\/III-Congres-persones-amb-cancer-i-familiars-DSC_5989-scaled.jpg'><img loading=\"lazy\" decoding=\"async\" width=\"1024\" height=\"678\" src=\"https:\/\/congresos.contraelcancer.es\/cataluna\/wp-content\/uploads\/sites\/9\/2024\/06\/III-Congres-persones-amb-cancer-i-familiars-DSC_5989-1024x678.jpg\" class=\"attachment-large size-large\" alt=\"\" srcset=\"https:\/\/congresos.contraelcancer.es\/cataluna\/wp-content\/uploads\/sites\/9\/2024\/06\/III-Congres-persones-amb-cancer-i-familiars-DSC_5989-1024x678.jpg 1024w, https:\/\/congresos.contraelcancer.es\/cataluna\/wp-content\/uploads\/sites\/9\/2024\/06\/III-Congres-persones-amb-cancer-i-familiars-DSC_5989-300x199.jpg 300w, https:\/\/congresos.contraelcancer.es\/cataluna\/wp-content\/uploads\/sites\/9\/2024\/06\/III-Congres-persones-amb-cancer-i-familiars-DSC_5989-768x509.jpg 768w, https:\/\/congresos.contraelcancer.es\/cataluna\/wp-content\/uploads\/sites\/9\/2024\/06\/III-Congres-persones-amb-cancer-i-familiars-DSC_5989-113x75.jpg 113w, https:\/\/congresos.contraelcancer.es\/cataluna\/wp-content\/uploads\/sites\/9\/2024\/06\/III-Congres-persones-amb-cancer-i-familiars-DSC_5989-480x318.jpg 480w\" sizes=\"(max-width:767px) 480px, (max-width:1024px) 100vw, 1024px\" \/><\/a>\n\t\t\t\t<\/dt><\/div><\/dl><br style=\"clear: both\" \/><dl class='gallery-item'  data-title='III Congres persones amb cancer i familiars DSC_5997' data-description=''><div class='gallery-item-wrapper'>\n\t\t\t\t<dt class='gallery-icon landscape'>\n\t\t\t\t\t<a href='https:\/\/congresos.contraelcancer.es\/cataluna\/wp-content\/uploads\/sites\/9\/2024\/06\/III-Congres-persones-amb-cancer-i-familiars-DSC_5997-scaled.jpg'><img loading=\"lazy\" decoding=\"async\" width=\"1024\" height=\"683\" src=\"https:\/\/congresos.contraelcancer.es\/cataluna\/wp-content\/uploads\/sites\/9\/2024\/06\/III-Congres-persones-amb-cancer-i-familiars-DSC_5997-1024x683.jpg\" class=\"attachment-large size-large\" alt=\"\" srcset=\"https:\/\/congresos.contraelcancer.es\/cataluna\/wp-content\/uploads\/sites\/9\/2024\/06\/III-Congres-persones-amb-cancer-i-familiars-DSC_5997-1024x683.jpg 1024w, https:\/\/congresos.contraelcancer.es\/cataluna\/wp-content\/uploads\/sites\/9\/2024\/06\/III-Congres-persones-amb-cancer-i-familiars-DSC_5997-300x200.jpg 300w, https:\/\/congresos.contraelcancer.es\/cataluna\/wp-content\/uploads\/sites\/9\/2024\/06\/III-Congres-persones-amb-cancer-i-familiars-DSC_5997-768x512.jpg 768w, https:\/\/congresos.contraelcancer.es\/cataluna\/wp-content\/uploads\/sites\/9\/2024\/06\/III-Congres-persones-amb-cancer-i-familiars-DSC_5997-113x75.jpg 113w, https:\/\/congresos.contraelcancer.es\/cataluna\/wp-content\/uploads\/sites\/9\/2024\/06\/III-Congres-persones-amb-cancer-i-familiars-DSC_5997-480x320.jpg 480w\" sizes=\"(max-width:767px) 480px, (max-width:1024px) 100vw, 1024px\" \/><\/a>\n\t\t\t\t<\/dt><\/div><\/dl><dl class='gallery-item'  data-title='III Congres persones amb cancer i familiars DSC_6002_BQ' data-description=''><div class='gallery-item-wrapper'>\n\t\t\t\t<dt class='gallery-icon landscape'>\n\t\t\t\t\t<a href='https:\/\/congresos.contraelcancer.es\/cataluna\/wp-content\/uploads\/sites\/9\/2024\/06\/III-Congres-persones-amb-cancer-i-familiars-DSC_6002_BQ.jpg'><img loading=\"lazy\" decoding=\"async\" width=\"1024\" height=\"674\" src=\"https:\/\/congresos.contraelcancer.es\/cataluna\/wp-content\/uploads\/sites\/9\/2024\/06\/III-Congres-persones-amb-cancer-i-familiars-DSC_6002_BQ-1024x674.jpg\" class=\"attachment-large size-large\" alt=\"\" srcset=\"https:\/\/congresos.contraelcancer.es\/cataluna\/wp-content\/uploads\/sites\/9\/2024\/06\/III-Congres-persones-amb-cancer-i-familiars-DSC_6002_BQ-1024x674.jpg 1024w, https:\/\/congresos.contraelcancer.es\/cataluna\/wp-content\/uploads\/sites\/9\/2024\/06\/III-Congres-persones-amb-cancer-i-familiars-DSC_6002_BQ-300x198.jpg 300w, https:\/\/congresos.contraelcancer.es\/cataluna\/wp-content\/uploads\/sites\/9\/2024\/06\/III-Congres-persones-amb-cancer-i-familiars-DSC_6002_BQ-768x506.jpg 768w, https:\/\/congresos.contraelcancer.es\/cataluna\/wp-content\/uploads\/sites\/9\/2024\/06\/III-Congres-persones-amb-cancer-i-familiars-DSC_6002_BQ-114x75.jpg 114w, https:\/\/congresos.contraelcancer.es\/cataluna\/wp-content\/uploads\/sites\/9\/2024\/06\/III-Congres-persones-amb-cancer-i-familiars-DSC_6002_BQ-480x316.jpg 480w\" sizes=\"(max-width:767px) 480px, (max-width:1024px) 100vw, 1024px\" \/><\/a>\n\t\t\t\t<\/dt><\/div><\/dl><dl class='gallery-item'  data-title='III Congres persones amb cancer i familiars DSC_6005_BQ' data-description=''><div class='gallery-item-wrapper'>\n\t\t\t\t<dt class='gallery-icon landscape'>\n\t\t\t\t\t<a href='https:\/\/congresos.contraelcancer.es\/cataluna\/wp-content\/uploads\/sites\/9\/2024\/06\/III-Congres-persones-amb-cancer-i-familiars-DSC_6005_BQ.jpg'><img loading=\"lazy\" decoding=\"async\" width=\"1024\" height=\"673\" src=\"https:\/\/congresos.contraelcancer.es\/cataluna\/wp-content\/uploads\/sites\/9\/2024\/06\/III-Congres-persones-amb-cancer-i-familiars-DSC_6005_BQ-1024x673.jpg\" class=\"attachment-large size-large\" alt=\"\" srcset=\"https:\/\/congresos.contraelcancer.es\/cataluna\/wp-content\/uploads\/sites\/9\/2024\/06\/III-Congres-persones-amb-cancer-i-familiars-DSC_6005_BQ-1024x673.jpg 1024w, https:\/\/congresos.contraelcancer.es\/cataluna\/wp-content\/uploads\/sites\/9\/2024\/06\/III-Congres-persones-amb-cancer-i-familiars-DSC_6005_BQ-300x197.jpg 300w, https:\/\/congresos.contraelcancer.es\/cataluna\/wp-content\/uploads\/sites\/9\/2024\/06\/III-Congres-persones-amb-cancer-i-familiars-DSC_6005_BQ-768x505.jpg 768w, https:\/\/congresos.contraelcancer.es\/cataluna\/wp-content\/uploads\/sites\/9\/2024\/06\/III-Congres-persones-amb-cancer-i-familiars-DSC_6005_BQ-114x75.jpg 114w, https:\/\/congresos.contraelcancer.es\/cataluna\/wp-content\/uploads\/sites\/9\/2024\/06\/III-Congres-persones-amb-cancer-i-familiars-DSC_6005_BQ-480x316.jpg 480w\" sizes=\"(max-width:767px) 480px, (max-width:1024px) 100vw, 1024px\" \/><\/a>\n\t\t\t\t<\/dt><\/div><\/dl><dl class='gallery-item'  data-title='III Congres persones amb cancer i familiars DSC_6006' data-description=''><div class='gallery-item-wrapper'>\n\t\t\t\t<dt class='gallery-icon landscape'>\n\t\t\t\t\t<a href='https:\/\/congresos.contraelcancer.es\/cataluna\/wp-content\/uploads\/sites\/9\/2024\/06\/III-Congres-persones-amb-cancer-i-familiars-DSC_6006-scaled.jpg'><img loading=\"lazy\" decoding=\"async\" width=\"1024\" height=\"651\" src=\"https:\/\/congresos.contraelcancer.es\/cataluna\/wp-content\/uploads\/sites\/9\/2024\/06\/III-Congres-persones-amb-cancer-i-familiars-DSC_6006-1024x651.jpg\" class=\"attachment-large size-large\" alt=\"\" srcset=\"https:\/\/congresos.contraelcancer.es\/cataluna\/wp-content\/uploads\/sites\/9\/2024\/06\/III-Congres-persones-amb-cancer-i-familiars-DSC_6006-1024x651.jpg 1024w, https:\/\/congresos.contraelcancer.es\/cataluna\/wp-content\/uploads\/sites\/9\/2024\/06\/III-Congres-persones-amb-cancer-i-familiars-DSC_6006-300x191.jpg 300w, https:\/\/congresos.contraelcancer.es\/cataluna\/wp-content\/uploads\/sites\/9\/2024\/06\/III-Congres-persones-amb-cancer-i-familiars-DSC_6006-768x488.jpg 768w, https:\/\/congresos.contraelcancer.es\/cataluna\/wp-content\/uploads\/sites\/9\/2024\/06\/III-Congres-persones-amb-cancer-i-familiars-DSC_6006-118x75.jpg 118w, https:\/\/congresos.contraelcancer.es\/cataluna\/wp-content\/uploads\/sites\/9\/2024\/06\/III-Congres-persones-amb-cancer-i-familiars-DSC_6006-480x305.jpg 480w\" sizes=\"(max-width:767px) 480px, (max-width:1024px) 100vw, 1024px\" \/><\/a>\n\t\t\t\t<\/dt><\/div><\/dl><br style=\"clear: both\" \/><dl class='gallery-item'  data-title='III Congres persones amb cancer i familiars DSC_6009' data-description=''><div class='gallery-item-wrapper'>\n\t\t\t\t<dt class='gallery-icon landscape'>\n\t\t\t\t\t<a href='https:\/\/congresos.contraelcancer.es\/cataluna\/wp-content\/uploads\/sites\/9\/2024\/06\/III-Congres-persones-amb-cancer-i-familiars-DSC_6009-scaled.jpg'><img loading=\"lazy\" decoding=\"async\" width=\"1024\" height=\"683\" src=\"https:\/\/congresos.contraelcancer.es\/cataluna\/wp-content\/uploads\/sites\/9\/2024\/06\/III-Congres-persones-amb-cancer-i-familiars-DSC_6009-1024x683.jpg\" class=\"attachment-large size-large\" alt=\"\" srcset=\"https:\/\/congresos.contraelcancer.es\/cataluna\/wp-content\/uploads\/sites\/9\/2024\/06\/III-Congres-persones-amb-cancer-i-familiars-DSC_6009-1024x683.jpg 1024w, https:\/\/congresos.contraelcancer.es\/cataluna\/wp-content\/uploads\/sites\/9\/2024\/06\/III-Congres-persones-amb-cancer-i-familiars-DSC_6009-300x200.jpg 300w, https:\/\/congresos.contraelcancer.es\/cataluna\/wp-content\/uploads\/sites\/9\/2024\/06\/III-Congres-persones-amb-cancer-i-familiars-DSC_6009-768x512.jpg 768w, https:\/\/congresos.contraelcancer.es\/cataluna\/wp-content\/uploads\/sites\/9\/2024\/06\/III-Congres-persones-amb-cancer-i-familiars-DSC_6009-113x75.jpg 113w, https:\/\/congresos.contraelcancer.es\/cataluna\/wp-content\/uploads\/sites\/9\/2024\/06\/III-Congres-persones-amb-cancer-i-familiars-DSC_6009-480x320.jpg 480w\" sizes=\"(max-width:767px) 480px, (max-width:1024px) 100vw, 1024px\" \/><\/a>\n\t\t\t\t<\/dt><\/div><\/dl><dl class='gallery-item'  data-title='III Congres persones amb cancer i familiars DSC_6012' data-description=''><div class='gallery-item-wrapper'>\n\t\t\t\t<dt class='gallery-icon landscape'>\n\t\t\t\t\t<a href='https:\/\/congresos.contraelcancer.es\/cataluna\/wp-content\/uploads\/sites\/9\/2024\/06\/III-Congres-persones-amb-cancer-i-familiars-DSC_6012-scaled.jpg'><img loading=\"lazy\" decoding=\"async\" width=\"1024\" height=\"676\" src=\"https:\/\/congresos.contraelcancer.es\/cataluna\/wp-content\/uploads\/sites\/9\/2024\/06\/III-Congres-persones-amb-cancer-i-familiars-DSC_6012-1024x676.jpg\" class=\"attachment-large size-large\" alt=\"\" srcset=\"https:\/\/congresos.contraelcancer.es\/cataluna\/wp-content\/uploads\/sites\/9\/2024\/06\/III-Congres-persones-amb-cancer-i-familiars-DSC_6012-1024x676.jpg 1024w, https:\/\/congresos.contraelcancer.es\/cataluna\/wp-content\/uploads\/sites\/9\/2024\/06\/III-Congres-persones-amb-cancer-i-familiars-DSC_6012-300x198.jpg 300w, https:\/\/congresos.contraelcancer.es\/cataluna\/wp-content\/uploads\/sites\/9\/2024\/06\/III-Congres-persones-amb-cancer-i-familiars-DSC_6012-768x507.jpg 768w, https:\/\/congresos.contraelcancer.es\/cataluna\/wp-content\/uploads\/sites\/9\/2024\/06\/III-Congres-persones-amb-cancer-i-familiars-DSC_6012-114x75.jpg 114w, https:\/\/congresos.contraelcancer.es\/cataluna\/wp-content\/uploads\/sites\/9\/2024\/06\/III-Congres-persones-amb-cancer-i-familiars-DSC_6012-480x317.jpg 480w\" sizes=\"(max-width:767px) 480px, (max-width:1024px) 100vw, 1024px\" \/><\/a>\n\t\t\t\t<\/dt><\/div><\/dl><dl class='gallery-item'  data-title='III Congres persones amb cancer i familiars DSC_6016' data-description=''><div class='gallery-item-wrapper'>\n\t\t\t\t<dt class='gallery-icon landscape'>\n\t\t\t\t\t<a href='https:\/\/congresos.contraelcancer.es\/cataluna\/wp-content\/uploads\/sites\/9\/2024\/06\/III-Congres-persones-amb-cancer-i-familiars-DSC_6016-scaled.jpg'><img loading=\"lazy\" decoding=\"async\" width=\"1024\" height=\"689\" src=\"https:\/\/congresos.contraelcancer.es\/cataluna\/wp-content\/uploads\/sites\/9\/2024\/06\/III-Congres-persones-amb-cancer-i-familiars-DSC_6016-1024x689.jpg\" class=\"attachment-large size-large\" alt=\"\" srcset=\"https:\/\/congresos.contraelcancer.es\/cataluna\/wp-content\/uploads\/sites\/9\/2024\/06\/III-Congres-persones-amb-cancer-i-familiars-DSC_6016-1024x689.jpg 1024w, https:\/\/congresos.contraelcancer.es\/cataluna\/wp-content\/uploads\/sites\/9\/2024\/06\/III-Congres-persones-amb-cancer-i-familiars-DSC_6016-300x202.jpg 300w, https:\/\/congresos.contraelcancer.es\/cataluna\/wp-content\/uploads\/sites\/9\/2024\/06\/III-Congres-persones-amb-cancer-i-familiars-DSC_6016-768x517.jpg 768w, https:\/\/congresos.contraelcancer.es\/cataluna\/wp-content\/uploads\/sites\/9\/2024\/06\/III-Congres-persones-amb-cancer-i-familiars-DSC_6016-111x75.jpg 111w, https:\/\/congresos.contraelcancer.es\/cataluna\/wp-content\/uploads\/sites\/9\/2024\/06\/III-Congres-persones-amb-cancer-i-familiars-DSC_6016-480x323.jpg 480w\" sizes=\"(max-width:767px) 480px, (max-width:1024px) 100vw, 1024px\" \/><\/a>\n\t\t\t\t<\/dt><\/div><\/dl><dl class='gallery-item'  data-title='III Congres persones amb cancer i familiars DSC_6020_BQ' data-description=''><div class='gallery-item-wrapper'>\n\t\t\t\t<dt class='gallery-icon landscape'>\n\t\t\t\t\t<a href='https:\/\/congresos.contraelcancer.es\/cataluna\/wp-content\/uploads\/sites\/9\/2024\/06\/III-Congres-persones-amb-cancer-i-familiars-DSC_6020_BQ.jpg'><img loading=\"lazy\" decoding=\"async\" width=\"1024\" height=\"683\" src=\"https:\/\/congresos.contraelcancer.es\/cataluna\/wp-content\/uploads\/sites\/9\/2024\/06\/III-Congres-persones-amb-cancer-i-familiars-DSC_6020_BQ-1024x683.jpg\" class=\"attachment-large size-large\" alt=\"\" srcset=\"https:\/\/congresos.contraelcancer.es\/cataluna\/wp-content\/uploads\/sites\/9\/2024\/06\/III-Congres-persones-amb-cancer-i-familiars-DSC_6020_BQ-1024x683.jpg 1024w, https:\/\/congresos.contraelcancer.es\/cataluna\/wp-content\/uploads\/sites\/9\/2024\/06\/III-Congres-persones-amb-cancer-i-familiars-DSC_6020_BQ-300x200.jpg 300w, https:\/\/congresos.contraelcancer.es\/cataluna\/wp-content\/uploads\/sites\/9\/2024\/06\/III-Congres-persones-amb-cancer-i-familiars-DSC_6020_BQ-768x512.jpg 768w, https:\/\/congresos.contraelcancer.es\/cataluna\/wp-content\/uploads\/sites\/9\/2024\/06\/III-Congres-persones-amb-cancer-i-familiars-DSC_6020_BQ-113x75.jpg 113w, https:\/\/congresos.contraelcancer.es\/cataluna\/wp-content\/uploads\/sites\/9\/2024\/06\/III-Congres-persones-amb-cancer-i-familiars-DSC_6020_BQ-480x320.jpg 480w\" sizes=\"(max-width:767px) 480px, (max-width:1024px) 100vw, 1024px\" \/><\/a>\n\t\t\t\t<\/dt><\/div><\/dl><br style=\"clear: both\" \/><dl class='gallery-item'  data-title='III Congres persones amb cancer i familiars DSC_6023' data-description=''><div class='gallery-item-wrapper'>\n\t\t\t\t<dt class='gallery-icon landscape'>\n\t\t\t\t\t<a href='https:\/\/congresos.contraelcancer.es\/cataluna\/wp-content\/uploads\/sites\/9\/2024\/06\/III-Congres-persones-amb-cancer-i-familiars-DSC_6023-scaled.jpg'><img loading=\"lazy\" decoding=\"async\" width=\"1024\" height=\"683\" src=\"https:\/\/congresos.contraelcancer.es\/cataluna\/wp-content\/uploads\/sites\/9\/2024\/06\/III-Congres-persones-amb-cancer-i-familiars-DSC_6023-1024x683.jpg\" class=\"attachment-large size-large\" alt=\"\" srcset=\"https:\/\/congresos.contraelcancer.es\/cataluna\/wp-content\/uploads\/sites\/9\/2024\/06\/III-Congres-persones-amb-cancer-i-familiars-DSC_6023-1024x683.jpg 1024w, https:\/\/congresos.contraelcancer.es\/cataluna\/wp-content\/uploads\/sites\/9\/2024\/06\/III-Congres-persones-amb-cancer-i-familiars-DSC_6023-300x200.jpg 300w, https:\/\/congresos.contraelcancer.es\/cataluna\/wp-content\/uploads\/sites\/9\/2024\/06\/III-Congres-persones-amb-cancer-i-familiars-DSC_6023-768x512.jpg 768w, https:\/\/congresos.contraelcancer.es\/cataluna\/wp-content\/uploads\/sites\/9\/2024\/06\/III-Congres-persones-amb-cancer-i-familiars-DSC_6023-113x75.jpg 113w, https:\/\/congresos.contraelcancer.es\/cataluna\/wp-content\/uploads\/sites\/9\/2024\/06\/III-Congres-persones-amb-cancer-i-familiars-DSC_6023-480x320.jpg 480w\" sizes=\"(max-width:767px) 480px, (max-width:1024px) 100vw, 1024px\" \/><\/a>\n\t\t\t\t<\/dt><\/div><\/dl><dl class='gallery-item'  data-title='III Congres persones amb cancer i familiars DSC_6025_BQ' data-description=''><div class='gallery-item-wrapper'>\n\t\t\t\t<dt class='gallery-icon landscape'>\n\t\t\t\t\t<a href='https:\/\/congresos.contraelcancer.es\/cataluna\/wp-content\/uploads\/sites\/9\/2024\/06\/III-Congres-persones-amb-cancer-i-familiars-DSC_6025_BQ.jpg'><img loading=\"lazy\" decoding=\"async\" width=\"1024\" height=\"683\" src=\"https:\/\/congresos.contraelcancer.es\/cataluna\/wp-content\/uploads\/sites\/9\/2024\/06\/III-Congres-persones-amb-cancer-i-familiars-DSC_6025_BQ-1024x683.jpg\" class=\"attachment-large size-large\" alt=\"\" srcset=\"https:\/\/congresos.contraelcancer.es\/cataluna\/wp-content\/uploads\/sites\/9\/2024\/06\/III-Congres-persones-amb-cancer-i-familiars-DSC_6025_BQ-1024x683.jpg 1024w, https:\/\/congresos.contraelcancer.es\/cataluna\/wp-content\/uploads\/sites\/9\/2024\/06\/III-Congres-persones-amb-cancer-i-familiars-DSC_6025_BQ-300x200.jpg 300w, https:\/\/congresos.contraelcancer.es\/cataluna\/wp-content\/uploads\/sites\/9\/2024\/06\/III-Congres-persones-amb-cancer-i-familiars-DSC_6025_BQ-768x512.jpg 768w, https:\/\/congresos.contraelcancer.es\/cataluna\/wp-content\/uploads\/sites\/9\/2024\/06\/III-Congres-persones-amb-cancer-i-familiars-DSC_6025_BQ-113x75.jpg 113w, https:\/\/congresos.contraelcancer.es\/cataluna\/wp-content\/uploads\/sites\/9\/2024\/06\/III-Congres-persones-amb-cancer-i-familiars-DSC_6025_BQ-480x320.jpg 480w\" sizes=\"(max-width:767px) 480px, (max-width:1024px) 100vw, 1024px\" \/><\/a>\n\t\t\t\t<\/dt><\/div><\/dl><dl class='gallery-item'  data-title='III Congres persones amb cancer i familiars DSC_6030_BQ' data-description=''><div class='gallery-item-wrapper'>\n\t\t\t\t<dt class='gallery-icon landscape'>\n\t\t\t\t\t<a href='https:\/\/congresos.contraelcancer.es\/cataluna\/wp-content\/uploads\/sites\/9\/2024\/06\/III-Congres-persones-amb-cancer-i-familiars-DSC_6030_BQ.jpg'><img loading=\"lazy\" decoding=\"async\" width=\"1024\" height=\"683\" src=\"https:\/\/congresos.contraelcancer.es\/cataluna\/wp-content\/uploads\/sites\/9\/2024\/06\/III-Congres-persones-amb-cancer-i-familiars-DSC_6030_BQ-1024x683.jpg\" class=\"attachment-large size-large\" alt=\"\" srcset=\"https:\/\/congresos.contraelcancer.es\/cataluna\/wp-content\/uploads\/sites\/9\/2024\/06\/III-Congres-persones-amb-cancer-i-familiars-DSC_6030_BQ-1024x683.jpg 1024w, https:\/\/congresos.contraelcancer.es\/cataluna\/wp-content\/uploads\/sites\/9\/2024\/06\/III-Congres-persones-amb-cancer-i-familiars-DSC_6030_BQ-300x200.jpg 300w, https:\/\/congresos.contraelcancer.es\/cataluna\/wp-content\/uploads\/sites\/9\/2024\/06\/III-Congres-persones-amb-cancer-i-familiars-DSC_6030_BQ-768x512.jpg 768w, https:\/\/congresos.contraelcancer.es\/cataluna\/wp-content\/uploads\/sites\/9\/2024\/06\/III-Congres-persones-amb-cancer-i-familiars-DSC_6030_BQ-113x75.jpg 113w, https:\/\/congresos.contraelcancer.es\/cataluna\/wp-content\/uploads\/sites\/9\/2024\/06\/III-Congres-persones-amb-cancer-i-familiars-DSC_6030_BQ-480x320.jpg 480w\" sizes=\"(max-width:767px) 480px, (max-width:1024px) 100vw, 1024px\" \/><\/a>\n\t\t\t\t<\/dt><\/div><\/dl><dl class='gallery-item'  data-title='III Congres persones amb cancer i familiars DSC_6031' data-description=''><div class='gallery-item-wrapper'>\n\t\t\t\t<dt class='gallery-icon landscape'>\n\t\t\t\t\t<a href='https:\/\/congresos.contraelcancer.es\/cataluna\/wp-content\/uploads\/sites\/9\/2024\/06\/III-Congres-persones-amb-cancer-i-familiars-DSC_6031-scaled.jpg'><img loading=\"lazy\" decoding=\"async\" width=\"1024\" height=\"681\" src=\"https:\/\/congresos.contraelcancer.es\/cataluna\/wp-content\/uploads\/sites\/9\/2024\/06\/III-Congres-persones-amb-cancer-i-familiars-DSC_6031-1024x681.jpg\" class=\"attachment-large size-large\" alt=\"\" srcset=\"https:\/\/congresos.contraelcancer.es\/cataluna\/wp-content\/uploads\/sites\/9\/2024\/06\/III-Congres-persones-amb-cancer-i-familiars-DSC_6031-1024x681.jpg 1024w, https:\/\/congresos.contraelcancer.es\/cataluna\/wp-content\/uploads\/sites\/9\/2024\/06\/III-Congres-persones-amb-cancer-i-familiars-DSC_6031-300x199.jpg 300w, https:\/\/congresos.contraelcancer.es\/cataluna\/wp-content\/uploads\/sites\/9\/2024\/06\/III-Congres-persones-amb-cancer-i-familiars-DSC_6031-768x510.jpg 768w, https:\/\/congresos.contraelcancer.es\/cataluna\/wp-content\/uploads\/sites\/9\/2024\/06\/III-Congres-persones-amb-cancer-i-familiars-DSC_6031-113x75.jpg 113w, https:\/\/congresos.contraelcancer.es\/cataluna\/wp-content\/uploads\/sites\/9\/2024\/06\/III-Congres-persones-amb-cancer-i-familiars-DSC_6031-480x319.jpg 480w\" sizes=\"(max-width:767px) 480px, (max-width:1024px) 100vw, 1024px\" \/><\/a>\n\t\t\t\t<\/dt><\/div><\/dl><br style=\"clear: both\" \/><dl class='gallery-item'  data-title='III Congres persones amb cancer i familiars DSC_6031_BQ' data-description=''><div class='gallery-item-wrapper'>\n\t\t\t\t<dt class='gallery-icon landscape'>\n\t\t\t\t\t<a href='https:\/\/congresos.contraelcancer.es\/cataluna\/wp-content\/uploads\/sites\/9\/2024\/06\/III-Congres-persones-amb-cancer-i-familiars-DSC_6031_BQ.jpg'><img loading=\"lazy\" decoding=\"async\" width=\"1024\" height=\"681\" src=\"https:\/\/congresos.contraelcancer.es\/cataluna\/wp-content\/uploads\/sites\/9\/2024\/06\/III-Congres-persones-amb-cancer-i-familiars-DSC_6031_BQ-1024x681.jpg\" class=\"attachment-large size-large\" alt=\"\" srcset=\"https:\/\/congresos.contraelcancer.es\/cataluna\/wp-content\/uploads\/sites\/9\/2024\/06\/III-Congres-persones-amb-cancer-i-familiars-DSC_6031_BQ-1024x681.jpg 1024w, https:\/\/congresos.contraelcancer.es\/cataluna\/wp-content\/uploads\/sites\/9\/2024\/06\/III-Congres-persones-amb-cancer-i-familiars-DSC_6031_BQ-300x199.jpg 300w, https:\/\/congresos.contraelcancer.es\/cataluna\/wp-content\/uploads\/sites\/9\/2024\/06\/III-Congres-persones-amb-cancer-i-familiars-DSC_6031_BQ-768x510.jpg 768w, https:\/\/congresos.contraelcancer.es\/cataluna\/wp-content\/uploads\/sites\/9\/2024\/06\/III-Congres-persones-amb-cancer-i-familiars-DSC_6031_BQ-113x75.jpg 113w, https:\/\/congresos.contraelcancer.es\/cataluna\/wp-content\/uploads\/sites\/9\/2024\/06\/III-Congres-persones-amb-cancer-i-familiars-DSC_6031_BQ-480x319.jpg 480w\" sizes=\"(max-width:767px) 480px, (max-width:1024px) 100vw, 1024px\" \/><\/a>\n\t\t\t\t<\/dt><\/div><\/dl><dl class='gallery-item'  data-title='III Congres persones amb cancer i familiars DSC_6038_BQ' data-description=''><div class='gallery-item-wrapper'>\n\t\t\t\t<dt class='gallery-icon landscape'>\n\t\t\t\t\t<a href='https:\/\/congresos.contraelcancer.es\/cataluna\/wp-content\/uploads\/sites\/9\/2024\/06\/III-Congres-persones-amb-cancer-i-familiars-DSC_6038_BQ.jpg'><img loading=\"lazy\" decoding=\"async\" width=\"1024\" height=\"683\" src=\"https:\/\/congresos.contraelcancer.es\/cataluna\/wp-content\/uploads\/sites\/9\/2024\/06\/III-Congres-persones-amb-cancer-i-familiars-DSC_6038_BQ-1024x683.jpg\" class=\"attachment-large size-large\" alt=\"\" srcset=\"https:\/\/congresos.contraelcancer.es\/cataluna\/wp-content\/uploads\/sites\/9\/2024\/06\/III-Congres-persones-amb-cancer-i-familiars-DSC_6038_BQ-1024x683.jpg 1024w, https:\/\/congresos.contraelcancer.es\/cataluna\/wp-content\/uploads\/sites\/9\/2024\/06\/III-Congres-persones-amb-cancer-i-familiars-DSC_6038_BQ-300x200.jpg 300w, https:\/\/congresos.contraelcancer.es\/cataluna\/wp-content\/uploads\/sites\/9\/2024\/06\/III-Congres-persones-amb-cancer-i-familiars-DSC_6038_BQ-768x512.jpg 768w, https:\/\/congresos.contraelcancer.es\/cataluna\/wp-content\/uploads\/sites\/9\/2024\/06\/III-Congres-persones-amb-cancer-i-familiars-DSC_6038_BQ-113x75.jpg 113w, https:\/\/congresos.contraelcancer.es\/cataluna\/wp-content\/uploads\/sites\/9\/2024\/06\/III-Congres-persones-amb-cancer-i-familiars-DSC_6038_BQ-480x320.jpg 480w\" sizes=\"(max-width:767px) 480px, (max-width:1024px) 100vw, 1024px\" \/><\/a>\n\t\t\t\t<\/dt><\/div><\/dl><dl class='gallery-item'  data-title='III Congres persones amb cancer i familiars DSC_6043_BQ' data-description=''><div class='gallery-item-wrapper'>\n\t\t\t\t<dt class='gallery-icon landscape'>\n\t\t\t\t\t<a href='https:\/\/congresos.contraelcancer.es\/cataluna\/wp-content\/uploads\/sites\/9\/2024\/06\/III-Congres-persones-amb-cancer-i-familiars-DSC_6043_BQ.jpg'><img loading=\"lazy\" decoding=\"async\" width=\"1024\" height=\"683\" src=\"https:\/\/congresos.contraelcancer.es\/cataluna\/wp-content\/uploads\/sites\/9\/2024\/06\/III-Congres-persones-amb-cancer-i-familiars-DSC_6043_BQ-1024x683.jpg\" class=\"attachment-large size-large\" alt=\"\" srcset=\"https:\/\/congresos.contraelcancer.es\/cataluna\/wp-content\/uploads\/sites\/9\/2024\/06\/III-Congres-persones-amb-cancer-i-familiars-DSC_6043_BQ-1024x683.jpg 1024w, https:\/\/congresos.contraelcancer.es\/cataluna\/wp-content\/uploads\/sites\/9\/2024\/06\/III-Congres-persones-amb-cancer-i-familiars-DSC_6043_BQ-300x200.jpg 300w, https:\/\/congresos.contraelcancer.es\/cataluna\/wp-content\/uploads\/sites\/9\/2024\/06\/III-Congres-persones-amb-cancer-i-familiars-DSC_6043_BQ-768x512.jpg 768w, https:\/\/congresos.contraelcancer.es\/cataluna\/wp-content\/uploads\/sites\/9\/2024\/06\/III-Congres-persones-amb-cancer-i-familiars-DSC_6043_BQ-113x75.jpg 113w, https:\/\/congresos.contraelcancer.es\/cataluna\/wp-content\/uploads\/sites\/9\/2024\/06\/III-Congres-persones-amb-cancer-i-familiars-DSC_6043_BQ-480x320.jpg 480w\" sizes=\"(max-width:767px) 480px, (max-width:1024px) 100vw, 1024px\" \/><\/a>\n\t\t\t\t<\/dt><\/div><\/dl><dl class='gallery-item'  data-title='III Congres persones amb cancer i familiars DSC_6044_BQ' data-description=''><div class='gallery-item-wrapper'>\n\t\t\t\t<dt class='gallery-icon portrait'>\n\t\t\t\t\t<a href='https:\/\/congresos.contraelcancer.es\/cataluna\/wp-content\/uploads\/sites\/9\/2024\/06\/III-Congres-persones-amb-cancer-i-familiars-DSC_6044_BQ.jpg'><img loading=\"lazy\" decoding=\"async\" width=\"683\" height=\"1024\" src=\"https:\/\/congresos.contraelcancer.es\/cataluna\/wp-content\/uploads\/sites\/9\/2024\/06\/III-Congres-persones-amb-cancer-i-familiars-DSC_6044_BQ-683x1024.jpg\" class=\"attachment-large size-large\" alt=\"\" srcset=\"https:\/\/congresos.contraelcancer.es\/cataluna\/wp-content\/uploads\/sites\/9\/2024\/06\/III-Congres-persones-amb-cancer-i-familiars-DSC_6044_BQ-683x1024.jpg 683w, https:\/\/congresos.contraelcancer.es\/cataluna\/wp-content\/uploads\/sites\/9\/2024\/06\/III-Congres-persones-amb-cancer-i-familiars-DSC_6044_BQ-200x300.jpg 200w, https:\/\/congresos.contraelcancer.es\/cataluna\/wp-content\/uploads\/sites\/9\/2024\/06\/III-Congres-persones-amb-cancer-i-familiars-DSC_6044_BQ-50x75.jpg 50w, https:\/\/congresos.contraelcancer.es\/cataluna\/wp-content\/uploads\/sites\/9\/2024\/06\/III-Congres-persones-amb-cancer-i-familiars-DSC_6044_BQ-480x720.jpg 480w\" sizes=\"(max-width:767px) 480px, 683px\" \/><\/a>\n\t\t\t\t<\/dt><\/div><\/dl><br style=\"clear: both\" \/><dl class='gallery-item'  data-title='III Congres persones amb cancer i familiars DSC_6047_BQ' data-description=''><div class='gallery-item-wrapper'>\n\t\t\t\t<dt class='gallery-icon portrait'>\n\t\t\t\t\t<a href='https:\/\/congresos.contraelcancer.es\/cataluna\/wp-content\/uploads\/sites\/9\/2024\/06\/III-Congres-persones-amb-cancer-i-familiars-DSC_6047_BQ.jpg'><img loading=\"lazy\" decoding=\"async\" width=\"741\" height=\"1024\" src=\"https:\/\/congresos.contraelcancer.es\/cataluna\/wp-content\/uploads\/sites\/9\/2024\/06\/III-Congres-persones-amb-cancer-i-familiars-DSC_6047_BQ-741x1024.jpg\" class=\"attachment-large size-large\" alt=\"\" srcset=\"https:\/\/congresos.contraelcancer.es\/cataluna\/wp-content\/uploads\/sites\/9\/2024\/06\/III-Congres-persones-amb-cancer-i-familiars-DSC_6047_BQ-741x1024.jpg 741w, https:\/\/congresos.contraelcancer.es\/cataluna\/wp-content\/uploads\/sites\/9\/2024\/06\/III-Congres-persones-amb-cancer-i-familiars-DSC_6047_BQ-217x300.jpg 217w, https:\/\/congresos.contraelcancer.es\/cataluna\/wp-content\/uploads\/sites\/9\/2024\/06\/III-Congres-persones-amb-cancer-i-familiars-DSC_6047_BQ-54x75.jpg 54w, https:\/\/congresos.contraelcancer.es\/cataluna\/wp-content\/uploads\/sites\/9\/2024\/06\/III-Congres-persones-amb-cancer-i-familiars-DSC_6047_BQ-480x663.jpg 480w\" sizes=\"(max-width:767px) 480px, 741px\" \/><\/a>\n\t\t\t\t<\/dt><\/div><\/dl><dl class='gallery-item'  data-title='III Congres persones amb cancer i familiars DSC_6050_BQ' data-description=''><div class='gallery-item-wrapper'>\n\t\t\t\t<dt class='gallery-icon landscape'>\n\t\t\t\t\t<a href='https:\/\/congresos.contraelcancer.es\/cataluna\/wp-content\/uploads\/sites\/9\/2024\/06\/III-Congres-persones-amb-cancer-i-familiars-DSC_6050_BQ.jpg'><img loading=\"lazy\" decoding=\"async\" width=\"1024\" height=\"683\" src=\"https:\/\/congresos.contraelcancer.es\/cataluna\/wp-content\/uploads\/sites\/9\/2024\/06\/III-Congres-persones-amb-cancer-i-familiars-DSC_6050_BQ-1024x683.jpg\" class=\"attachment-large size-large\" alt=\"\" srcset=\"https:\/\/congresos.contraelcancer.es\/cataluna\/wp-content\/uploads\/sites\/9\/2024\/06\/III-Congres-persones-amb-cancer-i-familiars-DSC_6050_BQ-1024x683.jpg 1024w, https:\/\/congresos.contraelcancer.es\/cataluna\/wp-content\/uploads\/sites\/9\/2024\/06\/III-Congres-persones-amb-cancer-i-familiars-DSC_6050_BQ-300x200.jpg 300w, https:\/\/congresos.contraelcancer.es\/cataluna\/wp-content\/uploads\/sites\/9\/2024\/06\/III-Congres-persones-amb-cancer-i-familiars-DSC_6050_BQ-768x512.jpg 768w, https:\/\/congresos.contraelcancer.es\/cataluna\/wp-content\/uploads\/sites\/9\/2024\/06\/III-Congres-persones-amb-cancer-i-familiars-DSC_6050_BQ-113x75.jpg 113w, https:\/\/congresos.contraelcancer.es\/cataluna\/wp-content\/uploads\/sites\/9\/2024\/06\/III-Congres-persones-amb-cancer-i-familiars-DSC_6050_BQ-480x320.jpg 480w\" sizes=\"(max-width:767px) 480px, (max-width:1024px) 100vw, 1024px\" \/><\/a>\n\t\t\t\t<\/dt><\/div><\/dl><dl class='gallery-item'  data-title='III Congres persones amb cancer i familiars DSC_6054_BQ' data-description=''><div class='gallery-item-wrapper'>\n\t\t\t\t<dt class='gallery-icon landscape'>\n\t\t\t\t\t<a href='https:\/\/congresos.contraelcancer.es\/cataluna\/wp-content\/uploads\/sites\/9\/2024\/06\/III-Congres-persones-amb-cancer-i-familiars-DSC_6054_BQ.jpg'><img loading=\"lazy\" decoding=\"async\" width=\"1024\" height=\"683\" src=\"https:\/\/congresos.contraelcancer.es\/cataluna\/wp-content\/uploads\/sites\/9\/2024\/06\/III-Congres-persones-amb-cancer-i-familiars-DSC_6054_BQ-1024x683.jpg\" class=\"attachment-large size-large\" alt=\"\" srcset=\"https:\/\/congresos.contraelcancer.es\/cataluna\/wp-content\/uploads\/sites\/9\/2024\/06\/III-Congres-persones-amb-cancer-i-familiars-DSC_6054_BQ-1024x683.jpg 1024w, https:\/\/congresos.contraelcancer.es\/cataluna\/wp-content\/uploads\/sites\/9\/2024\/06\/III-Congres-persones-amb-cancer-i-familiars-DSC_6054_BQ-300x200.jpg 300w, https:\/\/congresos.contraelcancer.es\/cataluna\/wp-content\/uploads\/sites\/9\/2024\/06\/III-Congres-persones-amb-cancer-i-familiars-DSC_6054_BQ-768x512.jpg 768w, https:\/\/congresos.contraelcancer.es\/cataluna\/wp-content\/uploads\/sites\/9\/2024\/06\/III-Congres-persones-amb-cancer-i-familiars-DSC_6054_BQ-113x75.jpg 113w, https:\/\/congresos.contraelcancer.es\/cataluna\/wp-content\/uploads\/sites\/9\/2024\/06\/III-Congres-persones-amb-cancer-i-familiars-DSC_6054_BQ-480x320.jpg 480w\" sizes=\"(max-width:767px) 480px, (max-width:1024px) 100vw, 1024px\" \/><\/a>\n\t\t\t\t<\/dt><\/div><\/dl><dl class='gallery-item'  data-title='III Congres persones amb cancer i familiars DSC_6058' data-description=''><div class='gallery-item-wrapper'>\n\t\t\t\t<dt class='gallery-icon portrait'>\n\t\t\t\t\t<a href='https:\/\/congresos.contraelcancer.es\/cataluna\/wp-content\/uploads\/sites\/9\/2024\/06\/III-Congres-persones-amb-cancer-i-familiars-DSC_6058-scaled.jpg'><img loading=\"lazy\" decoding=\"async\" width=\"576\" height=\"1024\" src=\"https:\/\/congresos.contraelcancer.es\/cataluna\/wp-content\/uploads\/sites\/9\/2024\/06\/III-Congres-persones-amb-cancer-i-familiars-DSC_6058-576x1024.jpg\" class=\"attachment-large size-large\" alt=\"\" srcset=\"https:\/\/congresos.contraelcancer.es\/cataluna\/wp-content\/uploads\/sites\/9\/2024\/06\/III-Congres-persones-amb-cancer-i-familiars-DSC_6058-576x1024.jpg 576w, https:\/\/congresos.contraelcancer.es\/cataluna\/wp-content\/uploads\/sites\/9\/2024\/06\/III-Congres-persones-amb-cancer-i-familiars-DSC_6058-169x300.jpg 169w, https:\/\/congresos.contraelcancer.es\/cataluna\/wp-content\/uploads\/sites\/9\/2024\/06\/III-Congres-persones-amb-cancer-i-familiars-DSC_6058-42x75.jpg 42w, https:\/\/congresos.contraelcancer.es\/cataluna\/wp-content\/uploads\/sites\/9\/2024\/06\/III-Congres-persones-amb-cancer-i-familiars-DSC_6058-480x853.jpg 480w\" sizes=\"(max-width:767px) 480px, 576px\" \/><\/a>\n\t\t\t\t<\/dt><\/div><\/dl><br style=\"clear: both\" \/><dl class='gallery-item'  data-title='III Congres persones amb cancer i familiars DSC_6062_BQ' data-description=''><div class='gallery-item-wrapper'>\n\t\t\t\t<dt class='gallery-icon landscape'>\n\t\t\t\t\t<a href='https:\/\/congresos.contraelcancer.es\/cataluna\/wp-content\/uploads\/sites\/9\/2024\/06\/III-Congres-persones-amb-cancer-i-familiars-DSC_6062_BQ.jpg'><img loading=\"lazy\" decoding=\"async\" width=\"1024\" height=\"683\" src=\"https:\/\/congresos.contraelcancer.es\/cataluna\/wp-content\/uploads\/sites\/9\/2024\/06\/III-Congres-persones-amb-cancer-i-familiars-DSC_6062_BQ-1024x683.jpg\" class=\"attachment-large size-large\" alt=\"\" srcset=\"https:\/\/congresos.contraelcancer.es\/cataluna\/wp-content\/uploads\/sites\/9\/2024\/06\/III-Congres-persones-amb-cancer-i-familiars-DSC_6062_BQ-1024x683.jpg 1024w, https:\/\/congresos.contraelcancer.es\/cataluna\/wp-content\/uploads\/sites\/9\/2024\/06\/III-Congres-persones-amb-cancer-i-familiars-DSC_6062_BQ-300x200.jpg 300w, https:\/\/congresos.contraelcancer.es\/cataluna\/wp-content\/uploads\/sites\/9\/2024\/06\/III-Congres-persones-amb-cancer-i-familiars-DSC_6062_BQ-768x512.jpg 768w, https:\/\/congresos.contraelcancer.es\/cataluna\/wp-content\/uploads\/sites\/9\/2024\/06\/III-Congres-persones-amb-cancer-i-familiars-DSC_6062_BQ-113x75.jpg 113w, https:\/\/congresos.contraelcancer.es\/cataluna\/wp-content\/uploads\/sites\/9\/2024\/06\/III-Congres-persones-amb-cancer-i-familiars-DSC_6062_BQ-480x320.jpg 480w\" sizes=\"(max-width:767px) 480px, (max-width:1024px) 100vw, 1024px\" \/><\/a>\n\t\t\t\t<\/dt><\/div><\/dl><dl class='gallery-item'  data-title='III Congres persones amb cancer i familiars DSC_6064' data-description=''><div class='gallery-item-wrapper'>\n\t\t\t\t<dt class='gallery-icon landscape'>\n\t\t\t\t\t<a href='https:\/\/congresos.contraelcancer.es\/cataluna\/wp-content\/uploads\/sites\/9\/2024\/06\/III-Congres-persones-amb-cancer-i-familiars-DSC_6064-scaled.jpg'><img loading=\"lazy\" decoding=\"async\" width=\"1024\" height=\"683\" src=\"https:\/\/congresos.contraelcancer.es\/cataluna\/wp-content\/uploads\/sites\/9\/2024\/06\/III-Congres-persones-amb-cancer-i-familiars-DSC_6064-1024x683.jpg\" class=\"attachment-large size-large\" alt=\"\" srcset=\"https:\/\/congresos.contraelcancer.es\/cataluna\/wp-content\/uploads\/sites\/9\/2024\/06\/III-Congres-persones-amb-cancer-i-familiars-DSC_6064-1024x683.jpg 1024w, https:\/\/congresos.contraelcancer.es\/cataluna\/wp-content\/uploads\/sites\/9\/2024\/06\/III-Congres-persones-amb-cancer-i-familiars-DSC_6064-300x200.jpg 300w, https:\/\/congresos.contraelcancer.es\/cataluna\/wp-content\/uploads\/sites\/9\/2024\/06\/III-Congres-persones-amb-cancer-i-familiars-DSC_6064-768x512.jpg 768w, https:\/\/congresos.contraelcancer.es\/cataluna\/wp-content\/uploads\/sites\/9\/2024\/06\/III-Congres-persones-amb-cancer-i-familiars-DSC_6064-113x75.jpg 113w, https:\/\/congresos.contraelcancer.es\/cataluna\/wp-content\/uploads\/sites\/9\/2024\/06\/III-Congres-persones-amb-cancer-i-familiars-DSC_6064-480x320.jpg 480w\" sizes=\"(max-width:767px) 480px, (max-width:1024px) 100vw, 1024px\" \/><\/a>\n\t\t\t\t<\/dt><\/div><\/dl><dl class='gallery-item'  data-title='III Congres persones amb cancer i familiars DSC_6070' data-description=''><div class='gallery-item-wrapper'>\n\t\t\t\t<dt class='gallery-icon landscape'>\n\t\t\t\t\t<a href='https:\/\/congresos.contraelcancer.es\/cataluna\/wp-content\/uploads\/sites\/9\/2024\/06\/III-Congres-persones-amb-cancer-i-familiars-DSC_6070-scaled.jpg'><img loading=\"lazy\" decoding=\"async\" width=\"1024\" height=\"668\" src=\"https:\/\/congresos.contraelcancer.es\/cataluna\/wp-content\/uploads\/sites\/9\/2024\/06\/III-Congres-persones-amb-cancer-i-familiars-DSC_6070-1024x668.jpg\" class=\"attachment-large size-large\" alt=\"\" srcset=\"https:\/\/congresos.contraelcancer.es\/cataluna\/wp-content\/uploads\/sites\/9\/2024\/06\/III-Congres-persones-amb-cancer-i-familiars-DSC_6070-1024x668.jpg 1024w, https:\/\/congresos.contraelcancer.es\/cataluna\/wp-content\/uploads\/sites\/9\/2024\/06\/III-Congres-persones-amb-cancer-i-familiars-DSC_6070-300x196.jpg 300w, https:\/\/congresos.contraelcancer.es\/cataluna\/wp-content\/uploads\/sites\/9\/2024\/06\/III-Congres-persones-amb-cancer-i-familiars-DSC_6070-768x501.jpg 768w, https:\/\/congresos.contraelcancer.es\/cataluna\/wp-content\/uploads\/sites\/9\/2024\/06\/III-Congres-persones-amb-cancer-i-familiars-DSC_6070-115x75.jpg 115w, https:\/\/congresos.contraelcancer.es\/cataluna\/wp-content\/uploads\/sites\/9\/2024\/06\/III-Congres-persones-amb-cancer-i-familiars-DSC_6070-480x313.jpg 480w\" sizes=\"(max-width:767px) 480px, (max-width:1024px) 100vw, 1024px\" \/><\/a>\n\t\t\t\t<\/dt><\/div><\/dl><dl class='gallery-item'  data-title='III Congres persones amb cancer i familiars DSC_6074' data-description=''><div class='gallery-item-wrapper'>\n\t\t\t\t<dt class='gallery-icon landscape'>\n\t\t\t\t\t<a href='https:\/\/congresos.contraelcancer.es\/cataluna\/wp-content\/uploads\/sites\/9\/2024\/06\/III-Congres-persones-amb-cancer-i-familiars-DSC_6074-scaled.jpg'><img loading=\"lazy\" decoding=\"async\" width=\"1024\" height=\"683\" src=\"https:\/\/congresos.contraelcancer.es\/cataluna\/wp-content\/uploads\/sites\/9\/2024\/06\/III-Congres-persones-amb-cancer-i-familiars-DSC_6074-1024x683.jpg\" class=\"attachment-large size-large\" alt=\"\" srcset=\"https:\/\/congresos.contraelcancer.es\/cataluna\/wp-content\/uploads\/sites\/9\/2024\/06\/III-Congres-persones-amb-cancer-i-familiars-DSC_6074-1024x683.jpg 1024w, https:\/\/congresos.contraelcancer.es\/cataluna\/wp-content\/uploads\/sites\/9\/2024\/06\/III-Congres-persones-amb-cancer-i-familiars-DSC_6074-300x200.jpg 300w, https:\/\/congresos.contraelcancer.es\/cataluna\/wp-content\/uploads\/sites\/9\/2024\/06\/III-Congres-persones-amb-cancer-i-familiars-DSC_6074-768x512.jpg 768w, https:\/\/congresos.contraelcancer.es\/cataluna\/wp-content\/uploads\/sites\/9\/2024\/06\/III-Congres-persones-amb-cancer-i-familiars-DSC_6074-113x75.jpg 113w, https:\/\/congresos.contraelcancer.es\/cataluna\/wp-content\/uploads\/sites\/9\/2024\/06\/III-Congres-persones-amb-cancer-i-familiars-DSC_6074-480x320.jpg 480w\" sizes=\"(max-width:767px) 480px, (max-width:1024px) 100vw, 1024px\" \/><\/a>\n\t\t\t\t<\/dt><\/div><\/dl><br style=\"clear: both\" \/><dl class='gallery-item'  data-title='III Congres persones amb cancer i familiars DSC_6080_BQ' data-description=''><div class='gallery-item-wrapper'>\n\t\t\t\t<dt class='gallery-icon landscape'>\n\t\t\t\t\t<a href='https:\/\/congresos.contraelcancer.es\/cataluna\/wp-content\/uploads\/sites\/9\/2024\/06\/III-Congres-persones-amb-cancer-i-familiars-DSC_6080_BQ.jpg'><img loading=\"lazy\" decoding=\"async\" width=\"1024\" height=\"658\" src=\"https:\/\/congresos.contraelcancer.es\/cataluna\/wp-content\/uploads\/sites\/9\/2024\/06\/III-Congres-persones-amb-cancer-i-familiars-DSC_6080_BQ-1024x658.jpg\" class=\"attachment-large size-large\" alt=\"\" srcset=\"https:\/\/congresos.contraelcancer.es\/cataluna\/wp-content\/uploads\/sites\/9\/2024\/06\/III-Congres-persones-amb-cancer-i-familiars-DSC_6080_BQ-1024x658.jpg 1024w, https:\/\/congresos.contraelcancer.es\/cataluna\/wp-content\/uploads\/sites\/9\/2024\/06\/III-Congres-persones-amb-cancer-i-familiars-DSC_6080_BQ-300x193.jpg 300w, https:\/\/congresos.contraelcancer.es\/cataluna\/wp-content\/uploads\/sites\/9\/2024\/06\/III-Congres-persones-amb-cancer-i-familiars-DSC_6080_BQ-768x494.jpg 768w, https:\/\/congresos.contraelcancer.es\/cataluna\/wp-content\/uploads\/sites\/9\/2024\/06\/III-Congres-persones-amb-cancer-i-familiars-DSC_6080_BQ-117x75.jpg 117w, https:\/\/congresos.contraelcancer.es\/cataluna\/wp-content\/uploads\/sites\/9\/2024\/06\/III-Congres-persones-amb-cancer-i-familiars-DSC_6080_BQ-480x309.jpg 480w\" sizes=\"(max-width:767px) 480px, (max-width:1024px) 100vw, 1024px\" \/><\/a>\n\t\t\t\t<\/dt><\/div><\/dl><dl class='gallery-item'  data-title='III Congres persones amb cancer i familiars DSC_6081' data-description=''><div class='gallery-item-wrapper'>\n\t\t\t\t<dt class='gallery-icon portrait'>\n\t\t\t\t\t<a href='https:\/\/congresos.contraelcancer.es\/cataluna\/wp-content\/uploads\/sites\/9\/2024\/06\/III-Congres-persones-amb-cancer-i-familiars-DSC_6081-scaled.jpg'><img loading=\"lazy\" decoding=\"async\" width=\"675\" height=\"1024\" src=\"https:\/\/congresos.contraelcancer.es\/cataluna\/wp-content\/uploads\/sites\/9\/2024\/06\/III-Congres-persones-amb-cancer-i-familiars-DSC_6081-675x1024.jpg\" class=\"attachment-large size-large\" alt=\"\" srcset=\"https:\/\/congresos.contraelcancer.es\/cataluna\/wp-content\/uploads\/sites\/9\/2024\/06\/III-Congres-persones-amb-cancer-i-familiars-DSC_6081-675x1024.jpg 675w, https:\/\/congresos.contraelcancer.es\/cataluna\/wp-content\/uploads\/sites\/9\/2024\/06\/III-Congres-persones-amb-cancer-i-familiars-DSC_6081-198x300.jpg 198w, https:\/\/congresos.contraelcancer.es\/cataluna\/wp-content\/uploads\/sites\/9\/2024\/06\/III-Congres-persones-amb-cancer-i-familiars-DSC_6081-49x75.jpg 49w, https:\/\/congresos.contraelcancer.es\/cataluna\/wp-content\/uploads\/sites\/9\/2024\/06\/III-Congres-persones-amb-cancer-i-familiars-DSC_6081-480x728.jpg 480w\" sizes=\"(max-width:767px) 480px, 675px\" \/><\/a>\n\t\t\t\t<\/dt><\/div><\/dl><dl class='gallery-item'  data-title='III Congres persones amb cancer i familiars DSC_6084_BQ' data-description=''><div class='gallery-item-wrapper'>\n\t\t\t\t<dt class='gallery-icon landscape'>\n\t\t\t\t\t<a href='https:\/\/congresos.contraelcancer.es\/cataluna\/wp-content\/uploads\/sites\/9\/2024\/06\/III-Congres-persones-amb-cancer-i-familiars-DSC_6084_BQ.jpg'><img loading=\"lazy\" decoding=\"async\" width=\"1024\" height=\"684\" src=\"https:\/\/congresos.contraelcancer.es\/cataluna\/wp-content\/uploads\/sites\/9\/2024\/06\/III-Congres-persones-amb-cancer-i-familiars-DSC_6084_BQ-1024x684.jpg\" class=\"attachment-large size-large\" alt=\"\" srcset=\"https:\/\/congresos.contraelcancer.es\/cataluna\/wp-content\/uploads\/sites\/9\/2024\/06\/III-Congres-persones-amb-cancer-i-familiars-DSC_6084_BQ-1024x684.jpg 1024w, https:\/\/congresos.contraelcancer.es\/cataluna\/wp-content\/uploads\/sites\/9\/2024\/06\/III-Congres-persones-amb-cancer-i-familiars-DSC_6084_BQ-300x200.jpg 300w, https:\/\/congresos.contraelcancer.es\/cataluna\/wp-content\/uploads\/sites\/9\/2024\/06\/III-Congres-persones-amb-cancer-i-familiars-DSC_6084_BQ-768x513.jpg 768w, https:\/\/congresos.contraelcancer.es\/cataluna\/wp-content\/uploads\/sites\/9\/2024\/06\/III-Congres-persones-amb-cancer-i-familiars-DSC_6084_BQ-112x75.jpg 112w, https:\/\/congresos.contraelcancer.es\/cataluna\/wp-content\/uploads\/sites\/9\/2024\/06\/III-Congres-persones-amb-cancer-i-familiars-DSC_6084_BQ-480x321.jpg 480w\" sizes=\"(max-width:767px) 480px, (max-width:1024px) 100vw, 1024px\" \/><\/a>\n\t\t\t\t<\/dt><\/div><\/dl><dl class='gallery-item'  data-title='III Congres persones amb cancer i familiars DSC_6087' data-description=''><div class='gallery-item-wrapper'>\n\t\t\t\t<dt class='gallery-icon landscape'>\n\t\t\t\t\t<a href='https:\/\/congresos.contraelcancer.es\/cataluna\/wp-content\/uploads\/sites\/9\/2024\/06\/III-Congres-persones-amb-cancer-i-familiars-DSC_6087-scaled.jpg'><img loading=\"lazy\" decoding=\"async\" width=\"1024\" height=\"675\" src=\"https:\/\/congresos.contraelcancer.es\/cataluna\/wp-content\/uploads\/sites\/9\/2024\/06\/III-Congres-persones-amb-cancer-i-familiars-DSC_6087-1024x675.jpg\" class=\"attachment-large size-large\" alt=\"\" srcset=\"https:\/\/congresos.contraelcancer.es\/cataluna\/wp-content\/uploads\/sites\/9\/2024\/06\/III-Congres-persones-amb-cancer-i-familiars-DSC_6087-1024x675.jpg 1024w, https:\/\/congresos.contraelcancer.es\/cataluna\/wp-content\/uploads\/sites\/9\/2024\/06\/III-Congres-persones-amb-cancer-i-familiars-DSC_6087-300x198.jpg 300w, https:\/\/congresos.contraelcancer.es\/cataluna\/wp-content\/uploads\/sites\/9\/2024\/06\/III-Congres-persones-amb-cancer-i-familiars-DSC_6087-768x506.jpg 768w, https:\/\/congresos.contraelcancer.es\/cataluna\/wp-content\/uploads\/sites\/9\/2024\/06\/III-Congres-persones-amb-cancer-i-familiars-DSC_6087-114x75.jpg 114w, https:\/\/congresos.contraelcancer.es\/cataluna\/wp-content\/uploads\/sites\/9\/2024\/06\/III-Congres-persones-amb-cancer-i-familiars-DSC_6087-480x316.jpg 480w\" sizes=\"(max-width:767px) 480px, (max-width:1024px) 100vw, 1024px\" \/><\/a>\n\t\t\t\t<\/dt><\/div><\/dl><br style=\"clear: both\" \/><dl class='gallery-item'  data-title='III Congres persones amb cancer i familiars DSC_6094_BQ' data-description=''><div class='gallery-item-wrapper'>\n\t\t\t\t<dt class='gallery-icon landscape'>\n\t\t\t\t\t<a href='https:\/\/congresos.contraelcancer.es\/cataluna\/wp-content\/uploads\/sites\/9\/2024\/06\/III-Congres-persones-amb-cancer-i-familiars-DSC_6094_BQ.jpg'><img loading=\"lazy\" decoding=\"async\" width=\"1024\" height=\"683\" src=\"https:\/\/congresos.contraelcancer.es\/cataluna\/wp-content\/uploads\/sites\/9\/2024\/06\/III-Congres-persones-amb-cancer-i-familiars-DSC_6094_BQ-1024x683.jpg\" class=\"attachment-large size-large\" alt=\"\" srcset=\"https:\/\/congresos.contraelcancer.es\/cataluna\/wp-content\/uploads\/sites\/9\/2024\/06\/III-Congres-persones-amb-cancer-i-familiars-DSC_6094_BQ-1024x683.jpg 1024w, https:\/\/congresos.contraelcancer.es\/cataluna\/wp-content\/uploads\/sites\/9\/2024\/06\/III-Congres-persones-amb-cancer-i-familiars-DSC_6094_BQ-300x200.jpg 300w, https:\/\/congresos.contraelcancer.es\/cataluna\/wp-content\/uploads\/sites\/9\/2024\/06\/III-Congres-persones-amb-cancer-i-familiars-DSC_6094_BQ-768x512.jpg 768w, https:\/\/congresos.contraelcancer.es\/cataluna\/wp-content\/uploads\/sites\/9\/2024\/06\/III-Congres-persones-amb-cancer-i-familiars-DSC_6094_BQ-113x75.jpg 113w, https:\/\/congresos.contraelcancer.es\/cataluna\/wp-content\/uploads\/sites\/9\/2024\/06\/III-Congres-persones-amb-cancer-i-familiars-DSC_6094_BQ-480x320.jpg 480w\" sizes=\"(max-width:767px) 480px, (max-width:1024px) 100vw, 1024px\" \/><\/a>\n\t\t\t\t<\/dt><\/div><\/dl><dl class='gallery-item'  data-title='III Congres persones amb cancer i familiars DSC_6098_BQ' data-description=''><div class='gallery-item-wrapper'>\n\t\t\t\t<dt class='gallery-icon landscape'>\n\t\t\t\t\t<a href='https:\/\/congresos.contraelcancer.es\/cataluna\/wp-content\/uploads\/sites\/9\/2024\/06\/III-Congres-persones-amb-cancer-i-familiars-DSC_6098_BQ.jpg'><img loading=\"lazy\" decoding=\"async\" width=\"1024\" height=\"683\" src=\"https:\/\/congresos.contraelcancer.es\/cataluna\/wp-content\/uploads\/sites\/9\/2024\/06\/III-Congres-persones-amb-cancer-i-familiars-DSC_6098_BQ-1024x683.jpg\" class=\"attachment-large size-large\" alt=\"\" srcset=\"https:\/\/congresos.contraelcancer.es\/cataluna\/wp-content\/uploads\/sites\/9\/2024\/06\/III-Congres-persones-amb-cancer-i-familiars-DSC_6098_BQ-1024x683.jpg 1024w, https:\/\/congresos.contraelcancer.es\/cataluna\/wp-content\/uploads\/sites\/9\/2024\/06\/III-Congres-persones-amb-cancer-i-familiars-DSC_6098_BQ-300x200.jpg 300w, https:\/\/congresos.contraelcancer.es\/cataluna\/wp-content\/uploads\/sites\/9\/2024\/06\/III-Congres-persones-amb-cancer-i-familiars-DSC_6098_BQ-768x512.jpg 768w, https:\/\/congresos.contraelcancer.es\/cataluna\/wp-content\/uploads\/sites\/9\/2024\/06\/III-Congres-persones-amb-cancer-i-familiars-DSC_6098_BQ-113x75.jpg 113w, https:\/\/congresos.contraelcancer.es\/cataluna\/wp-content\/uploads\/sites\/9\/2024\/06\/III-Congres-persones-amb-cancer-i-familiars-DSC_6098_BQ-480x320.jpg 480w\" sizes=\"(max-width:767px) 480px, (max-width:1024px) 100vw, 1024px\" \/><\/a>\n\t\t\t\t<\/dt><\/div><\/dl><dl class='gallery-item'  data-title='III Congres persones amb cancer i familiars DSC_6102_BQ' data-description=''><div class='gallery-item-wrapper'>\n\t\t\t\t<dt class='gallery-icon landscape'>\n\t\t\t\t\t<a href='https:\/\/congresos.contraelcancer.es\/cataluna\/wp-content\/uploads\/sites\/9\/2024\/06\/III-Congres-persones-amb-cancer-i-familiars-DSC_6102_BQ.jpg'><img loading=\"lazy\" decoding=\"async\" width=\"1024\" height=\"683\" src=\"https:\/\/congresos.contraelcancer.es\/cataluna\/wp-content\/uploads\/sites\/9\/2024\/06\/III-Congres-persones-amb-cancer-i-familiars-DSC_6102_BQ-1024x683.jpg\" class=\"attachment-large size-large\" alt=\"\" srcset=\"https:\/\/congresos.contraelcancer.es\/cataluna\/wp-content\/uploads\/sites\/9\/2024\/06\/III-Congres-persones-amb-cancer-i-familiars-DSC_6102_BQ-1024x683.jpg 1024w, https:\/\/congresos.contraelcancer.es\/cataluna\/wp-content\/uploads\/sites\/9\/2024\/06\/III-Congres-persones-amb-cancer-i-familiars-DSC_6102_BQ-300x200.jpg 300w, https:\/\/congresos.contraelcancer.es\/cataluna\/wp-content\/uploads\/sites\/9\/2024\/06\/III-Congres-persones-amb-cancer-i-familiars-DSC_6102_BQ-768x512.jpg 768w, https:\/\/congresos.contraelcancer.es\/cataluna\/wp-content\/uploads\/sites\/9\/2024\/06\/III-Congres-persones-amb-cancer-i-familiars-DSC_6102_BQ-113x75.jpg 113w, https:\/\/congresos.contraelcancer.es\/cataluna\/wp-content\/uploads\/sites\/9\/2024\/06\/III-Congres-persones-amb-cancer-i-familiars-DSC_6102_BQ-480x320.jpg 480w\" sizes=\"(max-width:767px) 480px, (max-width:1024px) 100vw, 1024px\" \/><\/a>\n\t\t\t\t<\/dt><\/div><\/dl><dl class='gallery-item'  data-title='III Congres persones amb cancer i familiars DSC_6106_BQ' data-description=''><div class='gallery-item-wrapper'>\n\t\t\t\t<dt class='gallery-icon landscape'>\n\t\t\t\t\t<a href='https:\/\/congresos.contraelcancer.es\/cataluna\/wp-content\/uploads\/sites\/9\/2024\/06\/III-Congres-persones-amb-cancer-i-familiars-DSC_6106_BQ.jpg'><img loading=\"lazy\" decoding=\"async\" width=\"1024\" height=\"683\" src=\"https:\/\/congresos.contraelcancer.es\/cataluna\/wp-content\/uploads\/sites\/9\/2024\/06\/III-Congres-persones-amb-cancer-i-familiars-DSC_6106_BQ-1024x683.jpg\" class=\"attachment-large size-large\" alt=\"\" srcset=\"https:\/\/congresos.contraelcancer.es\/cataluna\/wp-content\/uploads\/sites\/9\/2024\/06\/III-Congres-persones-amb-cancer-i-familiars-DSC_6106_BQ-1024x683.jpg 1024w, https:\/\/congresos.contraelcancer.es\/cataluna\/wp-content\/uploads\/sites\/9\/2024\/06\/III-Congres-persones-amb-cancer-i-familiars-DSC_6106_BQ-300x200.jpg 300w, https:\/\/congresos.contraelcancer.es\/cataluna\/wp-content\/uploads\/sites\/9\/2024\/06\/III-Congres-persones-amb-cancer-i-familiars-DSC_6106_BQ-768x512.jpg 768w, https:\/\/congresos.contraelcancer.es\/cataluna\/wp-content\/uploads\/sites\/9\/2024\/06\/III-Congres-persones-amb-cancer-i-familiars-DSC_6106_BQ-113x75.jpg 113w, https:\/\/congresos.contraelcancer.es\/cataluna\/wp-content\/uploads\/sites\/9\/2024\/06\/III-Congres-persones-amb-cancer-i-familiars-DSC_6106_BQ-480x320.jpg 480w\" sizes=\"(max-width:767px) 480px, (max-width:1024px) 100vw, 1024px\" \/><\/a>\n\t\t\t\t<\/dt><\/div><\/dl><br style=\"clear: both\" \/><dl class='gallery-item'  data-title='III Congres persones amb cancer i familiars DSC_6111_BQ' data-description=''><div class='gallery-item-wrapper'>\n\t\t\t\t<dt class='gallery-icon landscape'>\n\t\t\t\t\t<a href='https:\/\/congresos.contraelcancer.es\/cataluna\/wp-content\/uploads\/sites\/9\/2024\/06\/III-Congres-persones-amb-cancer-i-familiars-DSC_6111_BQ.jpg'><img loading=\"lazy\" decoding=\"async\" width=\"1024\" height=\"683\" src=\"https:\/\/congresos.contraelcancer.es\/cataluna\/wp-content\/uploads\/sites\/9\/2024\/06\/III-Congres-persones-amb-cancer-i-familiars-DSC_6111_BQ-1024x683.jpg\" class=\"attachment-large size-large\" alt=\"\" srcset=\"https:\/\/congresos.contraelcancer.es\/cataluna\/wp-content\/uploads\/sites\/9\/2024\/06\/III-Congres-persones-amb-cancer-i-familiars-DSC_6111_BQ-1024x683.jpg 1024w, https:\/\/congresos.contraelcancer.es\/cataluna\/wp-content\/uploads\/sites\/9\/2024\/06\/III-Congres-persones-amb-cancer-i-familiars-DSC_6111_BQ-300x200.jpg 300w, https:\/\/congresos.contraelcancer.es\/cataluna\/wp-content\/uploads\/sites\/9\/2024\/06\/III-Congres-persones-amb-cancer-i-familiars-DSC_6111_BQ-768x512.jpg 768w, https:\/\/congresos.contraelcancer.es\/cataluna\/wp-content\/uploads\/sites\/9\/2024\/06\/III-Congres-persones-amb-cancer-i-familiars-DSC_6111_BQ-113x75.jpg 113w, https:\/\/congresos.contraelcancer.es\/cataluna\/wp-content\/uploads\/sites\/9\/2024\/06\/III-Congres-persones-amb-cancer-i-familiars-DSC_6111_BQ-480x320.jpg 480w\" sizes=\"(max-width:767px) 480px, (max-width:1024px) 100vw, 1024px\" \/><\/a>\n\t\t\t\t<\/dt><\/div><\/dl><dl class='gallery-item'  data-title='III Congres persones amb cancer i familiars DSC_6115_BQ' data-description=''><div class='gallery-item-wrapper'>\n\t\t\t\t<dt class='gallery-icon landscape'>\n\t\t\t\t\t<a href='https:\/\/congresos.contraelcancer.es\/cataluna\/wp-content\/uploads\/sites\/9\/2024\/06\/III-Congres-persones-amb-cancer-i-familiars-DSC_6115_BQ.jpg'><img loading=\"lazy\" decoding=\"async\" width=\"1024\" height=\"683\" src=\"https:\/\/congresos.contraelcancer.es\/cataluna\/wp-content\/uploads\/sites\/9\/2024\/06\/III-Congres-persones-amb-cancer-i-familiars-DSC_6115_BQ-1024x683.jpg\" class=\"attachment-large size-large\" alt=\"\" srcset=\"https:\/\/congresos.contraelcancer.es\/cataluna\/wp-content\/uploads\/sites\/9\/2024\/06\/III-Congres-persones-amb-cancer-i-familiars-DSC_6115_BQ-1024x683.jpg 1024w, https:\/\/congresos.contraelcancer.es\/cataluna\/wp-content\/uploads\/sites\/9\/2024\/06\/III-Congres-persones-amb-cancer-i-familiars-DSC_6115_BQ-300x200.jpg 300w, https:\/\/congresos.contraelcancer.es\/cataluna\/wp-content\/uploads\/sites\/9\/2024\/06\/III-Congres-persones-amb-cancer-i-familiars-DSC_6115_BQ-768x512.jpg 768w, https:\/\/congresos.contraelcancer.es\/cataluna\/wp-content\/uploads\/sites\/9\/2024\/06\/III-Congres-persones-amb-cancer-i-familiars-DSC_6115_BQ-113x75.jpg 113w, https:\/\/congresos.contraelcancer.es\/cataluna\/wp-content\/uploads\/sites\/9\/2024\/06\/III-Congres-persones-amb-cancer-i-familiars-DSC_6115_BQ-480x320.jpg 480w\" sizes=\"(max-width:767px) 480px, (max-width:1024px) 100vw, 1024px\" \/><\/a>\n\t\t\t\t<\/dt><\/div><\/dl><dl class='gallery-item'  data-title='III Congres persones amb cancer i familiars DSC_6118' data-description=''><div class='gallery-item-wrapper'>\n\t\t\t\t<dt class='gallery-icon landscape'>\n\t\t\t\t\t<a href='https:\/\/congresos.contraelcancer.es\/cataluna\/wp-content\/uploads\/sites\/9\/2024\/06\/III-Congres-persones-amb-cancer-i-familiars-DSC_6118-scaled.jpg'><img loading=\"lazy\" decoding=\"async\" width=\"1024\" height=\"683\" src=\"https:\/\/congresos.contraelcancer.es\/cataluna\/wp-content\/uploads\/sites\/9\/2024\/06\/III-Congres-persones-amb-cancer-i-familiars-DSC_6118-1024x683.jpg\" class=\"attachment-large size-large\" alt=\"\" srcset=\"https:\/\/congresos.contraelcancer.es\/cataluna\/wp-content\/uploads\/sites\/9\/2024\/06\/III-Congres-persones-amb-cancer-i-familiars-DSC_6118-1024x683.jpg 1024w, https:\/\/congresos.contraelcancer.es\/cataluna\/wp-content\/uploads\/sites\/9\/2024\/06\/III-Congres-persones-amb-cancer-i-familiars-DSC_6118-300x200.jpg 300w, https:\/\/congresos.contraelcancer.es\/cataluna\/wp-content\/uploads\/sites\/9\/2024\/06\/III-Congres-persones-amb-cancer-i-familiars-DSC_6118-768x512.jpg 768w, https:\/\/congresos.contraelcancer.es\/cataluna\/wp-content\/uploads\/sites\/9\/2024\/06\/III-Congres-persones-amb-cancer-i-familiars-DSC_6118-113x75.jpg 113w, https:\/\/congresos.contraelcancer.es\/cataluna\/wp-content\/uploads\/sites\/9\/2024\/06\/III-Congres-persones-amb-cancer-i-familiars-DSC_6118-480x320.jpg 480w\" sizes=\"(max-width:767px) 480px, (max-width:1024px) 100vw, 1024px\" \/><\/a>\n\t\t\t\t<\/dt><\/div><\/dl><dl class='gallery-item'  data-title='III Congres persones amb cancer i familiars DSC_6120' data-description=''><div class='gallery-item-wrapper'>\n\t\t\t\t<dt class='gallery-icon landscape'>\n\t\t\t\t\t<a href='https:\/\/congresos.contraelcancer.es\/cataluna\/wp-content\/uploads\/sites\/9\/2024\/06\/III-Congres-persones-amb-cancer-i-familiars-DSC_6120-scaled.jpg'><img loading=\"lazy\" decoding=\"async\" width=\"1024\" height=\"683\" src=\"https:\/\/congresos.contraelcancer.es\/cataluna\/wp-content\/uploads\/sites\/9\/2024\/06\/III-Congres-persones-amb-cancer-i-familiars-DSC_6120-1024x683.jpg\" class=\"attachment-large size-large\" alt=\"\" srcset=\"https:\/\/congresos.contraelcancer.es\/cataluna\/wp-content\/uploads\/sites\/9\/2024\/06\/III-Congres-persones-amb-cancer-i-familiars-DSC_6120-1024x683.jpg 1024w, https:\/\/congresos.contraelcancer.es\/cataluna\/wp-content\/uploads\/sites\/9\/2024\/06\/III-Congres-persones-amb-cancer-i-familiars-DSC_6120-300x200.jpg 300w, https:\/\/congresos.contraelcancer.es\/cataluna\/wp-content\/uploads\/sites\/9\/2024\/06\/III-Congres-persones-amb-cancer-i-familiars-DSC_6120-768x512.jpg 768w, https:\/\/congresos.contraelcancer.es\/cataluna\/wp-content\/uploads\/sites\/9\/2024\/06\/III-Congres-persones-amb-cancer-i-familiars-DSC_6120-113x75.jpg 113w, https:\/\/congresos.contraelcancer.es\/cataluna\/wp-content\/uploads\/sites\/9\/2024\/06\/III-Congres-persones-amb-cancer-i-familiars-DSC_6120-480x320.jpg 480w\" sizes=\"(max-width:767px) 480px, (max-width:1024px) 100vw, 1024px\" \/><\/a>\n\t\t\t\t<\/dt><\/div><\/dl><br style=\"clear: both\" \/><dl class='gallery-item'  data-title='III Congres persones amb cancer i familiars DSC_6123' data-description=''><div class='gallery-item-wrapper'>\n\t\t\t\t<dt class='gallery-icon landscape'>\n\t\t\t\t\t<a href='https:\/\/congresos.contraelcancer.es\/cataluna\/wp-content\/uploads\/sites\/9\/2024\/06\/III-Congres-persones-amb-cancer-i-familiars-DSC_6123-scaled.jpg'><img loading=\"lazy\" decoding=\"async\" width=\"1024\" height=\"683\" src=\"https:\/\/congresos.contraelcancer.es\/cataluna\/wp-content\/uploads\/sites\/9\/2024\/06\/III-Congres-persones-amb-cancer-i-familiars-DSC_6123-1024x683.jpg\" class=\"attachment-large size-large\" alt=\"\" srcset=\"https:\/\/congresos.contraelcancer.es\/cataluna\/wp-content\/uploads\/sites\/9\/2024\/06\/III-Congres-persones-amb-cancer-i-familiars-DSC_6123-1024x683.jpg 1024w, https:\/\/congresos.contraelcancer.es\/cataluna\/wp-content\/uploads\/sites\/9\/2024\/06\/III-Congres-persones-amb-cancer-i-familiars-DSC_6123-300x200.jpg 300w, https:\/\/congresos.contraelcancer.es\/cataluna\/wp-content\/uploads\/sites\/9\/2024\/06\/III-Congres-persones-amb-cancer-i-familiars-DSC_6123-768x512.jpg 768w, https:\/\/congresos.contraelcancer.es\/cataluna\/wp-content\/uploads\/sites\/9\/2024\/06\/III-Congres-persones-amb-cancer-i-familiars-DSC_6123-113x75.jpg 113w, https:\/\/congresos.contraelcancer.es\/cataluna\/wp-content\/uploads\/sites\/9\/2024\/06\/III-Congres-persones-amb-cancer-i-familiars-DSC_6123-480x320.jpg 480w\" sizes=\"(max-width:767px) 480px, (max-width:1024px) 100vw, 1024px\" \/><\/a>\n\t\t\t\t<\/dt><\/div><\/dl><dl class='gallery-item'  data-title='III Congres persones amb cancer i familiars DSC_6125' data-description=''><div class='gallery-item-wrapper'>\n\t\t\t\t<dt class='gallery-icon landscape'>\n\t\t\t\t\t<a href='https:\/\/congresos.contraelcancer.es\/cataluna\/wp-content\/uploads\/sites\/9\/2024\/06\/III-Congres-persones-amb-cancer-i-familiars-DSC_6125-scaled.jpg'><img loading=\"lazy\" decoding=\"async\" width=\"1024\" height=\"683\" src=\"https:\/\/congresos.contraelcancer.es\/cataluna\/wp-content\/uploads\/sites\/9\/2024\/06\/III-Congres-persones-amb-cancer-i-familiars-DSC_6125-1024x683.jpg\" class=\"attachment-large size-large\" alt=\"\" srcset=\"https:\/\/congresos.contraelcancer.es\/cataluna\/wp-content\/uploads\/sites\/9\/2024\/06\/III-Congres-persones-amb-cancer-i-familiars-DSC_6125-1024x683.jpg 1024w, https:\/\/congresos.contraelcancer.es\/cataluna\/wp-content\/uploads\/sites\/9\/2024\/06\/III-Congres-persones-amb-cancer-i-familiars-DSC_6125-300x200.jpg 300w, https:\/\/congresos.contraelcancer.es\/cataluna\/wp-content\/uploads\/sites\/9\/2024\/06\/III-Congres-persones-amb-cancer-i-familiars-DSC_6125-768x512.jpg 768w, https:\/\/congresos.contraelcancer.es\/cataluna\/wp-content\/uploads\/sites\/9\/2024\/06\/III-Congres-persones-amb-cancer-i-familiars-DSC_6125-113x75.jpg 113w, https:\/\/congresos.contraelcancer.es\/cataluna\/wp-content\/uploads\/sites\/9\/2024\/06\/III-Congres-persones-amb-cancer-i-familiars-DSC_6125-480x320.jpg 480w\" sizes=\"(max-width:767px) 480px, (max-width:1024px) 100vw, 1024px\" \/><\/a>\n\t\t\t\t<\/dt><\/div><\/dl><dl class='gallery-item'  data-title='III Congres persones amb cancer i familiars DSC_6131' data-description=''><div class='gallery-item-wrapper'>\n\t\t\t\t<dt class='gallery-icon landscape'>\n\t\t\t\t\t<a href='https:\/\/congresos.contraelcancer.es\/cataluna\/wp-content\/uploads\/sites\/9\/2024\/06\/III-Congres-persones-amb-cancer-i-familiars-DSC_6131-scaled.jpg'><img loading=\"lazy\" decoding=\"async\" width=\"1024\" height=\"683\" src=\"https:\/\/congresos.contraelcancer.es\/cataluna\/wp-content\/uploads\/sites\/9\/2024\/06\/III-Congres-persones-amb-cancer-i-familiars-DSC_6131-1024x683.jpg\" class=\"attachment-large size-large\" alt=\"\" srcset=\"https:\/\/congresos.contraelcancer.es\/cataluna\/wp-content\/uploads\/sites\/9\/2024\/06\/III-Congres-persones-amb-cancer-i-familiars-DSC_6131-1024x683.jpg 1024w, https:\/\/congresos.contraelcancer.es\/cataluna\/wp-content\/uploads\/sites\/9\/2024\/06\/III-Congres-persones-amb-cancer-i-familiars-DSC_6131-300x200.jpg 300w, https:\/\/congresos.contraelcancer.es\/cataluna\/wp-content\/uploads\/sites\/9\/2024\/06\/III-Congres-persones-amb-cancer-i-familiars-DSC_6131-768x512.jpg 768w, https:\/\/congresos.contraelcancer.es\/cataluna\/wp-content\/uploads\/sites\/9\/2024\/06\/III-Congres-persones-amb-cancer-i-familiars-DSC_6131-113x75.jpg 113w, https:\/\/congresos.contraelcancer.es\/cataluna\/wp-content\/uploads\/sites\/9\/2024\/06\/III-Congres-persones-amb-cancer-i-familiars-DSC_6131-480x320.jpg 480w\" sizes=\"(max-width:767px) 480px, (max-width:1024px) 100vw, 1024px\" \/><\/a>\n\t\t\t\t<\/dt><\/div><\/dl><dl class='gallery-item'  data-title='III Congres persones amb cancer i familiars DSC_6135_BQ' data-description=''><div class='gallery-item-wrapper'>\n\t\t\t\t<dt class='gallery-icon landscape'>\n\t\t\t\t\t<a href='https:\/\/congresos.contraelcancer.es\/cataluna\/wp-content\/uploads\/sites\/9\/2024\/06\/III-Congres-persones-amb-cancer-i-familiars-DSC_6135_BQ.jpg'><img loading=\"lazy\" decoding=\"async\" width=\"1024\" height=\"683\" src=\"https:\/\/congresos.contraelcancer.es\/cataluna\/wp-content\/uploads\/sites\/9\/2024\/06\/III-Congres-persones-amb-cancer-i-familiars-DSC_6135_BQ-1024x683.jpg\" class=\"attachment-large size-large\" alt=\"\" srcset=\"https:\/\/congresos.contraelcancer.es\/cataluna\/wp-content\/uploads\/sites\/9\/2024\/06\/III-Congres-persones-amb-cancer-i-familiars-DSC_6135_BQ-1024x683.jpg 1024w, https:\/\/congresos.contraelcancer.es\/cataluna\/wp-content\/uploads\/sites\/9\/2024\/06\/III-Congres-persones-amb-cancer-i-familiars-DSC_6135_BQ-300x200.jpg 300w, https:\/\/congresos.contraelcancer.es\/cataluna\/wp-content\/uploads\/sites\/9\/2024\/06\/III-Congres-persones-amb-cancer-i-familiars-DSC_6135_BQ-768x512.jpg 768w, https:\/\/congresos.contraelcancer.es\/cataluna\/wp-content\/uploads\/sites\/9\/2024\/06\/III-Congres-persones-amb-cancer-i-familiars-DSC_6135_BQ-113x75.jpg 113w, https:\/\/congresos.contraelcancer.es\/cataluna\/wp-content\/uploads\/sites\/9\/2024\/06\/III-Congres-persones-amb-cancer-i-familiars-DSC_6135_BQ-480x320.jpg 480w\" sizes=\"(max-width:767px) 480px, (max-width:1024px) 100vw, 1024px\" \/><\/a>\n\t\t\t\t<\/dt><\/div><\/dl><br style=\"clear: both\" \/><dl class='gallery-item'  data-title='III Congres persones amb cancer i familiars DSC_6139_BQ' data-description=''><div class='gallery-item-wrapper'>\n\t\t\t\t<dt class='gallery-icon landscape'>\n\t\t\t\t\t<a href='https:\/\/congresos.contraelcancer.es\/cataluna\/wp-content\/uploads\/sites\/9\/2024\/06\/III-Congres-persones-amb-cancer-i-familiars-DSC_6139_BQ.jpg'><img loading=\"lazy\" decoding=\"async\" width=\"1024\" height=\"683\" src=\"https:\/\/congresos.contraelcancer.es\/cataluna\/wp-content\/uploads\/sites\/9\/2024\/06\/III-Congres-persones-amb-cancer-i-familiars-DSC_6139_BQ-1024x683.jpg\" class=\"attachment-large size-large\" alt=\"\" srcset=\"https:\/\/congresos.contraelcancer.es\/cataluna\/wp-content\/uploads\/sites\/9\/2024\/06\/III-Congres-persones-amb-cancer-i-familiars-DSC_6139_BQ-1024x683.jpg 1024w, https:\/\/congresos.contraelcancer.es\/cataluna\/wp-content\/uploads\/sites\/9\/2024\/06\/III-Congres-persones-amb-cancer-i-familiars-DSC_6139_BQ-300x200.jpg 300w, https:\/\/congresos.contraelcancer.es\/cataluna\/wp-content\/uploads\/sites\/9\/2024\/06\/III-Congres-persones-amb-cancer-i-familiars-DSC_6139_BQ-768x512.jpg 768w, https:\/\/congresos.contraelcancer.es\/cataluna\/wp-content\/uploads\/sites\/9\/2024\/06\/III-Congres-persones-amb-cancer-i-familiars-DSC_6139_BQ-113x75.jpg 113w, https:\/\/congresos.contraelcancer.es\/cataluna\/wp-content\/uploads\/sites\/9\/2024\/06\/III-Congres-persones-amb-cancer-i-familiars-DSC_6139_BQ-480x320.jpg 480w\" sizes=\"(max-width:767px) 480px, (max-width:1024px) 100vw, 1024px\" \/><\/a>\n\t\t\t\t<\/dt><\/div><\/dl><dl class='gallery-item'  data-title='III Congres persones amb cancer i familiars DSC_6145_BQ' data-description=''><div class='gallery-item-wrapper'>\n\t\t\t\t<dt class='gallery-icon landscape'>\n\t\t\t\t\t<a href='https:\/\/congresos.contraelcancer.es\/cataluna\/wp-content\/uploads\/sites\/9\/2024\/06\/III-Congres-persones-amb-cancer-i-familiars-DSC_6145_BQ.jpg'><img loading=\"lazy\" decoding=\"async\" width=\"1024\" height=\"683\" src=\"https:\/\/congresos.contraelcancer.es\/cataluna\/wp-content\/uploads\/sites\/9\/2024\/06\/III-Congres-persones-amb-cancer-i-familiars-DSC_6145_BQ-1024x683.jpg\" class=\"attachment-large size-large\" alt=\"\" srcset=\"https:\/\/congresos.contraelcancer.es\/cataluna\/wp-content\/uploads\/sites\/9\/2024\/06\/III-Congres-persones-amb-cancer-i-familiars-DSC_6145_BQ-1024x683.jpg 1024w, https:\/\/congresos.contraelcancer.es\/cataluna\/wp-content\/uploads\/sites\/9\/2024\/06\/III-Congres-persones-amb-cancer-i-familiars-DSC_6145_BQ-300x200.jpg 300w, https:\/\/congresos.contraelcancer.es\/cataluna\/wp-content\/uploads\/sites\/9\/2024\/06\/III-Congres-persones-amb-cancer-i-familiars-DSC_6145_BQ-768x512.jpg 768w, https:\/\/congresos.contraelcancer.es\/cataluna\/wp-content\/uploads\/sites\/9\/2024\/06\/III-Congres-persones-amb-cancer-i-familiars-DSC_6145_BQ-113x75.jpg 113w, https:\/\/congresos.contraelcancer.es\/cataluna\/wp-content\/uploads\/sites\/9\/2024\/06\/III-Congres-persones-amb-cancer-i-familiars-DSC_6145_BQ-480x320.jpg 480w\" sizes=\"(max-width:767px) 480px, (max-width:1024px) 100vw, 1024px\" \/><\/a>\n\t\t\t\t<\/dt><\/div><\/dl><dl class='gallery-item'  data-title='III Congres persones amb cancer i familiars DSC_6149' data-description=''><div class='gallery-item-wrapper'>\n\t\t\t\t<dt class='gallery-icon landscape'>\n\t\t\t\t\t<a href='https:\/\/congresos.contraelcancer.es\/cataluna\/wp-content\/uploads\/sites\/9\/2024\/06\/III-Congres-persones-amb-cancer-i-familiars-DSC_6149-scaled.jpg'><img loading=\"lazy\" decoding=\"async\" width=\"1024\" height=\"683\" src=\"https:\/\/congresos.contraelcancer.es\/cataluna\/wp-content\/uploads\/sites\/9\/2024\/06\/III-Congres-persones-amb-cancer-i-familiars-DSC_6149-1024x683.jpg\" class=\"attachment-large size-large\" alt=\"\" srcset=\"https:\/\/congresos.contraelcancer.es\/cataluna\/wp-content\/uploads\/sites\/9\/2024\/06\/III-Congres-persones-amb-cancer-i-familiars-DSC_6149-1024x683.jpg 1024w, https:\/\/congresos.contraelcancer.es\/cataluna\/wp-content\/uploads\/sites\/9\/2024\/06\/III-Congres-persones-amb-cancer-i-familiars-DSC_6149-300x200.jpg 300w, https:\/\/congresos.contraelcancer.es\/cataluna\/wp-content\/uploads\/sites\/9\/2024\/06\/III-Congres-persones-amb-cancer-i-familiars-DSC_6149-768x512.jpg 768w, https:\/\/congresos.contraelcancer.es\/cataluna\/wp-content\/uploads\/sites\/9\/2024\/06\/III-Congres-persones-amb-cancer-i-familiars-DSC_6149-113x75.jpg 113w, https:\/\/congresos.contraelcancer.es\/cataluna\/wp-content\/uploads\/sites\/9\/2024\/06\/III-Congres-persones-amb-cancer-i-familiars-DSC_6149-480x320.jpg 480w\" sizes=\"(max-width:767px) 480px, (max-width:1024px) 100vw, 1024px\" \/><\/a>\n\t\t\t\t<\/dt><\/div><\/dl><dl class='gallery-item'  data-title='III Congres persones amb cancer i familiars DSC_6149_BQ' data-description=''><div class='gallery-item-wrapper'>\n\t\t\t\t<dt class='gallery-icon landscape'>\n\t\t\t\t\t<a href='https:\/\/congresos.contraelcancer.es\/cataluna\/wp-content\/uploads\/sites\/9\/2024\/06\/III-Congres-persones-amb-cancer-i-familiars-DSC_6149_BQ.jpg'><img loading=\"lazy\" decoding=\"async\" width=\"1024\" height=\"683\" src=\"https:\/\/congresos.contraelcancer.es\/cataluna\/wp-content\/uploads\/sites\/9\/2024\/06\/III-Congres-persones-amb-cancer-i-familiars-DSC_6149_BQ-1024x683.jpg\" class=\"attachment-large size-large\" alt=\"\" srcset=\"https:\/\/congresos.contraelcancer.es\/cataluna\/wp-content\/uploads\/sites\/9\/2024\/06\/III-Congres-persones-amb-cancer-i-familiars-DSC_6149_BQ-1024x683.jpg 1024w, https:\/\/congresos.contraelcancer.es\/cataluna\/wp-content\/uploads\/sites\/9\/2024\/06\/III-Congres-persones-amb-cancer-i-familiars-DSC_6149_BQ-300x200.jpg 300w, https:\/\/congresos.contraelcancer.es\/cataluna\/wp-content\/uploads\/sites\/9\/2024\/06\/III-Congres-persones-amb-cancer-i-familiars-DSC_6149_BQ-768x512.jpg 768w, https:\/\/congresos.contraelcancer.es\/cataluna\/wp-content\/uploads\/sites\/9\/2024\/06\/III-Congres-persones-amb-cancer-i-familiars-DSC_6149_BQ-113x75.jpg 113w, https:\/\/congresos.contraelcancer.es\/cataluna\/wp-content\/uploads\/sites\/9\/2024\/06\/III-Congres-persones-amb-cancer-i-familiars-DSC_6149_BQ-480x320.jpg 480w\" sizes=\"(max-width:767px) 480px, (max-width:1024px) 100vw, 1024px\" \/><\/a>\n\t\t\t\t<\/dt><\/div><\/dl><br style=\"clear: both\" \/><dl class='gallery-item'  data-title='III Congres persones amb cancer i familiars DSC_6151_BQ' data-description=''><div class='gallery-item-wrapper'>\n\t\t\t\t<dt class='gallery-icon landscape'>\n\t\t\t\t\t<a href='https:\/\/congresos.contraelcancer.es\/cataluna\/wp-content\/uploads\/sites\/9\/2024\/06\/III-Congres-persones-amb-cancer-i-familiars-DSC_6151_BQ.jpg'><img loading=\"lazy\" decoding=\"async\" width=\"1024\" height=\"683\" src=\"https:\/\/congresos.contraelcancer.es\/cataluna\/wp-content\/uploads\/sites\/9\/2024\/06\/III-Congres-persones-amb-cancer-i-familiars-DSC_6151_BQ-1024x683.jpg\" class=\"attachment-large size-large\" alt=\"\" srcset=\"https:\/\/congresos.contraelcancer.es\/cataluna\/wp-content\/uploads\/sites\/9\/2024\/06\/III-Congres-persones-amb-cancer-i-familiars-DSC_6151_BQ-1024x683.jpg 1024w, https:\/\/congresos.contraelcancer.es\/cataluna\/wp-content\/uploads\/sites\/9\/2024\/06\/III-Congres-persones-amb-cancer-i-familiars-DSC_6151_BQ-300x200.jpg 300w, https:\/\/congresos.contraelcancer.es\/cataluna\/wp-content\/uploads\/sites\/9\/2024\/06\/III-Congres-persones-amb-cancer-i-familiars-DSC_6151_BQ-768x512.jpg 768w, https:\/\/congresos.contraelcancer.es\/cataluna\/wp-content\/uploads\/sites\/9\/2024\/06\/III-Congres-persones-amb-cancer-i-familiars-DSC_6151_BQ-113x75.jpg 113w, https:\/\/congresos.contraelcancer.es\/cataluna\/wp-content\/uploads\/sites\/9\/2024\/06\/III-Congres-persones-amb-cancer-i-familiars-DSC_6151_BQ-480x320.jpg 480w\" sizes=\"(max-width:767px) 480px, (max-width:1024px) 100vw, 1024px\" \/><\/a>\n\t\t\t\t<\/dt><\/div><\/dl><dl class='gallery-item'  data-title='III Congres persones amb cancer i familiars DSC_6153' data-description=''><div class='gallery-item-wrapper'>\n\t\t\t\t<dt class='gallery-icon landscape'>\n\t\t\t\t\t<a href='https:\/\/congresos.contraelcancer.es\/cataluna\/wp-content\/uploads\/sites\/9\/2024\/06\/III-Congres-persones-amb-cancer-i-familiars-DSC_6153-scaled.jpg'><img loading=\"lazy\" decoding=\"async\" width=\"1024\" height=\"683\" src=\"https:\/\/congresos.contraelcancer.es\/cataluna\/wp-content\/uploads\/sites\/9\/2024\/06\/III-Congres-persones-amb-cancer-i-familiars-DSC_6153-1024x683.jpg\" class=\"attachment-large size-large\" alt=\"\" srcset=\"https:\/\/congresos.contraelcancer.es\/cataluna\/wp-content\/uploads\/sites\/9\/2024\/06\/III-Congres-persones-amb-cancer-i-familiars-DSC_6153-1024x683.jpg 1024w, https:\/\/congresos.contraelcancer.es\/cataluna\/wp-content\/uploads\/sites\/9\/2024\/06\/III-Congres-persones-amb-cancer-i-familiars-DSC_6153-300x200.jpg 300w, https:\/\/congresos.contraelcancer.es\/cataluna\/wp-content\/uploads\/sites\/9\/2024\/06\/III-Congres-persones-amb-cancer-i-familiars-DSC_6153-768x512.jpg 768w, https:\/\/congresos.contraelcancer.es\/cataluna\/wp-content\/uploads\/sites\/9\/2024\/06\/III-Congres-persones-amb-cancer-i-familiars-DSC_6153-113x75.jpg 113w, https:\/\/congresos.contraelcancer.es\/cataluna\/wp-content\/uploads\/sites\/9\/2024\/06\/III-Congres-persones-amb-cancer-i-familiars-DSC_6153-480x320.jpg 480w\" sizes=\"(max-width:767px) 480px, (max-width:1024px) 100vw, 1024px\" \/><\/a>\n\t\t\t\t<\/dt><\/div><\/dl><dl class='gallery-item'  data-title='III Congres persones amb cancer i familiars DSC_6155_BQ' data-description=''><div class='gallery-item-wrapper'>\n\t\t\t\t<dt class='gallery-icon landscape'>\n\t\t\t\t\t<a href='https:\/\/congresos.contraelcancer.es\/cataluna\/wp-content\/uploads\/sites\/9\/2024\/06\/III-Congres-persones-amb-cancer-i-familiars-DSC_6155_BQ.jpg'><img loading=\"lazy\" decoding=\"async\" width=\"1024\" height=\"683\" src=\"https:\/\/congresos.contraelcancer.es\/cataluna\/wp-content\/uploads\/sites\/9\/2024\/06\/III-Congres-persones-amb-cancer-i-familiars-DSC_6155_BQ-1024x683.jpg\" class=\"attachment-large size-large\" alt=\"\" srcset=\"https:\/\/congresos.contraelcancer.es\/cataluna\/wp-content\/uploads\/sites\/9\/2024\/06\/III-Congres-persones-amb-cancer-i-familiars-DSC_6155_BQ-1024x683.jpg 1024w, https:\/\/congresos.contraelcancer.es\/cataluna\/wp-content\/uploads\/sites\/9\/2024\/06\/III-Congres-persones-amb-cancer-i-familiars-DSC_6155_BQ-300x200.jpg 300w, https:\/\/congresos.contraelcancer.es\/cataluna\/wp-content\/uploads\/sites\/9\/2024\/06\/III-Congres-persones-amb-cancer-i-familiars-DSC_6155_BQ-768x512.jpg 768w, https:\/\/congresos.contraelcancer.es\/cataluna\/wp-content\/uploads\/sites\/9\/2024\/06\/III-Congres-persones-amb-cancer-i-familiars-DSC_6155_BQ-113x75.jpg 113w, https:\/\/congresos.contraelcancer.es\/cataluna\/wp-content\/uploads\/sites\/9\/2024\/06\/III-Congres-persones-amb-cancer-i-familiars-DSC_6155_BQ-480x320.jpg 480w\" sizes=\"(max-width:767px) 480px, (max-width:1024px) 100vw, 1024px\" \/><\/a>\n\t\t\t\t<\/dt><\/div><\/dl><dl class='gallery-item'  data-title='III Congres persones amb cancer i familiars DSC_6157_BQ' data-description=''><div class='gallery-item-wrapper'>\n\t\t\t\t<dt class='gallery-icon landscape'>\n\t\t\t\t\t<a href='https:\/\/congresos.contraelcancer.es\/cataluna\/wp-content\/uploads\/sites\/9\/2024\/06\/III-Congres-persones-amb-cancer-i-familiars-DSC_6157_BQ.jpg'><img loading=\"lazy\" decoding=\"async\" width=\"1024\" height=\"683\" src=\"https:\/\/congresos.contraelcancer.es\/cataluna\/wp-content\/uploads\/sites\/9\/2024\/06\/III-Congres-persones-amb-cancer-i-familiars-DSC_6157_BQ-1024x683.jpg\" class=\"attachment-large size-large\" alt=\"\" srcset=\"https:\/\/congresos.contraelcancer.es\/cataluna\/wp-content\/uploads\/sites\/9\/2024\/06\/III-Congres-persones-amb-cancer-i-familiars-DSC_6157_BQ-1024x683.jpg 1024w, https:\/\/congresos.contraelcancer.es\/cataluna\/wp-content\/uploads\/sites\/9\/2024\/06\/III-Congres-persones-amb-cancer-i-familiars-DSC_6157_BQ-300x200.jpg 300w, https:\/\/congresos.contraelcancer.es\/cataluna\/wp-content\/uploads\/sites\/9\/2024\/06\/III-Congres-persones-amb-cancer-i-familiars-DSC_6157_BQ-768x512.jpg 768w, https:\/\/congresos.contraelcancer.es\/cataluna\/wp-content\/uploads\/sites\/9\/2024\/06\/III-Congres-persones-amb-cancer-i-familiars-DSC_6157_BQ-113x75.jpg 113w, https:\/\/congresos.contraelcancer.es\/cataluna\/wp-content\/uploads\/sites\/9\/2024\/06\/III-Congres-persones-amb-cancer-i-familiars-DSC_6157_BQ-480x320.jpg 480w\" sizes=\"(max-width:767px) 480px, (max-width:1024px) 100vw, 1024px\" \/><\/a>\n\t\t\t\t<\/dt><\/div><\/dl><br style=\"clear: both\" \/><dl class='gallery-item'  data-title='III Congres persones amb cancer i familiars DSC_6159_BQ' data-description=''><div class='gallery-item-wrapper'>\n\t\t\t\t<dt class='gallery-icon landscape'>\n\t\t\t\t\t<a href='https:\/\/congresos.contraelcancer.es\/cataluna\/wp-content\/uploads\/sites\/9\/2024\/06\/III-Congres-persones-amb-cancer-i-familiars-DSC_6159_BQ.jpg'><img loading=\"lazy\" decoding=\"async\" width=\"1024\" height=\"683\" src=\"https:\/\/congresos.contraelcancer.es\/cataluna\/wp-content\/uploads\/sites\/9\/2024\/06\/III-Congres-persones-amb-cancer-i-familiars-DSC_6159_BQ-1024x683.jpg\" class=\"attachment-large size-large\" alt=\"\" srcset=\"https:\/\/congresos.contraelcancer.es\/cataluna\/wp-content\/uploads\/sites\/9\/2024\/06\/III-Congres-persones-amb-cancer-i-familiars-DSC_6159_BQ-1024x683.jpg 1024w, https:\/\/congresos.contraelcancer.es\/cataluna\/wp-content\/uploads\/sites\/9\/2024\/06\/III-Congres-persones-amb-cancer-i-familiars-DSC_6159_BQ-300x200.jpg 300w, https:\/\/congresos.contraelcancer.es\/cataluna\/wp-content\/uploads\/sites\/9\/2024\/06\/III-Congres-persones-amb-cancer-i-familiars-DSC_6159_BQ-768x512.jpg 768w, https:\/\/congresos.contraelcancer.es\/cataluna\/wp-content\/uploads\/sites\/9\/2024\/06\/III-Congres-persones-amb-cancer-i-familiars-DSC_6159_BQ-113x75.jpg 113w, https:\/\/congresos.contraelcancer.es\/cataluna\/wp-content\/uploads\/sites\/9\/2024\/06\/III-Congres-persones-amb-cancer-i-familiars-DSC_6159_BQ-480x320.jpg 480w\" sizes=\"(max-width:767px) 480px, (max-width:1024px) 100vw, 1024px\" \/><\/a>\n\t\t\t\t<\/dt><\/div><\/dl><dl class='gallery-item'  data-title='III Congres persones amb cancer i familiars DSC_6176_BQ' data-description=''><div class='gallery-item-wrapper'>\n\t\t\t\t<dt class='gallery-icon landscape'>\n\t\t\t\t\t<a href='https:\/\/congresos.contraelcancer.es\/cataluna\/wp-content\/uploads\/sites\/9\/2024\/06\/III-Congres-persones-amb-cancer-i-familiars-DSC_6176_BQ.jpg'><img loading=\"lazy\" decoding=\"async\" width=\"1024\" height=\"683\" src=\"https:\/\/congresos.contraelcancer.es\/cataluna\/wp-content\/uploads\/sites\/9\/2024\/06\/III-Congres-persones-amb-cancer-i-familiars-DSC_6176_BQ-1024x683.jpg\" class=\"attachment-large size-large\" alt=\"\" srcset=\"https:\/\/congresos.contraelcancer.es\/cataluna\/wp-content\/uploads\/sites\/9\/2024\/06\/III-Congres-persones-amb-cancer-i-familiars-DSC_6176_BQ-1024x683.jpg 1024w, https:\/\/congresos.contraelcancer.es\/cataluna\/wp-content\/uploads\/sites\/9\/2024\/06\/III-Congres-persones-amb-cancer-i-familiars-DSC_6176_BQ-300x200.jpg 300w, https:\/\/congresos.contraelcancer.es\/cataluna\/wp-content\/uploads\/sites\/9\/2024\/06\/III-Congres-persones-amb-cancer-i-familiars-DSC_6176_BQ-768x512.jpg 768w, https:\/\/congresos.contraelcancer.es\/cataluna\/wp-content\/uploads\/sites\/9\/2024\/06\/III-Congres-persones-amb-cancer-i-familiars-DSC_6176_BQ-113x75.jpg 113w, https:\/\/congresos.contraelcancer.es\/cataluna\/wp-content\/uploads\/sites\/9\/2024\/06\/III-Congres-persones-amb-cancer-i-familiars-DSC_6176_BQ-480x320.jpg 480w\" sizes=\"(max-width:767px) 480px, (max-width:1024px) 100vw, 1024px\" \/><\/a>\n\t\t\t\t<\/dt><\/div><\/dl><dl class='gallery-item'  data-title='III Congres persones amb cancer i familiars DSC_6195' data-description=''><div class='gallery-item-wrapper'>\n\t\t\t\t<dt class='gallery-icon landscape'>\n\t\t\t\t\t<a href='https:\/\/congresos.contraelcancer.es\/cataluna\/wp-content\/uploads\/sites\/9\/2024\/06\/III-Congres-persones-amb-cancer-i-familiars-DSC_6195-scaled.jpg'><img loading=\"lazy\" decoding=\"async\" width=\"1024\" height=\"683\" src=\"https:\/\/congresos.contraelcancer.es\/cataluna\/wp-content\/uploads\/sites\/9\/2024\/06\/III-Congres-persones-amb-cancer-i-familiars-DSC_6195-1024x683.jpg\" class=\"attachment-large size-large\" alt=\"\" srcset=\"https:\/\/congresos.contraelcancer.es\/cataluna\/wp-content\/uploads\/sites\/9\/2024\/06\/III-Congres-persones-amb-cancer-i-familiars-DSC_6195-1024x683.jpg 1024w, https:\/\/congresos.contraelcancer.es\/cataluna\/wp-content\/uploads\/sites\/9\/2024\/06\/III-Congres-persones-amb-cancer-i-familiars-DSC_6195-300x200.jpg 300w, https:\/\/congresos.contraelcancer.es\/cataluna\/wp-content\/uploads\/sites\/9\/2024\/06\/III-Congres-persones-amb-cancer-i-familiars-DSC_6195-768x512.jpg 768w, https:\/\/congresos.contraelcancer.es\/cataluna\/wp-content\/uploads\/sites\/9\/2024\/06\/III-Congres-persones-amb-cancer-i-familiars-DSC_6195-113x75.jpg 113w, https:\/\/congresos.contraelcancer.es\/cataluna\/wp-content\/uploads\/sites\/9\/2024\/06\/III-Congres-persones-amb-cancer-i-familiars-DSC_6195-480x320.jpg 480w\" sizes=\"(max-width:767px) 480px, (max-width:1024px) 100vw, 1024px\" \/><\/a>\n\t\t\t\t<\/dt><\/div><\/dl>\n\t\t\t\t<br style='clear: both' \/>\n\t\t\t<\/div>\n\t\t\t\t<\/div>\n\t\t\t\t<\/div>\n\t\t\t\t\t<\/div>\n\t\t<\/div>\n\t\t\t\t\t<\/div>\n\t\t<\/section>\n\t\t\t\t<\/div>\n\t\t","protected":false},"excerpt":{"rendered":"<p>III Congreso de personas con c\u00e1ncer y familiares. Catalunya 2024. #sc_gallery-698 { margin: auto; } #sc_gallery-698 .gallery-item { float: left; text-align: center; width: 24.99%; } #sc_gallery-698<span class=\"excerpt-hellip\"> [\u2026]<\/span><\/p>\n","protected":false},"author":16,"featured_media":0,"parent":0,"menu_order":0,"comment_status":"closed","ping_status":"closed","template":"","meta":{"_acf_changed":false,"footnotes":""},"class_list":["post-2124","page","type-page","status-publish","hentry"],"acf":[],"yoast_head":"<!-- This site is optimized with the Yoast SEO Premium plugin v21.3 (Yoast SEO v27.4) - https:\/\/yoast.com\/product\/yoast-seo-premium-wordpress\/ -->\n<title>Ver m\u00e1s im\u00e1genes 2024 - Catalu\u00f1a<\/title>\n<meta name=\"robots\" content=\"index, follow, max-snippet:-1, max-image-preview:large, max-video-preview:-1\" \/>\n<link rel=\"canonical\" href=\"https:\/\/congresos.contraelcancer.es\/cataluna\/galeria-congreso-2024\/\" \/>\n<meta property=\"og:locale\" content=\"es_ES\" \/>\n<meta property=\"og:type\" content=\"article\" \/>\n<meta property=\"og:title\" content=\"Ver m\u00e1s im\u00e1genes 2024\" \/>\n<meta property=\"og:description\" content=\"III Congreso de personas con c\u00e1ncer y familiares. Catalunya 2024. #sc_gallery-698 { margin: auto; } #sc_gallery-698 .gallery-item { float: left; text-align: center; width: 24.99%; } #sc_gallery-698 [\u2026]\" \/>\n<meta property=\"og:url\" content=\"https:\/\/congresos.contraelcancer.es\/cataluna\/galeria-congreso-2024\/\" \/>\n<meta property=\"og:site_name\" content=\"Catalu\u00f1a\" \/>\n<meta property=\"article:modified_time\" content=\"2024-06-12T15:22:40+00:00\" \/>\n<meta property=\"og:image\" content=\"https:\/\/congresos.contraelcancer.es\/cataluna\/wp-content\/uploads\/sites\/9\/2024\/06\/III-Congres-persones-amb-cancer-i-familiars-DSC_5513_BQ-1024x683.jpg\" \/>\n<meta name=\"twitter:card\" content=\"summary_large_image\" \/>\n<meta name=\"twitter:label1\" content=\"Tiempo de lectura\" \/>\n\t<meta name=\"twitter:data1\" content=\"1 minuto\" \/>\n<script type=\"application\/ld+json\" class=\"yoast-schema-graph\">{\"@context\":\"https:\\\/\\\/schema.org\",\"@graph\":[{\"@type\":\"WebPage\",\"@id\":\"https:\\\/\\\/congresos.contraelcancer.es\\\/cataluna\\\/galeria-congreso-2024\\\/\",\"url\":\"https:\\\/\\\/congresos.contraelcancer.es\\\/cataluna\\\/galeria-congreso-2024\\\/\",\"name\":\"Ver m\u00e1s im\u00e1genes 2024 - Catalu\u00f1a\",\"isPartOf\":{\"@id\":\"https:\\\/\\\/congresos.contraelcancer.es\\\/cataluna\\\/#website\"},\"primaryImageOfPage\":{\"@id\":\"https:\\\/\\\/congresos.contraelcancer.es\\\/cataluna\\\/galeria-congreso-2024\\\/#primaryimage\"},\"image\":{\"@id\":\"https:\\\/\\\/congresos.contraelcancer.es\\\/cataluna\\\/galeria-congreso-2024\\\/#primaryimage\"},\"thumbnailUrl\":\"https:\\\/\\\/congresos.contraelcancer.es\\\/cataluna\\\/wp-content\\\/uploads\\\/sites\\\/9\\\/2024\\\/06\\\/III-Congres-persones-amb-cancer-i-familiars-DSC_5513_BQ-1024x683.jpg\",\"datePublished\":\"2024-06-12T15:01:52+00:00\",\"dateModified\":\"2024-06-12T15:22:40+00:00\",\"breadcrumb\":{\"@id\":\"https:\\\/\\\/congresos.contraelcancer.es\\\/cataluna\\\/galeria-congreso-2024\\\/#breadcrumb\"},\"inLanguage\":\"es\",\"potentialAction\":[{\"@type\":\"ReadAction\",\"target\":[\"https:\\\/\\\/congresos.contraelcancer.es\\\/cataluna\\\/galeria-congreso-2024\\\/\"]}]},{\"@type\":\"ImageObject\",\"inLanguage\":\"es\",\"@id\":\"https:\\\/\\\/congresos.contraelcancer.es\\\/cataluna\\\/galeria-congreso-2024\\\/#primaryimage\",\"url\":\"https:\\\/\\\/congresos.contraelcancer.es\\\/cataluna\\\/wp-content\\\/uploads\\\/sites\\\/9\\\/2024\\\/06\\\/III-Congres-persones-amb-cancer-i-familiars-DSC_5513_BQ.jpg\",\"contentUrl\":\"https:\\\/\\\/congresos.contraelcancer.es\\\/cataluna\\\/wp-content\\\/uploads\\\/sites\\\/9\\\/2024\\\/06\\\/III-Congres-persones-amb-cancer-i-familiars-DSC_5513_BQ.jpg\",\"width\":1920,\"height\":1280},{\"@type\":\"BreadcrumbList\",\"@id\":\"https:\\\/\\\/congresos.contraelcancer.es\\\/cataluna\\\/galeria-congreso-2024\\\/#breadcrumb\",\"itemListElement\":[{\"@type\":\"ListItem\",\"position\":1,\"name\":\"Portada\",\"item\":\"https:\\\/\\\/congresos.contraelcancer.es\\\/cataluna\\\/\"},{\"@type\":\"ListItem\",\"position\":2,\"name\":\"Ver m\u00e1s im\u00e1genes 2024\"}]},{\"@type\":\"WebSite\",\"@id\":\"https:\\\/\\\/congresos.contraelcancer.es\\\/cataluna\\\/#website\",\"url\":\"https:\\\/\\\/congresos.contraelcancer.es\\\/cataluna\\\/\",\"name\":\"Catalu\u00f1a\",\"description\":\"Asociaci\u00f3n espa\u00f1ola contra el c\u00e1ncer\",\"publisher\":{\"@id\":\"https:\\\/\\\/congresos.contraelcancer.es\\\/cataluna\\\/#organization\"},\"potentialAction\":[{\"@type\":\"SearchAction\",\"target\":{\"@type\":\"EntryPoint\",\"urlTemplate\":\"https:\\\/\\\/congresos.contraelcancer.es\\\/cataluna\\\/?s={search_term_string}\"},\"query-input\":{\"@type\":\"PropertyValueSpecification\",\"valueRequired\":true,\"valueName\":\"search_term_string\"}}],\"inLanguage\":\"es\"},{\"@type\":\"Organization\",\"@id\":\"https:\\\/\\\/congresos.contraelcancer.es\\\/cataluna\\\/#organization\",\"name\":\"Catalu\u00f1a\",\"url\":\"https:\\\/\\\/congresos.contraelcancer.es\\\/cataluna\\\/\",\"logo\":{\"@type\":\"ImageObject\",\"inLanguage\":\"es\",\"@id\":\"https:\\\/\\\/congresos.contraelcancer.es\\\/cataluna\\\/#\\\/schema\\\/logo\\\/image\\\/\",\"url\":\"https:\\\/\\\/congresos.contraelcancer.es\\\/cataluna\\\/wp-content\\\/uploads\\\/sites\\\/9\\\/2023\\\/04\\\/cropped-AECC_logo-460px.png\",\"contentUrl\":\"https:\\\/\\\/congresos.contraelcancer.es\\\/cataluna\\\/wp-content\\\/uploads\\\/sites\\\/9\\\/2023\\\/04\\\/cropped-AECC_logo-460px.png\",\"width\":460,\"height\":145,\"caption\":\"Catalu\u00f1a\"},\"image\":{\"@id\":\"https:\\\/\\\/congresos.contraelcancer.es\\\/cataluna\\\/#\\\/schema\\\/logo\\\/image\\\/\"}}]}<\/script>\n<!-- \/ Yoast SEO Premium plugin. -->","yoast_head_json":{"title":"Ver m\u00e1s im\u00e1genes 2024 - Catalu\u00f1a","robots":{"index":"index","follow":"follow","max-snippet":"max-snippet:-1","max-image-preview":"max-image-preview:large","max-video-preview":"max-video-preview:-1"},"canonical":"https:\/\/congresos.contraelcancer.es\/cataluna\/galeria-congreso-2024\/","og_locale":"es_ES","og_type":"article","og_title":"Ver m\u00e1s im\u00e1genes 2024","og_description":"III Congreso de personas con c\u00e1ncer y familiares. Catalunya 2024. #sc_gallery-698 { margin: auto; } #sc_gallery-698 .gallery-item { float: left; text-align: center; width: 24.99%; } #sc_gallery-698 [\u2026]","og_url":"https:\/\/congresos.contraelcancer.es\/cataluna\/galeria-congreso-2024\/","og_site_name":"Catalu\u00f1a","article_modified_time":"2024-06-12T15:22:40+00:00","og_image":[{"url":"https:\/\/congresos.contraelcancer.es\/cataluna\/wp-content\/uploads\/sites\/9\/2024\/06\/III-Congres-persones-amb-cancer-i-familiars-DSC_5513_BQ-1024x683.jpg","type":"","width":"","height":""}],"twitter_card":"summary_large_image","twitter_misc":{"Tiempo de lectura":"1 minuto"},"schema":{"@context":"https:\/\/schema.org","@graph":[{"@type":"WebPage","@id":"https:\/\/congresos.contraelcancer.es\/cataluna\/galeria-congreso-2024\/","url":"https:\/\/congresos.contraelcancer.es\/cataluna\/galeria-congreso-2024\/","name":"Ver m\u00e1s im\u00e1genes 2024 - Catalu\u00f1a","isPartOf":{"@id":"https:\/\/congresos.contraelcancer.es\/cataluna\/#website"},"primaryImageOfPage":{"@id":"https:\/\/congresos.contraelcancer.es\/cataluna\/galeria-congreso-2024\/#primaryimage"},"image":{"@id":"https:\/\/congresos.contraelcancer.es\/cataluna\/galeria-congreso-2024\/#primaryimage"},"thumbnailUrl":"https:\/\/congresos.contraelcancer.es\/cataluna\/wp-content\/uploads\/sites\/9\/2024\/06\/III-Congres-persones-amb-cancer-i-familiars-DSC_5513_BQ-1024x683.jpg","datePublished":"2024-06-12T15:01:52+00:00","dateModified":"2024-06-12T15:22:40+00:00","breadcrumb":{"@id":"https:\/\/congresos.contraelcancer.es\/cataluna\/galeria-congreso-2024\/#breadcrumb"},"inLanguage":"es","potentialAction":[{"@type":"ReadAction","target":["https:\/\/congresos.contraelcancer.es\/cataluna\/galeria-congreso-2024\/"]}]},{"@type":"ImageObject","inLanguage":"es","@id":"https:\/\/congresos.contraelcancer.es\/cataluna\/galeria-congreso-2024\/#primaryimage","url":"https:\/\/congresos.contraelcancer.es\/cataluna\/wp-content\/uploads\/sites\/9\/2024\/06\/III-Congres-persones-amb-cancer-i-familiars-DSC_5513_BQ.jpg","contentUrl":"https:\/\/congresos.contraelcancer.es\/cataluna\/wp-content\/uploads\/sites\/9\/2024\/06\/III-Congres-persones-amb-cancer-i-familiars-DSC_5513_BQ.jpg","width":1920,"height":1280},{"@type":"BreadcrumbList","@id":"https:\/\/congresos.contraelcancer.es\/cataluna\/galeria-congreso-2024\/#breadcrumb","itemListElement":[{"@type":"ListItem","position":1,"name":"Portada","item":"https:\/\/congresos.contraelcancer.es\/cataluna\/"},{"@type":"ListItem","position":2,"name":"Ver m\u00e1s im\u00e1genes 2024"}]},{"@type":"WebSite","@id":"https:\/\/congresos.contraelcancer.es\/cataluna\/#website","url":"https:\/\/congresos.contraelcancer.es\/cataluna\/","name":"Catalu\u00f1a","description":"Asociaci\u00f3n espa\u00f1ola contra el c\u00e1ncer","publisher":{"@id":"https:\/\/congresos.contraelcancer.es\/cataluna\/#organization"},"potentialAction":[{"@type":"SearchAction","target":{"@type":"EntryPoint","urlTemplate":"https:\/\/congresos.contraelcancer.es\/cataluna\/?s={search_term_string}"},"query-input":{"@type":"PropertyValueSpecification","valueRequired":true,"valueName":"search_term_string"}}],"inLanguage":"es"},{"@type":"Organization","@id":"https:\/\/congresos.contraelcancer.es\/cataluna\/#organization","name":"Catalu\u00f1a","url":"https:\/\/congresos.contraelcancer.es\/cataluna\/","logo":{"@type":"ImageObject","inLanguage":"es","@id":"https:\/\/congresos.contraelcancer.es\/cataluna\/#\/schema\/logo\/image\/","url":"https:\/\/congresos.contraelcancer.es\/cataluna\/wp-content\/uploads\/sites\/9\/2023\/04\/cropped-AECC_logo-460px.png","contentUrl":"https:\/\/congresos.contraelcancer.es\/cataluna\/wp-content\/uploads\/sites\/9\/2023\/04\/cropped-AECC_logo-460px.png","width":460,"height":145,"caption":"Catalu\u00f1a"},"image":{"@id":"https:\/\/congresos.contraelcancer.es\/cataluna\/#\/schema\/logo\/image\/"}}]}},"_links":{"self":[{"href":"https:\/\/congresos.contraelcancer.es\/cataluna\/wp-json\/wp\/v2\/pages\/2124","targetHints":{"allow":["GET"]}}],"collection":[{"href":"https:\/\/congresos.contraelcancer.es\/cataluna\/wp-json\/wp\/v2\/pages"}],"about":[{"href":"https:\/\/congresos.contraelcancer.es\/cataluna\/wp-json\/wp\/v2\/types\/page"}],"author":[{"embeddable":true,"href":"https:\/\/congresos.contraelcancer.es\/cataluna\/wp-json\/wp\/v2\/users\/16"}],"replies":[{"embeddable":true,"href":"https:\/\/congresos.contraelcancer.es\/cataluna\/wp-json\/wp\/v2\/comments?post=2124"}],"version-history":[{"count":6,"href":"https:\/\/congresos.contraelcancer.es\/cataluna\/wp-json\/wp\/v2\/pages\/2124\/revisions"}],"predecessor-version":[{"id":2810,"href":"https:\/\/congresos.contraelcancer.es\/cataluna\/wp-json\/wp\/v2\/pages\/2124\/revisions\/2810"}],"wp:attachment":[{"href":"https:\/\/congresos.contraelcancer.es\/cataluna\/wp-json\/wp\/v2\/media?parent=2124"}],"curies":[{"name":"wp","href":"https:\/\/api.w.org\/{rel}","templated":true}]}}