{"id":2841,"date":"2026-04-22T10:16:09","date_gmt":"2026-04-22T08:16:09","guid":{"rendered":"https:\/\/congresos.contraelcancer.es\/cataluna\/?page_id=2841"},"modified":"2026-04-22T15:53:34","modified_gmt":"2026-04-22T13:53:34","slug":"registro","status":"publish","type":"page","link":"https:\/\/congresos.contraelcancer.es\/cataluna\/ca\/registro\/","title":{"rendered":"Registro CAT"},"content":{"rendered":"\t\t<div data-elementor-type=\"wp-page\" data-elementor-id=\"2841\" class=\"elementor elementor-2841\" data-elementor-post-type=\"page\">\n\t\t\t\t\t\t<section class=\"elementor-section elementor-top-section elementor-element elementor-element-19600bf elementor-section-full_width elementor-section-height-default elementor-section-height-default\" data-id=\"19600bf\" data-element_type=\"section\" data-e-type=\"section\">\n\t\t\t\t\t\t<div class=\"elementor-container elementor-column-gap-default\">\n\t\t\t\t\t<div class=\"elementor-column elementor-col-50 elementor-top-column elementor-element elementor-element-2f4e2cc\" data-id=\"2f4e2cc\" data-element_type=\"column\" data-e-type=\"column\">\n\t\t\t<div class=\"elementor-widget-wrap elementor-element-populated\">\n\t\t\t\t\t\t<div class=\"elementor-element elementor-element-7fbcde9 elementor-widget elementor-widget-text-editor\" data-id=\"7fbcde9\" data-element_type=\"widget\" data-e-type=\"widget\" data-widget_type=\"text-editor.default\">\n\t\t\t\t\t\t\t\t\t<p>INSCRIU-TE<\/p>\t\t\t\t\t\t\t\t<\/div>\n\t\t\t\t<div class=\"elementor-element elementor-element-173dbc8 elementor-widget elementor-widget-heading\" data-id=\"173dbc8\" data-element_type=\"widget\" data-e-type=\"widget\" data-widget_type=\"heading.default\">\n\t\t\t\t\t<h2 class=\"elementor-heading-title elementor-size-default\">IV Congr\u00e9s de persones amb c\u00e0ncer i familiars de Catalunya<\/h2>\t\t\t\t<\/div>\n\t\t\t\t<div class=\"elementor-element elementor-element-b4a4f3b elementor-widget elementor-widget-shortcode\" data-id=\"b4a4f3b\" data-element_type=\"widget\" data-e-type=\"widget\" data-widget_type=\"shortcode.default\">\n\t\t\t\t\t\t\t<div class=\"elementor-shortcode\"><div class='fluentform ff-default fluentform_wrapper_6 ffs_default_wrap'><form data-form_id=\"6\" id=\"fluentform_6\" class=\"frm-fluent-form fluent_form_6 ff-el-form-top ff_form_instance_6_1 ff-form-loading ffs_default\" data-form_instance=\"ff_form_instance_6_1\" method=\"POST\" ><fieldset  style=\"border: none!important;margin: 0!important;padding: 0!important;background-color: transparent!important;box-shadow: none!important;outline: none!important; min-inline-size: 100%;\">\n                    <legend class=\"ff_screen_reader_title\" style=\"display: block; margin: 0!important;padding: 0!important;height: 0!important;text-indent: -999999px;width: 0!important;overflow:hidden;\">Registro 2026 CAT<\/legend><input type='hidden' name='__fluent_form_embded_post_id' value='2841' \/><input type=\"hidden\" id=\"_fluentform_6_fluentformnonce\" name=\"_fluentform_6_fluentformnonce\" value=\"23c53cbc03\" \/><input type=\"hidden\" name=\"_wp_http_referer\" value=\"\/cataluna\/ca\/wp-json\/wp\/v2\/pages\/2841\" \/><div data-type=\"name-element\" data-name=\"names_cat\" class=\" ff-field_container ff-name-field-wrapper\" ><div class='ff-t-container'><div class='ff-t-cell '><div class='ff-el-group ff-el-form-top'><div class=\"ff-el-input--label ff-el-is-required asterisk-right\"><label for='ff_6_names_cat_first_name_' id='label_ff_6_names_cat_first_name_' >Nom<\/label><\/div><div class='ff-el-input--content'><input type=\"text\" name=\"names_cat[first_name]\" id=\"ff_6_names_cat_first_name_\" class=\"ff-el-form-control\" aria-invalid=\"false\" aria-required=true><\/div><\/div><\/div><div class='ff-t-cell '><div class='ff-el-group ff-el-form-top'><div class=\"ff-el-input--label ff-el-is-required asterisk-right\"><label for='ff_6_names_cat_last_name_' id='label_ff_6_names_cat_last_name_' >Cognoms<\/label><\/div><div class='ff-el-input--content'><input type=\"text\" name=\"names_cat[last_name]\" id=\"ff_6_names_cat_last_name_\" class=\"ff-el-form-control\" aria-invalid=\"false\" aria-required=true><\/div><\/div><\/div><\/div><\/div><div data-name=\"ff_cn_id_1\"  class='ff-t-container ff-column-container ff_columns_total_2 '><div class='ff-t-cell ff-t-column-1' style='flex-basis: 50%;'><div class='ff-el-group'><div class=\"ff-el-input--label ff-el-is-required asterisk-right\"><label for='ff_6_input_dni' id='label_ff_6_input_dni' aria-label=\"DNI\">DNI<\/label><\/div><div class='ff-el-input--content'><input type=\"text\" name=\"input_dni\" class=\"ff-el-form-control\" data-name=\"input_dni\" id=\"ff_6_input_dni\"  aria-invalid=\"false\" aria-required=true><\/div><\/div><\/div><div class='ff-t-cell ff-t-column-2' style='flex-basis: 50%;'><div class='ff-el-group'><div class=\"ff-el-input--label ff-el-is-required asterisk-right\"><label for='ff_6_input_tel' id='label_ff_6_input_tel' aria-label=\"Tel\u00e8fon\">Tel\u00e8fon<\/label><\/div><div class='ff-el-input--content'><input type=\"text\" name=\"input_tel\" class=\"ff-el-form-control\" data-name=\"input_tel\" id=\"ff_6_input_tel\"  aria-invalid=\"false\" aria-required=true><\/div><\/div><\/div><\/div><div class='ff-el-group'><div class=\"ff-el-input--label ff-el-is-required asterisk-right\"><label for='ff_6_email' id='label_ff_6_email' aria-label=\"Correu electr\u00f2nic\">Correu electr\u00f2nic<\/label><\/div><div class='ff-el-input--content'><input type=\"email\" name=\"email\" id=\"ff_6_email\" class=\"ff-el-form-control\" data-name=\"email\"  aria-invalid=\"false\" aria-required=true><\/div><\/div><div data-name=\"ff_cn_id_2\"  class='ff-t-container ff-column-container ff_columns_total_2 '><div class='ff-t-cell ff-t-column-1' style='flex-basis: 50%;'><div class='ff-el-group'><div class=\"ff-el-input--label ff-el-is-required asterisk-right\"><label for='ff_6_provincia' id='label_ff_6_provincia' aria-label=\"Prov\u00edncia\">Prov\u00edncia<\/label><\/div><div class='ff-el-input--content'><select name=\"provincia\" id=\"ff_6_provincia\" class=\"ff-el-form-control\" data-name=\"provincia\" data-calc_value=\"0\"  aria-invalid=\"false\" aria-required=\"true\" aria-labelledby=\"label_ff_6_provincia\"><option value=\"\">- Seleccionar -<\/option><option value=\"Tarragona\"  >Tarragona<\/option><option value=\"Lleida\"  >Lleida<\/option><option value=\"Girona\"  >Girona<\/option><option value=\"Barcelona\"  >Barcelona<\/option><\/select><\/div><\/div><\/div><div class='ff-t-cell ff-t-column-2' style='flex-basis: 50%;'><div class='ff-el-group'><div class=\"ff-el-input--label ff-el-is-required asterisk-right\"><label for='ff_6_municipio' id='label_ff_6_municipio' aria-label=\"Municipi\">Municipi<\/label><\/div><div class='ff-el-input--content'><input type=\"text\" name=\"municipio\" class=\"ff-el-form-control\" data-name=\"municipio\" id=\"ff_6_municipio\"  aria-invalid=\"false\" aria-required=true><\/div><\/div><\/div><\/div><div class='ff-el-group'><div class=\"ff-el-input--label ff-el-is-required asterisk-right\"><label for='ff_6_motivos' id='label_ff_6_motivos' aria-label=\"Tens inter\u00e8s en assistir al congr\u00e9s per alguns dels motius seg\u00fcents?\">Tens inter\u00e8s en assistir al congr\u00e9s per alguns dels motius seg\u00fcents?<\/label><\/div><div class='ff-el-input--content'><select name=\"motivos\" id=\"ff_6_motivos\" class=\"ff-el-form-control [fluentform id=&quot;5&quot;]\" data-name=\"motivos\" data-calc_value=\"0\"  aria-invalid=\"false\" aria-required=\"true\" aria-labelledby=\"label_ff_6_motivos\"><option value=\"\">- Seleccionar -<\/option><option value=\"Haber sido diagnosticado de c\u00e1ncer en alg\u00fan momento de su vida\"  >Haver estat diagnosticat de c\u00e0ncer en algun moment de la seva vida<\/option><option value=\"Tener o haber tenido un familiar cercano diagnosticado de c\u00e1ncer\"  >Tenir o haver tingut un familiar proper diagnosticat de c\u00e0ncer<\/option><option value=\"Trabajar en la atenci\u00f3n a personas con c\u00e1ncer (profesional socio sanitario)\"  >Treballar en l'atenci\u00f3 a persones amb c\u00e0ncer (professional sociosanitari)<\/option><option value=\"Ninguno de los anteriores\"  >Cap dels anteriors<\/option><\/select><\/div><\/div><div class='ff-el-group has-conditions'><div class=\"ff-el-input--label asterisk-right\"><label for='ff_6_centro' id='label_ff_6_centro' aria-label=\"En quin centre\/organitzaci\u00f3 treballes?\">En quin centre\/organitzaci\u00f3 treballes?<\/label><\/div><div class='ff-el-input--content'><input type=\"text\" name=\"centro\" class=\"ff-el-form-control\" data-name=\"centro\" id=\"ff_6_centro\"  aria-invalid=\"false\" aria-required=false><\/div><\/div><div data-name=\"ff_cn_id_3\"  class='ff-t-container ff-column-container ff_columns_total_2 '><div class='ff-t-cell ff-t-column-1' style='flex-basis: 50%;'><div class='ff-el-group'><div class=\"ff-el-input--label asterisk-right\"><label   aria-label=\"Utilitzar\u00e0s el servei de bus que l\u2019Associaci\u00f3 posar\u00e0 a disposici\u00f3 desde les Seus de Girona, Lleida o Tarragona?\">Utilitzar\u00e0s el servei de bus que l\u2019Associaci\u00f3 posar\u00e0 a disposici\u00f3 desde les Seus de Girona, Lleida o Tarragona?<\/label><\/div><div class='ff-el-input--content'><div class='ff-el-form-check ff-el-form-check-'><label class='ff-el-form-check-label' for='input_radio_cb5cfab69d2a5e5dcb4f05b4926b2d01'><input  type=\"radio\" name=\"input_radio\" data-name=\"input_radio\" class=\"ff-el-form-check-input ff-el-form-check-radio\" value=\"Si\"  id='input_radio_cb5cfab69d2a5e5dcb4f05b4926b2d01' aria-label='Si' aria-invalid='false' aria-required=false> <span>Si<\/span><\/label><\/div><div class='ff-el-form-check ff-el-form-check-'><label class='ff-el-form-check-label' for='input_radio_e0a0474679f4df730fbd76a09f139c03'><input  type=\"radio\" name=\"input_radio\" data-name=\"input_radio\" class=\"ff-el-form-check-input ff-el-form-check-radio\" value=\"no\"  id='input_radio_e0a0474679f4df730fbd76a09f139c03' aria-label='No' aria-invalid='false' aria-required=false> <span>No<\/span><\/label><\/div><\/div><\/div><\/div><div class='ff-t-cell ff-t-column-2' style='flex-basis: 50%;'><div class='ff-el-group has-conditions'><div class=\"ff-el-input--label asterisk-right\"><label for='ff_6_dropdown_1' id='label_ff_6_dropdown_1' aria-label=\"Indica des de quina seu sortiries\">Indica des de quina seu sortiries<\/label><\/div><div class='ff-el-input--content'><select name=\"dropdown_1\" id=\"ff_6_dropdown_1\" class=\"ff-el-form-control\" data-name=\"dropdown_1\" data-calc_value=\"0\"  aria-invalid=\"false\" aria-required=\"false\" aria-labelledby=\"label_ff_6_dropdown_1\"><option value=\"\">- Seleccionar -<\/option><option value=\"Girona\"  >Girona<\/option><option value=\"Lleida\"  >Lleida<\/option><option value=\"Tarragona\"  >Tarragona<\/option><\/select><\/div><\/div><\/div><\/div><div class='ff-el-group REINICIALIZAR'><div class=\"ff-el-input--label ff-el-is-required asterisk-right\"><label for='ff_6_talleres_15_30' id='label_ff_6_talleres_15_30' aria-label=\"A quin taller vols assistir d&#039;11:45h a 13h?\">A quin taller vols assistir d'11:45h a 13h? <\/label><\/div><div class='ff-el-input--content'><select name=\"talleres_15_30\" id=\"ff_6_talleres_15_30\" class=\"ff-el-form-control plazas-99999999999-100-100-60-30-30-30-30-60-30-30\" data-name=\"talleres_15_30\" data-calc_value=\"0\"  aria-invalid=\"false\" aria-required=\"true\" aria-labelledby=\"label_ff_6_talleres_15_30\"><option value=\"\">- Seleccionar -<\/option><option value=\"No deseo asistir a ninguno\"  >No desitjo assistir a cap<\/option><option value=\"Mesa redonda 1. La voz que transforma: la experiencia de paciente que hace cambiar el sistema\"  >Taula rodona 1. La veu que transforma: l'experi\u00e8ncia de pacient que fa canviar el sistema<\/option><option value=\"Mesa redonda 2. Cuando el espacio tambi\u00e9n cuida: entornos, circuitos y ambientes que transforman la experiencia del c\u00e1ncer\"  >Taula rodona 2. Quan l\u2019espai tamb\u00e9 cuida: entorns, circuits i ambients que transformen l\u2019experi\u00e8ncia del c\u00e0ncer<\/option><option value=\"Taller 1. C\u00f3mo afrontar los miedos e incertidumbres durante el proceso oncol\u00f3gico\"  >Taller 1. Com afrontar les pors i incerteses durant el proc\u00e9s oncol\u00f2gic<\/option><option value=\"Taller 2. Espiritualidad en el c\u00e1ncer\"  >Taller 2. Espiritualitat en el c\u00e0ncer<\/option><option value=\"Taller 3. Hablemos de sexualidad e intimidad en el c\u00e1ncer\"  >Taller 3. Parlem de sexualitat i intimitat en el c\u00e0ncer<\/option><option value=\"Taller 4. Impacto del c\u00e1ncer en el \u00e1mbito laboral\"  >Taller 4. Impacte del c\u00e0ncer en l'\u00e0mbit laboral<\/option><option value=\"Taller 5. Cuando acompa\u00f1ar cansa: bienestar emocional para familiares y profesionales\"  >Taller 5.Quan acompanyar cansa: benestar emocional per a familiars i professionals<\/option><option value=\"Taller 6. Humanizar la informaci\u00f3n: entender y hacerse entender\"  >Taller 6.  Humanitzar la informaci\u00f3: entendre i fer-se entendre<\/option><option value=\"Taller 7. C\u00f3mo relacionarse con un familiar con c\u00e1ncer: herramientas para el d\u00eda a d\u00eda\"  >Taller 7. Com relacionar-se amb un familiar amb c\u00e0ncer: eines per al dia a dia<\/option><option value=\"Taller 8. Herramientas de soporte para familiares y cuidadores\"  >Taller 8. Eines de suport per a familiars i cuidadors<\/option><\/select><\/div><\/div><div class='ff-el-group'><div class=\"ff-el-input--label ff-el-is-required asterisk-right\"><label for='ff_6_talleres_16_30' id='label_ff_6_talleres_16_30' aria-label=\"A quin taller vols assistir de 15:30h a 16:45h?\">A quin taller vols assistir de 15:30h a 16:45h? <\/label><\/div><div class='ff-el-input--content'><select name=\"talleres_16_30\" id=\"ff_6_talleres_16_30\" class=\"ff-el-form-control plazas-9999999-110-110-65-30-30-65-30-30-30\" data-name=\"talleres_16_30\" data-calc_value=\"0\"  aria-invalid=\"false\" aria-required=\"true\" aria-labelledby=\"label_ff_6_talleres_16_30\"><option value=\"\">- Seleccionar -<\/option><option value=\"No deseo asistir a ninguno\"  >No desitjo assistir a cap<\/option><option value=\"Mesa redonda 1. El impacto del c\u00e1ncer durante la infancia y la adolescencia\"  >Taula rodona 1. L'impacte del c\u00e0ncer durant l'inf\u00e0ncia i l'adolesc\u00e8ncia<\/option><option value=\"Mesa redonda 2. El final de vida como un proceso: miradas y experiencias\"  >Taula rodona 2. El final de vida com a proc\u00e9s: mirades i experi\u00e8ncies<\/option><option value=\"Taller 1. C\u00f3mo afrontar los miedos e incertidumbres durante el proceso oncol\u00f3gico\"  >Taller 1. Com afrontar les pors i incerteses durant el proc\u00e9s oncol\u00f2gic<\/option><option value=\"Taller 2. Espiritualidad en el c\u00e1ncer\"  >Taller 2. Espiritualitat en el c\u00e0ncer<\/option><option value=\"Taller 3. Nutrici\u00f3n, actividad f\u00edsica y c\u00e1ncer\"  >Taller 3. Nutrici\u00f3, activitat f\u00edsica i c\u00e0ncer<\/option><option value=\"Taller 4. Impacto socioecon\u00f3mico del c\u00e1ncer\"  >Taller 4. Impacte socioecon\u00f2mic del c\u00e0ncer<\/option><option value=\"Taller 5. Mi salud, mi voz: decisiones compartidas en la pr\u00e1ctica real\"  >Taller 5. La meva salut, la meva veu: decisions compartides en la pr\u00e0ctica real<\/option><option value=\"Taller 6. Lo que vivimos cuenta: calidad de vida y experiencia paciente\"  >Taller 6. El que vivim compta: qualitat de vida i experi\u00e8ncia pacient<\/option><option value=\"Taller 7. Habilidades de comunicaci\u00f3n para profesionales sanitarios\"  >Taller 7. Habilitats de comunicaci\u00f3 per a professionals sanitaris<\/option><\/select><\/div><\/div><div data-name=\"ff_cn_id_4\"  class='ff-t-container ff-column-container ff_columns_total_2 '><div class='ff-t-cell ff-t-column-1' style='flex-basis: 50%;'><div class='ff-el-group'><div class=\"ff-el-input--label asterisk-right\"><label   aria-label=\"Necessites ajuda per a la teva mobilitat?\">Necessites ajuda per a la teva mobilitat?<\/label><\/div><div class='ff-el-input--content'><div class='ff-el-form-check ff-el-form-check-'><label class='ff-el-form-check-label' for='input_radio_1_e69441b531f1bdcc23a949c5efa6c2c4'><input  type=\"radio\" name=\"input_radio_1\" data-name=\"input_radio_1\" class=\"ff-el-form-check-input ff-el-form-check-radio\" value=\"Si\"  id='input_radio_1_e69441b531f1bdcc23a949c5efa6c2c4' aria-label='Si' aria-invalid='false' aria-required=false> <span>Si<\/span><\/label><\/div><div class='ff-el-form-check ff-el-form-check-'><label class='ff-el-form-check-label' for='input_radio_1_18e630fd4eda9c5f26115d59b74716e8'><input  type=\"radio\" name=\"input_radio_1\" data-name=\"input_radio_1\" class=\"ff-el-form-check-input ff-el-form-check-radio\" value=\"no\"  id='input_radio_1_18e630fd4eda9c5f26115d59b74716e8' aria-label='No' aria-invalid='false' aria-required=false> <span>No<\/span><\/label><\/div><\/div><\/div><\/div><div class='ff-t-cell ff-t-column-2' style='flex-basis: 50%;'><div class='ff-el-group has-conditions'><div class=\"ff-el-input--label ff-el-is-required asterisk-right\"><label for='ff_6_tipo_ayuda' id='label_ff_6_tipo_ayuda' aria-label=\"Ind\u00edcans quin tipus d&#039;ajuda necessites\">Ind\u00edcans quin tipus d'ajuda necessites<\/label><\/div><div class='ff-el-input--content'><input type=\"text\" name=\"tipo_ayuda\" class=\"ff-el-form-control\" data-name=\"tipo_ayuda\" id=\"ff_6_tipo_ayuda\"  aria-invalid=\"false\" aria-required=true><\/div><\/div><\/div><\/div><div data-name=\"ff_cn_id_5\"  class='ff-t-container ff-column-container ff_columns_total_2 '><div class='ff-t-cell ff-t-column-1' style='flex-basis: 50%;'><div class='ff-el-group'><div class=\"ff-el-input--label asterisk-right\"><label   aria-label=\"Tens alguna al\u00b7l\u00e8rgia\/intoler\u00e0ncia aliment\u00e0ria?\">Tens alguna al\u00b7l\u00e8rgia\/intoler\u00e0ncia aliment\u00e0ria?<\/label><\/div><div class='ff-el-input--content'><div class='ff-el-form-check ff-el-form-check-'><label class='ff-el-form-check-label' for='input_radio_2_627530b8f4b4d9ca66aa5b5ed197dc2b'><input  type=\"radio\" name=\"input_radio_2\" data-name=\"input_radio_2\" class=\"ff-el-form-check-input ff-el-form-check-radio\" value=\"Si\"  id='input_radio_2_627530b8f4b4d9ca66aa5b5ed197dc2b' aria-label='Si' aria-invalid='false' aria-required=false> <span>Si<\/span><\/label><\/div><div class='ff-el-form-check ff-el-form-check-'><label class='ff-el-form-check-label' for='input_radio_2_cdf30abcb9f77019f8358cb683d47c44'><input  type=\"radio\" name=\"input_radio_2\" data-name=\"input_radio_2\" class=\"ff-el-form-check-input ff-el-form-check-radio\" value=\"no\"  id='input_radio_2_cdf30abcb9f77019f8358cb683d47c44' aria-label='No' aria-invalid='false' aria-required=false> <span>No<\/span><\/label><\/div><\/div><\/div><\/div><div class='ff-t-cell ff-t-column-2' style='flex-basis: 50%;'><div class='ff-el-group has-conditions'><div class=\"ff-el-input--label ff-el-is-required asterisk-right\"><label for='ff_6_tipo_alergia' id='label_ff_6_tipo_alergia' aria-label=\"Ind\u00edcans quin tipus d&#039;al\u00b7l\u00e8rgia tens\">Ind\u00edcans quin tipus d'al\u00b7l\u00e8rgia tens<\/label><\/div><div class='ff-el-input--content'><input type=\"text\" name=\"tipo_alergia\" class=\"ff-el-form-control\" data-name=\"tipo_alergia\" id=\"ff_6_tipo_alergia\"  aria-invalid=\"false\" aria-required=true><\/div><\/div><\/div><\/div><div class='ff-el-group'><div class='ff-el-input--content'><div class='ff-el-form-check ff-el-form-check-'><label class='ff-el-form-check-label' for='checkbox_aa87c0c678f6f0ae9d01d633e8775cc1'><input  type=\"checkbox\" name=\"checkbox[]\" data-name=\"checkbox\" class=\"ff-el-form-check-input ff-el-form-check-checkbox\" value=\"Autoritzo la recepci\u00f3 de comunicacions a trav\u00e9s de correu electr\u00f2nic sobre not\u00edcies i esdeveniments relacionats amb l&#039;Associaci\u00f3\"  id='checkbox_aa87c0c678f6f0ae9d01d633e8775cc1' aria-label='Autoritzo la recepci\u00f3 de comunicacions a trav\u00e9s de correu electr\u00f2nic sobre not\u00edcies i esdeveniments relacionats amb l&#039;Associaci\u00f3' aria-invalid='false' aria-required=false> <span>Autoritzo la recepci\u00f3 de comunicacions a trav\u00e9s de correu electr\u00f2nic sobre not\u00edcies i esdeveniments relacionats amb l'Associaci\u00f3<\/span><\/label><\/div><\/div><\/div><div class='ff-el-group    ff-el-input--content'><div class='ff-el-form-check ff-el-tc'><label aria-label='Terms and Conditions: He llegit i accepto la pol\u00edtica de privacidad. Contains 1 link. Use tab navigation to review.' class='ff-el-form-check-label ff_tc_label' for=gdpr-agreement_1_3baea8b08ba5fdab3487a5fde77c8318><span class='ff_tc_checkbox'><input type=\"checkbox\" name=\"gdpr-agreement_1\" class=\"ff-el-form-check-input ff_gdpr_field\" data-name=\"gdpr-agreement_1\" id=\"gdpr-agreement_1_3baea8b08ba5fdab3487a5fde77c8318\"  value='on' aria-invalid='false' aria-required=true><\/span> <div class='ff_t_c'>He llegit i accepto la <a href=\"https:\/\/www.contraelcancer.es\/es\/politica-de-privacidad\" rel=\"noopener\" target=\"_blank\">pol\u00edtica de privacidad<\/a>.<\/div><\/label><\/div><\/div><div class='ff-el-group    ff-el-input--content'><div class='ff-el-form-check ff-el-tc'><label aria-label='Autoritzo el tractament de la meva imatge en cas de gravaci\u00f3 de l&#039;esdeveniment al qual em subscric o presa d\u2019imatges, aix\u00ed com publicaci\u00f3 entre altres al web de l&#039;esdeveniment, web de l\u2019ASSOCIACI\u00d3 i xarxes socials de l\u2019ASSOCIACI\u00d3 i altres mitjans.' class='ff-el-form-check-label ff_tc_label' for=gdpr-agreement_2_b108f944ccc4c77016e4eeac83a49da1><span class='ff_tc_checkbox'><input type=\"checkbox\" name=\"gdpr-agreement_2\" class=\"ff-el-form-check-input ff_gdpr_field\" data-name=\"gdpr-agreement_2\" id=\"gdpr-agreement_2_b108f944ccc4c77016e4eeac83a49da1\"  value='on' aria-invalid='false' aria-required=true><\/span> <div class='ff_t_c'>Autoritzo el tractament de la meva imatge en cas de gravaci\u00f3 de l'esdeveniment al qual em subscric o presa d\u2019imatges, aix\u00ed com publicaci\u00f3 entre altres al web de l'esdeveniment, web de l\u2019ASSOCIACI\u00d3 i xarxes socials de l\u2019ASSOCIACI\u00d3 i altres mitjans.<\/div><\/label><\/div><\/div><div class='ff-el-group ' ><div class='ff-el-input--content'><div data-fluent_id='6' name='g-recaptcha-response'><div\n\t\tdata-sitekey='6LezOgwoAAAAAHRGPAouvhA3w9QZmyAm3BNA_ek6'\n\t\tid='fluentform-recaptcha-6-1'\n\t\tclass='ff-el-recaptcha g-recaptcha'\n\t\tdata-callback='fluentFormrecaptchaSuccessCallback'><\/div><\/div><\/div><\/div><div class='ff-el-group ff-text-left ff_submit_btn_wrapper'><button type=\"submit\" class=\"ff-btn ff-btn-submit ff-btn-md ff_btn_style\"  aria-label=\"Enviar\">Enviar<\/button><\/div><\/fieldset><\/form><div id='fluentform_6_errors' class='ff-errors-in-stack ff_form_instance_6_1 ff-form-loading_errors ff_form_instance_6_1_errors'><\/div><\/div>            <script type=\"text\/javascript\">\n                window.fluent_form_ff_form_instance_6_1 = {\"id\":\"6\",\"ajaxUrl\":\"https:\\\/\\\/congresos.contraelcancer.es\\\/cataluna\\\/wp-admin\\\/admin-ajax.php\",\"settings\":{\"layout\":{\"labelPlacement\":\"top\",\"asteriskPlacement\":\"asterisk-right\",\"helpMessagePlacement\":\"with_label\",\"errorMessagePlacement\":\"inline\",\"cssClassName\":\"\"},\"restrictions\":{\"denyEmptySubmission\":{\"enabled\":false}}},\"form_instance\":\"ff_form_instance_6_1\",\"form_id_selector\":\"fluentform_6\",\"rules\":{\"names_cat[first_name]\":{\"required\":{\"value\":true,\"message\":\"This field is required\",\"global_message\":\"Este campo es obligatorio\",\"global\":true}},\"names_cat[middle_name]\":{\"required\":{\"value\":false,\"message\":\"This field is required\",\"global_message\":\"Este campo es obligatorio\",\"global\":true}},\"names_cat[last_name]\":{\"required\":{\"value\":true,\"message\":\"This field is required\",\"global_message\":\"Este campo es obligatorio\",\"global\":true}},\"input_dni\":{\"required\":{\"value\":true,\"message\":\"This field is required\",\"global_message\":\"Este campo es obligatorio\",\"global\":true}},\"input_tel\":{\"required\":{\"value\":true,\"message\":\"This field is required\",\"global_message\":\"Este campo es obligatorio\",\"global\":true}},\"email\":{\"required\":{\"value\":true,\"message\":\"This field is required\",\"global_message\":\"Este campo es obligatorio\",\"global\":true},\"email\":{\"value\":true,\"message\":\"This field must contain a valid email\",\"global_message\":\"Este campo debe contener un correo electr\\u00f3nico v\\u00e1lido\",\"global\":true}},\"provincia\":{\"required\":{\"value\":true,\"message\":\"This field is required\",\"global_message\":\"Este campo es obligatorio\",\"global\":true}},\"municipio\":{\"required\":{\"value\":true,\"message\":\"This field is required\",\"global_message\":\"Este campo es obligatorio\",\"global\":true}},\"motivos\":{\"required\":{\"value\":true,\"message\":\"This field is required\",\"global_message\":\"Este campo es obligatorio\",\"global\":true}},\"centro\":{\"required\":{\"value\":false,\"message\":\"This field is required\",\"global_message\":\"Este campo es obligatorio\",\"global\":true}},\"input_radio\":{\"required\":{\"value\":false,\"message\":\"This field is required\",\"global_message\":\"Este campo es obligatorio\",\"global\":true}},\"dropdown_1\":{\"required\":{\"value\":false,\"message\":\"This field is required\",\"global_message\":\"Este campo es obligatorio\",\"global\":true}},\"talleres_15_30\":{\"required\":{\"value\":true,\"message\":\"This field is required\",\"global_message\":\"Este campo es obligatorio\",\"global\":true}},\"talleres_16_30\":{\"required\":{\"value\":true,\"message\":\"This field is required\",\"global_message\":\"Este campo es obligatorio\",\"global\":true}},\"input_radio_1\":{\"required\":{\"value\":false,\"message\":\"This field is required\",\"global_message\":\"Este campo es obligatorio\",\"global\":true}},\"tipo_ayuda\":{\"required\":{\"value\":true,\"message\":\"This field is required\",\"global_message\":\"Este campo es obligatorio\",\"global\":true}},\"input_radio_2\":{\"required\":{\"value\":false,\"message\":\"This field is required\",\"global_message\":\"Este campo es obligatorio\",\"global\":true}},\"tipo_alergia\":{\"required\":{\"value\":true,\"message\":\"This field is required\",\"global_message\":\"Este campo es obligatorio\",\"global\":true}},\"checkbox\":{\"required\":{\"value\":false,\"message\":\"This field is required\",\"global_message\":\"Este campo es obligatorio\",\"global\":true}},\"gdpr-agreement_1\":{\"required\":{\"value\":true,\"message\":\"This field is required\",\"global_message\":\"Este campo es obligatorio\",\"global\":true}},\"gdpr-agreement_2\":{\"required\":{\"value\":true,\"message\":\"This field is required\",\"global_message\":\"Este campo es obligatorio\",\"global\":true}},\"g-recaptcha-response\":[]},\"debounce_time\":300,\"conditionals\":{\"centro\":{\"type\":\"any\",\"status\":true,\"conditions\":[{\"field\":\"motivos\",\"value\":\"Trabajar en la atenci\\u00f3n a personas con c\\u00e1ncer (profesional socio sanitario)\",\"operator\":\"=\"}]},\"dropdown_1\":{\"type\":\"any\",\"status\":true,\"conditions\":[{\"field\":\"input_radio\",\"value\":\"Si\",\"operator\":\"=\"}],\"condition_groups\":[{\"rules\":[{\"field\":\"\",\"value\":\"\",\"operator\":\"\"}],\"title\":\"\",\"isEditingTitle\":false,\"isPreviewOpen\":false,\"isGroupOpen\":true}]},\"tipo_ayuda\":{\"type\":\"any\",\"status\":true,\"conditions\":[{\"field\":\"input_radio_1\",\"value\":\"S\\u00ed\",\"operator\":\"=\"}],\"condition_groups\":[{\"rules\":[{\"field\":\"\",\"value\":\"\",\"operator\":\"\"}],\"title\":\"\",\"isEditingTitle\":false,\"isPreviewOpen\":false,\"isGroupOpen\":true}]},\"tipo_alergia\":{\"type\":\"any\",\"status\":true,\"conditions\":[{\"field\":\"input_radio_2\",\"value\":\"S\\u00ed\",\"operator\":\"=\"}]}}};\n                            <\/script>\n            <\/div>\n\t\t\t\t\t\t<\/div>\n\t\t\t\t<div class=\"elementor-element elementor-element-d05a8ad elementor-align-left elementor-widget elementor-widget-button\" data-id=\"d05a8ad\" data-element_type=\"widget\" data-e-type=\"widget\" data-widget_type=\"button.default\">\n\t\t\t\t\t\t\t\t\t\t<a class=\"elementor-button elementor-button-link elementor-size-sm\" href=\"https:\/\/congresos.contraelcancer.es\/cataluna\/ca\/\">\n\t\t\t\t\t\t<span class=\"elementor-button-content-wrapper\">\n\t\t\t\t\t\t\t\t\t<span class=\"elementor-button-text\">VEURE CONGR\u00c9S<\/span>\n\t\t\t\t\t<\/span>\n\t\t\t\t\t<\/a>\n\t\t\t\t\t\t\t\t<\/div>\n\t\t\t\t\t<\/div>\n\t\t<\/div>\n\t\t\t\t<div class=\"elementor-column elementor-col-50 elementor-top-column elementor-element elementor-element-920b766\" data-id=\"920b766\" data-element_type=\"column\" data-e-type=\"column\" data-settings=\"{&quot;background_background&quot;:&quot;classic&quot;}\">\n\t\t\t<div class=\"elementor-widget-wrap elementor-element-populated\">\n\t\t\t\t\t\t<div class=\"elementor-element elementor-element-ba2d1f3 elementor-widget elementor-widget-spacer\" data-id=\"ba2d1f3\" data-element_type=\"widget\" data-e-type=\"widget\" data-widget_type=\"spacer.default\">\n\t\t\t\t\t\t\t<div class=\"elementor-spacer\">\n\t\t\t<div class=\"elementor-spacer-inner\"><\/div>\n\t\t<\/div>\n\t\t\t\t\t\t<\/div>\n\t\t\t\t\t<\/div>\n\t\t<\/div>\n\t\t\t\t\t<\/div>\n\t\t<\/section>\n\t\t\t\t<section class=\"elementor-section elementor-top-section elementor-element elementor-element-0e5b2d7 elementor-section-stretched elementor-section-boxed elementor-section-height-default elementor-section-height-default\" data-id=\"0e5b2d7\" data-element_type=\"section\" data-e-type=\"section\" data-settings=\"{&quot;stretch_section&quot;:&quot;section-stretched&quot;,&quot;background_background&quot;:&quot;classic&quot;}\">\n\t\t\t\t\t\t<div class=\"elementor-container elementor-column-gap-default\">\n\t\t\t\t\t<div class=\"elementor-column elementor-col-100 elementor-top-column elementor-element elementor-element-19b1e63\" data-id=\"19b1e63\" data-element_type=\"column\" data-e-type=\"column\">\n\t\t\t<div class=\"elementor-widget-wrap elementor-element-populated\">\n\t\t\t\t\t\t<div class=\"elementor-element elementor-element-3658724 elementor-position-inline-start elementor-mobile-position-inline-start elementor-widget__width-auto elementor-view-default elementor-widget elementor-widget-icon-box\" data-id=\"3658724\" data-element_type=\"widget\" data-e-type=\"widget\" data-widget_type=\"icon-box.default\">\n\t\t\t\t\t\t\t<div class=\"elementor-icon-box-wrapper\">\n\n\t\t\t\t\t\t<div class=\"elementor-icon-box-icon\">\n\t\t\t\t<span  class=\"elementor-icon\">\n\t\t\t\t<svg xmlns=\"http:\/\/www.w3.org\/2000\/svg\" xmlns:xlink=\"http:\/\/www.w3.org\/1999\/xlink\" id=\"Capa_1\" x=\"0px\" y=\"0px\" viewBox=\"0 0 39 39\" style=\"enable-background:new 0 0 39 39;\" xml:space=\"preserve\"><style type=\"text\/css\">\t.st0{fill:#001955;}<\/style><path class=\"st0\" d=\"M28.2,35.7c-6.6,0-13-2.6-17.7-7.3c-4.7-4.7-7.3-11-7.3-17.7c0-2,0.8-3.9,2.2-5.3s3.3-2.2,5.3-2.2 c0.4,0,0.8,0,1.2,0.1c0.4,0.1,0.8,0.2,1.2,0.3c0.3,0.1,0.5,0.3,0.7,0.5c0.2,0.2,0.3,0.5,0.4,0.7l2.2,9.7c0.1,0.3,0.1,0.5,0,0.8 c-0.1,0.3-0.2,0.5-0.4,0.7c-0.2,0.2-0.2,0.2-2.2,1.3c1.6,3.5,4.4,6.3,7.9,7.9c1.1-2,1.1-2,1.3-2.2c0.2-0.2,0.4-0.3,0.7-0.4 c0.3-0.1,0.5-0.1,0.8,0l9.7,2.2c0.3,0.1,0.5,0.2,0.7,0.4c0.2,0.2,0.4,0.4,0.4,0.7c0.1,0.4,0.2,0.8,0.3,1.2c0.1,0.4,0.1,0.8,0.1,1.2 c0,2-0.8,3.9-2.2,5.2C32.1,35,30.2,35.7,28.2,35.7z\"><\/path><\/svg>\t\t\t\t<\/span>\n\t\t\t<\/div>\n\t\t\t\n\t\t\t\t\t\t<div class=\"elementor-icon-box-content\">\n\n\t\t\t\t\t\t\t\t\t<p class=\"elementor-icon-box-title\">\n\t\t\t\t\t\t<span  >\n\t\t\t\t\t\t\t900 100 036\t\t\t\t\t\t<\/span>\n\t\t\t\t\t<\/p>\n\t\t\t\t\n\t\t\t\t\n\t\t\t<\/div>\n\t\t\t\n\t\t<\/div>\n\t\t\t\t\t\t<\/div>\n\t\t\t\t<div class=\"elementor-element elementor-element-1adb306 elementor-position-inline-start elementor-mobile-position-inline-start elementor-widget__width-auto elementor-view-default elementor-widget elementor-widget-icon-box\" data-id=\"1adb306\" data-element_type=\"widget\" data-e-type=\"widget\" data-widget_type=\"icon-box.default\">\n\t\t\t\t\t\t\t<div class=\"elementor-icon-box-wrapper\">\n\n\t\t\t\t\t\t<div class=\"elementor-icon-box-icon\">\n\t\t\t\t<span  class=\"elementor-icon\">\n\t\t\t\t<svg xmlns=\"http:\/\/www.w3.org\/2000\/svg\" xmlns:xlink=\"http:\/\/www.w3.org\/1999\/xlink\" id=\"Capa_1\" x=\"0px\" y=\"0px\" viewBox=\"0 0 39 31\" style=\"enable-background:new 0 0 39 31;\" xml:space=\"preserve\"><style type=\"text\/css\">\t.st0{fill:#001955;}<\/style><path class=\"st0\" d=\"M7.1,0C3.7,0,0.9,2.8,0.9,6.2v0.6l18.6,10l18.6-10V6.2c0-3.4-2.8-6.2-6.2-6.2H7.1z\"><\/path><path class=\"st0\" d=\"M38.1,10.4L20.3,20c-0.5,0.2-1,0.2-1.5,0L0.9,10.4v14.4c0,3.4,2.8,6.2,6.2,6.2h24.8c3.4,0,6.2-2.8,6.2-6.2V10.4 z\"><\/path><\/svg>\t\t\t\t<\/span>\n\t\t\t<\/div>\n\t\t\t\n\t\t\t\t\t\t<div class=\"elementor-icon-box-content\">\n\n\t\t\t\t\t\t\t\t\t<p class=\"elementor-icon-box-title\">\n\t\t\t\t\t\t<span  >\n\t\t\t\t\t\t\tcongrescatalunya@contraelcancer.es\t\t\t\t\t\t<\/span>\n\t\t\t\t\t<\/p>\n\t\t\t\t\n\t\t\t\t\n\t\t\t<\/div>\n\t\t\t\n\t\t<\/div>\n\t\t\t\t\t\t<\/div>\n\t\t\t\t\t<\/div>\n\t\t<\/div>\n\t\t\t\t\t<\/div>\n\t\t<\/section>\n\t\t\t\t<\/div>\n\t\t","protected":false},"excerpt":{"rendered":"<p>INSCRIU-TE IV Congr\u00e9s de persones amb c\u00e0ncer i familiars de Catalunya VEURE CONGR\u00c9S .st0{fill:#001955;} 900 100 036 .st0{fill:#001955;} congrescatalunya@contraelcancer.es<\/p>\n","protected":false},"author":16,"featured_media":0,"parent":0,"menu_order":0,"comment_status":"closed","ping_status":"closed","template":"elementor_header_footer","meta":{"_acf_changed":false,"footnotes":""},"class_list":["post-2841","page","type-page","status-publish","hentry"],"acf":[],"yoast_head":"<!-- This site is optimized with the Yoast SEO Premium plugin v21.3 (Yoast SEO v27.4) - https:\/\/yoast.com\/product\/yoast-seo-premium-wordpress\/ -->\n<title>Registro CAT - Catalu\u00f1a<\/title>\n<meta name=\"robots\" content=\"index, follow, max-snippet:-1, max-image-preview:large, max-video-preview:-1\" \/>\n<link rel=\"canonical\" href=\"https:\/\/congresos.contraelcancer.es\/cataluna\/ca\/registro\/\" \/>\n<meta property=\"og:locale\" content=\"ca_ES\" \/>\n<meta property=\"og:type\" content=\"article\" \/>\n<meta property=\"og:title\" content=\"Registro CAT\" \/>\n<meta property=\"og:description\" content=\"INSCRIU-TE IV Congr\u00e9s de persones amb c\u00e0ncer i familiars de Catalunya VEURE CONGR\u00c9S .st0{fill:#001955;} 900 100 036 .st0{fill:#001955;} congrescatalunya@contraelcancer.es\" \/>\n<meta property=\"og:url\" content=\"https:\/\/congresos.contraelcancer.es\/cataluna\/ca\/registro\/\" \/>\n<meta property=\"og:site_name\" content=\"Catalu\u00f1a\" \/>\n<meta property=\"article:modified_time\" content=\"2026-04-22T13:53:34+00:00\" \/>\n<meta name=\"twitter:card\" content=\"summary_large_image\" \/>\n<meta name=\"twitter:label1\" content=\"Temps estimat de lectura\" \/>\n\t<meta name=\"twitter:data1\" content=\"3 minuts\" \/>\n<script type=\"application\/ld+json\" class=\"yoast-schema-graph\">{\"@context\":\"https:\\\/\\\/schema.org\",\"@graph\":[{\"@type\":\"WebPage\",\"@id\":\"https:\\\/\\\/congresos.contraelcancer.es\\\/cataluna\\\/ca\\\/registro\\\/\",\"url\":\"https:\\\/\\\/congresos.contraelcancer.es\\\/cataluna\\\/ca\\\/registro\\\/\",\"name\":\"Registro CAT - Catalu\u00f1a\",\"isPartOf\":{\"@id\":\"https:\\\/\\\/congresos.contraelcancer.es\\\/cataluna\\\/#website\"},\"datePublished\":\"2026-04-22T08:16:09+00:00\",\"dateModified\":\"2026-04-22T13:53:34+00:00\",\"breadcrumb\":{\"@id\":\"https:\\\/\\\/congresos.contraelcancer.es\\\/cataluna\\\/ca\\\/registro\\\/#breadcrumb\"},\"inLanguage\":\"ca\",\"potentialAction\":[{\"@type\":\"ReadAction\",\"target\":[\"https:\\\/\\\/congresos.contraelcancer.es\\\/cataluna\\\/ca\\\/registro\\\/\"]}]},{\"@type\":\"BreadcrumbList\",\"@id\":\"https:\\\/\\\/congresos.contraelcancer.es\\\/cataluna\\\/ca\\\/registro\\\/#breadcrumb\",\"itemListElement\":[{\"@type\":\"ListItem\",\"position\":1,\"name\":\"Portada\",\"item\":\"https:\\\/\\\/congresos.contraelcancer.es\\\/cataluna\\\/ca\\\/\"},{\"@type\":\"ListItem\",\"position\":2,\"name\":\"Registro CAT\"}]},{\"@type\":\"WebSite\",\"@id\":\"https:\\\/\\\/congresos.contraelcancer.es\\\/cataluna\\\/#website\",\"url\":\"https:\\\/\\\/congresos.contraelcancer.es\\\/cataluna\\\/\",\"name\":\"Catalu\u00f1a\",\"description\":\"Asociaci\u00f3n espa\u00f1ola contra el c\u00e1ncer\",\"publisher\":{\"@id\":\"https:\\\/\\\/congresos.contraelcancer.es\\\/cataluna\\\/#organization\"},\"potentialAction\":[{\"@type\":\"SearchAction\",\"target\":{\"@type\":\"EntryPoint\",\"urlTemplate\":\"https:\\\/\\\/congresos.contraelcancer.es\\\/cataluna\\\/?s={search_term_string}\"},\"query-input\":{\"@type\":\"PropertyValueSpecification\",\"valueRequired\":true,\"valueName\":\"search_term_string\"}}],\"inLanguage\":\"ca\"},{\"@type\":\"Organization\",\"@id\":\"https:\\\/\\\/congresos.contraelcancer.es\\\/cataluna\\\/#organization\",\"name\":\"Catalu\u00f1a\",\"url\":\"https:\\\/\\\/congresos.contraelcancer.es\\\/cataluna\\\/\",\"logo\":{\"@type\":\"ImageObject\",\"inLanguage\":\"ca\",\"@id\":\"https:\\\/\\\/congresos.contraelcancer.es\\\/cataluna\\\/#\\\/schema\\\/logo\\\/image\\\/\",\"url\":\"https:\\\/\\\/congresos.contraelcancer.es\\\/cataluna\\\/wp-content\\\/uploads\\\/sites\\\/9\\\/2023\\\/04\\\/cropped-AECC_logo-460px.png\",\"contentUrl\":\"https:\\\/\\\/congresos.contraelcancer.es\\\/cataluna\\\/wp-content\\\/uploads\\\/sites\\\/9\\\/2023\\\/04\\\/cropped-AECC_logo-460px.png\",\"width\":460,\"height\":145,\"caption\":\"Catalu\u00f1a\"},\"image\":{\"@id\":\"https:\\\/\\\/congresos.contraelcancer.es\\\/cataluna\\\/#\\\/schema\\\/logo\\\/image\\\/\"}}]}<\/script>\n<!-- \/ Yoast SEO Premium plugin. -->","yoast_head_json":{"title":"Registro CAT - Catalu\u00f1a","robots":{"index":"index","follow":"follow","max-snippet":"max-snippet:-1","max-image-preview":"max-image-preview:large","max-video-preview":"max-video-preview:-1"},"canonical":"https:\/\/congresos.contraelcancer.es\/cataluna\/ca\/registro\/","og_locale":"ca_ES","og_type":"article","og_title":"Registro CAT","og_description":"INSCRIU-TE IV Congr\u00e9s de persones amb c\u00e0ncer i familiars de Catalunya VEURE CONGR\u00c9S .st0{fill:#001955;} 900 100 036 .st0{fill:#001955;} congrescatalunya@contraelcancer.es","og_url":"https:\/\/congresos.contraelcancer.es\/cataluna\/ca\/registro\/","og_site_name":"Catalu\u00f1a","article_modified_time":"2026-04-22T13:53:34+00:00","twitter_card":"summary_large_image","twitter_misc":{"Temps estimat de lectura":"3 minuts"},"schema":{"@context":"https:\/\/schema.org","@graph":[{"@type":"WebPage","@id":"https:\/\/congresos.contraelcancer.es\/cataluna\/ca\/registro\/","url":"https:\/\/congresos.contraelcancer.es\/cataluna\/ca\/registro\/","name":"Registro CAT - Catalu\u00f1a","isPartOf":{"@id":"https:\/\/congresos.contraelcancer.es\/cataluna\/#website"},"datePublished":"2026-04-22T08:16:09+00:00","dateModified":"2026-04-22T13:53:34+00:00","breadcrumb":{"@id":"https:\/\/congresos.contraelcancer.es\/cataluna\/ca\/registro\/#breadcrumb"},"inLanguage":"ca","potentialAction":[{"@type":"ReadAction","target":["https:\/\/congresos.contraelcancer.es\/cataluna\/ca\/registro\/"]}]},{"@type":"BreadcrumbList","@id":"https:\/\/congresos.contraelcancer.es\/cataluna\/ca\/registro\/#breadcrumb","itemListElement":[{"@type":"ListItem","position":1,"name":"Portada","item":"https:\/\/congresos.contraelcancer.es\/cataluna\/ca\/"},{"@type":"ListItem","position":2,"name":"Registro CAT"}]},{"@type":"WebSite","@id":"https:\/\/congresos.contraelcancer.es\/cataluna\/#website","url":"https:\/\/congresos.contraelcancer.es\/cataluna\/","name":"Catalu\u00f1a","description":"Asociaci\u00f3n espa\u00f1ola contra el c\u00e1ncer","publisher":{"@id":"https:\/\/congresos.contraelcancer.es\/cataluna\/#organization"},"potentialAction":[{"@type":"SearchAction","target":{"@type":"EntryPoint","urlTemplate":"https:\/\/congresos.contraelcancer.es\/cataluna\/?s={search_term_string}"},"query-input":{"@type":"PropertyValueSpecification","valueRequired":true,"valueName":"search_term_string"}}],"inLanguage":"ca"},{"@type":"Organization","@id":"https:\/\/congresos.contraelcancer.es\/cataluna\/#organization","name":"Catalu\u00f1a","url":"https:\/\/congresos.contraelcancer.es\/cataluna\/","logo":{"@type":"ImageObject","inLanguage":"ca","@id":"https:\/\/congresos.contraelcancer.es\/cataluna\/#\/schema\/logo\/image\/","url":"https:\/\/congresos.contraelcancer.es\/cataluna\/wp-content\/uploads\/sites\/9\/2023\/04\/cropped-AECC_logo-460px.png","contentUrl":"https:\/\/congresos.contraelcancer.es\/cataluna\/wp-content\/uploads\/sites\/9\/2023\/04\/cropped-AECC_logo-460px.png","width":460,"height":145,"caption":"Catalu\u00f1a"},"image":{"@id":"https:\/\/congresos.contraelcancer.es\/cataluna\/#\/schema\/logo\/image\/"}}]}},"_links":{"self":[{"href":"https:\/\/congresos.contraelcancer.es\/cataluna\/ca\/wp-json\/wp\/v2\/pages\/2841","targetHints":{"allow":["GET"]}}],"collection":[{"href":"https:\/\/congresos.contraelcancer.es\/cataluna\/ca\/wp-json\/wp\/v2\/pages"}],"about":[{"href":"https:\/\/congresos.contraelcancer.es\/cataluna\/ca\/wp-json\/wp\/v2\/types\/page"}],"author":[{"embeddable":true,"href":"https:\/\/congresos.contraelcancer.es\/cataluna\/ca\/wp-json\/wp\/v2\/users\/16"}],"replies":[{"embeddable":true,"href":"https:\/\/congresos.contraelcancer.es\/cataluna\/ca\/wp-json\/wp\/v2\/comments?post=2841"}],"version-history":[{"count":18,"href":"https:\/\/congresos.contraelcancer.es\/cataluna\/ca\/wp-json\/wp\/v2\/pages\/2841\/revisions"}],"predecessor-version":[{"id":3433,"href":"https:\/\/congresos.contraelcancer.es\/cataluna\/ca\/wp-json\/wp\/v2\/pages\/2841\/revisions\/3433"}],"wp:attachment":[{"href":"https:\/\/congresos.contraelcancer.es\/cataluna\/ca\/wp-json\/wp\/v2\/media?parent=2841"}],"curies":[{"name":"wp","href":"https:\/\/api.w.org\/{rel}","templated":true}]}}