{"id":2204,"date":"2026-04-14T10:39:35","date_gmt":"2026-04-14T08:39:35","guid":{"rendered":"https:\/\/congresos.contraelcancer.es\/castilla-leon\/?page_id=2204"},"modified":"2026-04-14T10:43:33","modified_gmt":"2026-04-14T08:43:33","slug":"galeria-congreso-25","status":"publish","type":"page","link":"https:\/\/congresos.contraelcancer.es\/castilla-leon\/galeria-congreso-25\/","title":{"rendered":"Galer\u00eda Congreso 25"},"content":{"rendered":"\t\t<div data-elementor-type=\"wp-page\" data-elementor-id=\"2204\" class=\"elementor elementor-2204\" data-elementor-post-type=\"page\">\n\t\t\t\t\t\t<section class=\"elementor-section elementor-top-section elementor-element elementor-element-67c4f8bd elementor-section-boxed elementor-section-height-default elementor-section-height-default\" data-id=\"67c4f8bd\" data-element_type=\"section\" data-e-type=\"section\">\n\t\t\t\t\t\t<div class=\"elementor-container elementor-column-gap-default\">\n\t\t\t\t\t<div class=\"elementor-column elementor-col-100 elementor-top-column elementor-element elementor-element-23015538\" data-id=\"23015538\" data-element_type=\"column\" data-e-type=\"column\">\n\t\t\t<div class=\"elementor-widget-wrap elementor-element-populated\">\n\t\t\t\t\t\t<div class=\"elementor-element elementor-element-9b34c52 elementor-invisible elementor-widget elementor-widget-heading\" data-id=\"9b34c52\" data-element_type=\"widget\" data-e-type=\"widget\" data-settings=\"{&quot;_animation&quot;:&quot;zoomIn&quot;}\" data-widget_type=\"heading.default\">\n\t\t\t\t\t<h3 class=\"elementor-heading-title elementor-size-default\">V Congreso auton\u00f3mico de personas afectadas por el C\u00e1ncer en \u00c1vila<\/h3>\t\t\t\t<\/div>\n\t\t\t\t\t<\/div>\n\t\t<\/div>\n\t\t\t\t\t<\/div>\n\t\t<\/section>\n\t\t\t\t<section class=\"elementor-section elementor-top-section elementor-element elementor-element-17ae44c9 elementor-section-boxed elementor-section-height-default elementor-section-height-default\" data-id=\"17ae44c9\" data-element_type=\"section\" data-e-type=\"section\">\n\t\t\t\t\t\t<div class=\"elementor-container elementor-column-gap-default\">\n\t\t\t\t\t<div class=\"elementor-column elementor-col-100 elementor-top-column elementor-element elementor-element-21fa2db4\" data-id=\"21fa2db4\" data-element_type=\"column\" data-e-type=\"column\">\n\t\t\t<div class=\"elementor-widget-wrap elementor-element-populated\">\n\t\t\t\t\t\t<div class=\"elementor-element elementor-element-3166dfff elementor-widget elementor-widget-mfn_gallery\" data-id=\"3166dfff\" data-element_type=\"widget\" data-e-type=\"widget\" data-widget_type=\"mfn_gallery.default\">\n\t\t\t\t<div class=\"elementor-widget-container\">\n\t\t\t\t\t\n\t\t\t<style type='text\/css'>\n\t\t\t\t#sc_gallery-1 {\n\t\t\t\t\tmargin: auto;\n\t\t\t\t}\n\t\t\t\t#sc_gallery-1 .gallery-item {\n\t\t\t\t\tfloat: left;\n\t\t\t\t\ttext-align: center;\n\t\t\t\t\twidth: 24.99%;\n\t\t\t\t}\n\t\t\t\t#sc_gallery-1 img {\n\t\t\t\t\tborder: 2px solid #cfcfcf;\n\t\t\t\t}\n\t\t\t\t\/* see sc_gallery() in functions\/theme-shortcodes.php *\/\n\t\t\t<\/style>\n\t\t<div id='sc_gallery-1' class='gallery galleryid-2204 gallery-columns-4 gallery-size-large file element_classes masonry'><dl class='gallery-item'  data-title='inaug logo' data-description=''><div class='gallery-item-wrapper'>\n\t\t\t\t<dt class='gallery-icon landscape'>\n\t\t\t\t\t<a href='https:\/\/congresos.contraelcancer.es\/castilla-leon\/wp-content\/uploads\/sites\/18\/2026\/04\/inaug-logo.jpeg'><img fetchpriority=\"high\" decoding=\"async\" width=\"1024\" height=\"768\" src=\"https:\/\/congresos.contraelcancer.es\/castilla-leon\/wp-content\/uploads\/sites\/18\/2026\/04\/inaug-logo-1024x768.jpeg\" class=\"attachment-large size-large\" alt=\"\" srcset=\"https:\/\/congresos.contraelcancer.es\/castilla-leon\/wp-content\/uploads\/sites\/18\/2026\/04\/inaug-logo-1024x768.jpeg 1024w, https:\/\/congresos.contraelcancer.es\/castilla-leon\/wp-content\/uploads\/sites\/18\/2026\/04\/inaug-logo-300x225.jpeg 300w, https:\/\/congresos.contraelcancer.es\/castilla-leon\/wp-content\/uploads\/sites\/18\/2026\/04\/inaug-logo-768x576.jpeg 768w, https:\/\/congresos.contraelcancer.es\/castilla-leon\/wp-content\/uploads\/sites\/18\/2026\/04\/inaug-logo-100x75.jpeg 100w, https:\/\/congresos.contraelcancer.es\/castilla-leon\/wp-content\/uploads\/sites\/18\/2026\/04\/inaug-logo-480x360.jpeg 480w\" sizes=\"(max-width:767px) 480px, (max-width:1024px) 100vw, 1024px\" \/><\/a>\n\t\t\t\t<\/dt><\/div><\/dl><dl class='gallery-item'  data-title='inaug' data-description=''><div class='gallery-item-wrapper'>\n\t\t\t\t<dt class='gallery-icon landscape'>\n\t\t\t\t\t<a href='https:\/\/congresos.contraelcancer.es\/castilla-leon\/wp-content\/uploads\/sites\/18\/2026\/04\/inaug.jpeg'><img decoding=\"async\" width=\"1024\" height=\"768\" src=\"https:\/\/congresos.contraelcancer.es\/castilla-leon\/wp-content\/uploads\/sites\/18\/2026\/04\/inaug-1024x768.jpeg\" class=\"attachment-large size-large\" alt=\"\" srcset=\"https:\/\/congresos.contraelcancer.es\/castilla-leon\/wp-content\/uploads\/sites\/18\/2026\/04\/inaug-1024x768.jpeg 1024w, https:\/\/congresos.contraelcancer.es\/castilla-leon\/wp-content\/uploads\/sites\/18\/2026\/04\/inaug-300x225.jpeg 300w, https:\/\/congresos.contraelcancer.es\/castilla-leon\/wp-content\/uploads\/sites\/18\/2026\/04\/inaug-768x576.jpeg 768w, https:\/\/congresos.contraelcancer.es\/castilla-leon\/wp-content\/uploads\/sites\/18\/2026\/04\/inaug-100x75.jpeg 100w, https:\/\/congresos.contraelcancer.es\/castilla-leon\/wp-content\/uploads\/sites\/18\/2026\/04\/inaug-480x360.jpeg 480w\" sizes=\"(max-width:767px) 480px, (max-width:1024px) 100vw, 1024px\" \/><\/a>\n\t\t\t\t<\/dt><\/div><\/dl><dl class='gallery-item'  data-title='magistral' data-description=''><div class='gallery-item-wrapper'>\n\t\t\t\t<dt class='gallery-icon landscape'>\n\t\t\t\t\t<a href='https:\/\/congresos.contraelcancer.es\/castilla-leon\/wp-content\/uploads\/sites\/18\/2026\/04\/magistral.jpeg'><img decoding=\"async\" width=\"1024\" height=\"768\" src=\"https:\/\/congresos.contraelcancer.es\/castilla-leon\/wp-content\/uploads\/sites\/18\/2026\/04\/magistral-1024x768.jpeg\" class=\"attachment-large size-large\" alt=\"\" srcset=\"https:\/\/congresos.contraelcancer.es\/castilla-leon\/wp-content\/uploads\/sites\/18\/2026\/04\/magistral-1024x768.jpeg 1024w, https:\/\/congresos.contraelcancer.es\/castilla-leon\/wp-content\/uploads\/sites\/18\/2026\/04\/magistral-300x225.jpeg 300w, https:\/\/congresos.contraelcancer.es\/castilla-leon\/wp-content\/uploads\/sites\/18\/2026\/04\/magistral-768x576.jpeg 768w, https:\/\/congresos.contraelcancer.es\/castilla-leon\/wp-content\/uploads\/sites\/18\/2026\/04\/magistral-100x75.jpeg 100w, https:\/\/congresos.contraelcancer.es\/castilla-leon\/wp-content\/uploads\/sites\/18\/2026\/04\/magistral-480x360.jpeg 480w\" sizes=\"(max-width:767px) 480px, (max-width:1024px) 100vw, 1024px\" \/><\/a>\n\t\t\t\t<\/dt><\/div><\/dl><dl class='gallery-item'  data-title='ma\u00f1u 2' data-description=''><div class='gallery-item-wrapper'>\n\t\t\t\t<dt class='gallery-icon landscape'>\n\t\t\t\t\t<a href='https:\/\/congresos.contraelcancer.es\/castilla-leon\/wp-content\/uploads\/sites\/18\/2026\/04\/manu-2.jpeg'><img loading=\"lazy\" decoding=\"async\" width=\"1024\" height=\"690\" src=\"https:\/\/congresos.contraelcancer.es\/castilla-leon\/wp-content\/uploads\/sites\/18\/2026\/04\/manu-2-1024x690.jpeg\" class=\"attachment-large size-large\" alt=\"\" srcset=\"https:\/\/congresos.contraelcancer.es\/castilla-leon\/wp-content\/uploads\/sites\/18\/2026\/04\/manu-2-1024x690.jpeg 1024w, https:\/\/congresos.contraelcancer.es\/castilla-leon\/wp-content\/uploads\/sites\/18\/2026\/04\/manu-2-300x202.jpeg 300w, https:\/\/congresos.contraelcancer.es\/castilla-leon\/wp-content\/uploads\/sites\/18\/2026\/04\/manu-2-768x517.jpeg 768w, https:\/\/congresos.contraelcancer.es\/castilla-leon\/wp-content\/uploads\/sites\/18\/2026\/04\/manu-2-111x75.jpeg 111w, https:\/\/congresos.contraelcancer.es\/castilla-leon\/wp-content\/uploads\/sites\/18\/2026\/04\/manu-2-480x323.jpeg 480w\" sizes=\"(max-width:767px) 480px, (max-width:1024px) 100vw, 1024px\" \/><\/a>\n\t\t\t\t<\/dt><\/div><\/dl><br style=\"clear: both\" \/><dl class='gallery-item'  data-title='mesa 1' data-description=''><div class='gallery-item-wrapper'>\n\t\t\t\t<dt class='gallery-icon landscape'>\n\t\t\t\t\t<a href='https:\/\/congresos.contraelcancer.es\/castilla-leon\/wp-content\/uploads\/sites\/18\/2026\/04\/mesa-1.jpeg'><img loading=\"lazy\" decoding=\"async\" width=\"1024\" height=\"768\" src=\"https:\/\/congresos.contraelcancer.es\/castilla-leon\/wp-content\/uploads\/sites\/18\/2026\/04\/mesa-1-1024x768.jpeg\" class=\"attachment-large size-large\" alt=\"\" srcset=\"https:\/\/congresos.contraelcancer.es\/castilla-leon\/wp-content\/uploads\/sites\/18\/2026\/04\/mesa-1-1024x768.jpeg 1024w, https:\/\/congresos.contraelcancer.es\/castilla-leon\/wp-content\/uploads\/sites\/18\/2026\/04\/mesa-1-300x225.jpeg 300w, https:\/\/congresos.contraelcancer.es\/castilla-leon\/wp-content\/uploads\/sites\/18\/2026\/04\/mesa-1-768x576.jpeg 768w, https:\/\/congresos.contraelcancer.es\/castilla-leon\/wp-content\/uploads\/sites\/18\/2026\/04\/mesa-1-100x75.jpeg 100w, https:\/\/congresos.contraelcancer.es\/castilla-leon\/wp-content\/uploads\/sites\/18\/2026\/04\/mesa-1-480x360.jpeg 480w\" sizes=\"(max-width:767px) 480px, (max-width:1024px) 100vw, 1024px\" \/><\/a>\n\t\t\t\t<\/dt><\/div><\/dl><dl class='gallery-item'  data-title='mesa 4' data-description=''><div class='gallery-item-wrapper'>\n\t\t\t\t<dt class='gallery-icon landscape'>\n\t\t\t\t\t<a href='https:\/\/congresos.contraelcancer.es\/castilla-leon\/wp-content\/uploads\/sites\/18\/2026\/04\/mesa-4.jpeg'><img loading=\"lazy\" decoding=\"async\" width=\"1024\" height=\"826\" src=\"https:\/\/congresos.contraelcancer.es\/castilla-leon\/wp-content\/uploads\/sites\/18\/2026\/04\/mesa-4-1024x826.jpeg\" class=\"attachment-large size-large\" alt=\"\" srcset=\"https:\/\/congresos.contraelcancer.es\/castilla-leon\/wp-content\/uploads\/sites\/18\/2026\/04\/mesa-4-1024x826.jpeg 1024w, https:\/\/congresos.contraelcancer.es\/castilla-leon\/wp-content\/uploads\/sites\/18\/2026\/04\/mesa-4-300x242.jpeg 300w, https:\/\/congresos.contraelcancer.es\/castilla-leon\/wp-content\/uploads\/sites\/18\/2026\/04\/mesa-4-768x619.jpeg 768w, https:\/\/congresos.contraelcancer.es\/castilla-leon\/wp-content\/uploads\/sites\/18\/2026\/04\/mesa-4-93x75.jpeg 93w, https:\/\/congresos.contraelcancer.es\/castilla-leon\/wp-content\/uploads\/sites\/18\/2026\/04\/mesa-4-480x387.jpeg 480w\" sizes=\"(max-width:767px) 480px, (max-width:1024px) 100vw, 1024px\" \/><\/a>\n\t\t\t\t<\/dt><\/div><\/dl><dl class='gallery-item'  data-title='mesa image00023' data-description=''><div class='gallery-item-wrapper'>\n\t\t\t\t<dt class='gallery-icon landscape'>\n\t\t\t\t\t<a href='https:\/\/congresos.contraelcancer.es\/castilla-leon\/wp-content\/uploads\/sites\/18\/2026\/04\/mesa-image00023-scaled.jpeg'><img loading=\"lazy\" decoding=\"async\" width=\"1024\" height=\"600\" src=\"https:\/\/congresos.contraelcancer.es\/castilla-leon\/wp-content\/uploads\/sites\/18\/2026\/04\/mesa-image00023-1024x600.jpeg\" class=\"attachment-large size-large\" alt=\"\" srcset=\"https:\/\/congresos.contraelcancer.es\/castilla-leon\/wp-content\/uploads\/sites\/18\/2026\/04\/mesa-image00023-1024x600.jpeg 1024w, https:\/\/congresos.contraelcancer.es\/castilla-leon\/wp-content\/uploads\/sites\/18\/2026\/04\/mesa-image00023-300x176.jpeg 300w, https:\/\/congresos.contraelcancer.es\/castilla-leon\/wp-content\/uploads\/sites\/18\/2026\/04\/mesa-image00023-768x450.jpeg 768w, https:\/\/congresos.contraelcancer.es\/castilla-leon\/wp-content\/uploads\/sites\/18\/2026\/04\/mesa-image00023-128x75.jpeg 128w, https:\/\/congresos.contraelcancer.es\/castilla-leon\/wp-content\/uploads\/sites\/18\/2026\/04\/mesa-image00023-480x281.jpeg 480w\" sizes=\"(max-width:767px) 480px, (max-width:1024px) 100vw, 1024px\" \/><\/a>\n\t\t\t\t<\/dt><\/div><\/dl><dl class='gallery-item'  data-title='mesa image00028' data-description=''><div class='gallery-item-wrapper'>\n\t\t\t\t<dt class='gallery-icon landscape'>\n\t\t\t\t\t<a href='https:\/\/congresos.contraelcancer.es\/castilla-leon\/wp-content\/uploads\/sites\/18\/2026\/04\/mesa-image00028-scaled.jpeg'><img loading=\"lazy\" decoding=\"async\" width=\"1024\" height=\"561\" src=\"https:\/\/congresos.contraelcancer.es\/castilla-leon\/wp-content\/uploads\/sites\/18\/2026\/04\/mesa-image00028-1024x561.jpeg\" class=\"attachment-large size-large\" alt=\"\" srcset=\"https:\/\/congresos.contraelcancer.es\/castilla-leon\/wp-content\/uploads\/sites\/18\/2026\/04\/mesa-image00028-1024x561.jpeg 1024w, https:\/\/congresos.contraelcancer.es\/castilla-leon\/wp-content\/uploads\/sites\/18\/2026\/04\/mesa-image00028-300x164.jpeg 300w, https:\/\/congresos.contraelcancer.es\/castilla-leon\/wp-content\/uploads\/sites\/18\/2026\/04\/mesa-image00028-768x421.jpeg 768w, https:\/\/congresos.contraelcancer.es\/castilla-leon\/wp-content\/uploads\/sites\/18\/2026\/04\/mesa-image00028-137x75.jpeg 137w, https:\/\/congresos.contraelcancer.es\/castilla-leon\/wp-content\/uploads\/sites\/18\/2026\/04\/mesa-image00028-480x263.jpeg 480w\" sizes=\"(max-width:767px) 480px, (max-width:1024px) 100vw, 1024px\" \/><\/a>\n\t\t\t\t<\/dt><\/div><\/dl><br style=\"clear: both\" \/><dl class='gallery-item'  data-title='mesa image00033' data-description=''><div class='gallery-item-wrapper'>\n\t\t\t\t<dt class='gallery-icon landscape'>\n\t\t\t\t\t<a href='https:\/\/congresos.contraelcancer.es\/castilla-leon\/wp-content\/uploads\/sites\/18\/2026\/04\/mesa-image00033-scaled.jpeg'><img loading=\"lazy\" decoding=\"async\" width=\"1024\" height=\"768\" src=\"https:\/\/congresos.contraelcancer.es\/castilla-leon\/wp-content\/uploads\/sites\/18\/2026\/04\/mesa-image00033-1024x768.jpeg\" class=\"attachment-large size-large\" alt=\"\" srcset=\"https:\/\/congresos.contraelcancer.es\/castilla-leon\/wp-content\/uploads\/sites\/18\/2026\/04\/mesa-image00033-1024x768.jpeg 1024w, https:\/\/congresos.contraelcancer.es\/castilla-leon\/wp-content\/uploads\/sites\/18\/2026\/04\/mesa-image00033-300x225.jpeg 300w, https:\/\/congresos.contraelcancer.es\/castilla-leon\/wp-content\/uploads\/sites\/18\/2026\/04\/mesa-image00033-768x576.jpeg 768w, https:\/\/congresos.contraelcancer.es\/castilla-leon\/wp-content\/uploads\/sites\/18\/2026\/04\/mesa-image00033-100x75.jpeg 100w, https:\/\/congresos.contraelcancer.es\/castilla-leon\/wp-content\/uploads\/sites\/18\/2026\/04\/mesa-image00033-480x360.jpeg 480w\" sizes=\"(max-width:767px) 480px, (max-width:1024px) 100vw, 1024px\" \/><\/a>\n\t\t\t\t<\/dt><\/div><\/dl><dl class='gallery-item'  data-title='mesa mage00019' data-description=''><div class='gallery-item-wrapper'>\n\t\t\t\t<dt class='gallery-icon landscape'>\n\t\t\t\t\t<a href='https:\/\/congresos.contraelcancer.es\/castilla-leon\/wp-content\/uploads\/sites\/18\/2026\/04\/mesa-mage00019-scaled.jpeg'><img loading=\"lazy\" decoding=\"async\" width=\"1024\" height=\"713\" src=\"https:\/\/congresos.contraelcancer.es\/castilla-leon\/wp-content\/uploads\/sites\/18\/2026\/04\/mesa-mage00019-1024x713.jpeg\" class=\"attachment-large size-large\" alt=\"\" srcset=\"https:\/\/congresos.contraelcancer.es\/castilla-leon\/wp-content\/uploads\/sites\/18\/2026\/04\/mesa-mage00019-1024x713.jpeg 1024w, https:\/\/congresos.contraelcancer.es\/castilla-leon\/wp-content\/uploads\/sites\/18\/2026\/04\/mesa-mage00019-300x209.jpeg 300w, https:\/\/congresos.contraelcancer.es\/castilla-leon\/wp-content\/uploads\/sites\/18\/2026\/04\/mesa-mage00019-768x535.jpeg 768w, https:\/\/congresos.contraelcancer.es\/castilla-leon\/wp-content\/uploads\/sites\/18\/2026\/04\/mesa-mage00019-108x75.jpeg 108w, https:\/\/congresos.contraelcancer.es\/castilla-leon\/wp-content\/uploads\/sites\/18\/2026\/04\/mesa-mage00019-480x334.jpeg 480w\" sizes=\"(max-width:767px) 480px, (max-width:1024px) 100vw, 1024px\" \/><\/a>\n\t\t\t\t<\/dt><\/div><\/dl><dl class='gallery-item'  data-title='mesa' data-description=''><div class='gallery-item-wrapper'>\n\t\t\t\t<dt class='gallery-icon landscape'>\n\t\t\t\t\t<a href='https:\/\/congresos.contraelcancer.es\/castilla-leon\/wp-content\/uploads\/sites\/18\/2026\/04\/mesa.jpeg'><img loading=\"lazy\" decoding=\"async\" width=\"1024\" height=\"605\" src=\"https:\/\/congresos.contraelcancer.es\/castilla-leon\/wp-content\/uploads\/sites\/18\/2026\/04\/mesa-1024x605.jpeg\" class=\"attachment-large size-large\" alt=\"\" srcset=\"https:\/\/congresos.contraelcancer.es\/castilla-leon\/wp-content\/uploads\/sites\/18\/2026\/04\/mesa-1024x605.jpeg 1024w, https:\/\/congresos.contraelcancer.es\/castilla-leon\/wp-content\/uploads\/sites\/18\/2026\/04\/mesa-300x177.jpeg 300w, https:\/\/congresos.contraelcancer.es\/castilla-leon\/wp-content\/uploads\/sites\/18\/2026\/04\/mesa-768x454.jpeg 768w, https:\/\/congresos.contraelcancer.es\/castilla-leon\/wp-content\/uploads\/sites\/18\/2026\/04\/mesa-127x75.jpeg 127w, https:\/\/congresos.contraelcancer.es\/castilla-leon\/wp-content\/uploads\/sites\/18\/2026\/04\/mesa-480x284.jpeg 480w\" sizes=\"(max-width:767px) 480px, (max-width:1024px) 100vw, 1024px\" \/><\/a>\n\t\t\t\t<\/dt><\/div><\/dl><dl class='gallery-item'  data-title='ramon canutazo' data-description=''><div class='gallery-item-wrapper'>\n\t\t\t\t<dt class='gallery-icon landscape'>\n\t\t\t\t\t<a href='https:\/\/congresos.contraelcancer.es\/castilla-leon\/wp-content\/uploads\/sites\/18\/2026\/04\/ramon-canutazo.jpeg'><img loading=\"lazy\" decoding=\"async\" width=\"1024\" height=\"699\" src=\"https:\/\/congresos.contraelcancer.es\/castilla-leon\/wp-content\/uploads\/sites\/18\/2026\/04\/ramon-canutazo-1024x699.jpeg\" class=\"attachment-large size-large\" alt=\"\" srcset=\"https:\/\/congresos.contraelcancer.es\/castilla-leon\/wp-content\/uploads\/sites\/18\/2026\/04\/ramon-canutazo-1024x699.jpeg 1024w, https:\/\/congresos.contraelcancer.es\/castilla-leon\/wp-content\/uploads\/sites\/18\/2026\/04\/ramon-canutazo-300x205.jpeg 300w, https:\/\/congresos.contraelcancer.es\/castilla-leon\/wp-content\/uploads\/sites\/18\/2026\/04\/ramon-canutazo-768x524.jpeg 768w, https:\/\/congresos.contraelcancer.es\/castilla-leon\/wp-content\/uploads\/sites\/18\/2026\/04\/ramon-canutazo-110x75.jpeg 110w, https:\/\/congresos.contraelcancer.es\/castilla-leon\/wp-content\/uploads\/sites\/18\/2026\/04\/ramon-canutazo-480x328.jpeg 480w\" sizes=\"(max-width:767px) 480px, (max-width:1024px) 100vw, 1024px\" \/><\/a>\n\t\t\t\t<\/dt><\/div><\/dl><br style=\"clear: both\" \/><dl class='gallery-item'  data-title='vive lol y ramon' data-description=''><div class='gallery-item-wrapper'>\n\t\t\t\t<dt class='gallery-icon landscape'>\n\t\t\t\t\t<a href='https:\/\/congresos.contraelcancer.es\/castilla-leon\/wp-content\/uploads\/sites\/18\/2026\/04\/vive-lol-y-ramon.jpeg'><img loading=\"lazy\" decoding=\"async\" width=\"1024\" height=\"768\" src=\"https:\/\/congresos.contraelcancer.es\/castilla-leon\/wp-content\/uploads\/sites\/18\/2026\/04\/vive-lol-y-ramon-1024x768.jpeg\" class=\"attachment-large size-large\" alt=\"\" srcset=\"https:\/\/congresos.contraelcancer.es\/castilla-leon\/wp-content\/uploads\/sites\/18\/2026\/04\/vive-lol-y-ramon-1024x768.jpeg 1024w, https:\/\/congresos.contraelcancer.es\/castilla-leon\/wp-content\/uploads\/sites\/18\/2026\/04\/vive-lol-y-ramon-300x225.jpeg 300w, https:\/\/congresos.contraelcancer.es\/castilla-leon\/wp-content\/uploads\/sites\/18\/2026\/04\/vive-lol-y-ramon-768x576.jpeg 768w, https:\/\/congresos.contraelcancer.es\/castilla-leon\/wp-content\/uploads\/sites\/18\/2026\/04\/vive-lol-y-ramon-100x75.jpeg 100w, https:\/\/congresos.contraelcancer.es\/castilla-leon\/wp-content\/uploads\/sites\/18\/2026\/04\/vive-lol-y-ramon-480x360.jpeg 480w\" sizes=\"(max-width:767px) 480px, (max-width:1024px) 100vw, 1024px\" \/><\/a>\n\t\t\t\t<\/dt><\/div><\/dl><dl class='gallery-item'  data-title='vive radio 2' data-description=''><div class='gallery-item-wrapper'>\n\t\t\t\t<dt class='gallery-icon landscape'>\n\t\t\t\t\t<a href='https:\/\/congresos.contraelcancer.es\/castilla-leon\/wp-content\/uploads\/sites\/18\/2026\/04\/vive-radio-2-scaled.jpeg'><img loading=\"lazy\" decoding=\"async\" width=\"1024\" height=\"768\" src=\"https:\/\/congresos.contraelcancer.es\/castilla-leon\/wp-content\/uploads\/sites\/18\/2026\/04\/vive-radio-2-1024x768.jpeg\" class=\"attachment-large size-large\" alt=\"\" srcset=\"https:\/\/congresos.contraelcancer.es\/castilla-leon\/wp-content\/uploads\/sites\/18\/2026\/04\/vive-radio-2-1024x768.jpeg 1024w, https:\/\/congresos.contraelcancer.es\/castilla-leon\/wp-content\/uploads\/sites\/18\/2026\/04\/vive-radio-2-300x225.jpeg 300w, https:\/\/congresos.contraelcancer.es\/castilla-leon\/wp-content\/uploads\/sites\/18\/2026\/04\/vive-radio-2-768x576.jpeg 768w, https:\/\/congresos.contraelcancer.es\/castilla-leon\/wp-content\/uploads\/sites\/18\/2026\/04\/vive-radio-2-100x75.jpeg 100w, https:\/\/congresos.contraelcancer.es\/castilla-leon\/wp-content\/uploads\/sites\/18\/2026\/04\/vive-radio-2-480x360.jpeg 480w\" sizes=\"(max-width:767px) 480px, (max-width:1024px) 100vw, 1024px\" \/><\/a>\n\t\t\t\t<\/dt><\/div><\/dl>\n\t\t\t\t<br style='clear: both' \/>\n\t\t\t<\/div>\n\t\t\t\t<\/div>\n\t\t\t\t<\/div>\n\t\t\t\t\t<\/div>\n\t\t<\/div>\n\t\t\t\t\t<\/div>\n\t\t<\/section>\n\t\t\t\t<\/div>\n\t\t","protected":false},"excerpt":{"rendered":"<p>V Congreso auton\u00f3mico de personas afectadas por el C\u00e1ncer en \u00c1vila #sc_gallery-552 { margin: auto; } #sc_gallery-552 .gallery-item { float: left; text-align: center; width: 24.99%; }<span class=\"excerpt-hellip\"> [\u2026]<\/span><\/p>\n","protected":false},"author":28,"featured_media":0,"parent":0,"menu_order":0,"comment_status":"closed","ping_status":"closed","template":"","meta":{"_acf_changed":false,"footnotes":""},"class_list":["post-2204","page","type-page","status-publish","hentry"],"acf":[],"yoast_head":"<!-- This site is optimized with the Yoast SEO Premium plugin v21.3 (Yoast SEO v27.4) - https:\/\/yoast.com\/product\/yoast-seo-premium-wordpress\/ -->\n<title>Galer\u00eda Congreso 25 - Castilla y Le\u00f3n<\/title>\n<meta name=\"robots\" content=\"index, follow, max-snippet:-1, max-image-preview:large, max-video-preview:-1\" \/>\n<link rel=\"canonical\" href=\"https:\/\/congresos.contraelcancer.es\/castilla-leon\/galeria-congreso-25\/\" \/>\n<meta property=\"og:locale\" content=\"es_ES\" \/>\n<meta property=\"og:type\" content=\"article\" \/>\n<meta property=\"og:title\" content=\"Galer\u00eda Congreso 25\" \/>\n<meta property=\"og:description\" content=\"V Congreso auton\u00f3mico de personas afectadas por el C\u00e1ncer en \u00c1vila #sc_gallery-552 { margin: auto; } #sc_gallery-552 .gallery-item { float: left; text-align: center; width: 24.99%; } [\u2026]\" \/>\n<meta property=\"og:url\" content=\"https:\/\/congresos.contraelcancer.es\/castilla-leon\/galeria-congreso-25\/\" \/>\n<meta property=\"og:site_name\" content=\"Castilla y Le\u00f3n\" \/>\n<meta property=\"article:modified_time\" content=\"2026-04-14T08:43:33+00:00\" \/>\n<meta property=\"og:image\" content=\"https:\/\/congresos.contraelcancer.es\/castilla-leon\/wp-content\/uploads\/sites\/18\/2026\/04\/inaug-logo-1024x768.jpeg\" \/>\n<meta name=\"twitter:card\" content=\"summary_large_image\" \/>\n<meta name=\"twitter:label1\" content=\"Tiempo de lectura\" \/>\n\t<meta name=\"twitter:data1\" content=\"3 minutos\" \/>\n<script type=\"application\/ld+json\" class=\"yoast-schema-graph\">{\"@context\":\"https:\\\/\\\/schema.org\",\"@graph\":[{\"@type\":\"WebPage\",\"@id\":\"https:\\\/\\\/congresos.contraelcancer.es\\\/castilla-leon\\\/galeria-congreso-25\\\/\",\"url\":\"https:\\\/\\\/congresos.contraelcancer.es\\\/castilla-leon\\\/galeria-congreso-25\\\/\",\"name\":\"Galer\u00eda Congreso 25 - Castilla y Le\u00f3n\",\"isPartOf\":{\"@id\":\"https:\\\/\\\/congresos.contraelcancer.es\\\/castilla-leon\\\/#website\"},\"primaryImageOfPage\":{\"@id\":\"https:\\\/\\\/congresos.contraelcancer.es\\\/castilla-leon\\\/galeria-congreso-25\\\/#primaryimage\"},\"image\":{\"@id\":\"https:\\\/\\\/congresos.contraelcancer.es\\\/castilla-leon\\\/galeria-congreso-25\\\/#primaryimage\"},\"thumbnailUrl\":\"https:\\\/\\\/congresos.contraelcancer.es\\\/castilla-leon\\\/wp-content\\\/uploads\\\/sites\\\/18\\\/2026\\\/04\\\/inaug-logo-1024x768.jpeg\",\"datePublished\":\"2026-04-14T08:39:35+00:00\",\"dateModified\":\"2026-04-14T08:43:33+00:00\",\"breadcrumb\":{\"@id\":\"https:\\\/\\\/congresos.contraelcancer.es\\\/castilla-leon\\\/galeria-congreso-25\\\/#breadcrumb\"},\"inLanguage\":\"es\",\"potentialAction\":[{\"@type\":\"ReadAction\",\"target\":[\"https:\\\/\\\/congresos.contraelcancer.es\\\/castilla-leon\\\/galeria-congreso-25\\\/\"]}]},{\"@type\":\"ImageObject\",\"inLanguage\":\"es\",\"@id\":\"https:\\\/\\\/congresos.contraelcancer.es\\\/castilla-leon\\\/galeria-congreso-25\\\/#primaryimage\",\"url\":\"https:\\\/\\\/congresos.contraelcancer.es\\\/castilla-leon\\\/wp-content\\\/uploads\\\/sites\\\/18\\\/2026\\\/04\\\/inaug-logo-1024x768.jpeg\",\"contentUrl\":\"https:\\\/\\\/congresos.contraelcancer.es\\\/castilla-leon\\\/wp-content\\\/uploads\\\/sites\\\/18\\\/2026\\\/04\\\/inaug-logo-1024x768.jpeg\"},{\"@type\":\"BreadcrumbList\",\"@id\":\"https:\\\/\\\/congresos.contraelcancer.es\\\/castilla-leon\\\/galeria-congreso-25\\\/#breadcrumb\",\"itemListElement\":[{\"@type\":\"ListItem\",\"position\":1,\"name\":\"Portada\",\"item\":\"https:\\\/\\\/congresos.contraelcancer.es\\\/castilla-leon\\\/\"},{\"@type\":\"ListItem\",\"position\":2,\"name\":\"Galer\u00eda Congreso 25\"}]},{\"@type\":\"WebSite\",\"@id\":\"https:\\\/\\\/congresos.contraelcancer.es\\\/castilla-leon\\\/#website\",\"url\":\"https:\\\/\\\/congresos.contraelcancer.es\\\/castilla-leon\\\/\",\"name\":\"Andaluc\u00eda\",\"description\":\"Asociaci\u00f3n espa\u00f1ola contra el c\u00e1ncer\",\"publisher\":{\"@id\":\"https:\\\/\\\/congresos.contraelcancer.es\\\/castilla-leon\\\/#organization\"},\"potentialAction\":[{\"@type\":\"SearchAction\",\"target\":{\"@type\":\"EntryPoint\",\"urlTemplate\":\"https:\\\/\\\/congresos.contraelcancer.es\\\/castilla-leon\\\/?s={search_term_string}\"},\"query-input\":{\"@type\":\"PropertyValueSpecification\",\"valueRequired\":true,\"valueName\":\"search_term_string\"}}],\"inLanguage\":\"es\"},{\"@type\":\"Organization\",\"@id\":\"https:\\\/\\\/congresos.contraelcancer.es\\\/castilla-leon\\\/#organization\",\"name\":\"Andaluc\u00eda\",\"url\":\"https:\\\/\\\/congresos.contraelcancer.es\\\/castilla-leon\\\/\",\"logo\":{\"@type\":\"ImageObject\",\"inLanguage\":\"es\",\"@id\":\"https:\\\/\\\/congresos.contraelcancer.es\\\/castilla-leon\\\/#\\\/schema\\\/logo\\\/image\\\/\",\"url\":\"https:\\\/\\\/congresos.contraelcancer.es\\\/castilla-leon\\\/wp-content\\\/uploads\\\/sites\\\/18\\\/2023\\\/04\\\/cropped-AECC_logo-460px.png\",\"contentUrl\":\"https:\\\/\\\/congresos.contraelcancer.es\\\/castilla-leon\\\/wp-content\\\/uploads\\\/sites\\\/18\\\/2023\\\/04\\\/cropped-AECC_logo-460px.png\",\"width\":460,\"height\":145,\"caption\":\"Andaluc\u00eda\"},\"image\":{\"@id\":\"https:\\\/\\\/congresos.contraelcancer.es\\\/castilla-leon\\\/#\\\/schema\\\/logo\\\/image\\\/\"}}]}<\/script>\n<!-- \/ Yoast SEO Premium plugin. -->","yoast_head_json":{"title":"Galer\u00eda Congreso 25 - Castilla y Le\u00f3n","robots":{"index":"index","follow":"follow","max-snippet":"max-snippet:-1","max-image-preview":"max-image-preview:large","max-video-preview":"max-video-preview:-1"},"canonical":"https:\/\/congresos.contraelcancer.es\/castilla-leon\/galeria-congreso-25\/","og_locale":"es_ES","og_type":"article","og_title":"Galer\u00eda Congreso 25","og_description":"V Congreso auton\u00f3mico de personas afectadas por el C\u00e1ncer en \u00c1vila #sc_gallery-552 { margin: auto; } #sc_gallery-552 .gallery-item { float: left; text-align: center; width: 24.99%; } [\u2026]","og_url":"https:\/\/congresos.contraelcancer.es\/castilla-leon\/galeria-congreso-25\/","og_site_name":"Castilla y Le\u00f3n","article_modified_time":"2026-04-14T08:43:33+00:00","og_image":[{"url":"https:\/\/congresos.contraelcancer.es\/castilla-leon\/wp-content\/uploads\/sites\/18\/2026\/04\/inaug-logo-1024x768.jpeg","type":"","width":"","height":""}],"twitter_card":"summary_large_image","twitter_misc":{"Tiempo de lectura":"3 minutos"},"schema":{"@context":"https:\/\/schema.org","@graph":[{"@type":"WebPage","@id":"https:\/\/congresos.contraelcancer.es\/castilla-leon\/galeria-congreso-25\/","url":"https:\/\/congresos.contraelcancer.es\/castilla-leon\/galeria-congreso-25\/","name":"Galer\u00eda Congreso 25 - Castilla y Le\u00f3n","isPartOf":{"@id":"https:\/\/congresos.contraelcancer.es\/castilla-leon\/#website"},"primaryImageOfPage":{"@id":"https:\/\/congresos.contraelcancer.es\/castilla-leon\/galeria-congreso-25\/#primaryimage"},"image":{"@id":"https:\/\/congresos.contraelcancer.es\/castilla-leon\/galeria-congreso-25\/#primaryimage"},"thumbnailUrl":"https:\/\/congresos.contraelcancer.es\/castilla-leon\/wp-content\/uploads\/sites\/18\/2026\/04\/inaug-logo-1024x768.jpeg","datePublished":"2026-04-14T08:39:35+00:00","dateModified":"2026-04-14T08:43:33+00:00","breadcrumb":{"@id":"https:\/\/congresos.contraelcancer.es\/castilla-leon\/galeria-congreso-25\/#breadcrumb"},"inLanguage":"es","potentialAction":[{"@type":"ReadAction","target":["https:\/\/congresos.contraelcancer.es\/castilla-leon\/galeria-congreso-25\/"]}]},{"@type":"ImageObject","inLanguage":"es","@id":"https:\/\/congresos.contraelcancer.es\/castilla-leon\/galeria-congreso-25\/#primaryimage","url":"https:\/\/congresos.contraelcancer.es\/castilla-leon\/wp-content\/uploads\/sites\/18\/2026\/04\/inaug-logo-1024x768.jpeg","contentUrl":"https:\/\/congresos.contraelcancer.es\/castilla-leon\/wp-content\/uploads\/sites\/18\/2026\/04\/inaug-logo-1024x768.jpeg"},{"@type":"BreadcrumbList","@id":"https:\/\/congresos.contraelcancer.es\/castilla-leon\/galeria-congreso-25\/#breadcrumb","itemListElement":[{"@type":"ListItem","position":1,"name":"Portada","item":"https:\/\/congresos.contraelcancer.es\/castilla-leon\/"},{"@type":"ListItem","position":2,"name":"Galer\u00eda Congreso 25"}]},{"@type":"WebSite","@id":"https:\/\/congresos.contraelcancer.es\/castilla-leon\/#website","url":"https:\/\/congresos.contraelcancer.es\/castilla-leon\/","name":"Andaluc\u00eda","description":"Asociaci\u00f3n espa\u00f1ola contra el c\u00e1ncer","publisher":{"@id":"https:\/\/congresos.contraelcancer.es\/castilla-leon\/#organization"},"potentialAction":[{"@type":"SearchAction","target":{"@type":"EntryPoint","urlTemplate":"https:\/\/congresos.contraelcancer.es\/castilla-leon\/?s={search_term_string}"},"query-input":{"@type":"PropertyValueSpecification","valueRequired":true,"valueName":"search_term_string"}}],"inLanguage":"es"},{"@type":"Organization","@id":"https:\/\/congresos.contraelcancer.es\/castilla-leon\/#organization","name":"Andaluc\u00eda","url":"https:\/\/congresos.contraelcancer.es\/castilla-leon\/","logo":{"@type":"ImageObject","inLanguage":"es","@id":"https:\/\/congresos.contraelcancer.es\/castilla-leon\/#\/schema\/logo\/image\/","url":"https:\/\/congresos.contraelcancer.es\/castilla-leon\/wp-content\/uploads\/sites\/18\/2023\/04\/cropped-AECC_logo-460px.png","contentUrl":"https:\/\/congresos.contraelcancer.es\/castilla-leon\/wp-content\/uploads\/sites\/18\/2023\/04\/cropped-AECC_logo-460px.png","width":460,"height":145,"caption":"Andaluc\u00eda"},"image":{"@id":"https:\/\/congresos.contraelcancer.es\/castilla-leon\/#\/schema\/logo\/image\/"}}]}},"_links":{"self":[{"href":"https:\/\/congresos.contraelcancer.es\/castilla-leon\/wp-json\/wp\/v2\/pages\/2204","targetHints":{"allow":["GET"]}}],"collection":[{"href":"https:\/\/congresos.contraelcancer.es\/castilla-leon\/wp-json\/wp\/v2\/pages"}],"about":[{"href":"https:\/\/congresos.contraelcancer.es\/castilla-leon\/wp-json\/wp\/v2\/types\/page"}],"author":[{"embeddable":true,"href":"https:\/\/congresos.contraelcancer.es\/castilla-leon\/wp-json\/wp\/v2\/users\/28"}],"replies":[{"embeddable":true,"href":"https:\/\/congresos.contraelcancer.es\/castilla-leon\/wp-json\/wp\/v2\/comments?post=2204"}],"version-history":[{"count":5,"href":"https:\/\/congresos.contraelcancer.es\/castilla-leon\/wp-json\/wp\/v2\/pages\/2204\/revisions"}],"predecessor-version":[{"id":2278,"href":"https:\/\/congresos.contraelcancer.es\/castilla-leon\/wp-json\/wp\/v2\/pages\/2204\/revisions\/2278"}],"wp:attachment":[{"href":"https:\/\/congresos.contraelcancer.es\/castilla-leon\/wp-json\/wp\/v2\/media?parent=2204"}],"curies":[{"name":"wp","href":"https:\/\/api.w.org\/{rel}","templated":true}]}}